{"id":401,"date":"2021-01-29T18:42:56","date_gmt":"2021-01-29T15:42:56","guid":{"rendered":"https:\/\/www.myvize.com.tr\/almanya\/?page_id=401"},"modified":"2022-03-22T16:02:41","modified_gmt":"2022-03-22T13:02:41","slug":"almanya-konsoloslugu-tatil-gunleri","status":"publish","type":"page","link":"https:\/\/www.myvize.com.tr\/almanya\/konsolosluklar\/almanya-konsoloslugu-tatil-gunleri\/","title":{"rendered":"Almanya Konsoloslu\u011fu Tatil G\u00fcnleri"},"content":{"rendered":"<p><span style=\"font-family: Roboto;\"><\/span><\/p>\r\n<h2 class=\"wp-block-heading\" style=\"font-size: 27px;\"><strong><span style=\"font-family: Roboto; font-size: 27px;\">Almanya Konsoloslu\u011fu A\u00e7\u0131k M\u0131?<\/span><\/strong><\/h2>\r\n<p><span style=\"font-family: Roboto; font-size: 14px;\">\r\n\r\n<\/span><\/p>\r\n<p style=\"font-size: 14px;\"><span style=\"font-family: Roboto; font-size: 14px;\">T\u00fcrkiye\u2019de bulunan <strong>Almanya Federal Devleti<\/strong> temsilcilikleri hafta sonlar\u0131 \u00e7al\u0131\u015fmamaktad\u0131r. Sadece hafta i\u00e7i hizmet vermektedir. T\u00fcrkiye\u2019de bulunan Alman resmi temsilcilikleri ve \u00e7al\u0131\u015fma saatleri \u015fu \u015fekildedir;<\/span><\/p>\r\n<p><span style=\"font-family: Roboto; font-size: 14px;\">\r\n\r\n<\/span><\/p>\r\n<figure class=\"wp-block-table\">\r\n<table>\r\n<tbody>\r\n<tr>\r\n<td><span style=\"font-family: Roboto; font-size: 14px;\"><strong>Temsilcilik<\/strong><\/span><\/td>\r\n<td><span style=\"font-family: Roboto; font-size: 14px;\"><strong>G\u00fcnler<\/strong><\/span><\/td>\r\n<td><span style=\"font-family: Roboto; font-size: 14px;\"><strong>\u00c7al\u0131\u015fma Saatleri<\/strong><\/span><\/td>\r\n<\/tr>\r\n<tr>\r\n<td><span style=\"font-family: Roboto; font-size: 14px;\">Almanya Ankara B\u00fcy\u00fckel\u00e7ili\u011fi<\/span><\/td>\r\n<td><span style=\"font-family: Roboto; font-size: 14px;\">Pazartesi- Per\u015fembeCuma<\/span><\/td>\r\n<td><span style=\"font-family: Roboto; font-size: 14px;\">08.00- 17.0008.00- 12.00<\/span><\/td>\r\n<\/tr>\r\n<tr>\r\n<td><span style=\"font-family: Roboto; font-size: 14px;\">Almanya \u0130stanbul Ba\u015fkonsoloslu\u011fu<\/span><\/td>\r\n<td><span style=\"font-family: Roboto; font-size: 14px;\">Pazartesi- Per\u015fembeCuma<\/span><\/td>\r\n<td><span style=\"font-family: Roboto; font-size: 14px;\">07.30- 16.0007.30- 13.00<\/span><\/td>\r\n<\/tr>\r\n<tr>\r\n<td><span style=\"font-family: Roboto; font-size: 14px;\">Almanya \u0130zmir Ba\u015fkonsoloslu\u011fu<\/span><\/td>\r\n<td><span style=\"font-family: Roboto; font-size: 14px;\">Pazartesi- Cuma<\/span><\/td>\r\n<td><span style=\"font-family: Roboto; font-size: 14px;\">08.30- 17.30<\/span><\/td>\r\n<\/tr>\r\n<tr>\r\n<td><span style=\"font-family: Roboto; font-size: 14px;\">Almanya Antalya Konsoloslu\u011fu<\/span><\/td>\r\n<td><span style=\"font-family: Roboto; font-size: 14px;\">Pazartesi- Cuma<\/span><\/td>\r\n<td><span style=\"font-family: Roboto; font-size: 14px;\">Konsolosluk sayfas\u0131ndan takip ediniz.<\/span><\/td>\r\n<\/tr>\r\n<\/tbody>\r\n<\/table>\r\n<\/figure>\r\n<p><span style=\"font-family: Roboto; font-size: 14px;\">\r\n\r\n<\/span><\/p>\r\n<p style=\"font-size: 14px;\"><span style=\"font-family: Roboto; font-size: 14px;\"><strong>Almanya Antalya Konsoloslu\u011fu \u00e7al\u0131\u015fma saatleri<\/strong> s\u00fcrekli olarak de\u011fi\u015fiklik g\u00f6stermektedir. <a href=\"https:\/\/www.myvize.com.tr\/almanya\/konsolosluklar\/almanya-konsoloslugu-antalya\/\" target=\"_blank\" rel=\"noreferrer noopener\"><span class=\"has-inline-color\" style=\"color: #2acec2;\"><strong>Almanya Konsoloslu\u011fu Antalya<\/strong> <\/span><\/a>internet sitesinden takip edebilirsiniz.<\/span><\/p>\r\n<p><span style=\"font-family: Roboto; font-size: 14px;\">\r\n\r\n<\/span><\/p>\r\n<p style=\"font-size: 14px;\"><span style=\"font-family: Roboto; font-size: 14px;\">Ayr\u0131ca T\u00fcrkiye\u2019de 5 adet <strong>Almanya Fahri Konsoloslu\u011fu<\/strong> bulunmaktad\u0131r. Almanya Federal Devletinin Fahri Konsolosluklar\u0131 ve \u00e7al\u0131\u015fma saatleri \u015fu \u015fekildedir;<\/span><\/p>\r\n<p><span style=\"font-family: Roboto; font-size: 14px;\">\r\n\r\n<\/span><\/p>\r\n<figure class=\"wp-block-table\">\r\n<table>\r\n<tbody>\r\n<tr>\r\n<td><span style=\"font-family: Roboto; font-size: 14px;\"><strong>Temsilcilik<\/strong><\/span><\/td>\r\n<td><span style=\"font-family: Roboto; font-size: 14px;\"><strong>G\u00fcnler<\/strong><\/span><\/td>\r\n<td><span style=\"font-family: Roboto; font-size: 14px;\"><strong>\u00c7al\u0131\u015fma Saatleri<\/strong><\/span><\/td>\r\n<\/tr>\r\n<tr>\r\n<td><span style=\"font-family: Roboto; font-size: 14px;\">Almanya Trabzon Fahri Konsoloslu\u011fu\u00a0<\/span><\/td>\r\n<td><span style=\"font-family: Roboto; font-size: 14px;\">Pazartesi- Cuma<\/span><\/td>\r\n<td><span style=\"font-family: Roboto; font-size: 14px;\">09.00- 17.00<\/span><\/td>\r\n<\/tr>\r\n<tr>\r\n<td><span style=\"font-family: Roboto; font-size: 14px;\">Almanya Kayseri Fahri Konsoloslu\u011fu\u00a0<\/span><\/td>\r\n<td><span style=\"font-family: Roboto; font-size: 14px;\">Pazartesi- Cuma<\/span><\/td>\r\n<td><span style=\"font-family: Roboto; font-size: 14px;\">09.00- 17.00<\/span><\/td>\r\n<\/tr>\r\n<tr>\r\n<td><span style=\"font-family: Roboto; font-size: 14px;\">Almanya Bodrum Fahri Konsoloslu\u011fu\u00a0<\/span><\/td>\r\n<td><span style=\"font-family: Roboto; font-size: 14px;\">Pazartesi- Cuma<\/span><\/td>\r\n<td><span style=\"font-family: Roboto; font-size: 14px;\">09.00- 18.00<\/span><\/td>\r\n<\/tr>\r\n<tr>\r\n<td><span style=\"font-family: Roboto; font-size: 14px;\">Almanya Bursa Fahri Konsoloslu\u011fu\u00a0<\/span><\/td>\r\n<td><span style=\"font-family: Roboto; font-size: 14px;\">Pazartesi- Cuma<\/span><\/td>\r\n<td><span style=\"font-family: Roboto; font-size: 14px;\">10.00- 13.00<\/span><\/td>\r\n<\/tr>\r\n<tr>\r\n<td><span style=\"font-family: Roboto; font-size: 14px;\">Almanya Edirne Fahri Konsoloslu\u011fu\u00a0<\/span><\/td>\r\n<td><span style=\"font-family: Roboto; font-size: 14px;\">Pazartesi- Cuma<\/span><\/td>\r\n<td><span style=\"font-family: Roboto; font-size: 14px;\">11.00- 18.00<\/span><\/td>\r\n<\/tr>\r\n<\/tbody>\r\n<\/table>\r\n<\/figure>\r\n<p><span style=\"font-family: Roboto; font-size: 14px;\">\r\n\r\n<\/span><\/p>\r\n<p style=\"font-size: 14px;\"><span style=\"font-family: Roboto; font-size: 14px;\">Almanya temsilcilikleri yukar\u0131da belirtilen saatlerde hizmet vermektedir. <strong>Almanya Federal Devleti<\/strong> resmi tatillerinde ve T\u00fcrkiye Cumhuriyeti resmi tatillerinde hizmet vermemektedir.<\/span><\/p>\r\n<p><span style=\"font-family: Roboto; font-size: 14px;\"><\/span><\/p>\r\n<p><span style=\"font-family: Roboto; font-size: 14px;\"><img decoding=\"async\" src=\"https:\/\/www.myvize.com.tr\/almanya\/wp-content\/uploads\/2021\/09\/91.jpg\" \/><\/span><\/p>\r\n<p><span style=\"font-family: Roboto; font-size: 14px;\"><\/span><\/p>\r\n<h2 class=\"wp-block-heading\" style=\"font-size: 27px;\"><strong><span style=\"font-family: Roboto; font-size: 27px;\">Almanya Konsoloslu\u011fu Tatil G\u00fcnleri 2022<\/span><\/strong><\/h2>\r\n<p><span style=\"font-family: Roboto; font-size: 14px;\">\r\n\r\n<\/span><\/p>\r\n<p style=\"font-size: 14px;\"><span style=\"font-family: Roboto; font-size: 14px;\">T\u00fcrkiye\u2019de Almanya\u2019n\u0131n <a href=\"https:\/\/www.myvize.com.tr\/almanya\/konsolosluklar\/almanya-buyukelciligi-ankara\/\" target=\"_blank\" rel=\"noreferrer noopener\"><span class=\"has-inline-color\" style=\"color: #2acec2;\"><strong>Almanya B\u00fcy\u00fckel\u00e7ili\u011fi<\/strong> <strong>Ankara<\/strong><\/span><\/a>, Almanya \u0130stanbul Ba\u015fkonsoloslu\u011fu, <strong><span class=\"has-inline-color\">Almanya Ba\u015fkonsoloslu\u011fu \u0130zmir<\/span><\/strong><a href=\"https:\/\/www.myvize.com.tr\/almanya\/konsolosluklar\/almanya-baskonsoloslugu-izmir\/\" target=\"_blank\" rel=\"noreferrer noopener\">,<\/a> Almanya Antalya Konsoloslu\u011fu olmak \u00fczere 4 adet resmi temsilcili\u011fi bulunmaktad\u0131r. Ayr\u0131ca Trabzon, Kayseri, Bodrum, Bursa ve Edirne\u2019de olmak \u00fczere 5 adet fahri konsolosluk bulunmaktad\u0131r.<\/span><\/p>\r\n<p><span style=\"font-family: Roboto; font-size: 14px;\">\r\n\r\n<\/span><\/p>\r\n<p style=\"font-size: 14px;\"><span style=\"font-family: Roboto; font-size: 14px;\"><strong>Almanya temsilcilikleri<\/strong> hafta sonlar\u0131 hizmet vermemektedir. Ayr\u0131ca T\u00fcrkiye Cumhuriyeti resmi tatillerinde ve <strong>Almanya Federal Devleti<\/strong> resmi tatillerinde hizmet vermemektedir. 2022 y\u0131l\u0131 i\u00e7in Almanya Konsolosluklar\u0131n\u0131n resmi tatilleri a\u015fa\u011f\u0131da verilmi\u015ftir.<\/span><\/p>\r\n<p><span style=\"font-family: Roboto; font-size: 14px;\">\r\n\r\n<\/span><\/p>\r\n<figure class=\"wp-block-table\">\r\n<table>\r\n<tbody>\r\n<tr>\r\n<td><span style=\"font-family: Roboto; font-size: 14px;\">1 Ocak<\/span><\/td>\r\n<td><span style=\"font-family: Roboto; font-size: 14px;\">Cuma<\/span><\/td>\r\n<td><span style=\"font-family: Roboto; font-size: 14px;\">Yeni Y\u0131l<\/span><\/td>\r\n<\/tr>\r\n<tr>\r\n<td><span style=\"font-family: Roboto; font-size: 14px;\">2 Nisan<\/span><\/td>\r\n<td><span style=\"font-family: Roboto; font-size: 14px;\">Cuma<\/span><\/td>\r\n<td><span style=\"font-family: Roboto; font-size: 14px;\">Paskalya Cumas\u0131<\/span><\/td>\r\n<\/tr>\r\n<tr>\r\n<td><span style=\"font-family: Roboto; font-size: 14px;\">5 Nisan<\/span><\/td>\r\n<td><span style=\"font-family: Roboto; font-size: 14px;\">Pazartesi<\/span><\/td>\r\n<td><span style=\"font-family: Roboto; font-size: 14px;\">Paskalya Pazartesisi<\/span><\/td>\r\n<\/tr>\r\n<tr>\r\n<td><span style=\"font-family: Roboto; font-size: 14px;\">23 Nisan<\/span><\/td>\r\n<td><span style=\"font-family: Roboto; font-size: 14px;\">Cuma<\/span><\/td>\r\n<td><span style=\"font-family: Roboto; font-size: 14px;\">Ulusal Egemenlik ve \u00c7ocuk Bayram\u0131<\/span><\/td>\r\n<\/tr>\r\n<tr>\r\n<td><span style=\"font-family: Roboto; font-size: 14px;\">1 May\u0131s<\/span><\/td>\r\n<td><span style=\"font-family: Roboto; font-size: 14px;\">Cumartesi<\/span><\/td>\r\n<td><span style=\"font-family: Roboto; font-size: 14px;\">Emek ve Dayan\u0131\u015fma G\u00fcn\u00fc<\/span><\/td>\r\n<\/tr>\r\n<tr>\r\n<td><span style=\"font-family: Roboto; font-size: 14px;\">12 May\u0131s<\/span><\/td>\r\n<td><span style=\"font-family: Roboto; font-size: 14px;\">\u00c7ar\u015famba<\/span><\/td>\r\n<td><span style=\"font-family: Roboto; font-size: 14px;\">Ramazan Bayram\u0131 Arifesi<\/span><\/td>\r\n<\/tr>\r\n<tr>\r\n<td><span style=\"font-family: Roboto; font-size: 14px;\">13 May\u0131s<\/span><\/td>\r\n<td><span style=\"font-family: Roboto; font-size: 14px;\">Per\u015fembe<\/span><\/td>\r\n<td><span style=\"font-family: Roboto; font-size: 14px;\">Ramazan Bayram\u0131 1. G\u00fcn\u00fc<\/span><\/td>\r\n<\/tr>\r\n<tr>\r\n<td><span style=\"font-family: Roboto; font-size: 14px;\">14 May\u0131s<\/span><\/td>\r\n<td><span style=\"font-family: Roboto; font-size: 14px;\">Cuma<\/span><\/td>\r\n<td><span style=\"font-family: Roboto; font-size: 14px;\">Ramazan Bayram\u0131 2. G\u00fcn\u00fc<\/span><\/td>\r\n<\/tr>\r\n<tr>\r\n<td><span style=\"font-family: Roboto; font-size: 14px;\">15 May\u0131s<\/span><\/td>\r\n<td><span style=\"font-family: Roboto; font-size: 14px;\">Cumartesi<\/span><\/td>\r\n<td><span style=\"font-family: Roboto; font-size: 14px;\">Ramazan Bayram\u0131 3. G\u00fcn\u00fc<\/span><\/td>\r\n<\/tr>\r\n<tr>\r\n<td><span style=\"font-family: Roboto; font-size: 14px;\">19 May\u0131s<\/span><\/td>\r\n<td><span style=\"font-family: Roboto; font-size: 14px;\">\u00c7ar\u015famba<\/span><\/td>\r\n<td><span style=\"font-family: Roboto; font-size: 14px;\">Atat\u00fcrk&#8217;\u00fc Anma, Gen\u00e7lik ve Spor Bayram\u0131<\/span><\/td>\r\n<\/tr>\r\n<tr>\r\n<td><span style=\"font-family: Roboto; font-size: 14px;\">24 May\u0131s<\/span><\/td>\r\n<td><span style=\"font-family: Roboto; font-size: 14px;\">Pazartesi<\/span><\/td>\r\n<td><span style=\"font-family: Roboto; font-size: 14px;\">Pankot Yortusu<\/span><\/td>\r\n<\/tr>\r\n<tr>\r\n<td><span style=\"font-family: Roboto; font-size: 14px;\">15 Temmuz<\/span><\/td>\r\n<td><span style=\"font-family: Roboto; font-size: 14px;\">Per\u015fembe<\/span><\/td>\r\n<td><span style=\"font-family: Roboto; font-size: 14px;\">Demokrasi ve Milli Birlik G\u00fcn\u00fc<\/span><\/td>\r\n<\/tr>\r\n<tr>\r\n<td><span style=\"font-family: Roboto; font-size: 14px;\">19 Temmuz<\/span><\/td>\r\n<td><span style=\"font-family: Roboto; font-size: 14px;\">Pazartesi<\/span><\/td>\r\n<td><span style=\"font-family: Roboto; font-size: 14px;\">Kurban Bayram\u0131 Arifesi\u00a0(13.00&#8217;den itibaren)<\/span><\/td>\r\n<\/tr>\r\n<tr>\r\n<td><span style=\"font-family: Roboto; font-size: 14px;\">20 Temmuz<\/span><\/td>\r\n<td><span style=\"font-family: Roboto; font-size: 14px;\">Sal\u0131<\/span><\/td>\r\n<td><span style=\"font-family: Roboto; font-size: 14px;\">Kurban Bayram\u0131 1. G\u00fcn\u00fc<\/span><\/td>\r\n<\/tr>\r\n<tr>\r\n<td><span style=\"font-family: Roboto; font-size: 14px;\">21 Temmuz<\/span><\/td>\r\n<td><span style=\"font-family: Roboto; font-size: 14px;\">\u00c7ar\u015famba<\/span><\/td>\r\n<td><span style=\"font-family: Roboto; font-size: 14px;\">Kurban Bayram\u0131 2. G\u00fcn\u00fc<\/span><\/td>\r\n<\/tr>\r\n<tr>\r\n<td><span style=\"font-family: Roboto; font-size: 14px;\">22 Temmuz<\/span><\/td>\r\n<td><span style=\"font-family: Roboto; font-size: 14px;\">Per\u015fembe<\/span><\/td>\r\n<td><span style=\"font-family: Roboto; font-size: 14px;\">Kurban Bayram\u0131 3. G\u00fcn\u00fc<\/span><\/td>\r\n<\/tr>\r\n<tr>\r\n<td><span style=\"font-family: Roboto; font-size: 14px;\">23 Temmuz<\/span><\/td>\r\n<td><span style=\"font-family: Roboto; font-size: 14px;\">Cuma<\/span><\/td>\r\n<td><span style=\"font-family: Roboto; font-size: 14px;\">Kurban Bayram\u0131 4. G\u00fcn\u00fc<\/span><\/td>\r\n<\/tr>\r\n<tr>\r\n<td><span style=\"font-family: Roboto; font-size: 14px;\">30 A\u011fustos<\/span><\/td>\r\n<td><span style=\"font-family: Roboto; font-size: 14px;\">Pazartesi<\/span><\/td>\r\n<td><span style=\"font-family: Roboto; font-size: 14px;\">Zafer Bayram\u0131<\/span><\/td>\r\n<\/tr>\r\n<tr>\r\n<td><span style=\"font-family: Roboto; font-size: 14px;\">03 Ekim<\/span><\/td>\r\n<td><span style=\"font-family: Roboto; font-size: 14px;\">Pazar<\/span><\/td>\r\n<td><span style=\"font-family: Roboto; font-size: 14px;\">Alman Milli G\u00fcn\u00fc<\/span><\/td>\r\n<\/tr>\r\n<tr>\r\n<td><span style=\"font-family: Roboto; font-size: 14px;\">28 Ekim<\/span><\/td>\r\n<td><span style=\"font-family: Roboto; font-size: 14px;\">Per\u015fembe<\/span><\/td>\r\n<td><span style=\"font-family: Roboto; font-size: 14px;\">Cumhuriyet Bayram\u0131 Arifesi (13.00&#8217;den itibaren)<\/span><\/td>\r\n<\/tr>\r\n<tr>\r\n<td><span style=\"font-family: Roboto; font-size: 14px;\">29 Ekim<\/span><\/td>\r\n<td><span style=\"font-family: Roboto; font-size: 14px;\">Cuma<\/span><\/td>\r\n<td><span style=\"font-family: Roboto; font-size: 14px;\">Cumhuriyet Bayram\u0131<\/span><\/td>\r\n<\/tr>\r\n<tr>\r\n<td><span style=\"font-family: Roboto; font-size: 14px;\">24 Aral\u0131k<\/span><\/td>\r\n<td><span style=\"font-family: Roboto; font-size: 14px;\">Cuma<\/span><\/td>\r\n<td><span style=\"font-family: Roboto; font-size: 14px;\">Noel Arifesi<\/span><\/td>\r\n<\/tr>\r\n<tr>\r\n<td><span style=\"font-family: Roboto; font-size: 14px;\">25 Aral\u0131k<\/span><\/td>\r\n<td><span style=\"font-family: Roboto; font-size: 14px;\">Cumartesi<\/span><\/td>\r\n<td><span style=\"font-family: Roboto; font-size: 14px;\">1. Noel Bayram\u0131 G\u00fcn\u00fc<\/span><\/td>\r\n<\/tr>\r\n<tr>\r\n<td><span style=\"font-family: Roboto; font-size: 14px;\">26 Aral\u0131k<\/span><\/td>\r\n<td><span style=\"font-family: Roboto; font-size: 14px;\">Pazar<\/span><\/td>\r\n<td><span style=\"font-family: Roboto; font-size: 14px;\">2. Noel Bayram\u0131 G\u00fcn\u00fc<\/span><\/td>\r\n<\/tr>\r\n<tr>\r\n<td><span style=\"font-family: Roboto; font-size: 14px;\">31 Aral\u0131k<\/span><\/td>\r\n<td><span style=\"font-family: Roboto; font-size: 14px;\">Cuma<\/span><\/td>\r\n<td><span style=\"font-family: Roboto; font-size: 14px;\">Y\u0131lba\u015f\u0131<\/span><\/td>\r\n<\/tr>\r\n<\/tbody>\r\n<\/table>\r\n<\/figure>\r\n<p><span style=\"font-family: Roboto; font-size: 14px;\"><\/span><\/p>\r\n<p><span style=\"font-family: Roboto; font-size: 14px;\"><img decoding=\"async\" src=\"https:\/\/www.myvize.com.tr\/almanya\/wp-content\/uploads\/2021\/09\/92.jpg\" \/><\/span><\/p>","protected":false},"excerpt":{"rendered":"<p>Almanya Konsoloslu\u011fu A\u00e7\u0131k M\u0131? T\u00fcrkiye\u2019de bulunan Almanya Federal Devleti temsilcilikleri hafta sonlar\u0131 \u00e7al\u0131\u015fmamaktad\u0131r. Sadece hafta i\u00e7i hizmet vermektedir. T\u00fcrkiye\u2019de bulunan Alman resmi temsilcilikleri ve \u00e7al\u0131\u015fma saatleri \u015fu \u015fekildedir; Temsilcilik G\u00fcnler \u00c7al\u0131\u015fma Saatleri Almanya Ankara B\u00fcy\u00fckel\u00e7ili\u011fi Pazartesi- Per\u015fembeCuma 08.00- 17.0008.00- 12.00 Almanya \u0130stanbul Ba\u015fkonsoloslu\u011fu Pazartesi- Per\u015fembeCuma 07.30- 16.0007.30- 13.00 Almanya \u0130zmir Ba\u015fkonsoloslu\u011fu Pazartesi- Cuma 08.30- 17.30<\/p>\n","protected":false},"author":1,"featured_media":0,"parent":69,"menu_order":0,"comment_status":"open","ping_status":"closed","template":"","meta":{"footnotes":""},"class_list":["post-401","page","type-page","status-publish","hentry"],"yoast_head":"<!-- This site is optimized with the Yoast SEO plugin v24.0 - https:\/\/yoast.com\/wordpress\/plugins\/seo\/ -->\n<title>Almanya Konsoloslu\u011fu Tatil G\u00fcnleri - Almanya Vizesi - MyVize<\/title>\n<meta name=\"description\" content=\"Almanya Konsoloslu\u011fu Tatil G\u00fcnleri Ne Zamand\u0131r? Almanya Konsoloslu\u011fu Tatil G\u00fcnleri Hakk\u0131nda Bilgi \u0130\u00e7in Hemen Aray\u0131n: 0850 346 84 93\" \/>\n<meta name=\"robots\" content=\"index, follow, max-snippet:-1, max-image-preview:large, max-video-preview:-1\" \/>\n<link rel=\"canonical\" href=\"https:\/\/www.myvize.com.tr\/almanya\/konsolosluklar\/almanya-konsoloslugu-tatil-gunleri\/\" \/>\n<meta property=\"og:locale\" content=\"tr_TR\" \/>\n<meta property=\"og:type\" content=\"article\" \/>\n<meta property=\"og:title\" content=\"Almanya Konsoloslu\u011fu Tatil G\u00fcnleri - Almanya Vizesi - MyVize\" \/>\n<meta property=\"og:description\" content=\"Almanya Konsoloslu\u011fu Tatil G\u00fcnleri Ne Zamand\u0131r? Almanya Konsoloslu\u011fu Tatil G\u00fcnleri Hakk\u0131nda Bilgi \u0130\u00e7in Hemen Aray\u0131n: 0850 346 84 93\" \/>\n<meta property=\"og:url\" content=\"https:\/\/www.myvize.com.tr\/almanya\/konsolosluklar\/almanya-konsoloslugu-tatil-gunleri\/\" \/>\n<meta property=\"og:site_name\" content=\"Almanya Vize\" \/>\n<meta property=\"article:modified_time\" content=\"2022-03-22T13:02:41+00:00\" \/>\n<meta property=\"og:image\" content=\"https:\/\/www.myvize.com.tr\/almanya\/wp-content\/uploads\/2021\/09\/91.jpg\" \/>\n<meta name=\"twitter:card\" content=\"summary_large_image\" \/>\n<meta name=\"twitter:label1\" content=\"Tahmini okuma s\u00fcresi\" \/>\n\t<meta name=\"twitter:data1\" content=\"3 dakika\" \/>\n<script type=\"application\/ld+json\" class=\"yoast-schema-graph\">{\"@context\":\"https:\/\/schema.org\",\"@graph\":[{\"@type\":\"WebPage\",\"@id\":\"https:\/\/www.myvize.com.tr\/almanya\/konsolosluklar\/almanya-konsoloslugu-tatil-gunleri\/\",\"url\":\"https:\/\/www.myvize.com.tr\/almanya\/konsolosluklar\/almanya-konsoloslugu-tatil-gunleri\/\",\"name\":\"Almanya Konsoloslu\u011fu Tatil G\u00fcnleri - Almanya Vizesi - MyVize\",\"isPartOf\":{\"@id\":\"https:\/\/www.myvize.com.tr\/almanya\/#website\"},\"primaryImageOfPage\":{\"@id\":\"https:\/\/www.myvize.com.tr\/almanya\/konsolosluklar\/almanya-konsoloslugu-tatil-gunleri\/#primaryimage\"},\"image\":{\"@id\":\"https:\/\/www.myvize.com.tr\/almanya\/konsolosluklar\/almanya-konsoloslugu-tatil-gunleri\/#primaryimage\"},\"thumbnailUrl\":\"https:\/\/www.myvize.com.tr\/almanya\/wp-content\/uploads\/2021\/09\/91.jpg\",\"datePublished\":\"2021-01-29T15:42:56+00:00\",\"dateModified\":\"2022-03-22T13:02:41+00:00\",\"description\":\"Almanya Konsoloslu\u011fu Tatil G\u00fcnleri Ne Zamand\u0131r? Almanya Konsoloslu\u011fu Tatil G\u00fcnleri Hakk\u0131nda Bilgi \u0130\u00e7in Hemen Aray\u0131n: 0850 346 84 93\",\"breadcrumb\":{\"@id\":\"https:\/\/www.myvize.com.tr\/almanya\/konsolosluklar\/almanya-konsoloslugu-tatil-gunleri\/#breadcrumb\"},\"inLanguage\":\"tr\",\"potentialAction\":[{\"@type\":\"ReadAction\",\"target\":[\"https:\/\/www.myvize.com.tr\/almanya\/konsolosluklar\/almanya-konsoloslugu-tatil-gunleri\/\"]}]},{\"@type\":\"ImageObject\",\"inLanguage\":\"tr\",\"@id\":\"https:\/\/www.myvize.com.tr\/almanya\/konsolosluklar\/almanya-konsoloslugu-tatil-gunleri\/#primaryimage\",\"url\":\"https:\/\/www.myvize.com.tr\/almanya\/wp-content\/uploads\/2021\/09\/91.jpg\",\"contentUrl\":\"https:\/\/www.myvize.com.tr\/almanya\/wp-content\/uploads\/2021\/09\/91.jpg\",\"width\":800,\"height\":500,\"caption\":\"Almanya\"},{\"@type\":\"BreadcrumbList\",\"@id\":\"https:\/\/www.myvize.com.tr\/almanya\/konsolosluklar\/almanya-konsoloslugu-tatil-gunleri\/#breadcrumb\",\"itemListElement\":[{\"@type\":\"ListItem\",\"position\":1,\"name\":\"Anasayfa\",\"item\":\"https:\/\/www.myvize.com.tr\/almanya\/\"},{\"@type\":\"ListItem\",\"position\":2,\"name\":\"KONSOLOSLUKLAR\",\"item\":\"https:\/\/www.myvize.com.tr\/almanya\/konsolosluklar\/\"},{\"@type\":\"ListItem\",\"position\":3,\"name\":\"Almanya Konsoloslu\u011fu Tatil G\u00fcnleri\"}]},{\"@type\":\"WebSite\",\"@id\":\"https:\/\/www.myvize.com.tr\/almanya\/#website\",\"url\":\"https:\/\/www.myvize.com.tr\/almanya\/\",\"name\":\"Almanya Vize\",\"description\":\"\",\"potentialAction\":[{\"@type\":\"SearchAction\",\"target\":{\"@type\":\"EntryPoint\",\"urlTemplate\":\"https:\/\/www.myvize.com.tr\/almanya\/?s={search_term_string}\"},\"query-input\":{\"@type\":\"PropertyValueSpecification\",\"valueRequired\":true,\"valueName\":\"search_term_string\"}}],\"inLanguage\":\"tr\"}]}<\/script>\n<!-- \/ Yoast SEO plugin. -->","yoast_head_json":{"title":"Almanya Konsoloslu\u011fu Tatil G\u00fcnleri - Almanya Vizesi - MyVize","description":"Almanya Konsoloslu\u011fu Tatil G\u00fcnleri Ne Zamand\u0131r? Almanya Konsoloslu\u011fu Tatil G\u00fcnleri Hakk\u0131nda Bilgi \u0130\u00e7in Hemen Aray\u0131n: 0850 346 84 93","robots":{"index":"index","follow":"follow","max-snippet":"max-snippet:-1","max-image-preview":"max-image-preview:large","max-video-preview":"max-video-preview:-1"},"canonical":"https:\/\/www.myvize.com.tr\/almanya\/konsolosluklar\/almanya-konsoloslugu-tatil-gunleri\/","og_locale":"tr_TR","og_type":"article","og_title":"Almanya Konsoloslu\u011fu Tatil G\u00fcnleri - Almanya Vizesi - MyVize","og_description":"Almanya Konsoloslu\u011fu Tatil G\u00fcnleri Ne Zamand\u0131r? Almanya Konsoloslu\u011fu Tatil G\u00fcnleri Hakk\u0131nda Bilgi \u0130\u00e7in Hemen Aray\u0131n: 0850 346 84 93","og_url":"https:\/\/www.myvize.com.tr\/almanya\/konsolosluklar\/almanya-konsoloslugu-tatil-gunleri\/","og_site_name":"Almanya Vize","article_modified_time":"2022-03-22T13:02:41+00:00","og_image":[{"url":"https:\/\/www.myvize.com.tr\/almanya\/wp-content\/uploads\/2021\/09\/91.jpg","type":"","width":"","height":""}],"twitter_card":"summary_large_image","twitter_misc":{"Tahmini okuma s\u00fcresi":"3 dakika"},"schema":{"@context":"https:\/\/schema.org","@graph":[{"@type":"WebPage","@id":"https:\/\/www.myvize.com.tr\/almanya\/konsolosluklar\/almanya-konsoloslugu-tatil-gunleri\/","url":"https:\/\/www.myvize.com.tr\/almanya\/konsolosluklar\/almanya-konsoloslugu-tatil-gunleri\/","name":"Almanya Konsoloslu\u011fu Tatil G\u00fcnleri - Almanya Vizesi - MyVize","isPartOf":{"@id":"https:\/\/www.myvize.com.tr\/almanya\/#website"},"primaryImageOfPage":{"@id":"https:\/\/www.myvize.com.tr\/almanya\/konsolosluklar\/almanya-konsoloslugu-tatil-gunleri\/#primaryimage"},"image":{"@id":"https:\/\/www.myvize.com.tr\/almanya\/konsolosluklar\/almanya-konsoloslugu-tatil-gunleri\/#primaryimage"},"thumbnailUrl":"https:\/\/www.myvize.com.tr\/almanya\/wp-content\/uploads\/2021\/09\/91.jpg","datePublished":"2021-01-29T15:42:56+00:00","dateModified":"2022-03-22T13:02:41+00:00","description":"Almanya Konsoloslu\u011fu Tatil G\u00fcnleri Ne Zamand\u0131r? Almanya Konsoloslu\u011fu Tatil G\u00fcnleri Hakk\u0131nda Bilgi \u0130\u00e7in Hemen Aray\u0131n: 0850 346 84 93","breadcrumb":{"@id":"https:\/\/www.myvize.com.tr\/almanya\/konsolosluklar\/almanya-konsoloslugu-tatil-gunleri\/#breadcrumb"},"inLanguage":"tr","potentialAction":[{"@type":"ReadAction","target":["https:\/\/www.myvize.com.tr\/almanya\/konsolosluklar\/almanya-konsoloslugu-tatil-gunleri\/"]}]},{"@type":"ImageObject","inLanguage":"tr","@id":"https:\/\/www.myvize.com.tr\/almanya\/konsolosluklar\/almanya-konsoloslugu-tatil-gunleri\/#primaryimage","url":"https:\/\/www.myvize.com.tr\/almanya\/wp-content\/uploads\/2021\/09\/91.jpg","contentUrl":"https:\/\/www.myvize.com.tr\/almanya\/wp-content\/uploads\/2021\/09\/91.jpg","width":800,"height":500,"caption":"Almanya"},{"@type":"BreadcrumbList","@id":"https:\/\/www.myvize.com.tr\/almanya\/konsolosluklar\/almanya-konsoloslugu-tatil-gunleri\/#breadcrumb","itemListElement":[{"@type":"ListItem","position":1,"name":"Anasayfa","item":"https:\/\/www.myvize.com.tr\/almanya\/"},{"@type":"ListItem","position":2,"name":"KONSOLOSLUKLAR","item":"https:\/\/www.myvize.com.tr\/almanya\/konsolosluklar\/"},{"@type":"ListItem","position":3,"name":"Almanya Konsoloslu\u011fu Tatil G\u00fcnleri"}]},{"@type":"WebSite","@id":"https:\/\/www.myvize.com.tr\/almanya\/#website","url":"https:\/\/www.myvize.com.tr\/almanya\/","name":"Almanya Vize","description":"","potentialAction":[{"@type":"SearchAction","target":{"@type":"EntryPoint","urlTemplate":"https:\/\/www.myvize.com.tr\/almanya\/?s={search_term_string}"},"query-input":{"@type":"PropertyValueSpecification","valueRequired":true,"valueName":"search_term_string"}}],"inLanguage":"tr"}]}},"_links":{"self":[{"href":"https:\/\/www.myvize.com.tr\/almanya\/wp-json\/wp\/v2\/pages\/401","targetHints":{"allow":["GET"]}}],"collection":[{"href":"https:\/\/www.myvize.com.tr\/almanya\/wp-json\/wp\/v2\/pages"}],"about":[{"href":"https:\/\/www.myvize.com.tr\/almanya\/wp-json\/wp\/v2\/types\/page"}],"author":[{"embeddable":true,"href":"https:\/\/www.myvize.com.tr\/almanya\/wp-json\/wp\/v2\/users\/1"}],"replies":[{"embeddable":true,"href":"https:\/\/www.myvize.com.tr\/almanya\/wp-json\/wp\/v2\/comments?post=401"}],"version-history":[{"count":9,"href":"https:\/\/www.myvize.com.tr\/almanya\/wp-json\/wp\/v2\/pages\/401\/revisions"}],"predecessor-version":[{"id":1609,"href":"https:\/\/www.myvize.com.tr\/almanya\/wp-json\/wp\/v2\/pages\/401\/revisions\/1609"}],"up":[{"embeddable":true,"href":"https:\/\/www.myvize.com.tr\/almanya\/wp-json\/wp\/v2\/pages\/69"}],"wp:attachment":[{"href":"https:\/\/www.myvize.com.tr\/almanya\/wp-json\/wp\/v2\/media?parent=401"}],"curies":[{"name":"wp","href":"https:\/\/api.w.org\/{rel}","templated":true}]}}