{"id":435,"date":"2021-01-29T18:50:30","date_gmt":"2021-01-29T15:50:30","guid":{"rendered":"https:\/\/www.myvize.com.tr\/almanya\/?page_id=435"},"modified":"2022-07-19T15:55:22","modified_gmt":"2022-07-19T12:55:22","slug":"almanya-fahri-konsoloslugu-bodrum","status":"publish","type":"page","link":"https:\/\/www.myvize.com.tr\/almanya\/konsolosluklar\/almanya-fahri-konsoloslugu-bodrum\/","title":{"rendered":"Almanya Konsoloslu\u011fu Bodrum"},"content":{"rendered":"<p><span style=\"font-family: Roboto;\"><\/span><\/p>\r\n<p style=\"font-size: 14px;\"><span style=\"font-family: Roboto; font-size: 14px;\">Almanya Federal Cumhuriyeti\u2019nin T\u00fcrkiye\u2019de bulunan temsilciliklerinden birisi Almanya Bodrum Fahri Konsoloslu\u011fu\u2019dur. Almanya Bodrum Fahri Konsoloslu\u011fu\u2019nun diplomatik bir yetkisi yoktur. Bulundu\u011fu b\u00f6lgedeki ticari faaliyetleri d\u00fczenlemek temel ama\u00e7lar\u0131d\u0131r. <strong>Fahri Konsolosluk Almanya<\/strong>\u2019n\u0131n D\u0131\u015fi\u015fleri Bakanl\u0131\u011f\u0131 mensubu olmamas\u0131na ra\u011fmen Almanya\u2019n\u0131n \u00e7\u0131karlar\u0131n\u0131 g\u00f6zetmektedir.<\/span><\/p>\r\n<p><span style=\"font-family: Roboto; font-size: 14px;\">\r\n\r\n<\/span><\/p>\r\n<p style=\"font-size: 14px;\"><span style=\"font-family: Roboto; font-size: 14px;\">Almanya Bodrum Fahri Konsoloslu\u011fu\u2019nun sorumlu oldu\u011fu iller <strong>Bodrum<\/strong> ve \u00e7evre illerdir. Almanya Bodrum Fahri Konsoloslu\u011fu&#8217;nun ba\u011fl\u0131\u011f\u0131 oldu\u011fu d\u0131\u015f temsilcilik ise <strong>Almanya \u0130zmir Ba\u015fkonsoloslu\u011fu<\/strong>&#8216;dur.<\/span><\/p>\r\n<p><span style=\"font-family: Roboto; font-size: 14px;\">\r\n\r\n<\/span><\/p>\r\n<p style=\"font-size: 14px;\"><span style=\"font-family: Roboto; font-size: 14px;\">Almanya\u2019n\u0131n Bodrum\u2019da bulunan Fahri Konsoloslu\u011fu\u2019nun temel amac\u0131 ticari faaliyetleri d\u00fczenlemek oldu\u011fundan <strong>Fahri Konsolos <\/strong>b\u00f6lgede tan\u0131nan i\u015f adamlar\u0131 aras\u0131ndan se\u00e7ilmektedir. <strong>Almanya Bodrum Fahri Konsoloslu\u011fu <\/strong>bunun yan\u0131nda b\u00f6lgedeki k\u00fclt\u00fcrel, sosyal ve diplomatik ili\u015fkileri d\u00fczenlemektedir. Ayr\u0131ca b\u00f6lgede bulunan Almanya vatanda\u015flar\u0131na baz\u0131 konularda destek vermektedir. Almanya vatanda\u015flar\u0131na fotokopi tasdik, imza tasdik ve ya\u015fam belgesi gibi noter hizmeti vermektedir.<\/span><\/p>\r\n<p><span style=\"font-family: Roboto; font-size: 14px;\">\r\n\r\n<\/span><\/p>\r\n<p style=\"font-size: 14px;\"><span style=\"font-family: Roboto; font-size: 14px;\">Alman vatanda\u015flar\u0131na hukuk, e\u011fitim ve sa\u011fl\u0131k alanlar\u0131nda destek veren <strong>Almanya Bodrum Fahri Konsoloslu\u011fu<\/strong> vize hizmeti vermemektedir. <strong>Almanya Bodrum Fahri Konsoloslu\u011funun<\/strong> diplomatik bir yetkisi olmad\u0131\u011f\u0131ndan vize hizmeti verememektedir. Vize hizmeti verebilmesi i\u00e7in <strong>Almanya Federal Devleti<\/strong> D\u0131\u015fi\u015fleri mensubu olmal\u0131d\u0131r. <span style=\"color: #2acec2;\"><a style=\"color: #2acec2;\" href=\"https:\/\/www.myvize.com.tr\/almanya\/vize-islemleri\/almanya-vizesi\/\" target=\"_blank\" rel=\"noreferrer noopener\"><strong>Almanya vizesi <\/strong><\/a><\/span>verme yetkisi Almanya Ankara B\u00fcy\u00fckel\u00e7ili\u011fi\u2019ne, Almanya \u0130stanbul Ba\u015fkonsoloslu\u011fu\u2019na, Almanya \u0130zmir Ba\u015fkonsoloslu\u011fu, <span style=\"color: #2acec2;\"><strong><a style=\"color: #2acec2;\" href=\"https:\/\/www.myvize.com.tr\/almanya\/konsolosluklar\/almanya-konsoloslugu-antalya\/\" target=\"_blank\" rel=\"noreferrer noopener\">Almanya Antalya Konsoloslu\u011fu<\/a><\/strong><\/span>\u2019na aittir.<\/span><\/p>\r\n<h2><strong><span style=\"font-family: Roboto; font-size: 27px;\">Almanya Bodrum Konsolosu Kimdir?<\/span><\/strong><\/h2>\r\n<p><span style=\"font-family: Roboto; font-size: 14px;\"><strong>Almanya Bodrum konsolosu\u00a0<\/strong> G\u00fclay Kaman Kaplan\u2019d\u0131r. \u00a0Mu\u011fla ilinin Fahri Konsolosu olup kendisinin makam\u0131 Bodrum&#8217;da bulunmaktad\u0131r. Mu\u011fla ilinde ikamet eden ki\u015filerin , imza tasdiki ve \u00a0do\u011fum kay\u0131t i\u015flemleri kriz tedbir listesine kay\u0131t i\u015flemleri i\u00e7in ba\u015fvurulmas\u0131 gereken adres Almanya Bodrum Konsoloslu\u011fu\u2019dur. \u00a0Yurt d\u0131\u015f\u0131nda \u00a0ikamet etmekte olan Almanlar ilgili t\u00fcm konular i\u00e7in Almanya Bodrum Konsoloslu\u011fu gereken y\u00f6nlendirmeyi yapmaktad\u0131r. Vize ba\u015fvurusu ve pasaport i\u015flemleri <strong>Almanya Bodrum Konsoloslu\u011fu<\/strong> yetkili de\u011fildir. Bu i\u015flemlerin t\u00fcm\u00fc i\u00e7in \u0130zmir Ba\u015fkonsoloslu\u011fu yetkilendirilmi\u015ftir. Mu\u011fla Alman Konsoloslu\u011fu fahri konsolosluk niteli\u011finde bulunmas\u0131 sebebiyle T\u00fcrkiye\u2019de bulunan Alman vatanda\u015flar\u0131na i\u00e7in, pasaport, belge yenileme, onay ve tasdik i\u015flemlerini y\u00fcr\u00fctmektedir. \u00a0<\/span><\/p>\r\n<p><span style=\"font-family: Roboto; font-size: 14px;\"><strong>Almanya Konsoloslu\u011fu<\/strong>, Almanya\u2019ya seyahat etmek isteyen T\u00fcrkiye Cumhuriyeti vatanda\u015flar\u0131 ve T\u00fcrkiye\u2019de ikamet etmekte olan\u00a0 \u00fc\u00e7\u00fcnc\u00fc \u00fclke vatanda\u015flar\u0131 i\u00e7in \u00a0<strong>Almanya vizesi i\u015flemleri\u00a0<\/strong>konusunda hizmet vermektedir. Almanya Konsoloslu\u011fu bunun yan\u0131 s\u0131ra T\u00fcrkiye&#8217;de ikamet eden Almanya vatanda\u015flar\u0131n\u0131n konsolosluk i\u015flemleri i\u00e7in de gerekli hizmeti sa\u011flamaktad\u0131r.<\/span><\/p>\r\n<h2><strong><span style=\"font-family: Roboto; font-size: 27px;\">Almanya Bodrum Konsoloslu\u011fu Vize \u0130\u015flemleri<\/span><\/strong><\/h2>\r\n<p><span style=\"font-family: Roboto; font-size: 14px;\">Bodrum Bitez b\u00f6lgesinde yer almakta olan \u00a0Almanya Federal Devleti Almanya Konsoloslu\u011fu, Alman vatanda\u015flar\u0131na y\u00f6nelik i\u015flemleri y\u00fcr\u00fctmektedir. Ancak\u00a0 konsolosluk \u00a0arac\u0131l\u0131\u011f\u0131yla vize ba\u015fvurusu yap\u0131lamamaktad\u0131r. Almanya Bodrum Konsoloslu\u011fu, T\u00fcrkiye\u2019de ikamet etmekte olan Alman vatanda\u015flar\u0131n\u0131n pek \u00e7ok i\u015flemini ger\u00e7ekle\u015ftirmesini sa\u011flamaktad\u0131r. Bu i\u015flemlerden baz\u0131lar\u0131 pasaport yenileme ve t\u00fcm onay i\u015flemleridir.<\/span><\/p>\r\n<p><span style=\"font-family: Roboto; font-size: 14px;\">T\u00fcrkiye&#8217;de ikamet eden <strong>Almanya vatanda\u015flar\u0131<\/strong> t\u00fcm evrak i\u015flemlerini \u00a0evlilik ve bo\u015fanma i\u015flemleri , pasaport ve vatanda\u015fl\u0131k belgesi gibi i\u015flemler T\u00fcrkiye&#8217;de bulunan Almanya Konsoloslu\u011fu taraf\u0131ndan ger\u00e7ekle\u015ftirilmektedir. Almanya Bodrum Konsoloslu\u011fu \u00e7al\u0131\u015fma saatleri Pazartesi g\u00fcn\u00fcnden \u00a0Cuma g\u00fcn\u00fcne 09.00 ile 18.00 saatleri aras\u0131ndad\u0131r. Almanya Bodrum Konsoloslu\u011fu Cumartesi ve Pazar g\u00fcnleri kapal\u0131d\u0131r.<\/span><\/p>\r\n<p><span style=\"font-family: Roboto; font-size: 14px;\"><strong>Alman Bodrum Konsoloslu\u011fu<\/strong>, vize ba\u015fvurusu i\u015flemi ger\u00e7ekle\u015ftirmemektedir. Vize i\u015flemleri i\u00e7in Bodrum\u2019da hizmet veren vize merkezleri veya \u0130zmir Ba\u015fkonsoloslu\u011fu hizmet sunmaktad\u0131r. <strong>Almanya vize<\/strong> i\u015flemlerini ger\u00e7ekle\u015ftirmek i\u00e7in gerekli belgeler tam ve do\u011fru bir bi\u00e7imde haz\u0131rlanmal\u0131 ve randevu saatinde bizzat teslim edilmelidir.<\/span><\/p>\r\n<h2><strong><span style=\"font-family: Roboto; font-size: 27px;\">Almanya Bodrum Konsoloslu\u011fu Vize Ba\u015fvurusu<\/span><\/strong><\/h2>\r\n<p><span style=\"font-family: Roboto; font-size: 14px;\"><strong>Almanya Konsoloslu\u011fu<\/strong> Almanya vizesi Almanya Bodrum Konsoloslu\u011fu vize ba\u015fvurular\u0131 konsolosluk taraf\u0131ndan yetkilendirilmi\u015f kurulu\u015flar ve Vize Ba\u015fvuru Merkezleri vas\u0131tas\u0131yla ger\u00e7ekle\u015ftirilmektedir. Almanya vizesi ba\u015fvurusu i\u00e7in gerekli olan belgeler aras\u0131nda belki de en \u00f6nemlisi<strong>\u00a0<\/strong>Schengen Vizesi Ba\u015fvuru\u00a0formudur. Almanya Schengen ba\u015fvuru formunun hem Almanca ve T\u00fcrk\u00e7e olmak \u00fczere iki dilde doldurulmas\u0131 gerekmektedir. Almanya vize ba\u015fvuru formu<a href=\"https:\/\/www.vizemerkezi.com\/almanya\/basvuru-formu\/vize-basvuru-formu-istanbul\/\">\u00a0<\/a>el yaz\u0131s\u0131yla de\u011fil bilgisayar ortam\u0131nda haz\u0131rlanmal\u0131d\u0131r. Konsolosluk d\u0131\u015f\u0131nda ba\u015fka bir noktadan \u00a0vize ba\u015fvurusu yapman\u0131z halinde \u00a0vize i\u015flemlerinizin uzayabilece\u011fini g\u00f6z \u00f6n\u00fcnde bulundurman\u0131z faydal\u0131 olacakt\u0131r. Vize ba\u015fvuru formu ve t\u00fcm gerekli evraklar\u0131n do\u011fru \u015fekilde haz\u0131rlanm\u0131\u015f ve tamamlanm\u0131\u015f olmas\u0131 son derece \u00f6nem ta\u015f\u0131maktad\u0131r. Bodrum fahri konsoloslu\u011fu di\u011fer konsolosluklar\u0131n aksi olarak sadece Mu\u011fla b\u00f6lgesinde g\u00f6rev yapmaktad\u0131r. <strong>Almanya vize ba\u015fvurusu<\/strong> Bodrum ilinden yapabilmek i\u00e7in en yak\u0131n vize ba\u015fvuru merkezinden randevu alabilirsiniz. Bodrum\u2019a en yak\u0131n vize ba\u015fvuru merkezleri \u0130zmir ve Ankara\u2019da bulunmaktad\u0131r. <strong>Almanya vize ba\u015fvurusu<\/strong> i\u00e7in randevular, sadece online \u015fekilde al\u0131nabilmektedir.<\/span><\/p>\r\n<h2><strong><span style=\"font-family: Roboto; font-size: 27px;\">Almanya Bodrum Konsolosu Vize Randevusu<\/span><\/strong><\/h2>\r\n<p><span style=\"font-family: Roboto; font-size: 14px;\"><strong>Almanya Bodrum Konsoloslu\u011fu<\/strong> d\u00fczenli olarak vize ba\u015fvurular\u0131n\u0131 almaktad\u0131r. Konsolosluk, vize ba\u015fvurular\u0131n\u0131 arac\u0131 kurumlar arac\u0131l\u0131\u011f\u0131yla toplamaya devam etmektedir. \u00a0<strong>Almanya\u2019ya seyahat etmek<\/strong> isteyen T\u00fcrkiye Cumhuriyeti vatanda\u015flar\u0131n\u0131n Schengen formunu doldurmalar\u0131 gerekmektedir. Schengen formu, bilgisayar ortam\u0131nda haz\u0131rlanmal\u0131 ve ba\u015fvuru sahibinin bilgileri eksiksiz bi\u00e7imde girilmelidir. Schengen Formu hem Almanca hem de T\u00fcrk\u00e7e olarak haz\u0131rlanmal\u0131d\u0131r. Formun \u00e7\u0131kt\u0131s\u0131 al\u0131nd\u0131ktan sonra da \u0131slak imza ile imzalanmal\u0131d\u0131r. Schengen formunda sundu\u011funuz bilgilerin tutarl\u0131 ve do\u011fru olmas\u0131 gerekmektedir. Aksi takdirde ba\u015fvurunuzun reddedilme ihtimali s\u00f6z konusudur.<\/span><\/p>\r\n<p><span style=\"font-family: Roboto; font-size: 14px;\">Vize ba\u015fvurusu randevu\u00a0alma i\u015flemi ise \u00fclkelerin\u00a0Konsolosluk\u00a0veya Ba\u015fkonsolosluk b\u00f6l\u00fcmleri arac\u0131l\u0131\u011f\u0131yla ger\u00e7ekle\u015fmektedir. \u0130stenen evrakla beraber\u00a0randevu\u00a0g\u00fcn\u00fcnde haz\u0131r bulunulmas\u0131 gerekmektedir.<strong>\u00a0Vize<\/strong>\u00a0ba\u015fvuru randevular\u0131, resmi olarak yetkilendirilmi\u015f kurumlar \u00fczerinden de al\u0131nabilmektedir. Almanya Bodrum vize ba\u015fvuru merkezinin ofisi bulunmad\u0131\u011f\u0131ndan Bodrum ilinden \u00a0Almanya vizesi i\u00e7in ba\u015fvuru yapacak ki\u015filerin \u0130zmir ve Ankara\u2019daki vize merkezlerine ula\u015farak ba\u015fvuruda bulunmas\u0131 gerekmektedir.<\/span><\/p>\r\n<p><span style=\"font-family: Roboto; font-size: 14px;\"><\/span><\/p>\r\n<p><span style=\"font-family: Roboto; font-size: 14px;\"><img decoding=\"async\" src=\"https:\/\/www.myvize.com.tr\/almanya\/wp-content\/uploads\/2021\/09\/87.jpg\" \/><\/span><\/p>\r\n<p><span style=\"font-family: Roboto; font-size: 14px;\"><\/span><\/p>\r\n<h3 class=\"wp-block-heading\" style=\"font-size: 27px;\"><span style=\"font-size: 24px;\"><strong><span style=\"font-family: Roboto;\">Almanya Fahri Konsoloslu\u011fu Bodrum&#8217;un Neresinde?<\/span><\/strong><\/span><\/h3>\r\n<p><span style=\"font-family: Roboto; font-size: 14px;\">\r\n\r\n<\/span><\/p>\r\n<p style=\"font-size: 14px;\"><span style=\"font-family: Roboto; font-size: 14px;\"><strong>Fahri Konsolos:\u00a0<\/strong>G\u00fclay Kaman<\/span><\/p>\r\n<p><span style=\"font-family: Roboto; font-size: 14px;\">\r\n\r\n<\/span><\/p>\r\n<p style=\"font-size: 14px;\"><span style=\"font-family: Roboto; font-size: 14px;\"><strong>Sorumlu Oldu\u011fu \u0130ller:\u00a0<\/strong>Mu\u011fla<\/span><\/p>\r\n<p><span style=\"font-family: Roboto; font-size: 14px;\">\r\n\r\n<\/span><\/p>\r\n<p style=\"font-size: 14px;\"><span style=\"font-family: Roboto; font-size: 14px;\"><strong>Ba\u011fl\u0131 Bulundu\u011fu D\u0131\u015f Temsilcilik:\u00a0<\/strong>Almanya \u0130zmir Ba\u015fkonsoloslu\u011fu<\/span><\/p>\r\n<p><span style=\"font-family: Roboto; font-size: 14px;\">\r\n\r\n<\/span><\/p>\r\n<p style=\"font-size: 14px;\"><span style=\"font-family: Roboto; font-size: 14px;\"><strong>\u00c7al\u0131\u015fma Saatleri:\u00a0Almanya Bodrum Fahri Konsoloslu\u011fu <\/strong>hafta i\u00e7i pazartesiden cumaya kadar saat 09.00 ile 18.00 aras\u0131nda hizmet vermektedir. Hafta sonlar\u0131 \u00e7al\u0131\u015fmayan <strong>Almanya Bodrum Fahri Konsoloslu\u011fu<\/strong>, Almanya resmi tatilleri ve T\u00fcrkiye Cumhuriyeti resmi tatillerinde \u00e7al\u0131\u015fmamaktad\u0131r.<\/span><\/p>\r\n<p><span style=\"font-family: Roboto; font-size: 14px;\">\r\n\r\n<\/span><\/p>\r\n<p><span style=\"font-family: Roboto; font-size: 16px;\"><strong>Resmi Tatiller 2022:<\/strong><\/span><\/p>\r\n<p><span style=\"font-family: Roboto; font-size: 14px;\">\r\n\r\n<\/span><\/p>\r\n<figure class=\"wp-block-table\">\r\n<table>\r\n<tbody>\r\n<tr>\r\n<td><span style=\"font-family: Roboto; font-size: 14px;\">1 Ocak<\/span><\/td>\r\n<td><span style=\"font-family: Roboto; font-size: 14px;\">Yeni Y\u0131l<\/span><\/td>\r\n<\/tr>\r\n<tr>\r\n<td><span style=\"font-family: Roboto; font-size: 14px;\">2 Nisan<\/span><\/td>\r\n<td><span style=\"font-family: Roboto; font-size: 14px;\">Paskalya Cumas\u0131<\/span><\/td>\r\n<\/tr>\r\n<tr>\r\n<td><span style=\"font-family: Roboto; font-size: 14px;\">5 Nisan<\/span><\/td>\r\n<td><span style=\"font-family: Roboto; font-size: 14px;\">Paskalya Pazartesisi<\/span><\/td>\r\n<\/tr>\r\n<tr>\r\n<td><span style=\"font-family: Roboto; font-size: 14px;\">23 Nisan<\/span><\/td>\r\n<td><span style=\"font-family: Roboto; font-size: 14px;\">Ulusal Egemenlik ve \u00c7ocuk Bayram\u0131<\/span><\/td>\r\n<\/tr>\r\n<tr>\r\n<td><span style=\"font-family: Roboto; font-size: 14px;\">1 May\u0131s<\/span><\/td>\r\n<td><span style=\"font-family: Roboto; font-size: 14px;\">Emek ve Dayan\u0131\u015fma G\u00fcn\u00fc<\/span><\/td>\r\n<\/tr>\r\n<tr>\r\n<td><span style=\"font-family: Roboto; font-size: 14px;\">12 May\u0131s<\/span><\/td>\r\n<td><span style=\"font-family: Roboto; font-size: 14px;\">Ramazan Bayram\u0131 Arifesi<\/span><\/td>\r\n<\/tr>\r\n<tr>\r\n<td><span style=\"font-family: Roboto; font-size: 14px;\">13-15 May\u0131s<\/span><\/td>\r\n<td><span style=\"font-family: Roboto; font-size: 14px;\">Ramazan Bayram\u0131<\/span><\/td>\r\n<\/tr>\r\n<tr>\r\n<td><span style=\"font-family: Roboto; font-size: 14px;\">19 May\u0131s<\/span><\/td>\r\n<td><span style=\"font-family: Roboto; font-size: 14px;\">Atat\u00fcrk&#8217;\u00fc Anma, Gen\u00e7lik ve Spor Bayram\u0131<\/span><\/td>\r\n<\/tr>\r\n<tr>\r\n<td><span style=\"font-family: Roboto; font-size: 14px;\">24 May\u0131s<\/span><\/td>\r\n<td><span style=\"font-family: Roboto; font-size: 14px;\">Pankot Yortusu<\/span><\/td>\r\n<\/tr>\r\n<tr>\r\n<td><span style=\"font-family: Roboto; font-size: 14px;\">15 Temmuz<\/span><\/td>\r\n<td><span style=\"font-family: Roboto; font-size: 14px;\">Demokrasi ve Milli Birlik G\u00fcn\u00fc<\/span><\/td>\r\n<\/tr>\r\n<tr>\r\n<td><span style=\"font-family: Roboto; font-size: 14px;\">19 Temmuz<\/span><\/td>\r\n<td><span style=\"font-family: Roboto; font-size: 14px;\">Kurban Bayram\u0131 Arifesi<\/span><\/td>\r\n<\/tr>\r\n<tr>\r\n<td><span style=\"font-family: Roboto; font-size: 14px;\">20-23 Temmuz<\/span><\/td>\r\n<td><span style=\"font-family: Roboto; font-size: 14px;\">Kurban Bayram\u0131<\/span><\/td>\r\n<\/tr>\r\n<tr>\r\n<td><span style=\"font-family: Roboto; font-size: 14px;\">30 A\u011fustos<\/span><\/td>\r\n<td><span style=\"font-family: Roboto; font-size: 14px;\">Zafer Bayram\u0131<\/span><\/td>\r\n<\/tr>\r\n<tr>\r\n<td><span style=\"font-family: Roboto; font-size: 14px;\">3 Ekim<\/span><\/td>\r\n<td><span style=\"font-family: Roboto; font-size: 14px;\">Almanya Birle\u015fme G\u00fcn\u00fc<\/span><\/td>\r\n<\/tr>\r\n<tr>\r\n<td><span style=\"font-family: Roboto; font-size: 14px;\">28 Ekim<\/span><\/td>\r\n<td><span style=\"font-family: Roboto; font-size: 14px;\">Cumhuriyet Bayram\u0131 Arifesi (13.00&#8217;den itibaren tatik)<\/span><\/td>\r\n<\/tr>\r\n<tr>\r\n<td><span style=\"font-family: Roboto; font-size: 14px;\">29 Ekim<\/span><\/td>\r\n<td><span style=\"font-family: Roboto; font-size: 14px;\">Cumhuriyet Bayram\u0131<\/span><\/td>\r\n<\/tr>\r\n<tr>\r\n<td><span style=\"font-family: Roboto; font-size: 14px;\">24 Aral\u0131k<\/span><\/td>\r\n<td><span style=\"font-family: Roboto; font-size: 14px;\">Noel Arifesi<\/span><\/td>\r\n<\/tr>\r\n<tr>\r\n<td><span style=\"font-family: Roboto; font-size: 14px;\">25-26 Aral\u0131k<\/span><\/td>\r\n<td><span style=\"font-family: Roboto; font-size: 14px;\">Noel Bayram\u0131<\/span><\/td>\r\n<\/tr>\r\n<tr>\r\n<td><span style=\"font-family: Roboto; font-size: 14px;\">31 Aral\u0131k<\/span><\/td>\r\n<td><span style=\"font-family: Roboto; font-size: 14px;\">Y\u0131lba\u015f\u0131<\/span><\/td>\r\n<\/tr>\r\n<\/tbody>\r\n<\/table>\r\n<\/figure>\r\n<p><span style=\"font-family: Roboto; font-size: 14px;\"><\/span><\/p>\r\n<p><span style=\"font-family: Roboto; font-size: 14px;\"><img decoding=\"async\" src=\"https:\/\/www.myvize.com.tr\/almanya\/wp-content\/uploads\/2021\/09\/95.jpg\" \/><\/span><\/p>","protected":false},"excerpt":{"rendered":"<p>Almanya Federal Cumhuriyeti\u2019nin T\u00fcrkiye\u2019de bulunan temsilciliklerinden birisi Almanya Bodrum Fahri Konsoloslu\u011fu\u2019dur. Almanya Bodrum Fahri Konsoloslu\u011fu\u2019nun diplomatik bir yetkisi yoktur. Bulundu\u011fu b\u00f6lgedeki ticari faaliyetleri d\u00fczenlemek temel ama\u00e7lar\u0131d\u0131r. Fahri Konsolosluk Almanya\u2019n\u0131n D\u0131\u015fi\u015fleri Bakanl\u0131\u011f\u0131 mensubu olmamas\u0131na ra\u011fmen Almanya\u2019n\u0131n \u00e7\u0131karlar\u0131n\u0131 g\u00f6zetmektedir. Almanya Bodrum Fahri Konsoloslu\u011fu\u2019nun sorumlu oldu\u011fu iller Bodrum ve \u00e7evre illerdir. Almanya Bodrum Fahri Konsoloslu\u011fu&#8217;nun ba\u011fl\u0131\u011f\u0131 oldu\u011fu d\u0131\u015f<\/p>\n","protected":false},"author":1,"featured_media":0,"parent":69,"menu_order":0,"comment_status":"open","ping_status":"closed","template":"","meta":{"footnotes":""},"class_list":["post-435","page","type-page","status-publish","hentry"],"yoast_head":"<!-- This site is optimized with the Yoast SEO plugin v24.0 - https:\/\/yoast.com\/wordpress\/plugins\/seo\/ -->\n<title>Almanya Bodrum Fahri Konsoloslu\u011fu Vize \u0130\u015flemleri - MyVize<\/title>\n<meta name=\"description\" content=\"Almanya Bodrum Fahri Konsoloslu\u011fu Vize \u0130\u015flemleri Nelerdir? Almanya Fahri Konsoloslu\u011fu Bodrum Nerededir? Bilgi \u0130\u00e7in Aray\u0131n: 0850 346 84 93\" \/>\n<meta name=\"robots\" content=\"index, follow, max-snippet:-1, max-image-preview:large, max-video-preview:-1\" \/>\n<link rel=\"canonical\" href=\"https:\/\/www.myvize.com.tr\/almanya\/konsolosluklar\/almanya-fahri-konsoloslugu-bodrum\/\" \/>\n<meta property=\"og:locale\" content=\"tr_TR\" \/>\n<meta property=\"og:type\" content=\"article\" \/>\n<meta property=\"og:title\" content=\"Almanya Bodrum Fahri Konsoloslu\u011fu Vize \u0130\u015flemleri - MyVize\" \/>\n<meta property=\"og:description\" content=\"Almanya Bodrum Fahri Konsoloslu\u011fu Vize \u0130\u015flemleri Nelerdir? Almanya Fahri Konsoloslu\u011fu Bodrum Nerededir? Bilgi \u0130\u00e7in Aray\u0131n: 0850 346 84 93\" \/>\n<meta property=\"og:url\" content=\"https:\/\/www.myvize.com.tr\/almanya\/konsolosluklar\/almanya-fahri-konsoloslugu-bodrum\/\" \/>\n<meta property=\"og:site_name\" content=\"Almanya Vize\" \/>\n<meta property=\"article:modified_time\" content=\"2022-07-19T12:55:22+00:00\" \/>\n<meta property=\"og:image\" content=\"https:\/\/www.myvize.com.tr\/almanya\/wp-content\/uploads\/2021\/09\/87.jpg\" \/>\n<meta name=\"twitter:card\" content=\"summary_large_image\" \/>\n<meta name=\"twitter:label1\" content=\"Tahmini okuma s\u00fcresi\" \/>\n\t<meta name=\"twitter:data1\" content=\"5 dakika\" \/>\n<script type=\"application\/ld+json\" class=\"yoast-schema-graph\">{\"@context\":\"https:\/\/schema.org\",\"@graph\":[{\"@type\":\"WebPage\",\"@id\":\"https:\/\/www.myvize.com.tr\/almanya\/konsolosluklar\/almanya-fahri-konsoloslugu-bodrum\/\",\"url\":\"https:\/\/www.myvize.com.tr\/almanya\/konsolosluklar\/almanya-fahri-konsoloslugu-bodrum\/\",\"name\":\"Almanya Bodrum Fahri Konsoloslu\u011fu Vize \u0130\u015flemleri - MyVize\",\"isPartOf\":{\"@id\":\"https:\/\/www.myvize.com.tr\/almanya\/#website\"},\"primaryImageOfPage\":{\"@id\":\"https:\/\/www.myvize.com.tr\/almanya\/konsolosluklar\/almanya-fahri-konsoloslugu-bodrum\/#primaryimage\"},\"image\":{\"@id\":\"https:\/\/www.myvize.com.tr\/almanya\/konsolosluklar\/almanya-fahri-konsoloslugu-bodrum\/#primaryimage\"},\"thumbnailUrl\":\"https:\/\/www.myvize.com.tr\/almanya\/wp-content\/uploads\/2021\/09\/87.jpg\",\"datePublished\":\"2021-01-29T15:50:30+00:00\",\"dateModified\":\"2022-07-19T12:55:22+00:00\",\"description\":\"Almanya Bodrum Fahri Konsoloslu\u011fu Vize \u0130\u015flemleri Nelerdir? Almanya Fahri Konsoloslu\u011fu Bodrum Nerededir? Bilgi \u0130\u00e7in Aray\u0131n: 0850 346 84 93\",\"breadcrumb\":{\"@id\":\"https:\/\/www.myvize.com.tr\/almanya\/konsolosluklar\/almanya-fahri-konsoloslugu-bodrum\/#breadcrumb\"},\"inLanguage\":\"tr\",\"potentialAction\":[{\"@type\":\"ReadAction\",\"target\":[\"https:\/\/www.myvize.com.tr\/almanya\/konsolosluklar\/almanya-fahri-konsoloslugu-bodrum\/\"]}]},{\"@type\":\"ImageObject\",\"inLanguage\":\"tr\",\"@id\":\"https:\/\/www.myvize.com.tr\/almanya\/konsolosluklar\/almanya-fahri-konsoloslugu-bodrum\/#primaryimage\",\"url\":\"https:\/\/www.myvize.com.tr\/almanya\/wp-content\/uploads\/2021\/09\/87.jpg\",\"contentUrl\":\"https:\/\/www.myvize.com.tr\/almanya\/wp-content\/uploads\/2021\/09\/87.jpg\",\"width\":800,\"height\":500,\"caption\":\"Almanya\"},{\"@type\":\"BreadcrumbList\",\"@id\":\"https:\/\/www.myvize.com.tr\/almanya\/konsolosluklar\/almanya-fahri-konsoloslugu-bodrum\/#breadcrumb\",\"itemListElement\":[{\"@type\":\"ListItem\",\"position\":1,\"name\":\"Anasayfa\",\"item\":\"https:\/\/www.myvize.com.tr\/almanya\/\"},{\"@type\":\"ListItem\",\"position\":2,\"name\":\"KONSOLOSLUKLAR\",\"item\":\"https:\/\/www.myvize.com.tr\/almanya\/konsolosluklar\/\"},{\"@type\":\"ListItem\",\"position\":3,\"name\":\"Almanya Konsoloslu\u011fu Bodrum\"}]},{\"@type\":\"WebSite\",\"@id\":\"https:\/\/www.myvize.com.tr\/almanya\/#website\",\"url\":\"https:\/\/www.myvize.com.tr\/almanya\/\",\"name\":\"Almanya Vize\",\"description\":\"\",\"potentialAction\":[{\"@type\":\"SearchAction\",\"target\":{\"@type\":\"EntryPoint\",\"urlTemplate\":\"https:\/\/www.myvize.com.tr\/almanya\/?s={search_term_string}\"},\"query-input\":{\"@type\":\"PropertyValueSpecification\",\"valueRequired\":true,\"valueName\":\"search_term_string\"}}],\"inLanguage\":\"tr\"}]}<\/script>\n<!-- \/ Yoast SEO plugin. -->","yoast_head_json":{"title":"Almanya Bodrum Fahri Konsoloslu\u011fu Vize \u0130\u015flemleri - MyVize","description":"Almanya Bodrum Fahri Konsoloslu\u011fu Vize \u0130\u015flemleri Nelerdir? Almanya Fahri Konsoloslu\u011fu Bodrum Nerededir? Bilgi \u0130\u00e7in Aray\u0131n: 0850 346 84 93","robots":{"index":"index","follow":"follow","max-snippet":"max-snippet:-1","max-image-preview":"max-image-preview:large","max-video-preview":"max-video-preview:-1"},"canonical":"https:\/\/www.myvize.com.tr\/almanya\/konsolosluklar\/almanya-fahri-konsoloslugu-bodrum\/","og_locale":"tr_TR","og_type":"article","og_title":"Almanya Bodrum Fahri Konsoloslu\u011fu Vize \u0130\u015flemleri - MyVize","og_description":"Almanya Bodrum Fahri Konsoloslu\u011fu Vize \u0130\u015flemleri Nelerdir? Almanya Fahri Konsoloslu\u011fu Bodrum Nerededir? Bilgi \u0130\u00e7in Aray\u0131n: 0850 346 84 93","og_url":"https:\/\/www.myvize.com.tr\/almanya\/konsolosluklar\/almanya-fahri-konsoloslugu-bodrum\/","og_site_name":"Almanya Vize","article_modified_time":"2022-07-19T12:55:22+00:00","og_image":[{"url":"https:\/\/www.myvize.com.tr\/almanya\/wp-content\/uploads\/2021\/09\/87.jpg","type":"","width":"","height":""}],"twitter_card":"summary_large_image","twitter_misc":{"Tahmini okuma s\u00fcresi":"5 dakika"},"schema":{"@context":"https:\/\/schema.org","@graph":[{"@type":"WebPage","@id":"https:\/\/www.myvize.com.tr\/almanya\/konsolosluklar\/almanya-fahri-konsoloslugu-bodrum\/","url":"https:\/\/www.myvize.com.tr\/almanya\/konsolosluklar\/almanya-fahri-konsoloslugu-bodrum\/","name":"Almanya Bodrum Fahri Konsoloslu\u011fu Vize \u0130\u015flemleri - MyVize","isPartOf":{"@id":"https:\/\/www.myvize.com.tr\/almanya\/#website"},"primaryImageOfPage":{"@id":"https:\/\/www.myvize.com.tr\/almanya\/konsolosluklar\/almanya-fahri-konsoloslugu-bodrum\/#primaryimage"},"image":{"@id":"https:\/\/www.myvize.com.tr\/almanya\/konsolosluklar\/almanya-fahri-konsoloslugu-bodrum\/#primaryimage"},"thumbnailUrl":"https:\/\/www.myvize.com.tr\/almanya\/wp-content\/uploads\/2021\/09\/87.jpg","datePublished":"2021-01-29T15:50:30+00:00","dateModified":"2022-07-19T12:55:22+00:00","description":"Almanya Bodrum Fahri Konsoloslu\u011fu Vize \u0130\u015flemleri Nelerdir? Almanya Fahri Konsoloslu\u011fu Bodrum Nerededir? Bilgi \u0130\u00e7in Aray\u0131n: 0850 346 84 93","breadcrumb":{"@id":"https:\/\/www.myvize.com.tr\/almanya\/konsolosluklar\/almanya-fahri-konsoloslugu-bodrum\/#breadcrumb"},"inLanguage":"tr","potentialAction":[{"@type":"ReadAction","target":["https:\/\/www.myvize.com.tr\/almanya\/konsolosluklar\/almanya-fahri-konsoloslugu-bodrum\/"]}]},{"@type":"ImageObject","inLanguage":"tr","@id":"https:\/\/www.myvize.com.tr\/almanya\/konsolosluklar\/almanya-fahri-konsoloslugu-bodrum\/#primaryimage","url":"https:\/\/www.myvize.com.tr\/almanya\/wp-content\/uploads\/2021\/09\/87.jpg","contentUrl":"https:\/\/www.myvize.com.tr\/almanya\/wp-content\/uploads\/2021\/09\/87.jpg","width":800,"height":500,"caption":"Almanya"},{"@type":"BreadcrumbList","@id":"https:\/\/www.myvize.com.tr\/almanya\/konsolosluklar\/almanya-fahri-konsoloslugu-bodrum\/#breadcrumb","itemListElement":[{"@type":"ListItem","position":1,"name":"Anasayfa","item":"https:\/\/www.myvize.com.tr\/almanya\/"},{"@type":"ListItem","position":2,"name":"KONSOLOSLUKLAR","item":"https:\/\/www.myvize.com.tr\/almanya\/konsolosluklar\/"},{"@type":"ListItem","position":3,"name":"Almanya Konsoloslu\u011fu Bodrum"}]},{"@type":"WebSite","@id":"https:\/\/www.myvize.com.tr\/almanya\/#website","url":"https:\/\/www.myvize.com.tr\/almanya\/","name":"Almanya Vize","description":"","potentialAction":[{"@type":"SearchAction","target":{"@type":"EntryPoint","urlTemplate":"https:\/\/www.myvize.com.tr\/almanya\/?s={search_term_string}"},"query-input":{"@type":"PropertyValueSpecification","valueRequired":true,"valueName":"search_term_string"}}],"inLanguage":"tr"}]}},"_links":{"self":[{"href":"https:\/\/www.myvize.com.tr\/almanya\/wp-json\/wp\/v2\/pages\/435","targetHints":{"allow":["GET"]}}],"collection":[{"href":"https:\/\/www.myvize.com.tr\/almanya\/wp-json\/wp\/v2\/pages"}],"about":[{"href":"https:\/\/www.myvize.com.tr\/almanya\/wp-json\/wp\/v2\/types\/page"}],"author":[{"embeddable":true,"href":"https:\/\/www.myvize.com.tr\/almanya\/wp-json\/wp\/v2\/users\/1"}],"replies":[{"embeddable":true,"href":"https:\/\/www.myvize.com.tr\/almanya\/wp-json\/wp\/v2\/comments?post=435"}],"version-history":[{"count":12,"href":"https:\/\/www.myvize.com.tr\/almanya\/wp-json\/wp\/v2\/pages\/435\/revisions"}],"predecessor-version":[{"id":1694,"href":"https:\/\/www.myvize.com.tr\/almanya\/wp-json\/wp\/v2\/pages\/435\/revisions\/1694"}],"up":[{"embeddable":true,"href":"https:\/\/www.myvize.com.tr\/almanya\/wp-json\/wp\/v2\/pages\/69"}],"wp:attachment":[{"href":"https:\/\/www.myvize.com.tr\/almanya\/wp-json\/wp\/v2\/media?parent=435"}],"curies":[{"name":"wp","href":"https:\/\/api.w.org\/{rel}","templated":true}]}}