{"id":18,"date":"2020-11-30T08:50:13","date_gmt":"2020-11-30T05:50:13","guid":{"rendered":"https:\/\/www.myvize.com.tr\/fransa\/?page_id=18"},"modified":"2022-04-08T12:25:58","modified_gmt":"2022-04-08T09:25:58","slug":"vize-islemleri","status":"publish","type":"page","link":"https:\/\/www.myvize.com.tr\/fransa\/vize-islemleri\/","title":{"rendered":"Fransa Vize \u0130\u015flemleri"},"content":{"rendered":"<p><span style=\"font-family: Roboto;\"><\/span><\/p>\r\n<p><span style=\"font-family: Roboto; font-size: 14px;\"><strong>Fransa vize<\/strong> ba\u015fvurular\u0131, <strong>Fransa Konsoloslu\u011fu<\/strong> veya B\u00fcy\u00fckel\u00e7ili\u011fi kurumlar\u0131n\u0131n yetkilileri taraf\u0131ndan incelenir. Uygun g\u00f6r\u00fclen ba\u015fvurular da kabul edilir. Fransa, Schengen \u00fclkelerinden birisidir. <strong>Fransa vizesi<\/strong> ba\u015fvurusunda bulunacak T\u00fcrkiye Cumhuriyeti vatanda\u015flar\u0131; turistik, ticari, \u00e7al\u0131\u015fma, e\u011fitim gibi vize t\u00fcr\u00fcne uygun \u015fekilde gerekli belgeleri haz\u0131rlayarak vize ba\u015fvurusunda bulunulabilir.<\/span><\/p>\r\n<p><span style=\"font-family: Roboto; font-size: 14px;\">\r\n\r\n<\/span><\/p>\r\n<p><span style=\"font-family: Roboto; font-size: 14px;\">Vize ba\u015fvurular\u0131nda, Konsoloslu\u011fun belirledi\u011fi kriterlere uygun \u015fekilde vize i\u015flemlerinin tamamlanmas\u0131 gerekir. <strong>Fransa Schengen vizesi<\/strong> bulunan ki\u015filer, di\u011fer Schengen \u00fclkelerine Fransa\u2019dan seyahat edebilirler. Ancak t\u00fcm Schengen \u00fclkeleri i\u00e7in ge\u00e7erli olan pasaportlar\u0131n, son 10 y\u0131l i\u00e7erisinde al\u0131nm\u0131\u015f olmas\u0131 gerekir.<\/span><\/p>\r\n<p><span style=\"font-family: Roboto; font-size: 14px;\">\r\n\r\n<\/span><\/p>\r\n<h2 class=\"wp-block-heading\"><strong><span style=\"font-family: Roboto; font-size: 27px;\">Fransa Vizesi<\/span><\/strong><\/h2>\r\n<p><span style=\"font-family: Roboto; font-size: 14px;\">\r\n\r\n<\/span><\/p>\r\n<p><span style=\"font-family: Roboto; font-size: 14px;\">T\u00fcrkiye Cumhuriyeti vatanda\u015flar\u0131n\u0131n ya da T\u00fcrkiye\u2019de ikamet eden ancak ba\u015fka bir \u00fclke vatanda\u015f\u0131 olan bireylerin Fransa\u2019ya yapacaklar\u0131 seyahatlerde \u00fclkeye giri\u015f i\u00e7in istenen onayd\u0131r. Fransa vizesi,<strong> Fransa Konsoloslu\u011fu<\/strong> ve <strong>Fransa B\u00fcy\u00fckel\u00e7ili\u011fi<\/strong> taraf\u0131ndan onaylanmaktad\u0131r. Fransa\u2019ya seyahat edecek olan Umuma Mahsus (Bordo) pasaport sahibi T\u00fcrkiye Cumhuriyeti vatanda\u015flar\u0131n\u0131n Fransa topraklar\u0131na giri\u015f yapabilmek i\u00e7in vize y\u00fck\u00fcml\u00fcl\u00fckleri vard\u0131r ancak; Hususi (Ye\u015fil), Hizmet (Gri) ve Diplomatik (Siyah ya da K\u0131rm\u0131z\u0131) pasaport sahibi vatanda\u015flar\u0131n 180 g\u00fcn i\u00e7erisinde 90 g\u00fcn ile s\u0131n\u0131rl\u0131 kalmak ko\u015fuluyla Fransa\u2019ya yapacaklar\u0131 seyahatler i\u00e7in vize y\u00fck\u00fcml\u00fcl\u00fckleri bulunmamaktad\u0131r.<\/span><\/p>\r\n<p><span style=\"font-family: Roboto; font-size: 14px;\">\r\n\r\n<\/span><\/p>\r\n<p><span style=\"font-family: Roboto; font-size: 14px;\">Fransa, Schengen B\u00f6lgesi devletlerinden birisidir. Bu sebepledir ki; Schengen B\u00f6lgesi \u00fcye devletleri aras\u0131nda serbest dola\u015f\u0131m hakk\u0131 bulundu\u011fundan <strong>Schengen vizesi<\/strong> sahibi ki\u015filer burada bulunan \u00fclkeler aras\u0131nda bir ba\u015fka vizeye ihtiya\u00e7 duymaks\u0131z\u0131n sadece <strong>Fransa vizesi<\/strong> ile seyahat edebilirler. Ayn\u0131 \u015fekilde Schengen b\u00f6lgesi s\u0131n\u0131rlar\u0131 i\u00e7inde ba\u015fka bir \u00fclkeye vizeniz var ise; yine ba\u015fka bir vizeye ihtiya\u00e7 duymaks\u0131z\u0131n Fransa\u2019ya seyahat edilebilmektedir. <strong>Fransa vizesi<\/strong> al\u0131n\u0131rken bilinmesi gereken en \u00f6nemli bilgi t\u0131pk\u0131 di\u011fer Schengen \u00fclkelerinde oldu\u011fu gibi T\u00fcrkiye\u2019den seyahat ederken ilk olarak vizeye sahip oldu\u011funuz \u00fclkeye giri\u015f yapmak zorundas\u0131n\u0131z. Benim Fransa vizem var ama ben ilk olarak \u0130talya\u2019ya inmek istiyorum durumu maalesef s\u00f6z konusu olamaz.<\/span><\/p>\r\n<p><span style=\"font-family: Roboto; font-size: 14px;\"><\/span><\/p>\r\n<p><span style=\"font-family: Roboto; font-size: 14px;\"><img decoding=\"async\" src=\"https:\/\/www.myvize.com.tr\/fransa\/wp-content\/uploads\/2021\/09\/3.jpg\" \/><\/span><\/p>\r\n<p><span style=\"font-family: Roboto; font-size: 14px;\"><\/span><\/p>\r\n<h2 class=\"wp-block-heading\"><span style=\"font-family: Roboto; font-size: 27px;\"><strong>Fransa Vizesi Ba\u015fvuru Belgeleri ve Evraklar\u0131<\/strong><\/span><\/h2>\r\n<p><span style=\"font-family: Roboto; font-size: 14px;\">\r\n\r\n<\/span><\/p>\r\n<p><span style=\"font-family: Roboto; font-size: 14px;\"><strong>Fransa vize<\/strong> ba\u015fvurusunda bulunan ki\u015filerin \u00fclkeye seyahat nedenlerine, s\u00fcresine dikkat etmek durumundad\u0131rlar. Vizenin t\u00fcr\u00fc belge haz\u0131rlama s\u00fcrecinde en \u00f6nemli fakt\u00f6rlerden biridir. Vize ba\u015fvurular\u0131nda, vize t\u00fcr\u00fc fark etmeksizin ki\u015filerin ortak olarak haz\u0131rlamas\u0131 gereken evrak ve belgeler bulunur. <strong>Fransa vizesi<\/strong> i\u00e7in gerekli olan genel belgeler \u015funlard\u0131r:<\/span><\/p>\r\n<p><span style=\"font-family: Roboto; font-size: 14px;\">\r\n\r\n<\/span><\/p>\r\n<p><span style=\"font-family: Roboto; font-size: 14px;\">l En fazla son 10 y\u0131l i\u00e7erisinde al\u0131nm\u0131\u015f, eskimemi\u015f ve y\u0131pranmam\u0131\u015f pasaport<\/span><\/p>\r\n<p><span style=\"font-family: Roboto; font-size: 14px;\">\r\n\r\n<\/span><\/p>\r\n<p><span style=\"font-family: Roboto; font-size: 14px;\">l T.C. n\u00fcfus c\u00fczdan\u0131 fotokopisi<\/span><\/p>\r\n<p><span style=\"font-family: Roboto; font-size: 14px;\">\r\n\r\n<\/span><\/p>\r\n<p><span style=\"font-family: Roboto; font-size: 14px;\">l 2 adet biyometrik foto\u011fraf<\/span><\/p>\r\n<p><span style=\"font-family: Roboto; font-size: 14px;\">\r\n\r\n<\/span><\/p>\r\n<p><span style=\"font-family: Roboto; font-size: 14px;\">l <span style=\"color: #2acec2;\"><strong><a style=\"color: #2acec2;\" href=\"https:\/\/www.myvize.com.tr\/fransa\/form-ve-dilekce\/fransa-vize-basvuru-formu\/\" target=\"_blank\" rel=\"noopener\">Fransa vize ba\u015fvuru formu<\/a><\/strong><\/span><\/span><\/p>\r\n<p><span style=\"font-family: Roboto; font-size: 14px;\">\r\n\r\n<\/span><\/p>\r\n<p><span style=\"font-family: Roboto; font-size: 14px;\">l Fransa vize talep dilek\u00e7esi<\/span><\/p>\r\n<p><span style=\"font-family: Roboto; font-size: 14px;\">\r\n\r\n<\/span><\/p>\r\n<p><span style=\"font-family: Roboto; font-size: 14px;\">l Daha \u00f6nceden varsa pasaport ve eski Schengen vize fotokopileri<\/span><\/p>\r\n<p><span style=\"font-family: Roboto; font-size: 14px;\">\r\n\r\n<\/span><\/p>\r\n<p><span style=\"font-family: Roboto; font-size: 14px;\">l Otel ve u\u00e7ak rezervasyonlar\u0131<\/span><\/p>\r\n<p><span style=\"font-family: Roboto; font-size: 14px;\">\r\n\r\n<\/span><\/p>\r\n<p><span style=\"font-family: Roboto; font-size: 14px;\">l Mesleki belgeler<\/span><\/p>\r\n<p><span style=\"font-family: Roboto; font-size: 14px;\">\r\n\r\n<\/span><\/p>\r\n<p><span style=\"font-family: Roboto; font-size: 14px;\">l Sa\u011fl\u0131k sigortas\u0131 poli\u00e7esi<\/span><\/p>\r\n<p><span style=\"font-family: Roboto; font-size: 14px;\">\r\n\r\n<\/span><\/p>\r\n<p><span style=\"font-family: Roboto; font-size: 14px;\">l Seyahat masraflar\u0131n\u0131 kar\u015f\u0131layacak miktarda para<\/span><\/p>\r\n<p><span style=\"font-family: Roboto; font-size: 14px;\">\r\n\r\n<\/span><\/p>\r\n<p><span style=\"font-family: Roboto; font-size: 14px;\">Gibi evraklar gereklidir.<\/span><\/p>\r\n<p><span style=\"font-family: Roboto; font-size: 14px;\">\r\n\r\n<\/span><\/p>\r\n<h2 class=\"wp-block-heading\"><span style=\"font-family: Roboto; font-size: 27px;\"><strong>Fransa Turistik Vize<\/strong><\/span><\/h2>\r\n<p><span style=\"font-family: Roboto; font-size: 14px;\">\r\n\r\n<\/span><\/p>\r\n<p><span style=\"font-family: Roboto; font-size: 14px;\">Fransa\u2019ya gezi amac\u0131yla seyahat edecek ki\u015filerin, turistik vize ba\u015fvurusunda bulunmalar\u0131 gerekir. Turistik vize ba\u015fvurular\u0131, vize prosed\u00fcr\u00fcne uygun \u015fekilde yap\u0131lmal\u0131d\u0131r.<strong><a href=\"https:\/\/www.myvize.com.tr\/fransa\/vize-islemleri\/fransa-turistik-vize\/\" target=\"_blank\" rel=\"noreferrer noopener\"><span class=\"has-inline-color\" style=\"color: #2acec2;\"> Fransa\u2019ya turistik vize<\/span><\/a><\/strong> ba\u015fvurusunda bulunan ki\u015filerin, \u00fclkeye turistik ama\u00e7larla seyahat edece\u011fini gerekli evraklarla ve belgelerle Konsolosluk yetkililerine ispat etmesi gerekir. Turistik vize ba\u015fvurular\u0131, k\u0131sa s\u00fcreli vize kategorisinde yer al\u0131r. Vize almak i\u00e7in yap\u0131lan m\u00fcracaatlarda, Fransa Konsoloslu\u011fu\u2019ndan randevu talep edilmelidir. Randevu g\u00fcn\u00fc ve saatinde evraklar\u0131 teslim etmek \u00fczere \u015fahsen haz\u0131r bulunulmal\u0131d\u0131r.<\/span><\/p>\r\n<p><span style=\"font-family: Roboto; font-size: 14px;\">\r\n\r\n<\/span><\/p>\r\n<figure class=\"wp-block-image\"><span style=\"font-family: Roboto; font-size: 14px;\"><a href=\"https:\/\/www.iyimakale.com\/uploads\/b1b40327413092a649097b615be94983.png\" target=\"_blank\" rel=\"noreferrer noopener\"><img decoding=\"async\" src=\"https:\/\/www.iyimakale.com\/uploads\/b1b40327413092a649097b615be94983.png\" alt=\"\" \/><\/a><\/span><\/figure>\r\n<p><span style=\"font-family: Roboto; font-size: 14px;\">\r\n\r\n<\/span><\/p>\r\n<h2 class=\"wp-block-heading\"><span style=\"font-family: Roboto; font-size: 27px;\"><strong>Fransa Vizesi Hakk\u0131nda<\/strong><\/span><\/h2>\r\n<p><span style=\"font-family: Roboto; font-size: 14px;\">\r\n\r\n<\/span><\/p>\r\n<p><span style=\"font-family: Roboto; font-size: 14px;\">T\u00fcrkiye Cumhuriyeti vatanda\u015flar\u0131n\u0131n ya da T\u00fcrkiye\u2019de ikamet eden ancak ba\u015fka bir \u00fclke vatanda\u015f\u0131 olan bireylerin Fransa\u2019ya yapacaklar\u0131 seyahatlerde \u00fclkeye giri\u015f i\u00e7in istenen onayd\u0131r.\u00a0<strong>Fransa vizesi,\u00a0<\/strong>Fransa Konsoloslu\u011fu ve Fransa B\u00fcy\u00fckel\u00e7ili\u011fi taraf\u0131ndan onaylanmaktad\u0131r. Fransa\u2019ya seyahat edecek olan Umuma Mahsus (Bordo) pasaport sahibi T\u00fcrkiye Cumhuriyeti vatanda\u015flar\u0131n\u0131n Fransa topraklar\u0131na giri\u015f yapabilmek i\u00e7in vize y\u00fck\u00fcml\u00fcl\u00fckleri vard\u0131r ancak; Hususi (Ye\u015fil), Hizmet (Gri) ve Diplomatik (Siyah ya da K\u0131rm\u0131z\u0131) pasaport sahibi vatanda\u015flar\u0131n 180 g\u00fcn i\u00e7erisinde 90 g\u00fcn ile s\u0131n\u0131rl\u0131 kalmak ko\u015fuluyla Fransa\u2019ya yapacaklar\u0131 seyahatler i\u00e7in vize y\u00fck\u00fcml\u00fcl\u00fckleri bulunmamaktad\u0131r. Fransa, Schengen B\u00f6lgesi devletlerinden birisidir. Bu sebepledir ki; Schengen B\u00f6lgesi \u00fcye devletleri aras\u0131nda serbest dola\u015f\u0131m hakk\u0131 bulundu\u011fundan Schengen vizesi sahibi ki\u015filer burada bulunan \u00fclkeler aras\u0131nda bir ba\u015fka vizeye ihtiya\u00e7 duymaks\u0131z\u0131n sadece\u00a0<strong>Fransa vizesi<\/strong>\u00a0ile seyahat edebilirler. Ayn\u0131 \u015fekilde Schengen b\u00f6lgesi s\u0131n\u0131rlar\u0131 i\u00e7inde ba\u015fka bir \u00fclkeye vizeniz var ise; yine ba\u015fka bir vizeye ihtiya\u00e7 duymaks\u0131z\u0131n Fransa\u2019ya seyahat edilebilmektedir.\u00a0<strong>Fransa vizesi<\/strong>\u00a0al\u0131n\u0131rken bilinmesi gereken en \u00f6nemli bilgi t\u0131pk\u0131 di\u011fer Schengen \u00fclkelerinde oldu\u011fu gibi T\u00fcrkiye\u2019den seyahat ederken ilk olarak vizeye sahip oldu\u011funuz \u00fclkeye giri\u015f yapmak zorundas\u0131n\u0131z. Benim\u00a0<strong>Fransa vizem<\/strong>\u00a0var ama ben ilk olarak \u0130talya\u2019ya inmek istiyorum durumu maalesef s\u00f6z konusu olamaz.<\/span><\/p>\r\n<p><span style=\"font-family: Roboto; font-size: 14px;\">\r\n\r\n<\/span><\/p>\r\n<h3 class=\"wp-block-heading\"><span style=\"font-family: Roboto; font-size: 24px;\"><strong>Fransa Vize Merkezi<\/strong><\/span><\/h3>\r\n<p><span style=\"font-family: Roboto; font-size: 14px;\">\r\n\r\n<\/span><\/p>\r\n<p><span style=\"font-family: Roboto; font-size: 14px;\">Fransa\u2019ya vize alabilmek i\u00e7in\u00a0<strong>France visa<\/strong>\u00a0portal\u0131 \u00fczerinden ya da VFS Global, Vize Merkezi gibi arac\u0131 \u015firketler randevu alabilir ya da direk olarak Turizm\/seyahat acenteleri arac\u0131l\u0131\u011f\u0131 ile de yap\u0131labilmekte, sorular\u0131n\u0131z var ise dan\u0131\u015fabilmektesiniz. Arac\u0131 firmalar, Fransa\u2019ya yapaca\u011f\u0131n\u0131z seyahatin amac\u0131na uygun olarak haz\u0131rlaman\u0131z gereken evraklar\u0131 belli bir \u00fccret kar\u015f\u0131l\u0131\u011f\u0131nda takibini yapar. Konsolosluk \u00fczerinden ba\u015fvuru yapt\u0131\u011f\u0131n\u0131z da ise, direk b\u00fct\u00fcn evraklar\u0131 ve \u00f6demeleri bizzat takibini sa\u011flamak durumundas\u0131n\u0131z. \u00a0B\u00fct\u00fcn arac\u0131 firmalar, toplad\u0131klar\u0131 t\u00fcm evraklar\u0131 tek yetki mercii olan Fransa Konsoloslu\u011funa iletmektedir. Burada b\u00fcy\u00fck bir \u00f6zenle incelenen evraklar daha sonras\u0131nda onay s\u00fcrecine ge\u00e7ecektir. <strong>Fransa Konsoloslu\u011fu<\/strong> taraf\u0131ndan <strong>Schengen vizesi<\/strong> kabul edilen vatanda\u015flar, bu vize ile Schengen b\u00f6lgesinde en fazla 90 g\u00fcn konaklama hakk\u0131na sahip olurlar. Ancak ilk kez Schengen vizesi ba\u015fvurusunda bulunan ki\u015filere (istisnai durumlar hari\u00e7, \u00f6rne\u011fin e\u011fitim gibi\u2026) k\u0131sa s\u00fcreli konaklama hakk\u0131 tan\u0131n\u0131r ki bu s\u00fcre boyunca ki\u015finin vizesini Schengen kurallar\u0131na uygun kullanmas\u0131 veya seyahat s\u0131kl\u0131\u011f\u0131 incelenerek duruma g\u00f6re vize s\u00fcresi kademeli olarak uzat\u0131lmaktad\u0131r.<\/span><\/p>\r\n<p><span style=\"font-family: Roboto; font-size: 14px;\"><\/span><\/p>\r\n<p><span style=\"font-family: Roboto; font-size: 14px;\"><img decoding=\"async\" src=\"https:\/\/www.myvize.com.tr\/fransa\/wp-content\/uploads\/2021\/09\/4.jpg\" \/><\/span><\/p>\r\n<p><span style=\"font-family: Roboto; font-size: 14px;\"><\/span><\/p>\r\n<h3 class=\"wp-block-heading\"><span style=\"font-family: Roboto; font-size: 24px;\"><strong>Fransa Vizesi Nas\u0131l Al\u0131n\u0131r?<\/strong><\/span><\/h3>\r\n<p><span style=\"font-family: Roboto; font-size: 14px;\">\r\n\r\n<\/span><\/p>\r\n<p><span style=\"font-family: Roboto; font-size: 14px;\">Fransa Konsoloslu\u011funun belirledi\u011fi evraklar ko\u015fullara g\u00f6re de\u011fi\u015fiklik g\u00f6sterebilir. \u00d6ncelikle; Turistik vize, ticari vize, aile ziyareti vizesi veya<strong><a href=\"https:\/\/www.myvize.com.tr\/fransa\/fransa-transit-vize\/\" target=\"_blank\" rel=\"noreferrer noopener\"><span class=\"has-inline-color\" style=\"color: #2acec2;\"> Fransa transit vize<\/span><\/a><\/strong> gibi hangisi i\u00e7in ba\u015fvuru yapt\u0131\u011f\u0131n\u0131z b\u00fcy\u00fck \u00f6nem ta\u015f\u0131maktad\u0131r. \u00c7\u00fcnk\u00fc birbiri aras\u0131nda evrak olarak farkl\u0131l\u0131k g\u00f6steren bu vize t\u00fcrleri, vizenizin onaylanmas\u0131 ve <strong>Fransa topraklar\u0131nda<\/strong> ge\u00e7irece\u011finiz g\u00fcn say\u0131s\u0131 \u00fczerinde de farkl\u0131l\u0131k g\u00f6sterecektir. En \u00f6nemli noktalar ise \u015f\u00f6yle; haz\u0131rlad\u0131\u011f\u0131n\u0131z evraklar\u0131n kurallara uygun, g\u00fcncel as\u0131l ya da suret oldu\u011funa dikkat ediniz. Evraklar\u0131n\u0131z e\u011fer ki kurallar \u00e7er\u00e7evesine uygun de\u011fil ise, vizenizin onaylanmas\u0131 i\u00e7in uygun olmayan durumlar\u0131n do\u011fmas\u0131na sebep olabilir. \u00d6rne\u011fin; 25 Eyl\u00fcl 2014 tarihi itibariyle <strong>vize i\u015flemleri<\/strong> i\u00e7in parmak izi uygulamas\u0131 ba\u015flam\u0131\u015ft\u0131r. Bu tarihten itibaren vize ba\u015fvuru sahiplerinin \u00f6nceden belirlenen g\u00fcn ve saatte bizzat ba\u015fvuru merkezinde haz\u0131r olmalar\u0131 gerekmektedir. Vize i\u015fleminin onaylanma s\u00fcrecinde yine biyometrik foto\u011fraf \u00e7ekimi direk olarak kurumlardan yap\u0131lmaktad\u0131r. Bu \u015fekilde t\u00fcm bilgileriniz 5 y\u0131l boyunca vize bilgi sisteminde kay\u0131tl\u0131 kalacakt\u0131r. Son 5 y\u0131l i\u00e7erisinde parmak izi vermi\u015f vize ba\u015fvuru sahiplerinin tekrarlamas\u0131na gerek kalmayacakt\u0131r.<\/span><\/p>\r\n<p><span style=\"font-family: Roboto; font-size: 14px;\">\r\n\r\n<\/span><\/p>\r\n<h3 class=\"wp-block-heading\"><span style=\"font-family: Roboto; font-size: 24px;\"><strong>Fransa Vize Ba\u015fvurusu Nas\u0131l Yap\u0131l\u0131r?<\/strong><\/span><\/h3>\r\n<p><span style=\"font-family: Roboto; font-size: 14px;\">\r\n\r\n<\/span><\/p>\r\n<p><span style=\"font-family: Roboto; font-size: 14px;\"><strong>Fransa vizesi<\/strong> ba\u015fvurular\u0131 i\u00e7in gerekli olan evraklar, ba\u015fvuru sahibinin seyahat amac\u0131 ve mesleki durumuna g\u00f6re farkl\u0131l\u0131k g\u00f6sterebilir.\u00a0 \u00d6rne\u011fin, Fransa\u2019ya aile \/ arkada\u015f ziyareti i\u00e7in bir seyahat planlan\u0131yorsa<strong> Fransa turistik vize<\/strong> ba\u015fvurular\u0131nda bulunmalar\u0131 do\u011fru bir ba\u015fvuru t\u00fcr\u00fc de\u011fildir. Nitekim; Turistik vize ba\u015fvurusu yapt\u0131\u011f\u0131n\u0131zda kalaca\u011f\u0131n\u0131z otelin rezervasyon durumunu dahi ibraz etmeniz gerekirken, \u00f6zel bir m\u00fclkte kalacak iseniz tabii olarak otel rezervasyonu g\u00f6sterme durumunuz m\u00fcmk\u00fcn olamayaca\u011f\u0131ndan ba\u015fvurunuzun onaylanmamas\u0131 gibi bir durumla da kar\u015f\u0131 kar\u015f\u0131ya kalabilirsiniz. Yine bir ba\u015fka taraftan bak\u0131l\u0131rsa Fransa\u2019ya al\u0131nacak vizelerde maa\u015f bordrosu ve \u015fahsi banka hesap \u00f6zeti gibi gelir durumunu g\u00f6steren evraklar da talep edilmektedir. \u00d6rne\u011fin; \u00f6\u011frenci ve ev han\u0131m\u0131 gibi gelir belgeleyemeyecek ancak <strong>Fransa vize<\/strong> ba\u015fvurusunda bulunacak olan vatanda\u015flar\u0131n birinci dereceden yak\u0131nlar\u0131n\u0131n seyahatlerine ekonomik olarak destek oldu\u011funu g\u00f6steren \u0131slak imzal\u0131 belge de ibraz edilmelidir. \u0130\u015fte bu y\u00fczdendir ki; ba\u015fvuru yapaca\u011f\u0131n\u0131z vize \u00e7e\u015fidi ve mesle\u011finiz \u00e7ok ama \u00e7ok \u00f6nemlidir.<\/span><\/p>\r\n<p><span style=\"font-family: Roboto; font-size: 14px;\"><\/span><\/p>\r\n<p><span style=\"font-family: Roboto; font-size: 14px;\"><img decoding=\"async\" src=\"https:\/\/www.myvize.com.tr\/fransa\/wp-content\/uploads\/2021\/09\/5.jpg\" \/><\/span><\/p>\r\n<p><span style=\"font-family: Roboto; font-size: 14px;\"><\/span><\/p>\r\n<h3 class=\"wp-block-heading\"><span style=\"font-family: Roboto; font-size: 24px;\"><strong>Fransa Vizesi Ba\u015fvuru Formu Nas\u0131l Doldurulur?<\/strong><\/span><\/h3>\r\n<p><span style=\"font-family: Roboto; font-size: 14px;\">\r\n\r\n<\/span><\/p>\r\n<p><span style=\"font-family: Roboto; font-size: 14px;\">5 Kas\u0131m 2018 tarihinde itibaren Fransa Konsoloslu\u011fu, <span style=\"color: #2acec2;\"><strong><a style=\"color: #2acec2;\" href=\"https:\/\/www.myvize.com.tr\/fransa\/fransa-schengen-vizesi\/\" target=\"_blank\" rel=\"noopener\">Fransa Schengen vizesi<\/a><\/strong><\/span> ba\u015fvuru formlar\u0131n\u0131n online olarak doldurulmas\u0131n\u0131 istemektedir. Eksik ya da hatal\u0131 doldurulan formlar\u0131n tespiti hainde \u00f6denen bedelin iade edilmeyece\u011fi gibi yanaca\u011f\u0131 da belirtilmektedir. <strong>Fransa vize ba\u015fvuru formu<\/strong> uluslar aras\u0131 prosed\u00fcr de kullan\u0131lan resm\u00ee bir evrakt\u0131r. Herhangi bir \u015fekilde verilen yanl\u0131\u015f bir bilgi su\u00e7 te\u015fkil edece\u011finden d\u00fczg\u00fcn bir \u015fekilde doldurmal\u0131d\u0131r. Vize ba\u015fvuru belgesinde yap\u0131lan usuls\u00fczl\u00fck, vize ba\u015fvurunuz yanmas\u0131, \u00fclkeye giri\u015f \u2013 \u00e7\u0131k\u0131\u015f\u0131n zorla\u015fmas\u0131 veya para cezas\u0131 alman\u0131z gibi istenmeyen durumlara yol a\u00e7abilir. <strong>Fransa vize ba\u015fvur<\/strong>u formunu doldurup imzalaman\u0131z halinde, Fransa\u2019ya giri\u015finizi garanti etmeyece\u011finizi, \u00fclkeye giri\u015fin Fransa s\u0131n\u0131r g\u00f6revlilerinin sorumlulu\u011funda oldu\u011funu ba\u015ftan kabul etti\u011finizi g\u00f6steren bir evrakt\u0131r. 2019 Aral\u0131k ay\u0131ndan beri t\u00fcm d\u00fcnyay\u0131 etkisi alt\u0131na alan Covid-19 salg\u0131n\u0131 nedeniyle de baz\u0131 ek d\u00fczenlenmeler de gelmi\u015ftir. Ba\u015fvuru formuna ek olarak Avrupa \u0130la\u00e7 Ajans\u0131 taraf\u0131ndan onaylanan (BioNtech Pfizer, Moderna, Astra Zeneca, Johnson&amp;Johnson) herhangi biri a\u015f\u0131y\u0131 vurulmu\u015f her yabanc\u0131 yolcu Haziran 2021 itibariyle T\u00fcrkiye\u2019den Fransa\u2019ya seyahat edebilmektedir.\u00a0<\/span><\/p>\r\n<p><span style=\"font-family: Roboto; font-size: 14px;\">\r\n\r\n<\/span><\/p>\r\n<h3 class=\"wp-block-heading\"><span style=\"font-family: Roboto; font-size: 24px;\"><strong>Fransa Online Vize Ba\u015fvuru Formu Hakk\u0131nda Edilmesi Gereken \u00d6nemli Hususlar\u00a0<\/strong><\/span><\/h3>\r\n<p><span style=\"font-family: Roboto; font-size: 14px;\">\r\n\r\n<\/span><\/p>\r\n<ol class=\"wp-block-list\">\r\n<li><span style=\"font-family: Roboto; font-size: 14px;\"><strong>Fransa Schengen vize<\/strong> ba\u015fvurular\u0131 direk olarak Fransa Konsolosluklar\u0131na yap\u0131lamamaktad\u0131r. Bu vize t\u00fcr\u00fc i\u00e7in yetkili k\u0131l\u0131nm\u0131\u015f ba\u015fvuru merkezlerine ya da Fransa vize i\u015flemleri \u00fczerine hizmet veren seyahat acentelerine yap\u0131lmal\u0131d\u0131r.<\/span><\/li>\r\n<li><span style=\"font-family: Roboto; font-size: 14px;\">Han\u0131m yolcular i\u00e7in vize ba\u015fvuru formuna evlenmeden \u00f6nceki soyadlar\u0131n\u0131n yaz\u0131lmas\u0131 zorunlu hale gelmi\u015ftir. Pasaportun verilme ve biti\u015f s\u00fcreleri, <strong><span class=\"has-inline-color\" style=\"color: #000000;\">Fransa vize ba\u015fvuru formu<\/span><\/strong> ile belirtilen tarihlerle uyumlu olmak zorundad\u0131r.<\/span><\/li>\r\n<li><span style=\"font-family: Roboto; font-size: 14px;\">Vize ba\u015fvuru formu tam ve eksiksiz doldurulmal\u0131d\u0131r. Aksi takdirde vizenin reddi durumuna sebebiyet verilecektir. Konsolosluk, ba\u015fvuru sahibinden yanl\u0131\u015f veya eksik evrak teslimi halinde ek evrak isteme hakk\u0131na ya da vizeyi direk olarak ret etme hakk\u0131na sahiptir.<\/span><\/li>\r\n<li><span style=\"font-family: Roboto; font-size: 14px;\">Ba\u015fvuru esnas\u0131nda n\u00fcfus c\u00fczdan\u0131 fotokopisi yerine art\u0131k renkli taranm\u0131\u015f n\u00fcfus c\u00fczdan\u0131 istenmektedir.<\/span><\/li>\r\n<li><span style=\"font-family: Roboto; font-size: 14px;\">Vize ba\u015fvuru i\u015flemlerinde kullan\u0131lacak biyometrik foto\u011fraflar \u00fczerinde herhangi bir oynama yap\u0131lmamal\u0131d\u0131r. Foto\u011frafta yer alan y\u00fczde leke olmamal\u0131, vize ba\u015fvuru sahibi, ba\u015fvuru belgesinde telefon ve e-posta adresinin g\u00fcncel olan\u0131n\u0131 beyan etmelidir.<\/span><\/li>\r\n<\/ol>\r\n<p><span style=\"font-family: Roboto; font-size: 14px;\">\r\n\r\n<\/span><\/p>\r\n<h3 class=\"wp-block-heading\"><span style=\"font-family: Roboto; font-size: 24px;\"><strong>Fransa Vizesi i\u00e7in Gerekli Evraklar<\/strong><\/span><\/h3>\r\n<p><span style=\"font-family: Roboto; font-size: 14px;\">\r\n\r\n<\/span><\/p>\r\n<p><span style=\"font-family: Roboto; font-size: 14px;\">Vize t\u00fcrlerine g\u00f6re farkl\u0131l\u0131k g\u00f6stermekle birlikte;<\/span><\/p>\r\n<p><span style=\"font-family: Roboto; font-size: 14px;\">\r\n\r\n<\/span><\/p>\r\n<ol class=\"wp-block-list\">\r\n<li><span style=\"font-family: Roboto; font-size: 14px;\"><strong>Pasaport:<\/strong>\u00a0\u00a0Pasaport verili\u015f tarihi 10 y\u0131ldan eski olmamal\u0131, pasaportun ge\u00e7erlilik tarihi Fransa seyahatinin biti\u015f tarihinden itibaren en az 3 ay daha ge\u00e7erli olmal\u0131d\u0131r. Pasaport \u00fczerinde vize ve \u00fclkeye giri\u015f \u2013 \u00e7\u0131k\u0131\u015f ka\u015felerinin vurulabilmesi ad\u0131na en az bo\u015f 2 sayfan\u0131n bulunmas\u0131 gerekmektedir. Pasaportunuz bu \u00f6zelliklere sahip de\u011filse, Fransa Konsoloslu\u011fu,\u00a0<strong>Fransa vizesi\u00a0<\/strong>ba\u015fvurunuz \u00f6ncesinde yeni bir pasaport \u00e7\u0131kartman\u0131z\u0131 \u00f6nermektedir. Ayr\u0131ca eski pasaportunuz i\u015flenmi\u015f b\u00fct\u00fcn sayfalar\u0131n\u0131n da fotokopilerinin sunulmas\u0131 gereklidir.<\/span><\/li>\r\n<li><span style=\"font-family: Roboto; font-size: 14px;\"><strong>Foto\u011fraf:<\/strong>\u00a06 aydan daha eski olmayan, 35mm geni\u015fli\u011fe, 45mm y\u00fcksekli\u011fe sahip , beyaz arka fonda \u00e7ekilmi\u015f, g\u00f6zl\u00fck , \u015fapka vb. aksesuarlar\u0131n olmad\u0131\u011f\u0131 y\u00fcz\u00fcn net olarak g\u00f6r\u00fcnd\u00fc\u011f\u00fc biyometrik standartlarda \u00e7ekilmi\u015f foto\u011frafa sahip olunmal\u0131d\u0131r.<\/span><\/li>\r\n<li><span style=\"font-family: Roboto; font-size: 14px;\"><strong>N\u00fcfus C\u00fczdan\u0131:<\/strong>\u00a0N\u00fcfus C\u00fczdan\u0131n\u0131n \u00f6n ve arka taraf\u0131nda bulunan bilgileri g\u00f6sterir net, renkli taranmas\u0131 istenmektedir.<\/span><\/li>\r\n<li><span style=\"font-family: Roboto; font-size: 14px;\"><strong>Fransa Vize Ba\u015fvuru Formu:<\/strong>\u00a0\u0130nternet \u00fczerinden eksiksiz bir \u015fekilde doldurulan, \u0131slak imza ile teslim edilmesi gereken en \u00f6nemli evraklardand\u0131r. Formda beyan edilen her bilginin mutlaka ek evraklarla kan\u0131tlanabilir olmas\u0131 gerekti\u011fi de unutulmamal\u0131d\u0131r. Re\u015fit olmayan \u00e7ocuklar\u0131n pasaportu olsun veya olmas\u0131n, \u015fahsa ait ba\u015fvuru formu ve dosyas\u0131 haz\u0131rlanmal\u0131, yasal velilerin her ikisi (anne\/baba) taraf\u0131ndan imzalanmal\u0131d\u0131r.<\/span><\/li>\r\n<li><span style=\"font-family: Roboto; font-size: 14px;\"><strong>Finansal Durumu Beyan Eden Belgeler:<\/strong>\u00a0Son 3 ayl\u0131k aktif banka hesap hareketlerini g\u00f6steren \u015fah\u0131s ya da \u015firket hesab\u0131 d\u00f6k\u00fcm\u00fc, Fransa\u2019da kalaca\u011f\u0131 s\u00fcre boyunca masraflar\u0131n\u0131 kar\u015f\u0131layabilecek g\u00fcnl\u00fck 120\u20ac miktardaki tutar\u0131 g\u00f6steren bir banka hesab\u0131 sunulmas\u0131 istenir. Bankan\u0131n \u0131slak imza ve ka\u015fesi ile. Bankan\u0131n imza sirk\u00fcleri ekte haz\u0131r bulunmal\u0131d\u0131r.<\/span><\/li>\r\n<li><span style=\"font-family: Roboto; font-size: 14px;\"><strong>Fransa Vize Talep Dilek\u00e7esi:<\/strong>\u00a0Vize ba\u015fvuru sahibinin <strong>turistik vize<\/strong> talebini a\u00e7\u0131klay\u0131c\u0131 dilek\u00e7e, ki\u015finin ba\u011fl\u0131 oldu\u011fu kurum \/ \u015firket antetli ka\u011f\u0131d\u0131na i\u015fveren\/kurum yetkilisi taraf\u0131ndan <strong>Fransa B\u00fcy\u00fckel\u00e7ili\u011fi<\/strong> ya da Fransa Konsoloslu\u011funa hitaben yaz\u0131lm\u0131\u015f, ba\u015fvuru sahibinin g\u00f6revi, maa\u015f bilgisi, seyahat tarihlerinin a\u00e7\u0131k bir \u015fekilde belirtilmesi ve seyahat d\u00f6n\u00fc\u015f\u00fcnde g\u00f6revine devam edece\u011fini taahh\u00fct eden imza yetkilisi taraf\u0131ndan \u0131slak imzal\u0131 ve ka\u015feli olarak haz\u0131rlanm\u0131\u015f izin yaz\u0131s\u0131 gerekmektedir.<\/span><\/li>\r\n<\/ol>\r\n<p><span style=\"font-family: Roboto; font-size: 14px;\"><\/span><\/p>\r\n<p><span style=\"font-family: Roboto; font-size: 14px;\"><img decoding=\"async\" src=\"https:\/\/www.myvize.com.tr\/fransa\/wp-content\/uploads\/2021\/09\/7.jpg\" \/><\/span><\/p>\r\n<p><span style=\"font-family: Roboto; font-size: 14px;\"><\/span><\/p>\r\n<h3 class=\"wp-block-heading\"><span style=\"font-family: Roboto; font-size: 24px;\"><strong>Fransa Vize T\u00fcrleri Nelerdir?<\/strong><\/span><\/h3>\r\n<p><span style=\"font-family: Roboto; font-size: 14px;\">\r\n\r\n<\/span><\/p>\r\n<ol class=\"wp-block-list\">\r\n<li><span style=\"font-family: Roboto; font-size: 14px;\"><strong>Fransa Turistik Vizesi:\u00a0<\/strong>Seyahat ama\u00e7l\u0131 gidilecek, gidi\u015f ve d\u00f6n\u00fc\u015f biletlerinin al\u0131nm\u0131\u015f oldu\u011fu, otel rezervasyonun yap\u0131ld\u0131\u011f\u0131 ve g\u00f6sterir belgeyi evraklar\u0131n i\u00e7ine konabilece\u011fi \u015fekilde ayarlanm\u0131\u015f vize t\u00fcr\u00fcd\u00fcr. \u0130lk defa yurtd\u0131\u015f\u0131na \u00e7\u0131k\u0131l\u0131yorsa ortalama olarak 5-7 g\u00fcn aras\u0131nda de\u011fi\u015fen vize s\u00fcresi onay\u0131 al\u0131nabilir. Ancak daha \u00f6nce yurtd\u0131\u015f\u0131 deneyimi varsa ve herhangi bir ihlal durumu s\u00f6z konusu de\u011filse, 20 g\u00fcn ile 30 g\u00fcn aras\u0131nda seyahat onay\u0131 al\u0131nma ihtimali de s\u00f6z konusu olabilmektedir.<\/span><\/li>\r\n<li><span style=\"font-family: Roboto; font-size: 14px;\"><strong>Fransa Ticari Vize:<\/strong>\u00a0\u015eirket ya da kurulu\u015f taraf\u0131ndan haz\u0131rlanm\u0131\u015f veya karar verilmi\u015f bir organizasyona kat\u0131l\u0131m yapmak veya personel e\u011fitimini geli\u015ftirmek \u00fczere verilmi\u015f seyahatler i\u00e7in ba\u015fvurulabilecek vize t\u00fcr\u00fcd\u00fcr.<\/span><\/li>\r\n<li><span style=\"font-family: Roboto; font-size: 14px;\"><strong>Fransa Aile Ziyareti Vizesi:<\/strong>\u00a0Fransa da ikamet eden ile veya arkada\u015flar taraf\u0131ndan yollanm\u0131\u015f davetiye olmas\u0131 zorunludur. Fransa\u2019y\u0131 ziyaret edecek ki\u015filer i\u00e7in g\u00f6nderilen davetiye de ki\u015finin kimlik bilgileri, adresi ve oturum kart\u0131 gibi ki\u015fisel bilgileri Fransa konsoloslu\u011funa sunma zorunlulu\u011fu bulunmaktad\u0131r.<\/span><\/li>\r\n<\/ol>\r\n<p><span style=\"font-family: Roboto; font-size: 14px;\">\r\n\r\n<\/span><\/p>\r\n<ol class=\"wp-block-list\">\r\n<li><span style=\"font-family: Roboto; font-size: 14px;\"><strong>Fransa E\u011fitim Vizesi:<\/strong>\u00a0Fransa da e\u011fitim almak amac\u0131yla T\u00fcrkiye\u2019den gidecek \u00f6\u011frencilerin ba\u015fvurdu\u011fu vize t\u00fcr\u00fcd\u00fcr. E\u011fer Erasmus \u00f6\u011frencisi olarak gidiyorsa kar\u015f\u0131 kurumdan ald\u0131\u011f\u0131 kabul do\u011frultusunda 3-12 ay aras\u0131nda vize \u00e7\u0131kmaktad\u0131r. E\u011fer ki 12 ay i\u00e7in vize al\u0131nd\u0131ysa, mutlaka Fransa\u2019ya gidince oturum belgesi al\u0131nmal\u0131d\u0131r. Ancak t\u00fcm \u00fcniversite e\u011fitimini Fransa da tamamlamak \u00fczerine vize talep edilecekse, ba\u015fvurulan kurumun onay mektubu ile \u00f6\u011frenci yine yasal temsilcisinin ekonomik olarak destekleyece\u011fini g\u00f6steren belgesi ile vize ba\u015fvurusunu tamamlayabilir.<\/span><\/li>\r\n<li><span style=\"font-family: Roboto; font-size: 14px;\"><strong>\u00a0Fransa Aile Birle\u015fimi Vizesi:\u00a0<\/strong>Aile birle\u015fimi veya aile birle\u015fimi kapsam\u0131nda tam oturma izni alabilmek i\u00e7in Fransa\u2019da bulunan yak\u0131n\u0131n en az 18 ay boyunca Fransa\u2019da ikamet ediyor olmas\u0131 ve gerekli ikamet kriterlerini kar\u015f\u0131layabilmesi beklenmektedir. Aile Birle\u015fimi i\u00e7in OFII \u015fubelerinde birle\u015fme ba\u015fvurusunun tamamlanmas\u0131 gerekmektedir.<\/span><\/li>\r\n<\/ol>\r\n<p><span style=\"font-family: Roboto; font-size: 14px;\">\r\n\r\n<\/span><\/p>\r\n<h3 class=\"wp-block-heading\"><span style=\"font-family: Roboto; font-size: 24px;\"><strong>Fransa Vize Randevusu<\/strong><\/span><\/h3>\r\n<p><span style=\"font-family: Roboto; font-size: 14px;\">\r\n\r\n<\/span><\/p>\r\n<p><span style=\"font-family: Roboto; font-size: 14px;\">Fransa Konsolosluklar\u0131ndan randevu alabilmek i\u00e7in \u00f6ncelikli bilinmesi gereken \u015fey b\u00f6lge ayr\u0131l\u0131klar\u0131 oldu\u011fudur. Fransa \u0130stanbul Konsoloslu\u011funa ba\u015fvuru yapabilecek iller : Ayd\u0131n, Bal\u0131kesir, Bursa, Bilecik, \u00c7anakkale, D\u00fczce, Denizli, Edirne, \u0130stanbul, \u0130zmir, Kocaeli, K\u0131rklareli, K\u00fctahya, Manisa, Mu\u011fla, Sakarya, Tekirda\u011f, Yalova ve U\u015fak illerinde ikamet eden vatanda\u015flar \u0130stanbul Frans\u0131z Konsoloslu\u011fundan ba\u015fvurular\u0131n\u0131 ger\u00e7ekle\u015ftirebilirler. Yukar\u0131da sayd\u0131\u011f\u0131m\u0131z iller d\u0131\u015f\u0131nda kalan di\u011fer b\u00fct\u00fcn illerde ya\u015fayan vatanda\u015flar i\u00e7in Ankara da bulunan<strong> Fransa B\u00fcy\u00fckel\u00e7ili\u011fi<\/strong> vize verme yetkisine sahiptir ve ba\u015fvurular direk olarak Ankara\u2019ya yap\u0131lmak zorundad\u0131r.\u00a0<strong>Fransa vize ba\u015fvuru formu<\/strong>\u00a0online bir \u015fekilde doldurulduktan sonra vize ba\u015fvuru sahibi ad\u0131na en erken randevu talep edilmelidir. Randevu saatinden 15 dakika kadar \u00f6nce ba\u015fvuru merkezinde olman\u0131z beklenir. Parmak izi i\u015flemi uygulanmas\u0131 gerekti\u011finden 10 dakika bir zaman ayr\u0131lmas\u0131 gerekmektedir. Ancak d\u00f6nemsel olarak ya\u015fanabilecek yo\u011funluk g\u00f6z \u00f6n\u00fcne al\u0131narak ve i\u015flemlerin aksamamas\u0131 ad\u0131na 1-2 saat \u00f6nceden gidilmesi tavsiye edilmektedir. Son derece detayl\u0131 incelemelerin yap\u0131ld\u0131\u011f\u0131 bu zamanda tekrar hat\u0131rlatmak gerekir ki, belgelerinizin eksiksiz bir \u015fekilde teslim edilmesi, vize s\u00fcrecini h\u0131zland\u0131racak ve vize onay\u0131n\u0131z\u0131 alman\u0131z\u0131 kolayla\u015ft\u0131racakt\u0131r. Bu sebepten \u00f6t\u00fcr\u00fc, detaylar\u0131n iyi incelenmesi \u00e7ok \u00f6nemlidir.<\/span><\/p>\r\n<p><span style=\"font-family: Roboto; font-size: 14px;\"><\/span><\/p>\r\n<p><span style=\"font-family: Roboto; font-size: 14px;\"><img decoding=\"async\" src=\"https:\/\/www.myvize.com.tr\/fransa\/wp-content\/uploads\/2021\/09\/8.jpg\" \/><\/span><\/p>\r\n<p><span style=\"font-family: Roboto; font-size: 14px;\"><\/span><\/p>\r\n<h3 class=\"wp-block-heading\"><span style=\"font-family: Roboto; font-size: 24px;\"><strong>Fransa Vize Ba\u015fvurusu 2021<\/strong><\/span><\/h3>\r\n<p><span style=\"font-family: Roboto; font-size: 14px;\">\r\n\r\n<\/span><\/p>\r\n<p><span style=\"font-family: Roboto; font-size: 14px;\">Genel itibariyle bak\u0131ld\u0131\u011f\u0131nda vize ba\u015fvurusu i\u00e7in istenen evraklarda b\u00fcy\u00fck bir de\u011fi\u015fiklik olmam\u0131\u015ft\u0131r sadece 2019 Aral\u0131k ay\u0131ndan itibaren d\u00fcnyay\u0131 etkisi alt\u0131na alan<strong> Covid 19<\/strong> salg\u0131n\u0131 nedeniyle Fransa\u2019da belli tedbirler gere\u011fi a\u015f\u0131 kart\u0131 talep etmektedir. Avrupa \u0130la\u00e7 Ajans\u0131 taraf\u0131ndan kabul g\u00f6ren a\u015f\u0131lardan ki BioNtech Pfizer ya da Astra Zeneca a\u015f\u0131lar\u0131ndan ikinci dozun vurulmas\u0131n\u0131n ard\u0131nda en az 14 g\u00fcn ge\u00e7mi\u015f olmal\u0131 ya da Johson &amp; Johnson a\u015f\u0131s\u0131n\u0131n tek dozunu vurulmas\u0131n\u0131n ard\u0131ndan 28 g\u00fcn ge\u00e7mi\u015f ise, u\u00e7u\u015ftan 14 g\u00fcn \u00f6ncesine kadar Covid -19 ge\u00e7irmi\u015f hi\u00e7 kimseyle temas etmedi\u011finize dair beyanname doldurup, bu belgeyi u\u00e7a\u011fa binmeden \u00f6nce havayolu \u015firketleriyle s\u0131n\u0131r polisine ibraz edeceklerdir.\u00a0 Buna ek olarak, u\u00e7a\u011fa binmeden 72 saat \u00f6nce al\u0131nm\u0131\u015f negatif sonu\u00e7lu PCR veya 48 saat \u00f6nce al\u0131nm\u0131\u015f yine negatif sonu\u00e7lu antijen testine ihtiya\u00e7 duyulmaktad\u0131r. Var\u0131\u015f noktas\u0131nda bu ki\u015filere test ve karantina uygulanmamaktad\u0131r.<\/span><\/p>\r\n<p><span style=\"font-family: Roboto; font-size: 14px;\">\r\n\r\n<\/span><\/p>\r\n<p><span style=\"font-family: Roboto; font-size: 14px;\">A\u015f\u0131lanmam\u0131\u015f ki\u015filerde ise; neden seyahat etmek zorunda olduklar\u0131n\u0131 g\u00f6sterir belge, 72 saat \u00f6nce al\u0131nm\u0131\u015f negatif sonu\u00e7lu PCR veya 48 saat \u00f6nce al\u0131nm\u0131\u015f yine negatif sonu\u00e7lu antijen testi sonucu sunulmas\u0131 beklenmektedir. Var\u0131\u015f noktas\u0131nda bu ki\u015filere rastgele antijen testi uygulan\u0131r ve 7 g\u00fcnl\u00fck karantina s\u00fcreci takip edilir.<\/span><\/p>\r\n<p><span style=\"font-family: Roboto; font-size: 14px;\">\r\n\r\n<\/span><\/p>\r\n<h3 class=\"wp-block-heading\"><span style=\"font-family: Roboto; font-size: 24px;\"><strong>Fransa Vizesi Ka\u00e7 G\u00fcnde \u00c7\u0131kar?<\/strong><\/span><\/h3>\r\n<p><span style=\"font-family: Roboto; font-size: 14px;\">\r\n\r\n<\/span><\/p>\r\n<p><span style=\"font-family: Roboto; font-size: 14px;\">Fransa her ne kadar \u00e7ok zor vize veren bir \u00fclke gibi d\u00fc\u015f\u00fcn\u00fclse de asl\u0131nda istenilen evraklar d\u00fczg\u00fcn bir \u015fekilde haz\u0131rland\u0131\u011f\u0131nda o kadar b\u00fcy\u00fck sorun \u00e7\u0131kartmayan bir \u00fclke. Avrupa\u2019n\u0131n tam ortas\u0131nda bulundu\u011fu ve k\u00fclt\u00fcrel miras\u0131yla \u00f6zellikle T\u00fcrk turistler i\u00e7in son derece \u00e7ekici bir \u00fclke haline gelen Fransa\u2019ya gitmek i\u00e7in<strong> vize i\u015flemleri<\/strong>, derin ve detayl\u0131 bir ara\u015ft\u0131rman\u0131n ard\u0131ndan 3 ile 15 g\u00fcn aras\u0131nda sonu\u00e7 veriyor. U\u00e7ak biletini ald\u0131\u011f\u0131n\u0131z tarih belli oldu\u011funda ne kadar erken ba\u015fvurursan\u0131z o kadar iyi olacakt\u0131r. E\u011fer erken ba\u015fvuru yaparsam ya u\u00e7ak kalk\u0131\u015f tarihimden \u00f6nce vizem ba\u015flarsa diye bir endi\u015feniz olmas\u0131n en fazla iki g\u00fcn \u00f6nce vizeniz ba\u015flam\u0131\u015f oluyor ki genellikle onu da art\u0131k bir g\u00fcn \u00f6nce ba\u015flat\u0131yorlar ve ertesi g\u00fcn sizin seyahatiniz biti\u015f g\u00fcn\u00fcne kadar ba\u015flayabiliyor. Her ne kadar yo\u011fun bir evrak trafi\u011fi olsa da <strong>Fransa vize<\/strong> verme konusunda belirtti\u011fimiz gibi b\u00fcy\u00fck bir zorluk \u00e7\u0131karm\u0131yor. Hem bu \u00fclkenin tarz\u0131 bu, d\u00fcnya ne kadar teknolojik ad\u0131mlar atsa ve her \u015fey mail arac\u0131l\u0131\u011f\u0131 ile \u00e7\u00f6z\u00fcl\u00fcyor olsa da Fransa demek belge demektir. Mant\u0131k b\u00f6yle olunca \u015fu belgesi, bu belgesi istemeleri sizi \u015fa\u015f\u0131rtmas\u0131n.<\/span><\/p>\r\n<p><span style=\"font-family: Roboto; font-size: 14px;\">\r\n\r\n<\/span><\/p>\r\n<h3 class=\"wp-block-heading\"><span style=\"font-family: Roboto; font-size: 24px;\"><strong>Fransa Vizesi \u0130le Hangi \u00dclkelere Gidilir?<\/strong><\/span><\/h3>\r\n<p><span style=\"font-family: Roboto; font-size: 14px;\">\r\n\r\n<\/span><\/p>\r\n<p><span style=\"font-family: Roboto; font-size: 14px;\">1995 y\u0131l\u0131nda <strong>Schengen b\u00f6lgesi<\/strong> olarak adland\u0131r\u0131lan \u00fclkeler taraf\u0131ndan ortak protek\u00f6l\u00fcn imzalanmas\u0131yla bu \u00fclkeler aras\u0131nda dola\u015f\u0131m ve konaklaman\u0131n serbest b\u0131rak\u0131lmas\u0131na karar verildi. \u00d6yle ki Fransa \u2013 Bel\u00e7ika aras\u0131ndaki s\u0131n\u0131r\u0131 y\u00fcr\u00fcyerek dahi ge\u00e7ip, ke\u015ffetmeniz m\u00fcmk\u00fcn bir hale geldi. Sadece Bel\u00e7ika de\u011fil di\u011fer \u00fclkeler ise; Almanya, Avusturya, \u00c7ek Cumhuriyeti, Danimarka, Estonya, Finlandiya, Hollanda, \u0130spanya, \u0130sve\u00e7, \u0130svi\u00e7re, \u0130talya, \u0130zlanda, Letonya, Liechtenstein, Litvanya, L\u00fcksemburg, Macaristan, Malta, Norve\u00e7, Polonya, Portekiz, Slovakya ve Yunanistan\u2019da Fransa Schengen vizenizle dola\u015fman\u0131z m\u00fcmk\u00fcnd\u00fcr. Ancak unutulmamal\u0131d\u0131r ki Fransa\u2019ya ait<strong> Schengen vizeniz<\/strong> ile ilk olarak Fransa topraklar\u0131na girip, pasaportunuza ka\u015fe vurdurmak ve en az 24 saat orada kalmak zorundas\u0131n\u0131z. \u00dclkeye giri\u015f yapm\u0131\u015f olmak zorundas\u0131n\u0131z. Di\u011fer t\u00fcrl\u00fc Fransa \u00fczerinden ba\u015fka bir \u00fclkeye ge\u00e7i\u015f yapacaksan\u0131z mutlaka Transit vizeye ba\u015fvuru yapmak zorundas\u0131n\u0131z aksi takdirde Fransa da bekleme yapma imkan\u0131n\u0131z olmayacakt\u0131r.<\/span><\/p>\r\n<p><span style=\"font-family: Roboto; font-size: 14px;\"><\/span><\/p>\r\n<p><span style=\"font-family: Roboto; font-size: 14px;\"><img decoding=\"async\" src=\"https:\/\/www.myvize.com.tr\/fransa\/wp-content\/uploads\/2021\/09\/9.jpg\" \/><\/span><\/p>\r\n<p><span style=\"font-family: Roboto; font-size: 14px;\"><\/span><\/p>\r\n<h3 class=\"wp-block-heading\"><span style=\"font-family: Roboto; font-size: 24px;\"><strong>Fransa Vize \u00dccreti 2021<\/strong><\/span><\/h3>\r\n<p><span style=\"font-family: Roboto; font-size: 14px;\">\r\n\r\n<\/span><\/p>\r\n<ul class=\"wp-block-list\">\r\n<li><span style=\"font-family: Roboto; font-size: 14px;\">Fransa Turistik Vize Bedeli\u00a0\u00a0\u00a0\u00a0\u00a0\u00a0\u00a0\u00a0\u00a0\u00a0\u00a0\u00a0\u00a0\u00a0\u00a0\u00a0\u00a0\u00a0\u00a0\u00a0\u00a0\u00a0\u00a0\u00a0\u00a0\u00a0\u00a0\u00a0\u00a0\u00a0\u00a0\u00a0\u00a0\u00a0\u00a0\u00a0\u00a0\u00a0\u00a0\u00a0 80\u20ac\u00a0<\/span><\/li>\r\n<li><span style=\"font-family: Roboto; font-size: 14px;\">Fransa Ticari Vize Bedeli\u00a0\u00a0\u00a0\u00a0\u00a0\u00a0\u00a0\u00a0\u00a0\u00a0\u00a0\u00a0 \u00a0\u00a0\u00a0\u00a0\u00a0\u00a0\u00a0\u00a0\u00a0\u00a0\u00a0\u00a0\u00a0\u00a0\u00a0\u00a0\u00a0\u00a0\u00a0\u00a0\u00a0\u00a0\u00a0\u00a0\u00a0\u00a0\u00a0\u00a0\u00a0\u00a0\u00a0\u00a080\u20ac<\/span><\/li>\r\n<li><span style=\"font-family: Roboto; font-size: 14px;\">Fransa Aile \u2013 Arkada\u015f Ziyaret Vize Bedeli\u00a0\u00a0\u00a0\u00a0\u00a0\u00a0\u00a0\u00a0\u00a0\u00a0\u00a0\u00a0\u00a0\u00a0\u00a0 80\u20ac<\/span><\/li>\r\n<li><span style=\"font-family: Roboto; font-size: 14px;\">Fransa Gemici \u2013 \u015eof\u00f6r Vize Bedeli\u00a0\u00a0\u00a0\u00a0\u00a0\u00a0\u00a0\u00a0\u00a0\u00a0\u00a0\u00a0\u00a0\u00a0\u00a0\u00a0\u00a0\u00a0\u00a0\u00a0\u00a0\u00a0\u00a0\u00a0\u00a0\u00a0\u00a0\u00a0 80\u20ac<\/span><\/li>\r\n<li><span style=\"font-family: Roboto; font-size: 14px;\">Fransa K\u0131sa S\u00fcreli \u00d6\u011frenci Vize Bedeli\u00a0 \u00a0\u00a0\u00a0\u00a0\u00a0\u00a0\u00a0\u00a0\u00a0\u00a0\u00a0\u00a0\u00a0\u00a0\u00a0\u00a0\u00a0\u00a0\u00a0\u00a080\u20ac<\/span><\/li>\r\n<li><span style=\"font-family: Roboto; font-size: 14px;\">Fransa Transit Vize (A tipi )\u00a0\u00a0\u00a0\u00a0\u00a0\u00a0\u00a0\u00a0\u00a0\u00a0\u00a0\u00a0\u00a0\u00a0\u00a0\u00a0\u00a0\u00a0\u00a0\u00a0\u00a0\u00a0\u00a0\u00a0\u00a0\u00a0\u00a0\u00a0\u00a0\u00a0\u00a0\u00a0\u00a0\u00a0\u00a0\u00a0\u00a0\u00a0\u00a0\u00a0 110\u20ac<\/span><\/li>\r\n<li><span style=\"font-family: Roboto; font-size: 14px;\">0-6 ya\u015f aras\u0131 \u00e7ocuklar\u00a0\u00a0\u00a0\u00a0\u00a0\u00a0\u00a0\u00a0\u00a0\u00a0\u00a0\u00a0\u00a0\u00a0\u00a0\u00a0\u00a0\u00a0\u00a0\u00a0\u00a0\u00a0\u00a0\u00a0\u00a0\u00a0\u00a0\u00a0\u00a0\u00a0\u00a0\u00a0\u00a0\u00a0\u00a0\u00a0\u00a0\u00a0\u00a0\u00a0\u00a0\u00a0\u00a0\u00a0\u00a0\u00a0\u00a0\u00a0 Bedelsiz<\/span><\/li>\r\n<li><span style=\"font-family: Roboto; font-size: 14px;\">6-12 ya\u015f aras\u0131 \u00e7ocuklar\u00a0\u00a0\u00a0\u00a0\u00a0\u00a0\u00a0\u00a0\u00a0\u00a0\u00a0\u00a0\u00a0\u00a0\u00a0\u00a0\u00a0\u00a0\u00a0\u00a0\u00a0\u00a0\u00a0\u00a0\u00a0\u00a0\u00a0\u00a0\u00a0\u00a0\u00a0\u00a0\u00a0\u00a0\u00a0\u00a0\u00a0\u00a0\u00a0\u00a0\u00a0\u00a0\u00a0\u00a0\u00a0\u00a0\u00a0 40\u20ac<\/span><\/li>\r\n<\/ul>\r\n<p><span style=\"font-family: Roboto; font-size: 14px;\">\r\n\r\n<\/span><\/p>\r\n<p><span style=\"font-family: Roboto; font-size: 14px;\">Bu bedele Vize i\u015flem merkezi bedeli olarak, gerekli evraklar\u0131n toparlanmas\u0131 konusunca arac\u0131 olan kurumun servis \u00fccreti ve zorunlu seyahat sa\u011fl\u0131k sigortas\u0131 bedeli olan 30\u20ac eklenmi\u015f olup ayr\u0131ca hizmet bedeli olarak arac\u0131 \u015firketler ki\u015fi ba\u015f\u0131 200TL talep etmektedir. Bu bedele ayr\u0131ca pasaportun size tekrar ula\u015fmas\u0131 ad\u0131na kargo bedeli de dahil edilmemektedir. E\u011fer ki arac\u0131 firmalar\u0131n VIP hizmeti ad\u0131 alt\u0131nda verdikleri hizmetten yararlanmak isterseniz de 190\u20ac + KDV bedelini hemen hemen her t\u00fcrden vize \u00fccreti i\u00e7in g\u00f6zden \u00e7\u0131karman\u0131z gerekmektedir.<\/span><\/p>\r\n<p><span style=\"font-family: Roboto; font-size: 14px;\">\r\n\r\n<\/span><\/p>\r\n<p><span style=\"font-family: Roboto; font-size: 14px;\">VIP hizmet i\u00e7eri\u011fi ise;<\/span><\/p>\r\n<p><span style=\"font-family: Roboto; font-size: 14px;\">\r\n\r\n<\/span><\/p>\r\n<ul class=\"wp-block-list\">\r\n<li style=\"list-style-type: none;\">\r\n<ul>\r\n<li><span style=\"font-family: Roboto; font-size: 14px;\"><strong>Fransa vize formu<\/strong> doldurma ve vize dilek\u00e7esi haz\u0131rlama<\/span><\/li>\r\n<\/ul>\r\n<\/li>\r\n<li><span style=\"font-family: Roboto; font-size: 14px;\">Fransa seyahati i\u00e7in sa\u011fl\u0131k sigortas\u0131 d\u00fczenleme<\/span><\/li>\r\n<li><span style=\"font-family: Roboto; font-size: 14px;\">Fotokopi, foto\u011fraf \u00e7ekimi ve \u00e7\u0131kt\u0131 alma hizmetleri<\/span><\/li>\r\n<li><span style=\"font-family: Roboto; font-size: 14px;\">SMS bilgilendirme<\/span><\/li>\r\n<li><span style=\"font-family: Roboto; font-size: 14px;\">H\u0131zl\u0131 kurye \u2013 kargo ile evrak teslimi gibi s\u0131ralanmaktad\u0131r.<\/span><\/li>\r\n<\/ul>\r\n<p><span style=\"font-family: Roboto; font-size: 14px;\">\r\n\r\n<\/span><\/p>\r\n<h3 class=\"wp-block-heading\"><span style=\"font-family: Roboto; font-size: 24px;\"><strong>Fransa Vizesi Parmak \u0130zi \u0130\u015flemi<\/strong><\/span><\/h3>\r\n<p><span style=\"font-family: Roboto; font-size: 14px;\">\r\n\r\n<\/span><\/p>\r\n<p><span style=\"font-family: Roboto; font-size: 14px;\"><strong>Schengen vizesi<\/strong> i\u00e7in daha \u00f6nce ba\u015fvuru yapmam\u0131\u015f her vize ba\u015fvuru sahibi, <strong>Schengen vize<\/strong> protokol\u00fc kapsam\u0131nda parmak izi verme zorunlulu\u011funa sahiptir. \u015eu da bilinmelidir ki, Fransa vize ba\u015fvurular\u0131 i\u00e7in verilen parmak izleri 5 y\u0131l boyunca sistem \u00fczerinde saklanabilmektedir. E\u011fer ki 5 y\u0131l i\u00e7inde parmak izi vermi\u015fseniz ve parmak izi muafiyeti \u015fartlar\u0131n\u0131 kar\u015f\u0131l\u0131yorsan\u0131z Ankara veya \u0130stanbul\u2019a gitmeniz gerekmeden direk arac\u0131 firma ile vize i\u015fleminizi evinizden sonu\u00e7land\u0131rman\u0131z m\u00fcmk\u00fcn olacakt\u0131r. Ancak Fransa B\u00fcy\u00fckel\u00e7ili\u011fi veri taban\u0131nda bir g\u00fcncelleme s\u00f6z konusu ise, parmak izi vermek i\u00e7in \u00e7a\u011f\u0131r\u0131labilirsiniz. Parmak izi verece\u011finiz tarihlerde, parma\u011f\u0131n\u0131zda boya, k\u0131na, yara gibi hataya sebebiyet verecek fakt\u00f6rlerin olmamas\u0131 konusunda \u00f6zen g\u00f6stermelisiniz.\u00a0 Sa\u011fl\u0131k sorunlar\u0131 sebebiyle parmak izi veremeyecek durumda olan ki\u015filerin, durumlar\u0131n\u0131 g\u00f6sterir belge ibraz\u0131 zorunluluklar\u0131 bulunmaktad\u0131r. E\u011fer ki sa\u011fl\u0131k sorunu parmak izi verme ad\u0131na ge\u00e7ici bir durum ise, engel ortadan kalkt\u0131ktan sonra ilk vize ba\u015fvurusunda tekrar parmak izi tarama i\u015flemine dahil edilirsiniz.<\/span><\/p>\r\n<p><span style=\"font-family: Roboto; font-size: 14px;\">\r\n\r\n<\/span><\/p>\r\n<h3 class=\"wp-block-heading\"><span style=\"font-family: Roboto; font-size: 24px;\"><strong>Fransa Parmak izi Muafiyeti<\/strong><\/span><\/h3>\r\n<p><span style=\"font-family: Roboto; font-size: 14px;\">\r\n\r\n<\/span><\/p>\r\n<p><span style=\"font-family: Roboto; font-size: 14px;\">Baz\u0131 ki\u015filerin \u00f6zel konumlar\u0131 ya da ya\u015f nedeniyle parmak izi taramas\u0131ndan muafiyet tutulmaktad\u0131rlar.<\/span><\/p>\r\n<p><span style=\"font-family: Roboto; font-size: 14px;\">\r\n\r\n<\/span><\/p>\r\n<p><span style=\"font-family: Roboto; font-size: 14px;\">Bu ki\u015filer;<\/span><\/p>\r\n<p><span style=\"font-family: Roboto; font-size: 14px;\">\r\n\r\n<\/span><\/p>\r\n<ul class=\"wp-block-list\">\r\n<li><span style=\"font-family: Roboto; font-size: 14px;\">Devlet ve h\u00fck\u00fcmet liderleri, birinci derece yak\u0131nlar\u0131 ve beraberinde seyahat edecek ki\u015filer, yapt\u0131klar\u0131 resmi seyahatlerde el\u00e7ilik taraf\u0131ndan parmak izi taramas\u0131ndan muaf tutulmaktad\u0131r.<\/span><\/li>\r\n<li><span style=\"font-family: Roboto; font-size: 14px;\">12 ya\u015f\u0131ndan k\u00fc\u00e7\u00fck olan \u00e7ocuklarda da parmak izi tarama i\u015fleminden muaf tutulurlar.<\/span><\/li>\r\n<\/ul>\r\n<p><span style=\"font-family: Roboto; font-size: 14px;\"><\/span><\/p>\r\n<p><span style=\"font-family: Roboto; font-size: 14px;\"><img decoding=\"async\" src=\"https:\/\/www.myvize.com.tr\/fransa\/wp-content\/uploads\/2021\/09\/6.jpg\" \/><\/span><\/p>\r\n<p><span style=\"font-family: Roboto; font-size: 14px;\"><\/span><\/p>\r\n<h3 class=\"wp-block-heading\"><span style=\"font-family: Roboto; font-size: 24px;\"><strong>Fransa\u2019da Erasmus E\u011fitimi i\u00e7in ne yap\u0131lmal\u0131?<\/strong><\/span><\/h3>\r\n<p><span style=\"font-family: Roboto; font-size: 14px;\">\r\n\r\n<\/span><\/p>\r\n<p><span style=\"font-family: Roboto; font-size: 14px;\">\u00d6ncelikle T\u00fcrkiye\u2019de bir \u00fcniversiteye kay\u0131t olunmal\u0131 ve \u00dcniversite taraf\u0131ndan d\u00fczenlenen Erasmus s\u0131nav\u0131na kat\u0131lmak gereklidir. \u0130lgili dil s\u0131nav\u0131ndan ge\u00e7erli not al\u0131nd\u0131\u011f\u0131 takdirden kurumun anla\u015fmas\u0131n\u0131n bulundu\u011fu kar\u015f\u0131 kuruma \u00f6\u011frenci g\u00f6nderme i\u015flemi ba\u015flayacakt\u0131r. Bu s\u0131navlar genellikle Frans\u0131zca olmakta ve \u00f6\u011frencilerden Fransa\u2019daki e\u011fitimi takip edebilmeleri a\u00e7\u0131s\u0131ndan en az B1 seviyesinde Frans\u0131zca diline hakim olmalar\u0131 gerekmektedir. Kar\u015f\u0131 kurumdan \u00f6\u011frencinin onay mektubu geldi\u011fi takdirde, \u00f6\u011frenci bu belgeyle Erasmus \u00f6\u011frencisi olarak e\u011fitim almak \u00fczere, pasaport, vize ve <strong>T\u00fcrkiye Cumhuriyeti Devlet<\/strong>i \u00d6\u011frenci Hibe Deste\u011fine ba\u015fvuru yapar. S\u0131ralama uygunlu\u011funa g\u00f6re \u00f6\u011frenciye belli miktarda hibe deste\u011fi uygulan\u0131r. Genelde \u00f6\u011frenci Fransa\u2019ya giderken %80 \u2018e kadar hibe deste\u011fini kendisine daha \u00f6nceden belirtilen bankada a\u00e7t\u0131\u011f\u0131 Euro hesab\u0131na yat\u0131r\u0131l\u0131r, orada e\u011fitim ald\u0131\u011f\u0131n\u0131 ve tamamlad\u0131\u011f\u0131n\u0131 g\u00f6steren belgeyi \u00fclkesine d\u00f6n\u00fcp, okuluna ibraz ettikten sonra da hibesinin kalan %20\u2019lik k\u0131sm\u0131n\u0131 al\u0131r. E\u011fer d\u00f6nece\u011fini beyan etti\u011fi s\u00fcreden daha ge\u00e7 d\u00f6nd\u00fcyse hibe oran\u0131 orada kald\u0131\u011f\u0131 g\u00fcn s\u00fcresince de\u011fi\u015fiklik g\u00f6sterece\u011finden bir miktar ek \u00f6deme de alabilmektedir. Ama belirtti\u011fi tarihten erken d\u00f6n\u00fc\u015f yapt\u0131ysa da hibesi \u00fczerinden erken d\u00f6nd\u00fc\u011f\u00fc g\u00fcn s\u00fcrece kesinti olabilir hatta fazla \u00f6deme yap\u0131ld\u0131ysa \u00f6\u011frencinin iade etmesi dahi beklenebilir. Bu y\u00fczden Gidi\u015f ve d\u00f6n\u00fc\u015f tarihleri konusunda son derece dikkatli olunmal\u0131d\u0131r. \u00c7\u00fcnk\u00fc bu hem vize s\u00fcresi hem de hibe a\u00e7\u0131s\u0131ndan farkl\u0131l\u0131klar g\u00f6stermektedir.<\/span><\/p>\r\n<p><span style=\"font-family: Roboto; font-size: 14px;\">\r\n\r\n<\/span><\/p>\r\n<h3 class=\"wp-block-heading\"><span style=\"font-family: Roboto; font-size: 24px;\"><strong>Fransa Vizesinden Kimler Muaft\u0131r?<\/strong><\/span><\/h3>\r\n<p><span style=\"font-family: Roboto; font-size: 14px;\">\r\n\r\n<\/span><\/p>\r\n<p><span style=\"font-family: Roboto; font-size: 14px;\"><strong>Schengen b\u00f6lgesi<\/strong> dahilinde AB \u00fclkeleri ve \u0130svi\u00e7re\u2019de yasal ikamet izni bulunan vatanda\u015flar\u0131n Fransa\u2019ya giderken veya transit ge\u00e7i\u015fleri esnas\u0131nda vize almalar\u0131na gerek yoktur. Hizmet, Hususi ve Diplomatik pasaport sahibi vatanda\u015flar\u0131nda 180 g\u00fcn i\u00e7inde 90 g\u00fcn\u00fc ge\u00e7memek \u015fart\u0131yla Fransa\u2019ya giderken ize muafiyetindedirler. Gri veya ye\u015fil pasaport hamillerinin beraberinde, sadece talep edildi\u011finde ibraz edilmek \u00fczere bir g\u00f6revlendirme yaz\u0131s\u0131 bulundurmalar\u0131, \u00f6zel seyahatlerde ise, seyahat sigortas\u0131, d\u00f6n\u00fc\u015f u\u00e7ak bileti ve kalacak yer g\u00f6sterir belge ve ek olarak kalacaklar\u0131 s\u00fcre i\u00e7in yeterli para bulundurmalar\u0131 s\u0131n\u0131r kap\u0131lar\u0131nda sorun ya\u015famamak ad\u0131na faydal\u0131 olacakt\u0131r.<\/span><\/p>\r\n<p><span style=\"font-family: Roboto; font-size: 14px;\">\r\n\r\n<\/span><\/p>\r\n<h3 class=\"wp-block-heading\"><span style=\"font-family: Roboto; font-size: 24px;\"><strong>Fransa Vize Reddi<\/strong><\/span><\/h3>\r\n<p><span style=\"font-family: Roboto; font-size: 14px;\">\r\n\r\n<\/span><\/p>\r\n<p><span style=\"font-family: Roboto; font-size: 14px;\"><strong>Fransa Konsoloslu\u011fu<\/strong> ya da<strong> Fransa B\u00fcy\u00fckel\u00e7ili\u011fi<\/strong> taraf\u0131ndan zaman zaman yap\u0131lan vize ba\u015fvurular\u0131 eksik evrak sunumu, seyahat amac\u0131n\u0131 kan\u0131tlayamama, Fransa seyahati sonucunda \u00fclkeden ayr\u0131laca\u011f\u0131n\u0131 g\u00f6sterir belgenin olmamas\u0131 gibi nedenlerle ba\u015fvurular\u0131 iptal olabilir.<\/span><\/p>\r\n<p><span style=\"font-family: Roboto; font-size: 14px;\"><\/span><\/p>\r\n<p><span style=\"font-family: Roboto; font-size: 14px;\"><img decoding=\"async\" src=\"https:\/\/www.myvize.com.tr\/fransa\/wp-content\/uploads\/2021\/09\/10.jpg\" \/><\/span><\/p>\r\n<p><span style=\"font-family: Roboto; font-size: 14px;\"><\/span><\/p>\r\n<p><span style=\"font-family: Roboto; font-size: 14px;\"><strong>Seyahat Belgelerinden kaynakl\u0131 Fransa vizesi reddi:\u00a0<\/strong>Vize ba\u015fvuru i\u015flemleri s\u0131ras\u0131nda belgelerin g\u00fcncel, orijinal ve ge\u00e7erlili\u011fi devam eder olmas\u0131 \u00e7ok \u00f6nemlidir. Sunulan belgelerin sahte ya da ge\u00e7ersiz olmas\u0131 durumunda ilgili makam vize reddini vererek, seyahatinizi engelleyebilir.<\/span><\/p>\r\n<p><span style=\"font-family: Roboto; font-size: 14px;\">\r\n\r\n<\/span><\/p>\r\n<p><span style=\"font-family: Roboto; font-size: 14px;\"><strong>Seyahat \u015fartlar\u0131 ve seyahat amac\u0131ndan kaynakl\u0131 Fransa vizesi reddi:\u00a0<\/strong>S\u00f6z konusu seyahate ili\u015fkin \u015fartlar\u0131 ta\u015f\u0131d\u0131\u011f\u0131n\u0131 g\u00f6sterir belgelerin sunumu \u00e7ok \u00f6nemlidir. \u00d6rne\u011fin; gidi\u015f \u2013 d\u00f6n\u00fc\u015f u\u00e7ak biletleri, i\u015f yeri belgesi, otel rezervasyonu vb. bunlar\u0131n ibraz edilmemesi halinde ilgili mercii yurtd\u0131\u015f\u0131na yasa d\u0131\u015f\u0131 yollar ile ihra\u00e7 olma ihtimali dahilinde vize onay\u0131 vermemektedir. \u00a0<\/span><\/p>\r\n<p><span style=\"font-family: Roboto; font-size: 14px;\">\r\n\r\n<\/span><\/p>\r\n<p><span style=\"font-family: Roboto; font-size: 14px;\"><strong>Schengen Giri\u015f yasa\u011f\u0131ndan kaynakl\u0131 Fransa vizesi reddi:\u00a0<\/strong>Schengen b\u00f6lgesine \u00fcye \u00fclkelerden herhangi birinin Schengen vizesi konusunda ald\u0131\u011f\u0131 karar o b\u00f6lgedeki di\u011fer \u00fclkeler i\u00e7ersinde de ge\u00e7erlidir. \u00d6rne\u011fin; \u0130talya\u2019ya gitmek i\u00e7in vize ba\u015fvurusu yapt\u0131n\u0131z ve herhangi bir nedenden \u00f6t\u00fcr\u00fc ret ald\u0131n\u0131z, bir sonraki ad\u0131mda \u015fans\u0131n\u0131z\u0131 Fransa ya da ba\u015fka bir Schengen \u00fclkesi \u00fczerinde denerseniz y\u00fcksek ihtimalle ret alma durumunuz artacakt\u0131r zira sistemleri ortak oldu\u011fundan Schengen b\u00f6lgesinde her \u00fclke bir ki\u015fiye ait vize bilgilerini kolayl\u0131kla takip edebilmektedir.<\/span><\/p>\r\n<p><span style=\"font-family: Roboto; font-size: 14px;\">\r\n\r\n<\/span><\/p>\r\n<p><span style=\"font-family: Roboto; font-size: 14px;\">Schengen vizesi s\u00fcresinden, kamu g\u00fcvenli\u011fini tehdit etme, sa\u011fl\u0131k sigortas\u0131 sebebiyle ya da ki\u015finin \u00fclkesine d\u00f6nmesi konusunda \u015f\u00fcphe olmas\u0131ndan kaynakl\u0131 nedenlerle de vize reddi al\u0131nmas\u0131 m\u00fcmk\u00fcnd\u00fcr.<\/span><\/p>\r\n<p><span style=\"font-family: Roboto; font-size: 14px;\">\r\n\r\n<\/span><\/p>\r\n<h2 class=\"wp-block-heading\"><span style=\"font-family: Roboto; font-size: 14px;\"><strong>Fransa Vize \u0130\u015flemlerinde Dikkat Edilmesi Gereken Konular:<\/strong><\/span><\/h2>\r\n<p><span style=\"font-family: Roboto; font-size: 14px;\">\r\n\r\n<\/span><\/p>\r\n<p><span style=\"font-family: Roboto; font-size: 14px;\">Son olarak toparlamak gerekirse; Pasaportun g\u00fcncelli\u011fi, 10 y\u0131ldan eski olmamal\u0131, en az 2 sayfan\u0131n bo\u015f olmas\u0131, e\u011fer ki daha \u00f6nce kullan\u0131lm\u0131\u015f pasaport (lar) var ise ilgili sayfalar\u0131n fotokopisi, Vize ba\u015fvuru formunun online doldurulmas\u0131, seyahat nedenini a\u00e7\u0131klayan dilek\u00e7e, gelir belgeleri, Fransa\u2019ya girildi\u011finde kal\u0131nacak yer, gidi\u015f \u2013 d\u00f6n\u00fc\u015f (\u00f6\u011frenci ve ikamet ama\u00e7l\u0131 istenen vizeler hari\u00e7) biletler, yeterli miktarda para \u00f6nemli hususlar bulunmaktad\u0131r. Her belgenin \u00f6zenle haz\u0131rlanmas\u0131, ret almamak ya da ek i\u015flemler yapmamak ad\u0131na \u00e7ok \u00f6nemlidir. Mutlaka yakinen takip edilmedi, arac\u0131 ofis olmas\u0131na ra\u011fmen, ba\u015fvuru yapacak olan ki\u015finin de kontrol\u00fc \u00e7ok ama \u00e7ok \u00f6nemlidir.<\/span><\/p>\r\n<h3><span style=\"font-family: Roboto; font-size: 24px;\"><strong>Fransa Vizesi Al\u0131rken Dikkat Edilmesi Gereken Hususlar<\/strong><\/span><\/h3>\r\n<p><span style=\"font-family: Roboto; font-size: 14px;\">Fransa Konsolosluklar\u0131na yap\u0131lacak vize ba\u015fvurusunda Konaklamak ya da \u00f6ng\u00f6r\u00fclen konaklama rezervasyonu (Otel rezervasyon) ile ula\u015f\u0131m arac\u0131 veya \u00f6ng\u00f6r\u00fclen ula\u015f\u0131m ara\u00e7lar\u0131na ili\u015fkin kan\u0131tlay\u0131c\u0131 belgeyi<\/span><br \/><span style=\"font-family: Roboto; font-size: 14px;\">(gidi\u015f, d\u00f6n\u00fc\u015f, u\u00e7ak, tren, otob\u00fcs bilet rezervasyonlar\u0131.) sunman\u0131z gerekmekte. (Fransa Konsolosluklar\u0131 orijinal bilet talep edilebilmekte).<\/span><br \/><span style=\"font-family: Roboto; font-size: 14px;\">Fransa Konsolosluklar\u0131\u2019na vize ba\u015fvurular\u0131 i\u00e7in sunulacak olan t\u00fcm evraklar\u0131n g\u00fcncel oldu\u011funa emin olunuz (son 90 g\u00fcne ait belgeler).<\/span><br \/><span style=\"font-family: Roboto; font-size: 14px;\">Fransa vize ba\u015fvurunuz s\u0131ras\u0131nda veya sonras\u0131nda Website&#8217;sine belirtilen evraklara ek olarak Fransa Konsolosluklar\u0131 ek belge sunman\u0131z\u0131 talep edebilir.<\/span><br \/><span style=\"font-family: Roboto; font-size: 14px;\"><strong>Fransa vizesi<\/strong> ba\u015fvurunuz i\u00e7in beyan etti\u011finiz evraklar\u0131n eksikli\u011fi, Schengen kural\u0131 dahilinde ba\u015fvurunuzun reddedilmesine sebep verebilir.<\/span><br \/><span style=\"font-family: Roboto; font-size: 14px;\"><strong>Fransa Konsoloslu\u011fu<\/strong> daha \u00f6nce alm\u0131\u015f oldu\u011fu <strong>Fransa vizesi<\/strong> yoksa ba\u015fvuruya \u015fahsen gelmeniz istemektedir.<\/span><br \/><span style=\"font-family: Roboto; font-size: 14px;\">Fransa\u2019ya seyahatiniz araba ile yapacaksan\u0131z Fransa vize ba\u015fvurunuz s\u0131ras\u0131nda araban ruhsat\u0131n\u0131 ve Beynelmilel ehliyeti belgelerle birlikte sunman\u0131z gerekmekte. Ye\u015fil sigorta yapt\u0131rmak zorunludur. E\u011fer 3. bir \u015fahsa ait arabayla seyahat edecekse araba sahibinde yetki yaz\u0131s\u0131 almak gerekmektedir.<\/span><br \/><span style=\"font-family: Roboto; font-size: 14px;\"><strong>Fransa Konsoloslu\u011fu<\/strong>, Schengen vize ba\u015fvurusunu (istisnai durum d\u0131\u015f\u0131nda) arac\u0131 kurum vas\u0131tas\u0131yla kabul etmekte. Fransa Schengen vize ba\u015fvurusunda bulunacak ki\u015fi, seyahat amac\u0131na uygun Fransa Turistik vizesi, Fransa Ticari vizesi, Fransa Aile Ziyareti vize ve Fransa Transit vizesi ba\u015fvurusunu Fransa Konsolosluklar\u0131na ve Fransa B\u00fcy\u00fckel\u00e7ili\u011fi taraf\u0131ndan yetkilendirilmi\u015f Vize dan\u0131\u015fmanl\u0131klar\u0131 ile Turizm, Seyahat Acentesi arac\u0131l\u0131\u011f\u0131 ile yapabilmekte. <strong>Fransa Schengen vize<\/strong> sahibi olan ki\u015fi seyahatini Fransa\u2019dan ba\u015flatmak kayd\u0131 ile di\u011fer Schengen \u00fclkesine de ayn\u0131 vize ile seyahat edebilir.<\/span><\/p>\r\n<p>&nbsp;<\/p>\r\n<p>&nbsp;<\/p>\r\n<p>&nbsp;<\/p>\r\n<p class=\"p1\"><span class=\"s1\">Myvize Profesyonel Vize Hizmetleri<\/span><\/p>\r\n<p class=\"p1\"><span class=\"s1\">\u00a0\u0130leti\u015fim , Telefon Numaras\u0131, Mail Adresi G\u0130bi Bilgilieri \u0130\u00e7erir. Avusturya Vize Dan\u0131\u015fman\u0131 \u0130\u00e7in Hemen Ara<\/span><\/p>\r\n<p><span style=\"font-family: Roboto;\"><\/span><\/p>","protected":false},"excerpt":{"rendered":"<p>Fransa vize ba\u015fvurular\u0131, Fransa Konsoloslu\u011fu veya B\u00fcy\u00fckel\u00e7ili\u011fi kurumlar\u0131n\u0131n yetkilileri taraf\u0131ndan incelenir. Uygun g\u00f6r\u00fclen ba\u015fvurular da kabul edilir. Fransa, Schengen \u00fclkelerinden birisidir. Fransa vizesi ba\u015fvurusunda bulunacak T\u00fcrkiye Cumhuriyeti vatanda\u015flar\u0131; turistik, ticari, \u00e7al\u0131\u015fma, e\u011fitim gibi vize t\u00fcr\u00fcne uygun \u015fekilde gerekli belgeleri haz\u0131rlayarak vize ba\u015fvurusunda bulunulabilir. Vize ba\u015fvurular\u0131nda, Konsoloslu\u011fun belirledi\u011fi kriterlere uygun \u015fekilde vize i\u015flemlerinin tamamlanmas\u0131 gerekir. Fransa<\/p>\n","protected":false},"author":1,"featured_media":0,"parent":0,"menu_order":0,"comment_status":"open","ping_status":"closed","template":"","meta":{"footnotes":""},"class_list":["post-18","page","type-page","status-publish","hentry"],"yoast_head":"<!-- This site is optimized with the Yoast SEO plugin v24.0 - https:\/\/yoast.com\/wordpress\/plugins\/seo\/ -->\n<title>Fransa Vizesi \u0130\u015flemleri - Fransa Vize Ba\u015fvuru - MyVize<\/title>\n<meta name=\"description\" content=\".Fransa vize ba\u015fvurular\u0131, Fransa Konsoloslu\u011fu veya B\u00fcy\u00fckel\u00e7ili\u011fi kurumlar\u0131n\u0131n yetkilileri taraf\u0131ndan incelenir. Uygun g\u00f6r\u00fclen ba\u015fvurular...\" \/>\n<meta name=\"robots\" content=\"index, follow, max-snippet:-1, max-image-preview:large, max-video-preview:-1\" \/>\n<link rel=\"canonical\" href=\"https:\/\/www.myvize.com.tr\/fransa\/vize-islemleri\/\" \/>\n<meta property=\"og:locale\" content=\"tr_TR\" \/>\n<meta property=\"og:type\" content=\"article\" \/>\n<meta property=\"og:title\" content=\"Fransa Vizesi \u0130\u015flemleri - Fransa Vize Ba\u015fvuru - MyVize\" \/>\n<meta property=\"og:description\" content=\".Fransa vize ba\u015fvurular\u0131, Fransa Konsoloslu\u011fu veya B\u00fcy\u00fckel\u00e7ili\u011fi kurumlar\u0131n\u0131n yetkilileri taraf\u0131ndan incelenir. Uygun g\u00f6r\u00fclen ba\u015fvurular...\" \/>\n<meta property=\"og:url\" content=\"https:\/\/www.myvize.com.tr\/fransa\/vize-islemleri\/\" \/>\n<meta property=\"og:site_name\" content=\"Fransa Vizesi\" \/>\n<meta property=\"article:modified_time\" content=\"2022-04-08T09:25:58+00:00\" \/>\n<meta property=\"og:image\" content=\"https:\/\/www.myvize.com.tr\/fransa\/wp-content\/uploads\/2021\/09\/3.jpg\" \/>\n<meta name=\"twitter:card\" content=\"summary_large_image\" \/>\n<meta name=\"twitter:label1\" content=\"Tahmini okuma s\u00fcresi\" \/>\n\t<meta name=\"twitter:data1\" content=\"19 dakika\" \/>\n<script type=\"application\/ld+json\" class=\"yoast-schema-graph\">{\"@context\":\"https:\/\/schema.org\",\"@graph\":[{\"@type\":\"WebPage\",\"@id\":\"https:\/\/www.myvize.com.tr\/fransa\/vize-islemleri\/\",\"url\":\"https:\/\/www.myvize.com.tr\/fransa\/vize-islemleri\/\",\"name\":\"Fransa Vizesi \u0130\u015flemleri - Fransa Vize Ba\u015fvuru - MyVize\",\"isPartOf\":{\"@id\":\"https:\/\/www.myvize.com.tr\/fransa\/#website\"},\"primaryImageOfPage\":{\"@id\":\"https:\/\/www.myvize.com.tr\/fransa\/vize-islemleri\/#primaryimage\"},\"image\":{\"@id\":\"https:\/\/www.myvize.com.tr\/fransa\/vize-islemleri\/#primaryimage\"},\"thumbnailUrl\":\"https:\/\/www.myvize.com.tr\/fransa\/wp-content\/uploads\/2021\/09\/3.jpg\",\"datePublished\":\"2020-11-30T05:50:13+00:00\",\"dateModified\":\"2022-04-08T09:25:58+00:00\",\"description\":\".Fransa vize ba\u015fvurular\u0131, Fransa Konsoloslu\u011fu veya B\u00fcy\u00fckel\u00e7ili\u011fi kurumlar\u0131n\u0131n yetkilileri taraf\u0131ndan incelenir. Uygun g\u00f6r\u00fclen ba\u015fvurular...\",\"breadcrumb\":{\"@id\":\"https:\/\/www.myvize.com.tr\/fransa\/vize-islemleri\/#breadcrumb\"},\"inLanguage\":\"tr\",\"potentialAction\":[{\"@type\":\"ReadAction\",\"target\":[\"https:\/\/www.myvize.com.tr\/fransa\/vize-islemleri\/\"]}]},{\"@type\":\"ImageObject\",\"inLanguage\":\"tr\",\"@id\":\"https:\/\/www.myvize.com.tr\/fransa\/vize-islemleri\/#primaryimage\",\"url\":\"https:\/\/www.myvize.com.tr\/fransa\/wp-content\/uploads\/2021\/09\/3.jpg\",\"contentUrl\":\"https:\/\/www.myvize.com.tr\/fransa\/wp-content\/uploads\/2021\/09\/3.jpg\",\"width\":800,\"height\":500,\"caption\":\"Fransa Vize \u0130\u015flemleri\"},{\"@type\":\"BreadcrumbList\",\"@id\":\"https:\/\/www.myvize.com.tr\/fransa\/vize-islemleri\/#breadcrumb\",\"itemListElement\":[{\"@type\":\"ListItem\",\"position\":1,\"name\":\"Anasayfa\",\"item\":\"https:\/\/www.myvize.com.tr\/fransa\/\"},{\"@type\":\"ListItem\",\"position\":2,\"name\":\"Fransa Vize \u0130\u015flemleri\"}]},{\"@type\":\"WebSite\",\"@id\":\"https:\/\/www.myvize.com.tr\/fransa\/#website\",\"url\":\"https:\/\/www.myvize.com.tr\/fransa\/\",\"name\":\"Fransa Vizesi\",\"description\":\"\",\"potentialAction\":[{\"@type\":\"SearchAction\",\"target\":{\"@type\":\"EntryPoint\",\"urlTemplate\":\"https:\/\/www.myvize.com.tr\/fransa\/?s={search_term_string}\"},\"query-input\":{\"@type\":\"PropertyValueSpecification\",\"valueRequired\":true,\"valueName\":\"search_term_string\"}}],\"inLanguage\":\"tr\"}]}<\/script>\n<!-- \/ Yoast SEO plugin. -->","yoast_head_json":{"title":"Fransa Vizesi \u0130\u015flemleri - Fransa Vize Ba\u015fvuru - MyVize","description":".Fransa vize ba\u015fvurular\u0131, Fransa Konsoloslu\u011fu veya B\u00fcy\u00fckel\u00e7ili\u011fi kurumlar\u0131n\u0131n yetkilileri taraf\u0131ndan incelenir. Uygun g\u00f6r\u00fclen ba\u015fvurular...","robots":{"index":"index","follow":"follow","max-snippet":"max-snippet:-1","max-image-preview":"max-image-preview:large","max-video-preview":"max-video-preview:-1"},"canonical":"https:\/\/www.myvize.com.tr\/fransa\/vize-islemleri\/","og_locale":"tr_TR","og_type":"article","og_title":"Fransa Vizesi \u0130\u015flemleri - Fransa Vize Ba\u015fvuru - MyVize","og_description":".Fransa vize ba\u015fvurular\u0131, Fransa Konsoloslu\u011fu veya B\u00fcy\u00fckel\u00e7ili\u011fi kurumlar\u0131n\u0131n yetkilileri taraf\u0131ndan incelenir. Uygun g\u00f6r\u00fclen ba\u015fvurular...","og_url":"https:\/\/www.myvize.com.tr\/fransa\/vize-islemleri\/","og_site_name":"Fransa Vizesi","article_modified_time":"2022-04-08T09:25:58+00:00","og_image":[{"url":"https:\/\/www.myvize.com.tr\/fransa\/wp-content\/uploads\/2021\/09\/3.jpg","type":"","width":"","height":""}],"twitter_card":"summary_large_image","twitter_misc":{"Tahmini okuma s\u00fcresi":"19 dakika"},"schema":{"@context":"https:\/\/schema.org","@graph":[{"@type":"WebPage","@id":"https:\/\/www.myvize.com.tr\/fransa\/vize-islemleri\/","url":"https:\/\/www.myvize.com.tr\/fransa\/vize-islemleri\/","name":"Fransa Vizesi \u0130\u015flemleri - Fransa Vize Ba\u015fvuru - MyVize","isPartOf":{"@id":"https:\/\/www.myvize.com.tr\/fransa\/#website"},"primaryImageOfPage":{"@id":"https:\/\/www.myvize.com.tr\/fransa\/vize-islemleri\/#primaryimage"},"image":{"@id":"https:\/\/www.myvize.com.tr\/fransa\/vize-islemleri\/#primaryimage"},"thumbnailUrl":"https:\/\/www.myvize.com.tr\/fransa\/wp-content\/uploads\/2021\/09\/3.jpg","datePublished":"2020-11-30T05:50:13+00:00","dateModified":"2022-04-08T09:25:58+00:00","description":".Fransa vize ba\u015fvurular\u0131, Fransa Konsoloslu\u011fu veya B\u00fcy\u00fckel\u00e7ili\u011fi kurumlar\u0131n\u0131n yetkilileri taraf\u0131ndan incelenir. Uygun g\u00f6r\u00fclen ba\u015fvurular...","breadcrumb":{"@id":"https:\/\/www.myvize.com.tr\/fransa\/vize-islemleri\/#breadcrumb"},"inLanguage":"tr","potentialAction":[{"@type":"ReadAction","target":["https:\/\/www.myvize.com.tr\/fransa\/vize-islemleri\/"]}]},{"@type":"ImageObject","inLanguage":"tr","@id":"https:\/\/www.myvize.com.tr\/fransa\/vize-islemleri\/#primaryimage","url":"https:\/\/www.myvize.com.tr\/fransa\/wp-content\/uploads\/2021\/09\/3.jpg","contentUrl":"https:\/\/www.myvize.com.tr\/fransa\/wp-content\/uploads\/2021\/09\/3.jpg","width":800,"height":500,"caption":"Fransa Vize \u0130\u015flemleri"},{"@type":"BreadcrumbList","@id":"https:\/\/www.myvize.com.tr\/fransa\/vize-islemleri\/#breadcrumb","itemListElement":[{"@type":"ListItem","position":1,"name":"Anasayfa","item":"https:\/\/www.myvize.com.tr\/fransa\/"},{"@type":"ListItem","position":2,"name":"Fransa Vize \u0130\u015flemleri"}]},{"@type":"WebSite","@id":"https:\/\/www.myvize.com.tr\/fransa\/#website","url":"https:\/\/www.myvize.com.tr\/fransa\/","name":"Fransa Vizesi","description":"","potentialAction":[{"@type":"SearchAction","target":{"@type":"EntryPoint","urlTemplate":"https:\/\/www.myvize.com.tr\/fransa\/?s={search_term_string}"},"query-input":{"@type":"PropertyValueSpecification","valueRequired":true,"valueName":"search_term_string"}}],"inLanguage":"tr"}]}},"_links":{"self":[{"href":"https:\/\/www.myvize.com.tr\/fransa\/wp-json\/wp\/v2\/pages\/18","targetHints":{"allow":["GET"]}}],"collection":[{"href":"https:\/\/www.myvize.com.tr\/fransa\/wp-json\/wp\/v2\/pages"}],"about":[{"href":"https:\/\/www.myvize.com.tr\/fransa\/wp-json\/wp\/v2\/types\/page"}],"author":[{"embeddable":true,"href":"https:\/\/www.myvize.com.tr\/fransa\/wp-json\/wp\/v2\/users\/1"}],"replies":[{"embeddable":true,"href":"https:\/\/www.myvize.com.tr\/fransa\/wp-json\/wp\/v2\/comments?post=18"}],"version-history":[{"count":6,"href":"https:\/\/www.myvize.com.tr\/fransa\/wp-json\/wp\/v2\/pages\/18\/revisions"}],"predecessor-version":[{"id":1328,"href":"https:\/\/www.myvize.com.tr\/fransa\/wp-json\/wp\/v2\/pages\/18\/revisions\/1328"}],"wp:attachment":[{"href":"https:\/\/www.myvize.com.tr\/fransa\/wp-json\/wp\/v2\/media?parent=18"}],"curies":[{"name":"wp","href":"https:\/\/api.w.org\/{rel}","templated":true}]}}