{"id":221,"date":"2020-12-30T12:48:30","date_gmt":"2020-12-30T09:48:30","guid":{"rendered":"https:\/\/www.myvize.com.tr\/fransa\/?page_id=221"},"modified":"2022-04-08T14:27:12","modified_gmt":"2022-04-08T11:27:12","slug":"trabzon","status":"publish","type":"page","link":"https:\/\/www.myvize.com.tr\/fransa\/subelerimiz\/trabzon\/","title":{"rendered":"Trabzon"},"content":{"rendered":"\r\n<h2 class=\"wp-block-heading\">Fransa Trabzon Vize Ba\u015fvuru Merkezi<\/h2>\r\n\r\n\r\n\r\n<p>Fransa vize ba\u015fvurular\u0131 Fransa Konsoloslu\u011fu taraf\u0131ndan yetkilendirilmi\u015f vize ba\u015fvuru merkezleri arac\u0131l\u0131\u011f\u0131 ile yap\u0131lmaktad\u0131r. Trabzon ve \u00e7evresinde ya\u015fayan T\u00fcrkiye Cumhuriyeti vatanda\u015flar\u0131 ve T\u00fcrkiye Cumhuriyeti\u2019nde oturma izni olan \u00fc\u00e7\u00fcnc\u00fc \u00fclke vatanda\u015flar\u0131 vize ba\u015fvurular\u0131n\u0131 Fransa Trabzon Vize Ba\u015fvuru Merkezi\u2019nde yapabilir. Vize ba\u015fvurular\u0131 Fransa Trabzon Vize Ba\u015fvuru Merkezi arac\u0131l\u0131\u011f\u0131 ile Fransa Konsoloslu\u011funa veya Fransa Ankara B\u00fcy\u00fckel\u00e7ili\u011fi\u2019ne iletilir.<\/p>\r\n\r\n\r\n\r\n<h2 class=\"wp-block-heading\">Fransa Trabzon Vize Ba\u015fvuru Merkezi Vize Ba\u015fvurusu Nas\u0131l Yap\u0131l\u0131r<\/h2>\r\n\r\n\r\n\r\n<p>Fransa bir Schengen \u00fclkesidir. Fransa vize ba\u015fvurusu yapacak olanlar Schengen vizesi ba\u015fvurusu yapm\u0131\u015f olurlar. Schengen vizesi alanlar istedi\u011fi Schengen \u00fclkesine seyahat yapabilmektedir. Bu y\u00fczden Diplomatik, Hizmet ve Hususi pasaportu olanlar vize almadan 90 g\u00fcn\u00fc ge\u00e7meyen ziyaretlerinde Fransa\u2019ya giri\u015f yapabilir. Bordo pasaportu olanlar ise Schengen vizesi almak zorundad\u0131r. \u00a0<\/p>\r\n\r\n\r\n\r\n<p>Fransa Trabzon Vize Ba\u015fvuru Merkezi arac\u0131l\u0131\u011f\u0131 ile vize ba\u015fvurusu yapmak isteyenler vize ba\u015fvurusu i\u00e7in istenen belgeleri eksiksiz bir \u015fekilde tamamlamal\u0131d\u0131r. Verilen belgeler g\u00fcncel olmal\u0131d\u0131r. Pasaportun en az 6 ay ge\u00e7erli olmas\u0131 ve en az iki sayfas\u0131n\u0131n bo\u015f olmas\u0131 gerekmektedir. Online olarak vize ba\u015fvuru formu doldurulmal\u0131 ve \u00e7\u0131kt\u0131s\u0131 al\u0131nmal\u0131d\u0131r. Bilgilerin eksik ve hatal\u0131 olmas\u0131 ba\u015fvurunuzun reddedilmesine neden olmaktad\u0131r.<\/p>\r\n\r\n\r\n\r\n<p>Fransa Trabzon Vize Ba\u015fvuru Merkezi\u2019nde vize ba\u015fvurusu yapabilmek i\u00e7in belgelerinizi vize t\u00fcr\u00fcne g\u00f6re haz\u0131rlamal\u0131s\u0131n\u0131z. Vize ba\u015fvuru \u00fccretini \u00f6demelisiniz. Vize ba\u015fvurusu i\u00e7in randevu almal\u0131s\u0131n\u0131z. Biyometrik verilerin sunulmas\u0131 gerekmektedir. Ba\u015fvuru esnas\u0131nda biyometrik veri al\u0131naca\u011f\u0131ndan ba\u015fvuru sahibinin bizzat Fransa Trabzon Vize Ba\u015fvuru Merkezi\u2019nde bulunmas\u0131 gerekmektedir.<\/p>\r\n","protected":false},"excerpt":{"rendered":"<p>Fransa Trabzon Vize Ba\u015fvuru Merkezi Fransa vize ba\u015fvurular\u0131 Fransa Konsoloslu\u011fu taraf\u0131ndan yetkilendirilmi\u015f vize ba\u015fvuru merkezleri arac\u0131l\u0131\u011f\u0131 ile yap\u0131lmaktad\u0131r. Trabzon ve \u00e7evresinde ya\u015fayan T\u00fcrkiye Cumhuriyeti vatanda\u015flar\u0131 ve T\u00fcrkiye Cumhuriyeti\u2019nde oturma izni olan \u00fc\u00e7\u00fcnc\u00fc \u00fclke vatanda\u015flar\u0131 vize ba\u015fvurular\u0131n\u0131 Fransa Trabzon Vize Ba\u015fvuru Merkezi\u2019nde yapabilir. Vize ba\u015fvurular\u0131 Fransa Trabzon Vize Ba\u015fvuru Merkezi arac\u0131l\u0131\u011f\u0131 ile Fransa Konsoloslu\u011funa veya Fransa<\/p>\n","protected":false},"author":1,"featured_media":0,"parent":218,"menu_order":0,"comment_status":"open","ping_status":"closed","template":"","meta":{"footnotes":""},"class_list":["post-221","page","type-page","status-publish","hentry"],"yoast_head":"<!-- This site is optimized with the Yoast SEO plugin v24.0 - https:\/\/yoast.com\/wordpress\/plugins\/seo\/ -->\n<title>Fransa Trabzon Vizesi Ba\u015fvuru \u015eubemiz - MyVize<\/title>\n<meta name=\"description\" content=\"Fransa Vize Trabzon Vize Ba\u015fvuru \u015eubesi. Fransa Vizesi Trabzon Vize Ba\u015fvuru Merkezi. Fransa Vize Randevusu \u0130\u00e7in Trabzon \u015eubemizi Aray\u0131n.\" \/>\n<meta name=\"robots\" content=\"index, follow, max-snippet:-1, max-image-preview:large, max-video-preview:-1\" \/>\n<link rel=\"canonical\" href=\"https:\/\/www.myvize.com.tr\/fransa\/subelerimiz\/trabzon\/\" \/>\n<meta property=\"og:locale\" content=\"tr_TR\" \/>\n<meta property=\"og:type\" content=\"article\" \/>\n<meta property=\"og:title\" content=\"Fransa Trabzon Vizesi Ba\u015fvuru \u015eubemiz - MyVize\" \/>\n<meta property=\"og:description\" content=\"Fransa Vize Trabzon Vize Ba\u015fvuru \u015eubesi. Fransa Vizesi Trabzon Vize Ba\u015fvuru Merkezi. Fransa Vize Randevusu \u0130\u00e7in Trabzon \u015eubemizi Aray\u0131n.\" \/>\n<meta property=\"og:url\" content=\"https:\/\/www.myvize.com.tr\/fransa\/subelerimiz\/trabzon\/\" \/>\n<meta property=\"og:site_name\" content=\"Fransa Vizesi\" \/>\n<meta property=\"article:modified_time\" content=\"2022-04-08T11:27:12+00:00\" \/>\n<meta name=\"twitter:card\" content=\"summary_large_image\" \/>\n<meta name=\"twitter:label1\" content=\"Tahmini okuma s\u00fcresi\" \/>\n\t<meta name=\"twitter:data1\" content=\"1 dakika\" \/>\n<script type=\"application\/ld+json\" class=\"yoast-schema-graph\">{\"@context\":\"https:\/\/schema.org\",\"@graph\":[{\"@type\":\"WebPage\",\"@id\":\"https:\/\/www.myvize.com.tr\/fransa\/subelerimiz\/trabzon\/\",\"url\":\"https:\/\/www.myvize.com.tr\/fransa\/subelerimiz\/trabzon\/\",\"name\":\"Fransa Trabzon Vizesi Ba\u015fvuru \u015eubemiz - MyVize\",\"isPartOf\":{\"@id\":\"https:\/\/www.myvize.com.tr\/fransa\/#website\"},\"datePublished\":\"2020-12-30T09:48:30+00:00\",\"dateModified\":\"2022-04-08T11:27:12+00:00\",\"description\":\"Fransa Vize Trabzon Vize Ba\u015fvuru \u015eubesi. Fransa Vizesi Trabzon Vize Ba\u015fvuru Merkezi. Fransa Vize Randevusu \u0130\u00e7in Trabzon \u015eubemizi Aray\u0131n.\",\"breadcrumb\":{\"@id\":\"https:\/\/www.myvize.com.tr\/fransa\/subelerimiz\/trabzon\/#breadcrumb\"},\"inLanguage\":\"tr\",\"potentialAction\":[{\"@type\":\"ReadAction\",\"target\":[\"https:\/\/www.myvize.com.tr\/fransa\/subelerimiz\/trabzon\/\"]}]},{\"@type\":\"BreadcrumbList\",\"@id\":\"https:\/\/www.myvize.com.tr\/fransa\/subelerimiz\/trabzon\/#breadcrumb\",\"itemListElement\":[{\"@type\":\"ListItem\",\"position\":1,\"name\":\"Anasayfa\",\"item\":\"https:\/\/www.myvize.com.tr\/fransa\/\"},{\"@type\":\"ListItem\",\"position\":2,\"name\":\"\u015eUBELER\u0130M\u0130Z\",\"item\":\"https:\/\/www.myvize.com.tr\/fransa\/subelerimiz\/\"},{\"@type\":\"ListItem\",\"position\":3,\"name\":\"Trabzon\"}]},{\"@type\":\"WebSite\",\"@id\":\"https:\/\/www.myvize.com.tr\/fransa\/#website\",\"url\":\"https:\/\/www.myvize.com.tr\/fransa\/\",\"name\":\"Fransa Vizesi\",\"description\":\"\",\"potentialAction\":[{\"@type\":\"SearchAction\",\"target\":{\"@type\":\"EntryPoint\",\"urlTemplate\":\"https:\/\/www.myvize.com.tr\/fransa\/?s={search_term_string}\"},\"query-input\":{\"@type\":\"PropertyValueSpecification\",\"valueRequired\":true,\"valueName\":\"search_term_string\"}}],\"inLanguage\":\"tr\"}]}<\/script>\n<!-- \/ Yoast SEO plugin. -->","yoast_head_json":{"title":"Fransa Trabzon Vizesi Ba\u015fvuru \u015eubemiz - MyVize","description":"Fransa Vize Trabzon Vize Ba\u015fvuru \u015eubesi. Fransa Vizesi Trabzon Vize Ba\u015fvuru Merkezi. Fransa Vize Randevusu \u0130\u00e7in Trabzon \u015eubemizi Aray\u0131n.","robots":{"index":"index","follow":"follow","max-snippet":"max-snippet:-1","max-image-preview":"max-image-preview:large","max-video-preview":"max-video-preview:-1"},"canonical":"https:\/\/www.myvize.com.tr\/fransa\/subelerimiz\/trabzon\/","og_locale":"tr_TR","og_type":"article","og_title":"Fransa Trabzon Vizesi Ba\u015fvuru \u015eubemiz - MyVize","og_description":"Fransa Vize Trabzon Vize Ba\u015fvuru \u015eubesi. Fransa Vizesi Trabzon Vize Ba\u015fvuru Merkezi. Fransa Vize Randevusu \u0130\u00e7in Trabzon \u015eubemizi Aray\u0131n.","og_url":"https:\/\/www.myvize.com.tr\/fransa\/subelerimiz\/trabzon\/","og_site_name":"Fransa Vizesi","article_modified_time":"2022-04-08T11:27:12+00:00","twitter_card":"summary_large_image","twitter_misc":{"Tahmini okuma s\u00fcresi":"1 dakika"},"schema":{"@context":"https:\/\/schema.org","@graph":[{"@type":"WebPage","@id":"https:\/\/www.myvize.com.tr\/fransa\/subelerimiz\/trabzon\/","url":"https:\/\/www.myvize.com.tr\/fransa\/subelerimiz\/trabzon\/","name":"Fransa Trabzon Vizesi Ba\u015fvuru \u015eubemiz - MyVize","isPartOf":{"@id":"https:\/\/www.myvize.com.tr\/fransa\/#website"},"datePublished":"2020-12-30T09:48:30+00:00","dateModified":"2022-04-08T11:27:12+00:00","description":"Fransa Vize Trabzon Vize Ba\u015fvuru \u015eubesi. Fransa Vizesi Trabzon Vize Ba\u015fvuru Merkezi. Fransa Vize Randevusu \u0130\u00e7in Trabzon \u015eubemizi Aray\u0131n.","breadcrumb":{"@id":"https:\/\/www.myvize.com.tr\/fransa\/subelerimiz\/trabzon\/#breadcrumb"},"inLanguage":"tr","potentialAction":[{"@type":"ReadAction","target":["https:\/\/www.myvize.com.tr\/fransa\/subelerimiz\/trabzon\/"]}]},{"@type":"BreadcrumbList","@id":"https:\/\/www.myvize.com.tr\/fransa\/subelerimiz\/trabzon\/#breadcrumb","itemListElement":[{"@type":"ListItem","position":1,"name":"Anasayfa","item":"https:\/\/www.myvize.com.tr\/fransa\/"},{"@type":"ListItem","position":2,"name":"\u015eUBELER\u0130M\u0130Z","item":"https:\/\/www.myvize.com.tr\/fransa\/subelerimiz\/"},{"@type":"ListItem","position":3,"name":"Trabzon"}]},{"@type":"WebSite","@id":"https:\/\/www.myvize.com.tr\/fransa\/#website","url":"https:\/\/www.myvize.com.tr\/fransa\/","name":"Fransa Vizesi","description":"","potentialAction":[{"@type":"SearchAction","target":{"@type":"EntryPoint","urlTemplate":"https:\/\/www.myvize.com.tr\/fransa\/?s={search_term_string}"},"query-input":{"@type":"PropertyValueSpecification","valueRequired":true,"valueName":"search_term_string"}}],"inLanguage":"tr"}]}},"_links":{"self":[{"href":"https:\/\/www.myvize.com.tr\/fransa\/wp-json\/wp\/v2\/pages\/221","targetHints":{"allow":["GET"]}}],"collection":[{"href":"https:\/\/www.myvize.com.tr\/fransa\/wp-json\/wp\/v2\/pages"}],"about":[{"href":"https:\/\/www.myvize.com.tr\/fransa\/wp-json\/wp\/v2\/types\/page"}],"author":[{"embeddable":true,"href":"https:\/\/www.myvize.com.tr\/fransa\/wp-json\/wp\/v2\/users\/1"}],"replies":[{"embeddable":true,"href":"https:\/\/www.myvize.com.tr\/fransa\/wp-json\/wp\/v2\/comments?post=221"}],"version-history":[{"count":5,"href":"https:\/\/www.myvize.com.tr\/fransa\/wp-json\/wp\/v2\/pages\/221\/revisions"}],"predecessor-version":[{"id":1385,"href":"https:\/\/www.myvize.com.tr\/fransa\/wp-json\/wp\/v2\/pages\/221\/revisions\/1385"}],"up":[{"embeddable":true,"href":"https:\/\/www.myvize.com.tr\/fransa\/wp-json\/wp\/v2\/pages\/218"}],"wp:attachment":[{"href":"https:\/\/www.myvize.com.tr\/fransa\/wp-json\/wp\/v2\/media?parent=221"}],"curies":[{"name":"wp","href":"https:\/\/api.w.org\/{rel}","templated":true}]}}