{"id":237,"date":"2020-12-30T12:50:42","date_gmt":"2020-12-30T09:50:42","guid":{"rendered":"https:\/\/www.myvize.com.tr\/fransa\/?page_id=237"},"modified":"2022-04-08T14:13:35","modified_gmt":"2022-04-08T11:13:35","slug":"ankara","status":"publish","type":"page","link":"https:\/\/www.myvize.com.tr\/fransa\/subelerimiz\/ankara\/","title":{"rendered":"Ankara"},"content":{"rendered":"<p><span style=\"font-family: Roboto;\"><\/span><\/p>\r\n<h2 class=\"wp-block-heading\"><strong><span style=\"font-family: Roboto; font-size: 27px;\">Fransa Ankara Vize Ba\u015fvuru Merkezi<\/span><\/strong><\/h2>\r\n<p><span style=\"font-family: Roboto; font-size: 14px;\">\r\n\r\n<\/span><\/p>\r\n<p><span style=\"font-family: Roboto; font-size: 14px;\"><strong>Fransa vize ba\u015fvurular\u0131<\/strong> Fransa Konsoloslu\u011fu taraf\u0131ndan yetkilendirilmi\u015f vize ba\u015fvuru merkezleri arac\u0131l\u0131\u011f\u0131 ile yap\u0131lmaktad\u0131r. Ankara ve \u00e7evresinde ya\u015fayan T\u00fcrkiye Cumhuriyeti vatanda\u015flar\u0131 ve T\u00fcrkiye Cumhuriyeti\u2019nde oturma izni olan \u00fc\u00e7\u00fcnc\u00fc \u00fclke vatanda\u015flar\u0131 vize ba\u015fvurular\u0131n\u0131<strong> Fransa Ankara Vize Ba\u015fvuru Merkezi\u2019nde<\/strong> yapabilir. Vize ba\u015fvurular\u0131 <strong>Fransa Ankara Vize Ba\u015fvuru Merkezi<\/strong> arac\u0131l\u0131\u011f\u0131 ile Fransa Konsoloslu\u011funa veya Fransa Ankara B\u00fcy\u00fckel\u00e7ili\u011fi\u2019ne iletilir.<\/span><\/p>\r\n<p><span style=\"font-family: Roboto; font-size: 14px;\">\r\n\r\n<\/span><\/p>\r\n<h2 class=\"wp-block-heading\"><strong><span style=\"font-family: Roboto; font-size: 27px;\">Fransa Ankara Vize Ba\u015fvuru Merkezi Vize Ba\u015fvurusu Nas\u0131l Yap\u0131l\u0131r?<\/span><\/strong><\/h2>\r\n<p><span style=\"font-family: Roboto; font-size: 14px;\">\r\n\r\n<\/span><\/p>\r\n<p><span style=\"font-family: Roboto; font-size: 14px;\">Shengen \u00fclkesi Fransa\u2019dan vize al\u0131rsan\u0131z b\u00fct\u00fcn Schengen \u00fclkelerine ziyarette bulunabilirsiniz. Ankara ve \u00e7evresinde ikamet ediyorsan\u0131z Fransa Ankara Vize Ba\u015fvuru Merkezi ile <span style=\"color: #2acec2;\"><strong><a style=\"color: #2acec2;\" href=\"https:\/\/www.myvize.com.tr\/fransa\/vize-islemleri\/fransa-vize-basvurusu\/\" target=\"_blank\" rel=\"noopener\">Fransa vize ba\u015fvurusu <\/a><\/strong><\/span>yapabilirsiniz. <strong>Fransa Ankara Vize Ba\u015fvuru<\/strong> Merkezi arac\u0131l\u0131\u011f\u0131 ile yapaca\u011f\u0131n\u0131z vize ba\u015fvurular\u0131n\u0131 de\u011ferlendirme yetkisi Fransa Konsoloslu\u011funa aittir. Ba\u015fvurular\u0131n\u0131z Schengen vizesi \u00e7er\u00e7evesinde de\u011ferlendirilir.<\/span><\/p>\r\n<p><span style=\"font-family: Roboto; font-size: 14px;\">\r\n\r\n<\/span><\/p>\r\n<p><span style=\"font-family: Roboto; font-size: 14px;\"><strong>Fransa vize<\/strong> ba\u015fvurusunda bulunmak i\u00e7i \u00f6ncelikle seyahat amac\u0131n\u0131za g\u00f6re online vize ba\u015fvuru formunu doldurman\u0131z gerekmektedir. Ard\u0131ndan biyometrik veri randevusu almal\u0131s\u0131n\u0131z. Daha sonra ise bizzat Fransa Ankara Vize Ba\u015fvuru Merkezine giderek vize ba\u015fvurunuzu ba\u015flatmal\u0131s\u0131n\u0131z. Ba\u015fvuruyu yaparken verece\u011finiz evraklar g\u00fcncel ve do\u011fru olmal\u0131d\u0131r.<\/span><\/p>\r\n<p><span style=\"font-family: Roboto; font-size: 14px;\"><\/span><\/p>\r\n<p><span style=\"font-family: Roboto; font-size: 14px;\"><img decoding=\"async\" src=\"https:\/\/www.myvize.com.tr\/fransa\/wp-content\/uploads\/2021\/09\/11-6.jpg\" \/><\/span><\/p>\r\n<p><span style=\"font-family: Roboto; font-size: 14px;\"><\/span><\/p>\r\n<h2 class=\"wp-block-heading\"><span style=\"font-family: Roboto; font-size: 27px;\">Fransa Ankara Vize Ba\u015fvuru Merkezi Taraf\u0131ndan \u0130stenen Belgeler<\/span><\/h2>\r\n<p><span style=\"font-family: Roboto; font-size: 14px;\">\r\n\r\n<\/span><\/p>\r\n<ul class=\"wp-block-list\">\r\n<li><span style=\"font-family: Roboto; font-size: 14px;\">10 y\u0131l i\u00e7erisinde al\u0131nm\u0131\u015f ve en az 6 ay ge\u00e7erlili\u011fi olan pasaport, en az iki sayfas\u0131n\u0131n bo\u015f olmas\u0131 gerekmektedir.<\/span><\/li>\r\n<li><span style=\"font-family: Roboto; font-size: 14px;\">Seyahat bilgilerinizin oldu\u011fu belgeler; U\u00e7ak bileti, otob\u00fcs bileti gibi belgeler.<\/span><\/li>\r\n<li><span style=\"font-family: Roboto; font-size: 14px;\">Seyahatiniz s\u00fcrecinde nerede konaklayaca\u011f\u0131n\u0131z\u0131 kan\u0131tlayan belgeler.<\/span><\/li>\r\n<li><span style=\"font-family: Roboto; font-size: 14px;\">Online vize ba\u015fvuru formunun \u00e7\u0131kt\u0131s\u0131<\/span><\/li>\r\n<li><span style=\"font-family: Roboto; font-size: 14px;\">Gelir durumunuzu g\u00f6steren belgeler<\/span><\/li>\r\n<li><span style=\"font-family: Roboto; font-size: 14px;\">Banka hesap d\u00f6k\u00fcm\u00fc<\/span><\/li>\r\n<li><span style=\"font-family: Roboto; font-size: 14px;\">Kimlik Fotokopisi<\/span><\/li>\r\n<li><span style=\"font-family: Roboto; font-size: 14px;\">Seyahat sonunda \u00fclkenize d\u00f6nece\u011finizi kan\u0131tlayan rezervasyon bilgileri<\/span><\/li>\r\n<li><span style=\"font-family: Roboto; font-size: 14px;\">Seyahat amac\u0131n\u0131za uygun di\u011fer belgeler<\/span><\/li>\r\n<li><span style=\"font-family: Roboto; font-size: 14px;\">Vize harc\u0131n\u0131 yat\u0131rd\u0131\u011f\u0131n\u0131z\u0131 g\u00f6steren dekont<\/span><\/li>\r\n<li><span style=\"font-family: Roboto; font-size: 14px;\">Seyahat Sa\u011fl\u0131k Sigortas\u0131<\/span><\/li>\r\n<\/ul>\r\n<p><span style=\"font-family: Roboto; font-size: 14px;\">\r\n\r\n<\/span><\/p>\r\n<p><span style=\"font-family: Roboto; font-size: 14px;\"><strong>Fransa Ankara Vize Ba\u015fvuru Merkezi<\/strong> bu belgeleri al\u0131r ve sizin ad\u0131n\u0131za Fransa Konsolosluklar\u0131na veya B\u00fcy\u00fckel\u00e7ili\u011fe g\u00f6nderir. Vize ba\u015fvuru merkezinin bu ba\u015fvurular\u0131 de\u011ferlendirme yetkisi yoktur. <strong>Fransa Ankara Vize Ba\u015fvuru<\/strong> Merkezi belgelerinizi kabul etmekle y\u00fck\u00fcml\u00fcd\u00fcr. Karar verme yetkisi Fransa Ankara B\u00fcy\u00fckel\u00e7ili\u011fine ve Fransa Konsolosluklar\u0131na aittir. Vize ba\u015fvurunuz 10-15 i\u015f g\u00fcn\u00fc i\u00e7erisinde sonu\u00e7lanmaktad\u0131r. Ayr\u0131ca <strong>Fransa konsoloslu\u011fu<\/strong> ek belge talep etme ve m\u00fclakata \u00e7a\u011f\u0131rma yetkisine sahiptir.<\/span><\/p>\r\n<p><span style=\"font-family: Roboto; font-size: 14px;\">\r\n\r\n<\/span><\/p>\r\n<p><span style=\"font-family: Roboto; font-size: 14px;\">Vize ba\u015fvurunuz olumsuz sonu\u00e7lan\u0131rsa konsolosluk ba\u015fvuru sahibine bunun nedenlerini a\u00e7\u0131klayan yaz\u0131l\u0131 bir mektup g\u00f6ndermektedir. Ret durumunda vize ba\u015fvuru \u00fccretleri geri iade edilmez. Ancak ret cevab\u0131na itiraz hakk\u0131n\u0131z bulunmaktad\u0131r.<\/span><\/p>\r\n<p><span style=\"font-family: Roboto;\"><\/span><\/p>","protected":false},"excerpt":{"rendered":"<p>Fransa Ankara Vize Ba\u015fvuru Merkezi Fransa vize ba\u015fvurular\u0131 Fransa Konsoloslu\u011fu taraf\u0131ndan yetkilendirilmi\u015f vize ba\u015fvuru merkezleri arac\u0131l\u0131\u011f\u0131 ile yap\u0131lmaktad\u0131r. Ankara ve \u00e7evresinde ya\u015fayan T\u00fcrkiye Cumhuriyeti vatanda\u015flar\u0131 ve T\u00fcrkiye Cumhuriyeti\u2019nde oturma izni olan \u00fc\u00e7\u00fcnc\u00fc \u00fclke vatanda\u015flar\u0131 vize ba\u015fvurular\u0131n\u0131 Fransa Ankara Vize Ba\u015fvuru Merkezi\u2019nde yapabilir. Vize ba\u015fvurular\u0131 Fransa Ankara Vize Ba\u015fvuru Merkezi arac\u0131l\u0131\u011f\u0131 ile Fransa Konsoloslu\u011funa veya Fransa<\/p>\n","protected":false},"author":1,"featured_media":0,"parent":218,"menu_order":0,"comment_status":"open","ping_status":"closed","template":"","meta":{"footnotes":""},"class_list":["post-237","page","type-page","status-publish","hentry"],"yoast_head":"<!-- This site is optimized with the Yoast SEO plugin v24.0 - https:\/\/yoast.com\/wordpress\/plugins\/seo\/ -->\n<title>Fransa Ankara Vizesi Ba\u015fvuru \u015eubemiz - MyVize<\/title>\n<meta name=\"description\" content=\"Fransa Vizesi Ankara Vize Ba\u015fvuru Merkezi. Fransa Vizesi Nas\u0131l Al\u0131n\u0131r? Fransa Vize Ba\u015fvurusu Nas\u0131l Yap\u0131l\u0131r? Bilgi \u0130\u00e7in Aray\u0131n: 0850 346 84 93\" \/>\n<meta name=\"robots\" content=\"index, follow, max-snippet:-1, max-image-preview:large, max-video-preview:-1\" \/>\n<link rel=\"canonical\" href=\"https:\/\/www.myvize.com.tr\/fransa\/subelerimiz\/ankara\/\" \/>\n<meta property=\"og:locale\" content=\"tr_TR\" \/>\n<meta property=\"og:type\" content=\"article\" \/>\n<meta property=\"og:title\" content=\"Fransa Ankara Vizesi Ba\u015fvuru \u015eubemiz - MyVize\" \/>\n<meta property=\"og:description\" content=\"Fransa Vizesi Ankara Vize Ba\u015fvuru Merkezi. Fransa Vizesi Nas\u0131l Al\u0131n\u0131r? Fransa Vize Ba\u015fvurusu Nas\u0131l Yap\u0131l\u0131r? Bilgi \u0130\u00e7in Aray\u0131n: 0850 346 84 93\" \/>\n<meta property=\"og:url\" content=\"https:\/\/www.myvize.com.tr\/fransa\/subelerimiz\/ankara\/\" \/>\n<meta property=\"og:site_name\" content=\"Fransa Vizesi\" \/>\n<meta property=\"article:modified_time\" content=\"2022-04-08T11:13:35+00:00\" \/>\n<meta property=\"og:image\" content=\"https:\/\/www.myvize.com.tr\/fransa\/wp-content\/uploads\/2021\/09\/11-6.jpg\" \/>\n<meta name=\"twitter:card\" content=\"summary_large_image\" \/>\n<meta name=\"twitter:label1\" content=\"Tahmini okuma s\u00fcresi\" \/>\n\t<meta name=\"twitter:data1\" content=\"2 dakika\" \/>\n<script type=\"application\/ld+json\" class=\"yoast-schema-graph\">{\"@context\":\"https:\/\/schema.org\",\"@graph\":[{\"@type\":\"WebPage\",\"@id\":\"https:\/\/www.myvize.com.tr\/fransa\/subelerimiz\/ankara\/\",\"url\":\"https:\/\/www.myvize.com.tr\/fransa\/subelerimiz\/ankara\/\",\"name\":\"Fransa Ankara Vizesi Ba\u015fvuru \u015eubemiz - MyVize\",\"isPartOf\":{\"@id\":\"https:\/\/www.myvize.com.tr\/fransa\/#website\"},\"primaryImageOfPage\":{\"@id\":\"https:\/\/www.myvize.com.tr\/fransa\/subelerimiz\/ankara\/#primaryimage\"},\"image\":{\"@id\":\"https:\/\/www.myvize.com.tr\/fransa\/subelerimiz\/ankara\/#primaryimage\"},\"thumbnailUrl\":\"https:\/\/www.myvize.com.tr\/fransa\/wp-content\/uploads\/2021\/09\/11-6.jpg\",\"datePublished\":\"2020-12-30T09:50:42+00:00\",\"dateModified\":\"2022-04-08T11:13:35+00:00\",\"description\":\"Fransa Vizesi Ankara Vize Ba\u015fvuru Merkezi. Fransa Vizesi Nas\u0131l Al\u0131n\u0131r? Fransa Vize Ba\u015fvurusu Nas\u0131l Yap\u0131l\u0131r? Bilgi \u0130\u00e7in Aray\u0131n: 0850 346 84 93\",\"breadcrumb\":{\"@id\":\"https:\/\/www.myvize.com.tr\/fransa\/subelerimiz\/ankara\/#breadcrumb\"},\"inLanguage\":\"tr\",\"potentialAction\":[{\"@type\":\"ReadAction\",\"target\":[\"https:\/\/www.myvize.com.tr\/fransa\/subelerimiz\/ankara\/\"]}]},{\"@type\":\"ImageObject\",\"inLanguage\":\"tr\",\"@id\":\"https:\/\/www.myvize.com.tr\/fransa\/subelerimiz\/ankara\/#primaryimage\",\"url\":\"https:\/\/www.myvize.com.tr\/fransa\/wp-content\/uploads\/2021\/09\/11-6.jpg\",\"contentUrl\":\"https:\/\/www.myvize.com.tr\/fransa\/wp-content\/uploads\/2021\/09\/11-6.jpg\",\"width\":800,\"height\":500,\"caption\":\"Fransa \u015eubelerimiz Ankara\"},{\"@type\":\"BreadcrumbList\",\"@id\":\"https:\/\/www.myvize.com.tr\/fransa\/subelerimiz\/ankara\/#breadcrumb\",\"itemListElement\":[{\"@type\":\"ListItem\",\"position\":1,\"name\":\"Anasayfa\",\"item\":\"https:\/\/www.myvize.com.tr\/fransa\/\"},{\"@type\":\"ListItem\",\"position\":2,\"name\":\"\u015eUBELER\u0130M\u0130Z\",\"item\":\"https:\/\/www.myvize.com.tr\/fransa\/subelerimiz\/\"},{\"@type\":\"ListItem\",\"position\":3,\"name\":\"Ankara\"}]},{\"@type\":\"WebSite\",\"@id\":\"https:\/\/www.myvize.com.tr\/fransa\/#website\",\"url\":\"https:\/\/www.myvize.com.tr\/fransa\/\",\"name\":\"Fransa Vizesi\",\"description\":\"\",\"potentialAction\":[{\"@type\":\"SearchAction\",\"target\":{\"@type\":\"EntryPoint\",\"urlTemplate\":\"https:\/\/www.myvize.com.tr\/fransa\/?s={search_term_string}\"},\"query-input\":{\"@type\":\"PropertyValueSpecification\",\"valueRequired\":true,\"valueName\":\"search_term_string\"}}],\"inLanguage\":\"tr\"}]}<\/script>\n<!-- \/ Yoast SEO plugin. -->","yoast_head_json":{"title":"Fransa Ankara Vizesi Ba\u015fvuru \u015eubemiz - MyVize","description":"Fransa Vizesi Ankara Vize Ba\u015fvuru Merkezi. Fransa Vizesi Nas\u0131l Al\u0131n\u0131r? Fransa Vize Ba\u015fvurusu Nas\u0131l Yap\u0131l\u0131r? Bilgi \u0130\u00e7in Aray\u0131n: 0850 346 84 93","robots":{"index":"index","follow":"follow","max-snippet":"max-snippet:-1","max-image-preview":"max-image-preview:large","max-video-preview":"max-video-preview:-1"},"canonical":"https:\/\/www.myvize.com.tr\/fransa\/subelerimiz\/ankara\/","og_locale":"tr_TR","og_type":"article","og_title":"Fransa Ankara Vizesi Ba\u015fvuru \u015eubemiz - MyVize","og_description":"Fransa Vizesi Ankara Vize Ba\u015fvuru Merkezi. Fransa Vizesi Nas\u0131l Al\u0131n\u0131r? Fransa Vize Ba\u015fvurusu Nas\u0131l Yap\u0131l\u0131r? Bilgi \u0130\u00e7in Aray\u0131n: 0850 346 84 93","og_url":"https:\/\/www.myvize.com.tr\/fransa\/subelerimiz\/ankara\/","og_site_name":"Fransa Vizesi","article_modified_time":"2022-04-08T11:13:35+00:00","og_image":[{"url":"https:\/\/www.myvize.com.tr\/fransa\/wp-content\/uploads\/2021\/09\/11-6.jpg","type":"","width":"","height":""}],"twitter_card":"summary_large_image","twitter_misc":{"Tahmini okuma s\u00fcresi":"2 dakika"},"schema":{"@context":"https:\/\/schema.org","@graph":[{"@type":"WebPage","@id":"https:\/\/www.myvize.com.tr\/fransa\/subelerimiz\/ankara\/","url":"https:\/\/www.myvize.com.tr\/fransa\/subelerimiz\/ankara\/","name":"Fransa Ankara Vizesi Ba\u015fvuru \u015eubemiz - MyVize","isPartOf":{"@id":"https:\/\/www.myvize.com.tr\/fransa\/#website"},"primaryImageOfPage":{"@id":"https:\/\/www.myvize.com.tr\/fransa\/subelerimiz\/ankara\/#primaryimage"},"image":{"@id":"https:\/\/www.myvize.com.tr\/fransa\/subelerimiz\/ankara\/#primaryimage"},"thumbnailUrl":"https:\/\/www.myvize.com.tr\/fransa\/wp-content\/uploads\/2021\/09\/11-6.jpg","datePublished":"2020-12-30T09:50:42+00:00","dateModified":"2022-04-08T11:13:35+00:00","description":"Fransa Vizesi Ankara Vize Ba\u015fvuru Merkezi. Fransa Vizesi Nas\u0131l Al\u0131n\u0131r? Fransa Vize Ba\u015fvurusu Nas\u0131l Yap\u0131l\u0131r? Bilgi \u0130\u00e7in Aray\u0131n: 0850 346 84 93","breadcrumb":{"@id":"https:\/\/www.myvize.com.tr\/fransa\/subelerimiz\/ankara\/#breadcrumb"},"inLanguage":"tr","potentialAction":[{"@type":"ReadAction","target":["https:\/\/www.myvize.com.tr\/fransa\/subelerimiz\/ankara\/"]}]},{"@type":"ImageObject","inLanguage":"tr","@id":"https:\/\/www.myvize.com.tr\/fransa\/subelerimiz\/ankara\/#primaryimage","url":"https:\/\/www.myvize.com.tr\/fransa\/wp-content\/uploads\/2021\/09\/11-6.jpg","contentUrl":"https:\/\/www.myvize.com.tr\/fransa\/wp-content\/uploads\/2021\/09\/11-6.jpg","width":800,"height":500,"caption":"Fransa \u015eubelerimiz Ankara"},{"@type":"BreadcrumbList","@id":"https:\/\/www.myvize.com.tr\/fransa\/subelerimiz\/ankara\/#breadcrumb","itemListElement":[{"@type":"ListItem","position":1,"name":"Anasayfa","item":"https:\/\/www.myvize.com.tr\/fransa\/"},{"@type":"ListItem","position":2,"name":"\u015eUBELER\u0130M\u0130Z","item":"https:\/\/www.myvize.com.tr\/fransa\/subelerimiz\/"},{"@type":"ListItem","position":3,"name":"Ankara"}]},{"@type":"WebSite","@id":"https:\/\/www.myvize.com.tr\/fransa\/#website","url":"https:\/\/www.myvize.com.tr\/fransa\/","name":"Fransa Vizesi","description":"","potentialAction":[{"@type":"SearchAction","target":{"@type":"EntryPoint","urlTemplate":"https:\/\/www.myvize.com.tr\/fransa\/?s={search_term_string}"},"query-input":{"@type":"PropertyValueSpecification","valueRequired":true,"valueName":"search_term_string"}}],"inLanguage":"tr"}]}},"_links":{"self":[{"href":"https:\/\/www.myvize.com.tr\/fransa\/wp-json\/wp\/v2\/pages\/237","targetHints":{"allow":["GET"]}}],"collection":[{"href":"https:\/\/www.myvize.com.tr\/fransa\/wp-json\/wp\/v2\/pages"}],"about":[{"href":"https:\/\/www.myvize.com.tr\/fransa\/wp-json\/wp\/v2\/types\/page"}],"author":[{"embeddable":true,"href":"https:\/\/www.myvize.com.tr\/fransa\/wp-json\/wp\/v2\/users\/1"}],"replies":[{"embeddable":true,"href":"https:\/\/www.myvize.com.tr\/fransa\/wp-json\/wp\/v2\/comments?post=237"}],"version-history":[{"count":5,"href":"https:\/\/www.myvize.com.tr\/fransa\/wp-json\/wp\/v2\/pages\/237\/revisions"}],"predecessor-version":[{"id":1377,"href":"https:\/\/www.myvize.com.tr\/fransa\/wp-json\/wp\/v2\/pages\/237\/revisions\/1377"}],"up":[{"embeddable":true,"href":"https:\/\/www.myvize.com.tr\/fransa\/wp-json\/wp\/v2\/pages\/218"}],"wp:attachment":[{"href":"https:\/\/www.myvize.com.tr\/fransa\/wp-json\/wp\/v2\/media?parent=237"}],"curies":[{"name":"wp","href":"https:\/\/api.w.org\/{rel}","templated":true}]}}