{"id":399,"date":"2021-07-07T18:28:43","date_gmt":"2021-07-07T15:28:43","guid":{"rendered":"https:\/\/www.myvize.com.tr\/fransa\/?page_id=399"},"modified":"2022-05-23T22:39:03","modified_gmt":"2022-05-23T19:39:03","slug":"fransa-vize-fotograf-olcusu","status":"publish","type":"page","link":"https:\/\/www.myvize.com.tr\/fransa\/form-ve-dilekce\/fransa-vize-fotograf-olcusu\/","title":{"rendered":"Fransa Vize Foto\u011fraf \u00d6l\u00e7\u00fcs\u00fc"},"content":{"rendered":"<p><span style=\"font-family: Roboto;\"><\/span><\/p>\r\n<p><span style=\"font-family: Roboto; font-size: 14px;\"><strong>Fransa vize i\u015flemlerini<\/strong> ba\u015fvurusunda foto\u011fraf \u00f6l\u00e7\u00fcleri olduk\u00e7a \u00f6nem ta\u015f\u0131maktad\u0131r. <strong>Fransa vize<\/strong> ba\u015fvurusunda kullan\u0131lacak olan resim profiliniz vize i\u015fleyi\u015fini daha kolayla\u015ft\u0131racakt\u0131r. <span style=\"color: #2acec2;\"><strong><a style=\"color: #2acec2;\" href=\"https:\/\/www.myvize.com.tr\/fransa\/vize-islemleri\/fransa-vizesi\/\" target=\"_blank\" rel=\"noopener\">Fransa vizesi <\/a><\/strong><\/span>i\u00e7in uygulanmas\u0131 gereken resim \u00f6l\u00e7\u00fclerinde dikkatli davran\u0131lmal\u0131d\u0131r. Aksi takdirde \u00e7ektirilen resim vize yetkilileri taraf\u0131ndan kabul edilmez. Bununla birlikte <strong>Fransa vizesi<\/strong> i\u00e7in \u00e7ektirilecek resimlerde n\u00f6tr bir duru\u015f sergilenmelidir. Arka fon olarak beyaz kullan\u0131lmas\u0131 vazge\u00e7ilmez bir kurald\u0131r. Fransa\u2019ya vize \u00e7\u0131kartmak isteyen birinin vize foto\u011fraf \u00f6l\u00e7\u00fcleri 35*45 olarak belirlenmi\u015ftir. Bu y\u00fczden bu \u00f6l\u00e7\u00fcn\u00fcn haricinde herhangi bir resim boyuna izin verilmemektedir.<\/span><\/p>\r\n<h2><span style=\"font-family: Roboto; font-size: 27px;\"><b>Fransa Vizesi Foto\u011fraf \u00d6l\u00e7\u00fcs\u00fc<\/b><\/span><\/h2>\r\n<p><span style=\"font-family: Roboto; font-size: 14px;\"><strong>Schengen B\u00f6lgesi<\/strong> vize sistemine tabi olan t\u00fcm \u00fclkelerde oldu\u011fu gibi Fransa da ayn\u0131 ko\u015fullara tabidir. <strong>Vize i\u015flemleri<\/strong> i\u00e7in istenen biyometrik foto\u011fraf \u00f6l\u00e7\u00fcs\u00fc 35*45mm.&#8217;dir. Vize ba\u015fvurusunda bulunan ki\u015finin istenilen \u00f6zelliklerdeki foto\u011fraf\u0131, 10 parma\u011f\u0131 ile birlikte biyometrik veri sistemine i\u015flenecektir. Foto\u011fraf g\u00fcncel durumu g\u00f6stermesi gerekti\u011finden son 3 ay i\u00e7inde \u00e7ekilmi\u015f ve daha \u00f6nceden<span style=\"color: #2acec2;\"><strong><a style=\"color: #2acec2;\" href=\"https:\/\/www.myvize.com.tr\/fransa\/fransa-schengen-vizesi\/\" target=\"_blank\" rel=\"noopener\"> Fransa Schengen vizesi <\/a><\/strong><\/span>al\u0131rken de kullan\u0131lmam\u0131\u015f olmas\u0131 gereklidir. Foto\u011frafta esas olan y\u00fcz\u00fcn yak\u0131n planda \u00e7ekilmesi oldu\u011fundan, \u00e7ekim yap\u0131l\u0131rken objektif ile ki\u015fi aras\u0131nda 40 cm. mesafe olmal\u0131d\u0131r.<\/span><\/p>\r\n<p><span style=\"font-family: Roboto; font-size: 14px;\">Y\u00fczdeki yara izi, do\u011fum lekesi, ben vb. unsurlar k\u00f6t\u00fc g\u00f6r\u00fcn\u00fcyor gerek\u00e7esiyle kamufle edilmemelidir.<\/span><\/p>\r\n<p><span style=\"font-family: Roboto; font-size: 14px;\">Ki\u015finin\u00a0<strong>Fransa vize<\/strong>\u00a0foto\u011fraf\u0131 \u00e7ekilirken duru\u015fu d\u00fcz olmal\u0131d\u0131r. Y\u00fcz\u00fcnde n\u00f6tr bir ifade ve g\u00f6zler tam a\u00e7\u0131k bir \u015fekilde duru\u015f sergilenmelidir. K\u0131rm\u0131z\u0131 g\u00f6z olu\u015fumu, \u0131\u015f\u0131k ayarlar\u0131 yap\u0131larak engellenmelidir. D\u00fcz beyaz arka zemin \u00fczerinde herhangi bir yans\u0131ma, g\u00f6lge olmamal\u0131d\u0131r.<\/span><\/p>\r\n<p><span style=\"font-family: Roboto; font-size: 14px;\">Foto\u011fraf \u00e7ekiminden sonra bireyin y\u00fcz\u00fcn\u00fcn tan\u0131nmas\u0131n\u0131 engelleyecek estetik operasyonlardan uzak durmas\u0131 \u00f6nerilir. Burun esteti\u011fi, dudak ve yanaklarda yap\u0131lan botoks i\u015flemleri, y\u00fcz gerdirme operasyonlar\u0131 vb. i\u015flemler ki\u015finin tan\u0131nmas\u0131n\u0131 g\u00fc\u00e7le\u015ftirecektir; o nedenle foto\u011fraf \u00e7ekiminden sonra tavsiye edilmemektedir.<\/span><\/p>\r\n<p><span style=\"font-family: Roboto; font-size: 14px;\"><strong>Fransa vize<\/strong>\u00a0foto\u011fraf\u0131 \u00e7ekilirken y\u00fcze ve ba\u015fa hi\u00e7bir aksesuar tak\u0131lmas\u0131na izin verilmemektedir. K\u00fcpe, kolye, piercing vb. tak\u0131lar tak\u0131lmayacakt\u0131r. Ba\u015fa \u015fapka, bere vb. aksesuar tak\u0131lmaz. Ancak dini sebepler nedeniyle kad\u0131nlar\u0131n yanaklar, \u015fakak ve al\u0131n olacak \u015fekilde ba\u015f\u00f6rt\u00fc ve t\u00fcrban kullanmas\u0131na izin verilmi\u015ftir. Erkekler sakal ve b\u0131y\u0131k b\u0131rakamaz.\u00a0<\/span><\/p>\r\n<p><span style=\"font-family: Roboto; font-size: 14px;\">\r\n\r\n<\/span><\/p>\r\n<h2><span style=\"font-family: Roboto; font-size: 27px;\"><strong>Fransa Vize Foto\u011fraf Boyutlar\u0131<\/strong><\/span><\/h2>\r\n<p><span style=\"font-family: Roboto; font-size: 14px;\">\r\n\r\n<\/span><\/p>\r\n<p><span style=\"font-family: Roboto; font-size: 14px;\"><strong>Fransa\u2019ya vize almak<\/strong> i\u00e7in vize foto\u011fraflar\u0131n\u0131n detaylar\u0131 \u00f6nemli bir unsurdur. <strong>Fransa vize foto\u011fraf boyutlar\u0131<\/strong> y\u00fcksekli\u011fi 45 mm geni\u015fli\u011fi ise 35 mm olacak \u015fekilde ayarlanmal\u0131d\u0131r. Aksi takdirde farkl\u0131 boyutlarda uygulanan resimler <span style=\"color: #2acec2;\"><strong><a style=\"color: #2acec2;\" href=\"https:\/\/www.myvize.com.tr\/fransa\/vize-islemleri\/\" target=\"_blank\" rel=\"noopener\">vize i\u015flemleri <\/a><\/strong><\/span>i\u00e7in kabul edilmeyecektir. Resim profilinde y\u00fcz\u00fc belirgin olacak \u015fekilde durulmal\u0131d\u0131r. I\u015f\u0131k yans\u0131mas\u0131 veya y\u00fcz\u00fcn g\u00f6r\u00fcnmesini engelleyici unsurlar olmamal\u0131d\u0131r. Fransa vizesi profil resminiz do\u011fal olacak \u015fekilde \u00e7ekilmelidir. G\u00fcl\u00fcmseyen bir duru\u015f uygun bulunmayacakt\u0131r. Ayr\u0131ca teslim edilecek resim alt\u0131 ay\u0131 ge\u00e7memesine dikkat edilmelidir.<\/span><\/p>\r\n<p><img decoding=\"async\" src=\"https:\/\/www.myvize.com.tr\/fransa\/wp-content\/uploads\/2021\/09\/74.jpg\" \/><\/p>\r\n<p><span style=\"font-family: Roboto; font-size: 14px;\">Fransa, Avrupa Birli\u011fi s\u0131n\u0131rlar\u0131nda bulunan ve biz T\u00fcrkiye Cumhuriyeti vatanda\u015flar\u0131n\u0131n bordo (umumi) pasaport sahiplerinden Fransa topraklar\u0131na giri\u015f yapabilmek i\u00e7in <strong>Fransa vizesi<\/strong> bekleyen bir \u00fclkedir. <strong>Fransa vize \u00e7e\u015fitleri<\/strong> bir\u00e7ok alt ba\u015fl\u0131kta toplansa dahi al\u0131nan <strong>Fransa vizesi<\/strong> pasaporta arac\u0131 \u015firket ve konsolosluk kanal\u0131yla i\u015flendi\u011fi i\u00e7in belli standartlara sahiptir. <strong>Fransa vize foto\u011fraf \u00f6l\u00e7\u00fcs\u00fc<\/strong> ile ilgili ara\u015ft\u0131rma yap\u0131ld\u0131\u011f\u0131nda internette daha eski y\u0131llara ait aramalarla kar\u015f\u0131la\u015f\u0131lmas\u0131 \u00e7ok m\u00fcmk\u00fcnd\u00fcr. Bu durum da kafa kar\u0131\u015f\u0131kl\u0131\u011f\u0131na sebebiyet verebilmektedir. Yap\u0131lan g\u00fcncellemeler \u0131\u015f\u0131\u011f\u0131nda <strong>Fransa vize foto\u011fraf \u00f6l\u00e7\u00fcs\u00fcnde<\/strong> belli de\u011fi\u015fiklikler olmu\u015ftur. Bu de\u011fi\u015fiklikler \u015fu \u015fekildedir:<\/span><\/p>\r\n<ul>\r\n<li><span style=\"font-family: Roboto; font-size: 14px;\"><strong>Fransa vizesi<\/strong> i\u00e7in \u00e7ekilmi\u015f foto\u011fraf en fazla 6 ay \u00f6ncesine ait olmal\u0131d\u0131r ve en az 2 adet olarak teslim edilmelidir.<\/span><\/li>\r\n<li><span style=\"font-family: Roboto; font-size: 14px;\">\u00c7ektirilen <strong>Fransa vizesi foto\u011fraf\u0131n\u0131n <\/strong>\u00f6l\u00e7\u00fcleri 35mm geni\u015fli\u011finde ve 45mm y\u00fcksekli\u011finde olmak zorundad\u0131r.<\/span><\/li>\r\n<li><span style=\"font-family: Roboto; font-size: 14px;\"><strong>Fransa vizesi foto\u011fraf\u0131<\/strong> \u00e7ektiren ki\u015finin y\u00fcz\u00fc tam olarak foto\u011fraf makinesine d\u00f6n\u00fck olmak zorundad\u0131r.<\/span><\/li>\r\n<li><span style=\"font-family: Roboto; font-size: 14px;\"><strong>Fransa vize foto\u011fraf\u0131 <\/strong>\u00e7ekilirken foto\u011fraf ba\u015f\u0131n \u00fcst k\u0131sm\u0131 ile \u00e7ene alt\u0131n\u0131 da kadraja alacak \u015fekilde ayarlanmal\u0131d\u0131r.<\/span><\/li>\r\n<li><span style=\"font-family: Roboto; font-size: 14px;\"><strong>Fransa vize foto\u011fraf\u0131<\/strong> profesyonel olarak bu hizmeti veren uygun kurumlarda yap\u0131lmal\u0131d\u0131r.<\/span><\/li>\r\n<li><span style=\"font-family: Roboto; font-size: 14px;\"><strong>Fransa vizesi <\/strong>i\u00e7in foto\u011fraf \u00e7ektirirken y\u00fczde mimi olmamas\u0131na \u00e7ok \u00f6zen g\u00f6sterilmelidir ve a\u011f\u0131z\u0131n tamamen kapal\u0131 olmas\u0131 gerekmektedir.<\/span><\/li>\r\n<li><span style=\"font-family: Roboto; font-size: 14px;\">Foto\u011fraf \u00e7ekimi s\u0131ras\u0131nda dini sebepler d\u0131\u015f\u0131nda ba\u015f \u00e7evresinde herhangi bir aksesuar bulundurulmamal\u0131d\u0131r.<\/span><\/li>\r\n<li><span style=\"font-family: Roboto; font-size: 14px;\"><strong>Fransa vizesi foto\u011fraf\u0131<\/strong> i\u00e7in \u00e7ekim yap\u0131l\u0131rken arka fonun beyaz olmas\u0131na \u00e7ok dikkat edilmelidir. Farkl\u0131 renklerde zeminler \u00fczerinde <strong>Fransa vize foto\u011fraf\u0131<\/strong> \u00e7ekim i\u015flemi ger\u00e7ekle\u015ftirilmemelidir.<\/span><\/li>\r\n<li><span style=\"font-family: Roboto; font-size: 14px;\">Foto\u011fraf \u00e7ektiren ki\u015fi e\u011fer ki g\u00f6zl\u00fck kullanmaktaysa, g\u00f6zl\u00fck camlar\u0131 \u015feffaf olmal\u0131 ve kesinlikle yans\u0131ma yapmamal\u0131d\u0131r.<\/span><\/li>\r\n<li><span style=\"font-family: Roboto; font-size: 14px;\">Foto\u011fraf \u00e7ekimi esnas\u0131nda kullan\u0131lan g\u00f6zl\u00fck \u00e7er\u00e7evesinin y\u00fcz\u00fc kapatmayacak \u015fekilde ince olmas\u0131 \u00e7ok \u00f6nemlidir.<\/span><\/li>\r\n<li><span style=\"font-family: Roboto; font-size: 14px;\"><strong>Fransa vizesi i\u00e7in foto\u011fraf <\/strong>\u00e7ektirirken yukar\u0131daki maddelere b\u00fcy\u00fck bir \u00f6zen g\u00f6sterilmelidir. Aksi takdirde kontrol esnas\u0131nda sorun ya\u015fayabilir, \u00fclkeye kabul edilmeme durumuyla dahi kar\u015f\u0131 kar\u015f\u0131ya kalabilirsiniz.<\/span><\/li>\r\n<\/ul>\r\n<p><span style=\"font-family: Roboto; font-size: 14px;\"><strong>Fransa Vizeleri <\/strong>i\u00e7in \u00e7ektirilecek foto\u011fraflar\u0131n ebatlar\u0131 Schengen vizesi prosed\u00fcrlerine g\u00f6re haz\u0131rlanmal\u0131d\u0131r. <strong>Fransa vizesi<\/strong> i\u00e7in kullan\u0131lacak foto\u011fraflar\u0131n ebatlar\u0131 \u015f\u00f6yledir.<\/span><\/p>\r\n<p><img decoding=\"async\" src=\"https:\/\/www.myvize.com.tr\/fransa\/wp-content\/uploads\/2021\/09\/75.jpg\" \/><\/p>\r\n<h2><span style=\"font-family: Roboto; font-size: 27px;\">Fransa Vize Foto\u011fraf Standartlar\u0131<\/span><\/h2>\r\n<ul>\r\n<li><span style=\"font-family: Roboto; font-size: 14px;\">Ki\u015finin g\u00fcncel hali <strong>Fransa schengen vize foto\u011fraf\u0131nda <\/strong>olmak zorundad\u0131r.<\/span><\/li>\r\n<li><span style=\"font-family: Roboto; font-size: 14px;\">En fazla 3 ay \u00f6ncesine ait olmak zorundad\u0131r.<\/span><\/li>\r\n<li><span style=\"font-family: Roboto; font-size: 14px;\"><strong>Fransa vizesi foto\u011fraf\u0131<\/strong> pasaport ba\u015fvurunda kullan\u0131lm\u0131\u015f veya da \u00f6nceki vize ba\u015fvurular\u0131nda kullan\u0131lmam\u0131\u015f bir foto\u011fraf olmak zorundad\u0131r.<\/span><\/li>\r\n<li><span style=\"font-family: Roboto; font-size: 14px;\"><strong>Fransa vize foto\u011fraf\u0131 \u00f6l\u00e7\u00fcleri <\/strong>3,5 X 4,5 \u00f6l\u00e7\u00fclerinde boyutland\u0131r\u0131lm\u0131\u015ft\u0131r. \u0130lgili \u00f6l\u00e7\u00fcn\u00fcn ge\u00e7ilmemesi ve <strong>vize foto\u011fraf\u0131n\u0131n <\/strong>p-80 oran\u0131nda kafa ile kaplanmas\u0131 en \u00f6nemli unsurlar aras\u0131ndad\u0131r. Mutlaka \u00f6zen g\u00f6sterilmelidir.<\/span><\/li>\r\n<li><span style=\"font-family: Roboto; font-size: 14px;\"><strong>Fransa vize Foto\u011fraf\u0131nda<\/strong> herhangi bir oynama olmamal\u0131d\u0131r.<\/span><\/li>\r\n<li><span style=\"font-family: Roboto; font-size: 14px;\">Foto\u011fraf\u0131n konumland\u0131r\u0131lmas\u0131, odak ve kontrast ayar\u0131n\u0131n iyi yap\u0131lmas\u0131, parlakl\u0131\u011f\u0131n\u0131n istenen \u015fekilde ayarlanm\u0131\u015f olmas\u0131, arka fonun \u00f6zenli kullan\u0131m\u0131, foto\u011fraf kalitesinin netli\u011fi, y\u00fczde herhangi bir mimik ifadesinin bulunmamas\u0131 ve kafa pozisyonunun direk olarak kar\u015f\u0131ya bakmas\u0131 \u00e7ok \u00f6nemlidir.<\/span><\/li>\r\n<li><span style=\"font-family: Roboto; font-size: 14px;\"><strong>Fransa vize foto\u011fraf\u0131 <\/strong>\u00e7ekimi esnas\u0131nda g\u00f6zler ve bak\u0131\u015f y\u00f6n\u00fcn\u00fcn d\u00fczg\u00fcn ve diret olarak kar\u015f\u0131ya bakmas\u0131 \u00e7ok \u00f6nem arz etmektedir.<\/span><\/li>\r\n<li><span style=\"font-family: Roboto; font-size: 14px;\"><strong>Fransa Schengen vize foto\u011fraf\u0131 <\/strong>\u00e7ekimi s\u0131ras\u0131nda e\u011fer ki ki\u015fi g\u00f6zl\u00fck tak\u0131yorsa \u00e7er\u00e7evenin g\u00f6z\u00fc kapat\u0131yor olmamas\u0131na, koyu renkli cama sahip g\u00f6zl\u00fcklerin tercih edilmemesine, g\u00f6zl\u00fck \u00fczerinde yans\u0131ma olmamas\u0131na \u00e7ok dikkat edilmelidir.<\/span><\/li>\r\n<li><span style=\"font-family: Roboto; font-size: 14px;\"><strong>Fransa Schengen vizesi foto\u011fraf \u00e7ekiminde <\/strong>\u015fapka tak\u0131lm\u0131\u015f, y\u00fcz\u00fcn kapal\u0131 oldu\u011fu veya y\u00fczde g\u00f6lgelerin oldu\u011fu foto\u011fraflar kabul edilmemektedir. Dini sebepler gerek\u00e7esiyle ba\u015f\u00f6rt\u00fcs\u00fc kullanan han\u0131mlar\u0131n <strong>Fransa vize foto\u011fraf\u0131<\/strong> i\u00e7in ba\u015f\u00f6rt\u00fclerini istenen \u00f6l\u00e7\u00fclerde takmalar\u0131 vize reddi almamalar\u0131 ad\u0131na \u00f6nem arz etmektedir.<\/span><\/li>\r\n<\/ul>\r\n<p><span style=\"font-family: Roboto; font-size: 14px;\">2021 y\u0131l\u0131nda g\u00fcncel olarak <strong>Fransa Schengen vizesi i\u00e7in foto\u011fraf<\/strong> \u00e7ekimi yukar\u0131da s\u0131ralanm\u0131\u015f maddeler \u0131\u015f\u0131\u011f\u0131nda ger\u00e7ekle\u015fmektedir. <strong>Vize foto\u011fraf\u0131<\/strong> ki\u015finin <strong>Fransa<\/strong> topraklar\u0131na giri\u015f yapt\u0131\u011f\u0131nda rahatl\u0131kla tan\u0131nabilir olmas\u0131 ad\u0131na yukar\u0131da s\u0131ralanm\u0131\u015f \u00f6zellik ve ebatlara sahip olmak zorundad\u0131r. Aksi takdir de ki\u015finin \u00fclke topraklar\u0131na giri\u015f yapmas\u0131na izin verilmeyebilmektedir. Bu durumlarla kar\u015f\u0131la\u015fmamak ad\u0131na <strong>vize foto\u011fraf\u0131 \u00e7ekimi <\/strong>esnas\u0131nda azami dikkat verilmelidir.<\/span><\/p>\r\n<p><span style=\"font-family: Roboto; font-size: 14px;\">Fransa, Schengen b\u00f6lgesi s\u0131n\u0131rlar\u0131nda bir \u00fclke oldu\u011fundan T\u00fcrkiye Cumhuriyeti Bordo (Umumi) Pasaport sahibi vatanda\u015flardan vize istemektedir. <strong>Fransa Schengen Vizesi Foto\u011fraf \u00f6l\u00e7\u00fcleri de<\/strong> en \u00f6nemli konulardan biridir. E\u011fer ki ilgili \u00f6zellikler kar\u015f\u0131lanmamaktaysa vize isted\u011f ret ile sonu\u00e7lanabilmektedir.<\/span><\/p>\r\n<p><img decoding=\"async\" src=\"https:\/\/www.myvize.com.tr\/fransa\/wp-content\/uploads\/2021\/09\/76.jpg\" \/><\/p>\r\n<h3><span style=\"font-family: Roboto; font-size: 24px;\"><strong>Fransa Schengen Vizesi Foto\u011fraf \u00d6l\u00e7\u00fcleri Nas\u0131l Olmal\u0131d\u0131r?<\/strong><\/span><\/h3>\r\n<ul>\r\n<li><span style=\"font-family: Roboto; font-size: 14px;\"><strong>Fransa vizesi<\/strong> i\u00e7in \u00e7ektirilen foto\u011fraflar en fazla 36mm y\u00fcksekli\u011finde olabilmektedir. Foto\u011fraf \u00e7ene ile sa\u00e7 bitim noktas\u0131n\u0131 kapsamal\u0131d\u0131r.<\/span><\/li>\r\n<li><span style=\"font-family: Roboto; font-size: 14px;\"><strong>Fransa Schengen vizesi foto\u011fraf\u0131n\u0131n <\/strong>%70-80\u2019ini kafa taraf\u0131ndan kaplanmal\u0131d\u0131r.<\/span><\/li>\r\n<li><span style=\"font-family: Roboto; font-size: 14px;\"><strong>Fransa vizesi <\/strong>i\u00e7in \u00e7ektirilen foto\u011frafta \u00e7ene ile sa\u00e7 aras\u0131nda mesafe en az 32mm olmal\u0131d\u0131r. Bu uzunluktan daha k\u0131sa foto\u011fraflar maalesef standart d\u0131\u015far\u0131s\u0131nda kalacakt\u0131r.<\/span><\/li>\r\n<li><span style=\"font-family: Roboto; font-size: 14px;\"><strong>Fransa Schengen Vizesi <\/strong>foto\u011fraf\u0131 \u00e7ekimi esnas\u0131nda ne \u00e7ok yak\u0131n ne \u00e7ok uzak ne de ortalanmam\u0131\u015f bir foto\u011fraf kabul g\u00f6rmemektedir. Profesyonel ki\u015filerce \u00e7ekimin ger\u00e7ekle\u015ftirilmesi \u00e7ok \u00f6nem arz etmektedir.<\/span><\/li>\r\n<li><span style=\"font-family: Roboto; font-size: 14px;\"><strong>Fransa Schengen Vizesi foto\u011fraf\u0131nda <\/strong>kesinlikle net olmak zorundad\u0131r. Flu, d\u00fc\u015f\u00fck kontrast ya da \u00e7ok parlak \u00e7ekimler kesinlikle kabul g\u00f6rmemektedir. Foto\u011fraf \u00e7ektiren ki\u015finin y\u00fcz hatlar\u0131 \u00e7ok net bir \u015fekilde g\u00f6r\u00fcnmek zorundad\u0131r.<\/span><\/li>\r\n<li><span style=\"font-family: Roboto; font-size: 14px;\"><strong>Fransa Vizesi<\/strong> foto\u011fraf\u0131nda parlakl\u0131k son derece iyi ayarlanmal\u0131 ne \u00e7ok koyu ne fla\u015f yans\u0131mas\u0131 ne de y\u00fczde g\u00f6lge olu\u015fturulacak a\u00e7\u0131dan \u00e7ekim yap\u0131lmamal\u0131d\u0131r.<\/span><\/li>\r\n<li><span style=\"font-family: Roboto; font-size: 14px;\"><strong>Fransa Schengen Vize foto\u011fraf\u0131<\/strong> i\u00e7in kafa arkas\u0131nda g\u00f6lge, kar\u0131\u015f\u0131k arka fon ya da kontrast\u0131n olmad\u0131\u011f\u0131 bir arka fon kullan\u0131lmamal\u0131d\u0131r. Beyaz, d\u00fczg\u00fcn kontrasta sahip olmak \u00f6nemlidir.<\/span><\/li>\r\n<li><span style=\"font-family: Roboto; font-size: 14px;\"><strong>Fransa vize foto\u011fraf\u0131nda <\/strong>do\u011fal olmayan renk, lekeli ya da piksel g\u00f6r\u00fcn\u00fcme sahip foto\u011fraflarda kabul g\u00f6rmeyecektir.<\/span><\/li>\r\n<li><span style=\"font-family: Roboto; font-size: 14px;\"><strong>Fransa Schengen vize foto\u011fraf\u0131nda<\/strong> kafa pozisyonu ve y\u00fcz ifadesi \u00e7ok \u00f6nemlidir. A\u011f\u0131z\u0131n a\u00e7\u0131k olmamas\u0131, portre tipi veya kafan\u0131n yana yatmas\u0131 gibi \u00e7ekimler kabul g\u00f6rmemektedir.<\/span><\/li>\r\n<li><span style=\"font-family: Roboto; font-size: 14px;\"><strong>Vize foto\u011fraf\u0131<\/strong> \u00e7ekilirken g\u00f6zlerin kapal\u0131 olmamas\u0131 , sa\u00e7lar\u0131n g\u00f6zleri kapatmamas\u0131 , uza\u011fa bak\u0131lmamas\u0131 ve d\u00fcz bir \u015fekilde foto\u011fraf makinesine bak\u0131lmas\u0131 \u00e7ok \u00f6nemlidir.<\/span><\/li>\r\n<\/ul>\r\n<p><img decoding=\"async\" src=\"https:\/\/www.myvize.com.tr\/fransa\/wp-content\/uploads\/2021\/09\/77.jpg\" \/><\/p>\r\n<p><span style=\"font-family: Roboto;\"><\/span><\/p>","protected":false},"excerpt":{"rendered":"<p>Fransa vize i\u015flemlerini ba\u015fvurusunda foto\u011fraf \u00f6l\u00e7\u00fcleri olduk\u00e7a \u00f6nem ta\u015f\u0131maktad\u0131r. Fransa vize ba\u015fvurusunda kullan\u0131lacak olan resim profiliniz vize i\u015fleyi\u015fini daha kolayla\u015ft\u0131racakt\u0131r. Fransa vizesi i\u00e7in uygulanmas\u0131 gereken resim \u00f6l\u00e7\u00fclerinde dikkatli davran\u0131lmal\u0131d\u0131r. Aksi takdirde \u00e7ektirilen resim vize yetkilileri taraf\u0131ndan kabul edilmez. Bununla birlikte Fransa vizesi i\u00e7in \u00e7ektirilecek resimlerde n\u00f6tr bir duru\u015f sergilenmelidir. Arka fon olarak beyaz kullan\u0131lmas\u0131 vazge\u00e7ilmez<\/p>\n","protected":false},"author":1,"featured_media":0,"parent":173,"menu_order":0,"comment_status":"open","ping_status":"closed","template":"","meta":{"footnotes":""},"class_list":["post-399","page","type-page","status-publish","hentry"],"yoast_head":"<!-- This site is optimized with the Yoast SEO plugin v24.0 - https:\/\/yoast.com\/wordpress\/plugins\/seo\/ -->\n<title>Fransa Vize Foto\u011fraf \u00d6l\u00e7\u00fcs\u00fc - MyVize<\/title>\n<meta name=\"description\" content=\"Fransa Vize Foto\u011fraf \u00d6l\u00e7\u00fcs\u00fc Nedir? Fransa Vize Foto\u011fraf \u00d6l\u00e7\u00fcs\u00fc \u00d6zellikleri Nelerdir? Fransa Vize Foto\u011fraf \u00d6l\u00e7\u00fcs\u00fc Hakk\u0131nda Bilgi \u0130\u00e7in T\u0131klay\u0131n.\" \/>\n<meta name=\"robots\" content=\"index, follow, max-snippet:-1, max-image-preview:large, max-video-preview:-1\" \/>\n<link rel=\"canonical\" href=\"https:\/\/www.myvize.com.tr\/fransa\/form-ve-dilekce\/fransa-vize-fotograf-olcusu\/\" \/>\n<meta property=\"og:locale\" content=\"tr_TR\" \/>\n<meta property=\"og:type\" content=\"article\" \/>\n<meta property=\"og:title\" content=\"Fransa Vize Foto\u011fraf \u00d6l\u00e7\u00fcs\u00fc - MyVize\" \/>\n<meta property=\"og:description\" content=\"Fransa Vize Foto\u011fraf \u00d6l\u00e7\u00fcs\u00fc Nedir? Fransa Vize Foto\u011fraf \u00d6l\u00e7\u00fcs\u00fc \u00d6zellikleri Nelerdir? Fransa Vize Foto\u011fraf \u00d6l\u00e7\u00fcs\u00fc Hakk\u0131nda Bilgi \u0130\u00e7in T\u0131klay\u0131n.\" \/>\n<meta property=\"og:url\" content=\"https:\/\/www.myvize.com.tr\/fransa\/form-ve-dilekce\/fransa-vize-fotograf-olcusu\/\" \/>\n<meta property=\"og:site_name\" content=\"Fransa Vizesi\" \/>\n<meta property=\"article:modified_time\" content=\"2022-05-23T19:39:03+00:00\" \/>\n<meta property=\"og:image\" content=\"https:\/\/www.myvize.com.tr\/fransa\/wp-content\/uploads\/2021\/09\/74.jpg\" \/>\n<meta name=\"twitter:card\" content=\"summary_large_image\" \/>\n<meta name=\"twitter:label1\" content=\"Tahmini okuma s\u00fcresi\" \/>\n\t<meta name=\"twitter:data1\" content=\"6 dakika\" \/>\n<script type=\"application\/ld+json\" class=\"yoast-schema-graph\">{\"@context\":\"https:\/\/schema.org\",\"@graph\":[{\"@type\":\"WebPage\",\"@id\":\"https:\/\/www.myvize.com.tr\/fransa\/form-ve-dilekce\/fransa-vize-fotograf-olcusu\/\",\"url\":\"https:\/\/www.myvize.com.tr\/fransa\/form-ve-dilekce\/fransa-vize-fotograf-olcusu\/\",\"name\":\"Fransa Vize Foto\u011fraf \u00d6l\u00e7\u00fcs\u00fc - MyVize\",\"isPartOf\":{\"@id\":\"https:\/\/www.myvize.com.tr\/fransa\/#website\"},\"primaryImageOfPage\":{\"@id\":\"https:\/\/www.myvize.com.tr\/fransa\/form-ve-dilekce\/fransa-vize-fotograf-olcusu\/#primaryimage\"},\"image\":{\"@id\":\"https:\/\/www.myvize.com.tr\/fransa\/form-ve-dilekce\/fransa-vize-fotograf-olcusu\/#primaryimage\"},\"thumbnailUrl\":\"https:\/\/www.myvize.com.tr\/fransa\/wp-content\/uploads\/2021\/09\/74.jpg\",\"datePublished\":\"2021-07-07T15:28:43+00:00\",\"dateModified\":\"2022-05-23T19:39:03+00:00\",\"description\":\"Fransa Vize Foto\u011fraf \u00d6l\u00e7\u00fcs\u00fc Nedir? Fransa Vize Foto\u011fraf \u00d6l\u00e7\u00fcs\u00fc \u00d6zellikleri Nelerdir? Fransa Vize Foto\u011fraf \u00d6l\u00e7\u00fcs\u00fc Hakk\u0131nda Bilgi \u0130\u00e7in T\u0131klay\u0131n.\",\"breadcrumb\":{\"@id\":\"https:\/\/www.myvize.com.tr\/fransa\/form-ve-dilekce\/fransa-vize-fotograf-olcusu\/#breadcrumb\"},\"inLanguage\":\"tr\",\"potentialAction\":[{\"@type\":\"ReadAction\",\"target\":[\"https:\/\/www.myvize.com.tr\/fransa\/form-ve-dilekce\/fransa-vize-fotograf-olcusu\/\"]}]},{\"@type\":\"ImageObject\",\"inLanguage\":\"tr\",\"@id\":\"https:\/\/www.myvize.com.tr\/fransa\/form-ve-dilekce\/fransa-vize-fotograf-olcusu\/#primaryimage\",\"url\":\"https:\/\/www.myvize.com.tr\/fransa\/wp-content\/uploads\/2021\/09\/74.jpg\",\"contentUrl\":\"https:\/\/www.myvize.com.tr\/fransa\/wp-content\/uploads\/2021\/09\/74.jpg\",\"width\":800,\"height\":500,\"caption\":\"Fransa Vize Foto\u011fraf \u00d6l\u00e7\u00fcs\u00fc\"},{\"@type\":\"BreadcrumbList\",\"@id\":\"https:\/\/www.myvize.com.tr\/fransa\/form-ve-dilekce\/fransa-vize-fotograf-olcusu\/#breadcrumb\",\"itemListElement\":[{\"@type\":\"ListItem\",\"position\":1,\"name\":\"Anasayfa\",\"item\":\"https:\/\/www.myvize.com.tr\/fransa\/\"},{\"@type\":\"ListItem\",\"position\":2,\"name\":\"FORM VE D\u0130LEK\u00c7E\",\"item\":\"https:\/\/www.myvize.com.tr\/fransa\/form-ve-dilekce\/\"},{\"@type\":\"ListItem\",\"position\":3,\"name\":\"Fransa Vize Foto\u011fraf \u00d6l\u00e7\u00fcs\u00fc\"}]},{\"@type\":\"WebSite\",\"@id\":\"https:\/\/www.myvize.com.tr\/fransa\/#website\",\"url\":\"https:\/\/www.myvize.com.tr\/fransa\/\",\"name\":\"Fransa Vizesi\",\"description\":\"\",\"potentialAction\":[{\"@type\":\"SearchAction\",\"target\":{\"@type\":\"EntryPoint\",\"urlTemplate\":\"https:\/\/www.myvize.com.tr\/fransa\/?s={search_term_string}\"},\"query-input\":{\"@type\":\"PropertyValueSpecification\",\"valueRequired\":true,\"valueName\":\"search_term_string\"}}],\"inLanguage\":\"tr\"}]}<\/script>\n<!-- \/ Yoast SEO plugin. -->","yoast_head_json":{"title":"Fransa Vize Foto\u011fraf \u00d6l\u00e7\u00fcs\u00fc - MyVize","description":"Fransa Vize Foto\u011fraf \u00d6l\u00e7\u00fcs\u00fc Nedir? Fransa Vize Foto\u011fraf \u00d6l\u00e7\u00fcs\u00fc \u00d6zellikleri Nelerdir? Fransa Vize Foto\u011fraf \u00d6l\u00e7\u00fcs\u00fc Hakk\u0131nda Bilgi \u0130\u00e7in T\u0131klay\u0131n.","robots":{"index":"index","follow":"follow","max-snippet":"max-snippet:-1","max-image-preview":"max-image-preview:large","max-video-preview":"max-video-preview:-1"},"canonical":"https:\/\/www.myvize.com.tr\/fransa\/form-ve-dilekce\/fransa-vize-fotograf-olcusu\/","og_locale":"tr_TR","og_type":"article","og_title":"Fransa Vize Foto\u011fraf \u00d6l\u00e7\u00fcs\u00fc - MyVize","og_description":"Fransa Vize Foto\u011fraf \u00d6l\u00e7\u00fcs\u00fc Nedir? Fransa Vize Foto\u011fraf \u00d6l\u00e7\u00fcs\u00fc \u00d6zellikleri Nelerdir? Fransa Vize Foto\u011fraf \u00d6l\u00e7\u00fcs\u00fc Hakk\u0131nda Bilgi \u0130\u00e7in T\u0131klay\u0131n.","og_url":"https:\/\/www.myvize.com.tr\/fransa\/form-ve-dilekce\/fransa-vize-fotograf-olcusu\/","og_site_name":"Fransa Vizesi","article_modified_time":"2022-05-23T19:39:03+00:00","og_image":[{"url":"https:\/\/www.myvize.com.tr\/fransa\/wp-content\/uploads\/2021\/09\/74.jpg","type":"","width":"","height":""}],"twitter_card":"summary_large_image","twitter_misc":{"Tahmini okuma s\u00fcresi":"6 dakika"},"schema":{"@context":"https:\/\/schema.org","@graph":[{"@type":"WebPage","@id":"https:\/\/www.myvize.com.tr\/fransa\/form-ve-dilekce\/fransa-vize-fotograf-olcusu\/","url":"https:\/\/www.myvize.com.tr\/fransa\/form-ve-dilekce\/fransa-vize-fotograf-olcusu\/","name":"Fransa Vize Foto\u011fraf \u00d6l\u00e7\u00fcs\u00fc - MyVize","isPartOf":{"@id":"https:\/\/www.myvize.com.tr\/fransa\/#website"},"primaryImageOfPage":{"@id":"https:\/\/www.myvize.com.tr\/fransa\/form-ve-dilekce\/fransa-vize-fotograf-olcusu\/#primaryimage"},"image":{"@id":"https:\/\/www.myvize.com.tr\/fransa\/form-ve-dilekce\/fransa-vize-fotograf-olcusu\/#primaryimage"},"thumbnailUrl":"https:\/\/www.myvize.com.tr\/fransa\/wp-content\/uploads\/2021\/09\/74.jpg","datePublished":"2021-07-07T15:28:43+00:00","dateModified":"2022-05-23T19:39:03+00:00","description":"Fransa Vize Foto\u011fraf \u00d6l\u00e7\u00fcs\u00fc Nedir? Fransa Vize Foto\u011fraf \u00d6l\u00e7\u00fcs\u00fc \u00d6zellikleri Nelerdir? Fransa Vize Foto\u011fraf \u00d6l\u00e7\u00fcs\u00fc Hakk\u0131nda Bilgi \u0130\u00e7in T\u0131klay\u0131n.","breadcrumb":{"@id":"https:\/\/www.myvize.com.tr\/fransa\/form-ve-dilekce\/fransa-vize-fotograf-olcusu\/#breadcrumb"},"inLanguage":"tr","potentialAction":[{"@type":"ReadAction","target":["https:\/\/www.myvize.com.tr\/fransa\/form-ve-dilekce\/fransa-vize-fotograf-olcusu\/"]}]},{"@type":"ImageObject","inLanguage":"tr","@id":"https:\/\/www.myvize.com.tr\/fransa\/form-ve-dilekce\/fransa-vize-fotograf-olcusu\/#primaryimage","url":"https:\/\/www.myvize.com.tr\/fransa\/wp-content\/uploads\/2021\/09\/74.jpg","contentUrl":"https:\/\/www.myvize.com.tr\/fransa\/wp-content\/uploads\/2021\/09\/74.jpg","width":800,"height":500,"caption":"Fransa Vize Foto\u011fraf \u00d6l\u00e7\u00fcs\u00fc"},{"@type":"BreadcrumbList","@id":"https:\/\/www.myvize.com.tr\/fransa\/form-ve-dilekce\/fransa-vize-fotograf-olcusu\/#breadcrumb","itemListElement":[{"@type":"ListItem","position":1,"name":"Anasayfa","item":"https:\/\/www.myvize.com.tr\/fransa\/"},{"@type":"ListItem","position":2,"name":"FORM VE D\u0130LEK\u00c7E","item":"https:\/\/www.myvize.com.tr\/fransa\/form-ve-dilekce\/"},{"@type":"ListItem","position":3,"name":"Fransa Vize Foto\u011fraf \u00d6l\u00e7\u00fcs\u00fc"}]},{"@type":"WebSite","@id":"https:\/\/www.myvize.com.tr\/fransa\/#website","url":"https:\/\/www.myvize.com.tr\/fransa\/","name":"Fransa Vizesi","description":"","potentialAction":[{"@type":"SearchAction","target":{"@type":"EntryPoint","urlTemplate":"https:\/\/www.myvize.com.tr\/fransa\/?s={search_term_string}"},"query-input":{"@type":"PropertyValueSpecification","valueRequired":true,"valueName":"search_term_string"}}],"inLanguage":"tr"}]}},"_links":{"self":[{"href":"https:\/\/www.myvize.com.tr\/fransa\/wp-json\/wp\/v2\/pages\/399","targetHints":{"allow":["GET"]}}],"collection":[{"href":"https:\/\/www.myvize.com.tr\/fransa\/wp-json\/wp\/v2\/pages"}],"about":[{"href":"https:\/\/www.myvize.com.tr\/fransa\/wp-json\/wp\/v2\/types\/page"}],"author":[{"embeddable":true,"href":"https:\/\/www.myvize.com.tr\/fransa\/wp-json\/wp\/v2\/users\/1"}],"replies":[{"embeddable":true,"href":"https:\/\/www.myvize.com.tr\/fransa\/wp-json\/wp\/v2\/comments?post=399"}],"version-history":[{"count":5,"href":"https:\/\/www.myvize.com.tr\/fransa\/wp-json\/wp\/v2\/pages\/399\/revisions"}],"predecessor-version":[{"id":1427,"href":"https:\/\/www.myvize.com.tr\/fransa\/wp-json\/wp\/v2\/pages\/399\/revisions\/1427"}],"up":[{"embeddable":true,"href":"https:\/\/www.myvize.com.tr\/fransa\/wp-json\/wp\/v2\/pages\/173"}],"wp:attachment":[{"href":"https:\/\/www.myvize.com.tr\/fransa\/wp-json\/wp\/v2\/media?parent=399"}],"curies":[{"name":"wp","href":"https:\/\/api.w.org\/{rel}","templated":true}]}}