{"id":51,"date":"2020-11-30T12:49:31","date_gmt":"2020-11-30T09:49:31","guid":{"rendered":"https:\/\/www.myvize.com.tr\/fransa\/?page_id=51"},"modified":"2022-05-23T22:40:44","modified_gmt":"2022-05-23T19:40:44","slug":"fransa-vatandaslik-islemleri","status":"publish","type":"page","link":"https:\/\/www.myvize.com.tr\/fransa\/vize-islemleri\/fransa-vatandaslik-islemleri\/","title":{"rendered":"Fransa Vatanda\u015fl\u0131k \u0130\u015flemleri"},"content":{"rendered":"<p><span style=\"font-family: Roboto;\"><\/span><\/p>\r\n<h2 class=\"wp-block-heading\"><span style=\"font-family: Roboto; font-size: 27px;\"><strong>Fransa Vatanda\u015fl\u0131k \u0130\u015flemleri 2022<\/strong><\/span><\/h2>\r\n<p><span style=\"font-family: Roboto; font-size: 14px;\">\r\n\r\n<\/span><\/p>\r\n<p><span style=\"font-family: Roboto; font-size: 14px;\"><strong>Fransa vatanda\u015fl\u0131k i\u015flemleri,<\/strong> herkes i\u00e7in ya\u015fan\u0131labilir bir yer olan Fransa i\u00e7in ger\u00e7ekle\u015ftirilmektedir. Ancak bu \u00fclkede ya\u015fayabilmek i\u00e7in bir\u00e7ok kriter bulunmaktad\u0131r. Oturum izni almak ya da vatanda\u015fl\u0131k hakk\u0131 kazanmak Fransa\u2019da uzun y\u0131llar kalabilmek i\u00e7in gerekli olan izinlerdir. Ancak bu izinleri alabilmek i\u00e7in her t\u00fcrl\u00fc \u015fart\u0131 yerine getirmeniz gerekmektedir. <strong>Fransa vatanda\u015fl\u0131k i\u015flemleri<\/strong> i\u00e7in farkl\u0131 y\u00f6ntemler bulunmaktad\u0131r.<\/span><\/p>\r\n<p><span style=\"font-family: Roboto; font-size: 14px;\">\r\n\r\n<\/span><\/p>\r\n<p><span style=\"font-family: Roboto; font-size: 14px;\">Evlenme yolu en pratik olan vatanda\u015fl\u0131k kazanma y\u00f6ntemleri aras\u0131nda yer al\u0131r. Ancak bu \u00fclkede ya\u015fayan aile \u00fcyeniz bulunuyorsa yine bu aile \u00fcyelerinizin de yard\u0131m\u0131 ile bu \u00fclkede oturum izni alabilir ya da vatanda\u015fl\u0131k hakk\u0131 elde edebilirsiniz.<\/span><\/p>\r\n<p><span style=\"font-family: Roboto; font-size: 14px;\">\r\n\r\n<\/span><\/p>\r\n<p><span style=\"font-family: Roboto; font-size: 14px;\">Fransa\u2019da vatanda\u015fl\u0131k kazanabilmek i\u00e7in \u00f6ncelikle 5 y\u0131l boyunca bu \u00fclkede ikamet etmeniz gereklidir. Bu s\u00fcre evlenme durumunda daha da k\u0131sa olmaktad\u0131r. Uzun s\u00fcreli oturum izni ve \u00e7al\u0131\u015fma iznine ba\u015fvuranlar \u00e7ok daha k\u0131sa bir s\u00fcrede <strong>Fransa&#8217;da vatanda\u015fl\u0131k i\u015flemlerinden sonra<\/strong> alabilmektedirler.<\/span><\/p>\r\n<p><span style=\"font-family: Roboto; font-size: 14px;\">Bir tak\u0131m prosed\u00fcrleri bulunan <strong>Fransa vatanda\u015fl\u0131\u011f\u0131<\/strong>, ancak bu prosed\u00fcrleri yerine getiren ki\u015filere verilmektedir. Fransa\u2019da 5 y\u0131l ya\u015fam s\u00fcren bireyler Fransa vatanda\u015fl\u0131k i\u015flemleri i\u00e7in ba\u015fvuruda bulunabilmektedir.Fakat evlilik durumunda bu s\u00fcre daha da k\u0131sa olabilmektedir. Fransa\u2019da 5 y\u0131ll\u0131k \u00e7al\u0131\u015fma izni ve oturum izni bulunanlar, bu s\u00fcrenin sonunda vatanda\u015fl\u0131k ba\u015fvurusu yaparak \u00fclke vatanda\u015fl\u0131\u011f\u0131n\u0131 elde edebilirler. <span style=\"color: #2acec2;\"><strong><a style=\"color: #2acec2;\" href=\"https:\/\/www.myvize.com.tr\/fransa\/vize-islemleri\/fransa-oturum-izni\/\" target=\"_blank\" rel=\"noopener\">Fransa\u2019da oturum izni <\/a><\/strong><\/span>alan ki\u015filer ayn\u0131 zamanda e\u011fitim, \u00e7al\u0131\u015fma ve t\u0131bb\u0131 yard\u0131m alma gibi hizmetlerden de yararlanabilmektedir. Yaln\u0131z bu ki\u015filer i\u00e7in se\u00e7imlerde oy kullanma hakk\u0131 mevcut de\u011fildir. S\u00fcrekli oturum izninden sonra Frans\u0131z vatanda\u015fl\u0131\u011f\u0131 alan bireyler, hem Avrupa Birli\u011fi vatanda\u015f\u0131 olarak kabul edilmekte hem de Avrupa Birli\u011fi \u00fclkelerinde serbest\u00e7e dola\u015fabilme hakk\u0131na sahip olmaktad\u0131r.<\/span><\/p>\r\n<p><span style=\"font-family: Roboto; font-size: 14px;\"><img decoding=\"async\" src=\"https:\/\/www.myvize.com.tr\/fransa\/wp-content\/uploads\/2021\/09\/61.jpg\" \/><\/span><\/p>\r\n<p><span style=\"font-family: Roboto; font-size: 14px;\"><strong>Fransa<\/strong> <strong>vatanda\u015fl\u0131\u011f\u0131<\/strong> <strong>almak<\/strong> isteyen ki\u015filer, kendi uyru\u011fundan \u00e7\u0131kmas\u0131 gerekti\u011fini unutmamal\u0131d\u0131r. <strong>Fransa<\/strong> <strong>vatanda\u015fl\u0131\u011f\u0131<\/strong> alan bir \u015fah\u0131s, kendi \u00fclkesinin vatanda\u015fl\u0131\u011f\u0131ndan \u00e7\u0131kmaktad\u0131r. B\u00f6yle bir durumda \u00e7ifte vatanda\u015fl\u0131k al\u0131nmas\u0131 gereklidir.<strong>Fransa<\/strong> <strong>vatanda\u015fl\u0131k<\/strong> <strong>ba\u015fvurusu<\/strong> i\u00e7in vatanda\u015fl\u0131k iste\u011fi beyan\u0131 ve Konsolosluk taraf\u0131ndan belirlenen belgelerin fotokopisi ile beraber sunulmas\u0131 laz\u0131md\u0131r. Bu belgeler; imzal\u0131 ve g\u00fcncel tarihli 2 adet ba\u015fvuru formu, vatanda\u015fl\u0131k ba\u015fvurusunda bulunan ki\u015fi ile e\u015finin kimlik fotokopileri, adres Frans\u0131zca terc\u00fcme edilmi\u015f do\u011fum belgesi,son 3 ayda al\u0131nm\u0131\u015f olan evlilik belgesi, e\u015flerin idari birim ya da konsoloslukta imzalad\u0131\u011f\u0131 yeminli ifade belgesi, mortgage s\u00f6zle\u015fmesi, \u00e7ocuklar\u0131n do\u011fum belgeleri,tapu belgeleri, ortak vergi bildirimi ya da ortak banka hesab\u0131,evlilik s\u00fcresi boyunca e\u015fin <strong>Fransa<\/strong> <strong>vatanda\u015f\u0131<\/strong> oldu\u011funu ispatlar nitelikteki belgeler, yeterli Frans\u0131zca bilgisine sahip olundu\u011funu kan\u0131tlayan belge, varsa Frans\u0131zca diploma, temiz adli sicil kayd\u0131 gibi evraklardan olu\u015fmaktad\u0131r. \u0130stenildi\u011fi takdirde \u00e7al\u0131\u015fma ve finansal durumun ispat edilmesi gerekebilir. Kabul edilen ba\u015fvuru neticesinde Fransa vatanda\u015fl\u0131\u011f\u0131na ge\u00e7ilerek ulusal kimlik kart\u0131 ile Frans\u0131z pasaportuna sahip olunmaktad\u0131r.<\/span><\/p>\r\n<h2><span style=\"font-family: Roboto; font-size: 27px;\"><strong>Fransa \u00c7ifte Vatanda\u015fl\u0131k \u0130\u015flemleri<\/strong><\/span><\/h2>\r\n<p><span style=\"font-family: Roboto; font-size: 14px;\">\r\n\r\n<\/span><\/p>\r\n<p><span style=\"font-family: Roboto; font-size: 14px;\"><strong>Fransa vatanda\u015fl\u0131k i\u015flemleri<\/strong> konusunda ki\u015filere \u00e7e\u015fitli haklar tan\u0131maktad\u0131r. Baz\u0131 \u00fclkelerde oldu\u011fu gibi bu \u00fclkenin vatanda\u015f\u0131 oldu\u011funuzda kendi \u00f6z vatanda\u015fl\u0131\u011f\u0131n\u0131zdan vazge\u00e7menize gerek yoktur. Bu s\u00fcre\u00e7te kimlik ve pasaport fotokopisi, oturma kart\u0131 fotokopisi, dilek\u00e7e ve har\u00e7 bedeli gereklidir.<\/span><\/p>\r\n<p><span style=\"font-family: Roboto; font-size: 14px;\">\r\n\r\n<\/span><\/p>\r\n<p><span style=\"font-family: Roboto; font-size: 14px;\">Ba\u015fvuru dilek\u00e7enizde mutlaka anne k\u0131zl\u0131k soyad\u0131n\u0131z\u0131 da yazman\u0131z gerekiyor. Evliyseniz anne k\u0131zl\u0131k soyad\u0131n\u0131 yazman\u0131z isteniyor. Bu s\u00fcre\u00e7te en \u00f6nemli kriter ise 5 y\u0131l s\u00fcresince bu \u00fclkede ya\u015famak ve \u00e7al\u0131\u015fmakt\u0131r. Bu izinleri ald\u0131\u011f\u0131n\u0131z zaman e\u011fer Fransa\u2019dan 6 ay boyunca ayr\u0131l\u0131rsan\u0131z s\u00fcrekli olarak oturum izni ba\u015fvurular\u0131n\u0131z ge\u00e7ersiz say\u0131labilmektedir. Bu \u00fclkeden vatanda\u015fl\u0131k hizmeti almak i\u00e7in mutlaka \u00e7ok uzun aralar vermeden Fransa\u2019da ya\u015faman\u0131z gereklidir.<\/span><\/p>\r\n<h2><span style=\"font-family: Roboto; font-size: 27px;\"><strong>Fransa Vatanda\u015fl\u0131k Ba\u015fvurusu <\/strong><\/span><\/h2>\r\n<p><span style=\"font-family: Roboto; font-size: 14px;\"><strong>Fransa<\/strong> <strong>vatanda\u015fl\u0131\u011f\u0131<\/strong> almak isteyen bireylerin, ba\u015fvuru i\u015flemlerinden \u00f6nce Frans\u0131z h\u00fck\u00fcmeti taraf\u0131ndan ele al\u0131nm\u0131\u015f olan kaideleri mutlaka yerine getirmi\u015f olmas\u0131 gereklidir. Bu kriterler sa\u011fland\u0131ktan sonra <strong>Fransa vatanda\u015fl\u0131k ba\u015fvurusu<\/strong> i\u00e7in gerekli dok\u00fcmanlar\u0131n haz\u0131rlan\u0131p tamamlanmas\u0131 laz\u0131md\u0131r. \u0130ster uyum \u00fczerinden ister bir Frans\u0131z vatanda\u015f\u0131 ile evli olma durumu olsun kesinlikle gerekli ko\u015fullar ve belgeler yerine getirilmelidir. Aksi halde ba\u015fvurular Fransa D\u0131\u015fi\u015fleri Bakanl\u0131\u011f\u0131 taraf\u0131ndan red edilmektedir. Ba\u015fvuru esnas\u0131nda ki\u015filerden istenecek olan belgeler \u015fu \u015fekildedir:<\/span><\/p>\r\n<ul>\r\n<li><span style=\"font-family: Roboto; font-size: 14px;\">Fransa&#8217;da oturuldu\u011funu kan\u0131tlayan bir ikametgah belgesi,<\/span><\/li>\r\n<li><span style=\"font-family: Roboto; font-size: 14px;\">\u00c7al\u0131\u015fan ki\u015filer i\u00e7in ilgili i\u015fyerinden temin edilecek belge,<\/span><\/li>\r\n<li><span style=\"font-family: Roboto; font-size: 14px;\">En az 4 y\u0131l s\u00fcresince evli olundu\u011funa dair belge,<\/span><\/li>\r\n<li><span style=\"font-family: Roboto; font-size: 14px;\">Ki\u015finin vatanda\u015f\u0131 oldu\u011fu \u00fclkeden ald\u0131\u011f\u0131 kimli\u011finin asl\u0131 ve fotokopisi,<\/span><\/li>\r\n<li><span style=\"font-family: Roboto; font-size: 14px;\">Topluma uyum sa\u011fland\u0131\u011f\u0131na ve ilgili kriterlerin tamamland\u0131\u011f\u0131na dair belgeler.<\/span><\/li>\r\n<\/ul>\r\n<p><span style=\"font-family: Roboto; font-size: 14px;\"><img decoding=\"async\" src=\"https:\/\/www.myvize.com.tr\/fransa\/wp-content\/uploads\/2021\/09\/62.jpg\" \/><\/span><\/p>\r\n<p><span style=\"font-family: Roboto; font-size: 14px;\">Bu evraklar tamamland\u0131ktan yerel belediyeler ile karakollara ibraz edilerek vatanda\u015fl\u0131k m\u00fcracaat\u0131nda bulunulabilir. Gerekli evraklar inceleme yap\u0131ld\u0131ktan sonra olumlu ya da olumsuz oldu\u011fu ki\u015fiye bildirilmektedir. Ba\u015fvurular\u0131n olumlu de\u011ferlendirilebilmesi i\u00e7in haz\u0131rlanan d\u00f6k\u00fcmanlar eksiksiz, g\u00fcncel, orijinal ve do\u011fru bir bi\u00e7imde olmal\u0131d\u0131r.Fransa vatanda\u015fl\u0131k ba\u015fvurusu s\u00fcrecinde, yanl\u0131\u015f ya da eksik evrak tespit edilirse g\u00f6r\u00fc\u015fmesinin yap\u0131laca\u011f\u0131 tarihe kadar bu eksiklikler tamamlanmal\u0131 ve d\u00fczeltilmelidir. Aksi durumda <strong>Fransa<\/strong> <strong>vatanda\u015fl\u0131k<\/strong> <strong>ba\u015fvurusu<\/strong> ge\u00e7ersiz say\u0131larak reddedilmektedir. Gerekti\u011finde yetkili kurum taraf\u0131ndan ek belge talep edilebilmektedir. Ba\u015fvurular\u0131n de\u011ferlendirilmesindeki yetkili kurum, Fransa D\u0131\u015fi\u015fleri Bakanl\u0131\u011f\u0131\u2019d\u0131r. Ortalama 45 g\u00fcn i\u00e7inde sonu\u00e7lanan Fransa vatanda\u015fl\u0131k ba\u015fvurular\u0131n\u0131n, france-visas.gouv.fr adresi \u00fczerinden takibi yap\u0131labilir. <strong>Fransa<\/strong> <strong>vatanda\u015fl\u0131k<\/strong> <strong>i\u015flemleri<\/strong> \u00f6zen g\u00f6sterilmesi gereken karma\u015f\u0131k bir s\u00fcre\u00e7 oldu\u011fu i\u00e7in do\u011fru ba\u015fvuru yapmaya dikkat edilmelidir.Frans\u0131z ulusal kimli\u011fi ile Frans\u0131z pasaportu,vatanda\u015fl\u0131k ba\u015fvurusu onaylanm\u0131\u015f olan ki\u015filerin adreslerine yollanmaktad\u0131r. Fransa kanunlar\u0131 dahilinde reddedilmi\u015f olan vatanda\u015fl\u0131k ba\u015fvurular\u0131, ba\u015fvuruyu yapan ki\u015fiye bildirilmekte, reddedilen bu ba\u015fvuralara 1 ay i\u00e7inde itiraz edilmesi m\u00fcmk\u00fcn olmaktad\u0131r.<\/span><\/p>\r\n<h2><span style=\"font-family: Roboto; font-size: 27px;\"><strong>Fransa Vatanda\u015fl\u0131k \u015eartlar\u0131 2022<\/strong><\/span><\/h2>\r\n<p><span style=\"font-family: Roboto; font-size: 14px;\">Vatanda\u015fl\u0131k al\u0131p Fransa&#8217;ya yerle\u015fmeyi d\u00fc\u015f\u00fcnen ya da halihaz\u0131rda Fransa\u2019da ya\u015fay\u0131p vatanda\u015fl\u0131k ba\u015fvurusunda bulunmak isteyen ki\u015filerin <strong>Fransa<\/strong> <strong>vatanda\u015fl\u0131k<\/strong> <strong>\u015fartlar\u0131<\/strong> <strong>2022<\/strong>\u00a0konusunda bilgi sahibi olmalar\u0131 gerekmektedir.Bu \u015fartlar aras\u0131nda, Fransa vatanda\u015fl\u0131\u011f\u0131 almak isteyen ki\u015filerin ebeveynlerinden en az birinin <strong>Fransa<\/strong> <strong>vatanda\u015f\u0131<\/strong> olmas\u0131, Frans\u0131z bir vatanda\u015f ile en az 4 y\u0131ld\u0131r evli olmas\u0131, resmi dili Frans\u0131zca olan bir \u00fclkede ya\u015fay\u0131p 5 sene Frans\u0131zca e\u011fitim veren bir okuldan mezun olmas\u0131 ya da Fransa ordusunda \u00f6zel bir g\u00f6revde bulunuyor olmas\u0131 gibi \u00f6zellikler yer almaktad\u0131r. Bu \u00f6zellikleri kar\u015f\u0131layan t\u00fcm bireyler, <strong>Fransa<\/strong> <strong>vatanda\u015fl\u0131k<\/strong> <strong>ba\u015fvurusu<\/strong> yapabilmektedir. Bu stat\u00fclere sahip olan ki\u015filer, \u015fartlar\u0131n\u0131n gerektirdi\u011fi evraklar\u0131 yerel belediyelere ya da karakollara bildirerek vatanda\u015fl\u0131k talebinde bulunabilirler. Ayr\u0131ca t\u00fcm bu \u015fartlara ek olarak 18 ya\u015f\u0131ndan b\u00fcy\u00fck olmak, uzun s\u00fcreli oturum iznine sahip olmak, sab\u0131kas\u0131z olmak ve iyi derecede Frans\u0131zca bilmek gibi nitelikler de Fransa vatanda\u015fl\u0131k \u015fartlar\u0131n\u0131 etkileyen unsurlar aras\u0131nda gelmektedir. Fransa ayn\u0131 zamanda \u00e7ifte vatanda\u015fl\u0131\u011f\u0131 da kabul eden bir \u00fclkedir.<\/span><\/p>\r\n<p><span style=\"font-family: Roboto; font-size: 14px;\"><strong>Fransa vatanda\u015fl\u0131\u011f\u0131 i\u00e7in<\/strong> yeterli seviyede Frans\u0131zca bilgisine hakim olmak, vatanda\u015fl\u0131\u011fa ge\u00e7mekteki aranan en \u00f6nemli \u015fartlardan biridir. Bu anlamda ba\u015fvuru dosyas\u0131na, \u0130\u00e7i\u015fleri Bakanl\u0131\u011f\u0131\u2019n\u0131n Entegrasyon dili olarak Frans\u0131zca \u00f6\u011fretmeye yetkin sayd\u0131\u011f\u0131 bir kurumdan al\u0131nm\u0131\u015f 2 y\u0131ldan eski olmayan bir sertifika (FLI) ve B1 seviyesinde Frans\u0131zca bilindi\u011fini kan\u0131tlayan DELF diplomas\u0131n\u0131n eklenmesi gerekmektedir. Adli sicil kayd\u0131n\u0131n temiz olmas\u0131 da vatanda\u015fl\u0131k almay\u0131 etkileyen \u00f6nemli fakt\u00f6rlerdendir. \u00c7\u00fcnk\u00fc Frans\u0131z devletinin menfaatine ayk\u0131r\u0131 bir su\u00e7 ya da herhangi bir ter\u00f6r eyleminden dolay\u0131 6 ay hapse mahkum edilmi\u015f olanlar i\u00e7in <strong>Fransa<\/strong> <strong>vatanda\u015fl\u0131\u011f\u0131<\/strong> verilmemektedir. De\u011ferlendirmeler s\u0131ras\u0131nda bireyin mesleki anlamda Fransa\u2019ya entegre olmu\u015f olmas\u0131na dikkat edilmektedir. Fransa\u2019da ge\u00e7irilen t\u00fcm zaman diliminde kazan\u0131lan mesleki kariyer de\u011ferlendirilmektedir. Ki\u015finin d\u00fczenli ve sabit bir gelire sahip olmas\u0131, olumlu de\u011ferlendirme i\u00e7in bir art\u0131d\u0131r.<\/span><\/p>\r\n<p><span style=\"font-family: Roboto; font-size: 14px;\"><img decoding=\"async\" src=\"https:\/\/www.myvize.com.tr\/fransa\/wp-content\/uploads\/2021\/09\/63.jpg\" \/><\/span><\/p>\r\n<h3><span style=\"font-family: Roboto; font-size: 24px;\"><strong>Fransa Vatanda\u015fl\u0131k \u0130\u015flemlerinde Gerekli Evraklar<\/strong><\/span><\/h3>\r\n<p><span style=\"font-family: Roboto; font-size: 14px;\">\r\n\r\n<\/span><\/p>\r\n<p><span style=\"font-family: Roboto; font-size: 14px;\"><strong>Fransa vatanda\u015fl\u0131k i\u015flemleri<\/strong> i\u00e7in ki\u015filerin birtak\u0131m evraklar\u0131n\u0131 haz\u0131rlamas\u0131 gereklidir. Bu evraklar aras\u0131nda \u015funlara dikkat etmeniz gerekiyor:<\/span><\/p>\r\n<p><span style=\"font-family: Roboto; font-size: 14px;\">\r\n\r\n<\/span><\/p>\r\n<ul>\r\n<li><span style=\"font-family: Roboto; font-size: 14px;\">Vat 12 Formu\r\n\r\n<\/span><\/li>\r\n<li><span style=\"font-family: Roboto; font-size: 14px;\">N\u00fcfus c\u00fczdan 2 fotokopisi ve orijinal hali\r\n\r\n<\/span><\/li>\r\n<li><span style=\"font-family: Roboto; font-size: 14px;\">Frans\u0131z vatanda\u015fl\u0131k belgesinin iki tane fotokopisi ve asl\u0131\r\n\r\n<\/span><\/li>\r\n<li><span style=\"font-family: Roboto; font-size: 14px;\">Frans\u0131z kimlik kart\u0131n\u0131n hem iki fotokopisi hem de asl\u0131\r\n\r\n<\/span><\/li>\r\n<li><span style=\"font-family: Roboto; font-size: 14px;\">E\u011fer vatanda\u015fl\u0131\u011fa ge\u00e7erken isim de\u011fi\u015ftirdiyseniz ismin de\u011fi\u015ftirildi\u011fine dair mahkeme karar\u0131\r\n\r\n<\/span><\/li>\r\n<\/ul>\r\n<p><span style=\"font-family: Roboto; font-size: 14px;\">Gibi evraklar\u0131 haz\u0131rlaman\u0131z gereklidir. \u00c7ifte vatanda\u015fl\u0131k i\u015flemi yapt\u0131rmak isteyen ki\u015filer har\u00e7 ve posta bedellerini de mutlaka yat\u0131rmal\u0131d\u0131r. Yat\u0131r\u0131lan \u00fccretler i\u00e7in ki\u015filer kurumdan dekont alarak vatanda\u015fl\u0131k evrak dosyas\u0131na eklemelidir.<\/span><\/p>\r\n<p><span style=\"font-family: Roboto; font-size: 14px;\">\r\n\r\n<\/span><\/p>\r\n<p><span style=\"font-family: Roboto; font-size: 14px;\"><img decoding=\"async\" src=\"https:\/\/www.myvize.com.tr\/fransa\/wp-content\/uploads\/2021\/09\/64.jpg\" \/><\/span><\/p>\r\n<h3><span style=\"font-family: Roboto; font-size: 24px;\"><strong>Fransa Vatanda\u015fl\u0131\u011f\u0131 Avantajlar\u0131<\/strong><\/span><\/h3>\r\n<p><span style=\"font-family: Roboto; font-size: 14px;\">\u00a0Fransa vatanda\u015fl\u0131\u011f\u0131 alan bireyler \u00fclke vatanda\u015f\u0131 olarak belli ba\u015fl\u0131 avantajlara sahip olmaktad\u0131r. <strong>Fransa<\/strong> <strong>vatanda\u015fl\u0131\u011f\u0131<\/strong> <strong>avantajlar\u0131<\/strong>n\u0131 \u015fu \u015fekilde s\u0131ralamam\u0131z m\u00fcmk\u00fcnd\u00fcr:<\/span><\/p>\r\n<ul>\r\n<li><span style=\"font-family: Roboto; font-size: 14px;\"><strong>Fransa<\/strong> <strong>vatanda\u015f\u0131<\/strong> olan ki\u015filer, Avrupa \u00fclkelerine rahat bir \u015fekilde giri\u015f \u00e7\u0131k\u0131\u015f yapabilmektedirler.<\/span><\/li>\r\n<li><span style=\"font-family: Roboto; font-size: 14px;\">Fransa\u2019daki t\u00fcm sa\u011fl\u0131k hizmetlerinden di\u011fer \u00fclke vatanda\u015flar\u0131 gibi ayn\u0131 \u015fekilde faydalanabilmektedirler. Bu sa\u011fl\u0131k hizmetlerinden yararlanmak i\u00e7in ise vize gibi prosed\u00fcrlere gerek duyulmamaktad\u0131r. B\u00f6ylece Fransa&#8217;da vatanda\u015f\u0131 olan ki\u015filer, vatanda\u015fl\u0131ktan \u00e7\u0131kmad\u0131klar\u0131 s\u00fcrece hayatlar\u0131n\u0131n sonuna dek sa\u011fl\u0131k hizmeti alabilmektedirler.<\/span><\/li>\r\n<li><span style=\"font-family: Roboto; font-size: 14px;\">E\u011fitim imkanlar\u0131 da bu konuda b\u00fcy\u00fck avantaj sa\u011flayan unsurlardan bir tanesidir. T\u00fcm <strong>Fransa vatanda\u015flar\u0131<\/strong> gibi Fransa&#8217;daki bir okulda \u00f6\u011frenim g\u00f6rme hakk\u0131na sahip olabilmektedirler.<\/span><\/li>\r\n<li><span style=\"font-family: Roboto; font-size: 14px;\">Bilindi\u011fi \u00fczere Avrupa \u00fclkelerinin i\u015f konusunda avantajlar\u0131 mevcuttur.Bu nedenle yurt d\u0131\u015f\u0131nda \u00e7al\u0131\u015fmak isteyen \u00e7ok say\u0131da insan bulunmaktad\u0131r. Fransa da i\u015f konusunda avantajl\u0131 olan \u00fclkelerden biridir. \u00d6zellikle \u00fcniversite \u00f6\u011frencileri, \u00fclkede gerekli e\u011fitimleri alarak alanlar\u0131nda i\u015f bulma ve \u00e7al\u0131\u015fma konusunda bir\u00e7ok f\u0131rsata sahip olabilmektedir.<\/span><\/li>\r\n<li><span style=\"font-family: Roboto; font-size: 14px;\">Fransa vatanda\u015fl\u0131\u011f\u0131n\u0131n en \u00f6nemli avantajlar\u0131ndan biri de \u015f\u00fcphesiz her t\u00fcrl\u00fc hak ve y\u00fck\u00fcml\u00fcl\u00fck konusunda e\u015fit haklara sahip bir vatanda\u015f olunmas\u0131d\u0131r.<\/span><\/li>\r\n<li><span style=\"font-family: Roboto; font-size: 14px;\"><strong>Fransa<\/strong> <strong>vatanda\u015fl\u0131\u011f\u0131<\/strong> alan bireyler;yerel, ulusal,eyalet ve Avrupa se\u00e7imlerinde oy kullanma ve aday olma gibi se\u00e7me ve se\u00e7ilme hakk\u0131n\u0131 da elde ederek oy kullanabilmektedirler.<\/span><\/li>\r\n<li><span style=\"font-family: Roboto; font-size: 14px;\">B\u00fct\u00fcn meslek gruplar\u0131na serbest\u00e7e eri\u015fim imkan\u0131 elde edebilmektedirler.<\/span><\/li>\r\n<li><span style=\"font-family: Roboto; font-size: 14px;\">T\u00fcm sosyal g\u00fcvence sistemlerinde e\u015fit koruma hakk\u0131na sahip olabilmektedirler.<\/span><\/li>\r\n<li><span style=\"font-family: Roboto; font-size: 14px;\">Avrupa Birli\u011fi s\u0131n\u0131rlar\u0131 i\u00e7erisinde seyahat \u00f6zg\u00fcrl\u00fc\u011f\u00fcnden yararlanma hakk\u0131na sahip olabilmektedirler.<\/span><\/li>\r\n<li><span style=\"font-family: Roboto; font-size: 14px;\">Avrupa Birli\u011finin ba\u015fka \u00fcye \u00fclkelerinde dahi kolay bir \u015fekilde i\u015f bulabilme imkan\u0131 elde edebilmektedirler.<\/span><\/li>\r\n<li><span style=\"font-family: Roboto; font-size: 14px;\">Avrupa d\u0131\u015f\u0131ndaki bir\u00e7ok \u00fclkeye seyahat etme ve vize kolayl\u0131\u011f\u0131ndan yararlanabilmektedirler.<\/span><\/li>\r\n<li><span style=\"font-family: Roboto; font-size: 14px;\">Herhangi bir oturum izni ya da pasaport \u00e7\u0131kartmak amac\u0131 ile yabanc\u0131 \u00fclkelerin konsolosluklar\u0131na ya da el\u00e7iliklerine gitmelerine ihtiya\u00e7 duyulmamaktad\u0131r.<\/span><\/li>\r\n<li><span style=\"font-family: Roboto; font-size: 14px;\">Fransa k\u00fclt\u00fcr\u00fcn\u00fc yak\u0131ndan tan\u0131yarak bu k\u00fclt\u00fcre sahip donan\u0131ml\u0131 bir vatanda\u015f olma imkan\u0131 elde edebilmektedirler.<\/span><\/li>\r\n<li><span style=\"font-family: Roboto; font-size: 14px;\">Fransa&#8217;da m\u00fclk sahibi olabilme haklar\u0131 mevcuttur.<\/span><\/li>\r\n<\/ul>\r\n<p><span style=\"font-family: Roboto; font-size: 14px;\"><\/span><span style=\"font-family: Roboto;\"><\/span><\/p>","protected":false},"excerpt":{"rendered":"<p>Fransa Vatanda\u015fl\u0131k \u0130\u015flemleri 2022 Fransa vatanda\u015fl\u0131k i\u015flemleri, herkes i\u00e7in ya\u015fan\u0131labilir bir yer olan Fransa i\u00e7in ger\u00e7ekle\u015ftirilmektedir. Ancak bu \u00fclkede ya\u015fayabilmek i\u00e7in bir\u00e7ok kriter bulunmaktad\u0131r. Oturum izni almak ya da vatanda\u015fl\u0131k hakk\u0131 kazanmak Fransa\u2019da uzun y\u0131llar kalabilmek i\u00e7in gerekli olan izinlerdir. Ancak bu izinleri alabilmek i\u00e7in her t\u00fcrl\u00fc \u015fart\u0131 yerine getirmeniz gerekmektedir. Fransa vatanda\u015fl\u0131k i\u015flemleri i\u00e7in<\/p>\n","protected":false},"author":1,"featured_media":0,"parent":18,"menu_order":0,"comment_status":"open","ping_status":"closed","template":"","meta":{"footnotes":""},"class_list":["post-51","page","type-page","status-publish","hentry"],"yoast_head":"<!-- This site is optimized with the Yoast SEO plugin v24.0 - https:\/\/yoast.com\/wordpress\/plugins\/seo\/ -->\n<title>Fransa Vatanda\u015fl\u0131k \u0130\u015flemleri - MyVize<\/title>\n<meta name=\"description\" content=\"Fransa vatanda\u015fl\u0131k i\u015flemleri, herkes i\u00e7in ya\u015fan\u0131labilir bir yer olan Fransa i\u00e7in ger\u00e7ekle\u015ftirilmektedir. Ancak bu \u00fclkede ya\u015fayabilmek i\u00e7in...\" \/>\n<meta name=\"robots\" content=\"index, follow, max-snippet:-1, max-image-preview:large, max-video-preview:-1\" \/>\n<link rel=\"canonical\" href=\"https:\/\/www.myvize.com.tr\/fransa\/vize-islemleri\/fransa-vatandaslik-islemleri\/\" \/>\n<meta property=\"og:locale\" content=\"tr_TR\" \/>\n<meta property=\"og:type\" content=\"article\" \/>\n<meta property=\"og:title\" content=\"Fransa Vatanda\u015fl\u0131k \u0130\u015flemleri - MyVize\" \/>\n<meta property=\"og:description\" content=\"Fransa vatanda\u015fl\u0131k i\u015flemleri, herkes i\u00e7in ya\u015fan\u0131labilir bir yer olan Fransa i\u00e7in ger\u00e7ekle\u015ftirilmektedir. Ancak bu \u00fclkede ya\u015fayabilmek i\u00e7in...\" \/>\n<meta property=\"og:url\" content=\"https:\/\/www.myvize.com.tr\/fransa\/vize-islemleri\/fransa-vatandaslik-islemleri\/\" \/>\n<meta property=\"og:site_name\" content=\"Fransa Vizesi\" \/>\n<meta property=\"article:modified_time\" content=\"2022-05-23T19:40:44+00:00\" \/>\n<meta property=\"og:image\" content=\"https:\/\/www.myvize.com.tr\/fransa\/wp-content\/uploads\/2021\/09\/61.jpg\" \/>\n<meta name=\"twitter:card\" content=\"summary_large_image\" \/>\n<meta name=\"twitter:label1\" content=\"Tahmini okuma s\u00fcresi\" \/>\n\t<meta name=\"twitter:data1\" content=\"7 dakika\" \/>\n<script type=\"application\/ld+json\" class=\"yoast-schema-graph\">{\"@context\":\"https:\/\/schema.org\",\"@graph\":[{\"@type\":\"WebPage\",\"@id\":\"https:\/\/www.myvize.com.tr\/fransa\/vize-islemleri\/fransa-vatandaslik-islemleri\/\",\"url\":\"https:\/\/www.myvize.com.tr\/fransa\/vize-islemleri\/fransa-vatandaslik-islemleri\/\",\"name\":\"Fransa Vatanda\u015fl\u0131k \u0130\u015flemleri - MyVize\",\"isPartOf\":{\"@id\":\"https:\/\/www.myvize.com.tr\/fransa\/#website\"},\"primaryImageOfPage\":{\"@id\":\"https:\/\/www.myvize.com.tr\/fransa\/vize-islemleri\/fransa-vatandaslik-islemleri\/#primaryimage\"},\"image\":{\"@id\":\"https:\/\/www.myvize.com.tr\/fransa\/vize-islemleri\/fransa-vatandaslik-islemleri\/#primaryimage\"},\"thumbnailUrl\":\"https:\/\/www.myvize.com.tr\/fransa\/wp-content\/uploads\/2021\/09\/61.jpg\",\"datePublished\":\"2020-11-30T09:49:31+00:00\",\"dateModified\":\"2022-05-23T19:40:44+00:00\",\"description\":\"Fransa vatanda\u015fl\u0131k i\u015flemleri, herkes i\u00e7in ya\u015fan\u0131labilir bir yer olan Fransa i\u00e7in ger\u00e7ekle\u015ftirilmektedir. Ancak bu \u00fclkede ya\u015fayabilmek i\u00e7in...\",\"breadcrumb\":{\"@id\":\"https:\/\/www.myvize.com.tr\/fransa\/vize-islemleri\/fransa-vatandaslik-islemleri\/#breadcrumb\"},\"inLanguage\":\"tr\",\"potentialAction\":[{\"@type\":\"ReadAction\",\"target\":[\"https:\/\/www.myvize.com.tr\/fransa\/vize-islemleri\/fransa-vatandaslik-islemleri\/\"]}]},{\"@type\":\"ImageObject\",\"inLanguage\":\"tr\",\"@id\":\"https:\/\/www.myvize.com.tr\/fransa\/vize-islemleri\/fransa-vatandaslik-islemleri\/#primaryimage\",\"url\":\"https:\/\/www.myvize.com.tr\/fransa\/wp-content\/uploads\/2021\/09\/61.jpg\",\"contentUrl\":\"https:\/\/www.myvize.com.tr\/fransa\/wp-content\/uploads\/2021\/09\/61.jpg\",\"width\":800,\"height\":500,\"caption\":\"Fransa Vatanda\u015fl\u0131k \u0130\u015flemleri\"},{\"@type\":\"BreadcrumbList\",\"@id\":\"https:\/\/www.myvize.com.tr\/fransa\/vize-islemleri\/fransa-vatandaslik-islemleri\/#breadcrumb\",\"itemListElement\":[{\"@type\":\"ListItem\",\"position\":1,\"name\":\"Anasayfa\",\"item\":\"https:\/\/www.myvize.com.tr\/fransa\/\"},{\"@type\":\"ListItem\",\"position\":2,\"name\":\"Fransa Vize \u0130\u015flemleri\",\"item\":\"https:\/\/www.myvize.com.tr\/fransa\/vize-islemleri\/\"},{\"@type\":\"ListItem\",\"position\":3,\"name\":\"Fransa Vatanda\u015fl\u0131k \u0130\u015flemleri\"}]},{\"@type\":\"WebSite\",\"@id\":\"https:\/\/www.myvize.com.tr\/fransa\/#website\",\"url\":\"https:\/\/www.myvize.com.tr\/fransa\/\",\"name\":\"Fransa Vizesi\",\"description\":\"\",\"potentialAction\":[{\"@type\":\"SearchAction\",\"target\":{\"@type\":\"EntryPoint\",\"urlTemplate\":\"https:\/\/www.myvize.com.tr\/fransa\/?s={search_term_string}\"},\"query-input\":{\"@type\":\"PropertyValueSpecification\",\"valueRequired\":true,\"valueName\":\"search_term_string\"}}],\"inLanguage\":\"tr\"}]}<\/script>\n<!-- \/ Yoast SEO plugin. -->","yoast_head_json":{"title":"Fransa Vatanda\u015fl\u0131k \u0130\u015flemleri - MyVize","description":"Fransa vatanda\u015fl\u0131k i\u015flemleri, herkes i\u00e7in ya\u015fan\u0131labilir bir yer olan Fransa i\u00e7in ger\u00e7ekle\u015ftirilmektedir. Ancak bu \u00fclkede ya\u015fayabilmek i\u00e7in...","robots":{"index":"index","follow":"follow","max-snippet":"max-snippet:-1","max-image-preview":"max-image-preview:large","max-video-preview":"max-video-preview:-1"},"canonical":"https:\/\/www.myvize.com.tr\/fransa\/vize-islemleri\/fransa-vatandaslik-islemleri\/","og_locale":"tr_TR","og_type":"article","og_title":"Fransa Vatanda\u015fl\u0131k \u0130\u015flemleri - MyVize","og_description":"Fransa vatanda\u015fl\u0131k i\u015flemleri, herkes i\u00e7in ya\u015fan\u0131labilir bir yer olan Fransa i\u00e7in ger\u00e7ekle\u015ftirilmektedir. Ancak bu \u00fclkede ya\u015fayabilmek i\u00e7in...","og_url":"https:\/\/www.myvize.com.tr\/fransa\/vize-islemleri\/fransa-vatandaslik-islemleri\/","og_site_name":"Fransa Vizesi","article_modified_time":"2022-05-23T19:40:44+00:00","og_image":[{"url":"https:\/\/www.myvize.com.tr\/fransa\/wp-content\/uploads\/2021\/09\/61.jpg","type":"","width":"","height":""}],"twitter_card":"summary_large_image","twitter_misc":{"Tahmini okuma s\u00fcresi":"7 dakika"},"schema":{"@context":"https:\/\/schema.org","@graph":[{"@type":"WebPage","@id":"https:\/\/www.myvize.com.tr\/fransa\/vize-islemleri\/fransa-vatandaslik-islemleri\/","url":"https:\/\/www.myvize.com.tr\/fransa\/vize-islemleri\/fransa-vatandaslik-islemleri\/","name":"Fransa Vatanda\u015fl\u0131k \u0130\u015flemleri - MyVize","isPartOf":{"@id":"https:\/\/www.myvize.com.tr\/fransa\/#website"},"primaryImageOfPage":{"@id":"https:\/\/www.myvize.com.tr\/fransa\/vize-islemleri\/fransa-vatandaslik-islemleri\/#primaryimage"},"image":{"@id":"https:\/\/www.myvize.com.tr\/fransa\/vize-islemleri\/fransa-vatandaslik-islemleri\/#primaryimage"},"thumbnailUrl":"https:\/\/www.myvize.com.tr\/fransa\/wp-content\/uploads\/2021\/09\/61.jpg","datePublished":"2020-11-30T09:49:31+00:00","dateModified":"2022-05-23T19:40:44+00:00","description":"Fransa vatanda\u015fl\u0131k i\u015flemleri, herkes i\u00e7in ya\u015fan\u0131labilir bir yer olan Fransa i\u00e7in ger\u00e7ekle\u015ftirilmektedir. Ancak bu \u00fclkede ya\u015fayabilmek i\u00e7in...","breadcrumb":{"@id":"https:\/\/www.myvize.com.tr\/fransa\/vize-islemleri\/fransa-vatandaslik-islemleri\/#breadcrumb"},"inLanguage":"tr","potentialAction":[{"@type":"ReadAction","target":["https:\/\/www.myvize.com.tr\/fransa\/vize-islemleri\/fransa-vatandaslik-islemleri\/"]}]},{"@type":"ImageObject","inLanguage":"tr","@id":"https:\/\/www.myvize.com.tr\/fransa\/vize-islemleri\/fransa-vatandaslik-islemleri\/#primaryimage","url":"https:\/\/www.myvize.com.tr\/fransa\/wp-content\/uploads\/2021\/09\/61.jpg","contentUrl":"https:\/\/www.myvize.com.tr\/fransa\/wp-content\/uploads\/2021\/09\/61.jpg","width":800,"height":500,"caption":"Fransa Vatanda\u015fl\u0131k \u0130\u015flemleri"},{"@type":"BreadcrumbList","@id":"https:\/\/www.myvize.com.tr\/fransa\/vize-islemleri\/fransa-vatandaslik-islemleri\/#breadcrumb","itemListElement":[{"@type":"ListItem","position":1,"name":"Anasayfa","item":"https:\/\/www.myvize.com.tr\/fransa\/"},{"@type":"ListItem","position":2,"name":"Fransa Vize \u0130\u015flemleri","item":"https:\/\/www.myvize.com.tr\/fransa\/vize-islemleri\/"},{"@type":"ListItem","position":3,"name":"Fransa Vatanda\u015fl\u0131k \u0130\u015flemleri"}]},{"@type":"WebSite","@id":"https:\/\/www.myvize.com.tr\/fransa\/#website","url":"https:\/\/www.myvize.com.tr\/fransa\/","name":"Fransa Vizesi","description":"","potentialAction":[{"@type":"SearchAction","target":{"@type":"EntryPoint","urlTemplate":"https:\/\/www.myvize.com.tr\/fransa\/?s={search_term_string}"},"query-input":{"@type":"PropertyValueSpecification","valueRequired":true,"valueName":"search_term_string"}}],"inLanguage":"tr"}]}},"_links":{"self":[{"href":"https:\/\/www.myvize.com.tr\/fransa\/wp-json\/wp\/v2\/pages\/51","targetHints":{"allow":["GET"]}}],"collection":[{"href":"https:\/\/www.myvize.com.tr\/fransa\/wp-json\/wp\/v2\/pages"}],"about":[{"href":"https:\/\/www.myvize.com.tr\/fransa\/wp-json\/wp\/v2\/types\/page"}],"author":[{"embeddable":true,"href":"https:\/\/www.myvize.com.tr\/fransa\/wp-json\/wp\/v2\/users\/1"}],"replies":[{"embeddable":true,"href":"https:\/\/www.myvize.com.tr\/fransa\/wp-json\/wp\/v2\/comments?post=51"}],"version-history":[{"count":5,"href":"https:\/\/www.myvize.com.tr\/fransa\/wp-json\/wp\/v2\/pages\/51\/revisions"}],"predecessor-version":[{"id":1428,"href":"https:\/\/www.myvize.com.tr\/fransa\/wp-json\/wp\/v2\/pages\/51\/revisions\/1428"}],"up":[{"embeddable":true,"href":"https:\/\/www.myvize.com.tr\/fransa\/wp-json\/wp\/v2\/pages\/18"}],"wp:attachment":[{"href":"https:\/\/www.myvize.com.tr\/fransa\/wp-json\/wp\/v2\/media?parent=51"}],"curies":[{"name":"wp","href":"https:\/\/api.w.org\/{rel}","templated":true}]}}