{"id":69,"date":"2020-11-30T12:54:37","date_gmt":"2020-11-30T09:54:37","guid":{"rendered":"https:\/\/www.myvize.com.tr\/fransa\/?page_id=69"},"modified":"2022-10-03T12:41:38","modified_gmt":"2022-10-03T09:41:38","slug":"konsolosluklar","status":"publish","type":"page","link":"https:\/\/www.myvize.com.tr\/fransa\/konsolosluklar\/","title":{"rendered":"KONSOLOSLUKLAR"},"content":{"rendered":"\r\n<p><strong>Fransa Ba\u015fkonsoloslu\u011fu<\/strong><\/p>\r\n\r\n\r\n\r\n<p>T\u00fcrkiye vatanda\u015flar\u0131 ya da T\u00fcrkiye\u2019de yasal yollarla ikamet eden \u00fc\u00e7\u00fcnc\u00fc d\u00fcnya \u00fclkelerinin vatanda\u015flar\u0131, Fransa\u2019ya gitmek ya da konsolosluk i\u015flemleri i\u00e7in <strong>Fransa Konsolosluklar\u0131na<\/strong> ba\u015fvuru yapabilirler. Ayr\u0131ca Fransa konsolosluklar\u0131 ve temsilcilikleri, kendi b\u00f6lgelerine ayr\u0131lan \u015fehirlerde ya\u015fayan vatanda\u015flar\u0131 i\u00e7in hizmet vermektedirler.<\/p>\r\n\r\n\r\n\r\n<p><strong>Fransa\u2019n\u0131n T\u00fcrkiye\u2019deki Temsilcikleri<\/strong><\/p>\r\n\r\n\r\n\r\n<p>Fransa\u2019n\u0131n T\u00fcrkiye\u2019nin 8 \u015fehrinde temsilcili\u011fi bulunmaktad\u0131r. T\u00fcrkiye\u2019de bulunan 8 Temsilcili\u011fi a\u015fa\u011f\u0131dad\u0131r.<\/p>\r\n\r\n\r\n\r\n<p>1. Ankara B\u00fcy\u00fckel\u00e7ili\u011fi<\/p>\r\n\r\n\r\n\r\n<p>2. \u0130stanbul Ba\u015fkonsoloslu\u011fu<\/p>\r\n\r\n\r\n\r\n<p>3. \u0130zmir Fahri Konsoloslu\u011fu<\/p>\r\n\r\n\r\n\r\n<p>4. Antalya Fahri Konsoloslu\u011fu<\/p>\r\n\r\n\r\n\r\n<p>5. Bursa Fahri Konsoloslu\u011fu<\/p>\r\n\r\n\r\n\r\n<p>6. Bodrum Fahri Konsoloslu\u011fu<\/p>\r\n\r\n\r\n\r\n<p>7. \u0130skenderun Fahri Konsoloslu\u011fu<\/p>\r\n\r\n\r\n\r\n<p>8. Edirne Fahri Konsoloslu\u011fu<\/p>\r\n\r\n\r\n\r\n<p>Vize i\u015flemleri ile ilgili i\u015flem yapmak isteyen vatanda\u015flar\u0131n, ikamet etti\u011fi yere en yak\u0131n konumda bulunan konsolosluklara ba\u015fvurmalar\u0131 gerekmektedir.<\/p>\r\n\r\n<p><img decoding=\"async\" src=\"https:\/\/www.myvize.com.tr\/fransa\/wp-content\/uploads\/2021\/09\/85.jpg\" \/><\/p>\r\n\r\n<p>1. <strong>Ankara B\u00fcy\u00fckel\u00e7ili\u011fi G\u00f6rev Yetkisi Alan\u0131nda Bulunan \u015eehirler:<\/strong><\/p>\r\n\r\n\r\n\r\n<figure class=\"wp-block-table\">\r\n<table>\r\n<tbody>\r\n<tr>\r\n<td>l Afyon<\/td>\r\n<td>l Bart\u0131n<\/td>\r\n<td>l Erzincan<\/td>\r\n<td>l G\u00fcm\u00fc\u015fhane<\/td>\r\n<\/tr>\r\n<tr>\r\n<td>l Ankara<\/td>\r\n<td>l Denizli<\/td>\r\n<td>l Erzurum<\/td>\r\n<td>l I\u011fd\u0131r<\/td>\r\n<\/tr>\r\n<tr>\r\n<td>l Aksaray<\/td>\r\n<td>l Bayburt<\/td>\r\n<td>l Eski\u015fehir<\/td>\r\n<td>l Isparta<\/td>\r\n<\/tr>\r\n<tr>\r\n<td>l Amasya<\/td>\r\n<td>l Burdur<\/td>\r\n<td>l Giresun<\/td>\r\n<td>l \u0130zmir<\/td>\r\n<\/tr>\r\n<tr>\r\n<td>l A\u011fr\u0131<\/td>\r\n<td>l \u00c7ank\u0131r\u0131<\/td>\r\n<td>l Karab\u00fck<\/td>\r\n<td>l \u00c7orum<\/td>\r\n<\/tr>\r\n<tr>\r\n<td>l Ardahan<\/td>\r\n<td>\u00a0 \u00a0<\/td>\r\n<td>\u00a0 \u00a0<\/td>\r\n<td>\u00a0 \u00a0<\/td>\r\n<\/tr>\r\n<\/tbody>\r\n<\/table>\r\n<\/figure>\r\n\r\n\r\n\r\n<p>1. <strong>\u0130stanbul Ba\u015fkonsoloslu\u011fu G\u00f6rev Yetkisi Alan\u0131nda Bulunan \u015eehirler:<\/strong><\/p>\r\n\r\n\r\n\r\n<figure class=\"wp-block-table\">\r\n<table>\r\n<tbody>\r\n<tr>\r\n<td>l \u00c7anakkale<\/td>\r\n<td>l K\u0131rklareli<\/td>\r\n<td>l Bal\u0131kesir<\/td>\r\n<td>l Yalova<\/td>\r\n<\/tr>\r\n<tr>\r\n<td>l Edirne<\/td>\r\n<td>l Tekirda\u011f<\/td>\r\n<td>l Kocaeli<\/td>\r\n<td>l Bolu<\/td>\r\n<\/tr>\r\n<tr>\r\n<td>l \u0130stanbul<\/td>\r\n<td>l Bursa<\/td>\r\n<td>\u00a0 \u00a0<\/td>\r\n<td>\u00a0 \u00a0<\/td>\r\n<\/tr>\r\n<\/tbody>\r\n<\/table>\r\n<\/figure>\r\n\r\n\r\n\r\n<p>1. <strong>\u0130zmir Fahri Konsoloslu\u011fu G\u00f6rev Yetkisi Alan\u0131nda Bulunan \u015eehirler:<\/strong><\/p>\r\n\r\n\r\n\r\n<p>\u0130zmir ve Ege b\u00f6lgesinde ikamet eden T\u00fcrkiye\u2019de resmi yollarla ikamet eden \u00fc\u00e7\u00fcnc\u00fc d\u00fcnya vatanda\u015flar\u0131 ve T\u00fcrkiye vatanda\u015flar\u0131, vize i\u015flemleri i\u00e7in <strong>Fransa \u0130zmir Fahri Konsoloslu\u011fu<\/strong>na giderek i\u015flemlerini halledebilirler. Bu nedenle Ege b\u00f6lgesinde ikamet eden vatanda\u015flar\u0131n, \u0130zmir Fahri konsoloslu\u011fu d\u0131\u015f\u0131nda ba\u015fka bir konsoloslukta i\u015flemlerini ger\u00e7ekle\u015ftiremezler.<\/p>\r\n\r\n\r\n\r\n<p>1. <strong>Antalya Fahri Konsoloslu\u011fu G\u00f6rev Yetkisi Alan\u0131nda Bulunan \u015eehirler:<\/strong><\/p>\r\n\r\n\r\n\r\n<p><strong>Antalya Fahri Konsoloslu\u011fu, <\/strong>Antalya ilinde ve il\u00e7elerinde ikamet eden ayr\u0131ca Akdeniz b\u00f6lgesindeki \u015fehirlerde ikamet eden ki\u015filerin i\u015flemlerini <strong>ger\u00e7ekle\u015ftirmektedir. <\/strong>Burdur, Antalya ve Isparta \u015fehirlerinde ya\u015fayan, \u00fc\u00e7\u00fcnc\u00fc \u00fclke vatanda\u015flar\u0131 ve T\u00fcrkiye vatanda\u015flar\u0131 konsolosluk i\u015flemlerini <strong>Antalya Fahri Konsoloslu\u011funda yapabilirler.<\/strong><\/p>\r\n\r\n\r\n\r\n<p>1. <strong>Edirne Fahri Konsoloslu\u011fu G\u00f6rev Alan\u0131nda Bulunan \u015eehirler:<\/strong><\/p>\r\n\r\n\r\n\r\n<p>Edirne ve Trakya b\u00f6lgesinde ya\u015fayan T\u00fcrkiye ve \u00fc\u00e7\u00fcnc\u00fc \u00fclke vatanda\u015flar\u0131 i\u015flemlerini ger\u00e7ekle\u015ftirebilirler.<\/p>\r\n\r\n\r\n\r\n<p>1. <strong>Bursa Fahri Konsoloslu\u011fu G\u00f6rev Alan\u0131nda Bulunan \u015eehirler:<\/strong><\/p>\r\n\r\n\r\n\r\n<p>Bursa ve \u00e7evre illerinde ya\u015fayan vatanda\u015flar i\u015flemlerini <strong>Bursa Fahri Konsoloslu\u011funda ger\u00e7ekle\u015ftirebilirler<\/strong>. Bu nedenle Bursa\u2019da ya da yak\u0131n illerinde olan ki\u015filer vize i\u015flemlerini yak\u0131n olan Bursa\u2019da ger\u00e7ekle\u015ftirmeliler.<\/p>\r\n\r\n\r\n\r\n<p>1. <strong>\u0130skenderun Fahri Konsoloslu\u011fu G\u00f6rev Alan\u0131nda Bulunan \u015eehirler:<\/strong><\/p>\r\n\r\n\r\n\r\n<p>Hatay ve \u00e7evre illerinde ya\u015fayan vatanda\u015flar vize i\u015flemlerini \u0130skenderun Fahri Konsoloslu\u011funda ger\u00e7ekle\u015ftirebilirler.<\/p>\r\n\r\n\r\n\r\n<p>1. <strong>Bodrum Fahri Konsoloslu\u011fu<\/strong><\/p>\r\n","protected":false},"excerpt":{"rendered":"<p>Fransa Ba\u015fkonsoloslu\u011fu T\u00fcrkiye vatanda\u015flar\u0131 ya da T\u00fcrkiye\u2019de yasal yollarla ikamet eden \u00fc\u00e7\u00fcnc\u00fc d\u00fcnya \u00fclkelerinin vatanda\u015flar\u0131, Fransa\u2019ya gitmek ya da konsolosluk i\u015flemleri i\u00e7in Fransa Konsolosluklar\u0131na ba\u015fvuru yapabilirler. Ayr\u0131ca Fransa konsolosluklar\u0131 ve temsilcilikleri, kendi b\u00f6lgelerine ayr\u0131lan \u015fehirlerde ya\u015fayan vatanda\u015flar\u0131 i\u00e7in hizmet vermektedirler. Fransa\u2019n\u0131n T\u00fcrkiye\u2019deki Temsilcikleri Fransa\u2019n\u0131n T\u00fcrkiye\u2019nin 8 \u015fehrinde temsilcili\u011fi bulunmaktad\u0131r. T\u00fcrkiye\u2019de bulunan 8 Temsilcili\u011fi a\u015fa\u011f\u0131dad\u0131r. 1.<\/p>\n","protected":false},"author":1,"featured_media":0,"parent":0,"menu_order":0,"comment_status":"closed","ping_status":"closed","template":"","meta":{"footnotes":""},"class_list":["post-69","page","type-page","status-publish","hentry"],"yoast_head":"<!-- This site is optimized with the Yoast SEO plugin v24.0 - https:\/\/yoast.com\/wordpress\/plugins\/seo\/ -->\n<title>Fransa Konsoloslu\u011fu Vize Ba\u015fvurusu - MyVize<\/title>\n<meta name=\"description\" content=\"Fransa Konsoloslu\u011fu Vize \u0130\u015flemleri. Fransa Konsoloslu\u011fu Hakk\u0131nda Bilgi Almak \u0130\u00e7in Hemen Bizi Aray\u0131n: +90 312 426 88 89\" \/>\n<meta name=\"robots\" content=\"index, follow, max-snippet:-1, max-image-preview:large, max-video-preview:-1\" \/>\n<link rel=\"canonical\" href=\"https:\/\/www.myvize.com.tr\/fransa\/konsolosluklar\/\" \/>\n<meta property=\"og:locale\" content=\"tr_TR\" \/>\n<meta property=\"og:type\" content=\"article\" \/>\n<meta property=\"og:title\" content=\"Fransa Konsoloslu\u011fu Vize Ba\u015fvurusu - MyVize\" \/>\n<meta property=\"og:description\" content=\"Fransa Konsoloslu\u011fu Vize \u0130\u015flemleri. Fransa Konsoloslu\u011fu Hakk\u0131nda Bilgi Almak \u0130\u00e7in Hemen Bizi Aray\u0131n: +90 312 426 88 89\" \/>\n<meta property=\"og:url\" content=\"https:\/\/www.myvize.com.tr\/fransa\/konsolosluklar\/\" \/>\n<meta property=\"og:site_name\" content=\"Fransa Vizesi\" \/>\n<meta property=\"article:modified_time\" content=\"2022-10-03T09:41:38+00:00\" \/>\n<meta property=\"og:image\" content=\"https:\/\/www.myvize.com.tr\/fransa\/wp-content\/uploads\/2021\/09\/85.jpg\" \/>\n<meta name=\"twitter:card\" content=\"summary_large_image\" \/>\n<meta name=\"twitter:label1\" content=\"Tahmini okuma s\u00fcresi\" \/>\n\t<meta name=\"twitter:data1\" content=\"2 dakika\" \/>\n<script type=\"application\/ld+json\" class=\"yoast-schema-graph\">{\"@context\":\"https:\/\/schema.org\",\"@graph\":[{\"@type\":\"WebPage\",\"@id\":\"https:\/\/www.myvize.com.tr\/fransa\/konsolosluklar\/\",\"url\":\"https:\/\/www.myvize.com.tr\/fransa\/konsolosluklar\/\",\"name\":\"Fransa Konsoloslu\u011fu Vize Ba\u015fvurusu - MyVize\",\"isPartOf\":{\"@id\":\"https:\/\/www.myvize.com.tr\/fransa\/#website\"},\"primaryImageOfPage\":{\"@id\":\"https:\/\/www.myvize.com.tr\/fransa\/konsolosluklar\/#primaryimage\"},\"image\":{\"@id\":\"https:\/\/www.myvize.com.tr\/fransa\/konsolosluklar\/#primaryimage\"},\"thumbnailUrl\":\"https:\/\/www.myvize.com.tr\/fransa\/wp-content\/uploads\/2021\/09\/85.jpg\",\"datePublished\":\"2020-11-30T09:54:37+00:00\",\"dateModified\":\"2022-10-03T09:41:38+00:00\",\"description\":\"Fransa Konsoloslu\u011fu Vize \u0130\u015flemleri. Fransa Konsoloslu\u011fu Hakk\u0131nda Bilgi Almak \u0130\u00e7in Hemen Bizi Aray\u0131n: +90 312 426 88 89\",\"breadcrumb\":{\"@id\":\"https:\/\/www.myvize.com.tr\/fransa\/konsolosluklar\/#breadcrumb\"},\"inLanguage\":\"tr\",\"potentialAction\":[{\"@type\":\"ReadAction\",\"target\":[\"https:\/\/www.myvize.com.tr\/fransa\/konsolosluklar\/\"]}]},{\"@type\":\"ImageObject\",\"inLanguage\":\"tr\",\"@id\":\"https:\/\/www.myvize.com.tr\/fransa\/konsolosluklar\/#primaryimage\",\"url\":\"https:\/\/www.myvize.com.tr\/fransa\/wp-content\/uploads\/2021\/09\/85.jpg\",\"contentUrl\":\"https:\/\/www.myvize.com.tr\/fransa\/wp-content\/uploads\/2021\/09\/85.jpg\",\"width\":800,\"height\":500,\"caption\":\"Fransa Konsolosluklar\"},{\"@type\":\"BreadcrumbList\",\"@id\":\"https:\/\/www.myvize.com.tr\/fransa\/konsolosluklar\/#breadcrumb\",\"itemListElement\":[{\"@type\":\"ListItem\",\"position\":1,\"name\":\"Anasayfa\",\"item\":\"https:\/\/www.myvize.com.tr\/fransa\/\"},{\"@type\":\"ListItem\",\"position\":2,\"name\":\"KONSOLOSLUKLAR\"}]},{\"@type\":\"WebSite\",\"@id\":\"https:\/\/www.myvize.com.tr\/fransa\/#website\",\"url\":\"https:\/\/www.myvize.com.tr\/fransa\/\",\"name\":\"Fransa Vizesi\",\"description\":\"\",\"potentialAction\":[{\"@type\":\"SearchAction\",\"target\":{\"@type\":\"EntryPoint\",\"urlTemplate\":\"https:\/\/www.myvize.com.tr\/fransa\/?s={search_term_string}\"},\"query-input\":{\"@type\":\"PropertyValueSpecification\",\"valueRequired\":true,\"valueName\":\"search_term_string\"}}],\"inLanguage\":\"tr\"}]}<\/script>\n<!-- \/ Yoast SEO plugin. -->","yoast_head_json":{"title":"Fransa Konsoloslu\u011fu Vize Ba\u015fvurusu - MyVize","description":"Fransa Konsoloslu\u011fu Vize \u0130\u015flemleri. Fransa Konsoloslu\u011fu Hakk\u0131nda Bilgi Almak \u0130\u00e7in Hemen Bizi Aray\u0131n: +90 312 426 88 89","robots":{"index":"index","follow":"follow","max-snippet":"max-snippet:-1","max-image-preview":"max-image-preview:large","max-video-preview":"max-video-preview:-1"},"canonical":"https:\/\/www.myvize.com.tr\/fransa\/konsolosluklar\/","og_locale":"tr_TR","og_type":"article","og_title":"Fransa Konsoloslu\u011fu Vize Ba\u015fvurusu - MyVize","og_description":"Fransa Konsoloslu\u011fu Vize \u0130\u015flemleri. Fransa Konsoloslu\u011fu Hakk\u0131nda Bilgi Almak \u0130\u00e7in Hemen Bizi Aray\u0131n: +90 312 426 88 89","og_url":"https:\/\/www.myvize.com.tr\/fransa\/konsolosluklar\/","og_site_name":"Fransa Vizesi","article_modified_time":"2022-10-03T09:41:38+00:00","og_image":[{"url":"https:\/\/www.myvize.com.tr\/fransa\/wp-content\/uploads\/2021\/09\/85.jpg","type":"","width":"","height":""}],"twitter_card":"summary_large_image","twitter_misc":{"Tahmini okuma s\u00fcresi":"2 dakika"},"schema":{"@context":"https:\/\/schema.org","@graph":[{"@type":"WebPage","@id":"https:\/\/www.myvize.com.tr\/fransa\/konsolosluklar\/","url":"https:\/\/www.myvize.com.tr\/fransa\/konsolosluklar\/","name":"Fransa Konsoloslu\u011fu Vize Ba\u015fvurusu - MyVize","isPartOf":{"@id":"https:\/\/www.myvize.com.tr\/fransa\/#website"},"primaryImageOfPage":{"@id":"https:\/\/www.myvize.com.tr\/fransa\/konsolosluklar\/#primaryimage"},"image":{"@id":"https:\/\/www.myvize.com.tr\/fransa\/konsolosluklar\/#primaryimage"},"thumbnailUrl":"https:\/\/www.myvize.com.tr\/fransa\/wp-content\/uploads\/2021\/09\/85.jpg","datePublished":"2020-11-30T09:54:37+00:00","dateModified":"2022-10-03T09:41:38+00:00","description":"Fransa Konsoloslu\u011fu Vize \u0130\u015flemleri. Fransa Konsoloslu\u011fu Hakk\u0131nda Bilgi Almak \u0130\u00e7in Hemen Bizi Aray\u0131n: +90 312 426 88 89","breadcrumb":{"@id":"https:\/\/www.myvize.com.tr\/fransa\/konsolosluklar\/#breadcrumb"},"inLanguage":"tr","potentialAction":[{"@type":"ReadAction","target":["https:\/\/www.myvize.com.tr\/fransa\/konsolosluklar\/"]}]},{"@type":"ImageObject","inLanguage":"tr","@id":"https:\/\/www.myvize.com.tr\/fransa\/konsolosluklar\/#primaryimage","url":"https:\/\/www.myvize.com.tr\/fransa\/wp-content\/uploads\/2021\/09\/85.jpg","contentUrl":"https:\/\/www.myvize.com.tr\/fransa\/wp-content\/uploads\/2021\/09\/85.jpg","width":800,"height":500,"caption":"Fransa Konsolosluklar"},{"@type":"BreadcrumbList","@id":"https:\/\/www.myvize.com.tr\/fransa\/konsolosluklar\/#breadcrumb","itemListElement":[{"@type":"ListItem","position":1,"name":"Anasayfa","item":"https:\/\/www.myvize.com.tr\/fransa\/"},{"@type":"ListItem","position":2,"name":"KONSOLOSLUKLAR"}]},{"@type":"WebSite","@id":"https:\/\/www.myvize.com.tr\/fransa\/#website","url":"https:\/\/www.myvize.com.tr\/fransa\/","name":"Fransa Vizesi","description":"","potentialAction":[{"@type":"SearchAction","target":{"@type":"EntryPoint","urlTemplate":"https:\/\/www.myvize.com.tr\/fransa\/?s={search_term_string}"},"query-input":{"@type":"PropertyValueSpecification","valueRequired":true,"valueName":"search_term_string"}}],"inLanguage":"tr"}]}},"_links":{"self":[{"href":"https:\/\/www.myvize.com.tr\/fransa\/wp-json\/wp\/v2\/pages\/69","targetHints":{"allow":["GET"]}}],"collection":[{"href":"https:\/\/www.myvize.com.tr\/fransa\/wp-json\/wp\/v2\/pages"}],"about":[{"href":"https:\/\/www.myvize.com.tr\/fransa\/wp-json\/wp\/v2\/types\/page"}],"author":[{"embeddable":true,"href":"https:\/\/www.myvize.com.tr\/fransa\/wp-json\/wp\/v2\/users\/1"}],"replies":[{"embeddable":true,"href":"https:\/\/www.myvize.com.tr\/fransa\/wp-json\/wp\/v2\/comments?post=69"}],"version-history":[{"count":6,"href":"https:\/\/www.myvize.com.tr\/fransa\/wp-json\/wp\/v2\/pages\/69\/revisions"}],"predecessor-version":[{"id":1447,"href":"https:\/\/www.myvize.com.tr\/fransa\/wp-json\/wp\/v2\/pages\/69\/revisions\/1447"}],"wp:attachment":[{"href":"https:\/\/www.myvize.com.tr\/fransa\/wp-json\/wp\/v2\/media?parent=69"}],"curies":[{"name":"wp","href":"https:\/\/api.w.org\/{rel}","templated":true}]}}