{"id":72,"date":"2020-11-30T12:59:09","date_gmt":"2020-11-30T09:59:09","guid":{"rendered":"https:\/\/www.myvize.com.tr\/fransa\/?page_id=72"},"modified":"2022-07-25T13:35:59","modified_gmt":"2022-07-25T10:35:59","slug":"ankara-buyukelciligi","status":"publish","type":"page","link":"https:\/\/www.myvize.com.tr\/fransa\/konsolosluklar\/ankara-buyukelciligi\/","title":{"rendered":"Fransa Ankara B\u00fcy\u00fckel\u00e7ili\u011fi"},"content":{"rendered":"<p><span style=\"font-family: Roboto;\"><\/span><\/p>\r\n<p><span style=\"font-family: Roboto; font-size: 14px;\"><strong>Fransa Ankara Konsoloslu\u011fu<\/strong> Frans\u0131z vatanda\u015flar\u0131n\u0131n her \u00e7e\u015fit kamusal belgenin haz\u0131rlanmas\u0131nda yetkili olarak g\u00f6rev yapmaktad\u0131r.\u00a0<strong>Fransa\u00a0<\/strong><a><strong>konsoloslu\u011fu vize <\/strong><\/a>i\u015flemlerinin ba\u015flat\u0131lmas\u0131nda \u00f6nemli bir yetki merkezidir. Sadece Frans\u0131z vatanda\u015flar\u0131n\u0131n de\u011fil ayn\u0131 zaman T\u00fcrk vatanda\u015flar\u0131n\u0131n da vize ba\u015fvurusu yapabilecekleri resmi bir kurumdur. Ancak <strong>Frans\u0131z as\u0131ll\u0131 vatanda\u015flar<\/strong> i\u00e7in yetki olana\u011f\u0131 \u00e7ok daha geni\u015ftir. \u00c7\u00fcnk\u00fc Frans\u0131z uyruklu ki\u015filerin belge haz\u0131rlanmas\u0131 ve d\u00fczenlenmesinde imza yetkisi konsolosluk taraf\u0131ndan ger\u00e7ekle\u015fir. Kimlik \u00e7\u0131kar\u0131lmas\u0131, do\u011fum ve \u00f6l\u00fcm beyan\u0131 gibi belgeler konsolosluk arac\u0131l\u0131\u011f\u0131 ile resmile\u015ftirilir. Ayr\u0131ca konsolosluk evlili\u011fi resmile\u015ftirebilece\u011fi \u00fczere bo\u015fanma konusunda da onay vermektedir.\u00a0 Bu tarz konular\u0131n mutlaka bildiri yap\u0131lmas\u0131 Frans\u0131z uyruklu vatanda\u015flar\u0131n haklar\u0131 korunmas\u0131 a\u00e7\u0131s\u0131ndan \u00f6nemlidir. Bu beyanlar\u0131n verilmesi ile zaten resmi olarak kay\u0131tlara ge\u00e7irilir.<\/span><\/p>\r\n<p><span style=\"font-family: Roboto; font-size: 14px;\">\r\n\r\n<\/span><\/p>\r\n<p><span style=\"font-family: Roboto; font-size: 14px;\"><strong>Fransa Ankara konsoloslu\u011fu<\/strong> Frans\u0131z vatanda\u015flar\u0131n\u0131n T\u00fcrkiye i\u00e7erisindeki olas\u0131 s\u0131k\u0131nt\u0131lar\u0131n\u0131n \u00e7\u00f6z\u00fcmlenmesinde de etkin rol oynar.\u00a0<\/span><\/p>\r\n<p><span style=\"font-family: Roboto; font-size: 14px;\"><\/span><\/p>\r\n<h2><span style=\"font-family: Roboto; font-size: 14px;\"><img decoding=\"async\" src=\"https:\/\/www.myvize.com.tr\/fransa\/wp-content\/uploads\/2021\/09\/86.jpg\" \/><\/span><strong><span style=\"font-family: Roboto; font-size: 27px;\">Fransa Fransa Ankara B\u00fcy\u00fckel\u00e7ilisi Kimdir?<\/span><\/strong><\/h2>\r\n<p><span style=\"font-family: Roboto; font-size: 14px;\"><\/span><\/p>\r\n<p><span style=\"font-family: Roboto; font-size: 14px;\"><strong>Fransa Ankara B\u00fcy\u00fckel\u00e7ili\u011fi<\/strong> T\u00fcrkiye\u2019de bulunan en yetkili Fransa temsilcili\u011fidir. Fransa Ankara B\u00fcy\u00fckel\u00e7ili\u011fi hakk\u0131nda ara\u015ft\u0131rma yapan ki\u015filer Fransa Ankara B\u00fcy\u00fckel\u00e7ilisinin kim oldu\u011funu merak etmektedir. Bu yaz\u0131da \u201cFransa Ankara B\u00fcy\u00fckel\u00e7isi kimdir?\u201d sorusunun cevab\u0131 verilmi\u015ftir.<\/span><\/p>\r\n<p><span style=\"font-family: Roboto; font-size: 14px;\"><strong>Fransa\u2019n\u0131n Ankara B\u00fcy\u00fckel\u00e7isi<\/strong> ve T\u00fcrkiye\u2019de bulunan en yetkili Frans\u0131z diplomat Herve Magro\u2019dur. Herve Magro 3 Aral\u0131k 1960 tarihine do\u011fmu\u015ftur. G\u00fcn\u00fcm\u00fczde Fransa\u2019n\u0131n Ankara B\u00fcy\u00fckel\u00e7ili\u011fi\u2019ni yapmaktad\u0131r. Magro, Paris\u2019teki Do\u011fu Dilleri ve Medeniyetleri Ulusal Enstit\u00fcs\u00fc\u2019nde okumu\u015ftur. Daha sonra ise y\u00fcksek lisans\u0131n\u0131 tarihi alan\u0131nda yapm\u0131\u015ft\u0131r.<\/span><\/p>\r\n<p><span style=\"font-family: Roboto; font-size: 14px;\">Fransa D\u0131\u015fi\u015fleri Bakanl\u0131\u011f\u0131\u2019nda 1986 y\u0131l\u0131nda \u00e7al\u0131\u015fmaya ba\u015flam\u0131\u015ft\u0131r. G\u00f6rev listesi a\u015fa\u011f\u0131da verilmi\u015ftir.<\/span><\/p>\r\n<ul>\r\n<li><span style=\"font-family: Roboto; font-size: 14px;\">1986-1988 Fransa D\u0131\u015fi\u015fleri Bakanl\u0131\u011f\u0131\u2019na ba\u011fl\u0131 Asya ve Okyanusya Genel M\u00fcd\u00fcrl\u00fc\u011f\u00fc\u2019nde \u00e7al\u0131\u015fm\u0131\u015ft\u0131r.<\/span><\/li>\r\n<li><span style=\"font-family: Roboto; font-size: 14px;\">1988-1991 y\u0131llar\u0131 aras\u0131nda Ankara\u2019da \u00fc\u00e7\u00fcnc\u00fc katip ve ikinci katip olarak \u00e7al\u0131\u015fm\u0131\u015ft\u0131r.<\/span><\/li>\r\n<li><span style=\"font-family: Roboto; font-size: 14px;\">1991-1994 y\u0131llar\u0131 aras\u0131 Bakanl\u0131k Merkez \u0130daresi\u2019nce \u00f6nce Personel M\u00fcd\u00fcrl\u00fc\u011f\u00fc daha sonra \u0130nsan Kaynaklar\u0131 M\u00fcd\u00fcrl\u00fc\u011f\u00fc\u2019nde \u00e7al\u0131\u015fm\u0131\u015ft\u0131r.<\/span><\/li>\r\n<li><span style=\"font-family: Roboto; font-size: 14px;\">1994-1998 y\u0131llar\u0131 aras\u0131nda Washington\u2019da ikinci katiplik ve ba\u015fkatiplik yapm\u0131\u015ft\u0131r.<\/span><\/li>\r\n<li><span style=\"font-family: Roboto; font-size: 14px;\">1998-2002 Birle\u015fmi\u015f Milletler Cenevre Ofisi\u2019nde Fransa Daimi Temsilcili\u011fi Ba\u015fkatipli\u011fi yapm\u0131\u015ft\u0131r.<\/span><\/li>\r\n<li><span style=\"font-family: Roboto; font-size: 14px;\">2002-2004 y\u0131llar\u0131 aras\u0131nda Bakanl\u0131k Merkez \u0130daresi, Kuzey Afrika ve Ortado\u011fu Dairesi Ba\u015fkan\u0131, Uluslararas\u0131 \u0130\u015fbirli\u011fi ve Kalk\u0131nma Genel M\u00fcd\u00fcrl\u00fc\u011f\u00fc<\/span><\/li>\r\n<li><span style=\"font-family: Roboto; font-size: 14px;\">2004-2007 Demokratik Y\u00f6neti\u015fim Genel M\u00fcd\u00fcr Yard\u0131mc\u0131l\u0131\u011f\u0131<\/span><\/li>\r\n<li><span style=\"font-family: Roboto; font-size: 14px;\">2007-2009 Groupma \u015firket \u00e7al\u0131\u015fan\u0131<\/span><\/li>\r\n<li><span style=\"font-family: Roboto; font-size: 14px;\">2009-2013 \u0130stanbul Ba\u015fkonsoloslu\u011fu<\/span><\/li>\r\n<li><span style=\"font-family: Roboto; font-size: 14px;\">2013-2016 Kud\u00fcs Ba\u015fkonsoloslu\u011fu<\/span><\/li>\r\n<li><span style=\"font-family: Roboto; font-size: 14px;\">2016-2020 Bakanl\u0131k Merkez \u0130daresi Ar\u015fivler Genel M\u00fcd\u00fcr\u00fc<\/span><\/li>\r\n<li><span style=\"font-family: Roboto; font-size: 14px;\">2020- Fransa Ankara B\u00fcy\u00fckel\u00e7ili\u011fi<\/span><\/li>\r\n<\/ul>\r\n<h2 class=\"wp-block-heading\"><strong><span style=\"font-family: Roboto; font-size: 27px;\">Fransa Ankara B\u00fcy\u00fckel\u00e7ili\u011fi Vize \u0130\u015flemleri<\/span><\/strong><\/h2>\r\n<p><span style=\"font-family: Roboto; font-size: 14px;\">Fransa\u2019ya belirli bir nedenden dolay\u0131 seyahat planlayan ki\u015filer<span style=\"color: #000000;\"><strong> Fransa vizesi <\/strong><\/span>almal\u0131d\u0131r. Fransa Ankara B\u00fcy\u00fckel\u00e7ili\u011fi\u2019ne vize ba\u015fvurusu yapacak olan ki\u015filer seyahat amac\u0131na uygun vize ba\u015fvurusu yapmal\u0131d\u0131r. Fransa Ankara B\u00fcy\u00fckel\u00e7ili\u011fi\u2019ne vize ba\u015fvurusu yapacak olan ki\u015filer i\u00e7in <strong>Fransa Ankara B\u00fcy\u00fckel\u00e7ili\u011fi<\/strong> vize i\u015flemleri hakk\u0131nda bilgi verilmi\u015ftir.<\/span><\/p>\r\n<p><span style=\"font-family: Roboto; font-size: 14px;\">Fransa Ankara B\u00fcy\u00fckel\u00e7ili\u011fi sadece uzun s\u00fcreli vize ba\u015fvurular\u0131n\u0131 kabul etmektedir. K\u0131sa s\u00fcreli vize ba\u015fvurular\u0131 Fransa vize ba\u015fvuru merkezine yap\u0131lmal\u0131d\u0131r. <strong>Fransa Ankara B\u00fcy\u00fckel\u00e7ili\u011fi<\/strong> vize i\u015flemleri a\u015fa\u011f\u0131daki \u015fekilde yap\u0131labilmektedir.<\/span><\/p>\r\n<ul>\r\n<li><span style=\"font-family: Roboto; font-size: 14px;\">\u00d6ncelikle ba\u015fvuru yap\u0131lacak olan Fransa vize t\u00fcr\u00fc belirlenmelidir.<\/span><\/li>\r\n<li><span style=\"font-family: Roboto; font-size: 14px;\">Fransa vize t\u00fcr\u00fc belirlendikten sonra vize ba\u015fvurusu i\u00e7in randevu al\u0131nmal\u0131d\u0131r.<\/span><\/li>\r\n<li><span style=\"font-family: Roboto; font-size: 14px;\">Randevu tarihine kadar gerekli olan evraklar haz\u0131rlanmal\u0131d\u0131r.<\/span><\/li>\r\n<li><span style=\"font-family: Roboto; font-size: 14px;\">Haz\u0131rlanan <strong>Fransa vize evraklar\u0131<\/strong> randevu tarihinde yetkililere teslim edilmelidir.<\/span><\/li>\r\n<li><span style=\"font-family: Roboto; font-size: 14px;\">Fransa vize randevu tarihinde biyometrik parmak izi verisi verilmelidir. Ayr\u0131ca ba\u015fvuru i\u00e7in gerekli olan vize \u00fccreti \u00f6denmelidir.<\/span><\/li>\r\n<\/ul>\r\n<p><span style=\"font-family: Roboto; font-size: 14px;\"><span style=\"color: #2acec2;\"><strong><a style=\"color: #2acec2;\" href=\"https:\/\/www.myvize.com.tr\/fransa\/vize-islemleri\/fransa-vize-basvurusu\/\" target=\"_blank\" rel=\"noopener\">Fransa vize ba\u015fvurusu <\/a><\/strong><\/span>yapacak olan ki\u015filer, Fransa Ankara B\u00fcy\u00fckel\u00e7ili\u011fi ile ileti\u015fime ge\u00e7erek ba\u015fvurular hakk\u0131nda detayl\u0131 bilgi al\u0131nabilir.<\/span><\/p>\r\n<h2><strong><span style=\"font-family: Roboto; font-size: 27px;\">Fransa Ankara B\u00fcy\u00fckel\u00e7ili\u011fi Vize Ba\u015fvurusu<\/span><\/strong><\/h2>\r\n<p><span style=\"font-family: Roboto; font-size: 14px;\">Fransa seyahatleri i\u00e7in yasal olarak Fransa\u2019da bulunmak i\u00e7in <strong>Fransa vizesi<\/strong> al\u0131nmas\u0131 gerekmektedir. Fransa vizesi seyahat amac\u0131na uygun olarak yap\u0131lmal\u0131d\u0131r. Fransa vizesi alacak olan ki\u015filer Fransa Ankara B\u00fcy\u00fckel\u00e7ili\u011fi vize ba\u015fvurusu i\u015flemleri hakk\u0131nda bilgi almak istemektedir. Bu yaz\u0131da Fransa Ankara B\u00fcy\u00fckel\u00e7ili\u011fi vize ba\u015fvuru i\u015flemleri hakk\u0131nda bilgi verilmi\u015ftir.<\/span><\/p>\r\n<p><span style=\"font-family: Roboto; font-size: 14px;\"><strong>Fransa Ankara B\u00fcy\u00fckel\u00e7ili\u011fi<\/strong> vize ba\u015fvurusu yapacak olan ki\u015filer ba\u015fvuru i\u015flemlerini randevu alarak yapabilir. Fransa Ankara B\u00fcy\u00fckel\u00e7ili\u011fi vize randevusu alm\u0131\u015f olan ki\u015filer randevu tarihinde gerekli evraklar\u0131 teslim etmelidir. Randevu tarihinde gerekli evraklar teslim edilecek vize ba\u015fvuru i\u015flemi ba\u015flat\u0131labilir.<\/span><\/p>\r\n<p><span style=\"font-family: Roboto; font-size: 14px;\"><strong>Fransa vizesi<\/strong> alacak olan ki\u015filer a\u015fa\u011f\u0131daki durumlara dikkat etmelidir;<\/span><\/p>\r\n<ul>\r\n<li><span style=\"font-family: Roboto; font-size: 14px;\">Ba\u015fvuru yapacak olan ki\u015filer Fransa\u2019da bulundu\u011fu s\u00fcre boyunca seyahat masraflar\u0131n\u0131 kar\u015f\u0131layabilecek ekonomik durumunun oldu\u011funun kan\u0131tlanmas\u0131 gerekmektedir.<\/span><\/li>\r\n<li><span style=\"font-family: Roboto; font-size: 14px;\">Fransa Ankara b\u00fcy\u00fckel\u00e7ili\u011fi vize ba\u015fvurusu yapacak olan ki\u015filer Fransa\u2019da ge\u00e7erli Seyahat Sa\u011fl\u0131k Sigortas\u0131 yapt\u0131rmal\u0131d\u0131r.<\/span><\/li>\r\n<li><span style=\"font-family: Roboto; font-size: 14px;\">Ba\u015fvuruda bulunacak olan ki\u015filer <span style=\"color: #000000;\"><strong>Fransa vize ba\u015fvurusu<\/strong><\/span> i\u00e7in gerekli evraklar\u0131 eksiksiz olarak haz\u0131rlamal\u0131d\u0131r.<\/span><\/li>\r\n<li><span style=\"font-family: Roboto; font-size: 14px;\">Fransa vize ba\u015fvurusu yapacak olan ki\u015filer Fransa sosyal ya\u015fam\u0131na uygun ya\u015fayaca\u011f\u0131n\u0131 kan\u0131tlamal\u0131d\u0131r.<\/span><\/li>\r\n<li><span style=\"font-family: Roboto; font-size: 14px;\">Fransa Ankara B\u00fcy\u00fckel\u00e7ili\u011fi vize ba\u015fvurusu yapacak olan ki\u015filer detayl\u0131 bilgiyi b\u00fcy\u00fckel\u00e7ilik ile ileti\u015fime ge\u00e7erek bilgi alabilir.<\/span><\/li>\r\n<\/ul>\r\n<h2><strong><span style=\"font-family: Roboto; font-size: 27px;\">Fransa Ankara Konsoloslu\u011fu Vize Ba\u015fvuru \u0130\u015flemleri<\/span><\/strong><\/h2>\r\n<p><span style=\"font-family: Roboto; font-size: 14px;\">Fransa ve \u00e7evresinde ikamet eden T\u00fcrk vatanda\u015flar\u0131 vize ba\u015fvurular\u0131n\u0131 Fransa Ankara Konsoloslu\u011fu\u2019na yapmal\u0131d\u0131r. T\u00fcrk vatanda\u015flar\u0131n\u0131n alaca\u011f\u0131 vize k\u0131sa s\u00fcreli vize ise ba\u015fvurular Fransa Konsoloslu\u011fu taraf\u0131ndan yetkilendirilmi\u015f vize ba\u015fvuru merkezlerine yap\u0131lmal\u0131d\u0131r. Fransa Konsoloslu\u011fu\u2019na sadece uzun s\u00fcreli Fransa vize ba\u015fvurular\u0131 yap\u0131labilmektedir.<\/span><\/p>\r\n<p><span style=\"font-family: Roboto; font-size: 14px;\"><strong>Fransa Ankara Konsoloslu\u011fu<\/strong> vize ba\u015fvurusu yapacak olan ki\u015filer \u00f6ncelikle <span style=\"color: #2acec2;\"><strong><a style=\"color: #2acec2;\" href=\"https:\/\/www.myvize.com.tr\/fransa\/form-ve-dilekce\/fransa-vize-basvuru-formu\/\" target=\"_blank\" rel=\"noopener\">Fransa vize ba\u015fvuru formu <\/a><\/strong><\/span>doldurmal\u0131d\u0131r. Fransa vize ba\u015fvuru formu seyahat amac\u0131na uygun olarak doldurulmal\u0131d\u0131r.<\/span><\/p>\r\n<p><span style=\"font-family: Roboto; font-size: 14px;\"><strong>Fransa Ankara Konsoloslu\u011fu<\/strong> vize ba\u015fvurusu yapacak olan ki\u015filerin ba\u015fvuruda bulunabilmek i\u00e7in randevu almas\u0131 gerekmektedir. Randevular Fransa Ankara Konsoloslu\u011fu resmi internet sitesi \u00fczerinden al\u0131nabilmektedir.<\/span><\/p>\r\n<p><span style=\"font-family: Roboto; font-size: 14px;\">Randevuyu alan ki\u015filerin randevu tarihine kadar Fransa vizesi i\u00e7in gerekli olan belgleri eksiksiz olarak haz\u0131rlamas\u0131 gerekmektedir. Belgeler randevu tarihinde Fransa Ankara Konsoloslu\u011fu\u2019na teslim edilmelidir.<\/span><\/p>\r\n<p><span style=\"font-family: Roboto; font-size: 14px;\">\u00a0Fransa Ankara Konsoloslu\u011fu\u2019na teslim edilen belgeler sonras\u0131 ba\u015fvurunuz incelemeye al\u0131nmaktad\u0131r. <strong>Fransa Ankara Konsoloslu\u011fu<\/strong> vize ba\u015fvurular\u0131n\u0131 detayl\u0131 bir \u015fekilde incelemektedir. Ba\u015fvurular ortalama olarak 5 ile 15 g\u00fcn aras\u0131nda sonu\u00e7lanmaktad\u0131r. Ancak bu s\u00fcre baz\u0131 durumlarda uzayabilmektedir.<\/span><\/p>\r\n<p><span style=\"font-family: Roboto; font-size: 14px;\">Fransa Ankara Konsoloslu\u011fu vize ba\u015fvurusu yapan ki\u015filerin vize ba\u015fvurular\u0131 olumlu sonu\u00e7lanm\u0131\u015f ise Fransa\u2019ya seyahat edebilir.<\/span><\/p>\r\n<h3><strong><span style=\"font-family: Roboto; font-size: 24px;\">Fransa Ankara B\u00fcy\u00fckel\u00e7ili\u011fi Vize Randevusu<\/span><\/strong><\/h3>\r\n<p><span style=\"font-family: Roboto; font-size: 14px;\">Fransa\u2019ya seyahat edecek olan ve Ankara \u00e7evresinde ikamet eden ki\u015filer i\u015flemlerini Fransa Ankara B\u00fcy\u00fckel\u00e7ili\u011fi\u2019ne yapabilir. Fransa Ankara B\u00fcy\u00fckel\u00e7ili\u011fi\u2019ne vize i\u015flemi yapacak olan ki\u015filerin baz\u0131 i\u015flemleri yerine getirmesi gerekmektedir. Bu i\u015flemlerden birisi e Fransa Ankara B\u00fcy\u00fckel\u00e7ili\u011fi vize randevusu i\u015fleminin yap\u0131lmas\u0131d\u0131r. <strong>Fransa Ankara B\u00fcy\u00fckel\u00e7ili\u011fi<\/strong> vize ba\u015fvurusu yapacak olan ki\u015filerin i\u015flemlerini yerine getirebilmek i\u00e7in randevu almas\u0131 zorunludur.<\/span><\/p>\r\n<p><span style=\"font-family: Roboto; font-size: 14px;\"><strong>Fransa Ankara B\u00fcy\u00fckel\u00e7ili\u011fi<\/strong> vize randevusu olmadan vize ba\u015fvurular\u0131 kabul edilmemektedir. Fransa Ankara B\u00fcy\u00fckel\u00e7ili\u011fi vize ba\u015fvurusu yapacak olan ki\u015filer, Fransa temsilcili\u011fi ile ileti\u015fime ge\u00e7erek vize randevu i\u015flemlerini yapabilir ve randevusunu alabilir.<\/span><\/p>\r\n<p><span style=\"font-family: Roboto; font-size: 14px;\">Fransa Ankara B\u00fcy\u00fckel\u00e7ili\u011fi vize ba\u015fvurusu yapacak olan ki\u015filer randevu tarihinde gerekli olan evraklar\u0131 Fransa Ankara B\u00fcy\u00fckel\u00e7ili\u011fi\u2019ne teslim etmelidir. Fransa Ankara B\u00fcy\u00fckel\u00e7ili\u011fi vize randevusu alan ki\u015filer randevu tarihini ka\u00e7\u0131rmamaya \u00e7al\u0131\u015fmaktad\u0131r. Bu nedenle <strong>Fransa Ankara B\u00fcy\u00fckel\u00e7ili\u011fi<\/strong> vize ba\u015fvurusu yapacak olan ki\u015filerin i\u015flemleri yap\u0131lmamaktad\u0131r.<\/span><\/p>\r\n<p><span style=\"font-family: Roboto; font-size: 14px;\">Fransa Ankara B\u00fcy\u00fckel\u00e7ili\u011fi vize randevusu tarihini ka\u00e7\u0131ran ki\u015filer, ba\u015fvurular\u0131n yerine getirebilmek i\u00e7in yeniden randevu almal\u0131d\u0131r. Bu durum da ba\u015fvuru sahibi i\u00e7in hem vakit kayb\u0131 hem de zaman kayb\u0131 anlam\u0131na gelmektedir.<\/span><\/p>\r\n<h3><span style=\"font-size: 24px;\"><strong><span style=\"font-family: Roboto;\">Fransa Ankara Konsoloslu\u011fu Randevu Alma<\/span><\/strong><\/span><\/h3>\r\n<p><span style=\"font-family: Roboto; font-size: 14px;\">Fransa Ankara Konsoloslu\u011fu\u2019nda i\u015flemi bulunan T\u00fcrk vatanda\u015flar\u0131n\u0131n ya da Fransa vatanda\u015flar\u0131n\u0131n i\u015flemleri i\u00e7in randevu almas\u0131 gerekmektedir. <strong>Fransa Ankara Konsoloslu\u011fu<\/strong> i\u015flemi olan ki\u015filerin Konsolosluk i\u015flemlerini ger\u00e7ekle\u015ftirebilmesi i\u00e7in Fransa Ankara Konsoloslu\u011fu randevu alma i\u015flemi ger\u00e7ekle\u015ftirmesi gerekmektedir.<\/span><\/p>\r\n<p><span style=\"font-family: Roboto; font-size: 14px;\">Ankara ve \u00e7evresinde ikamet eden ki\u015filer vize ba\u015fvurular\u0131n\u0131 Fransa Ankara Konsoloslu\u011fu\u2019na yapmas\u0131 gerekmektedir. Fransa Ankara Konsoloslu\u011fu\u2019nda i\u015flem yapabilmek i\u00e7in Fransa Ankara Konsoloslu\u011fu Randevu alma i\u015flemi ger\u00e7ekle\u015ftirmeniz gerekmektedir.<\/span><\/p>\r\n<p><span style=\"font-family: Roboto; font-size: 14px;\">Fransa Ankara Konsoloslu\u011fu\u2019nda \u015fu i\u015flemleri ger\u00e7ekle\u015ftirebilirsiniz;<\/span><\/p>\r\n<ul>\r\n<li><span style=\"font-family: Roboto; font-size: 14px;\">Fransa evrak yenileme i\u015flemleri<\/span><\/li>\r\n<li><span style=\"font-family: Roboto; font-size: 14px;\">Fransa evlilik ve bo\u015fanma i\u015flemleri<\/span><\/li>\r\n<li><span style=\"font-family: Roboto; font-size: 14px;\">Fransa do\u011fum ve \u00f6l\u00fcm i\u015flemleri<\/span><\/li>\r\n<li><span style=\"font-family: Roboto; font-size: 14px;\">Fransa pasaport i\u015flemleri<\/span><\/li>\r\n<li><span style=\"color: #2acec2;\"><strong><a style=\"color: #2acec2;\" href=\"https:\/\/www.myvize.com.tr\/fransa\/vize-islemleri\/fransa-vatandaslik-islemleri\/\" target=\"_blank\" rel=\"noopener\"><span style=\"font-family: Roboto; font-size: 14px;\">Fransa vatanda\u015fl\u0131k i\u015flemleri<\/span><\/a><\/strong><\/span><\/li>\r\n<li><span style=\"font-family: Roboto; font-size: 14px;\">Fransa vergi i\u015flemleri<\/span><\/li>\r\n<li><span style=\"font-family: Roboto; font-size: 14px;\">Fransa askerlik i\u015flemleri<\/span><\/li>\r\n<li><span style=\"font-family: Roboto; font-size: 14px;\">Fransa ehliyet i\u015flemleri<\/span><\/li>\r\n<\/ul>\r\n<p><span style=\"font-family: Roboto; font-size: 14px;\">Fransa Ankara Konsoloslu\u011fu\u2019na vize ba\u015fvurusu yapacak olan T\u00fcrk vatanda\u015flar\u0131n\u0131n Fransa vize ba\u015fvurusu i\u00e7in Fransa Ankara Konsoloslu\u011fu randevu alma i\u015flemi ger\u00e7ekle\u015ftirmesi gerekmektedir.<\/span><\/p>\r\n<p><span style=\"font-family: Roboto; font-size: 14px;\"><strong>Fransa Ankara Konsoloslu\u011fu,<\/strong> randevusuz i\u015flem yapmamaktad\u0131r. Randevu al\u0131p randevu tarihlerini ya da saatlerini ka\u00e7\u0131ran ki\u015filerin i\u015flemleri de yap\u0131lmamaktad\u0131r. Bundan dolay\u0131 randevu tarihini ka\u00e7\u0131rmamaya dikkat etmelisiniz. Tekrardan i\u015flem yapabilmek i\u00e7in randevu alman\u0131z gerekmektedir. Fransa randevulular\u0131 yapaca\u011f\u0131n\u0131z i\u015flemlere g\u00f6re farkl\u0131 tarihlere verilmektedir.<\/span><\/p>\r\n<h3><span style=\"font-size: 24px;\"><strong><span style=\"font-family: Roboto;\">Fransa Ankara Konsoloslu\u011fu<\/span><\/strong><\/span><\/h3>\r\n<p><span style=\"font-family: Roboto; font-size: 14px;\">Fransa\u2019n\u0131n T\u00fcrkiye\u2019de bulunan temsilciliklerinden birisi Fransa Ankara Konsoloslu\u011fu\u2019dur. <strong>Fransa Ankara Konsoloslu\u011fu<\/strong>, Fransa\u2019n\u0131n T\u00fcrkiye\u2019deki en yetkili temsilcili\u011fidir. T\u00fcrkiye\u2019deki t\u00fcm Fransa temsilcilikleri Fransa Ankara Konsoloslu\u011fu\u2019na ba\u011fl\u0131d\u0131r. En \u00f6nemli amac\u0131 T\u00fcrkiye ve Fransa aras\u0131nda ileti\u015fim sa\u011flamakt\u0131r.<\/span><\/p>\r\n<p><span style=\"font-family: Roboto; font-size: 14px;\"><strong>Fransa Ankara Konsoloslu\u011fu<\/strong>, Fransa ile T\u00fcrkiye aras\u0131ndaki ikili ili\u015fkileri d\u00fczenlemektedir. T\u00fcrkiye ile Fransa aras\u0131nda bulunan ticareti d\u00fczenlemektedir. Fransa Ankara Konsoloslu\u011fu, Fransa\u2019n\u0131n T\u00fcrkiye\u2019de bulunan vatanda\u015flar\u0131na konsolosluk ve noterlik hizmeti sa\u011flamaktad\u0131r. Bunun yan\u0131nda Fransa\u2019ya seyahat edecek olan T\u00fcrk vatanda\u015flar\u0131na ise vize hizmeti sa\u011flamaktad\u0131r.<\/span><\/p>\r\n<p><span style=\"font-family: Roboto; font-size: 14px;\"><strong>Fransa Ankara Konsoloslu\u011fu,<\/strong> T\u00fcrkiye\u2019ye seyahat eden diplomatlar\u0131 kar\u015f\u0131lamaktad\u0131r. Fransa g\u00fcndemini T\u00fcrkiye hakk\u0131nda bilgilendirmektedir. Fransa ad\u0131na T\u00fcrkiye\u2019de bas\u0131n a\u00e7\u0131klamas\u0131nda bulunmaktad\u0131r.<\/span><\/p>\r\n<p><span style=\"font-family: Roboto; font-size: 18px;\"><strong>Fransa Ankara Konsoloslu\u011fu \u00c7al\u0131\u015fma Saati ve G\u00f6rev B\u00f6lgesi<\/strong><\/span><\/p>\r\n<p><span style=\"font-family: Roboto; font-size: 14px;\"><strong>Fransa Ankara Konsoloslu\u011fu<\/strong> hafta i\u00e7i her g\u00fcn saat 10.00 ile 13.00 aras\u0131nda hizmet vermektedir. Fransa Ankara Konsoloslu\u011fu, T\u00fcrkiye resmi tatillerinde ve Fransa resmi tatillerinde hizmet vermemektedir.<\/span><\/p>\r\n<p><span style=\"font-family: Roboto; font-size: 14px;\">Fransa Ankara Konsoloslu\u011fu g\u00f6rev b\u00f6lgesi i\u00e7erisinde Ankara, \u00c7ank\u0131r\u0131, Bolu, Eski\u015fehir, Konya, Aksaray, Nev\u015fehir, K\u0131r\u015fehir ve K\u0131r\u0131kkale gibi iller bulunmaktad\u0131r.<\/span><\/p>\r\n<p><span style=\"font-family: Roboto; font-size: 14px;\"><strong>Fransa Ankara Konsoloslu\u011fu Adresi:\u00a0<\/strong>Kavakl\u0131dere Mahallesi, Paris Caddesi, No: 70, PK: 06540, \u00c7ankaya\/Ankara<\/span><\/p>\r\n<h3><span style=\"font-family: Roboto; font-size: 24px;\"><strong>Fransa Ankara Konsoloslu\u011funa Nas\u0131l Gidilir?<\/strong><\/span><\/h3>\r\n<p><span style=\"font-family: Roboto; font-size: 14px;\">\r\n\r\n<\/span><\/p>\r\n<p><span style=\"font-family: Roboto; font-size: 14px;\">Ankara \u015fehirler aras\u0131 otob\u00fcs terminalinden Fransa Ankara konsoloslu\u011funa ula\u015f\u0131m toplu ta\u015f\u0131mayla veya \u00f6zel ara\u00e7la ger\u00e7ekle\u015fmektedir. Toplu ta\u015f\u0131may\u0131 tercih edildi\u011fi taktirde Ankara&#8217;n\u0131n Emek semtinden kalkan otob\u00fcsleri kullanmak gerekmektedir. Otob\u00fcs numaras\u0131 185-7, 407, 413-7, 427 olan otob\u00fcsler tercih edilmelidir. Bu otob\u00fcslerin saatleri kendi aralar\u0131nda de\u011fi\u015fiklik g\u00f6stermektedir. Saat ba\u015f\u0131 veya belirli s\u00fcrelerde hareket eden bu toplu ta\u015f\u0131ma ara\u00e7lar\u0131 otogar \u00f6n\u00fcnden binerek konsoloslu\u011fa kadar kolay bir ula\u015f\u0131m sa\u011flamaktad\u0131r. Metroyu tercih etmek isteyenler i\u00e7inse M1-M2 ara\u00e7lar tercih edilir. Bunun d\u0131\u015f\u0131nda otogar i\u00e7inde bulunan \u00f6zel ara\u00e7lar da tercih edilebilir. Taksiyle yap\u0131lan yolculuk daha k\u0131sa s\u00fcrede konsoloslu\u011fa ula\u015fman\u0131za yard\u0131m edecektir. Otogar ve <strong>Fransa Ankara Konsoloslu\u011fu<\/strong> aras\u0131ndaki mesafe olduk\u00e7a yak\u0131n olup y\u00fcr\u00fcmek isteyen ki\u015filer i\u00e7in ise 1.5 saatlik bir y\u00fcr\u00fcme mesafesi bulunmaktad\u0131r.<\/span><\/p>\r\n<h3><strong><span style=\"font-family: Roboto; font-size: 24px;\">Fransa Ankara B\u00fcy\u00fckel\u00e7ili\u011fi Adres Ve \u0130leti\u015fim Bilgileri<\/span><\/strong><\/h3>\r\n<p><span style=\"font-family: Roboto; font-size: 14px;\">Fransa Ankara B\u00fcy\u00fckel\u00e7ili\u011fi\u2019nde i\u015flem yapacak olan ki\u015filer, b\u00fcy\u00fckel\u00e7ili\u011fi ziyaret etmeden \u00f6nce ileti\u015fim bilgileri ile i\u015flemleri hakk\u0131nda bilgi alabilir. Fransa Ankara B\u00fcy\u00fckel\u00e7ili\u011fi\u2019nde i\u015flem yapacak olan ki\u015filer, Fransa Ankara B\u00fcy\u00fckel\u00e7ili\u011fi adres bilgilerini de merak etmektedir. Bu yaz\u0131da Fransa Ankara B\u00fcy\u00fckel\u00e7ili\u011fi i\u015flemi yapacak olan ki\u015filer i\u00e7in Fransa Ankara B\u00fcy\u00fckel\u00e7ili\u011fi adres ve ileti\u015fim bilgileri verilmi\u015ftir.<\/span><\/p>\r\n<p><span style=\"font-family: Roboto; font-size: 18px;\"><strong>Fransa Ankara B\u00fcy\u00fckel\u00e7ili\u011fi Adres:<\/strong><\/span><\/p>\r\n<p><span style=\"font-family: Roboto; font-size: 14px;\">Remzi O\u011fuz Ar\u0131k Mahallesi, Paris Caddesi, No: 70, Posta Kodu: 06540, \u00c7ankaya\/Ankara<\/span><\/p>\r\n<p><span style=\"font-family: Roboto; font-size: 18px;\"><strong>Fransa Ankara B\u00fcy\u00fckel\u00e7ili\u011fi \u0130leti\u015fim Bilgileri<\/strong><\/span><\/p>\r\n<p><span style=\"font-family: Roboto; font-size: 14px;\">Telefon Numaras\u0131: 0850 346 84 93(saat 09.00 11.00 aras\u0131)<\/span><\/p>\r\n<p><span style=\"font-family: Roboto; font-size: 14px;\">Telefon Numaras\u0131 2: +90 312 426 88 89 (saat 18.00 sonras\u0131 acil telefon)<\/span><\/p>\r\n<p><span style=\"font-family: Roboto; font-size: 14px;\">Vize Birimi Telefon Numaras\u0131: +90 232 404 85 00<\/span><\/p>\r\n<p><span style=\"font-family: Roboto; font-size: 14px;\">Vize Servisi E-Posta Adresi: visas.ankara-amba@diplomatie.gouv.fr<\/span><\/p>\r\n<p><span style=\"font-family: Roboto; font-size: 14px;\">Genel konular i\u00e7in e-posta: amba.ankara@diplomatie.gouv.fr<\/span><\/p>\r\n<p><span style=\"font-family: Roboto; font-size: 14px;\">Bas\u0131n birimi i\u00e7in e-posta: presse.ankara-amba@diplomatie.gouv.fr<\/span><\/p>\r\n<p><span style=\"font-family: Roboto; font-size: 14px;\">Ahvali \u015fahsiye birimi i\u00e7in e-posta: etat-civil.ankara-amba@diplomatie.gouv.fr<\/span><\/p>\r\n<p><span style=\"font-family: Roboto; font-size: 14px;\">T\u00fcrkiye\u2019de Bulunan Fransa Ankara B\u00fcy\u00fckel\u00e7ili\u011fi\u2019nde i\u015flem yapacak olan ki\u015filer yukar\u0131daki ileti\u015fim bilgileri ile ileti\u015fim sa\u011flayabilir. \u015eikayet ve \u00f6nerileriniz i\u00e7in <strong>Fransa Ankara B\u00fcy\u00fckel\u00e7ili\u011fi<\/strong> ile ileti\u015fim sa\u011flayabilir, g\u00f6r\u00fc\u015flerinizi bildirebilirsiniz.<\/span><\/p>\r\n<h4><span style=\"font-size: 22px;\"><strong><span style=\"font-family: Roboto;\">Fransa Konsoloslu\u011fu Ankara Mail Adresi<\/span><\/strong><\/span><\/h4>\r\n<p><span style=\"font-family: Roboto; font-size: 14px;\">Fransa Ankara Konsoloslu\u011fu\u2019nda i\u015flemleri olan ki\u015filer konsolosluk ile ileti\u015fime ge\u00e7ip i\u015flemleri hakk\u0131nda bilgi edinebilir. Fransa Konsoloslu\u011fu\u2019nda i\u015flemi olan ki\u015filer bu bilgileri <strong>Fransa Konsoloslu\u011fu<\/strong> Ankara mail adresi ile ya da Fransa Konsoloslu\u011fu telefon numaras\u0131 ile edinebilirsiniz.<\/span><\/p>\r\n<p><span style=\"font-family: Roboto; font-size: 14px;\">Fransa Ankara Konsoloslu\u011fu\u2019nda i\u015flemleri olan ki\u015filerin, i\u015flerini yapabilmek i\u00e7in Fransa Ankara Konsoloslu\u011fu\u2019ndan randevu almas\u0131 gerekmektedir. Fransa Ankara Konsoloslu\u011fu randevusuz olarak i\u015flem yapmamaktad\u0131r. Bundan dolay\u0131 <span style=\"color: #2acec2;\"><strong><a style=\"color: #2acec2;\" href=\"https:\/\/www.myvize.com.tr\/fransa\/konsolosluklar\/fransa-konsolosluk-islemleri\/\" target=\"_blank\" rel=\"noopener\">Fransa Konsolosluk i\u015flemleri<\/a><\/strong><\/span> i\u00e7in randevu zorunludur. <strong>Fransa Konsoloslu\u011fu<\/strong> Ankara randevu alma i\u015flemleri de mail adresleri \u00fczerinden yap\u0131labilmektedir. A\u015fa\u011f\u0131da Fransa Konsoloslu\u011fu Ankara mail adresi listesi verilmi\u015ftir.<\/span><\/p>\r\n<p><span style=\"font-family: Roboto; font-size: 16px;\"><strong>Fransa Konsoloslu\u011fu randevu i\u015flemleri i\u00e7in mail adresi:<\/strong><\/span><\/p>\r\n<p><span style=\"font-family: Roboto; font-size: 14px;\">admin-francais.ankara-amba@diplomatie.gouv.fr<\/span><\/p>\r\n<p><span style=\"font-family: Roboto; font-size: 16px;\"><strong>Vize servisi i\u00e7in Fransa Konsoloslu\u011fu Ankara mail adresi:<\/strong><\/span><\/p>\r\n<p><span style=\"font-family: Roboto; font-size: 14px;\">visas.ankara-amba@diplomatie.gouv.fr<\/span><\/p>\r\n<p><span style=\"font-family: Roboto; font-size: 16px;\"><strong>Ahvali \u015fahsiye birimi i\u00e7in Fransa Konsoloslu\u011fu Ankara mail adresi:<\/strong><\/span><\/p>\r\n<p><span style=\"font-family: Roboto; font-size: 14px;\">etat-civil.ankara-amba@diplomatie.gouv.fr<\/span><\/p>\r\n<p><span style=\"font-family: Roboto; font-size: 14px;\"><strong>G<span style=\"font-size: 16px;\">enel konular i\u00e7in Fransa Konsoloslu\u011fu Ankara mail adresi:<\/span><\/strong><\/span><\/p>\r\n<p><span style=\"font-family: Roboto; font-size: 14px;\">amba.ankara@diplomatie.gouv.fr<\/span><\/p>\r\n<p><span style=\"font-family: Roboto; font-size: 16px;\"><strong>Bas\u0131nla ilgili konular i\u00e7in Fransa Konsoloslu\u011fu Ankara mail adresi:<\/strong><\/span><\/p>\r\n<p><span style=\"font-family: Roboto; font-size: 14px;\">presse.ankara-amba@diplomatie.gouv.fr<\/span><\/p>\r\n<p><span style=\"font-family: Roboto; font-size: 14px;\">Ankara ve \u00e7evresinde ikamet eden T\u00fcrk vatanda\u015flar\u0131 ya da <strong>Fransa vatanda\u015flar\u0131<\/strong> yukar\u0131daki mail adreslerinden i\u015flemleri ile ilgili bilgi alabilir. Fransa Ankara Konsoloslu\u011fu\u2019nda yapaca\u011f\u0131 i\u015flemler i\u00e7in randevu alabilir.<\/span><\/p>\r\n<h4><span style=\"font-size: 22px;\"><strong><span style=\"font-family: Roboto;\">Fransa Konsoloslu\u011fu Ankara Telefon Numaras\u0131<\/span><\/strong><\/span><\/h4>\r\n<p><span style=\"font-family: Roboto; font-size: 14px;\">Fransa Ankara Konsoloslu\u011fu\u2019nda i\u015flemleri olan Fransa vatanda\u015flar\u0131 ve T\u00fcrk vatanda\u015flar\u0131 <strong>Fransa Ankara Konsoloslu\u011fu<\/strong> ile ileti\u015fime ge\u00e7erek i\u015flemlerini hakk\u0131nda bilgi alabilmektedir. Fransa Ankara Konsoloslu\u011fu\u2019nda i\u015flem yapacak olan ki\u015filer bilgileri Fransa Konsoloslu\u011fu Ankara telefon numaras\u0131 ile ya da <strong>Fransa Ankara Konsoloslu\u011fu<\/strong> mail adresi ile alabilir.<\/span><\/p>\r\n<p><span style=\"font-family: Roboto; font-size: 14px;\">Fransa Ankara Konsoloslu\u011fu\u2019nda i\u015flem yapacak olan ki\u015filer, i\u015flemlerini yapabilmek i\u00e7in Fransa Ankara Konsoloslu\u011fu\u2019ndan randevu almas\u0131 gerekmektedir. Bundan dolay\u0131 Fransa Ankara Konsoloslu\u011fu\u2019na yap\u0131lacak i\u015flemler i\u00e7in randevu zorunlu k\u0131l\u0131nm\u0131\u015ft\u0131r. Fransa Ankara Konsoloslu\u011fu randevu alma i\u015flemleri telefon \u00fczerinden yap\u0131labilmektedir. A\u015fa\u011f\u0131da <strong>Fransa Konsoloslu\u011fu Ankara<\/strong> telefon numaras\u0131 listesi verilmi\u015ftir.<\/span><\/p>\r\n<p><span style=\"font-family: Roboto; font-size: 14px;\"><strong>Fransa Konsoloslu\u011fu Ankara telefon numaras\u0131 1: <\/strong>0850 346 84 93\u00a0saat 09.00-13.00 ile 14.00-17.00 aras\u0131nda ula\u015f\u0131labilir.<\/span><\/p>\r\n<p><span style=\"font-family: Roboto; font-size: 14px;\"><strong>Fransa Konsoloslu\u011fu Ankara telefon numaras\u0131 2: <\/strong>+90 312 426 88 89\u00a0saat 18.00\u2019dan sonra hizmet vermektedir.<\/span><\/p>\r\n<p><span style=\"font-family: Roboto; font-size: 14px;\"><strong>Fransa Ankara Konsoloslu\u011fu i\u015flemleri<\/strong> hakk\u0131nda yukar\u0131daki telefon numaralar\u0131 ile bilgi alabilmektedir.<strong> Fransa Ankara Konsoloslu\u011fu<\/strong> randevu alma i\u015flemi i\u00e7in telefon numaras\u0131 yukar\u0131da verilmi\u015ftir.<\/span><\/p>\r\n<h4><span style=\"font-family: Roboto; font-size: 22px;\"><strong>Fransa Ankara B\u00fcy\u00fckel\u00e7ili\u011fi Ula\u015f\u0131m<\/strong><\/span><\/h4>\r\n<p><span style=\"font-family: Roboto; font-size: 14px;\"><strong>Fransa b\u00fcy\u00fckel\u00e7ili\u011fi,<\/strong> uluslararas\u0131 hukuk kurallar\u0131na uygun olacak \u015fekilde T\u00fcrkiye Cumhuriyeti\u2019nin ba\u015fkenti Ankara\u2019da bulunmaktad\u0131r. Fransa B\u00fcy\u00fckel\u00e7ili\u011fi Fransa\u2019n\u0131n T\u00fcrkiye\u2019deki resmi olan diplomatik temsilcili\u011fidir. T\u00fcrkiye ve Fransa aras\u0131nda ekonomik, politik, k\u00fclt\u00fcrel ve diplomatik ili\u015fkilerin y\u00fcr\u00fct\u00fclmesi i\u00e7in g\u00f6revlendirilen<strong> Fransa b\u00fcy\u00fckel\u00e7ili\u011fi<\/strong>, di\u011fer yandan b\u00fcnyesinde bulunan konsolosluk ile vize b\u00f6l\u00fcmleri ile Fransa\u2019ya seyahat edecek olan T\u00fcrkiye Cumhuriyeti vatanda\u015flar\u0131n\u0131n vize i\u015flemlerini ve T\u00fcrkiye\u2019de bulunan Fransa vatanda\u015flar\u0131n\u0131n konsoloslukla olacak i\u015flerini y\u00fcr\u00fct\u00fcr. Fransa B\u00fcy\u00fckel\u00e7ili\u011fi Kavakl\u0131dere semtinde bulunmaktad\u0131r. Fransa b\u00fcy\u00fckel\u00e7ili\u011fine Otob\u00fcs, metro ve di\u011fer toplu ta\u015f\u0131m ara\u00e7lar\u0131 olan dolmu\u015flar ile gidebilirsiniz.<\/span><\/p>\r\n<p><span style=\"font-family: Roboto; font-size: 14px;\">Fransa b\u00fcy\u00fckel\u00e7ili\u011fi Ankara\u2019n\u0131n \u00c7ankaya il\u00e7esi Kavakl\u0131dere semtinde bulunan Paris Caddesi \u00fczerinde bulunmaktad\u0131r. Fransa Ankara b\u00fcy\u00fckel\u00e7ili\u011fi Paris Caddesi No: 70 Kavakl\u0131dere Ankara adresinde hizmet vermektedir. Telefon numaras\u0131 +90 312 455 45 45. Fransa Ankara b\u00fcy\u00fckel\u00e7ili\u011fine Havayolu ile gelecek ki\u015filer, Esenbo\u011fa havaalan\u0131nda indikten sonra Belediye otob\u00fcs\u00fc veya Hava\u015f \u015eirketinin ara\u00e7lar\u0131 ile K\u0131z\u0131lay\u2019a kadar gelebilirsiniz. K\u0131z\u0131lay ile Fransa b\u00fcy\u00fckel\u00e7ili\u011fi aras\u0131 y\u00fcr\u00fcyerek 20 dakika, otob\u00fcsle 5 dakika kadard\u0131r.<\/span><\/p>\r\n<h4><span style=\"font-family: Roboto; font-size: 22px;\"><strong>Fransa Ankara B\u00fcy\u00fckel\u00e7ili\u011fi Otob\u00fcs ile Ula\u015f\u0131m<\/strong><\/span><\/h4>\r\n<p><span style=\"font-family: Roboto; font-size: 14px;\"><strong>Fransa Ankara b\u00fcy\u00fckel\u00e7ili\u011fi<\/strong> Ankara\u2019n\u0131n \u00c7ankaya il\u00e7esi Kavakl\u0131dere semtinde Paris Caddesi ad\u0131 verilen yerde bulunmaktad\u0131r. Buraya otob\u00fcsle gitmek i\u00e7in K\u0131z\u0131lay\u2019dan G\u00fcvenpark \u00f6n\u00fcnden kalkan Belediye ve halk otob\u00fcsleriyle rahat ve kolayl\u0131kla gidebilirsiniz. Buradan 304, 413, 391, 114 ve 407 numaral\u0131 Belediye ve Halk otob\u00fcsleriyle Ku\u011fulu Park dura\u011f\u0131na kadar gidilir. Bu Ku\u011fulu Park dura\u011f\u0131nda otob\u00fcsten indikten sonra, Yazanlar sokaktan yukar\u0131ya do\u011fru biraz y\u00fcr\u00fcd\u00fckten sonra paris caddesine gelirsiniz. Buradan tekrar sa\u011fa d\u00f6n\u00fcp Paris Caddesi \u00fczerinden a\u015fa\u011f\u0131ya do\u011fru y\u00fcr\u00fcd\u00fc\u011f\u00fcn\u00fczde Fransa B\u00fcy\u00fckel\u00e7ili\u011fine gelmi\u015f olursunuz.<\/span><\/p>\r\n<h4><span style=\"font-family: Roboto; font-size: 14px;\">Fransa B\u00fcy\u00fckel\u00e7ili\u011fine Demiryolu ile gidilmesi durumunda, Ankara Tren Gar\u0131nda ineceksiniz ve sonra hemen Tren Gar\u0131n\u0131n \u00f6n\u00fcnden kalkan Ulus ve S\u0131hhiye y\u00f6n\u00fcne giden dolmu\u015flara binip Ulus-S\u0131hhiye- K\u0131z\u0131lay\u2019a geleceksiniz. Burada 413, 304, 391, 114 ve 407 numaral\u0131 otob\u00fcslere binip Ku\u011fulu Park dura\u011f\u0131nda inerek Yazanlar sokaktan yukar\u0131 y\u00fcr\u00fcy\u00fcp Paris Caddesine \u00e7\u0131karak a\u015fa\u011f\u0131ya y\u00fcr\u00fcy\u00fcn ve Fransa B\u00fcy\u00fckel\u00e7ili\u011fine gelmi\u015f olursunuz.<\/span><br \/><br \/><span style=\"font-family: Roboto; font-size: 22px;\"><strong>Fransa Ankara B\u00fcy\u00fckel\u00e7ili\u011fi Metro ile Ula\u015f\u0131m<\/strong><\/span><\/h4>\r\n<p><span style=\"font-family: Roboto; font-size: 14px;\">B\u00fcy\u00fckel\u00e7ilikler her \u00fclkede oldu\u011fu gibi \u00dclkelerin Ba\u015fkentlerinde bulunur. Buradan hizmetlerine devam ederler. <strong>T\u00fcrkiye\u2019de Fransa B\u00fcy\u00fckel\u00e7ili\u011fi<\/strong> Ba\u015fkent Ankara\u2019da bulunmaktad\u0131r. Fransa Ankara B\u00fcy\u00fckel\u00e7ili\u011fine rahat bir \u015fekilde kara, hava yolu ile gidebilirsiniz. Ankara\u2019da Belediye otob\u00fcsleri ve halk otob\u00fcsleri yan\u0131nda metro ile de gidilmesi \u00e7ok kolayd\u0131r. Fransa B\u00fcy\u00fckel\u00e7ili\u011fine Metro ile gidecekler, K\u0131z\u0131lay Metro istasyonunda inip Bakanl\u0131klar taraf\u0131na \u00e7\u0131kt\u0131ktan sonra G\u00fcvenpark \u00f6n\u00fcnde bulunan ve buradan hareket eden 304, 413, 114, 407 ve 391 numaral\u0131 belediye ve halk otob\u00fcslerine bineceksiniz. Otob\u00fcs Ku\u011fulu Park dura\u011f\u0131na geldi\u011fi zaman inin. Burada indikten sonra Yazanlar sokaktan yukar\u0131ya do\u011fru y\u00fcr\u00fcy\u00fcn\u00fcz. Buradan Paris Caddesine ula\u015facaks\u0131n\u0131z. Buradan da sa\u011f tarafa d\u00f6n\u00fcp Paris Caddesinden a\u015fa\u011f\u0131 y\u00fcr\u00fcmeniz durumunda Fransa B\u00fcy\u00fckel\u00e7ili\u011fine gelmi\u015f olursunuz. Ula\u015f\u0131m\u0131n kolay oldu\u011fu Ba\u015fkent Ankara\u2019da nereye gitmek isterseniz gidece\u011finiz yere rahat\u00e7a gitme imkan\u0131 bulursunuz. Belediye, Halk otob\u00fcsleri, \u00f6zel dolmu\u015flar ve Metro hizmetlerine devam etmektedir.<\/span><\/p>\r\n<p><span style=\"font-family: Roboto;\"><\/span><\/p>","protected":false},"excerpt":{"rendered":"<p>Fransa Ankara Konsoloslu\u011fu Frans\u0131z vatanda\u015flar\u0131n\u0131n her \u00e7e\u015fit kamusal belgenin haz\u0131rlanmas\u0131nda yetkili olarak g\u00f6rev yapmaktad\u0131r.\u00a0Fransa\u00a0konsoloslu\u011fu vize i\u015flemlerinin ba\u015flat\u0131lmas\u0131nda \u00f6nemli bir yetki merkezidir. Sadece Frans\u0131z vatanda\u015flar\u0131n\u0131n de\u011fil ayn\u0131 zaman T\u00fcrk vatanda\u015flar\u0131n\u0131n da vize ba\u015fvurusu yapabilecekleri resmi bir kurumdur. Ancak Frans\u0131z as\u0131ll\u0131 vatanda\u015flar i\u00e7in yetki olana\u011f\u0131 \u00e7ok daha geni\u015ftir. \u00c7\u00fcnk\u00fc Frans\u0131z uyruklu ki\u015filerin belge haz\u0131rlanmas\u0131 ve d\u00fczenlenmesinde imza<\/p>\n","protected":false},"author":1,"featured_media":0,"parent":69,"menu_order":0,"comment_status":"open","ping_status":"closed","template":"","meta":{"footnotes":""},"class_list":["post-72","page","type-page","status-publish","hentry"],"yoast_head":"<!-- This site is optimized with the Yoast SEO plugin v24.0 - https:\/\/yoast.com\/wordpress\/plugins\/seo\/ -->\n<title>Fransa Ankara B\u00fcy\u00fckel\u00e7ili\u011fi Vize \u0130\u015flemleri - MyVize<\/title>\n<meta name=\"description\" content=\"Fransa Ankara B\u00fcy\u00fckel\u00e7ili\u011fi Vize \u0130\u015flemleri Nelerdir? Fransa Ankara B\u00fcy\u00fckel\u00e7ili\u011fi Nerededir? Bilgi \u0130\u00e7in Bizi Aray\u0131n: 0850 346 84 93\" \/>\n<meta name=\"robots\" content=\"index, follow, max-snippet:-1, max-image-preview:large, max-video-preview:-1\" \/>\n<link rel=\"canonical\" href=\"https:\/\/www.myvize.com.tr\/fransa\/konsolosluklar\/ankara-buyukelciligi\/\" \/>\n<meta property=\"og:locale\" content=\"tr_TR\" \/>\n<meta property=\"og:type\" content=\"article\" \/>\n<meta property=\"og:title\" content=\"Fransa Ankara B\u00fcy\u00fckel\u00e7ili\u011fi Vize \u0130\u015flemleri - MyVize\" \/>\n<meta property=\"og:description\" content=\"Fransa Ankara B\u00fcy\u00fckel\u00e7ili\u011fi Vize \u0130\u015flemleri Nelerdir? Fransa Ankara B\u00fcy\u00fckel\u00e7ili\u011fi Nerededir? Bilgi \u0130\u00e7in Bizi Aray\u0131n: 0850 346 84 93\" \/>\n<meta property=\"og:url\" content=\"https:\/\/www.myvize.com.tr\/fransa\/konsolosluklar\/ankara-buyukelciligi\/\" \/>\n<meta property=\"og:site_name\" content=\"Fransa Vizesi\" \/>\n<meta property=\"article:modified_time\" content=\"2022-07-25T10:35:59+00:00\" \/>\n<meta property=\"og:image\" content=\"https:\/\/www.myvize.com.tr\/fransa\/wp-content\/uploads\/2021\/09\/86.jpg\" \/>\n<meta name=\"twitter:card\" content=\"summary_large_image\" \/>\n<meta name=\"twitter:label1\" content=\"Tahmini okuma s\u00fcresi\" \/>\n\t<meta name=\"twitter:data1\" content=\"11 dakika\" \/>\n<script type=\"application\/ld+json\" class=\"yoast-schema-graph\">{\"@context\":\"https:\/\/schema.org\",\"@graph\":[{\"@type\":\"WebPage\",\"@id\":\"https:\/\/www.myvize.com.tr\/fransa\/konsolosluklar\/ankara-buyukelciligi\/\",\"url\":\"https:\/\/www.myvize.com.tr\/fransa\/konsolosluklar\/ankara-buyukelciligi\/\",\"name\":\"Fransa Ankara B\u00fcy\u00fckel\u00e7ili\u011fi Vize \u0130\u015flemleri - MyVize\",\"isPartOf\":{\"@id\":\"https:\/\/www.myvize.com.tr\/fransa\/#website\"},\"primaryImageOfPage\":{\"@id\":\"https:\/\/www.myvize.com.tr\/fransa\/konsolosluklar\/ankara-buyukelciligi\/#primaryimage\"},\"image\":{\"@id\":\"https:\/\/www.myvize.com.tr\/fransa\/konsolosluklar\/ankara-buyukelciligi\/#primaryimage\"},\"thumbnailUrl\":\"https:\/\/www.myvize.com.tr\/fransa\/wp-content\/uploads\/2021\/09\/86.jpg\",\"datePublished\":\"2020-11-30T09:59:09+00:00\",\"dateModified\":\"2022-07-25T10:35:59+00:00\",\"description\":\"Fransa Ankara B\u00fcy\u00fckel\u00e7ili\u011fi Vize \u0130\u015flemleri Nelerdir? Fransa Ankara B\u00fcy\u00fckel\u00e7ili\u011fi Nerededir? Bilgi \u0130\u00e7in Bizi Aray\u0131n: 0850 346 84 93\",\"breadcrumb\":{\"@id\":\"https:\/\/www.myvize.com.tr\/fransa\/konsolosluklar\/ankara-buyukelciligi\/#breadcrumb\"},\"inLanguage\":\"tr\",\"potentialAction\":[{\"@type\":\"ReadAction\",\"target\":[\"https:\/\/www.myvize.com.tr\/fransa\/konsolosluklar\/ankara-buyukelciligi\/\"]}]},{\"@type\":\"ImageObject\",\"inLanguage\":\"tr\",\"@id\":\"https:\/\/www.myvize.com.tr\/fransa\/konsolosluklar\/ankara-buyukelciligi\/#primaryimage\",\"url\":\"https:\/\/www.myvize.com.tr\/fransa\/wp-content\/uploads\/2021\/09\/86.jpg\",\"contentUrl\":\"https:\/\/www.myvize.com.tr\/fransa\/wp-content\/uploads\/2021\/09\/86.jpg\",\"width\":800,\"height\":500,\"caption\":\"Fransa Ankara B\u00fcy\u00fckel\u00e7ili\u011fi\"},{\"@type\":\"BreadcrumbList\",\"@id\":\"https:\/\/www.myvize.com.tr\/fransa\/konsolosluklar\/ankara-buyukelciligi\/#breadcrumb\",\"itemListElement\":[{\"@type\":\"ListItem\",\"position\":1,\"name\":\"Anasayfa\",\"item\":\"https:\/\/www.myvize.com.tr\/fransa\/\"},{\"@type\":\"ListItem\",\"position\":2,\"name\":\"KONSOLOSLUKLAR\",\"item\":\"https:\/\/www.myvize.com.tr\/fransa\/konsolosluklar\/\"},{\"@type\":\"ListItem\",\"position\":3,\"name\":\"Fransa Ankara B\u00fcy\u00fckel\u00e7ili\u011fi\"}]},{\"@type\":\"WebSite\",\"@id\":\"https:\/\/www.myvize.com.tr\/fransa\/#website\",\"url\":\"https:\/\/www.myvize.com.tr\/fransa\/\",\"name\":\"Fransa Vizesi\",\"description\":\"\",\"potentialAction\":[{\"@type\":\"SearchAction\",\"target\":{\"@type\":\"EntryPoint\",\"urlTemplate\":\"https:\/\/www.myvize.com.tr\/fransa\/?s={search_term_string}\"},\"query-input\":{\"@type\":\"PropertyValueSpecification\",\"valueRequired\":true,\"valueName\":\"search_term_string\"}}],\"inLanguage\":\"tr\"}]}<\/script>\n<!-- \/ Yoast SEO plugin. -->","yoast_head_json":{"title":"Fransa Ankara B\u00fcy\u00fckel\u00e7ili\u011fi Vize \u0130\u015flemleri - MyVize","description":"Fransa Ankara B\u00fcy\u00fckel\u00e7ili\u011fi Vize \u0130\u015flemleri Nelerdir? Fransa Ankara B\u00fcy\u00fckel\u00e7ili\u011fi Nerededir? Bilgi \u0130\u00e7in Bizi Aray\u0131n: 0850 346 84 93","robots":{"index":"index","follow":"follow","max-snippet":"max-snippet:-1","max-image-preview":"max-image-preview:large","max-video-preview":"max-video-preview:-1"},"canonical":"https:\/\/www.myvize.com.tr\/fransa\/konsolosluklar\/ankara-buyukelciligi\/","og_locale":"tr_TR","og_type":"article","og_title":"Fransa Ankara B\u00fcy\u00fckel\u00e7ili\u011fi Vize \u0130\u015flemleri - MyVize","og_description":"Fransa Ankara B\u00fcy\u00fckel\u00e7ili\u011fi Vize \u0130\u015flemleri Nelerdir? Fransa Ankara B\u00fcy\u00fckel\u00e7ili\u011fi Nerededir? Bilgi \u0130\u00e7in Bizi Aray\u0131n: 0850 346 84 93","og_url":"https:\/\/www.myvize.com.tr\/fransa\/konsolosluklar\/ankara-buyukelciligi\/","og_site_name":"Fransa Vizesi","article_modified_time":"2022-07-25T10:35:59+00:00","og_image":[{"url":"https:\/\/www.myvize.com.tr\/fransa\/wp-content\/uploads\/2021\/09\/86.jpg","type":"","width":"","height":""}],"twitter_card":"summary_large_image","twitter_misc":{"Tahmini okuma s\u00fcresi":"11 dakika"},"schema":{"@context":"https:\/\/schema.org","@graph":[{"@type":"WebPage","@id":"https:\/\/www.myvize.com.tr\/fransa\/konsolosluklar\/ankara-buyukelciligi\/","url":"https:\/\/www.myvize.com.tr\/fransa\/konsolosluklar\/ankara-buyukelciligi\/","name":"Fransa Ankara B\u00fcy\u00fckel\u00e7ili\u011fi Vize \u0130\u015flemleri - MyVize","isPartOf":{"@id":"https:\/\/www.myvize.com.tr\/fransa\/#website"},"primaryImageOfPage":{"@id":"https:\/\/www.myvize.com.tr\/fransa\/konsolosluklar\/ankara-buyukelciligi\/#primaryimage"},"image":{"@id":"https:\/\/www.myvize.com.tr\/fransa\/konsolosluklar\/ankara-buyukelciligi\/#primaryimage"},"thumbnailUrl":"https:\/\/www.myvize.com.tr\/fransa\/wp-content\/uploads\/2021\/09\/86.jpg","datePublished":"2020-11-30T09:59:09+00:00","dateModified":"2022-07-25T10:35:59+00:00","description":"Fransa Ankara B\u00fcy\u00fckel\u00e7ili\u011fi Vize \u0130\u015flemleri Nelerdir? Fransa Ankara B\u00fcy\u00fckel\u00e7ili\u011fi Nerededir? Bilgi \u0130\u00e7in Bizi Aray\u0131n: 0850 346 84 93","breadcrumb":{"@id":"https:\/\/www.myvize.com.tr\/fransa\/konsolosluklar\/ankara-buyukelciligi\/#breadcrumb"},"inLanguage":"tr","potentialAction":[{"@type":"ReadAction","target":["https:\/\/www.myvize.com.tr\/fransa\/konsolosluklar\/ankara-buyukelciligi\/"]}]},{"@type":"ImageObject","inLanguage":"tr","@id":"https:\/\/www.myvize.com.tr\/fransa\/konsolosluklar\/ankara-buyukelciligi\/#primaryimage","url":"https:\/\/www.myvize.com.tr\/fransa\/wp-content\/uploads\/2021\/09\/86.jpg","contentUrl":"https:\/\/www.myvize.com.tr\/fransa\/wp-content\/uploads\/2021\/09\/86.jpg","width":800,"height":500,"caption":"Fransa Ankara B\u00fcy\u00fckel\u00e7ili\u011fi"},{"@type":"BreadcrumbList","@id":"https:\/\/www.myvize.com.tr\/fransa\/konsolosluklar\/ankara-buyukelciligi\/#breadcrumb","itemListElement":[{"@type":"ListItem","position":1,"name":"Anasayfa","item":"https:\/\/www.myvize.com.tr\/fransa\/"},{"@type":"ListItem","position":2,"name":"KONSOLOSLUKLAR","item":"https:\/\/www.myvize.com.tr\/fransa\/konsolosluklar\/"},{"@type":"ListItem","position":3,"name":"Fransa Ankara B\u00fcy\u00fckel\u00e7ili\u011fi"}]},{"@type":"WebSite","@id":"https:\/\/www.myvize.com.tr\/fransa\/#website","url":"https:\/\/www.myvize.com.tr\/fransa\/","name":"Fransa Vizesi","description":"","potentialAction":[{"@type":"SearchAction","target":{"@type":"EntryPoint","urlTemplate":"https:\/\/www.myvize.com.tr\/fransa\/?s={search_term_string}"},"query-input":{"@type":"PropertyValueSpecification","valueRequired":true,"valueName":"search_term_string"}}],"inLanguage":"tr"}]}},"_links":{"self":[{"href":"https:\/\/www.myvize.com.tr\/fransa\/wp-json\/wp\/v2\/pages\/72","targetHints":{"allow":["GET"]}}],"collection":[{"href":"https:\/\/www.myvize.com.tr\/fransa\/wp-json\/wp\/v2\/pages"}],"about":[{"href":"https:\/\/www.myvize.com.tr\/fransa\/wp-json\/wp\/v2\/types\/page"}],"author":[{"embeddable":true,"href":"https:\/\/www.myvize.com.tr\/fransa\/wp-json\/wp\/v2\/users\/1"}],"replies":[{"embeddable":true,"href":"https:\/\/www.myvize.com.tr\/fransa\/wp-json\/wp\/v2\/comments?post=72"}],"version-history":[{"count":12,"href":"https:\/\/www.myvize.com.tr\/fransa\/wp-json\/wp\/v2\/pages\/72\/revisions"}],"predecessor-version":[{"id":1359,"href":"https:\/\/www.myvize.com.tr\/fransa\/wp-json\/wp\/v2\/pages\/72\/revisions\/1359"}],"up":[{"embeddable":true,"href":"https:\/\/www.myvize.com.tr\/fransa\/wp-json\/wp\/v2\/pages\/69"}],"wp:attachment":[{"href":"https:\/\/www.myvize.com.tr\/fransa\/wp-json\/wp\/v2\/media?parent=72"}],"curies":[{"name":"wp","href":"https:\/\/api.w.org\/{rel}","templated":true}]}}