{"id":84,"date":"2020-11-30T13:05:08","date_gmt":"2020-11-30T10:05:08","guid":{"rendered":"https:\/\/www.myvize.com.tr\/fransa\/?page_id=84"},"modified":"2023-01-02T22:49:00","modified_gmt":"2023-01-02T19:49:00","slug":"trabzon-fahri-konsoloslugu","status":"publish","type":"page","link":"https:\/\/www.myvize.com.tr\/fransa\/konsolosluklar\/trabzon-fahri-konsoloslugu\/","title":{"rendered":"Fransa Trabzon Konsoloslu\u011fu"},"content":{"rendered":"<p><span style=\"font-family: Roboto;\"><\/span><\/p>\r\n<h2 class=\"wp-block-heading\"><span style=\"font-family: Roboto; font-size: 27px;\"><strong>Fransa Trabzon Konsolosu Kimdir?<\/strong><\/span><\/h2>\r\n<p><span style=\"font-family: Roboto; font-size: 14px;\">Fransa, Schengen Anla\u015fmas\u0131&#8217;n\u0131n \u00fcye \u00fclkelerinden biridir. Bu nedenle, daha \u00f6nce ba\u015fka bir Schengen \u00fcyesi \u00fclkeden ald\u0131\u011f\u0131n\u0131z vize hala ge\u00e7erliyse ve kal\u0131\u015f say\u0131s\u0131 kal\u0131rsa, yeniden vize almak zorunda kalmadan rahat bir \u015fekilde seyahat edebilirsiniz. Diplomatik pasaportlar (siyah), hizmet pasaportlar\u0131 (gri) ve hususi pasaportlar (ye\u015fil) 180 g\u00fcnl\u00fck s\u00fcre 90 g\u00fcn\u00fc ge\u00e7memek kayd\u0131yla Fransa&#8217;ya vizesiz seyahat imk\u00e2n\u0131 sa\u011flamaktad\u0131r. Ancak, umuma mahsus pasaport hamillerinin Fransa&#8217;ya seyahat etmeden \u00f6nce ge\u00e7erli bir Schengen vizesi i\u00e7in ba\u015fvurmalar\u0131 gerekmektedir. \u00a0<strong>Trabzon Fransa konsolosu kimdir<\/strong>\u00a0Trabzon&#8217;daki Fransa Fahri Konsoloslu\u011fu ve Frans\u0131z Konsoloslu\u011fu \u00e7evresindeki di\u011fer b\u00f6lgelerde ikamet edenler i\u00e7in: Fransa&#8217;n\u0131n Trabzon Fahri Konsoloslu\u011fu, Frans\u0131z vize ve pasaport i\u015flemleri, noterler, do\u011fum belgeleri, \u00f6l\u00fcm belgeleri, tapu i\u015flemleri, tapular\u0131n noter tasdiki vb. i\u015flemleri yapmaya yetkilidir. Trabzon ve Trabzon \u00e7evre illerinde ikamet eden T\u00fcrkiye Cumhuriyeti Vatanda\u015flar\u0131, Trabzon&#8217;daki Fransa Fahri Konsoloslu\u011fu&#8217;na vize ba\u015fvurusunda bulunmas\u0131 gerekir. Konsolosluk i\u015flemleri Pazartesi ve Cuma g\u00fcnleri 08:30-18:00, Cumartesi g\u00fcnleri 10:00-14:00 saatleri aras\u0131nda yap\u0131labilmektedir.<\/span><\/p>\r\n<h2><strong><span style=\"font-family: Roboto; font-size: 27px;\">Fransa Trabzon Konsoloslu\u011fu Vize \u0130\u015flemleri<\/span><\/strong><\/h2>\r\n<p><span style=\"font-family: Roboto; font-size: 14px;\"><strong>Fransa Trabzon konsoloslu\u011fu vize i\u015flemleri,\u00a0<\/strong>Fransa vizesi ba\u015fvurusu s\u00fcrecindeki ana belge olan Fransa vize ba\u015fvuru formu, belgenin<strong>\u00a0<\/strong>haz\u0131rlanmas\u0131, bas\u0131m\u0131 ve saklanmas\u0131 s\u0131ras\u0131nda \u00e7evrimi\u00e7i olarak olu\u015fturulur. Ba\u015fvuru formunda istenilen bilgilerin yanl\u0131\u015f, eksik veya hatal\u0131 olmas\u0131 ba\u015fvurunuzun gecikmesine veya iptaline neden olabilir. Bu durumda uzmanlar ve konsolosluk g\u00f6revlileri taraf\u0131ndan t\u00fcm giri\u015fleri dolduracak ve sizden gelen bilgilere g\u00f6re formu haz\u0131rlayacakt\u0131r. Fransa vizesi ba\u015fvurular\u0131 genel olarak 3 ila 15 i\u015f g\u00fcn\u00fc i\u00e7inde karara ba\u011flan\u0131r. Bu s\u00fcre ortalama olup, yo\u011funluk, resmi tatiller ve ek belge talepleri nedeniyle daha uzun olabilir. Seyahatinizin aksamas\u0131n\u0131 istemiyorsan\u0131z, seyahat tarihinizden en az bir ay \u00f6nce konsolosluk ile ileti\u015fime ge\u00e7menizi \u00f6neririz.<\/span><\/p>\r\n<p><span style=\"font-family: Roboto; font-size: 14px;\">Vize ba\u015fvurusu s\u0131ras\u0131nda 10 ya\u015f\u0131n\u0131 doldurmu\u015f pasaport hamilleri ile vize ba\u015fvurusu yapt\u0131ktan sonra ge\u00e7erlilik s\u00fcresi 3 aydan az olan pasaport hamillerinin ba\u015fvurular\u0131 kabul edilmemektedir. Fransa vizesi alan bir ki\u015fi, vize ba\u015fvurusunun ikamet etti\u011fi \u00fclkede ve en s\u0131k kal\u0131nan \u00fclkede ba\u015flat\u0131lmas\u0131 halinde di\u011fer Schengen \u00fclkelerini ziyaret edebilir.<\/span><\/p>\r\n<h2><span style=\"font-family: Roboto; font-size: 27px;\"><strong>Fransa Trabzon Konsoloslu\u011fundan Yap\u0131lacak \u0130\u015flemler Nelerdir?<\/strong><\/span><\/h2>\r\n<p><span style=\"font-family: Roboto; font-size: 14px;\">\r\n\r\n<\/span><\/p>\r\n<p><span style=\"font-family: Roboto; font-size: 14px;\"><strong>Fransa Trabzon Fahri Konsoloslu\u011fu<\/strong> ve di\u011fer Fransa Konsolosluklar\u0131 g\u00f6rev alanlar\u0131nda, yak\u0131n b\u00f6lgelerde ikametg\u00e2h\u0131 olan ki\u015filerin yapaca\u011f\u0131 i\u015flemler \u015funlard\u0131r. <span style=\"color: #2acec2;\"><strong><a style=\"color: #2acec2;\" href=\"https:\/\/www.myvize.com.tr\/fransa\/vize-islemleri\/fransa-vizesi\/\" target=\"_blank\" rel=\"noopener\">Fransa Vizesi<\/a><\/strong><\/span> veya pasaport i\u015flemi, noterlik i\u015flemi, do\u011fum belgesi, \u00f6l\u00fcm belgesi, sertifikalar, belge tasdik gibi i\u015flemlerde Fransa Trabzon Fahri Konsoloslu\u011fu yetkilidir.<\/span><\/p>\r\n<h2><strong><span style=\"font-family: Roboto; font-size: 27px;\">Fransa Trabzon Konsoloslu\u011fu Vize Ba\u015fvurusu<\/span><\/strong><\/h2>\r\n<p><span style=\"font-family: Roboto; font-size: 14px;\"><strong>Fransa Trabzon konsoloslu\u011fu vize ba\u015fvurusu<\/strong>\u00a0i\u00e7in ilk ad\u0131m, vize ba\u015fvuru formunu doldurmakla ba\u015flar. Ba\u015fvuru formunun do\u011fru, eksiksiz ve okunakl\u0131 bir \u015fekilde doldurulmas\u0131 vize s\u00fcreniz boyunca konsolosluk g\u00f6revlisinin sizi tan\u0131mas\u0131na yard\u0131mc\u0131 olaca\u011f\u0131ndan \u00f6nemlidir. Fransa vize ba\u015fvurular\u0131nda kullan\u0131lan pasaportlarda en az iki bo\u015f sayfa bulunmal\u0131d\u0131r. Fransa vize i\u015flemleri i\u00e7in kullan\u0131lan pasaportlar\u0131n 10 sene \u00f6nceden al\u0131nmamas\u0131 gerekir daha yeni olmal\u0131d\u0131r. Vizenin bitme tarihinden itibaren en az 3 ay ge\u00e7erli olmal\u0131d\u0131r. Frans\u0131z vize ba\u015fvuru sahipleri, resmi tatillerde Fransa ve T\u00fcrkiye&#8217;ye gelip gelmeyeceklerini ba\u015fvuru s\u0131ras\u0131nda belirtmelidir. Fransa&#8217;ya vize ba\u015fvurusunda bulunan ki\u015fi re\u015fit de\u011filse (18 ya\u015f\u0131n\u0131n alt\u0131nda), anne, baba veya yasal miras\u00e7\u0131lar\u0131 ile birlikte vize ba\u015fvurusu yap\u0131lmal\u0131d\u0131r. Fransa Konsoloslu\u011fu gerekli g\u00f6rd\u00fc\u011f\u00fc takdirde ba\u015fvuru sahibi ile bizzat g\u00f6r\u00fc\u015fme veya ek belge talep etme hakk\u0131n\u0131 sakl\u0131 tutar<strong>.<\/strong>\u00a0Schengen \u00fcye \u00fclkesi toplam 26 \u00fclkeyi i\u00e7ermektedir. AB ile yap\u0131lan \u00f6zel anla\u015fmalar nedeniyle sadece Norve\u00e7, \u0130svi\u00e7re ve \u0130zlanda Schengen alan\u0131na d\u00e2hil edilmektedir.<\/span><\/p>\r\n<h3><span style=\"font-family: Roboto; font-size: 24px;\"><strong>Fransa Trabzon Konsoloslu\u011fundan Vize Ba\u015fvurusu Nas\u0131l Yap\u0131l\u0131r?<\/strong><\/span><\/h3>\r\n<p><span style=\"font-family: Roboto; font-size: 14px;\">\r\n\r\n<\/span><\/p>\r\n<p><span style=\"font-family: Roboto; font-size: 14px;\"><strong>Fransa Trabzon Fahri Konsoloslu\u011fu vize b\u00f6l\u00fcm\u00fc<\/strong> Schengen vize uygulama \u00fcye olan \u00fclkelerdeki gibi vize i\u015flemi al\u0131nabilmesi parmak izi al\u0131nm\u0131\u015f olmas\u0131 gerekmektedir. Veya vize ba\u015fvurusunda bulunacak ki\u015filer konsolosluktan ve Turizm acenteleri arac\u0131l\u0131\u011f\u0131yla da yapabilirler. Fransa Trabzon Fahri Konsoloslu\u011fu&#8217;na vize ba\u015fvurusu yapan ki\u015filer doldurulmu\u015f vize ba\u015fvuru formuyla beraber ba\u015fvuru yapacaklard\u0131r.<\/span><\/p>\r\n<p><span style=\"font-family: Roboto; font-size: 14px;\">\r\n\r\n<\/span><\/p>\r\n<p><span style=\"font-family: Roboto; font-size: 14px;\"><\/span><\/p>\r\n<p><span style=\"font-family: Roboto; font-size: 14px;\"><img decoding=\"async\" src=\"https:\/\/www.myvize.com.tr\/fransa\/wp-content\/uploads\/2021\/09\/93.jpg\" \/><\/span><\/p>\r\n<p><span style=\"font-family: Roboto; font-size: 14px;\"><!-- \/wp:paragraph -->\r\n\r\n<!-- wp:heading --><\/span><\/p>\r\n<p><span style=\"font-family: Roboto; font-size: 20px;\"><strong>Fransa Trabzon Konsoloslu\u011fu G\u00f6rev B\u00f6lgesi Nerelerdir?<\/strong><\/span><\/p>\r\n<p><span style=\"font-family: Roboto; font-size: 14px;\"><!-- \/wp:heading -->\r\n\r\n<!-- wp:paragraph --><\/span><\/p>\r\n<p><span style=\"font-family: Roboto; font-size: 14px;\"><strong>Trabzon ve Trabzon \u00e7evresi<\/strong> illerinden ikametg\u00e2h\u0131 bulunan T\u00fcrkiye Cumhuriyeti vatanda\u015flar\u0131, vize i\u015flemlerini Fransa Trabzon Fahri Konsoloslu\u011fu\u2019ndan yapabilirler.<\/span><\/p>\r\n<p><span style=\"font-family: Roboto; font-size: 20px;\"><strong>Fransa Trabzon Konsoloslu\u011fu \u00c7al\u0131\u015fma Saatleri<\/strong>:<\/span><\/p>\r\n<p><span style=\"font-family: Roboto; font-size: 14px;\"><!-- \/wp:heading -->\r\n\r\n<!-- wp:paragraph --><\/span><\/p>\r\n<p><span style=\"font-family: Roboto; font-size: 14px;\">Pazartesi- Cuma g\u00fcnleri 08.30 &#8211; 18.00, Cumartesi: 10.00 &#8211; 14.00 aras\u0131 konsolosluk i\u015flemleri ger\u00e7ekle\u015ftirilebilir.<\/span><\/p>\r\n<p><span style=\"font-family: Roboto;\"><!-- \/wp:paragraph --><\/span><\/p>","protected":false},"excerpt":{"rendered":"<p>Fransa Trabzon Konsolosu Kimdir? Fransa, Schengen Anla\u015fmas\u0131&#8217;n\u0131n \u00fcye \u00fclkelerinden biridir. Bu nedenle, daha \u00f6nce ba\u015fka bir Schengen \u00fcyesi \u00fclkeden ald\u0131\u011f\u0131n\u0131z vize hala ge\u00e7erliyse ve kal\u0131\u015f say\u0131s\u0131 kal\u0131rsa, yeniden vize almak zorunda kalmadan rahat bir \u015fekilde seyahat edebilirsiniz. Diplomatik pasaportlar (siyah), hizmet pasaportlar\u0131 (gri) ve hususi pasaportlar (ye\u015fil) 180 g\u00fcnl\u00fck s\u00fcre 90 g\u00fcn\u00fc ge\u00e7memek kayd\u0131yla Fransa&#8217;ya<\/p>\n","protected":false},"author":1,"featured_media":0,"parent":69,"menu_order":0,"comment_status":"open","ping_status":"closed","template":"","meta":{"footnotes":""},"class_list":["post-84","page","type-page","status-publish","hentry"],"yoast_head":"<!-- This site is optimized with the Yoast SEO plugin v24.0 - https:\/\/yoast.com\/wordpress\/plugins\/seo\/ -->\n<title>Fransa Trabzon Konsoloslu\u011fu Vize \u0130\u015flemleri - MyVize<\/title>\n<meta name=\"description\" content=\"Fransa Trabzon Fahri Konsoloslu\u011fu Vize \u0130\u015flemleri Nelerdir? Fransa Trabzon Fahri Konsoloslu\u011fu Nerededir? Bilgi \u0130\u00e7in Aray\u0131n: 0850 346 84 93\" \/>\n<meta name=\"robots\" content=\"index, follow, max-snippet:-1, max-image-preview:large, max-video-preview:-1\" \/>\n<link rel=\"canonical\" href=\"https:\/\/www.myvize.com.tr\/fransa\/konsolosluklar\/trabzon-fahri-konsoloslugu\/\" \/>\n<meta property=\"og:locale\" content=\"tr_TR\" \/>\n<meta property=\"og:type\" content=\"article\" \/>\n<meta property=\"og:title\" content=\"Fransa Trabzon Konsoloslu\u011fu Vize \u0130\u015flemleri - MyVize\" \/>\n<meta property=\"og:description\" content=\"Fransa Trabzon Fahri Konsoloslu\u011fu Vize \u0130\u015flemleri Nelerdir? Fransa Trabzon Fahri Konsoloslu\u011fu Nerededir? Bilgi \u0130\u00e7in Aray\u0131n: 0850 346 84 93\" \/>\n<meta property=\"og:url\" content=\"https:\/\/www.myvize.com.tr\/fransa\/konsolosluklar\/trabzon-fahri-konsoloslugu\/\" \/>\n<meta property=\"og:site_name\" content=\"Fransa Vizesi\" \/>\n<meta property=\"article:modified_time\" content=\"2023-01-02T19:49:00+00:00\" \/>\n<meta property=\"og:image\" content=\"https:\/\/www.myvize.com.tr\/fransa\/wp-content\/uploads\/2021\/09\/93.jpg\" \/>\n<meta name=\"twitter:card\" content=\"summary_large_image\" \/>\n<meta name=\"twitter:label1\" content=\"Tahmini okuma s\u00fcresi\" \/>\n\t<meta name=\"twitter:data1\" content=\"4 dakika\" \/>\n<script type=\"application\/ld+json\" class=\"yoast-schema-graph\">{\"@context\":\"https:\/\/schema.org\",\"@graph\":[{\"@type\":\"WebPage\",\"@id\":\"https:\/\/www.myvize.com.tr\/fransa\/konsolosluklar\/trabzon-fahri-konsoloslugu\/\",\"url\":\"https:\/\/www.myvize.com.tr\/fransa\/konsolosluklar\/trabzon-fahri-konsoloslugu\/\",\"name\":\"Fransa Trabzon Konsoloslu\u011fu Vize \u0130\u015flemleri - MyVize\",\"isPartOf\":{\"@id\":\"https:\/\/www.myvize.com.tr\/fransa\/#website\"},\"primaryImageOfPage\":{\"@id\":\"https:\/\/www.myvize.com.tr\/fransa\/konsolosluklar\/trabzon-fahri-konsoloslugu\/#primaryimage\"},\"image\":{\"@id\":\"https:\/\/www.myvize.com.tr\/fransa\/konsolosluklar\/trabzon-fahri-konsoloslugu\/#primaryimage\"},\"thumbnailUrl\":\"https:\/\/www.myvize.com.tr\/fransa\/wp-content\/uploads\/2021\/09\/93.jpg\",\"datePublished\":\"2020-11-30T10:05:08+00:00\",\"dateModified\":\"2023-01-02T19:49:00+00:00\",\"description\":\"Fransa Trabzon Fahri Konsoloslu\u011fu Vize \u0130\u015flemleri Nelerdir? Fransa Trabzon Fahri Konsoloslu\u011fu Nerededir? Bilgi \u0130\u00e7in Aray\u0131n: 0850 346 84 93\",\"breadcrumb\":{\"@id\":\"https:\/\/www.myvize.com.tr\/fransa\/konsolosluklar\/trabzon-fahri-konsoloslugu\/#breadcrumb\"},\"inLanguage\":\"tr\",\"potentialAction\":[{\"@type\":\"ReadAction\",\"target\":[\"https:\/\/www.myvize.com.tr\/fransa\/konsolosluklar\/trabzon-fahri-konsoloslugu\/\"]}]},{\"@type\":\"ImageObject\",\"inLanguage\":\"tr\",\"@id\":\"https:\/\/www.myvize.com.tr\/fransa\/konsolosluklar\/trabzon-fahri-konsoloslugu\/#primaryimage\",\"url\":\"https:\/\/www.myvize.com.tr\/fransa\/wp-content\/uploads\/2021\/09\/93.jpg\",\"contentUrl\":\"https:\/\/www.myvize.com.tr\/fransa\/wp-content\/uploads\/2021\/09\/93.jpg\",\"width\":800,\"height\":500,\"caption\":\"Fransa Trabzon Fahri Konsoloslu\u011fu\"},{\"@type\":\"BreadcrumbList\",\"@id\":\"https:\/\/www.myvize.com.tr\/fransa\/konsolosluklar\/trabzon-fahri-konsoloslugu\/#breadcrumb\",\"itemListElement\":[{\"@type\":\"ListItem\",\"position\":1,\"name\":\"Anasayfa\",\"item\":\"https:\/\/www.myvize.com.tr\/fransa\/\"},{\"@type\":\"ListItem\",\"position\":2,\"name\":\"KONSOLOSLUKLAR\",\"item\":\"https:\/\/www.myvize.com.tr\/fransa\/konsolosluklar\/\"},{\"@type\":\"ListItem\",\"position\":3,\"name\":\"Fransa Trabzon Konsoloslu\u011fu\"}]},{\"@type\":\"WebSite\",\"@id\":\"https:\/\/www.myvize.com.tr\/fransa\/#website\",\"url\":\"https:\/\/www.myvize.com.tr\/fransa\/\",\"name\":\"Fransa Vizesi\",\"description\":\"\",\"potentialAction\":[{\"@type\":\"SearchAction\",\"target\":{\"@type\":\"EntryPoint\",\"urlTemplate\":\"https:\/\/www.myvize.com.tr\/fransa\/?s={search_term_string}\"},\"query-input\":{\"@type\":\"PropertyValueSpecification\",\"valueRequired\":true,\"valueName\":\"search_term_string\"}}],\"inLanguage\":\"tr\"}]}<\/script>\n<!-- \/ Yoast SEO plugin. -->","yoast_head_json":{"title":"Fransa Trabzon Konsoloslu\u011fu Vize \u0130\u015flemleri - MyVize","description":"Fransa Trabzon Fahri Konsoloslu\u011fu Vize \u0130\u015flemleri Nelerdir? Fransa Trabzon Fahri Konsoloslu\u011fu Nerededir? Bilgi \u0130\u00e7in Aray\u0131n: 0850 346 84 93","robots":{"index":"index","follow":"follow","max-snippet":"max-snippet:-1","max-image-preview":"max-image-preview:large","max-video-preview":"max-video-preview:-1"},"canonical":"https:\/\/www.myvize.com.tr\/fransa\/konsolosluklar\/trabzon-fahri-konsoloslugu\/","og_locale":"tr_TR","og_type":"article","og_title":"Fransa Trabzon Konsoloslu\u011fu Vize \u0130\u015flemleri - MyVize","og_description":"Fransa Trabzon Fahri Konsoloslu\u011fu Vize \u0130\u015flemleri Nelerdir? Fransa Trabzon Fahri Konsoloslu\u011fu Nerededir? Bilgi \u0130\u00e7in Aray\u0131n: 0850 346 84 93","og_url":"https:\/\/www.myvize.com.tr\/fransa\/konsolosluklar\/trabzon-fahri-konsoloslugu\/","og_site_name":"Fransa Vizesi","article_modified_time":"2023-01-02T19:49:00+00:00","og_image":[{"url":"https:\/\/www.myvize.com.tr\/fransa\/wp-content\/uploads\/2021\/09\/93.jpg","type":"","width":"","height":""}],"twitter_card":"summary_large_image","twitter_misc":{"Tahmini okuma s\u00fcresi":"4 dakika"},"schema":{"@context":"https:\/\/schema.org","@graph":[{"@type":"WebPage","@id":"https:\/\/www.myvize.com.tr\/fransa\/konsolosluklar\/trabzon-fahri-konsoloslugu\/","url":"https:\/\/www.myvize.com.tr\/fransa\/konsolosluklar\/trabzon-fahri-konsoloslugu\/","name":"Fransa Trabzon Konsoloslu\u011fu Vize \u0130\u015flemleri - MyVize","isPartOf":{"@id":"https:\/\/www.myvize.com.tr\/fransa\/#website"},"primaryImageOfPage":{"@id":"https:\/\/www.myvize.com.tr\/fransa\/konsolosluklar\/trabzon-fahri-konsoloslugu\/#primaryimage"},"image":{"@id":"https:\/\/www.myvize.com.tr\/fransa\/konsolosluklar\/trabzon-fahri-konsoloslugu\/#primaryimage"},"thumbnailUrl":"https:\/\/www.myvize.com.tr\/fransa\/wp-content\/uploads\/2021\/09\/93.jpg","datePublished":"2020-11-30T10:05:08+00:00","dateModified":"2023-01-02T19:49:00+00:00","description":"Fransa Trabzon Fahri Konsoloslu\u011fu Vize \u0130\u015flemleri Nelerdir? Fransa Trabzon Fahri Konsoloslu\u011fu Nerededir? Bilgi \u0130\u00e7in Aray\u0131n: 0850 346 84 93","breadcrumb":{"@id":"https:\/\/www.myvize.com.tr\/fransa\/konsolosluklar\/trabzon-fahri-konsoloslugu\/#breadcrumb"},"inLanguage":"tr","potentialAction":[{"@type":"ReadAction","target":["https:\/\/www.myvize.com.tr\/fransa\/konsolosluklar\/trabzon-fahri-konsoloslugu\/"]}]},{"@type":"ImageObject","inLanguage":"tr","@id":"https:\/\/www.myvize.com.tr\/fransa\/konsolosluklar\/trabzon-fahri-konsoloslugu\/#primaryimage","url":"https:\/\/www.myvize.com.tr\/fransa\/wp-content\/uploads\/2021\/09\/93.jpg","contentUrl":"https:\/\/www.myvize.com.tr\/fransa\/wp-content\/uploads\/2021\/09\/93.jpg","width":800,"height":500,"caption":"Fransa Trabzon Fahri Konsoloslu\u011fu"},{"@type":"BreadcrumbList","@id":"https:\/\/www.myvize.com.tr\/fransa\/konsolosluklar\/trabzon-fahri-konsoloslugu\/#breadcrumb","itemListElement":[{"@type":"ListItem","position":1,"name":"Anasayfa","item":"https:\/\/www.myvize.com.tr\/fransa\/"},{"@type":"ListItem","position":2,"name":"KONSOLOSLUKLAR","item":"https:\/\/www.myvize.com.tr\/fransa\/konsolosluklar\/"},{"@type":"ListItem","position":3,"name":"Fransa Trabzon Konsoloslu\u011fu"}]},{"@type":"WebSite","@id":"https:\/\/www.myvize.com.tr\/fransa\/#website","url":"https:\/\/www.myvize.com.tr\/fransa\/","name":"Fransa Vizesi","description":"","potentialAction":[{"@type":"SearchAction","target":{"@type":"EntryPoint","urlTemplate":"https:\/\/www.myvize.com.tr\/fransa\/?s={search_term_string}"},"query-input":{"@type":"PropertyValueSpecification","valueRequired":true,"valueName":"search_term_string"}}],"inLanguage":"tr"}]}},"_links":{"self":[{"href":"https:\/\/www.myvize.com.tr\/fransa\/wp-json\/wp\/v2\/pages\/84","targetHints":{"allow":["GET"]}}],"collection":[{"href":"https:\/\/www.myvize.com.tr\/fransa\/wp-json\/wp\/v2\/pages"}],"about":[{"href":"https:\/\/www.myvize.com.tr\/fransa\/wp-json\/wp\/v2\/types\/page"}],"author":[{"embeddable":true,"href":"https:\/\/www.myvize.com.tr\/fransa\/wp-json\/wp\/v2\/users\/1"}],"replies":[{"embeddable":true,"href":"https:\/\/www.myvize.com.tr\/fransa\/wp-json\/wp\/v2\/comments?post=84"}],"version-history":[{"count":12,"href":"https:\/\/www.myvize.com.tr\/fransa\/wp-json\/wp\/v2\/pages\/84\/revisions"}],"predecessor-version":[{"id":1480,"href":"https:\/\/www.myvize.com.tr\/fransa\/wp-json\/wp\/v2\/pages\/84\/revisions\/1480"}],"up":[{"embeddable":true,"href":"https:\/\/www.myvize.com.tr\/fransa\/wp-json\/wp\/v2\/pages\/69"}],"wp:attachment":[{"href":"https:\/\/www.myvize.com.tr\/fransa\/wp-json\/wp\/v2\/media?parent=84"}],"curies":[{"name":"wp","href":"https:\/\/api.w.org\/{rel}","templated":true}]}}