{"id":86,"date":"2020-11-30T13:05:31","date_gmt":"2020-11-30T10:05:31","guid":{"rendered":"https:\/\/www.myvize.com.tr\/ingiltere\/?page_id=86"},"modified":"2022-06-04T13:11:22","modified_gmt":"2022-06-04T10:11:22","slug":"edirne-fahri-konsoloslugu","status":"publish","type":"page","link":"https:\/\/www.myvize.com.tr\/ingiltere\/konsolosluklar\/edirne-fahri-konsoloslugu\/","title":{"rendered":"\u0130ngiltere Edirne Konsoloslu\u011fu"},"content":{"rendered":"<h2><strong><span style=\"font-size: 27px; font-family: Roboto;\">\u0130ngiltere Edirne Konsoloslu\u011fu Hakk\u0131nda<\/span><\/strong><\/h2>\n<p><span style=\"font-family: Roboto; font-size: 14px;\"><span style=\"color: #2acec2;\"><strong><a style=\"color: #2acec2;\" href=\"https:\/\/www.myvize.com.tr\/ingiltere\/vize-islemleri\/ingiltere-vizesi\/\" target=\"_blank\" rel=\"noopener\">\u0130ngiltere vizesi<\/a><\/strong><\/span>\u00a0<strong>Edirne Fahri Konsoloslu\u011fu<\/strong>\u00a0vize i\u015flem merkezleri ile sa\u011flanmaktad\u0131r. \u00d6ncelikle ki\u015finin\u00a0<strong>Edirne \u0130ngiltere Fahri Konsoloslu\u011fu\u00a0<\/strong>ilgili \u00e7a\u011fr\u0131 merkezini arayarak randevu almas\u0131 gerekmektedir.<strong> \u0130ngiltere vize<\/strong> i\u015flemleri Edirne Fahri Ba\u015fkonsoloslu\u011fu vize merkezi hafta i\u00e7i Pazartesi, Cuma: 09:00 \/ 19:00 saatleri aras\u0131nda, Cumartesi g\u00fcn\u00fc 09:00 ve 14:00 saatleri aras\u0131nda hizmet vermektedir. Ayr\u0131ca telefon veya mail yolu ile vize i\u015flemlerinizi kolayl\u0131kla ger\u00e7ekle\u015ftirebilirsiniz.<\/span><\/p>\n<p><span style=\"font-family: Roboto; font-size: 14px;\">\u00d6zellikle Edirne<strong> \u0130ngiltere Fahri Konsoloslu\u011fu<\/strong> vize merkezi, ki\u015fiden dijital foto\u011fraf ve parmak izi belgesi talep etmektedir. Randevu i\u015flemleri s\u0131ras\u0131nda ya da vize i\u015flemlerinin ger\u00e7ekle\u015ftirildi\u011fi s\u00fcrede resmi tatillerin araya girmesi s\u00f6z konusu olabilir. Bu da i\u015flemlerin uzamas\u0131na ya da yo\u011funlu\u011fun artmas\u0131na neden olabilmektedir. B\u00f6yle durumlarda Edirne Fahri Ba\u015fkonsoloslu\u011fu dan\u0131\u015fmanlar\u0131 ile sizinle ileti\u015fime ge\u00e7erek randevu g\u00fcnlerinizi ba\u015fka tarihlere alabilmektedir.<\/span><\/p>\n<p><img decoding=\"async\" src=\"https:\/\/www.myvize.com.tr\/ingiltere\/wp-content\/uploads\/2021\/09\/70.jpg\" \/><\/p>\n<p><span style=\"font-family: Roboto; font-size: 14px;\">Fakat genellikle 1 ile 7 i\u015f g\u00fcn\u00fc i\u00e7erisinde randevu vermektedir. <strong>\u0130ngiltere vizesi<\/strong> i\u015flemleri yapacak ki\u015finin kendisine en uygun saati ve tarihi se\u00e7mesi olduk\u00e7a en \u00f6nemli kurallardan biri olarak kar\u015f\u0131n\u0131za \u00e7\u0131kmaktad\u0131r. <strong>Edirne \u0130ngiltere konsolosluklar\u0131<\/strong> vize i\u015flemleri esnas\u0131nda ki\u015finin;<\/span><\/p>\n<ul>\n<li><span style=\"font-family: Roboto; font-size: 14px;\">Tam vukuatl\u0131 n\u00fcfus kay\u0131t \u00f6rne\u011fini<\/span><\/li>\n<li><span style=\"font-family: Roboto; font-size: 14px;\">Vize talep i\u00e7in dilek\u00e7esini<\/span><\/li>\n<li><span style=\"font-family: Roboto; font-size: 14px;\">Konaklama bilgilerini<\/span><\/li>\n<li><span style=\"font-family: Roboto; font-size: 14px;\">Rezervasyon bilgilerini mutlaka do\u011fru ve eksiksiz bir \u015fekilde yan\u0131nda bulundurmas\u0131 talep eder.<\/span><\/li>\n<\/ul>\n<p><span style=\"font-family: Roboto; font-size: 14px;\">Vize i\u015flemlerinin h\u0131zl\u0131 bir \u015fekilde ger\u00e7ekle\u015fmesini isteyen vatanda\u015flar, ekstra \u00fccret \u00f6deyerek bu s\u00fcreci h\u0131zland\u0131rabilirler. B\u00f6yle durumlarda konsolosluklardan taraf\u0131n\u0131za bilgilendirme gelerek 1 ile 5 g\u00fcn i\u00e7erisinde <strong>\u0130ngiltere vizeleri<\/strong> \u00e7\u0131km\u0131\u015f olacakt\u0131r.<\/span><\/p>\n<h2><span style=\"font-family: Roboto; font-size: 27px;\">\u0130ngiltere Edirne Fahri Konsolosu Kimdir?<\/span><\/h2>\n<p><span style=\"font-family: Roboto; font-size: 14px;\">\u00a0\u0130ngiltere \u2019nin T\u00fcrkiye\u2019de bulunan temsilcili\u011finden birisi \u00a0\u0130ngiltere Edirne Fahri Konsoloslu\u011fudur. \u0130ngiltere Edirne Fahri Konsoloslu\u011fu\u2019nun y\u00f6neticisi ise \u00a0\u0130ngiltere Edirne Fahri Konsoloslu\u011fu\u2019dur. Bu yaz\u0131da \u00a0\u0130ngiltere Edirne Fahri Konsoloslu\u011funun kim oldu\u011fu merak etmek isteyen ki\u015fi i\u00e7in \u201c \u0130ngiltere \u00a0 Edirne Fahri Konsolosu kimdir?\u201d sorusunun cevab\u0131 verilmi\u015ftir. \u0130ngiltere Edirne Fahri Konsoloslu\u011funun kim oldu\u011fu hakk\u0131nda bilgiler bulunmamaktad\u0131r. \u00a0\u0130ngiltere \u00a0 Edirne Fahri Konsoloslu\u011fusu, \u00a0\u0130ngiltere \u00a0ile T\u00fcrkiye aras\u0131nda ki ili\u015fkileri daha ileri seviye \u00e7\u0131karmay\u0131 ya da belirli bir seviye de tutmay\u0131 ama\u00e7lamakta. \u00a0\u0130ngiltere \u00a0 Edirne Fahri Konsoloslu\u011fu, \u00a0\u0130ngiltere \u00a0ve T\u00fcrkiye aras\u0131ndaki ticari ili\u015fkisi geli\u015ftirmeyi ama\u00e7lamaktad\u0131r. \u00a0\u0130ngiltere Edirne Fahri Konsoloslu\u011fu, T\u00fcrkiye ve \u00a0\u0130ngiltere aras\u0131nda ki ticari ili\u015fkiyi geli\u015ftirme ve yeni ticari i\u015fbirli\u011fi ile yat\u0131rma ortakl\u0131\u011f\u0131n\u0131n ortaya \u00e7\u0131kar\u0131lmas\u0131n\u0131 ama\u00e7lamakta. \u00a0\u0130ngiltere\u2019n\u0131n Ankara B\u00fcy\u00fckel\u00e7ili\u011fine ba\u011fl\u0131 olarak \u00e7al\u0131\u015fmakta. Gerektikleri durumda \u00a0\u0130ngiltere vatanda\u015flar\u0131na vatanda\u015fl\u0131k hizmetler verilmektedir. \u00a0\u0130ngiltere vatanda\u015f\u0131na ekonomi, sosyal, e\u011fitim, sa\u011fl\u0131kl\u0131 ve hukuk alanlar\u0131nda destek vermektedir.<\/span><\/p>\n<h2><span style=\"font-family: Roboto; font-size: 27px;\">\u0130ngiltere Edirne Fahri Konsoloslu\u011fu Vize \u0130\u015flemleri<\/span><\/h2>\n<p><span style=\"font-family: Roboto; font-size: 14px;\"><strong>T\u00fcrkiye\u2019den \u0130ngiltere\u2019ye seyahat<\/strong> edecek olan ki\u015finin \u0130ngiltere seyahat ama\u00e7\u0131na uygun vize almas\u0131 gerekmekte. \u0130ngiltere\u2019ye seyahat edecek olan ile \u00a0 Edirne \u00a0\u00e7evresinde ikamet eden ki\u015fi vize i\u015flemlerini \u0130ngiltere\u2019nin \u00a0 Edirne Fahri Konsoloslu\u011funa yapabilir. \u0130ngiltere \u00a0 Edirne Fahri Konsoloslu\u011funa vize ba\u015fvurusu yapacak olan ki\u015fi i\u015fleminin nas\u0131l yapaca\u011f\u0131 merak etmektedir. Bu yaz\u0131 da \u0130ngiltere Edirne Fahri Konsoloslu\u011fu vize i\u015flemi hakk\u0131nda bilgi verilmi\u015ftir. \u0130ngiltere \u00a0 Edirne Fahri Konsoloslu\u011funa sadece uzun s\u00fcre yani 90 g\u00fcn\u00fc ge\u00e7en vize ba\u015fvuru yapabilirsiniz. K\u0131sa s\u00fcre vize ba\u015fvurular\u0131 ise \u0130ngiltere\u2019nin T\u00fcrkiye de yetkilendirmi\u015f oldu\u011fu vize ba\u015fvuru merkezine yap\u0131lmal\u0131d\u0131r. \u0130ngiltere\u00a0 Edirne Fahri Konsoloslu\u011fu vize ba\u015fvuru i\u00e7in \u00f6ncelikle seyahat amac\u0131na uygun olan \u0130ngiltere vize t\u00fcr\u00fc belirlemelisiniz. <strong>\u0130ngiltere vize t\u00fcr\u00fc<\/strong> belirleyen ki\u015filer, \u0130ngiltere\u00a0 Edirne Fahri Konsoloslu\u011fundan randevu almal\u0131s\u0131n\u0131z. \u0130ngiltere \u00a0 Edirne Fahri Konsoloslu\u011fundan vize i\u00e7in randevu alan ki\u015fi randevu tarihine ba\u015fvuru yapaca\u011f\u0131 \u0130ngiltere vize t\u00fcr\u00fc uygun evraklar\u0131 haz\u0131rlamal\u0131s\u0131n\u0131z. \u0130ngiltere vizesi ba\u015fvurusu i\u00e7in gerekli evrak haz\u0131rland\u0131ktan sonra \u0130ngiltere Edirne Fahri Konsoloslu\u011fu randevu tarihinde evrak yetkililere teslim edilmelidir. \u0130ngiltere \u00a0 Edirne Fahri Konsolosluku vize randevusu tarihlerinde biyometrik parmak izi verisi verilmeli. \u0130ngiltere Edirne Fahri Konsoloslu\u011funa yap\u0131lan vize ba\u015fvurular\u0131 ortalama olarak g\u00fcn i\u00e7inde sonu\u00e7lanmaktad\u0131r.<\/span><\/p>\n<h2><strong><span style=\"font-family: Roboto; font-size: 27px;\">\u0130ngiltere Edirne Fahri Konsoloslu\u011fu Vize Randevusu<\/span><\/strong><\/h2>\n<p><span style=\"font-family: Roboto; font-size: 14px;\"><strong>\u0130ngiltere\u2019ye seyahat<\/strong> edecek olan ki\u015fi, \u0130ngiltere seyahat ama\u00e7lar\u0131na uygun vize almal\u0131.<span style=\"color: #2acec2;\"><strong><a style=\"color: #2acec2;\" href=\"https:\/\/www.myvize.com.tr\/ingiltere\/vize-islemleri\/ingiltere-vize-basvurusu\/\" target=\"_blank\" rel=\"noopener\"> \u0130ngiltere vize ba\u015fvurusu<\/a><\/strong><\/span> \u0130ngiltere \u00a0 Edirne Fahri Konsoloslu\u011funa yap\u0131labilir. \u0130ngiltere Edirne Fahri Konsoloslu\u011funa vize ba\u015fvurusu yapacak \u0130ngiltere vize alacak olan ki\u015filer baz\u0131 \u015fart\u0131 yerine getirmesi gerekmektedir. Bu \u015fartdan birisi de \u0130ngiltere Edirne Fahri Konsoloslu\u011fu vize randevusu al\u0131nmas\u0131d\u0131r. \u0130ngiltere \u00a0 Edirne Fahri Konsoloslu\u011funa vizesi ba\u015fvurusu yapacak olan ki\u015fi randevuyu nas\u0131l al\u0131naca\u011f\u0131 merak etmektedir. \u0130ngiltere Edirne Fahri Konsoloslu\u011fu vize randevusu alacak olan ki\u015fi, <strong>\u0130ngiltere vize<\/strong> randevusunu \u0130ngiltere \u00a0 Edirne Fahri Konsoloslu\u011fu ile ileti\u015fimlere ge\u00e7ilerek al\u0131nabilir. Randevu tarihlerinde gerekli olan evrak yetkililere teslim edilmelidir. \u0130ngiltere \u00a0 Edirne Fahri Konsoloslu\u011fu vize ba\u015fvurusu yapacak olan ki\u015filer, \u0130ngiltere Edirne Fahri Konsoloslu\u011fu vize randevusunu ka\u00e7\u0131rmamal\u0131d\u0131r. \u0130ngiltere \u00a0 Edirne Fahri Konsoloslu\u011fu vize randevusunu ka\u00e7\u0131ran ki\u015finin i\u015flemleri yap\u0131lmamaktad\u0131r. Bu neden ba\u015fvuru yapacak olan ki\u015finin vize ba\u015fvurusu i\u00e7in randevu almalar\u0131 gerekmektedir.<\/span><br \/>\n<span style=\"font-family: Roboto; font-size: 14px;\">\u0130ngiltere Edirne Fahri Konsoloslu\u011fu vize randevu ka\u00e7\u0131ran ki\u015filer ba\u015fvuru i\u00e7in vakit kayb\u0131 ya\u015fam\u0131\u015f olur ve buna ba\u011fl\u0131 seyahat plan\u0131 aksam\u0131\u015f olur.\u00a0<\/span><\/p>\n<h3><strong><span style=\"font-family: Roboto; font-size: 24px;\">\u0130ngiltere Edirne Fahri Konsoloslu\u011fu Vize Ba\u015fvurusu<\/span><\/strong><\/h3>\n<p><span style=\"font-family: Roboto; font-size: 14px;\"><strong>\u0130ngiltere\u2019ye seyahat etmek<\/strong> isteyen ki\u015fi seyahatleri \u00f6ncesinde <strong>\u0130ngiltere vize<\/strong> almal\u0131d\u0131r. \u0130ngiltere\u2019ye k\u0131sa s\u00fcre olarak seyahat edecek olan ki\u015finin vize ba\u015fvurusunu \u0130ngiltere vize ba\u015fvuru merkezine yapmas\u0131 gerekmektedir. Uzun s\u00fcre \u0130ngiltere vize ba\u015fvurular\u0131 ise \u0130ngilterenin T\u00fcrkiye\u2019de temsilcili\u011fine yapmal\u0131d\u0131r. <strong>\u0130ngiltere ulusal vize<\/strong> ba\u015fvuru yapacak olan ki\u015filer, \u0130ngiltere vizesi ba\u015fvurular\u0131n\u0131 \u0130ngiltere Edirne Fahri Konsoloslu\u011funa yapabilmektedir.<\/span><br \/>\n<span style=\"font-family: Roboto; font-size: 14px;\">\u0130ngiltere Edirne Fahri Konsoloslu\u011funa vize ba\u015fvurusu yapacak olan ki\u015fi vize ba\u015fvurusu i\u00e7in randevular almal\u0131d\u0131r. Randevu tarihlerine kadar \u0130ngiltere \u00a0 Edirne vize ba\u015fvurusu i\u00e7in gerekli olan evrak haz\u0131rlamal\u0131 ve randevu tarihinde \u0130ngiltere Edirne Fahri Konsoloslu\u011funa teslim ederek \u0130ngiltere \u00a0 Edirne Fahri Konsolosluku vize ba\u015fvurusu i\u015flemi ba\u015flat\u0131labilir.<\/span><br \/>\n<span style=\"font-family: Roboto; font-size: 14px;\">\u0130ngiltere Edirne Fahri Konsoloslu\u011fu vize ba\u015fvurusu yapacak olan ki\u015finin yerine getirmesi gereken baz\u0131 durum bulunmaktad\u0131r. \u0130ngiltere Edirne Fahri Konsoloslu\u011funa vize ba\u015fvurusu yapacak olan ki\u015fi \u0130ngiltere\u2019de ge\u00e7erli olan seyahat sa\u011fl\u0131k sigortas\u0131n\u0131 yapt\u0131rmal\u0131d\u0131r. \u0130ngiltere Edirne Fahri Konsoloslu\u011fu vize ba\u015fvurusu yapacak olan ki\u015finin \u0130ngiltere\u2019de bulundu\u011fu s\u00fcre boyunca seyahat masraf\u0131n\u0131 ve konaklama masraflar\u0131n\u0131 kar\u015f\u0131layabilecek ekonomi durumunun olmas\u0131 gerekmektedir.<\/span><\/p>\n","protected":false},"excerpt":{"rendered":"<p>\u0130ngiltere Edirne Konsoloslu\u011fu Hakk\u0131nda \u0130ngiltere vizesi\u00a0Edirne Fahri Konsoloslu\u011fu\u00a0vize i\u015flem merkezleri ile sa\u011flanmaktad\u0131r. \u00d6ncelikle ki\u015finin\u00a0Edirne \u0130ngiltere Fahri Konsoloslu\u011fu\u00a0ilgili \u00e7a\u011fr\u0131 merkezini arayarak randevu almas\u0131 gerekmektedir. \u0130ngiltere vize i\u015flemleri Edirne Fahri Ba\u015fkonsoloslu\u011fu vize merkezi hafta i\u00e7i Pazartesi, Cuma: 09:00 \/ 19:00 saatleri aras\u0131nda, Cumartesi g\u00fcn\u00fc 09:00 ve 14:00 saatleri aras\u0131nda hizmet vermektedir. Ayr\u0131ca telefon veya mail yolu ile<\/p>\n","protected":false},"author":1,"featured_media":0,"parent":69,"menu_order":0,"comment_status":"open","ping_status":"closed","template":"","meta":{"footnotes":""},"class_list":["post-86","page","type-page","status-publish","hentry"],"yoast_head":"<!-- This site is optimized with the Yoast SEO plugin v24.0 - https:\/\/yoast.com\/wordpress\/plugins\/seo\/ -->\n<title>\u0130ngiltere Edirne Fahri Konsoloslu\u011fu - MyVize<\/title>\n<meta name=\"description\" content=\"\u0130ngiltere Edirne Fahri Konsoloslu\u011fu Vize \u0130\u015flemleri Nelerdir? \u0130ngiltere Edirne Fahri Konsoloslu\u011fu Nerede? Bilgi \u0130\u00e7in Aray\u0131n: 0850 346 84 93\" \/>\n<meta name=\"robots\" content=\"index, follow, max-snippet:-1, max-image-preview:large, max-video-preview:-1\" \/>\n<link rel=\"canonical\" href=\"https:\/\/www.myvize.com.tr\/ingiltere\/konsolosluklar\/edirne-fahri-konsoloslugu\/\" \/>\n<meta property=\"og:locale\" content=\"tr_TR\" \/>\n<meta property=\"og:type\" content=\"article\" \/>\n<meta property=\"og:title\" content=\"\u0130ngiltere Edirne Fahri Konsoloslu\u011fu - MyVize\" \/>\n<meta property=\"og:description\" content=\"\u0130ngiltere Edirne Fahri Konsoloslu\u011fu Vize \u0130\u015flemleri Nelerdir? \u0130ngiltere Edirne Fahri Konsoloslu\u011fu Nerede? Bilgi \u0130\u00e7in Aray\u0131n: 0850 346 84 93\" \/>\n<meta property=\"og:url\" content=\"https:\/\/www.myvize.com.tr\/ingiltere\/konsolosluklar\/edirne-fahri-konsoloslugu\/\" \/>\n<meta property=\"og:site_name\" content=\"\u0130ngiltere Vize Ba\u015fvuru &amp; \u0130ngiltere Vizesi\" \/>\n<meta property=\"article:modified_time\" content=\"2022-06-04T10:11:22+00:00\" \/>\n<meta property=\"og:image\" content=\"https:\/\/www.myvize.com.tr\/ingiltere\/wp-content\/uploads\/2021\/09\/70.jpg\" \/>\n<meta name=\"twitter:card\" content=\"summary_large_image\" \/>\n<meta name=\"twitter:label1\" content=\"Tahmini okuma s\u00fcresi\" \/>\n\t<meta name=\"twitter:data1\" content=\"4 dakika\" \/>\n<script type=\"application\/ld+json\" class=\"yoast-schema-graph\">{\"@context\":\"https:\/\/schema.org\",\"@graph\":[{\"@type\":\"WebPage\",\"@id\":\"https:\/\/www.myvize.com.tr\/ingiltere\/konsolosluklar\/edirne-fahri-konsoloslugu\/\",\"url\":\"https:\/\/www.myvize.com.tr\/ingiltere\/konsolosluklar\/edirne-fahri-konsoloslugu\/\",\"name\":\"\u0130ngiltere Edirne Fahri Konsoloslu\u011fu - MyVize\",\"isPartOf\":{\"@id\":\"https:\/\/www.myvize.com.tr\/ingiltere\/#website\"},\"primaryImageOfPage\":{\"@id\":\"https:\/\/www.myvize.com.tr\/ingiltere\/konsolosluklar\/edirne-fahri-konsoloslugu\/#primaryimage\"},\"image\":{\"@id\":\"https:\/\/www.myvize.com.tr\/ingiltere\/konsolosluklar\/edirne-fahri-konsoloslugu\/#primaryimage\"},\"thumbnailUrl\":\"https:\/\/www.myvize.com.tr\/ingiltere\/wp-content\/uploads\/2021\/09\/70.jpg\",\"datePublished\":\"2020-11-30T10:05:31+00:00\",\"dateModified\":\"2022-06-04T10:11:22+00:00\",\"description\":\"\u0130ngiltere Edirne Fahri Konsoloslu\u011fu Vize \u0130\u015flemleri Nelerdir? \u0130ngiltere Edirne Fahri Konsoloslu\u011fu Nerede? Bilgi \u0130\u00e7in Aray\u0131n: 0850 346 84 93\",\"breadcrumb\":{\"@id\":\"https:\/\/www.myvize.com.tr\/ingiltere\/konsolosluklar\/edirne-fahri-konsoloslugu\/#breadcrumb\"},\"inLanguage\":\"tr\",\"potentialAction\":[{\"@type\":\"ReadAction\",\"target\":[\"https:\/\/www.myvize.com.tr\/ingiltere\/konsolosluklar\/edirne-fahri-konsoloslugu\/\"]}]},{\"@type\":\"ImageObject\",\"inLanguage\":\"tr\",\"@id\":\"https:\/\/www.myvize.com.tr\/ingiltere\/konsolosluklar\/edirne-fahri-konsoloslugu\/#primaryimage\",\"url\":\"https:\/\/www.myvize.com.tr\/ingiltere\/wp-content\/uploads\/2021\/09\/70.jpg\",\"contentUrl\":\"https:\/\/www.myvize.com.tr\/ingiltere\/wp-content\/uploads\/2021\/09\/70.jpg\",\"width\":800,\"height\":500,\"caption\":\"\u0130ngiltere Edirne Fahri Konsoloslu\u011fu\"},{\"@type\":\"BreadcrumbList\",\"@id\":\"https:\/\/www.myvize.com.tr\/ingiltere\/konsolosluklar\/edirne-fahri-konsoloslugu\/#breadcrumb\",\"itemListElement\":[{\"@type\":\"ListItem\",\"position\":1,\"name\":\"Anasayfa\",\"item\":\"https:\/\/www.myvize.com.tr\/ingiltere\/\"},{\"@type\":\"ListItem\",\"position\":2,\"name\":\"KONSOLOSLUKLAR\",\"item\":\"https:\/\/www.myvize.com.tr\/ingiltere\/konsolosluklar\/\"},{\"@type\":\"ListItem\",\"position\":3,\"name\":\"\u0130ngiltere Edirne Konsoloslu\u011fu\"}]},{\"@type\":\"WebSite\",\"@id\":\"https:\/\/www.myvize.com.tr\/ingiltere\/#website\",\"url\":\"https:\/\/www.myvize.com.tr\/ingiltere\/\",\"name\":\"\u0130ngiltere Vize Ba\u015fvuru &amp; \u0130ngiltere Vizesi\",\"description\":\"\",\"potentialAction\":[{\"@type\":\"SearchAction\",\"target\":{\"@type\":\"EntryPoint\",\"urlTemplate\":\"https:\/\/www.myvize.com.tr\/ingiltere\/?s={search_term_string}\"},\"query-input\":{\"@type\":\"PropertyValueSpecification\",\"valueRequired\":true,\"valueName\":\"search_term_string\"}}],\"inLanguage\":\"tr\"}]}<\/script>\n<!-- \/ Yoast SEO plugin. -->","yoast_head_json":{"title":"\u0130ngiltere Edirne Fahri Konsoloslu\u011fu - MyVize","description":"\u0130ngiltere Edirne Fahri Konsoloslu\u011fu Vize \u0130\u015flemleri Nelerdir? \u0130ngiltere Edirne Fahri Konsoloslu\u011fu Nerede? Bilgi \u0130\u00e7in Aray\u0131n: 0850 346 84 93","robots":{"index":"index","follow":"follow","max-snippet":"max-snippet:-1","max-image-preview":"max-image-preview:large","max-video-preview":"max-video-preview:-1"},"canonical":"https:\/\/www.myvize.com.tr\/ingiltere\/konsolosluklar\/edirne-fahri-konsoloslugu\/","og_locale":"tr_TR","og_type":"article","og_title":"\u0130ngiltere Edirne Fahri Konsoloslu\u011fu - MyVize","og_description":"\u0130ngiltere Edirne Fahri Konsoloslu\u011fu Vize \u0130\u015flemleri Nelerdir? \u0130ngiltere Edirne Fahri Konsoloslu\u011fu Nerede? Bilgi \u0130\u00e7in Aray\u0131n: 0850 346 84 93","og_url":"https:\/\/www.myvize.com.tr\/ingiltere\/konsolosluklar\/edirne-fahri-konsoloslugu\/","og_site_name":"\u0130ngiltere Vize Ba\u015fvuru &amp; \u0130ngiltere Vizesi","article_modified_time":"2022-06-04T10:11:22+00:00","og_image":[{"url":"https:\/\/www.myvize.com.tr\/ingiltere\/wp-content\/uploads\/2021\/09\/70.jpg","type":"","width":"","height":""}],"twitter_card":"summary_large_image","twitter_misc":{"Tahmini okuma s\u00fcresi":"4 dakika"},"schema":{"@context":"https:\/\/schema.org","@graph":[{"@type":"WebPage","@id":"https:\/\/www.myvize.com.tr\/ingiltere\/konsolosluklar\/edirne-fahri-konsoloslugu\/","url":"https:\/\/www.myvize.com.tr\/ingiltere\/konsolosluklar\/edirne-fahri-konsoloslugu\/","name":"\u0130ngiltere Edirne Fahri Konsoloslu\u011fu - MyVize","isPartOf":{"@id":"https:\/\/www.myvize.com.tr\/ingiltere\/#website"},"primaryImageOfPage":{"@id":"https:\/\/www.myvize.com.tr\/ingiltere\/konsolosluklar\/edirne-fahri-konsoloslugu\/#primaryimage"},"image":{"@id":"https:\/\/www.myvize.com.tr\/ingiltere\/konsolosluklar\/edirne-fahri-konsoloslugu\/#primaryimage"},"thumbnailUrl":"https:\/\/www.myvize.com.tr\/ingiltere\/wp-content\/uploads\/2021\/09\/70.jpg","datePublished":"2020-11-30T10:05:31+00:00","dateModified":"2022-06-04T10:11:22+00:00","description":"\u0130ngiltere Edirne Fahri Konsoloslu\u011fu Vize \u0130\u015flemleri Nelerdir? \u0130ngiltere Edirne Fahri Konsoloslu\u011fu Nerede? Bilgi \u0130\u00e7in Aray\u0131n: 0850 346 84 93","breadcrumb":{"@id":"https:\/\/www.myvize.com.tr\/ingiltere\/konsolosluklar\/edirne-fahri-konsoloslugu\/#breadcrumb"},"inLanguage":"tr","potentialAction":[{"@type":"ReadAction","target":["https:\/\/www.myvize.com.tr\/ingiltere\/konsolosluklar\/edirne-fahri-konsoloslugu\/"]}]},{"@type":"ImageObject","inLanguage":"tr","@id":"https:\/\/www.myvize.com.tr\/ingiltere\/konsolosluklar\/edirne-fahri-konsoloslugu\/#primaryimage","url":"https:\/\/www.myvize.com.tr\/ingiltere\/wp-content\/uploads\/2021\/09\/70.jpg","contentUrl":"https:\/\/www.myvize.com.tr\/ingiltere\/wp-content\/uploads\/2021\/09\/70.jpg","width":800,"height":500,"caption":"\u0130ngiltere Edirne Fahri Konsoloslu\u011fu"},{"@type":"BreadcrumbList","@id":"https:\/\/www.myvize.com.tr\/ingiltere\/konsolosluklar\/edirne-fahri-konsoloslugu\/#breadcrumb","itemListElement":[{"@type":"ListItem","position":1,"name":"Anasayfa","item":"https:\/\/www.myvize.com.tr\/ingiltere\/"},{"@type":"ListItem","position":2,"name":"KONSOLOSLUKLAR","item":"https:\/\/www.myvize.com.tr\/ingiltere\/konsolosluklar\/"},{"@type":"ListItem","position":3,"name":"\u0130ngiltere Edirne Konsoloslu\u011fu"}]},{"@type":"WebSite","@id":"https:\/\/www.myvize.com.tr\/ingiltere\/#website","url":"https:\/\/www.myvize.com.tr\/ingiltere\/","name":"\u0130ngiltere Vize Ba\u015fvuru &amp; \u0130ngiltere Vizesi","description":"","potentialAction":[{"@type":"SearchAction","target":{"@type":"EntryPoint","urlTemplate":"https:\/\/www.myvize.com.tr\/ingiltere\/?s={search_term_string}"},"query-input":{"@type":"PropertyValueSpecification","valueRequired":true,"valueName":"search_term_string"}}],"inLanguage":"tr"}]}},"_links":{"self":[{"href":"https:\/\/www.myvize.com.tr\/ingiltere\/wp-json\/wp\/v2\/pages\/86","targetHints":{"allow":["GET"]}}],"collection":[{"href":"https:\/\/www.myvize.com.tr\/ingiltere\/wp-json\/wp\/v2\/pages"}],"about":[{"href":"https:\/\/www.myvize.com.tr\/ingiltere\/wp-json\/wp\/v2\/types\/page"}],"author":[{"embeddable":true,"href":"https:\/\/www.myvize.com.tr\/ingiltere\/wp-json\/wp\/v2\/users\/1"}],"replies":[{"embeddable":true,"href":"https:\/\/www.myvize.com.tr\/ingiltere\/wp-json\/wp\/v2\/comments?post=86"}],"version-history":[{"count":9,"href":"https:\/\/www.myvize.com.tr\/ingiltere\/wp-json\/wp\/v2\/pages\/86\/revisions"}],"predecessor-version":[{"id":1611,"href":"https:\/\/www.myvize.com.tr\/ingiltere\/wp-json\/wp\/v2\/pages\/86\/revisions\/1611"}],"up":[{"embeddable":true,"href":"https:\/\/www.myvize.com.tr\/ingiltere\/wp-json\/wp\/v2\/pages\/69"}],"wp:attachment":[{"href":"https:\/\/www.myvize.com.tr\/ingiltere\/wp-json\/wp\/v2\/media?parent=86"}],"curies":[{"name":"wp","href":"https:\/\/api.w.org\/{rel}","templated":true}]}}