{"id":169,"date":"2020-12-24T15:59:42","date_gmt":"2020-12-24T12:59:42","guid":{"rendered":"https:\/\/www.myvize.com.tr\/ispanya\/?page_id=169"},"modified":"2022-04-12T12:57:36","modified_gmt":"2022-04-12T09:57:36","slug":"form-ve-dilekce","status":"publish","type":"page","link":"https:\/\/www.myvize.com.tr\/ispanya\/form-ve-dilekce\/","title":{"rendered":"FORM VE D\u0130LEK\u00c7E"},"content":{"rendered":"<p><span style=\"font-family: Roboto;\"><\/span><\/p>\r\n<p><span style=\"font-family: Roboto; font-size: 14px;\">\u0130ber Yar\u0131madas\u0131 \u00fclkelerinden birisi olan \u0130spanya Akdeniz\u2019e k\u0131y\u0131s\u0131 olan devletlerden biridir. Son derece g\u00fczel turistik \u015fehirleri olan \u0130spanya ayn\u0131 zamanda \u00fcnl\u00fc festivallere de ev sahipli\u011fi yap\u0131yor. D\u00f6rt mevsim bir\u00e7ok \u00fclkeden ziyaret\u00e7i ak\u0131n\u0131na u\u011frayan \u0130spanya T\u00fcrkiye Cumhuriyeti\u2019nden de olduk\u00e7a fazla ziyaret\u00e7i a\u011f\u0131rl\u0131yor. \u0130spanya Umuma Mahsus pasaport sahibi T\u00fcrk vatanda\u015flar\u0131ndan vize talebinde bulunan \u00fclkelerden biridir.<\/span><\/p>\r\n<p><span style=\"font-family: Roboto; font-size: 14px;\">\r\n\r\n<\/span><\/p>\r\n<p><span style=\"font-family: Roboto; font-size: 14px;\">Bununla birlikte di\u011fer pasaport sahiplerinin 180 g\u00fcnde yaln\u0131zca bir kereye mahsus olmak kayd\u0131yla vizeden muaf tutulmu\u015flard\u0131r. \u0130spanya vizesi almak isteyen ki\u015filerin farkl\u0131 vize kategorilerinden birine ba\u015fvurmak zorundad\u0131r. Ancak ki\u015filer vize kategorisini se\u00e7erken mutlaka t\u00fcm detaylara dikkat etmelidir. Vize ba\u015fvurusu s\u0131ras\u0131nda evrak haz\u0131rlarken bu vize kategorisine uygun hareket etmek gerekiyor.<\/span><\/p>\r\n<p><span style=\"font-family: Roboto; font-size: 14px;\"> <img decoding=\"async\" src=\"https:\/\/www.myvize.com.tr\/ispanya\/wp-content\/uploads\/2021\/10\/36.jpg\" \/> <\/span><\/p>\r\n<h2><span style=\"font-family: Roboto; font-size: 24px;\"><strong>\u0130spanya Vizesi Ba\u015fvuru Formu Ve Detaylar\u0131<\/strong><\/span><\/h2>\r\n<p><span style=\"font-family: Roboto; font-size: 14px;\">\r\n\r\n<\/span><\/p>\r\n<p><span style=\"font-family: Roboto; font-size: 14px;\">\u0130spanya vizesi al\u0131n\u0131rken dikkat edilmesi gereken en \u00f6nemli hususlardan birisi de ki\u015filerin evrak haz\u0131rlama a\u015famas\u0131nda g\u00fcncel bilgilere yer vermesidir. Seyahat amac\u0131n\u0131za uygun olarak doldurman\u0131z gereken bu formda vize t\u00fcr\u00fcn\u00fc ilk olarak i\u015faretlemeniz gerekiyor. Vize i\u015flemlerinde ba\u015fvuru formunun yeri olduk\u00e7a \u00f6nemlidir.<\/span><\/p>\r\n<p><span style=\"font-family: Roboto; font-size: 14px;\">\r\n\r\n<\/span><\/p>\r\n<p><span style=\"font-family: Roboto; font-size: 14px;\">Bu ba\u015fvuru formunun istenilen dilde doldurulmas\u0131 son derece \u00f6nemlidir. Ayn\u0131 zamanda re\u015fit olmayan ki\u015filer ba\u015fvuru formunu ebeveynleri ile doldurmak zorundad\u0131r. Formda yer alan kimlik bilgileri, adres ve ileti\u015fim, aktif kullan\u0131lan e-mail adresi gibi bilgilerin bulunmas\u0131na \u00f6zen g\u00f6sterilmelidir.<\/span><\/p>\r\n<p><span style=\"font-family: Roboto; font-size: 14px;\">\r\n\r\n<\/span><\/p>\r\n<p><span style=\"font-family: Roboto; font-size: 14px;\">Bunlarla birlikte evrak \u00fczerinde finansal bilgilerin, e\u011fitim ve aile bilgilerinin, \u00e7al\u0131\u015fma bilgilerinin bulunmas\u0131 da aran\u0131lan kriterler aras\u0131ndad\u0131r. \u0130spanya vize ba\u015fvuru s\u00fcrecinde ba\u015fvuru formunuzda pasaport bilgilerinizin de bulunmas\u0131na \u00f6zen g\u00f6sterilmelidir. Bunlarla birlikte seyahat detaylar\u0131n\u0131z\u0131n da ba\u015fvuru formuna yaz\u0131lmas\u0131 aran\u0131lan en \u00f6nemli detaylar aras\u0131ndad\u0131r.<\/span><\/p>\r\n<p><span style=\"font-family: Roboto; font-size: 14px;\">\r\n\r\n<\/span><\/p>\r\n<h2><span style=\"font-family: Roboto; font-size: 27px;\"><strong>\u0130spanya Vizesi Ba\u015fvuru Dilek\u00e7esi Nas\u0131l Yaz\u0131lmal\u0131d\u0131r?<\/strong><\/span><\/h2>\r\n<p><span style=\"font-family: Roboto; font-size: 14px;\">\r\n\r\n<\/span><\/p>\r\n<p><span style=\"font-family: Roboto; font-size: 14px;\">\u0130spanya vize i\u015flemlerinde ki\u015filerin dikkat etmesi gereken \u00f6nemli konulardan bir di\u011feri de dilek\u00e7enin yaz\u0131m\u0131d\u0131r. \u0130spanya vize dilek\u00e7esinin istenilen dilde yaz\u0131lmas\u0131 \u015fart\u0131 bulunuyor. Vize dilek\u00e7enizde ba\u015fvuru formunda belirtti\u011finiz t\u00fcm detaylar\u0131 belirtmeniz \u00f6nemli konulardan biridir.<\/span><\/p>\r\n<p><span style=\"font-family: Roboto; font-size: 14px;\">\r\n\r\n<\/span><\/p>\r\n<p><span style=\"font-family: Roboto; font-size: 14px;\">Detayl\u0131 olarak haz\u0131rlanm\u0131\u015f bir vize dilek\u00e7esi ba\u015fvuru s\u00fcrecini etkileyen \u00f6nemli unsurlar aras\u0131ndad\u0131r. \u0130spanya vize talep dilek\u00e7esinde seyahatinizin t\u00fcm ayr\u0131nt\u0131lar\u0131n\u0131 anlatmal\u0131 daha \u00f6nceden bir vize reddi ald\u0131ysan\u0131z bu konudan da k\u0131saca bahsetmeniz gereklidir. Vize dilek\u00e7esinde sizinle ilgili her detay\u0131n bulunmas\u0131 gereklidir.<\/span><\/p>\r\n<p><span style=\"font-family: Roboto;\"><\/span><\/p>","protected":false},"excerpt":{"rendered":"<p>\u0130ber Yar\u0131madas\u0131 \u00fclkelerinden birisi olan \u0130spanya Akdeniz\u2019e k\u0131y\u0131s\u0131 olan devletlerden biridir. Son derece g\u00fczel turistik \u015fehirleri olan \u0130spanya ayn\u0131 zamanda \u00fcnl\u00fc festivallere de ev sahipli\u011fi yap\u0131yor. D\u00f6rt mevsim bir\u00e7ok \u00fclkeden ziyaret\u00e7i ak\u0131n\u0131na u\u011frayan \u0130spanya T\u00fcrkiye Cumhuriyeti\u2019nden de olduk\u00e7a fazla ziyaret\u00e7i a\u011f\u0131rl\u0131yor. \u0130spanya Umuma Mahsus pasaport sahibi T\u00fcrk vatanda\u015flar\u0131ndan vize talebinde bulunan \u00fclkelerden biridir. Bununla birlikte<\/p>\n","protected":false},"author":1,"featured_media":0,"parent":0,"menu_order":0,"comment_status":"open","ping_status":"closed","template":"","meta":{"footnotes":""},"class_list":["post-169","page","type-page","status-publish","hentry"],"yoast_head":"<!-- This site is optimized with the Yoast SEO plugin v24.0 - https:\/\/yoast.com\/wordpress\/plugins\/seo\/ -->\n<title>\u0130spanya Form Ve Dilek\u00e7e - \u0130spanya Vize Ba\u015fvurusu - MyVize<\/title>\n<meta name=\"description\" content=\"\u0130spanya form ve dilek\u00e7e g\u00fcncel payla\u015f\u0131mlar. \u0130spanya form doldurma ve dilek\u00e7e yaz\u0131m\u0131na dair do\u011fru bilgiler. Bilgi \u0130\u00e7in Aray\u0131n: 0850 346 84 93\" \/>\n<meta name=\"robots\" content=\"index, follow, max-snippet:-1, max-image-preview:large, max-video-preview:-1\" \/>\n<link rel=\"canonical\" href=\"https:\/\/www.myvize.com.tr\/ispanya\/form-ve-dilekce\/\" \/>\n<meta property=\"og:locale\" content=\"tr_TR\" \/>\n<meta property=\"og:type\" content=\"article\" \/>\n<meta property=\"og:title\" content=\"\u0130spanya Form Ve Dilek\u00e7e - \u0130spanya Vize Ba\u015fvurusu - MyVize\" \/>\n<meta property=\"og:description\" content=\"\u0130spanya form ve dilek\u00e7e g\u00fcncel payla\u015f\u0131mlar. \u0130spanya form doldurma ve dilek\u00e7e yaz\u0131m\u0131na dair do\u011fru bilgiler. Bilgi \u0130\u00e7in Aray\u0131n: 0850 346 84 93\" \/>\n<meta property=\"og:url\" content=\"https:\/\/www.myvize.com.tr\/ispanya\/form-ve-dilekce\/\" \/>\n<meta property=\"og:site_name\" content=\"\u0130spanya Vizesi\" \/>\n<meta property=\"article:modified_time\" content=\"2022-04-12T09:57:36+00:00\" \/>\n<meta property=\"og:image\" content=\"https:\/\/www.myvize.com.tr\/ispanya\/wp-content\/uploads\/2021\/10\/36.jpg\" \/>\n<meta name=\"twitter:card\" content=\"summary_large_image\" \/>\n<meta name=\"twitter:label1\" content=\"Tahmini okuma s\u00fcresi\" \/>\n\t<meta name=\"twitter:data1\" content=\"2 dakika\" \/>\n<script type=\"application\/ld+json\" class=\"yoast-schema-graph\">{\"@context\":\"https:\/\/schema.org\",\"@graph\":[{\"@type\":\"WebPage\",\"@id\":\"https:\/\/www.myvize.com.tr\/ispanya\/form-ve-dilekce\/\",\"url\":\"https:\/\/www.myvize.com.tr\/ispanya\/form-ve-dilekce\/\",\"name\":\"\u0130spanya Form Ve Dilek\u00e7e - \u0130spanya Vize Ba\u015fvurusu - MyVize\",\"isPartOf\":{\"@id\":\"https:\/\/www.myvize.com.tr\/ispanya\/#website\"},\"primaryImageOfPage\":{\"@id\":\"https:\/\/www.myvize.com.tr\/ispanya\/form-ve-dilekce\/#primaryimage\"},\"image\":{\"@id\":\"https:\/\/www.myvize.com.tr\/ispanya\/form-ve-dilekce\/#primaryimage\"},\"thumbnailUrl\":\"https:\/\/www.myvize.com.tr\/ispanya\/wp-content\/uploads\/2021\/10\/36.jpg\",\"datePublished\":\"2020-12-24T12:59:42+00:00\",\"dateModified\":\"2022-04-12T09:57:36+00:00\",\"description\":\"\u0130spanya form ve dilek\u00e7e g\u00fcncel payla\u015f\u0131mlar. \u0130spanya form doldurma ve dilek\u00e7e yaz\u0131m\u0131na dair do\u011fru bilgiler. Bilgi \u0130\u00e7in Aray\u0131n: 0850 346 84 93\",\"breadcrumb\":{\"@id\":\"https:\/\/www.myvize.com.tr\/ispanya\/form-ve-dilekce\/#breadcrumb\"},\"inLanguage\":\"tr\",\"potentialAction\":[{\"@type\":\"ReadAction\",\"target\":[\"https:\/\/www.myvize.com.tr\/ispanya\/form-ve-dilekce\/\"]}]},{\"@type\":\"ImageObject\",\"inLanguage\":\"tr\",\"@id\":\"https:\/\/www.myvize.com.tr\/ispanya\/form-ve-dilekce\/#primaryimage\",\"url\":\"https:\/\/www.myvize.com.tr\/ispanya\/wp-content\/uploads\/2021\/10\/36.jpg\",\"contentUrl\":\"https:\/\/www.myvize.com.tr\/ispanya\/wp-content\/uploads\/2021\/10\/36.jpg\",\"width\":800,\"height\":500,\"caption\":\"\u0130spanya Form Ve Dilek\u00e7e\"},{\"@type\":\"BreadcrumbList\",\"@id\":\"https:\/\/www.myvize.com.tr\/ispanya\/form-ve-dilekce\/#breadcrumb\",\"itemListElement\":[{\"@type\":\"ListItem\",\"position\":1,\"name\":\"Anasayfa\",\"item\":\"https:\/\/www.myvize.com.tr\/ispanya\/\"},{\"@type\":\"ListItem\",\"position\":2,\"name\":\"FORM VE D\u0130LEK\u00c7E\"}]},{\"@type\":\"WebSite\",\"@id\":\"https:\/\/www.myvize.com.tr\/ispanya\/#website\",\"url\":\"https:\/\/www.myvize.com.tr\/ispanya\/\",\"name\":\"\u0130spanya Vizesi\",\"description\":\"\",\"potentialAction\":[{\"@type\":\"SearchAction\",\"target\":{\"@type\":\"EntryPoint\",\"urlTemplate\":\"https:\/\/www.myvize.com.tr\/ispanya\/?s={search_term_string}\"},\"query-input\":{\"@type\":\"PropertyValueSpecification\",\"valueRequired\":true,\"valueName\":\"search_term_string\"}}],\"inLanguage\":\"tr\"}]}<\/script>\n<!-- \/ Yoast SEO plugin. -->","yoast_head_json":{"title":"\u0130spanya Form Ve Dilek\u00e7e - \u0130spanya Vize Ba\u015fvurusu - MyVize","description":"\u0130spanya form ve dilek\u00e7e g\u00fcncel payla\u015f\u0131mlar. \u0130spanya form doldurma ve dilek\u00e7e yaz\u0131m\u0131na dair do\u011fru bilgiler. Bilgi \u0130\u00e7in Aray\u0131n: 0850 346 84 93","robots":{"index":"index","follow":"follow","max-snippet":"max-snippet:-1","max-image-preview":"max-image-preview:large","max-video-preview":"max-video-preview:-1"},"canonical":"https:\/\/www.myvize.com.tr\/ispanya\/form-ve-dilekce\/","og_locale":"tr_TR","og_type":"article","og_title":"\u0130spanya Form Ve Dilek\u00e7e - \u0130spanya Vize Ba\u015fvurusu - MyVize","og_description":"\u0130spanya form ve dilek\u00e7e g\u00fcncel payla\u015f\u0131mlar. \u0130spanya form doldurma ve dilek\u00e7e yaz\u0131m\u0131na dair do\u011fru bilgiler. Bilgi \u0130\u00e7in Aray\u0131n: 0850 346 84 93","og_url":"https:\/\/www.myvize.com.tr\/ispanya\/form-ve-dilekce\/","og_site_name":"\u0130spanya Vizesi","article_modified_time":"2022-04-12T09:57:36+00:00","og_image":[{"url":"https:\/\/www.myvize.com.tr\/ispanya\/wp-content\/uploads\/2021\/10\/36.jpg","type":"","width":"","height":""}],"twitter_card":"summary_large_image","twitter_misc":{"Tahmini okuma s\u00fcresi":"2 dakika"},"schema":{"@context":"https:\/\/schema.org","@graph":[{"@type":"WebPage","@id":"https:\/\/www.myvize.com.tr\/ispanya\/form-ve-dilekce\/","url":"https:\/\/www.myvize.com.tr\/ispanya\/form-ve-dilekce\/","name":"\u0130spanya Form Ve Dilek\u00e7e - \u0130spanya Vize Ba\u015fvurusu - MyVize","isPartOf":{"@id":"https:\/\/www.myvize.com.tr\/ispanya\/#website"},"primaryImageOfPage":{"@id":"https:\/\/www.myvize.com.tr\/ispanya\/form-ve-dilekce\/#primaryimage"},"image":{"@id":"https:\/\/www.myvize.com.tr\/ispanya\/form-ve-dilekce\/#primaryimage"},"thumbnailUrl":"https:\/\/www.myvize.com.tr\/ispanya\/wp-content\/uploads\/2021\/10\/36.jpg","datePublished":"2020-12-24T12:59:42+00:00","dateModified":"2022-04-12T09:57:36+00:00","description":"\u0130spanya form ve dilek\u00e7e g\u00fcncel payla\u015f\u0131mlar. \u0130spanya form doldurma ve dilek\u00e7e yaz\u0131m\u0131na dair do\u011fru bilgiler. Bilgi \u0130\u00e7in Aray\u0131n: 0850 346 84 93","breadcrumb":{"@id":"https:\/\/www.myvize.com.tr\/ispanya\/form-ve-dilekce\/#breadcrumb"},"inLanguage":"tr","potentialAction":[{"@type":"ReadAction","target":["https:\/\/www.myvize.com.tr\/ispanya\/form-ve-dilekce\/"]}]},{"@type":"ImageObject","inLanguage":"tr","@id":"https:\/\/www.myvize.com.tr\/ispanya\/form-ve-dilekce\/#primaryimage","url":"https:\/\/www.myvize.com.tr\/ispanya\/wp-content\/uploads\/2021\/10\/36.jpg","contentUrl":"https:\/\/www.myvize.com.tr\/ispanya\/wp-content\/uploads\/2021\/10\/36.jpg","width":800,"height":500,"caption":"\u0130spanya Form Ve Dilek\u00e7e"},{"@type":"BreadcrumbList","@id":"https:\/\/www.myvize.com.tr\/ispanya\/form-ve-dilekce\/#breadcrumb","itemListElement":[{"@type":"ListItem","position":1,"name":"Anasayfa","item":"https:\/\/www.myvize.com.tr\/ispanya\/"},{"@type":"ListItem","position":2,"name":"FORM VE D\u0130LEK\u00c7E"}]},{"@type":"WebSite","@id":"https:\/\/www.myvize.com.tr\/ispanya\/#website","url":"https:\/\/www.myvize.com.tr\/ispanya\/","name":"\u0130spanya Vizesi","description":"","potentialAction":[{"@type":"SearchAction","target":{"@type":"EntryPoint","urlTemplate":"https:\/\/www.myvize.com.tr\/ispanya\/?s={search_term_string}"},"query-input":{"@type":"PropertyValueSpecification","valueRequired":true,"valueName":"search_term_string"}}],"inLanguage":"tr"}]}},"_links":{"self":[{"href":"https:\/\/www.myvize.com.tr\/ispanya\/wp-json\/wp\/v2\/pages\/169","targetHints":{"allow":["GET"]}}],"collection":[{"href":"https:\/\/www.myvize.com.tr\/ispanya\/wp-json\/wp\/v2\/pages"}],"about":[{"href":"https:\/\/www.myvize.com.tr\/ispanya\/wp-json\/wp\/v2\/types\/page"}],"author":[{"embeddable":true,"href":"https:\/\/www.myvize.com.tr\/ispanya\/wp-json\/wp\/v2\/users\/1"}],"replies":[{"embeddable":true,"href":"https:\/\/www.myvize.com.tr\/ispanya\/wp-json\/wp\/v2\/comments?post=169"}],"version-history":[{"count":5,"href":"https:\/\/www.myvize.com.tr\/ispanya\/wp-json\/wp\/v2\/pages\/169\/revisions"}],"predecessor-version":[{"id":959,"href":"https:\/\/www.myvize.com.tr\/ispanya\/wp-json\/wp\/v2\/pages\/169\/revisions\/959"}],"wp:attachment":[{"href":"https:\/\/www.myvize.com.tr\/ispanya\/wp-json\/wp\/v2\/media?parent=169"}],"curies":[{"name":"wp","href":"https:\/\/api.w.org\/{rel}","templated":true}]}}