{"id":192,"date":"2020-12-24T16:04:33","date_gmt":"2020-12-24T13:04:33","guid":{"rendered":"https:\/\/www.myvize.com.tr\/ispanya\/?page_id=192"},"modified":"2022-04-12T13:06:14","modified_gmt":"2022-04-12T10:06:14","slug":"ispanya-ticari-vize-dilekce-ornegi","status":"publish","type":"page","link":"https:\/\/www.myvize.com.tr\/ispanya\/form-ve-dilekce\/ispanya-ticari-vize-dilekce-ornegi\/","title":{"rendered":"\u0130spanya Ticari Vize Dilek\u00e7e \u00d6rne\u011fi"},"content":{"rendered":"<p style=\"text-align: left;\"><span style=\"font-family: Roboto; font-size: 14px;\"><strong>\u0130spanya Konsoloslu\u011fu<\/strong> ticari ama\u00e7la \u0130spanya\u2019ya gitmek isten vatanda\u015flar\u0131m\u0131za vize uygulamas\u0131nda bulunmaktad\u0131r.\u00a0<strong>\u0130spanya ticari vize dilek\u00e7e \u00f6rne\u011fi<\/strong>\u00a0ile ba\u015fvuruda bulunacak ki\u015filerin haz\u0131rlayaca\u011f\u0131 ek evraklar vard\u0131r. Bunlar ki\u015finin mesleki durumuna g\u00f6re haz\u0131rlamas\u0131 zorunludur. Bu evraklar sahibi oldu\u011fu veya \u00e7al\u0131\u015fan\u0131 oldu\u011fu \u015firketin bilgilerini i\u00e7ermektedir. Ayr\u0131ca davetiye mektubu olmadan vize al\u0131namamaktad\u0131r.<\/span><\/p>\n<h2 style=\"text-align: left;\"><strong><span style=\"font-family: Roboto; font-size: 27px;\">\u0130spanya Ticari Vize \u0130\u015flemleri<\/span><\/strong><\/h2>\n<p style=\"text-align: left;\"><span style=\"font-family: Roboto; font-size: 14px;\">\u0130spanya\u2019ya bir davete kat\u0131lma ya da i\u015f g\u00f6r\u00fc\u015fmesi yapma amac\u0131 ile gidecek olan ki\u015filerin <strong>\u0130spanya ticari vizesi<\/strong> almas\u0131 gerekmektedir. \u0130spanya ticari vizesi alacak olan ki\u015filer,<strong> \u0130spanya ticari vize i\u015flemleri<\/strong> hakk\u0131nda ara\u015ft\u0131rma yapmaktad\u0131r. Bu yaz\u0131da \u0130spanya ticari vize ba\u015fvurusu yapacak olan ki\u015filer i\u00e7in \u0130spanya ticari vize i\u015flemleri hakk\u0131nda bilgi verilmi\u015ftir.<\/span><\/p>\n<ul style=\"text-align: left;\">\n<li><span style=\"font-family: Roboto; font-size: 14px;\">\u0130spanya\u2019ya ticari ama\u00e7l\u0131 olarak gidecek olan ki\u015filer, \u0130spanya ticari vize ba\u015fvurular\u0131n\u0131 vize ba\u015fvuru merkezlerine yapabilir.<\/span><\/li>\n<li><span style=\"font-family: Roboto; font-size: 14px;\"><strong>\u0130spanya ticari vize ba\u015fvurusu<\/strong> yapacak olan ki\u015filer, gerekli olan \u0130spanya vize randevusunu almal\u0131d\u0131r.<\/span><\/li>\n<li><span style=\"font-family: Roboto; font-size: 14px;\">\u0130spanya vize randevusu alan ki\u015filer, \u0130spanya vize randevu tarihine kadar ticari vize i\u00e7in gerekli olan evraklar\u0131 haz\u0131rlamal\u0131d\u0131r.<\/span><\/li>\n<li><span style=\"font-family: Roboto; font-size: 14px;\">Haz\u0131rlanan ticari vize evraklar\u0131 randevu tarihinde \u0130spanya vize ba\u015fvuru merkezi yetkililerine teslim edilmelidir.<\/span><\/li>\n<\/ul>\n<p style=\"text-align: left;\"><span style=\"font-family: Roboto; font-size: 14px;\">\u0130spanya ticari vize ba\u015fvurusu yapacak olan ki\u015filerin \u0130spanya ticari vize dilek\u00e7esi yazmas\u0131 gerekmektedir. \u0130spanya ticari vize dilek\u00e7esi yazacak olan ki\u015filerin bu dilek\u00e7eyi ba\u015fvuru yapaca\u011f\u0131 temsilcili\u011fe hitaben yazmal\u0131d\u0131r.<\/span><\/p>\n<h2 style=\"text-align: left;\"><strong><span style=\"font-family: Roboto; font-size: 27px;\">\u0130spanya Ticari Vize Dilek\u00e7esi Nedir?<\/span><\/strong><\/h2>\n<p style=\"text-align: left;\"><span style=\"font-family: Roboto; font-size: 14px;\"><strong>\u0130spanya\u2019ya seyahat etmek<\/strong> isteyen ki\u015filer, \u0130spanya seyahatleri i\u00e7in ticari vize alacak ise \u0130spanya ticari vize evraklar\u0131 haz\u0131rlamas\u0131 gerekmektedir. \u0130spanya ticari vize ba\u015fvurusu yapacak olan ki\u015filerin haz\u0131rlamas\u0131 gereken evraklardan birisi de \u0130spanya ticari vize dilek\u00e7esidir. \u0130spanya ticari vize ba\u015fvurusu yapacak olan ve ticari vize dilek\u00e7esi yazacak olan ki\u015filer i\u00e7in \u201c\u0130spanya ticari vize dilek\u00e7esi nedir?\u201d sorusunun cevab\u0131 verilmi\u015ftir.<\/span><\/p>\n<p style=\"text-align: left;\"><span style=\"font-family: Roboto; font-size: 14px;\">\u0130spanya ticari vize dilek\u00e7esi, \u0130spanya\u2019ya ticari vize talebinizi \u0130spanya temsilcili\u011fine yaz\u0131l\u0131 olarak bildirmenizi sa\u011flamaktad\u0131r. Ticari vize dilek\u00e7esi \u0130spanya vize ba\u015fvurusu yapacak olan ki\u015finin iyi niyetini g\u00f6steren bir belgedir.<\/span><\/p>\n<p style=\"text-align: left;\"><span style=\"font-family: Roboto; font-size: 14px;\">\u0130spanya ticari vize dilek\u00e7esi, \u0130spanya temsilci\u011fine hitaben yaz\u0131lmal\u0131d\u0131r. Dilek\u00e7e el ile ya da bilgisayar ile yaz\u0131labilmektedir. \u0130spanya ticari vize dilek\u00e7esinde seyahat amac\u0131 ve seyahat tarihleri net bir \u015fekilde belirtilmelidir. \u0130spanya ticari vize dilek\u00e7esi ba\u015fvuru sahibi taraf\u0131ndan imzalanmal\u0131d\u0131r. \u00a0<\/span><\/p>\n<h2 style=\"text-align: left;\"><span style=\"font-size: 27px;\"><strong><span style=\"font-family: Roboto;\">\u0130spanya Ticari Vize Dilek\u00e7esi Nas\u0131l Yaz\u0131l\u0131r?<\/span><\/strong><\/span><\/h2>\n<p style=\"text-align: left;\"><span style=\"font-family: Roboto; font-size: 14px;\"><strong>\u0130spanya\u2019ya seyahat<\/strong> etmek i\u00e7in \u0130spanya ticari vizesi alacak olan ki\u015filerin vize ba\u015fvurusu i\u00e7in baz\u0131 evraklar haz\u0131rlamas\u0131 gerekmektedir. Bu evraklardan birisi \u0130spanya ticari vize dilek\u00e7esidir. \u0130spanya ticari vizesi alacak olan ki\u015filer, \u0130spanya ticari vize dilek\u00e7esinin nas\u0131l yaz\u0131laca\u011f\u0131n\u0131 merak etmektedir. Bu yaz\u0131da \u0130spanya ticari vizesi alacak olan ki\u015filer i\u00e7in \u201c\u0130spanya ticari vize dilek\u00e7esi nas\u0131l yaz\u0131l\u0131r?\u201d sorusunun cevab\u0131 verilmi\u015ftir.<\/span><\/p>\n<p style=\"text-align: left;\"><span style=\"font-family: Roboto; font-size: 14px;\">\u0130spanya ticari vize dilek\u00e7esi \u00e7al\u0131\u015f\u0131lan \u015firketin antetli ka\u011f\u0131d\u0131na el ile ya da bilgisayara ile yaz\u0131lmal\u0131d\u0131r. El ile yaz\u0131lan \u0130spanya ticari vize dilek\u00e7esinin okunur olmas\u0131 gerekmektedir. Okunmayan dilek\u00e7e kabul edilmemektedir. Dilek\u00e7e yaz\u0131l\u0131\u015f tarihi belirtilmelidir.<\/span><\/p>\n<p style=\"text-align: left;\"><span style=\"font-family: Roboto; font-size: 14px;\">\u0130spanya ticari vize dilek\u00e7esi \u0130spanya ticari vize ba\u015fvurusunun yap\u0131laca\u011f\u0131 temsilcili\u011fe hitaben yaz\u0131lmal\u0131d\u0131r. \u0130spanya seyahat ama\u00e7lar\u0131 ve seyahat tarihleri net bir \u015fekilde belirtilmelidir. Nerede konaklanaca\u011f\u0131 \u0130spanya ticari vize dilek\u00e7esinde belirtilmelidir. Ba\u015fvuru sahibinin \u0131slak imzas\u0131 bulunmal\u0131d\u0131r.<\/span><\/p>\n<h2 style=\"text-align: left;\"><span style=\"font-size: 27px;\"><strong><span style=\"font-family: Roboto;\">\u0130spanya Ticari Vize Dilek\u00e7esi Yaz\u0131l\u0131rken Dikkat Edilmesi Gerekenler<\/span><\/strong><\/span><\/h2>\n<p style=\"text-align: left;\"><span style=\"font-family: Roboto; font-size: 14px;\">\u0130\u015f g\u00f6r\u00fc\u015fmesi ya da bir davete kat\u0131lma amac\u0131 ile \u0130spanya\u2019ya seyahat edecek olan ki\u015filerin almas\u0131 gereken vize t\u00fcr\u00fc \u0130spanya ticari vizesidir. \u0130spanya ticari vizesi alacak olan ki\u015filer vize ba\u015fvurusu yaparken \u0130spanya ticari vize dilek\u00e7esi yazmal\u0131d\u0131r. Bu yaz\u0131da \u0130spanya ticari vize alacak olan ki\u015filer i\u00e7in \u0130spanya ticari vize dilek\u00e7esi yaz\u0131l\u0131rken dikkat edilmesi gerekenler verilmi\u015ftir.<\/span><\/p>\n<ul style=\"text-align: left;\">\n<li><span style=\"font-family: Roboto; font-size: 14px;\"><strong>\u0130spanya ticari vize ba\u015fvurusu<\/strong> yapacak olan ki\u015filer seyahat amac\u0131n\u0131 net bir \u015fekilde belirtmelidir.<\/span><\/li>\n<li><span style=\"font-family: Roboto; font-size: 14px;\">\u0130spanya ticari vize dilek\u00e7esinde seyahat tarihleri a\u00e7\u0131k ve kesin bir \u015fekilde belirtilmelidir.<\/span><\/li>\n<li><span style=\"font-family: Roboto; font-size: 14px;\">Seyahat masraflar\u0131n\u0131n nas\u0131l kar\u015f\u0131lanaca\u011f\u0131 \u0130spanya ticari vize dilek\u00e7esinde belirtilmelidir.<\/span><\/li>\n<li><span style=\"font-family: Roboto; font-size: 14px;\">\u0130spanya ticari vize dilek\u00e7esi \u0130spanyolca ya da T\u00fcrk\u00e7e yaz\u0131labilir.<\/span><\/li>\n<li><span style=\"font-family: Roboto; font-size: 14px;\">\u0130spanya ticari vize dilek\u00e7esinde \u0130spanya ticari vize s\u00fcresi bitmeden \u00f6nce \u00fclkeden ayr\u0131laca\u011f\u0131n\u0131 net bir \u015fekilde belirtmelidir.<\/span><\/li>\n<li><span style=\"font-family: Roboto; font-size: 14px;\">\u0130spanya ticari vize ba\u015fvurusu yapacak olan ki\u015filer dilek\u00e7eye tarih yazmal\u0131 ve imza atmal\u0131d\u0131r.<\/span><\/li>\n<li><span style=\"font-family: Roboto; font-size: 14px;\">\u00c7al\u0131\u015f\u0131lan \u015firketin antetli ka\u011f\u0131d\u0131na yaz\u0131lmal\u0131d\u0131r.<\/span><\/li>\n<li><span style=\"font-family: Roboto; font-size: 14px;\">\u0130spanya\u2019da konaklanacak olan yer dilek\u00e7ede belirtilmelidir.<\/span><\/li>\n<\/ul>\n<h3 style=\"text-align: left;\"><span style=\"font-size: 24px;\"><strong><span style=\"font-family: Roboto;\">\u0130spanya Ticari Vize Dilek\u00e7esinde Dikkat Edilmesi Gerekenler<\/span><\/strong><\/span><\/h3>\n<ul style=\"text-align: left;\">\n<li><span style=\"font-family: Roboto; font-size: 14px;\"><strong>\u0130spanya ticari vize dilek\u00e7e \u00f6rne\u011fi<\/strong>\u00a0haz\u0131rlan\u0131rken seyahat edecek ki\u015finin masraflar\u0131n\u0131n nas\u0131l kar\u015f\u0131lanaca\u011f\u0131na dair detayl\u0131 bilgiye dilek\u00e7ede yer verilmelidir.<\/span><\/li>\n<li><span style=\"font-family: Roboto; font-size: 14px;\">Seyahat edecek ki\u015finin seyahat ba\u015flang\u0131\u00e7 ve biti\u015f tarihlerine dilek\u00e7esinde yer vermelidir.<\/span><\/li>\n<li><span style=\"font-family: Roboto; font-size: 14px;\"><strong>\u0130spanya vize dilek\u00e7e \u00f6rne\u011fi<\/strong>\u00a0i\u00e7eri\u011finde seyahate \u00e7\u0131kacak ki\u015finin firmadaki g\u00f6revi ve konumunu a\u00e7\u0131k\u00e7a belirtmek gerekmektedir.<\/span><\/li>\n<li><span style=\"font-family: Roboto; font-size: 14px;\">Personelini seyahate g\u00f6nderecek firma antetli ka\u011f\u0131d\u0131na \u0130spanya ticari vize talep dilek\u00e7esi yaz\u0131lmal\u0131, imzalanmal\u0131 ve ka\u015felenmelidir.<\/span><\/li>\n<li><span style=\"font-family: Roboto; font-size: 14px;\"><strong>\u0130spanya ticari vize dilek\u00e7e \u00f6rne\u011fi<\/strong>\u00a0i\u00e7eri\u011finde seyahatin amac\u0131 a\u00e7\u0131k\u00e7a yaz\u0131lmal\u0131d\u0131r. \u00d6rne\u011fin; \u015fah\u0131s firman\u0131n i\u015f orta\u011f\u0131 ba\u015fka bir \u015firketle toplant\u0131 yapmak suretiyle gezi yapacaksa \u0130spanya\u2019daki firma ile alakal\u0131 bilgilere yer verilmelidir. Ki\u015fi i\u015f konferans\u0131na kat\u0131lacaksa <strong>\u0130spanya ticari vizesi<\/strong> istek dilek\u00e7esinde konu\u015fma ile alakal\u0131 malumat olmal\u0131d\u0131r.<\/span><\/li>\n<\/ul>\n<p style=\"text-align: left;\"><img decoding=\"async\" src=\"https:\/\/www.myvize.com.tr\/ispanya\/wp-content\/uploads\/2021\/10\/40.jpg\" \/><\/p>\n<h3 style=\"text-align: left;\"><span style=\"font-size: 24px;\"><strong><span style=\"font-family: Roboto;\">\u0130spanya Ticari Vize Dilek\u00e7e \u00d6rne\u011fi<\/span><\/strong><\/span><\/h3>\n<p style=\"text-align: left;\"><span style=\"font-family: Roboto; font-size: 14px;\"><strong>\u0130spanya ticari vizesi<\/strong> alacak olan ki\u015filerin,<strong><span style=\"color: #2acec2;\"><a style=\"color: #2acec2;\" href=\"https:\/\/www.myvize.com.tr\/ispanya\/vize-islemleri\/ispanya-ticari-vize\/\" target=\"_blank\" rel=\"noopener\"> \u0130spanya ticari vize<\/a><\/span> dilek\u00e7esi<\/strong> yazmas\u0131 gerekmektedir. Ba\u015fvuru sahibi e\u011fer \u015firket taraf\u0131ndan \u0130spanya\u2019ya g\u00f6nderiliyor ise \u015firketin antetli ka\u011f\u0131d\u0131na yaz\u0131lmal\u0131d\u0131r. Dilek\u00e7ede seyahat ayakkab\u0131, seyahat tarihleri gibi bilgiler bulunmal\u0131d\u0131r. Bunun yan\u0131nda \u015firket, vize ba\u015fvuru sahibinin t\u00fcm masraflar\u0131n\u0131 kar\u015f\u0131layaca\u011f\u0131n\u0131 bildirmelidir. <strong>\u0130spanya ticari vize dilek\u00e7esi<\/strong>, \u015firket yetkilileri taraf\u0131ndan imzalanmal\u0131d\u0131r. Ayr\u0131ca ka\u015fe bas\u0131lmas\u0131 gerekmektedir.<\/span><\/p>\n<h4 style=\"text-align: left;\"><span style=\"font-family: Roboto; font-size: 22px;\"><strong>\u0130spanya Ticari Vize Dilek\u00e7e \u00d6rne\u011fi Hakk\u0131nda<\/strong><\/span><\/h4>\n<p style=\"text-align: left;\"><span style=\"font-family: Roboto; font-size: 14px;\"><span style=\"color: #2acec2;\"><strong><a style=\"color: #2acec2;\" href=\"https:\/\/www.myvize.com.tr\/ispanya\/konsolosluklar\/ispanya-istanbul-fahri-konsoloslugu\/\" target=\"_blank\" rel=\"noopener\">\u0130spanya Ba\u015fkonsoloslu\u011fu \u0130stanbul \u00a0<\/a><\/strong><\/span>\u00a0\u00a0\u00a0\u00a0\u00a0\u00a0\u00a0\u00a0\u00a0\u00a0\u00a0\u00a0\u00a0\u00a0\u00a0\u00a0\u00a0\u00a0\u00a0\u00a0\u00a0\u00a0\u00a0\u00a0\u00a0\u00a0\u00a0\u00a0\u00a0\u00a0\u00a0\u00a0\u00a0\u00a0\u00a0\u00a0\u00a0\u00a0\u00a0\u00a0\u00a0\u00a0\u00a0\u00a0\u00a0\u00a0\u00a0\u00a0\u00a0\u00a0\u00a0\u00a0\u00a0\u00a0\u00a0\u00a0\u00a0\u00a0\u00a0\u00a0\u00a0\u00a0\u00a0\u00a0\u00a0\u00a0\u00a0\u00a0\u00a0\u00a0\u00a0\u00a0\u00a0\u00a0\u00a0\u00a0\u00a0\u00a0\u00a0\u00a0\u00a0 \u2026\/\u2026\/\u2026.<\/span><\/p>\n<p style=\"text-align: left;\"><span style=\"font-family: Roboto; font-size: 14px;\">Vize B\u00f6l\u00fcm\u00fc<\/span><\/p>\n<p style=\"text-align: left;\"><span style=\"font-family: Roboto; font-size: 14px;\">AVK Ayakkab\u0131, 15 y\u0131ld\u0131r, 55 \u00fclkeye ayakkab\u0131 ithal etmektedir. Bu \u00fclkeler aras\u0131nda \u0130spanya\u2019da bulunmaktad\u0131r. Bu alanda T\u00fcrkiye\u2019de bulunan en iyi 10 \u015firketten birisidir.<\/span><\/p>\n<p style=\"text-align: left;\"><span style=\"font-family: Roboto; font-size: 14px;\">\u015eirketimizin \u2018\u2019Sat\u0131\u015f M\u00fcd\u00fcr\u00fc\u2019\u2019 olan Beyhan Zengin, ticaret g\u00f6r\u00fc\u015fmesi yapmak i\u00e7in 25.09.2021- 25.10.2021 tarihleri aras\u0131nda \u0130spanya\u2019ya seyahat edecek olup, seyahati sonras\u0131 \u015firketimizde \u00e7al\u0131\u015fmaya devam edecektir. Beyhan Zengin\u2019in seyahati kapsam\u0131ndaki t\u00fcm masraflar\u0131n\u0131n \u015firketimiz taraf\u0131ndan \u00f6denece\u011fini bildirmek isterim. Ayr\u0131ca Beyhan Zengin g\u00f6r\u00fc\u015fme sonras\u0131 \u015firketimizde \u00e7al\u0131\u015fmaya devam edece\u011finden, vize bitimi tarihinden \u00f6nce \u00fclkenizden ayr\u0131lacakt\u0131r.<\/span><\/p>\n<p style=\"text-align: left;\"><span style=\"font-family: Roboto; font-size: 14px;\">Sat\u0131\u015f M\u00fcd\u00fcr\u00fcm\u00fcz Beyhan Zengin\u2019e i\u015f g\u00f6r\u00fc\u015fmesi i\u00e7in gerekli olan \u0130spanya Ticaret Vizesinin verilmesini rica ederiz.<\/span><\/p>\n<p style=\"text-align: left;\"><span style=\"font-family: Roboto; font-size: 14px;\"><strong>\u0130sim Soyisim<\/strong><\/span><\/p>\n<p style=\"text-align: left;\"><span style=\"font-family: Roboto; font-size: 14px;\"><strong>\u0130mza\/Ka\u015fe<\/strong><\/span><\/p>\n<h4 style=\"text-align: left;\"><span style=\"font-size: 22px;\"><strong><span style=\"font-family: Roboto;\">\u0130spanya Ticari Vize Dilek\u00e7e \u00d6rne\u011fi \u0130le \u0130lgili\u00a0<\/span><\/strong><\/span><\/h4>\n<h1 style=\"text-align: left;\"><span style=\"font-size: 14px; font-family: Roboto;\">\u0130spanya Ticari Vize Dilek\u00e7e \u00d6rne\u011fi<\/span><\/h1>\n<p style=\"text-align: left;\"><span style=\"font-size: 14px; font-family: Roboto;\">\u0130spanya\u2019ya bir davete ya da i\u015f g\u00f6r\u00fc\u015fmesine kat\u0131lma amac\u0131 ile gidecek olan ki\u015filerin \u0130spanya ticari vize ba\u015fvurusu i\u00e7in baz\u0131 evraklar haz\u0131rlamas\u0131 gerekmektedir. Bu evraklardan birisi de \u0130spanya ticari vize dilek\u00e7e \u00f6rne\u011fidir. Bu yaz\u0131da \u0130spanya ticari vize ba\u015fvurusu i\u00e7in \u0130spanya ticari vize dilek\u00e7e \u00f6rne\u011fi verilmi\u015ftir.<\/span><\/p>\n<p style=\"text-align: left;\"><span style=\"font-size: 14px; font-family: Roboto;\"><strong>\u0130spanya \u0130stanbul Ba\u015fkonsoloslu\u011fu<\/strong><\/span><\/p>\n<p style=\"text-align: left;\"><span style=\"font-size: 14px; font-family: Roboto;\"><strong>Vize B\u00f6l\u00fcm\u00fc\u00a0\u00a0\u00a0\u00a0\u00a0\u00a0\u00a0\u00a0\u00a0\u00a0\u00a0\u00a0\u00a0\u00a0\u00a0\u00a0\u00a0\u00a0\u00a0\u00a0\u00a0\u00a0\u00a0\u00a0\u00a0\u00a0\u00a0\u00a0\u00a0\u00a0\u00a0\u00a0\u00a0\u00a0\u00a0\u00a0\u00a0\u00a0\u00a0\u00a0\u00a0\u00a0\u00a0\u00a0\u00a0\u00a0\u00a0\u00a0\u00a0\u00a0\u00a0\u00a0\u00a0\u00a0\u00a0\u00a0\u00a0\u00a0\u00a0\u00a0\u00a0\u00a0\u00a0\u00a0\u00a0\u00a0\u00a0\u00a0\u00a0\u00a0\u00a0\u00a0\u00a0\u00a0\u00a0\u00a0\u00a0\u00a0\u00a0\u00a0\u00a0\u00a0\u00a0\u00a0\u00a0\u00a0\u00a0\u00a0\u00a0\u00a0\u00a0\u00a0\u00a0\u00a0\u00a0\u00a0\u00a0\u00a0\u00a0\u00a0\u00a0 06.02.2022<\/strong><\/span><\/p>\n<p style=\"text-align: left;\"><span style=\"font-size: 14px; font-family: Roboto;\">\u015eirketimizin Genel M\u00fcd\u00fcr olan Ahmet Taci, 20.03.2022- 20.04.2022 tarihleri aras\u0131nda \u0130spanya\u2019ya ABC Anonim \u015eirketi ile i\u015f g\u00f6r\u00fc\u015fmesi yapmak amac\u0131 ile seyahat edecektir. Ahmet Naci, seyahat boyunca Barselona\u2019da bulunan Hotel Barcelona Universal\u2019de konaklayacakt\u0131r.<\/span><\/p>\n<p style=\"text-align: left;\"><span style=\"font-size: 14px; font-family: Roboto;\">Ahmet Taci\u2019nin \u0130spanya\u2019da bulundu\u011fu s\u00fcre boyunca t\u00fcm konaklama ve di\u011fer giderleri \u015firketimiz taraf\u0131ndan \u00f6denecektir. Ayr\u0131ca Ahmet Taci\u2019nin vize bitiminden \u00f6nce \u00fclkenizden ayr\u0131laca\u011f\u0131n\u0131n garantisi \u015firketimiz taraf\u0131ndan verilmektedir. Ahmet Taci\u2019nin seyahat sa\u011fl\u0131k sigortas\u0131 \u015firketimiz taraf\u0131ndan yapt\u0131r\u0131lm\u0131\u015f ve Ek 1\u2019de verilmi\u015ftir.<\/span><\/p>\n<p style=\"text-align: left;\"><span style=\"font-size: 14px; font-family: Roboto;\">Ahmet Taci<\/span><\/p>\n<p style=\"text-align: left;\"><span style=\"font-size: 14px; font-family: Roboto;\">\u0130mza<\/span><\/p>\n<p><span style=\"font-size: 20px;\"><img loading=\"lazy\" decoding=\"async\" src=\"https:\/\/www.myvize.com.tr\/romanya\/wp-content\/uploads\/2021\/07\/aDOBE-LOGO-1.png\" width=\"75\" height=\"75\" \/><strong><span style=\"font-family: Roboto; font-size: 18px;\"> \u00a0\u00a0\u0130spanya Ticari Vize Dilek\u00e7e \u00d6rne\u011fi\u00a0 <a href=\"https:\/\/www.myvize.com.tr\/ispanya\/wp-content\/uploads\/2021\/12\/Ispanya-Ingilizce-ticari-Dilekce-Ornek.pdf\" target=\"_blank\" rel=\"noreferrer noopener\">(<span style=\"color: #2acec2;\">\u0130ndirmek \u0130\u00e7in T\u0131klay\u0131n\u0131z!!<\/span>)<\/a><\/span><\/strong><\/span><\/p>\n","protected":false},"excerpt":{"rendered":"<p>\u0130spanya Konsoloslu\u011fu ticari ama\u00e7la \u0130spanya\u2019ya gitmek isten vatanda\u015flar\u0131m\u0131za vize uygulamas\u0131nda bulunmaktad\u0131r.\u00a0\u0130spanya ticari vize dilek\u00e7e \u00f6rne\u011fi\u00a0ile ba\u015fvuruda bulunacak ki\u015filerin haz\u0131rlayaca\u011f\u0131 ek evraklar vard\u0131r. Bunlar ki\u015finin mesleki durumuna g\u00f6re haz\u0131rlamas\u0131 zorunludur. Bu evraklar sahibi oldu\u011fu veya \u00e7al\u0131\u015fan\u0131 oldu\u011fu \u015firketin bilgilerini i\u00e7ermektedir. Ayr\u0131ca davetiye mektubu olmadan vize al\u0131namamaktad\u0131r. \u0130spanya Ticari Vize \u0130\u015flemleri \u0130spanya\u2019ya bir davete kat\u0131lma ya da<\/p>\n","protected":false},"author":1,"featured_media":0,"parent":169,"menu_order":0,"comment_status":"open","ping_status":"closed","template":"","meta":{"footnotes":""},"class_list":["post-192","page","type-page","status-publish","hentry"],"yoast_head":"<!-- This site is optimized with the Yoast SEO plugin v24.0 - https:\/\/yoast.com\/wordpress\/plugins\/seo\/ -->\n<title>\u0130spanya Ticari Vize Dilek\u00e7e \u00d6rne\u011fi - MyVize<\/title>\n<meta name=\"description\" content=\"\u0130spanya ticari vize dilek\u00e7e \u00f6rnekleri g\u00fcncel 2022 g\u00f6rselleri. \u0130spanya ticari vize dilek\u00e7e \u00f6rnekleri nas\u0131l yaz\u0131l\u0131r?\" \/>\n<meta name=\"robots\" content=\"index, follow, max-snippet:-1, max-image-preview:large, max-video-preview:-1\" \/>\n<link rel=\"canonical\" href=\"https:\/\/www.myvize.com.tr\/ispanya\/form-ve-dilekce\/ispanya-ticari-vize-dilekce-ornegi\/\" \/>\n<meta property=\"og:locale\" content=\"tr_TR\" \/>\n<meta property=\"og:type\" content=\"article\" \/>\n<meta property=\"og:title\" content=\"\u0130spanya Ticari Vize Dilek\u00e7e \u00d6rne\u011fi - MyVize\" \/>\n<meta property=\"og:description\" content=\"\u0130spanya ticari vize dilek\u00e7e \u00f6rnekleri g\u00fcncel 2022 g\u00f6rselleri. \u0130spanya ticari vize dilek\u00e7e \u00f6rnekleri nas\u0131l yaz\u0131l\u0131r?\" \/>\n<meta property=\"og:url\" content=\"https:\/\/www.myvize.com.tr\/ispanya\/form-ve-dilekce\/ispanya-ticari-vize-dilekce-ornegi\/\" \/>\n<meta property=\"og:site_name\" content=\"\u0130spanya Vizesi\" \/>\n<meta property=\"article:modified_time\" content=\"2022-04-12T10:06:14+00:00\" \/>\n<meta property=\"og:image\" content=\"https:\/\/www.myvize.com.tr\/ispanya\/wp-content\/uploads\/2021\/10\/40.jpg\" \/>\n<meta name=\"twitter:card\" content=\"summary_large_image\" \/>\n<meta name=\"twitter:label1\" content=\"Tahmini okuma s\u00fcresi\" \/>\n\t<meta name=\"twitter:data1\" content=\"5 dakika\" \/>\n<script type=\"application\/ld+json\" class=\"yoast-schema-graph\">{\"@context\":\"https:\/\/schema.org\",\"@graph\":[{\"@type\":\"WebPage\",\"@id\":\"https:\/\/www.myvize.com.tr\/ispanya\/form-ve-dilekce\/ispanya-ticari-vize-dilekce-ornegi\/\",\"url\":\"https:\/\/www.myvize.com.tr\/ispanya\/form-ve-dilekce\/ispanya-ticari-vize-dilekce-ornegi\/\",\"name\":\"\u0130spanya Ticari Vize Dilek\u00e7e \u00d6rne\u011fi - MyVize\",\"isPartOf\":{\"@id\":\"https:\/\/www.myvize.com.tr\/ispanya\/#website\"},\"primaryImageOfPage\":{\"@id\":\"https:\/\/www.myvize.com.tr\/ispanya\/form-ve-dilekce\/ispanya-ticari-vize-dilekce-ornegi\/#primaryimage\"},\"image\":{\"@id\":\"https:\/\/www.myvize.com.tr\/ispanya\/form-ve-dilekce\/ispanya-ticari-vize-dilekce-ornegi\/#primaryimage\"},\"thumbnailUrl\":\"https:\/\/www.myvize.com.tr\/ispanya\/wp-content\/uploads\/2021\/10\/40.jpg\",\"datePublished\":\"2020-12-24T13:04:33+00:00\",\"dateModified\":\"2022-04-12T10:06:14+00:00\",\"description\":\"\u0130spanya ticari vize dilek\u00e7e \u00f6rnekleri g\u00fcncel 2022 g\u00f6rselleri. \u0130spanya ticari vize dilek\u00e7e \u00f6rnekleri nas\u0131l yaz\u0131l\u0131r?\",\"breadcrumb\":{\"@id\":\"https:\/\/www.myvize.com.tr\/ispanya\/form-ve-dilekce\/ispanya-ticari-vize-dilekce-ornegi\/#breadcrumb\"},\"inLanguage\":\"tr\",\"potentialAction\":[{\"@type\":\"ReadAction\",\"target\":[\"https:\/\/www.myvize.com.tr\/ispanya\/form-ve-dilekce\/ispanya-ticari-vize-dilekce-ornegi\/\"]}]},{\"@type\":\"ImageObject\",\"inLanguage\":\"tr\",\"@id\":\"https:\/\/www.myvize.com.tr\/ispanya\/form-ve-dilekce\/ispanya-ticari-vize-dilekce-ornegi\/#primaryimage\",\"url\":\"https:\/\/www.myvize.com.tr\/ispanya\/wp-content\/uploads\/2021\/10\/40.jpg\",\"contentUrl\":\"https:\/\/www.myvize.com.tr\/ispanya\/wp-content\/uploads\/2021\/10\/40.jpg\",\"width\":800,\"height\":500,\"caption\":\"\u0130spanya Ticari Vize Dilek\u00e7e \u00d6rne\u011fi\"},{\"@type\":\"BreadcrumbList\",\"@id\":\"https:\/\/www.myvize.com.tr\/ispanya\/form-ve-dilekce\/ispanya-ticari-vize-dilekce-ornegi\/#breadcrumb\",\"itemListElement\":[{\"@type\":\"ListItem\",\"position\":1,\"name\":\"Anasayfa\",\"item\":\"https:\/\/www.myvize.com.tr\/ispanya\/\"},{\"@type\":\"ListItem\",\"position\":2,\"name\":\"FORM VE D\u0130LEK\u00c7E\",\"item\":\"https:\/\/www.myvize.com.tr\/ispanya\/form-ve-dilekce\/\"},{\"@type\":\"ListItem\",\"position\":3,\"name\":\"\u0130spanya Ticari Vize Dilek\u00e7e \u00d6rne\u011fi\"}]},{\"@type\":\"WebSite\",\"@id\":\"https:\/\/www.myvize.com.tr\/ispanya\/#website\",\"url\":\"https:\/\/www.myvize.com.tr\/ispanya\/\",\"name\":\"\u0130spanya Vizesi\",\"description\":\"\",\"potentialAction\":[{\"@type\":\"SearchAction\",\"target\":{\"@type\":\"EntryPoint\",\"urlTemplate\":\"https:\/\/www.myvize.com.tr\/ispanya\/?s={search_term_string}\"},\"query-input\":{\"@type\":\"PropertyValueSpecification\",\"valueRequired\":true,\"valueName\":\"search_term_string\"}}],\"inLanguage\":\"tr\"}]}<\/script>\n<!-- \/ Yoast SEO plugin. -->","yoast_head_json":{"title":"\u0130spanya Ticari Vize Dilek\u00e7e \u00d6rne\u011fi - MyVize","description":"\u0130spanya ticari vize dilek\u00e7e \u00f6rnekleri g\u00fcncel 2022 g\u00f6rselleri. \u0130spanya ticari vize dilek\u00e7e \u00f6rnekleri nas\u0131l yaz\u0131l\u0131r?","robots":{"index":"index","follow":"follow","max-snippet":"max-snippet:-1","max-image-preview":"max-image-preview:large","max-video-preview":"max-video-preview:-1"},"canonical":"https:\/\/www.myvize.com.tr\/ispanya\/form-ve-dilekce\/ispanya-ticari-vize-dilekce-ornegi\/","og_locale":"tr_TR","og_type":"article","og_title":"\u0130spanya Ticari Vize Dilek\u00e7e \u00d6rne\u011fi - MyVize","og_description":"\u0130spanya ticari vize dilek\u00e7e \u00f6rnekleri g\u00fcncel 2022 g\u00f6rselleri. \u0130spanya ticari vize dilek\u00e7e \u00f6rnekleri nas\u0131l yaz\u0131l\u0131r?","og_url":"https:\/\/www.myvize.com.tr\/ispanya\/form-ve-dilekce\/ispanya-ticari-vize-dilekce-ornegi\/","og_site_name":"\u0130spanya Vizesi","article_modified_time":"2022-04-12T10:06:14+00:00","og_image":[{"url":"https:\/\/www.myvize.com.tr\/ispanya\/wp-content\/uploads\/2021\/10\/40.jpg","type":"","width":"","height":""}],"twitter_card":"summary_large_image","twitter_misc":{"Tahmini okuma s\u00fcresi":"5 dakika"},"schema":{"@context":"https:\/\/schema.org","@graph":[{"@type":"WebPage","@id":"https:\/\/www.myvize.com.tr\/ispanya\/form-ve-dilekce\/ispanya-ticari-vize-dilekce-ornegi\/","url":"https:\/\/www.myvize.com.tr\/ispanya\/form-ve-dilekce\/ispanya-ticari-vize-dilekce-ornegi\/","name":"\u0130spanya Ticari Vize Dilek\u00e7e \u00d6rne\u011fi - MyVize","isPartOf":{"@id":"https:\/\/www.myvize.com.tr\/ispanya\/#website"},"primaryImageOfPage":{"@id":"https:\/\/www.myvize.com.tr\/ispanya\/form-ve-dilekce\/ispanya-ticari-vize-dilekce-ornegi\/#primaryimage"},"image":{"@id":"https:\/\/www.myvize.com.tr\/ispanya\/form-ve-dilekce\/ispanya-ticari-vize-dilekce-ornegi\/#primaryimage"},"thumbnailUrl":"https:\/\/www.myvize.com.tr\/ispanya\/wp-content\/uploads\/2021\/10\/40.jpg","datePublished":"2020-12-24T13:04:33+00:00","dateModified":"2022-04-12T10:06:14+00:00","description":"\u0130spanya ticari vize dilek\u00e7e \u00f6rnekleri g\u00fcncel 2022 g\u00f6rselleri. \u0130spanya ticari vize dilek\u00e7e \u00f6rnekleri nas\u0131l yaz\u0131l\u0131r?","breadcrumb":{"@id":"https:\/\/www.myvize.com.tr\/ispanya\/form-ve-dilekce\/ispanya-ticari-vize-dilekce-ornegi\/#breadcrumb"},"inLanguage":"tr","potentialAction":[{"@type":"ReadAction","target":["https:\/\/www.myvize.com.tr\/ispanya\/form-ve-dilekce\/ispanya-ticari-vize-dilekce-ornegi\/"]}]},{"@type":"ImageObject","inLanguage":"tr","@id":"https:\/\/www.myvize.com.tr\/ispanya\/form-ve-dilekce\/ispanya-ticari-vize-dilekce-ornegi\/#primaryimage","url":"https:\/\/www.myvize.com.tr\/ispanya\/wp-content\/uploads\/2021\/10\/40.jpg","contentUrl":"https:\/\/www.myvize.com.tr\/ispanya\/wp-content\/uploads\/2021\/10\/40.jpg","width":800,"height":500,"caption":"\u0130spanya Ticari Vize Dilek\u00e7e \u00d6rne\u011fi"},{"@type":"BreadcrumbList","@id":"https:\/\/www.myvize.com.tr\/ispanya\/form-ve-dilekce\/ispanya-ticari-vize-dilekce-ornegi\/#breadcrumb","itemListElement":[{"@type":"ListItem","position":1,"name":"Anasayfa","item":"https:\/\/www.myvize.com.tr\/ispanya\/"},{"@type":"ListItem","position":2,"name":"FORM VE D\u0130LEK\u00c7E","item":"https:\/\/www.myvize.com.tr\/ispanya\/form-ve-dilekce\/"},{"@type":"ListItem","position":3,"name":"\u0130spanya Ticari Vize Dilek\u00e7e \u00d6rne\u011fi"}]},{"@type":"WebSite","@id":"https:\/\/www.myvize.com.tr\/ispanya\/#website","url":"https:\/\/www.myvize.com.tr\/ispanya\/","name":"\u0130spanya Vizesi","description":"","potentialAction":[{"@type":"SearchAction","target":{"@type":"EntryPoint","urlTemplate":"https:\/\/www.myvize.com.tr\/ispanya\/?s={search_term_string}"},"query-input":{"@type":"PropertyValueSpecification","valueRequired":true,"valueName":"search_term_string"}}],"inLanguage":"tr"}]}},"_links":{"self":[{"href":"https:\/\/www.myvize.com.tr\/ispanya\/wp-json\/wp\/v2\/pages\/192","targetHints":{"allow":["GET"]}}],"collection":[{"href":"https:\/\/www.myvize.com.tr\/ispanya\/wp-json\/wp\/v2\/pages"}],"about":[{"href":"https:\/\/www.myvize.com.tr\/ispanya\/wp-json\/wp\/v2\/types\/page"}],"author":[{"embeddable":true,"href":"https:\/\/www.myvize.com.tr\/ispanya\/wp-json\/wp\/v2\/users\/1"}],"replies":[{"embeddable":true,"href":"https:\/\/www.myvize.com.tr\/ispanya\/wp-json\/wp\/v2\/comments?post=192"}],"version-history":[{"count":11,"href":"https:\/\/www.myvize.com.tr\/ispanya\/wp-json\/wp\/v2\/pages\/192\/revisions"}],"predecessor-version":[{"id":963,"href":"https:\/\/www.myvize.com.tr\/ispanya\/wp-json\/wp\/v2\/pages\/192\/revisions\/963"}],"up":[{"embeddable":true,"href":"https:\/\/www.myvize.com.tr\/ispanya\/wp-json\/wp\/v2\/pages\/169"}],"wp:attachment":[{"href":"https:\/\/www.myvize.com.tr\/ispanya\/wp-json\/wp\/v2\/media?parent=192"}],"curies":[{"name":"wp","href":"https:\/\/api.w.org\/{rel}","templated":true}]}}