{"id":237,"date":"2021-01-02T18:06:33","date_gmt":"2021-01-02T15:06:33","guid":{"rendered":"https:\/\/www.myvize.com.tr\/ispanya\/?page_id=237"},"modified":"2022-04-12T14:57:31","modified_gmt":"2022-04-12T11:57:31","slug":"adana","status":"publish","type":"page","link":"https:\/\/www.myvize.com.tr\/ispanya\/subelerimiz\/adana\/","title":{"rendered":"\u0130spanya Vizesi , Adana"},"content":{"rendered":"<h2 style=\"text-align: left;\"><span style=\"font-family: Roboto;\"><strong><span style=\"font-size: 27px;\">\u0130spanya Vize Ba\u015fvuru Merkezi, Adana<\/span><\/strong><\/span><\/h2>\n<div>\n<p style=\"text-align: left;\"><span style=\"font-family: Roboto; font-size: 14px;\"><strong>\u0130spanya\u2019ya seyahat<\/strong> etmek isteyen ve Adana \u00e7evresin ikamet eden ki\u015filer, \u0130spanya seyahatleri i\u00e7in vize almal\u0131d\u0131r. \u0130spanya seyahati i\u00e7in vize alacak olan ve Adana \u00e7evresinde ikamet eden ki\u015filer, \u0130spanya vizesi Adana\u2019da nas\u0131l alaca\u011f\u0131n\u0131 merak etmektedir. Bu yaz\u0131da \u0130spanya vizesi Adana ba\u015fvurular\u0131 hakk\u0131nda bilgi verilmi\u015ftir.<\/span><\/p>\n<p style=\"text-align: left;\"><span style=\"font-family: Roboto; font-size: 14px;\"><strong>\u0130spanya vizesi Adana ba\u015fvurular\u0131<\/strong> \u0130spanya vize ba\u015fvuru merkezlerine ve \u0130spanya temsilciliklerine yap\u0131labilir. <strong>\u0130spanya vizesi<\/strong> Adana ba\u015fvurusunda bulunacak olan ki\u015filer, k\u0131sa s\u00fcreli \u0130spanya vize ba\u015fvurular\u0131n\u0131 \u0130spanya vize ba\u015fvuru merkezi olan BLS International isimli \u015firkete, uzun s\u00fcreli vize ba\u015fvurular\u0131 ise \u0130spanya temsilcili\u011fi olan \u0130spanya Ankara B\u00fcy\u00fckel\u00e7ili\u011fi ve \u0130spanya \u0130stanbul Ba\u015fkonsoloslu\u011fu\u2019na yap\u0131labilir.<\/span><\/p>\n<p style=\"text-align: left;\"><span style=\"font-family: Roboto; font-size: 14px;\">\u0130spanya vizesi Adana ba\u015fvurusu yapacak olan ki\u015filer, \u00f6ncelikle \u0130spanya seyahat amac\u0131na uygun olan vize t\u00fcr\u00fcn\u00fc se\u00e7melidir. \u0130spanya Adana vize ba\u015fvurusu yapacak olan ki\u015filer, \u0130spanya vize t\u00fcr\u00fcn\u00fc se\u00e7tikten sonra \u0130spanya vizesi Adana ba\u015fvurusu yapacak olan ki\u015filer, <strong>\u0130spanya vize ba\u015fvurusu<\/strong> yapaca\u011f\u0131 yerden randevu almal\u0131 ve randevu tarihinde belgelerini teslim ederek ba\u015fvuru i\u015flemlerini yerine getirmelidir. Ba\u015fvurular vize t\u00fcrlerine g\u00f6re farkl\u0131 s\u00fcrelerde sonu\u00e7lanabilir.<\/span><\/p>\n<h2 style=\"text-align: left;\"><span style=\"font-size: 27px;\"><strong><span style=\"font-family: Roboto;\">\u0130spanya Adana Vize \u0130\u015flemleri<\/span><\/strong><\/span><\/h2>\n<p style=\"text-align: left;\"><span style=\"font-family: Roboto; font-size: 14px;\">Bir sebepten dolay\u0131 \u0130spanya\u2019ya seyahat etmek isteyen ve Adana \u00e7evresinde ikamet den ki\u015filer, \u0130spanya Adana vizesi almal\u0131d\u0131r. \u0130spanya Adana vizesi alacak olan ki\u015filer, \u0130spanya vize i\u015flemlerinin nas\u0131l yap\u0131laca\u011f\u0131n\u0131 ara\u015ft\u0131rmaktad\u0131r. Bu yaz\u0131da \u0130spanya Adana vize i\u015flemleri hakk\u0131nda bilgi verilmi\u015ftir.<\/span><\/p>\n<ul style=\"text-align: left;\">\n<li><span style=\"font-family: Roboto; font-size: 14px;\"><strong>\u0130spanya Adana vize i\u015flemleri<\/strong> i\u00e7in \u00f6ncelikle seyahat amac\u0131na uygun \u0130spanya vize t\u00fcr\u00fc belirlenmelidir.<\/span><\/li>\n<li><span style=\"font-family: Roboto; font-size: 14px;\">\u0130spanya Adana vize t\u00fcr\u00fcn\u00fc belirleyen ki\u015filer, \u0130spanya vize ba\u015fvurusu yapaca\u011f\u0131 yerden randevu almal\u0131d\u0131r. Ba\u015fvurular \u0130spanya vize ba\u015fvuru merkezleri ya da \u0130spanya temsilciliklerine yap\u0131labilir.<\/span><\/li>\n<li><span style=\"font-family: Roboto; font-size: 14px;\">\u0130spanya Adana vize i\u015flemleri i\u00e7in randevu alan ki\u015filer, Randevu tarihine kadar gerekli olan vize evraklar\u0131n\u0131 haz\u0131rlamal\u0131d\u0131r.<\/span><\/li>\n<li><span style=\"font-family: Roboto; font-size: 14px;\">\u0130spanya Adana vize i\u015flemleri i\u00e7in evraklar\u0131 haz\u0131rlayan ki\u015filer, Randevu tarihinde bu evraklar\u0131 yetkililere teslim ederek ba\u015fvuru i\u015flemini ba\u015flatabilir.<\/span><\/li>\n<\/ul>\n<p style=\"text-align: left;\"><span style=\"font-family: Roboto; font-size: 14px;\"><strong>\u0130spanya Adana vize i\u015flemleri<\/strong> i\u00e7in istenen evraklar\u0131n eksiksiz, g\u00fcncel olmas\u0131, \u0130spanya temsilcili\u011finin istedi\u011fi \u015fekilde ve s\u0131rada haz\u0131rlanmas\u0131 gerekmektedir.<\/span><\/p>\n<h2 style=\"text-align: left;\"><span style=\"font-size: 27px;\"><strong><span style=\"font-family: Roboto;\">\u0130spanya Adana Vize Randevusu<\/span><\/strong><\/span><\/h2>\n<p style=\"text-align: left;\"><span style=\"font-family: Roboto; font-size: 14px;\"><strong>\u0130spanya\u2019ya seyahat edecek<\/strong> olan ki\u015filer ve Adana \u00e7evresinde ikamet eden ki\u015filer, seyahat amac\u0131na uygun vize almal\u0131d\u0131r.<span style=\"color: #2acec2;\"><strong><a style=\"color: #2acec2;\" href=\"https:\/\/www.myvize.com.tr\/ispanya\/vize-islemleri\/ispanya-vizesi\/\" target=\"_blank\" rel=\"noopener\"> \u0130spanya vizesi<\/a><\/strong><\/span> alacak olan ki\u015filer, \u0130spanya Adana vize ba\u015fvurusu i\u00e7in randevu almal\u0131d\u0131r. \u0130spanya Adana vizesi alacak olan ki\u015filer, \u0130spanya Adana vize randevusu almal\u0131d\u0131r. Ba\u015fvuru i\u00e7in vize alacak ola ki\u015filer, \u0130spanya Adana vize randevusunun nas\u0131l al\u0131naca\u011f\u0131n\u0131 merak etmektedir. Bu yaz\u0131da \u0130spanya Adana vize randevusu hakk\u0131nda bilgi verilmi\u015ftir.<\/span><\/p>\n<p style=\"text-align: left;\"><span style=\"font-family: Roboto; font-size: 14px;\"><strong>\u0130spanya Adana vize randevusu<\/strong> alacak olan ki\u015filer vize randevusunu, \u0130spanya vize ba\u015fvurusu yapaca\u011f\u0131 yerden almal\u0131d\u0131r. \u0130spanya Adana vize randevusu a\u015fa\u011f\u0131daki yerlerden al\u0131nmal\u0131d\u0131r.<\/span><\/p>\n<ul style=\"text-align: left;\">\n<li><span style=\"font-family: Roboto; font-size: 14px;\">K\u0131sa s\u00fcreli \u0130spanya Adana vize randevusu \u0130spanya\u2019n\u0131n T\u00fcrkiye\u2019de yetkilendirdi\u011fi vize ba\u015fvuru merkezlerine yapabilmektedir. T\u00fcrkiye\u2019de yetkilendirilmi\u015f \u0130spanya vize ba\u015fvuru merkezi <strong>BLS International<\/strong> isimli \u015firkettir. Randevular bu \u015firketin internet sitesi \u00fczerinden al\u0131nabilir.<\/span><\/li>\n<li><span style=\"font-family: Roboto; font-size: 14px;\">Uzun s\u00fcreli \u0130spanya Adana vize randevusu \u0130spanya\u2019n\u0131n T\u00fcrkiye temsilciliklerinden al\u0131nmal\u0131d\u0131r. \u0130spanya\u2019n\u0131n T\u00fcrkiye temsilcilikleri <strong>\u0130spanya Ankara B\u00fcy\u00fckel\u00e7ili\u011fi <\/strong>ve \u0130spanya \u0130stanbul Ba\u015fkonsoloslu\u011fu\u2019dur.<\/span><\/li>\n<\/ul>\n<h3 style=\"text-align: left;\"><span style=\"font-size: 24px;\"><strong><span style=\"font-family: Roboto;\">\u0130spanya Vizenizi Adana\u2019dan Alman\u0131z\u0131n Kolay Yolu<\/span><\/strong><\/span><\/h3>\n<p style=\"text-align: left;\"><span style=\"font-family: Roboto; font-size: 14px;\">\u0130spanya\u2019ya seyahat etmeyi planlayan ki\u015filer ve Adana \u00e7evresinde ikamet eden ki\u015filer \u0130spanya vizesini Adana\u2019dan alman\u0131n kolay yolunu aramaktad\u0131r. Bu yaz\u0131da <strong>\u0130spanya vizesi alacak<\/strong> olan ki\u015filer i\u00e7in \u0130spanya vizenizi Adana\u2019dan alman\u0131z\u0131n kolay yolu hakk\u0131nda bilgi verilmi\u015ftir.<\/span><\/p>\n<p style=\"text-align: left;\"><span style=\"font-family: Roboto; font-size: 14px;\">\u0130spanya vizesi alacak olan ki\u015filer, \u0130spanya vize ba\u015fvurusu i\u00e7in evraklar\u0131 haz\u0131rlamal\u0131, randevu almal\u0131, gerekli rezervasyonlar yapt\u0131r\u0131lmal\u0131d\u0131r. Bu a\u015famada zorluk ya\u015fayaca\u011f\u0131n\u0131 d\u00fc\u015f\u00fcnen ki\u015filer, \u0130spanya Adana vize ba\u015fvurusu i\u00e7in profesyonel destek alabilir.<\/span><\/p>\n<p style=\"text-align: left;\"><span style=\"font-family: Roboto; font-size: 14px;\">\u0130spanya Adana vize ba\u015fvurusu yapacak olan ki\u015filer, <strong>\u0130spanya Adana vize ba\u015fvurusu<\/strong> i\u00e7in My Vize ofislerinden destek alabilir. My Vize Ofisleri olarak \u0130spanya vize ba\u015fvurusu yapacak olan ki\u015filere her a\u015famada destek olunmaktad\u0131r. \u0130spanya Adana vize ba\u015fvurusu i\u00e7in verilen destekler a\u015fa\u011f\u0131da verilmi\u015ftir.<\/span><\/p>\n<ul style=\"text-align: left;\">\n<li><span style=\"font-family: Roboto; font-size: 14px;\">\u0130spanya vize evraklar\u0131n\u0131n haz\u0131rlanmas\u0131,<\/span><\/li>\n<li><span style=\"font-family: Roboto; font-size: 14px;\">\u0130spanya vize ba\u015fvurusu i\u00e7in randevu al\u0131nmas\u0131,<\/span><\/li>\n<li><span style=\"font-family: Roboto; font-size: 14px;\"><strong>\u0130spanya vize ba\u015fvurusu<\/strong> i\u00e7in rezervasyonlar\u0131n yap\u0131lmas\u0131,<\/span><\/li>\n<li><span style=\"font-family: Roboto; font-size: 14px;\">Gerekli olan belgelerin temini,<\/span><\/li>\n<li><span style=\"font-family: Roboto; font-size: 14px;\">Vize ba\u015fvuru s\u00fcrecinin takibi gibi konularda \u0130spanya vize ba\u015fvuru sahibine destek sa\u011flanmaktad\u0131r.<\/span><\/li>\n<\/ul>\n<\/div>\n","protected":false},"excerpt":{"rendered":"<p>\u0130spanya Vize Ba\u015fvuru Merkezi, Adana \u0130spanya\u2019ya seyahat etmek isteyen ve Adana \u00e7evresin ikamet eden ki\u015filer, \u0130spanya seyahatleri i\u00e7in vize almal\u0131d\u0131r. \u0130spanya seyahati i\u00e7in vize alacak olan ve Adana \u00e7evresinde ikamet eden ki\u015filer, \u0130spanya vizesi Adana\u2019da nas\u0131l alaca\u011f\u0131n\u0131 merak etmektedir. Bu yaz\u0131da \u0130spanya vizesi Adana ba\u015fvurular\u0131 hakk\u0131nda bilgi verilmi\u015ftir. \u0130spanya vizesi Adana ba\u015fvurular\u0131 \u0130spanya vize ba\u015fvuru<\/p>\n","protected":false},"author":1,"featured_media":0,"parent":222,"menu_order":0,"comment_status":"open","ping_status":"closed","template":"","meta":{"footnotes":""},"class_list":["post-237","page","type-page","status-publish","hentry"],"yoast_head":"<!-- This site is optimized with the Yoast SEO plugin v24.0 - https:\/\/yoast.com\/wordpress\/plugins\/seo\/ -->\n<title>\u0130spanya Vizesi Ba\u015fvuru Merkezimiz Adana - MyVize<\/title>\n<meta name=\"description\" content=\"\u0130spanya vizesi Adana ofisimiz, hangi \u00fclkeye seyahat etmek isterseniz gerekli b\u00fct\u00fcn bilgilere ula\u015fabilirsiniz: 0850 346 84 93\" \/>\n<meta name=\"robots\" content=\"index, follow, max-snippet:-1, max-image-preview:large, max-video-preview:-1\" \/>\n<link rel=\"canonical\" href=\"https:\/\/www.myvize.com.tr\/ispanya\/subelerimiz\/adana\/\" \/>\n<meta property=\"og:locale\" content=\"tr_TR\" \/>\n<meta property=\"og:type\" content=\"article\" \/>\n<meta property=\"og:title\" content=\"\u0130spanya Vizesi Ba\u015fvuru Merkezimiz Adana - MyVize\" \/>\n<meta property=\"og:description\" content=\"\u0130spanya vizesi Adana ofisimiz, hangi \u00fclkeye seyahat etmek isterseniz gerekli b\u00fct\u00fcn bilgilere ula\u015fabilirsiniz: 0850 346 84 93\" \/>\n<meta property=\"og:url\" content=\"https:\/\/www.myvize.com.tr\/ispanya\/subelerimiz\/adana\/\" \/>\n<meta property=\"og:site_name\" content=\"\u0130spanya Vizesi\" \/>\n<meta property=\"article:modified_time\" content=\"2022-04-12T11:57:31+00:00\" \/>\n<meta name=\"twitter:card\" content=\"summary_large_image\" \/>\n<meta name=\"twitter:label1\" content=\"Tahmini okuma s\u00fcresi\" \/>\n\t<meta name=\"twitter:data1\" content=\"3 dakika\" \/>\n<script type=\"application\/ld+json\" class=\"yoast-schema-graph\">{\"@context\":\"https:\/\/schema.org\",\"@graph\":[{\"@type\":\"WebPage\",\"@id\":\"https:\/\/www.myvize.com.tr\/ispanya\/subelerimiz\/adana\/\",\"url\":\"https:\/\/www.myvize.com.tr\/ispanya\/subelerimiz\/adana\/\",\"name\":\"\u0130spanya Vizesi Ba\u015fvuru Merkezimiz Adana - MyVize\",\"isPartOf\":{\"@id\":\"https:\/\/www.myvize.com.tr\/ispanya\/#website\"},\"datePublished\":\"2021-01-02T15:06:33+00:00\",\"dateModified\":\"2022-04-12T11:57:31+00:00\",\"description\":\"\u0130spanya vizesi Adana ofisimiz, hangi \u00fclkeye seyahat etmek isterseniz gerekli b\u00fct\u00fcn bilgilere ula\u015fabilirsiniz: 0850 346 84 93\",\"breadcrumb\":{\"@id\":\"https:\/\/www.myvize.com.tr\/ispanya\/subelerimiz\/adana\/#breadcrumb\"},\"inLanguage\":\"tr\",\"potentialAction\":[{\"@type\":\"ReadAction\",\"target\":[\"https:\/\/www.myvize.com.tr\/ispanya\/subelerimiz\/adana\/\"]}]},{\"@type\":\"BreadcrumbList\",\"@id\":\"https:\/\/www.myvize.com.tr\/ispanya\/subelerimiz\/adana\/#breadcrumb\",\"itemListElement\":[{\"@type\":\"ListItem\",\"position\":1,\"name\":\"Anasayfa\",\"item\":\"https:\/\/www.myvize.com.tr\/ispanya\/\"},{\"@type\":\"ListItem\",\"position\":2,\"name\":\"\u015eUBELER\u0130M\u0130Z\",\"item\":\"https:\/\/www.myvize.com.tr\/ispanya\/subelerimiz\/\"},{\"@type\":\"ListItem\",\"position\":3,\"name\":\"\u0130spanya Vizesi , Adana\"}]},{\"@type\":\"WebSite\",\"@id\":\"https:\/\/www.myvize.com.tr\/ispanya\/#website\",\"url\":\"https:\/\/www.myvize.com.tr\/ispanya\/\",\"name\":\"\u0130spanya Vizesi\",\"description\":\"\",\"potentialAction\":[{\"@type\":\"SearchAction\",\"target\":{\"@type\":\"EntryPoint\",\"urlTemplate\":\"https:\/\/www.myvize.com.tr\/ispanya\/?s={search_term_string}\"},\"query-input\":{\"@type\":\"PropertyValueSpecification\",\"valueRequired\":true,\"valueName\":\"search_term_string\"}}],\"inLanguage\":\"tr\"}]}<\/script>\n<!-- \/ Yoast SEO plugin. -->","yoast_head_json":{"title":"\u0130spanya Vizesi Ba\u015fvuru Merkezimiz Adana - MyVize","description":"\u0130spanya vizesi Adana ofisimiz, hangi \u00fclkeye seyahat etmek isterseniz gerekli b\u00fct\u00fcn bilgilere ula\u015fabilirsiniz: 0850 346 84 93","robots":{"index":"index","follow":"follow","max-snippet":"max-snippet:-1","max-image-preview":"max-image-preview:large","max-video-preview":"max-video-preview:-1"},"canonical":"https:\/\/www.myvize.com.tr\/ispanya\/subelerimiz\/adana\/","og_locale":"tr_TR","og_type":"article","og_title":"\u0130spanya Vizesi Ba\u015fvuru Merkezimiz Adana - MyVize","og_description":"\u0130spanya vizesi Adana ofisimiz, hangi \u00fclkeye seyahat etmek isterseniz gerekli b\u00fct\u00fcn bilgilere ula\u015fabilirsiniz: 0850 346 84 93","og_url":"https:\/\/www.myvize.com.tr\/ispanya\/subelerimiz\/adana\/","og_site_name":"\u0130spanya Vizesi","article_modified_time":"2022-04-12T11:57:31+00:00","twitter_card":"summary_large_image","twitter_misc":{"Tahmini okuma s\u00fcresi":"3 dakika"},"schema":{"@context":"https:\/\/schema.org","@graph":[{"@type":"WebPage","@id":"https:\/\/www.myvize.com.tr\/ispanya\/subelerimiz\/adana\/","url":"https:\/\/www.myvize.com.tr\/ispanya\/subelerimiz\/adana\/","name":"\u0130spanya Vizesi Ba\u015fvuru Merkezimiz Adana - MyVize","isPartOf":{"@id":"https:\/\/www.myvize.com.tr\/ispanya\/#website"},"datePublished":"2021-01-02T15:06:33+00:00","dateModified":"2022-04-12T11:57:31+00:00","description":"\u0130spanya vizesi Adana ofisimiz, hangi \u00fclkeye seyahat etmek isterseniz gerekli b\u00fct\u00fcn bilgilere ula\u015fabilirsiniz: 0850 346 84 93","breadcrumb":{"@id":"https:\/\/www.myvize.com.tr\/ispanya\/subelerimiz\/adana\/#breadcrumb"},"inLanguage":"tr","potentialAction":[{"@type":"ReadAction","target":["https:\/\/www.myvize.com.tr\/ispanya\/subelerimiz\/adana\/"]}]},{"@type":"BreadcrumbList","@id":"https:\/\/www.myvize.com.tr\/ispanya\/subelerimiz\/adana\/#breadcrumb","itemListElement":[{"@type":"ListItem","position":1,"name":"Anasayfa","item":"https:\/\/www.myvize.com.tr\/ispanya\/"},{"@type":"ListItem","position":2,"name":"\u015eUBELER\u0130M\u0130Z","item":"https:\/\/www.myvize.com.tr\/ispanya\/subelerimiz\/"},{"@type":"ListItem","position":3,"name":"\u0130spanya Vizesi , Adana"}]},{"@type":"WebSite","@id":"https:\/\/www.myvize.com.tr\/ispanya\/#website","url":"https:\/\/www.myvize.com.tr\/ispanya\/","name":"\u0130spanya Vizesi","description":"","potentialAction":[{"@type":"SearchAction","target":{"@type":"EntryPoint","urlTemplate":"https:\/\/www.myvize.com.tr\/ispanya\/?s={search_term_string}"},"query-input":{"@type":"PropertyValueSpecification","valueRequired":true,"valueName":"search_term_string"}}],"inLanguage":"tr"}]}},"_links":{"self":[{"href":"https:\/\/www.myvize.com.tr\/ispanya\/wp-json\/wp\/v2\/pages\/237","targetHints":{"allow":["GET"]}}],"collection":[{"href":"https:\/\/www.myvize.com.tr\/ispanya\/wp-json\/wp\/v2\/pages"}],"about":[{"href":"https:\/\/www.myvize.com.tr\/ispanya\/wp-json\/wp\/v2\/types\/page"}],"author":[{"embeddable":true,"href":"https:\/\/www.myvize.com.tr\/ispanya\/wp-json\/wp\/v2\/users\/1"}],"replies":[{"embeddable":true,"href":"https:\/\/www.myvize.com.tr\/ispanya\/wp-json\/wp\/v2\/comments?post=237"}],"version-history":[{"count":7,"href":"https:\/\/www.myvize.com.tr\/ispanya\/wp-json\/wp\/v2\/pages\/237\/revisions"}],"predecessor-version":[{"id":993,"href":"https:\/\/www.myvize.com.tr\/ispanya\/wp-json\/wp\/v2\/pages\/237\/revisions\/993"}],"up":[{"embeddable":true,"href":"https:\/\/www.myvize.com.tr\/ispanya\/wp-json\/wp\/v2\/pages\/222"}],"wp:attachment":[{"href":"https:\/\/www.myvize.com.tr\/ispanya\/wp-json\/wp\/v2\/media?parent=237"}],"curies":[{"name":"wp","href":"https:\/\/api.w.org\/{rel}","templated":true}]}}