{"id":43,"date":"2020-11-30T12:47:27","date_gmt":"2020-11-30T09:47:27","guid":{"rendered":"https:\/\/www.myvize.com.tr\/ispanya\/?page_id=43"},"modified":"2022-12-20T21:14:43","modified_gmt":"2022-12-20T18:14:43","slug":"ispanya-calisma-izni","status":"publish","type":"page","link":"https:\/\/www.myvize.com.tr\/ispanya\/vize-islemleri\/ispanya-calisma-izni\/","title":{"rendered":"\u0130spanya \u00c7al\u0131\u015fma \u0130zni"},"content":{"rendered":"<p><span style=\"font-family: Roboto; font-size: 14px;\"><strong>\u00c7al\u0131\u015fma izni<\/strong> i\u00e7in vize ba\u015fvurusunda bulunuldu\u011funda en fazla 20 i\u015fg\u00fcn\u00fcnde size sonu\u00e7 yaz\u0131s\u0131 ula\u015facakt\u0131r. Personel al\u0131m\u0131 yapacak \u015firketin; &#8216;AB \u00fclkelerinde ve \u0130spanya&#8217;da eleman arad\u0131\u011f\u0131n\u0131, ancak bulamad\u0131\u011f\u0131n\u0131&#8221; kan\u0131tlamas\u0131 gerekmemektedir. <strong>\u00c7al\u0131\u015fma izni<\/strong> al\u0131nd\u0131\u011f\u0131nda, hangi \u015firkette \u00e7al\u0131\u015f\u0131lmak i\u00e7in ba\u015fvuruda bulunmu\u015fsan\u0131z, sadece o \u015firket i\u00e7in \u00e7al\u0131\u015fabilirsiniz. \u0130spanya&#8217;ya gittikten sonra, daha iyi ko\u015fullarda bir i\u015f bulmu\u015fsan\u0131z, o \u015firkette \u00e7al\u0131\u015fmak i\u00e7in yeniden\u00a0<strong>&#8216;\u0130spanya \u00e7al\u0131\u015fma izni&#8217;<\/strong>\u00a0i\u00e7in ba\u015fvuruda bulunman\u0131z gerekecektir.<\/span><\/p>\n<p><span style=\"font-family: Roboto; font-size: 14px;\">5 y\u0131l \u0130spanya&#8217;da \u00e7al\u0131\u015f\u0131rsan\u0131z, 5 y\u0131ldan sonra genel oturum ve <strong>\u00e7al\u0131\u015fma izni<\/strong> alabilirsiniz.<\/span><\/p>\n<p><span style=\"font-family: Roboto; font-size: 14px;\">\u0130spanya&#8217;da \u00f6zellikle pandemi d\u00f6neminde gen\u00e7 i\u015fsizli\u011fi y\u00fczde 41 seviyesine \u00e7\u0131kt\u0131. \u0130spanyollar bile kendi \u00fclkelerinde i\u015f bulmakta olduk\u00e7a zorlanmaktad\u0131r. O nedenle sekt\u00f6rde personel a\u00e7\u0131\u011f\u0131 olan i\u015f konular\u0131nda deneyiminiz varsa, \u00e7al\u0131\u015fma vizesi almak daha kolay olacakt\u0131r.<\/span><\/p>\n<p><span style=\"font-family: Roboto; font-size: 14px;\">&#8211; <strong>\u00c7al\u0131\u015fma izni<\/strong> alabilmek i\u00e7in \u00f6ncelikli \u015fart, \u0130spanya&#8217;da yerle\u015fik bir \u015firketin size sponsor olmas\u0131 ve sizinle bir s\u00f6zle\u015fme imzalamas\u0131 gerekmektedir.\u00a0<\/span><\/p>\n<p><span style=\"font-family: Roboto; font-size: 14px;\">&#8211; Sizinle s\u00f6zle\u015fme konusu olan ve \u0130spanya&#8217;da y\u00fcr\u00fct\u00fclen i\u015fin e\u011fitiminizle veya deneyiminizle ba\u011flant\u0131l\u0131 olmas\u0131 gerekmektedir.<\/span><\/p>\n<p><span style=\"font-family: Roboto; font-size: 14px;\">&#8211; En az bir lisans diplomas\u0131na sahip olman\u0131z gerekmektedir. (Bu T\u00fcrkiye&#8217;de\u00a0d\u00f6rt y\u0131ll\u0131k \u00fcniversite e\u011fitimine denk gelmektedir.) Ya da en az 5 y\u0131ll\u0131k bir i\u015f deneyimine sahip olman\u0131z gerekmektedir. \u00d6rne\u011fin; g\u00fcn\u00fcm\u00fczde pek \u00e7ok yaz\u0131l\u0131mc\u0131 lise e\u011fitimini ald\u0131ktan sonra, belirli yaz\u0131l\u0131m dillerinde profesyonelle\u015fmi\u015ftir. \u00dclkelerde aran\u0131lan konularda uzmanl\u0131k sa\u011flanm\u0131\u015fsa ve istenilen y\u0131l i\u015f deneyimi avrsa, lisans diplomas\u0131 sorgulanmayabilir.<\/span><\/p>\n<p><span style=\"font-family: Roboto; font-size: 14px;\">&#8211; Al\u0131nacak maa\u015f\u0131n m\u00fcd\u00fcr ve direkt\u00f6r seviyelerinde en az 50.000 Euro\/y\u0131l br\u00fct, daha az deneyime sahip veya yeni mezun ki\u015filerin ise 40.077 Euro\/y\u0131l br\u00fct \u00fccretten fazlas\u0131na sahip olmas\u0131 gerekmektedir. Akademisyenler, ara\u015ft\u0131rma g\u00f6revlileri hakk\u0131nda maa\u015f sorgulamas\u0131 yap\u0131lmaz. 40.077 Euro\/y\u0131l, \u00e7o\u011fu sekt\u00f6rde ba\u015flang\u0131\u00e7 pozisyonlar\u0131 i\u00e7in y\u00fcksek bir maa\u015ft\u0131r.<\/span><\/p>\n<p><span style=\"font-family: Roboto; font-size: 14px;\">&#8211; Ki\u015finin s\u00f6zle\u015fmeye ba\u011fl\u0131 olarak i\u015f y\u00fcr\u00fctece\u011fi \u015firket, halk\u0131n genelini ilgilendiren bir proje y\u00fcr\u00fct\u00fcyorsa \u00e7al\u0131\u015fma izni kolayl\u0131kla verilecektir. E\u011fer \u015firket k\u00fc\u00e7\u00fck \u00f6l\u00e7ekli\u00a0bir \u015firket ise, s\u00f6zle\u015fme konusu olan i\u015f stratejik konuda bir pozisyon i\u00e7in \u00e7al\u0131\u015fan al\u0131yorsa o zaman izin kolay \u00e7\u0131kmaktad\u0131r. (\u00d6rne\u011fin; IT pozisyonlar\u0131 vb.)\u00a0<\/span><\/p>\n<p><span style=\"font-family: Roboto; font-size: 14px;\">&#8211; Lisans\u00fcst\u00fc e\u011fitime sahip olman\u0131z (master, doktora vb.) <strong>\u00e7al\u0131\u015fma izni<\/strong> alman\u0131z hususunda elinizi g\u00fc\u00e7lendirecektir.<\/span><\/p>\n<p><img decoding=\"async\" src=\"https:\/\/www.myvize.com.tr\/ispanya\/wp-content\/uploads\/2021\/10\/20.jpg\" \/><\/p>\n<p><span style=\"font-family: Roboto; font-size: 14px;\">\u0130spanya&#8217;da yeni mezun olarak i\u015f aramak T\u00fcrkiye&#8217;dekine olduk\u00e7a benzer bir durumdur. \u0130spanya&#8217;da da \u00fclkemizdeki bankalar\u0131n ve b\u00fcy\u00fck \u015firketlerin yapt\u0131\u011f\u0131 gibi &#8216;Management Trainee&#8217; programlar\u0131 bulunmaktad\u0131r. Genellikle \u0130spanya&#8217;daki &#8216;management trainee&#8217; programlar\u0131na al\u0131nan ki\u015filer \u0130spanyol veya AB vatanda\u015fl\u0131\u011f\u0131 olan ki\u015filerdir. <strong>\u0130spanya&#8217;da \u00e7al\u0131\u015fma izni<\/strong> alabilmek i\u00e7in \u0130spanyol dilini iyi bilmeniz gerekmektedir. E\u011fer yaz\u0131l\u0131mc\u0131 ya da teknik bir alanda \u00e7al\u0131\u015fan bir ki\u015fi de\u011filseniz, y\u00fcr\u00fctece\u011finiz i\u015f sosyal ara\u015ft\u0131rmac\u0131, bankac\u0131 ya da pazarlamac\u0131 vb. sosyal alanlardaki \u00e7al\u0131\u015fma ise \u0130spanyolcay\u0131 iyi bilmeniz gerekmektedir.\u00a0<\/span><\/p>\n<p><span style=\"font-family: Roboto; font-size: 14px;\">\u00d6\u011frenci vizesiyle verilen \u00e7al\u0131\u015fma iznini kullan\u0131p mezun olmadan b\u00fcy\u00fck bir \u015firkette yar\u0131 zamanl\u0131 staj yapmak, <span style=\"color: #2acec2;\"><strong><a style=\"color: #2acec2;\" href=\"https:\/\/www.myvize.com.tr\/ispanya\/oturum-2\/calisma-vizesi\/\" target=\"_blank\" rel=\"noopener\">\u00e7al\u0131\u015fma vizesi<\/a><\/strong><\/span> almak i\u00e7in uygulanabilecek en kolay y\u00f6ntemlerden biridir. \u015eirket, staj yaparken i\u015f \u00f6\u011fretimi i\u00e7in size yat\u0131r\u0131m yapt\u0131\u011f\u0131nda, e\u011fer \u00e7al\u0131\u015fma ve \u015firkete uyum sa\u011flama s\u00fcrecinde sizden memnun kalm\u0131\u015fsa, mezun olur olmaz sizin i\u00e7in rahatl\u0131kla <strong>\u00e7al\u0131\u015fma izni<\/strong> alacakt\u0131r.<\/span><\/p>\n<p><span style=\"font-family: Roboto; font-size: 14px;\"><strong>\u00c7al\u0131\u015fma izni<\/strong> al\u0131nmas\u0131 i\u00e7in; \u015firket t\u00fcm a\u015famalar\u0131 anla\u015ft\u0131\u011f\u0131 bir hukuk b\u00fcrosu veya kendi personeliyle y\u00fcr\u00fctmektedir. Sizin yapman\u0131z gereken tek \u015fey; \u0130spanyolca\/ \u0130ngilizce CV&#8217; nizi, diploma fotokopinizi (apostilli olacakt\u0131r.), pasaportunuzun fotokopilerini \u015firket yetkilisine veya \u015firketin anla\u015ft\u0131\u011f\u0131 hukuk b\u00fcrosuna g\u00f6ndermektir.<\/span><\/p>\n<p><span style=\"font-family: Roboto; font-size: 14px;\"><strong>\u00c7al\u0131\u015fma izni<\/strong> ba\u015fvuru\u015funuza cevab\u0131n gelmesi, halihaz\u0131rda \u0130spanya&#8217;da oturum izniniz yoksa, 20 i\u015fg\u00fcn\u00fcd\u00fcr. 20 i\u015fg\u00fcn\u00fc sonunda size olumsuz bir cevap verilmemi\u015fse, ba\u015fvuru sonucunuz &#8216;olumlu&#8217; kabul edilecektir. \u0130spanya&#8217;da \u00f6\u011frenci iseniz, okulunuzu bitirdikten sonra \u00f6\u011frenci vizenizi &#8216;\u00e7al\u0131\u015fma izni &#8216;ne \u00e7evirecekseniz, cevap s\u00fcresi 10 i\u015fg\u00fcn\u00fcd\u00fcr.<\/span><\/p>\n<p><span style=\"font-family: Roboto; font-size: 14px;\">\u0130spanya&#8217;da <strong>\u00e7al\u0131\u015fma izni<\/strong> ald\u0131ktan sonra T\u00fcrkiye&#8217;de ispanya Konsoloslu\u011fu&#8217;na bizzat gitmeniz gerekir. \u00c7al\u0131\u015fma izniniz ile beraber; pasaportunuz, kimlik kart\u0131n\u0131z, ikametgah, vukuatl\u0131 n\u00fcfus kay\u0131t belgesi, adli sicil belgesini Konsolosluk g\u00f6revlilerine vermeniz gerekmektedir. Konsolosluk \u00e7al\u0131\u015fma izni ile beraber verdi\u011finiz evraklar\u0131 inceleyecek ve size 20 i\u015fg\u00fcn\u00fc i\u00e7inde d\u00f6n\u00fc\u015f yapacakt\u0131r. <strong>\u00c7al\u0131\u015fma izni<\/strong> i\u00e7in vize \u00fccreti, 2021 y\u0131l\u0131 i\u00e7in 73 USD&#8217; d\u0131r.<\/span><\/p>\n<p><span style=\"font-size: 16px;\"><strong><span style=\"font-family: Roboto;\"><span style=\"color: #2acec2;\"><a style=\"color: #2acec2;\" href=\"https:\/\/www.myvize.com.tr\/ispanya\/vize-islemleri\/ispanya-vizesi\/\" target=\"_blank\" rel=\"noopener\">\u0130spanya Vizesi<\/a><\/span> ile ilgili bilgi almak i\u00e7in bizi aray\u0131n.<\/span><\/strong><\/span><\/p>\n<p><img decoding=\"async\" src=\"https:\/\/www.myvize.com.tr\/ispanya\/wp-content\/uploads\/2021\/10\/21.jpg\" \/><span style=\"font-family: Roboto; font-size: 14px;\"><strong><span style=\"font-size: 27px;\">\u0130spanya \u00c7al\u0131\u015fma \u0130zni Hakk\u0131nda\u00a0 \u00a0 \u00a0<\/span> \u00a0 \u00a0 \u00a0 \u00a0 \u00a0<\/strong><\/span><\/p>\n<p><span style=\"font-family: Roboto; font-size: 14px;\"><strong>\u0130spanya&#8217;da kalmak<\/strong> i\u00e7in yeterli me\u015fru neden ile i\u015f ba\u011flant\u0131s\u0131 g\u00f6sterebilen t\u00fcm T\u00fcrkiye Cumhuriyeti vatanda\u015flar\u0131, \u0130spanya \u00e7al\u0131\u015fma vizesi alabilir. Bu sebep ile \u0130spanya&#8217;da ikamet hakk\u0131 dahi elde edilmi\u015f olur. \u0130\u015f s\u00f6zle\u015fmesini imzalayan \u015firket sahibi gerekli ruhsat \u015fartlar\u0131n\u0131 talep eder. \u0130spanya \u00fclkesi ad\u0131na \u00e7al\u0131\u015fma vizesi ba\u015fvurular\u0131n\u0131n sonu\u00e7lar\u0131n\u0131 inceleme yetkileri \u00a0\u0130spanya D\u0131\u015fi\u015fleri Bakanl\u0131\u011f\u0131 taraf\u0131na aittir. Sonu\u00e7 alma s\u00fcresi iki aya kadar \u00e7\u0131kabilmektedir. Ba\u015fvuru a\u015famas\u0131ndaki bu ve benzeri detaylar dikkate al\u0131nmal\u0131d\u0131r.<\/span><\/p>\n<h2><span style=\"font-family: Roboto; font-size: 27px;\"><strong>\u0130spanya \u00c7al\u0131\u015fma \u0130zni Nedir?<\/strong><\/span><\/h2>\n<p><span style=\"font-family: Roboto; font-size: 14px;\"><strong>\u0130spanya \u00e7al\u0131\u015fma vizesi<\/strong> t\u00fcr\u00fc uzun s\u00fcreli \u00a0kabul edilen ulusal vize t\u00fcr\u00fcd\u00fcr. \u0130spanya \u00e7al\u0131\u015fma vizesi ba\u015fvuru sahipleri gereken vize belgelerini ve evraklar\u0131n\u0131\u00a0 haz\u0131rlayarak vize \u00fccretini \u00f6demeli ve \u00a0\u0130spanya konsolosluklar\u0131ndan bizzat \u015fahs\u0131 ad\u0131na randevu almal\u0131d\u0131r. \u0130\u015f s\u00f6zle\u015fmesini imzalayan \u015firket sahibi gerekli ruhsat \u015fartlar\u0131n\u0131 talep eder. Yabanc\u0131 \u0130spanya&#8217;ya geldi\u011finde sosyal g\u00fcvenceye girmelidir. Ayr\u0131ca ikamet kart\u0131n\u0131n otuz g\u00fcn i\u00e7inde G\u00f6\u00e7menlik Dairesi&#8217;nden al\u0131nmas\u0131 gerekmektedir. \u0130spanya \u00e7al\u0131\u015fma vizesi prosed\u00fcr\u00fcn\u00fc tamamlayanlar\u0131n g\u00f6\u00e7menlik polisinden oturum kart\u0131n\u0131 almalar\u0131 gerekmektedir. \u0130spanya&#8217;da oturma izni, ayr\u0131l\u0131\u015f tarihinden itibaren 30 g\u00fcn i\u00e7inde al\u0131nmal\u0131d\u0131r. T\u00fcrkiye&#8217;den \u0130spanyolca \u00e7al\u0131\u015fma vizesi i\u015flemlerini takip eden Suriye, Irak, G\u00fcrc\u00fc ve Azerbaycan k\u00f6kenli yabanc\u0131lar\u0131n \u00e7al\u0131\u015fma vizesi alabilmeleri i\u00e7in belgelerinin \u0130spanyolca &#8216;ya terc\u00fcme edilmi\u015f olarak ibraz etmeleri gerekmektedir. Belgelerin eksik olmas\u0131 ya da \u00a0bilgilerin yanl\u0131\u015f olmas\u0131 durumunda vize ba\u015fvurusu reddedilecektir. \u0130spanya&#8217;da \u00e7al\u0131\u015fmay\u0131 planlayan firmalar\u0131n \u0130spanya \u00c7al\u0131\u015fma Bakanl\u0131\u011f\u0131 ile irtibata ge\u00e7erek bu talebinin T\u00fcrkiye&#8217;de kabul edildi\u011fini g\u00f6steren belgeleri g\u00f6ndermeleri gerekmektedir.<\/span><\/p>\n<h2><span style=\"font-family: Roboto; font-size: 27px;\"><strong>\u0130spanya \u00c7al\u0131\u015fma \u0130zni Nas\u0131l Al\u0131n\u0131r?<\/strong><\/span><\/h2>\n<p><span style=\"font-family: Roboto; font-size: 14px;\"><strong>\u0130spanya \u00e7al\u0131\u015fma vizesi<\/strong> \u00a0t\u00fcr\u00fc ba\u015fvuru sahipleri gereken vize belgelerini ve evraklar\u0131n\u0131\u00a0 haz\u0131rlayarak vize \u00fccreti \u00f6denmelidir. \u0130spanya \u00e7al\u0131\u015fma vizesi t\u00fcr\u00fcne \u00a0ba\u015fvurmak i\u00e7in, ba\u015fvuru sahibinin yurt d\u0131\u015f\u0131ndaki \u0130spanya temsilcisinin vize ofisinden \u015fahsen randevu almas\u0131 gerekmektedir. \u0130spanya seyahatinin amac\u0131na \u00a0uygun \u00a0do\u011frultuda vizenin al\u0131nmas\u0131 gerekmektedir. Vize t\u00fcr\u00fcn\u00fc do\u011fru se\u00e7ilmeli ve vize belgelerinin eksiksiz haz\u0131rlanmas\u0131 gerekir. Orijinal belgeler gereklidir. Yeni pasaportlar seyahatten sonra en az 12 ay ge\u00e7erli olmal\u0131d\u0131r. <strong>\u0130spanya&#8217;ya u\u00e7u\u015f<\/strong> rezervasyonunu onaylayan bir belgenin haz\u0131rlanmas\u0131 gerekir. Schengen vizesi ba\u015fvuru formu \u00a0dahil belgelerde gereklidir. Formu \u0130spanyolca dili ve ya \u0130ngilizce dili kullanarak \u00a0doldurmal\u0131s\u0131n\u0131z \u00a0ve verilen bilgilerin do\u011fru oldu\u011funu kontrol etmenizde fayda vard\u0131r. Bu belge, ba\u015fvuru sahipleri hakk\u0131nda bilgi toplar. Bu ama\u00e7la verilen bilgiler belgeler do\u011frultusunda kan\u0131tlanmal\u0131d\u0131r. \u00a0Ba\u015fvuru formunda girdi\u011finiz bilgilerin do\u011frulu\u011funu kontrol etmenizde fayda vard\u0131r \u00e7\u00fcnk\u00fc ad\u0131n\u0131za inceleme ba\u015flat\u0131ld\u0131\u011f\u0131nda s\u0131k\u0131nt\u0131lar\u0131n ya\u015fanmamas\u0131 ad\u0131na formu do\u011fru bilgiler ile doldurman\u0131z size avantaj sa\u011flar.<\/span><\/p>\n<h3><span style=\"font-family: Roboto; font-size: 24px;\"><strong>\u0130spanya \u00c7al\u0131\u015fma \u0130zni Ne Kadar S\u00fcrede \u00c7\u0131kar?<\/strong><\/span><\/h3>\n<p><span style=\"font-family: Roboto; font-size: 14px;\">\u0130spanya \u00fclkesi ad\u0131na \u00e7al\u0131\u015fma vizesi de\u011ferlendirmeleri \u0130spanya Ba\u015fkonsoloslu\u011fu ile Ankara B\u00fcy\u00fckel\u00e7ilik taraf\u0131ndan incelenmeye al\u0131n\u0131r. \u0130nceleme s\u00fcreleri ortalama on be\u015f i\u015f g\u00fcn\u00fcnde biter. \u0130spanya \u00e7al\u0131\u015fma vize t\u00fcr\u00fcn\u00fcn de\u011ferlendirilmesi \u0130spanya D\u0131\u015fi\u015fleri Bakanl\u0131\u011f\u0131\u00a0 yetkisinde yap\u0131l\u0131r. \u0130nceleme s\u00fcresi ortalama iki ay\u0131 bulur. Ziyaretlerde s\u0131k\u0131nt\u0131 ya\u015famamak ad\u0131na ziyaret plan\u0131ndan en az \u00fc\u00e7 ay \u00f6nce \u0130spanya \u00fclkesi ad\u0131na \u00e7al\u0131\u015fma vize t\u00fcr\u00fcne ba\u015fvuru yapman\u0131z gerekir. \u0130spanya \u00fclkesi \u00e7al\u0131\u015fma vizesi t\u00fcr\u00fc ad\u0131na ba\u015fvuru sahibinin son \u00fc\u00e7 ay i\u00e7inde \u00e7ekilmi\u015f en son n\u00fcshas\u0131n\u0131 yans\u0131tan beyaz zemin \u00fczerine iki adet biyometrik foto\u011fraf gerekmektedir. Adaylar\u0131n sab\u0131ka kayd\u0131n\u0131n da olmas\u0131 gerekmektedir. Belgelerin eksik olmas\u0131 ya da \u00a0bilgilerin yanl\u0131\u015f olmas\u0131 durumunda vize ba\u015fvurusu reddedilecektir. \u0130spanya&#8217;da \u00e7al\u0131\u015fmay\u0131 planlayan firmalar\u0131n \u0130spanya \u00c7al\u0131\u015fma Bakanl\u0131\u011f\u0131 ile irtibata ge\u00e7erek bu talebinin T\u00fcrkiye Cumhuriyeti yetkisinde kabul edildi\u011fini g\u00f6steren belgeleri g\u00f6ndermeleri gerekmektedir. \u00a0\u0130spanya \u00e7al\u0131\u015fma vizeniz kabul oldu\u011funda art\u0131k \u0130spanya ziyaretinizi g\u00fcvenilir \u015fartlar alt\u0131nda gidebilirsiniz.<\/span><\/p>\n<h3><strong><span style=\"font-family: Roboto; font-size: 24px;\">\u0130spanya \u00c7al\u0131\u015fma \u0130zni Ba\u015fvurusu Yapma<\/span><\/strong><\/h3>\n<p><span style=\"font-family: Roboto; font-size: 14px;\">\u0130spanya\u2019da uzun s\u00fcreli kalman\u0131z\u0131 sa\u011flayacak nedenlerden birisi de \u0130spanya \u00e7al\u0131\u015fma izini al\u0131nmas\u0131d\u0131r.<strong> T\u00fcrkiye Cumhuriyeti vatanda\u015flar\u0131<\/strong>, \u0130spanya\u2019da bir i\u015f bulabildi\u011fi durumlarda \u0130spanya \u00e7al\u0131\u015fma izni alabilir.<\/span><\/p>\n<p><span style=\"font-family: Roboto; font-size: 14px;\"><strong>\u0130spanya \u00e7al\u0131\u015fma izni<\/strong> s\u00fcreli ve s\u00fcresiz olarak al\u0131nabilmektedir. \u0130spanya\u2019da kar amac\u0131 g\u00fctmeyen bir kurum ya da kurulu\u015fta \u00e7al\u0131\u015facak olan ki\u015filerin de \u0130spanya \u00e7al\u0131\u015fma izni ba\u015fvurusu yapmas\u0131 gerekmektedir. Hangi ama\u00e7la olursa olsun maa\u015fl\u0131 ya da maa\u015fs\u0131z olarak \u0130spanya\u2019da \u00e7al\u0131\u015facak ki\u015filerin en az 16 ya\u015f\u0131nda olmas\u0131 gerekmektedir. \u0130spanya\u2019da kendi i\u015fini yapacak olan ki\u015filerin ise en az 18 ya\u015f\u0131nda olmas\u0131 gerekmektedir.<\/span><\/p>\n<p><span style=\"font-family: Roboto; font-size: 14px;\">\u0130spanya \u00e7al\u0131\u015fma izni alacak olan ki\u015filerin, \u0130spanya\u2019da bulunan i\u015fveren ile i\u015f s\u00f6zle\u015fmesi yapm\u0131\u015f olmas\u0131 gerekmektedir. T\u00fcrk vatanda\u015flar\u0131 \u0130spanya\u2019ya giri\u015f yapt\u0131ktan sonra<strong> \u0130spanya Sosyal sigortalar Sistemi<\/strong>\u2019ne kay\u0131t olmal\u0131d\u0131r. Ayr\u0131ca \u0130spanya\u2019ya giri\u015f yap\u0131ld\u0131ktan en fazla 30 g\u00fcn i\u00e7erisinde yabanc\u0131lar \u015fubesine ba\u015fvuruda bulunulmal\u0131 ve \u0130spanya oturum izni kart\u0131 al\u0131nmal\u0131d\u0131r.<\/span><\/p>\n<p><span style=\"font-family: Roboto; font-size: 14px;\">\u0130spanya \u00e7al\u0131\u015fma izni alacak olan T\u00fcrk vatanda\u015flar\u0131 ba\u015fvurular\u0131n\u0131, \u0130spanya Ankara B\u00fcy\u00fckel\u00e7ili\u011fi\u2019ne yapmal\u0131d\u0131r. Ayr\u0131ca T\u00fcrkiye\u2019de bulunan yabanc\u0131 uyruklu ki\u015filer \u00e7al\u0131\u015fma izni ba\u015fvurular\u0131n\u0131 <strong>Ankara B\u00fcy\u00fckel\u00e7ili\u011fi<\/strong>\u2019ne yapabilmektedir. Suriye, G\u00fcrcistan, Irak ve Azerbaycan vatanda\u015flar\u0131 da ba\u015fvurular\u0131n\u0131 B\u00fcy\u00fckel\u00e7ilik arac\u0131l\u0131\u011f\u0131 ile yapabilir.<\/span><\/p>\n<p><strong><span style=\"font-family: Roboto; font-size: 16px;\"><span style=\"color: #2acec2;\"><a style=\"color: #2acec2;\" href=\"https:\/\/www.myvize.com.tr\/ispanya\/vize-islemleri\/ispanya-vize-reddi\/\">\u0130spanya Vize Reddi<\/a><\/span> ile ilgili bilgi almak i\u00e7in bizi aray\u0131n\u0131z.<\/span><\/strong><\/p>\n","protected":false},"excerpt":{"rendered":"<p>\u00c7al\u0131\u015fma izni i\u00e7in vize ba\u015fvurusunda bulunuldu\u011funda en fazla 20 i\u015fg\u00fcn\u00fcnde size sonu\u00e7 yaz\u0131s\u0131 ula\u015facakt\u0131r. Personel al\u0131m\u0131 yapacak \u015firketin; &#8216;AB \u00fclkelerinde ve \u0130spanya&#8217;da eleman arad\u0131\u011f\u0131n\u0131, ancak bulamad\u0131\u011f\u0131n\u0131&#8221; kan\u0131tlamas\u0131 gerekmemektedir. \u00c7al\u0131\u015fma izni al\u0131nd\u0131\u011f\u0131nda, hangi \u015firkette \u00e7al\u0131\u015f\u0131lmak i\u00e7in ba\u015fvuruda bulunmu\u015fsan\u0131z, sadece o \u015firket i\u00e7in \u00e7al\u0131\u015fabilirsiniz. \u0130spanya&#8217;ya gittikten sonra, daha iyi ko\u015fullarda bir i\u015f bulmu\u015fsan\u0131z, o \u015firkette \u00e7al\u0131\u015fmak i\u00e7in<\/p>\n","protected":false},"author":1,"featured_media":0,"parent":18,"menu_order":0,"comment_status":"open","ping_status":"closed","template":"","meta":{"footnotes":""},"class_list":["post-43","page","type-page","status-publish","hentry"],"yoast_head":"<!-- This site is optimized with the Yoast SEO plugin v24.0 - https:\/\/yoast.com\/wordpress\/plugins\/seo\/ -->\n<title>\u0130spanya \u00c7al\u0131\u015fma Vizesi - \u0130spanya \u00c7al\u0131\u015fma Vizesi - MyVize<\/title>\n<meta name=\"description\" content=\"\u0130spanya \u00e7al\u0131\u015fma izni vizesi i\u00e7in gerekli g\u00fcncel evrak listesi. \u0130spanya \u00e7al\u0131\u015fma izni vizesi ba\u015fvurusunda dikkat edilmesi gereken \u015fartlar.\" \/>\n<meta name=\"robots\" content=\"index, follow, max-snippet:-1, max-image-preview:large, max-video-preview:-1\" \/>\n<link rel=\"canonical\" href=\"https:\/\/www.myvize.com.tr\/ispanya\/vize-islemleri\/ispanya-calisma-izni\/\" \/>\n<meta property=\"og:locale\" content=\"tr_TR\" \/>\n<meta property=\"og:type\" content=\"article\" \/>\n<meta property=\"og:title\" content=\"\u0130spanya \u00c7al\u0131\u015fma Vizesi - \u0130spanya \u00c7al\u0131\u015fma Vizesi - MyVize\" \/>\n<meta property=\"og:description\" content=\"\u0130spanya \u00e7al\u0131\u015fma izni vizesi i\u00e7in gerekli g\u00fcncel evrak listesi. \u0130spanya \u00e7al\u0131\u015fma izni vizesi ba\u015fvurusunda dikkat edilmesi gereken \u015fartlar.\" \/>\n<meta property=\"og:url\" content=\"https:\/\/www.myvize.com.tr\/ispanya\/vize-islemleri\/ispanya-calisma-izni\/\" \/>\n<meta property=\"og:site_name\" content=\"\u0130spanya Vizesi\" \/>\n<meta property=\"article:modified_time\" content=\"2022-12-20T18:14:43+00:00\" \/>\n<meta property=\"og:image\" content=\"https:\/\/www.myvize.com.tr\/ispanya\/wp-content\/uploads\/2021\/10\/20.jpg\" \/>\n<meta name=\"twitter:card\" content=\"summary_large_image\" \/>\n<meta name=\"twitter:label1\" content=\"Tahmini okuma s\u00fcresi\" \/>\n\t<meta name=\"twitter:data1\" content=\"6 dakika\" \/>\n<script type=\"application\/ld+json\" class=\"yoast-schema-graph\">{\"@context\":\"https:\/\/schema.org\",\"@graph\":[{\"@type\":\"WebPage\",\"@id\":\"https:\/\/www.myvize.com.tr\/ispanya\/vize-islemleri\/ispanya-calisma-izni\/\",\"url\":\"https:\/\/www.myvize.com.tr\/ispanya\/vize-islemleri\/ispanya-calisma-izni\/\",\"name\":\"\u0130spanya \u00c7al\u0131\u015fma Vizesi - \u0130spanya \u00c7al\u0131\u015fma Vizesi - MyVize\",\"isPartOf\":{\"@id\":\"https:\/\/www.myvize.com.tr\/ispanya\/#website\"},\"primaryImageOfPage\":{\"@id\":\"https:\/\/www.myvize.com.tr\/ispanya\/vize-islemleri\/ispanya-calisma-izni\/#primaryimage\"},\"image\":{\"@id\":\"https:\/\/www.myvize.com.tr\/ispanya\/vize-islemleri\/ispanya-calisma-izni\/#primaryimage\"},\"thumbnailUrl\":\"https:\/\/www.myvize.com.tr\/ispanya\/wp-content\/uploads\/2021\/10\/20.jpg\",\"datePublished\":\"2020-11-30T09:47:27+00:00\",\"dateModified\":\"2022-12-20T18:14:43+00:00\",\"description\":\"\u0130spanya \u00e7al\u0131\u015fma izni vizesi i\u00e7in gerekli g\u00fcncel evrak listesi. \u0130spanya \u00e7al\u0131\u015fma izni vizesi ba\u015fvurusunda dikkat edilmesi gereken \u015fartlar.\",\"breadcrumb\":{\"@id\":\"https:\/\/www.myvize.com.tr\/ispanya\/vize-islemleri\/ispanya-calisma-izni\/#breadcrumb\"},\"inLanguage\":\"tr\",\"potentialAction\":[{\"@type\":\"ReadAction\",\"target\":[\"https:\/\/www.myvize.com.tr\/ispanya\/vize-islemleri\/ispanya-calisma-izni\/\"]}]},{\"@type\":\"ImageObject\",\"inLanguage\":\"tr\",\"@id\":\"https:\/\/www.myvize.com.tr\/ispanya\/vize-islemleri\/ispanya-calisma-izni\/#primaryimage\",\"url\":\"https:\/\/www.myvize.com.tr\/ispanya\/wp-content\/uploads\/2021\/10\/20.jpg\",\"contentUrl\":\"https:\/\/www.myvize.com.tr\/ispanya\/wp-content\/uploads\/2021\/10\/20.jpg\",\"width\":800,\"height\":500,\"caption\":\"\u0130spanya \u00c7al\u0131\u015fma \u0130zni\"},{\"@type\":\"BreadcrumbList\",\"@id\":\"https:\/\/www.myvize.com.tr\/ispanya\/vize-islemleri\/ispanya-calisma-izni\/#breadcrumb\",\"itemListElement\":[{\"@type\":\"ListItem\",\"position\":1,\"name\":\"Anasayfa\",\"item\":\"https:\/\/www.myvize.com.tr\/ispanya\/\"},{\"@type\":\"ListItem\",\"position\":2,\"name\":\"\u0130SPANYA V\u0130ZE \u0130\u015eLEMLER\u0130\",\"item\":\"https:\/\/www.myvize.com.tr\/ispanya\/vize-islemleri\/\"},{\"@type\":\"ListItem\",\"position\":3,\"name\":\"\u0130spanya \u00c7al\u0131\u015fma \u0130zni\"}]},{\"@type\":\"WebSite\",\"@id\":\"https:\/\/www.myvize.com.tr\/ispanya\/#website\",\"url\":\"https:\/\/www.myvize.com.tr\/ispanya\/\",\"name\":\"\u0130spanya Vizesi\",\"description\":\"\",\"potentialAction\":[{\"@type\":\"SearchAction\",\"target\":{\"@type\":\"EntryPoint\",\"urlTemplate\":\"https:\/\/www.myvize.com.tr\/ispanya\/?s={search_term_string}\"},\"query-input\":{\"@type\":\"PropertyValueSpecification\",\"valueRequired\":true,\"valueName\":\"search_term_string\"}}],\"inLanguage\":\"tr\"}]}<\/script>\n<!-- \/ Yoast SEO plugin. -->","yoast_head_json":{"title":"\u0130spanya \u00c7al\u0131\u015fma Vizesi - \u0130spanya \u00c7al\u0131\u015fma Vizesi - MyVize","description":"\u0130spanya \u00e7al\u0131\u015fma izni vizesi i\u00e7in gerekli g\u00fcncel evrak listesi. \u0130spanya \u00e7al\u0131\u015fma izni vizesi ba\u015fvurusunda dikkat edilmesi gereken \u015fartlar.","robots":{"index":"index","follow":"follow","max-snippet":"max-snippet:-1","max-image-preview":"max-image-preview:large","max-video-preview":"max-video-preview:-1"},"canonical":"https:\/\/www.myvize.com.tr\/ispanya\/vize-islemleri\/ispanya-calisma-izni\/","og_locale":"tr_TR","og_type":"article","og_title":"\u0130spanya \u00c7al\u0131\u015fma Vizesi - \u0130spanya \u00c7al\u0131\u015fma Vizesi - MyVize","og_description":"\u0130spanya \u00e7al\u0131\u015fma izni vizesi i\u00e7in gerekli g\u00fcncel evrak listesi. \u0130spanya \u00e7al\u0131\u015fma izni vizesi ba\u015fvurusunda dikkat edilmesi gereken \u015fartlar.","og_url":"https:\/\/www.myvize.com.tr\/ispanya\/vize-islemleri\/ispanya-calisma-izni\/","og_site_name":"\u0130spanya Vizesi","article_modified_time":"2022-12-20T18:14:43+00:00","og_image":[{"url":"https:\/\/www.myvize.com.tr\/ispanya\/wp-content\/uploads\/2021\/10\/20.jpg","type":"","width":"","height":""}],"twitter_card":"summary_large_image","twitter_misc":{"Tahmini okuma s\u00fcresi":"6 dakika"},"schema":{"@context":"https:\/\/schema.org","@graph":[{"@type":"WebPage","@id":"https:\/\/www.myvize.com.tr\/ispanya\/vize-islemleri\/ispanya-calisma-izni\/","url":"https:\/\/www.myvize.com.tr\/ispanya\/vize-islemleri\/ispanya-calisma-izni\/","name":"\u0130spanya \u00c7al\u0131\u015fma Vizesi - \u0130spanya \u00c7al\u0131\u015fma Vizesi - MyVize","isPartOf":{"@id":"https:\/\/www.myvize.com.tr\/ispanya\/#website"},"primaryImageOfPage":{"@id":"https:\/\/www.myvize.com.tr\/ispanya\/vize-islemleri\/ispanya-calisma-izni\/#primaryimage"},"image":{"@id":"https:\/\/www.myvize.com.tr\/ispanya\/vize-islemleri\/ispanya-calisma-izni\/#primaryimage"},"thumbnailUrl":"https:\/\/www.myvize.com.tr\/ispanya\/wp-content\/uploads\/2021\/10\/20.jpg","datePublished":"2020-11-30T09:47:27+00:00","dateModified":"2022-12-20T18:14:43+00:00","description":"\u0130spanya \u00e7al\u0131\u015fma izni vizesi i\u00e7in gerekli g\u00fcncel evrak listesi. \u0130spanya \u00e7al\u0131\u015fma izni vizesi ba\u015fvurusunda dikkat edilmesi gereken \u015fartlar.","breadcrumb":{"@id":"https:\/\/www.myvize.com.tr\/ispanya\/vize-islemleri\/ispanya-calisma-izni\/#breadcrumb"},"inLanguage":"tr","potentialAction":[{"@type":"ReadAction","target":["https:\/\/www.myvize.com.tr\/ispanya\/vize-islemleri\/ispanya-calisma-izni\/"]}]},{"@type":"ImageObject","inLanguage":"tr","@id":"https:\/\/www.myvize.com.tr\/ispanya\/vize-islemleri\/ispanya-calisma-izni\/#primaryimage","url":"https:\/\/www.myvize.com.tr\/ispanya\/wp-content\/uploads\/2021\/10\/20.jpg","contentUrl":"https:\/\/www.myvize.com.tr\/ispanya\/wp-content\/uploads\/2021\/10\/20.jpg","width":800,"height":500,"caption":"\u0130spanya \u00c7al\u0131\u015fma \u0130zni"},{"@type":"BreadcrumbList","@id":"https:\/\/www.myvize.com.tr\/ispanya\/vize-islemleri\/ispanya-calisma-izni\/#breadcrumb","itemListElement":[{"@type":"ListItem","position":1,"name":"Anasayfa","item":"https:\/\/www.myvize.com.tr\/ispanya\/"},{"@type":"ListItem","position":2,"name":"\u0130SPANYA V\u0130ZE \u0130\u015eLEMLER\u0130","item":"https:\/\/www.myvize.com.tr\/ispanya\/vize-islemleri\/"},{"@type":"ListItem","position":3,"name":"\u0130spanya \u00c7al\u0131\u015fma \u0130zni"}]},{"@type":"WebSite","@id":"https:\/\/www.myvize.com.tr\/ispanya\/#website","url":"https:\/\/www.myvize.com.tr\/ispanya\/","name":"\u0130spanya Vizesi","description":"","potentialAction":[{"@type":"SearchAction","target":{"@type":"EntryPoint","urlTemplate":"https:\/\/www.myvize.com.tr\/ispanya\/?s={search_term_string}"},"query-input":{"@type":"PropertyValueSpecification","valueRequired":true,"valueName":"search_term_string"}}],"inLanguage":"tr"}]}},"_links":{"self":[{"href":"https:\/\/www.myvize.com.tr\/ispanya\/wp-json\/wp\/v2\/pages\/43","targetHints":{"allow":["GET"]}}],"collection":[{"href":"https:\/\/www.myvize.com.tr\/ispanya\/wp-json\/wp\/v2\/pages"}],"about":[{"href":"https:\/\/www.myvize.com.tr\/ispanya\/wp-json\/wp\/v2\/types\/page"}],"author":[{"embeddable":true,"href":"https:\/\/www.myvize.com.tr\/ispanya\/wp-json\/wp\/v2\/users\/1"}],"replies":[{"embeddable":true,"href":"https:\/\/www.myvize.com.tr\/ispanya\/wp-json\/wp\/v2\/comments?post=43"}],"version-history":[{"count":8,"href":"https:\/\/www.myvize.com.tr\/ispanya\/wp-json\/wp\/v2\/pages\/43\/revisions"}],"predecessor-version":[{"id":1043,"href":"https:\/\/www.myvize.com.tr\/ispanya\/wp-json\/wp\/v2\/pages\/43\/revisions\/1043"}],"up":[{"embeddable":true,"href":"https:\/\/www.myvize.com.tr\/ispanya\/wp-json\/wp\/v2\/pages\/18"}],"wp:attachment":[{"href":"https:\/\/www.myvize.com.tr\/ispanya\/wp-json\/wp\/v2\/media?parent=43"}],"curies":[{"name":"wp","href":"https:\/\/api.w.org\/{rel}","templated":true}]}}