{"id":78,"date":"2020-11-30T13:03:47","date_gmt":"2020-11-30T10:03:47","guid":{"rendered":"https:\/\/www.myvize.com.tr\/ispanya\/?page_id=78"},"modified":"2022-07-19T14:59:52","modified_gmt":"2022-07-19T11:59:52","slug":"izmir-konsoloslugu","status":"publish","type":"page","link":"https:\/\/www.myvize.com.tr\/ispanya\/konsolosluklar\/izmir-konsoloslugu\/","title":{"rendered":"\u0130spanya \u0130zmir Konsoloslu\u011fu"},"content":{"rendered":"<p><span style=\"font-family: Roboto;\"><\/span><\/p>\r\n<p><span style=\"font-family: Roboto; font-size: 14px;\"><strong>\u0130spanya \u0130zmir konsoloslu\u011fu<\/strong>\u00a0vize i\u015flemlerinde, \u00e7al\u0131\u015fma izini ba\u015fvurular\u0131nda, aile birle\u015fim vizesi alacak olan ki\u015filerin i\u015flemlerinde en yetkili kurumlardan biridir. \u00d6zellikle \u00e7al\u0131\u015fma izni alacak olan ki\u015filer mutlaka\u00a0<strong>\u0130spanya \u0130zmir konsoloslu\u011fu<\/strong>\u00a0birimlerine ba\u015fvuru yaparak detayl\u0131 bilgi edinebilmektedirler.<\/span><\/p>\r\n<p><span style=\"font-family: Roboto; font-size: 14px;\">\r\n\r\n<\/span><\/p>\r\n<p><span style=\"font-family: Roboto; font-size: 14px;\">\u0130spanya ya\u015fam ve \u00e7al\u0131\u015fma \u015fartlar\u0131 bak\u0131m\u0131ndan d\u00fcnyan\u0131n en \u00f6nde gelen \u00fclkeleri aras\u0131nda yer almaktad\u0131r. Avrupa \u00fclkeleri i\u00e7erisinde olduk\u00e7a y\u00fcksek ya\u015fam standartlar\u0131 sayesinde bir\u00e7ok yabanc\u0131 vatanda\u015f\u0131n da ilgisini \u00e7ekmektedir.<strong> \u0130spanya e\u011fitim<\/strong> ya da \u00e7al\u0131\u015fma izni alarak ki\u015filer bu \u00fclkede ya\u015fama \u015fans\u0131na sahip olabilmektedir. <span style=\"color: #2acec2;\"><strong><a style=\"color: #2acec2;\" href=\"https:\/\/www.myvize.com.tr\/ispanya\/vize-islemleri\/\" target=\"_blank\" rel=\"noopener\">Vize i\u015flemleri <\/a><\/strong><\/span>s\u0131ras\u0131nda mutlaka sizlerden istenilen belgeleri tam olarak haz\u0131rlaman\u0131z gerekiyor. Bu s\u00fcre\u00e7te evraklar\u0131n g\u00fcncel ve eksiksiz olmas\u0131 son derece \u00f6nemlidir. evraklar i\u00e7erisinde yer alan en \u00f6nemli belgenin ba\u015fvuru formu ve dilek\u00e7e oldu\u011fu da unutulmamal\u0131d\u0131r.<\/span><\/p>\r\n<p><span style=\"font-family: Roboto; font-size: 14px;\">\r\n\r\n<\/span><\/p>\r\n<h2><span style=\"font-family: Roboto; font-size: 27px;\"><strong>\u0130spanya \u0130zmir Konsoloslu\u011fu Vize Randevusu<\/strong><\/span><\/h2>\r\n<p><span style=\"font-family: Roboto; font-size: 14px;\">\r\n\r\n<\/span><\/p>\r\n<p><span style=\"font-family: Roboto; font-size: 14px;\"><strong>\u0130spanya \u0130zmir konsoloslu\u011fu<\/strong>\u00a0T\u00fcrk vatanda\u015flar\u0131na vize i\u015flemleri konusunda hizmet vermektedir. Bir\u00e7ok farkl\u0131 vize alan\u0131nda hizmet veren konsolosluk belirli saatlerde vize ba\u015fvurusu almaktad\u0131r. \u0130\u015flemlerinizin sorunsuz bir \u015fekilde yap\u0131labilmesi i\u00e7in 0850 346 4674 nolu hat \u00fczerinden vize i\u015flemleri konusunda hizmet alabilirsiniz. \u00a0<\/span><\/p>\r\n<p><img decoding=\"async\" src=\"https:\/\/www.myvize.com.tr\/ispanya\/wp-content\/uploads\/2021\/10\/50.jpg\" \/><\/p>\r\n<h2><span style=\"font-family: Roboto; font-size: 27px;\">\u0130zmir \u0130spanya Fahri Konsoloslu\u011fu<\/span><\/h2>\r\n<p><span style=\"font-family: Roboto; font-size: 14px;\">\u0130spanya\u2019n\u0131n \u0130zmir\u2019de bulunan<strong> \u0130spanya \u0130zmir Ba\u015fkonsoloslu\u011fu<\/strong>, \u0130spanya\u2019n\u0131n T\u00fcrkiye\u2019deki diplomatik temsilciliklerindendir. \u0130spanya\u2019n\u0131n \u0130zmir Ba\u015fkonsoloslu\u011fu\u2019nun g\u00f6revleri a\u015fa\u011f\u0131da verilmi\u015ftir.<\/span><\/p>\r\n<ul>\r\n<li><span style=\"font-family: Roboto; font-size: 14px;\"><strong>\u0130spanya \u0130zmir Ba\u015fkonsoloslu\u011fu<\/strong>, \u0130spanya Ankara B\u00fcy\u00fckel\u00e7ili\u011fi\u2019nin verdi\u011fi g\u00f6revleri yerine getirmektedir. \u0130spanya Ankara B\u00fcy\u00fckel\u00e7ili\u011fi\u2019ne ba\u011fl\u0131 olarak faaliyet g\u00f6stermektedir.<\/span><\/li>\r\n<li><span style=\"font-family: Roboto; font-size: 14px;\">\u0130spanya \u0130zmir Ba\u015fkonsoloslu\u011fu, \u0130spanya\u2019n\u0131n ve \u0130spanya vatanda\u015flar\u0131n\u0131n haklar\u0131n\u0131 uluslararas\u0131 hukuka ve T\u00fcrk hukukuna ba\u011fl\u0131 olarak korumaktad\u0131r.<\/span><\/li>\r\n<li><span style=\"font-family: Roboto; font-size: 14px;\">\u0130spanya vatanda\u015flar\u0131n\u0131n<span style=\"color: #2acec2;\"><strong><a style=\"color: #2acec2;\" href=\"https:\/\/www.myvize.com.tr\/ispanya\/subelerimiz\/izmir\/\" target=\"_blank\" rel=\"noopener\"> \u0130zmir<\/a><\/strong><\/span> ve \u00e7evresinde bulunan ticari i\u015flerinde destek olmakta, \u0130zmir ve \u00e7evresinde i\u015f kuran \u0130spanya vatanda\u015flar\u0131na destek olmaktad\u0131r.<\/span><\/li>\r\n<li><span style=\"font-family: Roboto; font-size: 14px;\">\u0130zmir\u2019de bulunan <strong>\u0130spanya \u0130zmir Ba\u015fkonsoloslu\u011fu<\/strong>, T\u00fcrkiye ile \u0130spanya aras\u0131ndaki ikili ili\u015fkileri ve m\u00fczakereleri y\u00fcr\u00fctmektedir.<\/span><\/li>\r\n<li><span style=\"font-family: Roboto; font-size: 14px;\">\u0130zmir\u2019de bulunan \u0130spanya Ba\u015fkonsoloslu\u011fu, T\u00fcrkiye ile \u0130spanya ba\u011flar\u0131n\u0131n geli\u015fmesine destek olmaktad\u0131r.<\/span><\/li>\r\n<li><span style=\"font-family: Roboto; font-size: 14px;\">\u0130spanya \u0130zmir Ba\u015fkonsoloslu\u011fu, T\u00fcrkiye\u2019deki ve g\u00f6rev b\u00f6lgesi i\u00e7erisindeki geli\u015fmeleri yak\u0131ndan takip ederek, \u0130spanya kamuoyunu bilgilendirmektedir.<\/span><\/li>\r\n<li><span style=\"font-family: Roboto; font-size: 14px;\">T\u00fcrkiye\u2019deki \u0130spanya<strong> \u0130zmir Ba\u015fkonsoloslu\u011fu<\/strong>, \u0130spanya vatanda\u015flar\u0131na konsolosluk hizmeti vermektedir.<\/span><\/li>\r\n<li><span style=\"font-family: Roboto; font-size: 14px;\">\u0130spanya \u0130zmir Ba\u015fkonsoloslu\u011fu, T\u00fcrkiye Cumhuriyeti vatanda\u015flar\u0131na \u0130spanya seyahatleri i\u00e7in vize hizmeti vermektedir.<\/span><\/li>\r\n<\/ul>\r\n<h2><span style=\"font-family: Roboto; font-size: 27px;\"><strong>\u0130spanya \u0130zmir Konsoloslu\u011fu Adresi ve \u00c7al\u0131\u015fma Saatleri<\/strong><\/span><\/h2>\r\n<p><span style=\"font-family: Roboto; font-size: 14px;\">Adres: Bayrakl\u0131 Mahallesi, \u0130slam Kerimov Caddesi, Sunucu \u0130\u015f Merkezi, B Blok, No:16, D:801, PK: 35530 Bayrakl\u0131\/\u0130zmir<\/span><\/p>\r\n<p><span style=\"font-family: Roboto; font-size: 14px;\">\u00c7al\u0131\u015fma Saati: <strong>\u0130spanya \u0130zmir Ba\u015fkonsoloslu\u011fu<\/strong> 09.30 ile 16.00 aras\u0131nda hizmet vermektedir.<\/span><\/p>\r\n<p><img decoding=\"async\" src=\"https:\/\/www.myvize.com.tr\/ispanya\/wp-content\/uploads\/2021\/10\/51.jpg\" \/><\/p>\r\n<h3><span style=\"font-family: Roboto; font-size: 24px;\"><strong>\u0130zmir \u0130spanya Konsoloslu\u011fu Ula\u015f\u0131m<\/strong><\/span><\/h3>\r\n<p><span style=\"font-family: Roboto; font-size: 14px;\">\u0130zmir ve \u00e7evresinde bulunan T\u00fcrk vatanda\u015flar\u0131;<strong> \u0130spanya konsolosluk<\/strong> i\u015flemlerini \u0130spanya \u0130zmir Ba\u015fkonsoloslu\u011fu\u2019na yapmal\u0131d\u0131r. <strong>\u0130spanya \u0130zmir Ba\u015fkonsoloslu\u011fu<\/strong>\u2019nun g\u00f6rev b\u00f6lgesi i\u00e7erisinde; \u0130zmir ba\u015fta olmak \u00fczere \u0130zmir, Mu\u011fla, Ayd\u0131n, Denizli ve U\u015fak illeri bulunmaktad\u0131r.<\/span><\/p>\r\n<p><span style=\"font-family: Roboto; font-size: 14px;\">Adres:<strong>\u00a0<\/strong>Akdeniz Mahallesi, Gazi Bulvar\u0131, No:74, Daire: 14, Konak\/\u0130zmir<\/span><\/p>\r\n<p><span style=\"font-family: Roboto; font-size: 14px;\">\u0130zmir B\u00fcy\u00fck\u015fehir Belediyesi\u2019ne ba\u011fl\u0131 olan toplu ta\u015f\u0131ma ara\u00e7lar\u0131 Akdeniz Mahallesi ve Gazi Bulvar\u0131 yak\u0131nlar\u0131ndan ge\u00e7mektedir.<\/span><\/p>\r\n<p><span style=\"font-family: Roboto; font-size: 14px;\">\u0130zmir i\u00e7erisinde bulunan Akdeniz Mahallesi ve Gazi Bulvar\u0131 yak\u0131nlar\u0131ndan ge\u00e7en otob\u00fcs hatlar\u0131 \u015fu \u015fekildedir;<\/span><\/p>\r\n<table cellspacing=\"0\">\r\n<tbody>\r\n<tr>\r\n<td>\r\n<p><span style=\"font-family: Roboto; font-size: 14px;\"><strong>Hat Ad\u0131<\/strong><\/span><\/p>\r\n<\/td>\r\n<td>\r\n<p><span style=\"font-family: Roboto; font-size: 14px;\"><strong>Y\u00f6n\u00fc<\/strong><\/span><\/p>\r\n<\/td>\r\n<\/tr>\r\n<tr>\r\n<td>\r\n<p><span style=\"font-family: Roboto; font-size: 14px;\">2020<\/span><\/p>\r\n<\/td>\r\n<td>\r\n<p><span style=\"font-family: Roboto; font-size: 14px;\">Havaliman\u0131<\/span><\/p>\r\n<\/td>\r\n<\/tr>\r\n<tr>\r\n<td>\r\n<p><span style=\"font-family: Roboto; font-size: 14px;\">253<\/span><\/p>\r\n<\/td>\r\n<td>\r\n<p><span style=\"font-family: Roboto; font-size: 14px;\">Halkp\u0131nar Metro<\/span><\/p>\r\n<\/td>\r\n<\/tr>\r\n<tr>\r\n<td>\r\n<p><span style=\"font-family: Roboto; font-size: 14px;\">920<\/span><\/p>\r\n<\/td>\r\n<td>\r\n<p><span style=\"font-family: Roboto; font-size: 14px;\">\u00c7i\u011fli Merkez<\/span><\/p>\r\n<\/td>\r\n<\/tr>\r\n<tr>\r\n<td>\r\n<p><span style=\"font-family: Roboto; font-size: 14px;\">39<\/span><\/p>\r\n<\/td>\r\n<td>\r\n<p><span style=\"font-family: Roboto; font-size: 14px;\">G\u00fcmr\u00fck<\/span><\/p>\r\n<\/td>\r\n<\/tr>\r\n<tr>\r\n<td>\r\n<p><span style=\"font-family: Roboto; font-size: 14px;\">338<\/span><\/p>\r\n<\/td>\r\n<td>\r\n<p><span style=\"font-family: Roboto; font-size: 14px;\">\u015eirinyer Aktarma<\/span><\/p>\r\n<\/td>\r\n<\/tr>\r\n<tr>\r\n<td>\r\n<p><span style=\"font-family: Roboto; font-size: 14px;\">36<\/span><\/p>\r\n<\/td>\r\n<td>\r\n<p><span style=\"font-family: Roboto; font-size: 14px;\">\u015eirinye Aktarma- G\u00fcmr\u00fck<\/span><\/p>\r\n<\/td>\r\n<\/tr>\r\n<tr>\r\n<td>\r\n<p><span style=\"font-family: Roboto; font-size: 14px;\">34<\/span><\/p>\r\n<\/td>\r\n<td>\r\n<p><span style=\"font-family: Roboto; font-size: 14px;\">G\u00fcmr\u00fck<\/span><\/p>\r\n<\/td>\r\n<\/tr>\r\n<tr>\r\n<td>\r\n<p><span style=\"font-family: Roboto; font-size: 14px;\">35<\/span><\/p>\r\n<\/td>\r\n<td>\r\n<p><span style=\"font-family: Roboto; font-size: 14px;\">Ball\u0131kuyu- Konak<\/span><\/p>\r\n<\/td>\r\n<\/tr>\r\n<tr>\r\n<td>\r\n<p><span style=\"font-family: Roboto; font-size: 14px;\">302<\/span><\/p>\r\n<\/td>\r\n<td>\r\n<p><span style=\"font-family: Roboto; font-size: 14px;\">Otogar- Konak<\/span><\/p>\r\n<\/td>\r\n<\/tr>\r\n<tr>\r\n<td>\r\n<p><span style=\"font-family: Roboto; font-size: 14px;\">466<\/span><\/p>\r\n<\/td>\r\n<td>\r\n<p><span style=\"font-family: Roboto; font-size: 14px;\">\u015eirinyer Aktarma- Konak<\/span><\/p>\r\n<\/td>\r\n<\/tr>\r\n<tr>\r\n<td>\r\n<p><span style=\"font-family: Roboto; font-size: 14px;\">930<\/span><\/p>\r\n<\/td>\r\n<td>\r\n<p><span style=\"font-family: Roboto; font-size: 14px;\">Bornova- Konak<\/span><\/p>\r\n<\/td>\r\n<\/tr>\r\n<tr>\r\n<td>\r\n<p><span style=\"font-family: Roboto; font-size: 14px;\">951<\/span><\/p>\r\n<\/td>\r\n<td>\r\n<p><span style=\"font-family: Roboto; font-size: 14px;\">Lozan Meydan\u0131- Konak<\/span><\/p>\r\n<\/td>\r\n<\/tr>\r\n<tr>\r\n<td>\r\n<p><span style=\"font-family: Roboto; font-size: 14px;\">44<\/span><\/p>\r\n<\/td>\r\n<td>\r\n<p><span style=\"font-family: Roboto; font-size: 14px;\">Mersinp\u0131nar<\/span><\/p>\r\n<\/td>\r\n<\/tr>\r\n<tr>\r\n<td>\r\n<p><span style=\"font-family: Roboto; font-size: 14px;\">45<\/span><\/p>\r\n<\/td>\r\n<td>\r\n<p><span style=\"font-family: Roboto; font-size: 14px;\">G\u00fcltepe<\/span><\/p>\r\n<\/td>\r\n<\/tr>\r\n<tr>\r\n<td>\r\n<p><span style=\"font-family: Roboto; font-size: 14px;\">HAVA\u015e<\/span><\/p>\r\n<\/td>\r\n<td>\r\n<p><span style=\"font-family: Roboto; font-size: 14px;\">Kar\u015f\u0131yaka- Mavi\u015fehir<\/span><\/p>\r\n<\/td>\r\n<\/tr>\r\n<tr>\r\n<td>\r\n<p><span style=\"font-family: Roboto; font-size: 14px;\">41<\/span><\/p>\r\n<\/td>\r\n<td>\r\n<p><span style=\"font-family: Roboto; font-size: 14px;\">Levent<\/span><\/p>\r\n<\/td>\r\n<\/tr>\r\n<tr>\r\n<td>\r\n<p><span style=\"font-family: Roboto; font-size: 14px;\">42<\/span><\/p>\r\n<\/td>\r\n<td>\r\n<p><span style=\"font-family: Roboto; font-size: 14px;\">G\u00fcmr\u00fcl<\/span><\/p>\r\n<\/td>\r\n<\/tr>\r\n<tr>\r\n<td>\r\n<p><span style=\"font-family: Roboto; font-size: 14px;\">46<\/span><\/p>\r\n<\/td>\r\n<td>\r\n<p><span style=\"font-family: Roboto; font-size: 14px;\">\u00c7oban\u00e7e\u015fme<\/span><\/p>\r\n<\/td>\r\n<\/tr>\r\n<tr>\r\n<td>\r\n<p><span style=\"font-family: Roboto; font-size: 14px;\">23<\/span><\/p>\r\n<\/td>\r\n<td>\r\n<p><span style=\"font-family: Roboto; font-size: 14px;\">Konak<\/span><\/p>\r\n<\/td>\r\n<\/tr>\r\n<tr>\r\n<td>\r\n<p>&nbsp;<\/p>\r\n<\/td>\r\n<td>\r\n<p>&nbsp;<\/p>\r\n<\/td>\r\n<\/tr>\r\n<\/tbody>\r\n<\/table>\r\n<ul>\r\n<li><span style=\"font-family: Roboto; font-size: 14px;\">Alia\u011fa- Cumaovas\u0131, Tepek\u00f6y- Menemen tren hatt\u0131 Akdeniz Mahallesi yak\u0131n\u0131ndan ge\u00e7mektedir.<\/span><\/li>\r\n<li><span style=\"font-family: Roboto; font-size: 14px;\">Bostanl\u0131-Pasaport, Kar\u015f\u0131yaka- Pasaport vapur hatlar\u0131 Akdeniz Mahallesi yak\u0131nlar\u0131ndan ge\u00e7mektedir.<\/span><\/li>\r\n<li><span style=\"font-family: Roboto; font-size: 14px;\">Akdeniz Mahallesi yak\u0131nlar\u0131ndan Metro ge\u00e7mektedir.<\/span><\/li>\r\n<li><span style=\"font-family: Roboto; font-size: 14px;\">Otob\u00fcs ve Metrodan indikten sonra \u0130spanya \u0130zmir Ba\u015fkonsoloslu\u011fu 5-10 dakika y\u00fcr\u00fcme mesafesindedir.<\/span><\/li>\r\n<\/ul>\r\n<p><span style=\"font-family: Roboto;\"><\/span><\/p>","protected":false},"excerpt":{"rendered":"<p>\u0130spanya \u0130zmir konsoloslu\u011fu\u00a0vize i\u015flemlerinde, \u00e7al\u0131\u015fma izini ba\u015fvurular\u0131nda, aile birle\u015fim vizesi alacak olan ki\u015filerin i\u015flemlerinde en yetkili kurumlardan biridir. \u00d6zellikle \u00e7al\u0131\u015fma izni alacak olan ki\u015filer mutlaka\u00a0\u0130spanya \u0130zmir konsoloslu\u011fu\u00a0birimlerine ba\u015fvuru yaparak detayl\u0131 bilgi edinebilmektedirler. \u0130spanya ya\u015fam ve \u00e7al\u0131\u015fma \u015fartlar\u0131 bak\u0131m\u0131ndan d\u00fcnyan\u0131n en \u00f6nde gelen \u00fclkeleri aras\u0131nda yer almaktad\u0131r. Avrupa \u00fclkeleri i\u00e7erisinde olduk\u00e7a y\u00fcksek ya\u015fam standartlar\u0131 sayesinde bir\u00e7ok<\/p>\n","protected":false},"author":1,"featured_media":0,"parent":69,"menu_order":0,"comment_status":"open","ping_status":"closed","template":"","meta":{"footnotes":""},"class_list":["post-78","page","type-page","status-publish","hentry"],"yoast_head":"<!-- This site is optimized with the Yoast SEO plugin v24.0 - https:\/\/yoast.com\/wordpress\/plugins\/seo\/ -->\n<title>\u0130spanya \u0130zmir Ba\u015fkonsoloslu\u011fu Vize \u0130\u015flemleri - MyVize<\/title>\n<meta name=\"description\" content=\"\u0130spanya \u0130zmir Ba\u015fkonsoloslu\u011fu \u00e7al\u0131\u015fma saatleri. \u0130spanya \u0130zmir Ba\u015fkonsoloslu\u011fu ula\u015f\u0131m, ileti\u015fim bilgileri ve faaliyet alan\u0131.\" \/>\n<meta name=\"robots\" content=\"index, follow, max-snippet:-1, max-image-preview:large, max-video-preview:-1\" \/>\n<link rel=\"canonical\" href=\"https:\/\/www.myvize.com.tr\/ispanya\/konsolosluklar\/izmir-konsoloslugu\/\" \/>\n<meta property=\"og:locale\" content=\"tr_TR\" \/>\n<meta property=\"og:type\" content=\"article\" \/>\n<meta property=\"og:title\" content=\"\u0130spanya \u0130zmir Ba\u015fkonsoloslu\u011fu Vize \u0130\u015flemleri - MyVize\" \/>\n<meta property=\"og:description\" content=\"\u0130spanya \u0130zmir Ba\u015fkonsoloslu\u011fu \u00e7al\u0131\u015fma saatleri. \u0130spanya \u0130zmir Ba\u015fkonsoloslu\u011fu ula\u015f\u0131m, ileti\u015fim bilgileri ve faaliyet alan\u0131.\" \/>\n<meta property=\"og:url\" content=\"https:\/\/www.myvize.com.tr\/ispanya\/konsolosluklar\/izmir-konsoloslugu\/\" \/>\n<meta property=\"og:site_name\" content=\"\u0130spanya Vizesi\" \/>\n<meta property=\"article:modified_time\" content=\"2022-07-19T11:59:52+00:00\" \/>\n<meta property=\"og:image\" content=\"https:\/\/www.myvize.com.tr\/ispanya\/wp-content\/uploads\/2021\/10\/50.jpg\" \/>\n<meta name=\"twitter:card\" content=\"summary_large_image\" \/>\n<meta name=\"twitter:label1\" content=\"Tahmini okuma s\u00fcresi\" \/>\n\t<meta name=\"twitter:data1\" content=\"3 dakika\" \/>\n<script type=\"application\/ld+json\" class=\"yoast-schema-graph\">{\"@context\":\"https:\/\/schema.org\",\"@graph\":[{\"@type\":\"WebPage\",\"@id\":\"https:\/\/www.myvize.com.tr\/ispanya\/konsolosluklar\/izmir-konsoloslugu\/\",\"url\":\"https:\/\/www.myvize.com.tr\/ispanya\/konsolosluklar\/izmir-konsoloslugu\/\",\"name\":\"\u0130spanya \u0130zmir Ba\u015fkonsoloslu\u011fu Vize \u0130\u015flemleri - MyVize\",\"isPartOf\":{\"@id\":\"https:\/\/www.myvize.com.tr\/ispanya\/#website\"},\"primaryImageOfPage\":{\"@id\":\"https:\/\/www.myvize.com.tr\/ispanya\/konsolosluklar\/izmir-konsoloslugu\/#primaryimage\"},\"image\":{\"@id\":\"https:\/\/www.myvize.com.tr\/ispanya\/konsolosluklar\/izmir-konsoloslugu\/#primaryimage\"},\"thumbnailUrl\":\"https:\/\/www.myvize.com.tr\/ispanya\/wp-content\/uploads\/2021\/10\/50.jpg\",\"datePublished\":\"2020-11-30T10:03:47+00:00\",\"dateModified\":\"2022-07-19T11:59:52+00:00\",\"description\":\"\u0130spanya \u0130zmir Ba\u015fkonsoloslu\u011fu \u00e7al\u0131\u015fma saatleri. \u0130spanya \u0130zmir Ba\u015fkonsoloslu\u011fu ula\u015f\u0131m, ileti\u015fim bilgileri ve faaliyet alan\u0131.\",\"breadcrumb\":{\"@id\":\"https:\/\/www.myvize.com.tr\/ispanya\/konsolosluklar\/izmir-konsoloslugu\/#breadcrumb\"},\"inLanguage\":\"tr\",\"potentialAction\":[{\"@type\":\"ReadAction\",\"target\":[\"https:\/\/www.myvize.com.tr\/ispanya\/konsolosluklar\/izmir-konsoloslugu\/\"]}]},{\"@type\":\"ImageObject\",\"inLanguage\":\"tr\",\"@id\":\"https:\/\/www.myvize.com.tr\/ispanya\/konsolosluklar\/izmir-konsoloslugu\/#primaryimage\",\"url\":\"https:\/\/www.myvize.com.tr\/ispanya\/wp-content\/uploads\/2021\/10\/50.jpg\",\"contentUrl\":\"https:\/\/www.myvize.com.tr\/ispanya\/wp-content\/uploads\/2021\/10\/50.jpg\",\"width\":800,\"height\":500,\"caption\":\"\u0130spanya \u0130zmir Ba\u015fkonsoloslu\u011fu\"},{\"@type\":\"BreadcrumbList\",\"@id\":\"https:\/\/www.myvize.com.tr\/ispanya\/konsolosluklar\/izmir-konsoloslugu\/#breadcrumb\",\"itemListElement\":[{\"@type\":\"ListItem\",\"position\":1,\"name\":\"Anasayfa\",\"item\":\"https:\/\/www.myvize.com.tr\/ispanya\/\"},{\"@type\":\"ListItem\",\"position\":2,\"name\":\"KONSOLOSLUKLAR\",\"item\":\"https:\/\/www.myvize.com.tr\/ispanya\/konsolosluklar\/\"},{\"@type\":\"ListItem\",\"position\":3,\"name\":\"\u0130spanya \u0130zmir Konsoloslu\u011fu\"}]},{\"@type\":\"WebSite\",\"@id\":\"https:\/\/www.myvize.com.tr\/ispanya\/#website\",\"url\":\"https:\/\/www.myvize.com.tr\/ispanya\/\",\"name\":\"\u0130spanya Vizesi\",\"description\":\"\",\"potentialAction\":[{\"@type\":\"SearchAction\",\"target\":{\"@type\":\"EntryPoint\",\"urlTemplate\":\"https:\/\/www.myvize.com.tr\/ispanya\/?s={search_term_string}\"},\"query-input\":{\"@type\":\"PropertyValueSpecification\",\"valueRequired\":true,\"valueName\":\"search_term_string\"}}],\"inLanguage\":\"tr\"}]}<\/script>\n<!-- \/ Yoast SEO plugin. -->","yoast_head_json":{"title":"\u0130spanya \u0130zmir Ba\u015fkonsoloslu\u011fu Vize \u0130\u015flemleri - MyVize","description":"\u0130spanya \u0130zmir Ba\u015fkonsoloslu\u011fu \u00e7al\u0131\u015fma saatleri. \u0130spanya \u0130zmir Ba\u015fkonsoloslu\u011fu ula\u015f\u0131m, ileti\u015fim bilgileri ve faaliyet alan\u0131.","robots":{"index":"index","follow":"follow","max-snippet":"max-snippet:-1","max-image-preview":"max-image-preview:large","max-video-preview":"max-video-preview:-1"},"canonical":"https:\/\/www.myvize.com.tr\/ispanya\/konsolosluklar\/izmir-konsoloslugu\/","og_locale":"tr_TR","og_type":"article","og_title":"\u0130spanya \u0130zmir Ba\u015fkonsoloslu\u011fu Vize \u0130\u015flemleri - MyVize","og_description":"\u0130spanya \u0130zmir Ba\u015fkonsoloslu\u011fu \u00e7al\u0131\u015fma saatleri. \u0130spanya \u0130zmir Ba\u015fkonsoloslu\u011fu ula\u015f\u0131m, ileti\u015fim bilgileri ve faaliyet alan\u0131.","og_url":"https:\/\/www.myvize.com.tr\/ispanya\/konsolosluklar\/izmir-konsoloslugu\/","og_site_name":"\u0130spanya Vizesi","article_modified_time":"2022-07-19T11:59:52+00:00","og_image":[{"url":"https:\/\/www.myvize.com.tr\/ispanya\/wp-content\/uploads\/2021\/10\/50.jpg","type":"","width":"","height":""}],"twitter_card":"summary_large_image","twitter_misc":{"Tahmini okuma s\u00fcresi":"3 dakika"},"schema":{"@context":"https:\/\/schema.org","@graph":[{"@type":"WebPage","@id":"https:\/\/www.myvize.com.tr\/ispanya\/konsolosluklar\/izmir-konsoloslugu\/","url":"https:\/\/www.myvize.com.tr\/ispanya\/konsolosluklar\/izmir-konsoloslugu\/","name":"\u0130spanya \u0130zmir Ba\u015fkonsoloslu\u011fu Vize \u0130\u015flemleri - MyVize","isPartOf":{"@id":"https:\/\/www.myvize.com.tr\/ispanya\/#website"},"primaryImageOfPage":{"@id":"https:\/\/www.myvize.com.tr\/ispanya\/konsolosluklar\/izmir-konsoloslugu\/#primaryimage"},"image":{"@id":"https:\/\/www.myvize.com.tr\/ispanya\/konsolosluklar\/izmir-konsoloslugu\/#primaryimage"},"thumbnailUrl":"https:\/\/www.myvize.com.tr\/ispanya\/wp-content\/uploads\/2021\/10\/50.jpg","datePublished":"2020-11-30T10:03:47+00:00","dateModified":"2022-07-19T11:59:52+00:00","description":"\u0130spanya \u0130zmir Ba\u015fkonsoloslu\u011fu \u00e7al\u0131\u015fma saatleri. \u0130spanya \u0130zmir Ba\u015fkonsoloslu\u011fu ula\u015f\u0131m, ileti\u015fim bilgileri ve faaliyet alan\u0131.","breadcrumb":{"@id":"https:\/\/www.myvize.com.tr\/ispanya\/konsolosluklar\/izmir-konsoloslugu\/#breadcrumb"},"inLanguage":"tr","potentialAction":[{"@type":"ReadAction","target":["https:\/\/www.myvize.com.tr\/ispanya\/konsolosluklar\/izmir-konsoloslugu\/"]}]},{"@type":"ImageObject","inLanguage":"tr","@id":"https:\/\/www.myvize.com.tr\/ispanya\/konsolosluklar\/izmir-konsoloslugu\/#primaryimage","url":"https:\/\/www.myvize.com.tr\/ispanya\/wp-content\/uploads\/2021\/10\/50.jpg","contentUrl":"https:\/\/www.myvize.com.tr\/ispanya\/wp-content\/uploads\/2021\/10\/50.jpg","width":800,"height":500,"caption":"\u0130spanya \u0130zmir Ba\u015fkonsoloslu\u011fu"},{"@type":"BreadcrumbList","@id":"https:\/\/www.myvize.com.tr\/ispanya\/konsolosluklar\/izmir-konsoloslugu\/#breadcrumb","itemListElement":[{"@type":"ListItem","position":1,"name":"Anasayfa","item":"https:\/\/www.myvize.com.tr\/ispanya\/"},{"@type":"ListItem","position":2,"name":"KONSOLOSLUKLAR","item":"https:\/\/www.myvize.com.tr\/ispanya\/konsolosluklar\/"},{"@type":"ListItem","position":3,"name":"\u0130spanya \u0130zmir Konsoloslu\u011fu"}]},{"@type":"WebSite","@id":"https:\/\/www.myvize.com.tr\/ispanya\/#website","url":"https:\/\/www.myvize.com.tr\/ispanya\/","name":"\u0130spanya Vizesi","description":"","potentialAction":[{"@type":"SearchAction","target":{"@type":"EntryPoint","urlTemplate":"https:\/\/www.myvize.com.tr\/ispanya\/?s={search_term_string}"},"query-input":{"@type":"PropertyValueSpecification","valueRequired":true,"valueName":"search_term_string"}}],"inLanguage":"tr"}]}},"_links":{"self":[{"href":"https:\/\/www.myvize.com.tr\/ispanya\/wp-json\/wp\/v2\/pages\/78","targetHints":{"allow":["GET"]}}],"collection":[{"href":"https:\/\/www.myvize.com.tr\/ispanya\/wp-json\/wp\/v2\/pages"}],"about":[{"href":"https:\/\/www.myvize.com.tr\/ispanya\/wp-json\/wp\/v2\/types\/page"}],"author":[{"embeddable":true,"href":"https:\/\/www.myvize.com.tr\/ispanya\/wp-json\/wp\/v2\/users\/1"}],"replies":[{"embeddable":true,"href":"https:\/\/www.myvize.com.tr\/ispanya\/wp-json\/wp\/v2\/comments?post=78"}],"version-history":[{"count":5,"href":"https:\/\/www.myvize.com.tr\/ispanya\/wp-json\/wp\/v2\/pages\/78\/revisions"}],"predecessor-version":[{"id":1020,"href":"https:\/\/www.myvize.com.tr\/ispanya\/wp-json\/wp\/v2\/pages\/78\/revisions\/1020"}],"up":[{"embeddable":true,"href":"https:\/\/www.myvize.com.tr\/ispanya\/wp-json\/wp\/v2\/pages\/69"}],"wp:attachment":[{"href":"https:\/\/www.myvize.com.tr\/ispanya\/wp-json\/wp\/v2\/media?parent=78"}],"curies":[{"name":"wp","href":"https:\/\/api.w.org\/{rel}","templated":true}]}}