{"id":88,"date":"2020-11-30T13:05:51","date_gmt":"2020-11-30T10:05:51","guid":{"rendered":"https:\/\/www.myvize.com.tr\/ispanya\/?page_id=88"},"modified":"2022-04-12T14:24:31","modified_gmt":"2022-04-12T11:24:31","slug":"bodrum-fahri-konsoloslugu","status":"publish","type":"page","link":"https:\/\/www.myvize.com.tr\/ispanya\/konsolosluklar\/bodrum-fahri-konsoloslugu\/","title":{"rendered":"\u0130spanya Bodrum Fahri Konsoloslu\u011fu"},"content":{"rendered":"<h2><strong><span style=\"font-family: Roboto; font-size: 27px;\">\u0130spanya Bodrum Konsoloslu\u011fu<\/span><\/strong><\/h2>\n<p><span style=\"font-family: Roboto; font-size: 14px;\">\u0130spanya\u2019n\u0131n T\u00fcrkiye\u2019de bulunan fahri konsolosluklar\u0131ndan birisi \u0130spanya Bodrum Fahri Konsoloslu\u011fu\u2019dur. <strong>\u0130spanya\u2019n\u0131n Bodrum Fahri Konsoloslu\u011fu<\/strong>, Bodrum ve \u00e7evresindeki \u0130spanya vatanda\u015flar\u0131na hizmet vermektedir. G\u00f6rev alanlar\u0131 aras\u0131nda Mu\u011fla, Ayd\u0131n ve Denizli bulunmaktad\u0131r. \u0130spanya Bodrum Fahri Konsoloslu\u011fu\u2019nun g\u00f6rev ve yetkileri a\u015fa\u011f\u0131da verilmi\u015ftir.<\/span><\/p>\n<ul>\n<li><span style=\"font-family: Roboto; font-size: 14px;\">\u0130spanya\u2019n\u0131n Bodrum\u2019da bulunan <strong>Bodrum Fahri Konsoloslu\u011fu<\/strong>, Ankara \u0130spanya B\u00fcy\u00fckel\u00e7ili\u011fi\u2019ne ba\u011fl\u0131 olarak Bodrum ve \u00e7evresinde \u00e7al\u0131\u015fmalar y\u00fcr\u00fctmektedir.<\/span><\/li>\n<li><span style=\"font-family: Roboto; font-size: 14px;\">\u0130spanya Bodrum Fahri Konsoloslu\u011fu\u2019nun diplomatik bir yetkisi bulunmamaktad\u0131r.<\/span><\/li>\n<li><span style=\"font-family: Roboto; font-size: 14px;\"><strong>\u0130spanya Bodrum Konsoloslu\u011fu<\/strong>, Bodrum ve \u00e7evresinde i\u015f kurmu\u015f olan ya da Bodrum ve \u00e7evresinde ticaret yapmak isteyen \u0130spanya vatanda\u015flar\u0131na destek olmaktad\u0131r.<\/span><\/li>\n<li><span style=\"font-family: Roboto; font-size: 14px;\">\u0130spanya k\u00fclt\u00fcr\u00fcn\u00fc, <strong>Bodrum<\/strong> ve \u00e7evresine tan\u0131tmak ama\u00e7lanmaktad\u0131r.<\/span><\/li>\n<li><span style=\"font-family: Roboto; font-size: 14px;\">\u0130spanya Bodrum Fahri Konsoloslu\u011fu\u2019nun diplomatik bir temsilcili\u011fi olmad\u0131\u011f\u0131ndan dolay\u0131 \u0130spanya vatanda\u015flar\u0131na konsolosluk hizmeti vermemektedir. <strong>\u0130spanya Bodrum Fahri Konsoloslu\u011fu<\/strong> vize hizmeti de vermemektedir.<\/span><\/li>\n<\/ul>\n<h2><span style=\"font-family: Roboto; font-size: 27px;\"><strong>\u0130spanya Bodrum Fahri Konsoloslu\u011fu \u00c7al\u0131\u015fma Saatleri<\/strong><\/span><\/h2>\n<p><span style=\"font-family: Roboto; font-size: 14px;\"><strong>\u0130spanya Bodrum Fahri Konsoloslu\u011fu<\/strong>, hafta i\u00e7i her g\u00fcn saat 09.30 ile 17.30 aras\u0131nda hizmet vermektedir.<strong> \u0130spanya Bodrum Fahri Konsoloslu\u011fu<\/strong>, T\u00fcrkiye ve \u0130spanya resmi tatillerinde \u00e7al\u0131\u015fmamaktad\u0131r.<\/span><\/p>\n<h2><span style=\"font-family: Roboto; font-size: 27px;\"><strong>\u0130spanya Bodrum Fahri Konsoloslu\u011fu Adresi<\/strong><\/span><\/h2>\n<p><span style=\"font-family: Roboto; font-size: 14px;\">Adres: \u00c7ar\u015f\u0131 Mahallesi, Banka Sokak, No: 54, Daire: 3, Bodrum\/Mu\u011fla<\/span><\/p>\n<p><span style=\"font-family: Roboto; font-size: 14px;\"><span style=\"color: #2acec2;\"><strong><a style=\"color: #2acec2;\" href=\"https:\/\/www.myvize.com.tr\/ispanya\/vize-islemleri\/ispanya-vize-reddi\/\" target=\"_blank\" rel=\"noopener\">\u0130spanya Vize Reddi<\/a><\/strong><\/span> ile ilgili bilgi almak i\u00e7in bizi aray\u0131n.<\/span><\/p>\n<h3><span style=\"font-family: Roboto; font-size: 24px;\"><strong>Bodrum Fahri Konsoloslu\u011fu Ula\u015f\u0131m<\/strong><\/span><\/h3>\n<p><span style=\"font-family: Roboto; font-size: 14px;\">Bodrum ve \u00e7evresinde bulunan T\u00fcrk vatanda\u015flar\u0131; \u0130spanya konsolosluk i\u015flemlerini <strong>\u0130spanya Bodrum Fahri Konsoloslu\u011fu<\/strong>\u2019na yapmal\u0131d\u0131r. <strong>\u0130spanya Bodrum Fahri Konsoloslu\u011fu<\/strong>\u2019nun g\u00f6rev b\u00f6lgesi i\u00e7erisinde; Mu\u011fla ba\u015fta olmak \u00fczere Denizli, Ayd\u0131n ve Burdur illeri bulunmaktad\u0131r.<\/span><\/p>\n<p><span style=\"font-family: Roboto; font-size: 14px;\">Adres:<strong>\u00a0<\/strong>\u00a0Tepecik Mahallesi, 41. Sokak, No: 36, Daire: 14, Bodrum\/Mu\u011fla<\/span><\/p>\n<p><span style=\"font-family: Roboto; font-size: 14px;\">Mu\u011fla B\u00fcy\u00fck\u015fehir Belediyesi\u2019ne ba\u011fl\u0131 olan ve ula\u015f\u0131m hizmeti veren MUTTA\u015e\u2019 \u0131n baz\u0131 hatlar\u0131 Tepecik Mahallesi yak\u0131nlar\u0131ndan ge\u00e7mektedir.<\/span><\/p>\n<p><span style=\"font-family: Roboto; font-size: 14px;\">Bodrum\u2019da bulunan<strong> \u0130spanya Bodrum Fahri Konsoloslu\u011fu<\/strong>\u2019nun bulundu\u011fu Tepecik Mahallesi yak\u0131nlar\u0131ndan ge\u00e7en otob\u00fcs hatlar\u0131 \u015fu \u015fekildedir;<\/span><\/p>\n<table cellspacing=\"0\">\n<tbody>\n<tr>\n<td><span style=\"font-family: Roboto; font-size: 14px;\"><strong>Hat Ad\u0131<\/strong><\/span><\/td>\n<td><span style=\"font-family: Roboto; font-size: 14px;\"><strong>Y\u00f6n\u00fc<\/strong><\/span><\/td>\n<\/tr>\n<tr>\n<td><span style=\"font-family: Roboto; font-size: 14px;\">E4 Ekspres<\/span><\/td>\n<td><span style=\"font-family: Roboto; font-size: 14px;\">Otogar<\/span><\/td>\n<\/tr>\n<tr>\n<td><span style=\"font-family: Roboto; font-size: 14px;\">14<\/span><\/td>\n<td><span style=\"font-family: Roboto; font-size: 14px;\">Cumhuriyet Meydan\u0131- Derebah\u00e7e- G\u00fczeldere<\/span><\/td>\n<\/tr>\n<tr>\n<td><span style=\"font-family: Roboto; font-size: 14px;\">22<\/span><\/td>\n<td><span style=\"font-family: Roboto; font-size: 14px;\">Cumhuriyet Meydan\u0131- Toybelen<\/span><\/td>\n<\/tr>\n<tr>\n<td><span style=\"font-family: Roboto; font-size: 14px;\">23<\/span><\/td>\n<td><span style=\"font-family: Roboto; font-size: 14px;\">Belediye Evleri- Ara\u015ft\u0131rma Hastanesi- Otogar- Derecik<\/span><\/td>\n<\/tr>\n<tr>\n<td><span style=\"font-family: Roboto; font-size: 14px;\">25<\/span><\/td>\n<td><span style=\"font-family: Roboto; font-size: 14px;\">200 Evler- Belediye Evleri- Ara\u015ft\u0131rma Hastanesi- Otogar<\/span><\/td>\n<\/tr>\n<tr>\n<td><span style=\"font-family: Roboto; font-size: 14px;\">28<\/span><\/td>\n<td><span style=\"font-family: Roboto; font-size: 14px;\">Opera- Ara\u015ft\u0131rma Hastanesi- Kadamut<\/span><\/td>\n<\/tr>\n<tr>\n<td><span style=\"font-family: Roboto; font-size: 14px;\">26\/17<\/span><\/td>\n<td><span style=\"font-family: Roboto; font-size: 14px;\">\u00dcniversite- 2. Bulvar- Ara\u015ft\u0131rma Hastanesi- Belediye Evleri<\/span><\/td>\n<\/tr>\n<tr>\n<td><span style=\"font-family: Roboto; font-size: 14px;\">24\/A<\/span><\/td>\n<td><span style=\"font-family: Roboto; font-size: 14px;\">\u00dcniversite- Gazi Devlet Hastanesi- Ara\u015ft\u0131rma Hastanesi- Otogar<\/span><\/td>\n<\/tr>\n<tr>\n<td><span style=\"font-family: Roboto; font-size: 14px;\">24\/B<\/span><\/td>\n<td><span style=\"font-family: Roboto; font-size: 14px;\">\u00dcniversite- Ara\u015ft\u0131rma Hastanesi- Otogar<\/span><\/td>\n<\/tr>\n<tr>\n<td><span style=\"font-family: Roboto; font-size: 14px;\">E Ekspres<\/span><\/td>\n<td><span style=\"font-family: Roboto; font-size: 14px;\">19 May\u0131s \u00dcniversitesi- Cumhuriyet Meydan\u0131- Ara\u015ft\u0131rma Hastanesi- Otogar<\/span><\/td>\n<\/tr>\n<tr>\n<td><span style=\"font-family: Roboto; font-size: 14px;\">R6B<\/span><\/td>\n<td><span style=\"font-family: Roboto; font-size: 14px;\">Baruthane- Kalkanc\u0131- Ara\u015ft\u0131rma Hastanesi- Otogar<\/span><\/td>\n<\/tr>\n<tr>\n<td><span style=\"font-family: Roboto; font-size: 14px;\">R6T<\/span><\/td>\n<td><span style=\"font-family: Roboto; font-size: 14px;\">T\u00fcrki\u015f -Bala\u00e7- Otogar- E\u011fitim Ara\u015ft\u0131rma Hastanesi<\/span><\/td>\n<\/tr>\n<tr>\n<td><span style=\"font-family: Roboto; font-size: 14px;\">T4<\/span><\/td>\n<td><span style=\"font-family: Roboto; font-size: 14px;\">Otogar- Tekkek\u00f6y<\/span><\/td>\n<\/tr>\n<tr>\n<td><span style=\"font-family: Roboto; font-size: 14px;\">T3<\/span><\/td>\n<td><span style=\"font-family: Roboto; font-size: 14px;\">Otogar<\/span><\/td>\n<\/tr>\n<\/tbody>\n<\/table>\n<p><span style=\"font-family: Roboto; font-size: 14px;\"><span style=\"color: #2acec2;\"><strong><a style=\"color: #2acec2;\" href=\"https:\/\/www.myvize.com.tr\/ispanya\/form-ve-dilekce\/ispanya-vize-basvuru-formu\/\" target=\"_blank\" rel=\"noopener\">\u0130spanya Vize Ba\u015fvuru Formu<\/a><\/strong><\/span> ile ilgili bilgi almak i\u00e7in bizi aray\u0131n.<\/span><\/p>\n","protected":false},"excerpt":{"rendered":"<p>\u0130spanya Bodrum Konsoloslu\u011fu \u0130spanya\u2019n\u0131n T\u00fcrkiye\u2019de bulunan fahri konsolosluklar\u0131ndan birisi \u0130spanya Bodrum Fahri Konsoloslu\u011fu\u2019dur. \u0130spanya\u2019n\u0131n Bodrum Fahri Konsoloslu\u011fu, Bodrum ve \u00e7evresindeki \u0130spanya vatanda\u015flar\u0131na hizmet vermektedir. G\u00f6rev alanlar\u0131 aras\u0131nda Mu\u011fla, Ayd\u0131n ve Denizli bulunmaktad\u0131r. \u0130spanya Bodrum Fahri Konsoloslu\u011fu\u2019nun g\u00f6rev ve yetkileri a\u015fa\u011f\u0131da verilmi\u015ftir. \u0130spanya\u2019n\u0131n Bodrum\u2019da bulunan Bodrum Fahri Konsoloslu\u011fu, Ankara \u0130spanya B\u00fcy\u00fckel\u00e7ili\u011fi\u2019ne ba\u011fl\u0131 olarak Bodrum ve \u00e7evresinde<\/p>\n","protected":false},"author":1,"featured_media":0,"parent":69,"menu_order":0,"comment_status":"open","ping_status":"closed","template":"","meta":{"footnotes":""},"class_list":["post-88","page","type-page","status-publish","hentry"],"yoast_head":"<!-- This site is optimized with the Yoast SEO plugin v24.0 - https:\/\/yoast.com\/wordpress\/plugins\/seo\/ -->\n<title>\u0130spanya Bodrum Konsoloslu\u011fu Vize \u0130\u015flemleri - MyVize<\/title>\n<meta name=\"description\" content=\"\u0130spanya Bodrum Fahri Konsoloslu\u011fu \u00e7al\u0131\u015fma saatleri. \u0130spanya Bodrum Fahri Konsoloslu\u011fu ula\u015f\u0131m, ileti\u015fim bilgileri ve faaliyet alan\u0131.\" \/>\n<meta name=\"robots\" content=\"index, follow, max-snippet:-1, max-image-preview:large, max-video-preview:-1\" \/>\n<link rel=\"canonical\" href=\"https:\/\/www.myvize.com.tr\/ispanya\/konsolosluklar\/bodrum-fahri-konsoloslugu\/\" \/>\n<meta property=\"og:locale\" content=\"tr_TR\" \/>\n<meta property=\"og:type\" content=\"article\" \/>\n<meta property=\"og:title\" content=\"\u0130spanya Bodrum Konsoloslu\u011fu Vize \u0130\u015flemleri - MyVize\" \/>\n<meta property=\"og:description\" content=\"\u0130spanya Bodrum Fahri Konsoloslu\u011fu \u00e7al\u0131\u015fma saatleri. \u0130spanya Bodrum Fahri Konsoloslu\u011fu ula\u015f\u0131m, ileti\u015fim bilgileri ve faaliyet alan\u0131.\" \/>\n<meta property=\"og:url\" content=\"https:\/\/www.myvize.com.tr\/ispanya\/konsolosluklar\/bodrum-fahri-konsoloslugu\/\" \/>\n<meta property=\"og:site_name\" content=\"\u0130spanya Vizesi\" \/>\n<meta property=\"article:modified_time\" content=\"2022-04-12T11:24:31+00:00\" \/>\n<meta name=\"twitter:card\" content=\"summary_large_image\" \/>\n<meta name=\"twitter:label1\" content=\"Tahmini okuma s\u00fcresi\" \/>\n\t<meta name=\"twitter:data1\" content=\"2 dakika\" \/>\n<script type=\"application\/ld+json\" class=\"yoast-schema-graph\">{\"@context\":\"https:\/\/schema.org\",\"@graph\":[{\"@type\":\"WebPage\",\"@id\":\"https:\/\/www.myvize.com.tr\/ispanya\/konsolosluklar\/bodrum-fahri-konsoloslugu\/\",\"url\":\"https:\/\/www.myvize.com.tr\/ispanya\/konsolosluklar\/bodrum-fahri-konsoloslugu\/\",\"name\":\"\u0130spanya Bodrum Konsoloslu\u011fu Vize \u0130\u015flemleri - MyVize\",\"isPartOf\":{\"@id\":\"https:\/\/www.myvize.com.tr\/ispanya\/#website\"},\"datePublished\":\"2020-11-30T10:05:51+00:00\",\"dateModified\":\"2022-04-12T11:24:31+00:00\",\"description\":\"\u0130spanya Bodrum Fahri Konsoloslu\u011fu \u00e7al\u0131\u015fma saatleri. \u0130spanya Bodrum Fahri Konsoloslu\u011fu ula\u015f\u0131m, ileti\u015fim bilgileri ve faaliyet alan\u0131.\",\"breadcrumb\":{\"@id\":\"https:\/\/www.myvize.com.tr\/ispanya\/konsolosluklar\/bodrum-fahri-konsoloslugu\/#breadcrumb\"},\"inLanguage\":\"tr\",\"potentialAction\":[{\"@type\":\"ReadAction\",\"target\":[\"https:\/\/www.myvize.com.tr\/ispanya\/konsolosluklar\/bodrum-fahri-konsoloslugu\/\"]}]},{\"@type\":\"BreadcrumbList\",\"@id\":\"https:\/\/www.myvize.com.tr\/ispanya\/konsolosluklar\/bodrum-fahri-konsoloslugu\/#breadcrumb\",\"itemListElement\":[{\"@type\":\"ListItem\",\"position\":1,\"name\":\"Anasayfa\",\"item\":\"https:\/\/www.myvize.com.tr\/ispanya\/\"},{\"@type\":\"ListItem\",\"position\":2,\"name\":\"KONSOLOSLUKLAR\",\"item\":\"https:\/\/www.myvize.com.tr\/ispanya\/konsolosluklar\/\"},{\"@type\":\"ListItem\",\"position\":3,\"name\":\"\u0130spanya Bodrum Fahri Konsoloslu\u011fu\"}]},{\"@type\":\"WebSite\",\"@id\":\"https:\/\/www.myvize.com.tr\/ispanya\/#website\",\"url\":\"https:\/\/www.myvize.com.tr\/ispanya\/\",\"name\":\"\u0130spanya Vizesi\",\"description\":\"\",\"potentialAction\":[{\"@type\":\"SearchAction\",\"target\":{\"@type\":\"EntryPoint\",\"urlTemplate\":\"https:\/\/www.myvize.com.tr\/ispanya\/?s={search_term_string}\"},\"query-input\":{\"@type\":\"PropertyValueSpecification\",\"valueRequired\":true,\"valueName\":\"search_term_string\"}}],\"inLanguage\":\"tr\"}]}<\/script>\n<!-- \/ Yoast SEO plugin. -->","yoast_head_json":{"title":"\u0130spanya Bodrum Konsoloslu\u011fu Vize \u0130\u015flemleri - MyVize","description":"\u0130spanya Bodrum Fahri Konsoloslu\u011fu \u00e7al\u0131\u015fma saatleri. \u0130spanya Bodrum Fahri Konsoloslu\u011fu ula\u015f\u0131m, ileti\u015fim bilgileri ve faaliyet alan\u0131.","robots":{"index":"index","follow":"follow","max-snippet":"max-snippet:-1","max-image-preview":"max-image-preview:large","max-video-preview":"max-video-preview:-1"},"canonical":"https:\/\/www.myvize.com.tr\/ispanya\/konsolosluklar\/bodrum-fahri-konsoloslugu\/","og_locale":"tr_TR","og_type":"article","og_title":"\u0130spanya Bodrum Konsoloslu\u011fu Vize \u0130\u015flemleri - MyVize","og_description":"\u0130spanya Bodrum Fahri Konsoloslu\u011fu \u00e7al\u0131\u015fma saatleri. \u0130spanya Bodrum Fahri Konsoloslu\u011fu ula\u015f\u0131m, ileti\u015fim bilgileri ve faaliyet alan\u0131.","og_url":"https:\/\/www.myvize.com.tr\/ispanya\/konsolosluklar\/bodrum-fahri-konsoloslugu\/","og_site_name":"\u0130spanya Vizesi","article_modified_time":"2022-04-12T11:24:31+00:00","twitter_card":"summary_large_image","twitter_misc":{"Tahmini okuma s\u00fcresi":"2 dakika"},"schema":{"@context":"https:\/\/schema.org","@graph":[{"@type":"WebPage","@id":"https:\/\/www.myvize.com.tr\/ispanya\/konsolosluklar\/bodrum-fahri-konsoloslugu\/","url":"https:\/\/www.myvize.com.tr\/ispanya\/konsolosluklar\/bodrum-fahri-konsoloslugu\/","name":"\u0130spanya Bodrum Konsoloslu\u011fu Vize \u0130\u015flemleri - MyVize","isPartOf":{"@id":"https:\/\/www.myvize.com.tr\/ispanya\/#website"},"datePublished":"2020-11-30T10:05:51+00:00","dateModified":"2022-04-12T11:24:31+00:00","description":"\u0130spanya Bodrum Fahri Konsoloslu\u011fu \u00e7al\u0131\u015fma saatleri. \u0130spanya Bodrum Fahri Konsoloslu\u011fu ula\u015f\u0131m, ileti\u015fim bilgileri ve faaliyet alan\u0131.","breadcrumb":{"@id":"https:\/\/www.myvize.com.tr\/ispanya\/konsolosluklar\/bodrum-fahri-konsoloslugu\/#breadcrumb"},"inLanguage":"tr","potentialAction":[{"@type":"ReadAction","target":["https:\/\/www.myvize.com.tr\/ispanya\/konsolosluklar\/bodrum-fahri-konsoloslugu\/"]}]},{"@type":"BreadcrumbList","@id":"https:\/\/www.myvize.com.tr\/ispanya\/konsolosluklar\/bodrum-fahri-konsoloslugu\/#breadcrumb","itemListElement":[{"@type":"ListItem","position":1,"name":"Anasayfa","item":"https:\/\/www.myvize.com.tr\/ispanya\/"},{"@type":"ListItem","position":2,"name":"KONSOLOSLUKLAR","item":"https:\/\/www.myvize.com.tr\/ispanya\/konsolosluklar\/"},{"@type":"ListItem","position":3,"name":"\u0130spanya Bodrum Fahri Konsoloslu\u011fu"}]},{"@type":"WebSite","@id":"https:\/\/www.myvize.com.tr\/ispanya\/#website","url":"https:\/\/www.myvize.com.tr\/ispanya\/","name":"\u0130spanya Vizesi","description":"","potentialAction":[{"@type":"SearchAction","target":{"@type":"EntryPoint","urlTemplate":"https:\/\/www.myvize.com.tr\/ispanya\/?s={search_term_string}"},"query-input":{"@type":"PropertyValueSpecification","valueRequired":true,"valueName":"search_term_string"}}],"inLanguage":"tr"}]}},"_links":{"self":[{"href":"https:\/\/www.myvize.com.tr\/ispanya\/wp-json\/wp\/v2\/pages\/88","targetHints":{"allow":["GET"]}}],"collection":[{"href":"https:\/\/www.myvize.com.tr\/ispanya\/wp-json\/wp\/v2\/pages"}],"about":[{"href":"https:\/\/www.myvize.com.tr\/ispanya\/wp-json\/wp\/v2\/types\/page"}],"author":[{"embeddable":true,"href":"https:\/\/www.myvize.com.tr\/ispanya\/wp-json\/wp\/v2\/users\/1"}],"replies":[{"embeddable":true,"href":"https:\/\/www.myvize.com.tr\/ispanya\/wp-json\/wp\/v2\/comments?post=88"}],"version-history":[{"count":6,"href":"https:\/\/www.myvize.com.tr\/ispanya\/wp-json\/wp\/v2\/pages\/88\/revisions"}],"predecessor-version":[{"id":977,"href":"https:\/\/www.myvize.com.tr\/ispanya\/wp-json\/wp\/v2\/pages\/88\/revisions\/977"}],"up":[{"embeddable":true,"href":"https:\/\/www.myvize.com.tr\/ispanya\/wp-json\/wp\/v2\/pages\/69"}],"wp:attachment":[{"href":"https:\/\/www.myvize.com.tr\/ispanya\/wp-json\/wp\/v2\/media?parent=88"}],"curies":[{"name":"wp","href":"https:\/\/api.w.org\/{rel}","templated":true}]}}