{"id":168,"date":"2020-12-24T17:26:08","date_gmt":"2020-12-24T14:26:08","guid":{"rendered":"https:\/\/www.myvize.com.tr\/isvicre\/?page_id=168"},"modified":"2022-04-13T21:06:43","modified_gmt":"2022-04-13T18:06:43","slug":"form-ve-dilekce","status":"publish","type":"page","link":"https:\/\/www.myvize.com.tr\/isvicre\/form-ve-dilekce\/","title":{"rendered":"FORM VE D\u0130LEK\u00c7E"},"content":{"rendered":"<p><span style=\"font-family: Roboto;\"><\/span><\/p>\r\n<p><span style=\"font-family: Roboto; font-size: 14px;\">\u0130svi\u00e7re Avrupa\u2019n\u0131n en bilindik \u00fclkeleri aras\u0131ndad\u0131r. Ya\u015fam \u015fartlar\u0131 son derece iyi olan \u0130svi\u00e7re\u2019ye g\u00fcn\u00fcm\u00fczde bir\u00e7ok T\u00fcrk vatanda\u015f\u0131 seyahat etmek i\u00e7in i\u015flemler yapt\u0131r\u0131yor. Bu i\u015flemlerin ba\u015f\u0131nda da vize geliyor. D\u00fcnyan\u0131n en \u00f6nemli \u015fehirlerine ev sahipli\u011fi yapan \u0130svi\u00e7re\u2019ye seyahat edecek olan bordo pasaport sahiplerinin vize almas\u0131 zorunlu ko\u015fullar aras\u0131ndad\u0131r. Bununla birlikte gri, ye\u015fil, siyah pasaport sahipleri 180 g\u00fcn\u00fc \u00e7erisinde 90 g\u00fcn\u00fc a\u015fmamak kayd\u0131yla vizeden muaf tutulmu\u015flard\u0131r.<\/span><\/p>\r\n<p><span style=\"font-family: Roboto; font-size: 14px;\">\r\n\r\n<\/span><\/p>\r\n<p><span style=\"font-family: Roboto; font-size: 14px;\">\u0130svi\u00e7re Schengen b\u00f6lgesinde bulunan bir \u00fclkedir. Bu nedenle de umuma mahsus pasaport hamilelerinin daha \u00f6nceden al\u0131nm\u0131\u015f bir Schengen vizeleri yoksa k\u0131sa s\u00fcreli vize ba\u015fvurusu yapmak zorundad\u0131rlar. 90 g\u00fcn\u00fc a\u015fmayan k\u0131sa s\u00fcreli vize ba\u015fvurular\u0131 i\u00e7in yap\u0131lan vize t\u00fcr\u00fc ise Schengen vizesidir. Ancak seyahat 90 g\u00fcn\u00fc a\u00e7\u0131lacaksa uzun s\u00fcreli vize talebinde bulunulmas\u0131 gerekiyor. Bu talep i\u00e7inde mutlaka konsolosluklardan hizmet al\u0131nmal\u0131d\u0131r.<\/span><\/p>\r\n<p><span style=\"font-family: Roboto; font-size: 14px;\">\r\n\r\n<\/span><\/p>\r\n<h2><span style=\"font-family: Roboto; font-size: 27px;\"><strong>\u0130svi\u00e7re Vize Ba\u015fvuru Formu Nas\u0131l Doldurulmal\u0131d\u0131r?<\/strong><\/span><\/h2>\r\n<p><span style=\"font-family: Roboto; font-size: 14px;\">\r\n\r\n<\/span><\/p>\r\n<p><span style=\"font-family: Roboto; font-size: 14px;\">\u0130svi\u00e7re ba\u015fvuru formu ki\u015filerin kendilerini en iyi \u015fekilde tan\u0131tt\u0131klar\u0131 form t\u00fcrlerinden biridir. Kimlik bilgilerinden seyahat bilgilerine kadar hemen her t\u00fcrl\u00fc bilginin yer ald\u0131\u011f\u0131 ba\u015fvuru formu olduk\u00e7a detayl\u0131d\u0131r.<\/span><\/p>\r\n<p><span style=\"font-family: Roboto; font-size: 14px;\">\r\n\r\n<\/span><\/p>\r\n<p><span style=\"font-family: Roboto; font-size: 14px;\">Vize ba\u015fvuru formu i\u00e7erisinde ki\u015filerin dikkat etmesi gereken en \u00f6nemli hususlardan birisi de T.C. kimlik numaras\u0131n\u0131n do\u011fru yazmas\u0131 ve seyahat t\u00fcr\u00fcn\u00fcn do\u011fru i\u015faretlenmesidir. Aile ve arkada\u015f ziyareti yapacak olan ki\u015filerin vize ba\u015fvuru formunu turistik vize \u015feklinde doldurmas\u0131 vizenin reddedilmesinin en \u00f6nemli nedenlerinden biri olabilir. Bu nedenle ki\u015filer vize ba\u015fvuru formunu doldururken mutlaka se\u00e7tikleri vize t\u00fcr\u00fcne en uygun \u015fekilde bilgiler vermelidir.<\/span><\/p>\r\n<p><span style=\"font-family: Roboto; font-size: 14px;\">\r\n\r\n<\/span><\/p>\r\n<h2><span style=\"font-family: Roboto; font-size: 27px;\"><strong>\u0130svi\u00e7re Vize Talep Dilek\u00e7esi<\/strong><\/span><\/h2>\r\n<p><span style=\"font-family: Roboto; font-size: 14px;\">\r\n\r\n<\/span><\/p>\r\n<p><span style=\"font-family: Roboto; font-size: 14px;\">Son derece \u00f6nemli olan vize i\u015flemleri s\u0131ras\u0131nda ki\u015filerin haz\u0131rlayaca\u011f\u0131 dilek\u00e7e \u00fczerinde en \u00e7ok durulan evraklardan biridir. \u0130ngilizce yaz\u0131lmas\u0131 gereken bu dilek\u00e7enin \u00fczerinde mutlaka farkl\u0131 bilgilere yer verilmelidir. \u00d6ncelikle vize talep dilek\u00e7enizde bir tarih bulunmal\u0131d\u0131r.<\/span><\/p>\r\n<p><span style=\"font-family: Roboto; font-size: 14px;\">\r\n\r\n<\/span><\/p>\r\n<p><span style=\"font-family: Roboto; font-size: 14px;\">Ayn\u0131 zamanda hangi kurumdan hizmet alacaksan\u0131z o kuruma hitaben resmi bir dille ve uygun bir kalemle yaz\u0131lmas\u0131 gerekir. Bununla birlikte vize talep dilek\u00e7enizde yer almas\u0131 gereken t\u00fcm bilgilerini detayl\u0131 olarak bulunmas\u0131na gereken \u00f6zeni g\u00f6stermelisiniz. Seyahatinizin t\u00fcm ayr\u0131nt\u0131lar\u0131n\u0131 dilek\u00e7enizde yazmal\u0131 ve bu ayr\u0131nt\u0131lar\u0131 yazarken mutlaka vize t\u00fcr\u00fcne uygun ifadeler kullanmal\u0131s\u0131n\u0131z.<\/span><\/p>\r\n<p><span style=\"font-family: Roboto;\"><\/span><\/p>","protected":false},"excerpt":{"rendered":"<p>\u0130svi\u00e7re Avrupa\u2019n\u0131n en bilindik \u00fclkeleri aras\u0131ndad\u0131r. Ya\u015fam \u015fartlar\u0131 son derece iyi olan \u0130svi\u00e7re\u2019ye g\u00fcn\u00fcm\u00fczde bir\u00e7ok T\u00fcrk vatanda\u015f\u0131 seyahat etmek i\u00e7in i\u015flemler yapt\u0131r\u0131yor. Bu i\u015flemlerin ba\u015f\u0131nda da vize geliyor. D\u00fcnyan\u0131n en \u00f6nemli \u015fehirlerine ev sahipli\u011fi yapan \u0130svi\u00e7re\u2019ye seyahat edecek olan bordo pasaport sahiplerinin vize almas\u0131 zorunlu ko\u015fullar aras\u0131ndad\u0131r. Bununla birlikte gri, ye\u015fil, siyah pasaport sahipleri 180<\/p>\n","protected":false},"author":1,"featured_media":0,"parent":0,"menu_order":0,"comment_status":"open","ping_status":"closed","template":"","meta":{"footnotes":""},"class_list":["post-168","page","type-page","status-publish","hentry"],"yoast_head":"<!-- This site is optimized with the Yoast SEO plugin v24.0 - https:\/\/yoast.com\/wordpress\/plugins\/seo\/ -->\n<title>\u0130svi\u00e7re Form Ve Dilek\u00e7e - MyVize Vize Ba\u015fvuru Merkezi<\/title>\n<meta name=\"description\" content=\"\u0130svi\u00e7re form ve dilek\u00e7e 2022 g\u00fcncel payla\u015f\u0131mlar. \u0130svi\u00e7re form doldurma ve dilek\u00e7e yaz\u0131m\u0131na dair do\u011fru bilgiler.\" \/>\n<meta name=\"robots\" content=\"index, follow, max-snippet:-1, max-image-preview:large, max-video-preview:-1\" \/>\n<link rel=\"canonical\" href=\"https:\/\/www.myvize.com.tr\/isvicre\/form-ve-dilekce\/\" \/>\n<meta property=\"og:locale\" content=\"tr_TR\" \/>\n<meta property=\"og:type\" content=\"article\" \/>\n<meta property=\"og:title\" content=\"\u0130svi\u00e7re Form Ve Dilek\u00e7e - MyVize Vize Ba\u015fvuru Merkezi\" \/>\n<meta property=\"og:description\" content=\"\u0130svi\u00e7re form ve dilek\u00e7e 2022 g\u00fcncel payla\u015f\u0131mlar. \u0130svi\u00e7re form doldurma ve dilek\u00e7e yaz\u0131m\u0131na dair do\u011fru bilgiler.\" \/>\n<meta property=\"og:url\" content=\"https:\/\/www.myvize.com.tr\/isvicre\/form-ve-dilekce\/\" \/>\n<meta property=\"og:site_name\" content=\"\u0130svi\u00e7re Vizesi\" \/>\n<meta property=\"article:modified_time\" content=\"2022-04-13T18:06:43+00:00\" \/>\n<meta name=\"twitter:card\" content=\"summary_large_image\" \/>\n<meta name=\"twitter:label1\" content=\"Tahmini okuma s\u00fcresi\" \/>\n\t<meta name=\"twitter:data1\" content=\"2 dakika\" \/>\n<script type=\"application\/ld+json\" class=\"yoast-schema-graph\">{\"@context\":\"https:\/\/schema.org\",\"@graph\":[{\"@type\":\"WebPage\",\"@id\":\"https:\/\/www.myvize.com.tr\/isvicre\/form-ve-dilekce\/\",\"url\":\"https:\/\/www.myvize.com.tr\/isvicre\/form-ve-dilekce\/\",\"name\":\"\u0130svi\u00e7re Form Ve Dilek\u00e7e - MyVize Vize Ba\u015fvuru Merkezi\",\"isPartOf\":{\"@id\":\"https:\/\/www.myvize.com.tr\/isvicre\/#website\"},\"datePublished\":\"2020-12-24T14:26:08+00:00\",\"dateModified\":\"2022-04-13T18:06:43+00:00\",\"description\":\"\u0130svi\u00e7re form ve dilek\u00e7e 2022 g\u00fcncel payla\u015f\u0131mlar. \u0130svi\u00e7re form doldurma ve dilek\u00e7e yaz\u0131m\u0131na dair do\u011fru bilgiler.\",\"breadcrumb\":{\"@id\":\"https:\/\/www.myvize.com.tr\/isvicre\/form-ve-dilekce\/#breadcrumb\"},\"inLanguage\":\"tr\",\"potentialAction\":[{\"@type\":\"ReadAction\",\"target\":[\"https:\/\/www.myvize.com.tr\/isvicre\/form-ve-dilekce\/\"]}]},{\"@type\":\"BreadcrumbList\",\"@id\":\"https:\/\/www.myvize.com.tr\/isvicre\/form-ve-dilekce\/#breadcrumb\",\"itemListElement\":[{\"@type\":\"ListItem\",\"position\":1,\"name\":\"Anasayfa\",\"item\":\"https:\/\/www.myvize.com.tr\/isvicre\/\"},{\"@type\":\"ListItem\",\"position\":2,\"name\":\"FORM VE D\u0130LEK\u00c7E\"}]},{\"@type\":\"WebSite\",\"@id\":\"https:\/\/www.myvize.com.tr\/isvicre\/#website\",\"url\":\"https:\/\/www.myvize.com.tr\/isvicre\/\",\"name\":\"\u0130svi\u00e7re Vizesi\",\"description\":\"\",\"potentialAction\":[{\"@type\":\"SearchAction\",\"target\":{\"@type\":\"EntryPoint\",\"urlTemplate\":\"https:\/\/www.myvize.com.tr\/isvicre\/?s={search_term_string}\"},\"query-input\":{\"@type\":\"PropertyValueSpecification\",\"valueRequired\":true,\"valueName\":\"search_term_string\"}}],\"inLanguage\":\"tr\"}]}<\/script>\n<!-- \/ Yoast SEO plugin. -->","yoast_head_json":{"title":"\u0130svi\u00e7re Form Ve Dilek\u00e7e - MyVize Vize Ba\u015fvuru Merkezi","description":"\u0130svi\u00e7re form ve dilek\u00e7e 2022 g\u00fcncel payla\u015f\u0131mlar. \u0130svi\u00e7re form doldurma ve dilek\u00e7e yaz\u0131m\u0131na dair do\u011fru bilgiler.","robots":{"index":"index","follow":"follow","max-snippet":"max-snippet:-1","max-image-preview":"max-image-preview:large","max-video-preview":"max-video-preview:-1"},"canonical":"https:\/\/www.myvize.com.tr\/isvicre\/form-ve-dilekce\/","og_locale":"tr_TR","og_type":"article","og_title":"\u0130svi\u00e7re Form Ve Dilek\u00e7e - MyVize Vize Ba\u015fvuru Merkezi","og_description":"\u0130svi\u00e7re form ve dilek\u00e7e 2022 g\u00fcncel payla\u015f\u0131mlar. \u0130svi\u00e7re form doldurma ve dilek\u00e7e yaz\u0131m\u0131na dair do\u011fru bilgiler.","og_url":"https:\/\/www.myvize.com.tr\/isvicre\/form-ve-dilekce\/","og_site_name":"\u0130svi\u00e7re Vizesi","article_modified_time":"2022-04-13T18:06:43+00:00","twitter_card":"summary_large_image","twitter_misc":{"Tahmini okuma s\u00fcresi":"2 dakika"},"schema":{"@context":"https:\/\/schema.org","@graph":[{"@type":"WebPage","@id":"https:\/\/www.myvize.com.tr\/isvicre\/form-ve-dilekce\/","url":"https:\/\/www.myvize.com.tr\/isvicre\/form-ve-dilekce\/","name":"\u0130svi\u00e7re Form Ve Dilek\u00e7e - MyVize Vize Ba\u015fvuru Merkezi","isPartOf":{"@id":"https:\/\/www.myvize.com.tr\/isvicre\/#website"},"datePublished":"2020-12-24T14:26:08+00:00","dateModified":"2022-04-13T18:06:43+00:00","description":"\u0130svi\u00e7re form ve dilek\u00e7e 2022 g\u00fcncel payla\u015f\u0131mlar. \u0130svi\u00e7re form doldurma ve dilek\u00e7e yaz\u0131m\u0131na dair do\u011fru bilgiler.","breadcrumb":{"@id":"https:\/\/www.myvize.com.tr\/isvicre\/form-ve-dilekce\/#breadcrumb"},"inLanguage":"tr","potentialAction":[{"@type":"ReadAction","target":["https:\/\/www.myvize.com.tr\/isvicre\/form-ve-dilekce\/"]}]},{"@type":"BreadcrumbList","@id":"https:\/\/www.myvize.com.tr\/isvicre\/form-ve-dilekce\/#breadcrumb","itemListElement":[{"@type":"ListItem","position":1,"name":"Anasayfa","item":"https:\/\/www.myvize.com.tr\/isvicre\/"},{"@type":"ListItem","position":2,"name":"FORM VE D\u0130LEK\u00c7E"}]},{"@type":"WebSite","@id":"https:\/\/www.myvize.com.tr\/isvicre\/#website","url":"https:\/\/www.myvize.com.tr\/isvicre\/","name":"\u0130svi\u00e7re Vizesi","description":"","potentialAction":[{"@type":"SearchAction","target":{"@type":"EntryPoint","urlTemplate":"https:\/\/www.myvize.com.tr\/isvicre\/?s={search_term_string}"},"query-input":{"@type":"PropertyValueSpecification","valueRequired":true,"valueName":"search_term_string"}}],"inLanguage":"tr"}]}},"_links":{"self":[{"href":"https:\/\/www.myvize.com.tr\/isvicre\/wp-json\/wp\/v2\/pages\/168","targetHints":{"allow":["GET"]}}],"collection":[{"href":"https:\/\/www.myvize.com.tr\/isvicre\/wp-json\/wp\/v2\/pages"}],"about":[{"href":"https:\/\/www.myvize.com.tr\/isvicre\/wp-json\/wp\/v2\/types\/page"}],"author":[{"embeddable":true,"href":"https:\/\/www.myvize.com.tr\/isvicre\/wp-json\/wp\/v2\/users\/1"}],"replies":[{"embeddable":true,"href":"https:\/\/www.myvize.com.tr\/isvicre\/wp-json\/wp\/v2\/comments?post=168"}],"version-history":[{"count":5,"href":"https:\/\/www.myvize.com.tr\/isvicre\/wp-json\/wp\/v2\/pages\/168\/revisions"}],"predecessor-version":[{"id":771,"href":"https:\/\/www.myvize.com.tr\/isvicre\/wp-json\/wp\/v2\/pages\/168\/revisions\/771"}],"wp:attachment":[{"href":"https:\/\/www.myvize.com.tr\/isvicre\/wp-json\/wp\/v2\/media?parent=168"}],"curies":[{"name":"wp","href":"https:\/\/api.w.org\/{rel}","templated":true}]}}