{"id":171,"date":"2021-06-04T12:00:28","date_gmt":"2021-06-04T09:00:28","guid":{"rendered":"https:\/\/www.myvize.com.tr\/isvicre\/?page_id=171"},"modified":"2022-04-13T21:46:45","modified_gmt":"2022-04-13T18:46:45","slug":"duyurular","status":"publish","type":"page","link":"https:\/\/www.myvize.com.tr\/isvicre\/duyurular\/","title":{"rendered":"DUYURULAR"},"content":{"rendered":"\r\n<h2 class=\"wp-block-heading\"><strong>\u0130svi\u00e7re Covid- 19 Vize Tedbirleri<\/strong><\/h2>\r\n\r\n\r\n\r\n<p>D\u00fcnyay\u0131 birka\u00e7 sene \u00f6nce etkisi alt\u0131na alan korona vir\u00fcs h\u0131zl\u0131 bir yay\u0131l\u0131m ile \u00fclkelere ciddi zararlar vermeye devam ediyor. \u0130\u00e7erisinde T\u00fcrkiye\u2019nin de bulundu\u011fu bir\u00e7ok \u00fclke her t\u00fcrl\u00fc alanda \u00e7ok ciddi vir\u00fcs tedbirleri alarak insanlar\u0131n bu hastal\u0131ktan en az zararla \u00e7\u0131kmas\u0131 i\u00e7in \u00e7aba g\u00f6steriyor. Ancak vir\u00fcs\u00fcn yay\u0131lmas\u0131 kar\u015f\u0131s\u0131nda al\u0131nan bir\u00e7ok tedbir yetersiz kal\u0131yor denilebilir. En \u00e7ok k\u0131s\u0131tlama getirilen alanlar i\u00e7erisinde de uluslararas\u0131 ula\u015f\u0131m sekt\u00f6r\u00fc bulunuyor.<\/p>\r\n\r\n\r\n\r\n<p>\u00d6zellikle mutasyonu vir\u00fcs\u00fcn de \u0130ngiltere\u2019de g\u00f6r\u00fcld\u00fckten sonra h\u0131zla yay\u0131lmaya ba\u015flamas\u0131 ba\u015fta Avrupa \u00fclkeleri olmak \u00fczere t\u00fcm d\u00fcnyay\u0131 yeniden ek tedbirler almak zorunda b\u0131rakm\u0131\u015ft\u0131r. \u0130svi\u00e7re de bu \u00fclkeler aras\u0131nda yer al\u0131yor.<\/p>\r\n\r\n\r\n\r\n<h2><strong>\u0130svi\u00e7re\u2019nin Ald\u0131\u011f\u0131 Vir\u00fcs Tedbirleri<\/strong><\/h2>\r\n\r\n\r\n\r\n<p>\u0130svi\u00e7re h\u00fck\u00fcmeti, 07.04.2021 tarihinde ki\u015filerin yurt d\u0131\u015f\u0131 kaynakl\u0131 olarak dola\u015f\u0131mlar\u0131na birtak\u0131m k\u0131s\u0131tlamalar getirmi\u015ftir. Bu k\u0131s\u0131tlamalar T\u00fcrkiye\u2019yi de i\u00e7ermektedir. Yeni riskli \u00fclkeler i\u00e7erisinde T\u00fcrkiye\u2019nin de bulunmas\u0131 \u0130svi\u00e7re\u2019ye gidecek ki\u015filerin mutlaka tedbirlere uygun hareket etmesini gerekli hale getirmektedir.<\/p>\r\n\r\n\r\n\r\n<p>19 Nisan 2021 Pazartesi g\u00fcn\u00fc 00:00\u2019da y\u00fcr\u00fcrl\u00fc\u011fe girecek olan tedbirler konusunda t\u00fcm ki\u015filerin belirtilen b\u00f6lgelerde kendisini karantinaya almas\u0131 gereklidir. Bununla birlikte yurtd\u0131\u015f\u0131ndan gelen t\u00fcm yolcular\u0131n mutlaka PCR testi yapt\u0131rmas\u0131 zorunlu tutulmaktad\u0131r. Ayn\u0131 zamanda u\u00e7a\u011fa binerken de bu test sonucunun negatif olma zorunlulu\u011fu bulunmaktad\u0131r. Testin en fazla \u0130svi\u00e7re\u2019ye giri\u015ften 72 saat \u00f6nce yapt\u0131r\u0131lmas\u0131 zorunlulu\u011fu bulunmaktad\u0131r.<\/p>\r\n\r\n\r\n\r\n<p>8 \u015eubat tarihi itibari ile \u00fclkeye giri\u015f yapan yolcular\u0131n mutlaka belirtilen formlar\u0131 doldurmas\u0131 ve ileti\u015fim bilgilerini de vermeleri gerekmektedir. Ayn\u0131 zamanda bu uygulamalar y\u00fcksek i\u00e7ermeyen \u00fclkelerden gelen ve kendi arac\u0131 ile seyahat eden ki\u015filer i\u00e7in zorunlu tutulmuyor. Bu s\u00fcre\u00e7te \u0130svi\u00e7re\u2019ye gidecek olan ki\u015filerin mutlaka Sa\u011fl\u0131k Bakanl\u0131\u011f\u0131 taraf\u0131ndan yap\u0131lan t\u00fcm uyar\u0131lar\u0131 dikkate almalar\u0131 gereklidir. Bununla birlikte yolcular\u0131n \u0130svi\u00e7re D\u0131\u015fi\u015fleri Bakanl\u0131\u011f\u0131 Travel Admin App\u2019e kay\u0131tlar\u0131n\u0131n yap\u0131lmas\u0131 son derece \u00f6nemli bir tavsiyedir.<\/p>\r\n<h2><strong>Covid\u00a019 Kapsam\u0131nda \u0130svi\u00e7re Vizesi ile \u0130lgili Son Durum\u00a0\u00a0<\/strong><\/h2>\r\n<p>Covid\u00a019 kurallar\u0131 kapsam\u0131nda vize i\u015flemlerinin ve yurt d\u0131\u015f\u0131 seyahatlerinin nas\u0131l yap\u0131laca\u011f\u0131 herkes taraf\u0131ndan merak edilmekte. Merak edilen \u00fclkelerden birisi de T\u00fcrkiye\u2019den s\u0131k\u00e7a seyahat yap\u0131lan\u00a0\u0130svi\u00e7re.\u00a0\u0130svi\u00e7re d\u0131\u015f temsilciliklerinden\u00a0covid\u00a019 kapsam\u0131nda yap\u0131lan en g\u00fcncel a\u00e7\u0131klama ise \u015f\u00f6yle:\u00a0<\/p>\r\n<p>\u0130svi\u00e7re d\u0131\u015f temsilcilikleri vize i\u015flemlerinin g\u00fcncel olarak devam etti\u011fini buna ek olarak\u00a0pandemi\u00a0kapsam\u0131nda \u00f6nlemler al\u0131nd\u0131\u011f\u0131n\u0131 da ekledi.\u00a0\u00a0<\/p>\r\n<h2><strong>\u0130svi\u00e7re Vizesi A\u00e7\u0131ld\u0131 M\u0131?\u00a0\u00a0<\/strong><\/h2>\r\n<ul>\r\n<li>Ki\u015filer\u00a026 Haziran 2021&#8217;den\u00a0itibaren\u00a0\u0130svi\u00e7re vize ba\u015fvuru i\u015flemlerini \u00f6nceden oldu\u011fu gibi y\u00fcr\u00fctebilecekler.\u00a0\u00a0<\/li>\r\n<li>\u0130svi\u00e7re vize i\u015flemlerinde aranan en \u00f6nemli \u015fart\u00a0Pfizer\/BionTech\u00a0ve\u00a0Sinovac\u00a0a\u015f\u0131lar\u0131ndan olmu\u015f olmak. \u0130ki doz Pfizer\/BionTech\u00a0ve\u00a0Sinovac\u00a0a\u015f\u0131s\u0131\u00a0olmayanlar\u0131n \u0130svi\u00e7re vize talepleri reddedilecek.\u00a0\u00a0<\/li>\r\n<\/ul>\r\n<h2><strong>\u00d6nemli Bilgiler:\u00a0\u00a0<\/strong><\/h2>\r\n<p>Ki\u015filerin seyahatleri i\u00e7in ibraz etmeleri gerekenler:\u00a0\u00a0<\/p>\r\n<ul>\r\n<li>Ki\u015filerin seyahatlerinden \u00f6nce 2 doz a\u015f\u0131 vurulmu\u015f olmal\u0131. A\u015f\u0131lar\u0131n vuruldu\u011funa dair a\u015f\u0131 karnesine i\u015flem yapt\u0131r\u0131lmal\u0131d\u0131r. Ki\u015filer a\u015f\u0131 karnelerini de ba\u015fvuru evraklar\u0131na eklemelidirler.\u00a0<\/li>\r\n<li>Negatif PCR testinin sonucu (maksimum 72 saat \u00f6ncesini g\u00f6steren) teslim edilmelidir.\u00a0<\/li>\r\n<li>Seyahatten\u00a0\u00f6nce PTC kay\u0131t formu\u00a0doldurulmal\u0131\u00a0ve\u00a0olarak ibraz edilmelidir.\u00a0<\/li>\r\n<li>Bir antijen testinin sonucu (var\u0131\u015ftan en az 48 saat \u00f6nce) teslim edilmelidir.\u00a0<\/li>\r\n<li>\u0130svi\u00e7re\u2019ye var\u0131\u015ftan sonra ki\u015filerin tekrar test yapmalar\u0131 istenmektedir.\u00a0<\/li>\r\n<\/ul>\r\n<p>Ki\u015filer \u0130svi\u00e7re i\u015flemleri i\u00e7in g\u00fcncel bilgiler alabilmek ad\u0131na \u0130svi\u00e7re d\u0131\u015f temsilcilikleri ile irtibata ge\u00e7ebilir ya da \u0130svi\u00e7re d\u0131\u015f temsilciliklerinin onaylad\u0131\u011f\u0131 temsilcilikler ve acentelerle g\u00f6r\u00fc\u015febilirler.\u00a0<\/p>\r\n","protected":false},"excerpt":{"rendered":"<p>\u0130svi\u00e7re Covid- 19 Vize Tedbirleri D\u00fcnyay\u0131 birka\u00e7 sene \u00f6nce etkisi alt\u0131na alan korona vir\u00fcs h\u0131zl\u0131 bir yay\u0131l\u0131m ile \u00fclkelere ciddi zararlar vermeye devam ediyor. \u0130\u00e7erisinde T\u00fcrkiye\u2019nin de bulundu\u011fu bir\u00e7ok \u00fclke her t\u00fcrl\u00fc alanda \u00e7ok ciddi vir\u00fcs tedbirleri alarak insanlar\u0131n bu hastal\u0131ktan en az zararla \u00e7\u0131kmas\u0131 i\u00e7in \u00e7aba g\u00f6steriyor. Ancak vir\u00fcs\u00fcn yay\u0131lmas\u0131 kar\u015f\u0131s\u0131nda al\u0131nan bir\u00e7ok tedbir<\/p>\n","protected":false},"author":1,"featured_media":0,"parent":0,"menu_order":0,"comment_status":"closed","ping_status":"closed","template":"","meta":{"footnotes":""},"class_list":["post-171","page","type-page","status-publish","hentry"],"yoast_head":"<!-- This site is optimized with the Yoast SEO plugin v24.0 - https:\/\/yoast.com\/wordpress\/plugins\/seo\/ -->\n<title>\u0130svi\u00e7re Vizesi COVID-19 Duyurular\u0131 - MyVize<\/title>\n<meta name=\"description\" content=\"\u0130svi\u00e7re vizesi duyurular\u0131 hakk\u0131nda g\u00fcncel haberler ve veriler i\u00e7in ileti\u015fime ge\u00e7ebilirsiniz. \u0130svi\u00e7re vizesi duyurular\u0131 nelerdir?\" \/>\n<meta name=\"robots\" content=\"index, follow, max-snippet:-1, max-image-preview:large, max-video-preview:-1\" \/>\n<link rel=\"canonical\" href=\"https:\/\/www.myvize.com.tr\/isvicre\/duyurular\/\" \/>\n<meta property=\"og:locale\" content=\"tr_TR\" \/>\n<meta property=\"og:type\" content=\"article\" \/>\n<meta property=\"og:title\" content=\"\u0130svi\u00e7re Vizesi COVID-19 Duyurular\u0131 - MyVize\" \/>\n<meta property=\"og:description\" content=\"\u0130svi\u00e7re vizesi duyurular\u0131 hakk\u0131nda g\u00fcncel haberler ve veriler i\u00e7in ileti\u015fime ge\u00e7ebilirsiniz. \u0130svi\u00e7re vizesi duyurular\u0131 nelerdir?\" \/>\n<meta property=\"og:url\" content=\"https:\/\/www.myvize.com.tr\/isvicre\/duyurular\/\" \/>\n<meta property=\"og:site_name\" content=\"\u0130svi\u00e7re Vizesi\" \/>\n<meta property=\"article:modified_time\" content=\"2022-04-13T18:46:45+00:00\" \/>\n<meta name=\"twitter:card\" content=\"summary_large_image\" \/>\n<meta name=\"twitter:label1\" content=\"Tahmini okuma s\u00fcresi\" \/>\n\t<meta name=\"twitter:data1\" content=\"3 dakika\" \/>\n<script type=\"application\/ld+json\" class=\"yoast-schema-graph\">{\"@context\":\"https:\/\/schema.org\",\"@graph\":[{\"@type\":\"WebPage\",\"@id\":\"https:\/\/www.myvize.com.tr\/isvicre\/duyurular\/\",\"url\":\"https:\/\/www.myvize.com.tr\/isvicre\/duyurular\/\",\"name\":\"\u0130svi\u00e7re Vizesi COVID-19 Duyurular\u0131 - MyVize\",\"isPartOf\":{\"@id\":\"https:\/\/www.myvize.com.tr\/isvicre\/#website\"},\"datePublished\":\"2021-06-04T09:00:28+00:00\",\"dateModified\":\"2022-04-13T18:46:45+00:00\",\"description\":\"\u0130svi\u00e7re vizesi duyurular\u0131 hakk\u0131nda g\u00fcncel haberler ve veriler i\u00e7in ileti\u015fime ge\u00e7ebilirsiniz. \u0130svi\u00e7re vizesi duyurular\u0131 nelerdir?\",\"breadcrumb\":{\"@id\":\"https:\/\/www.myvize.com.tr\/isvicre\/duyurular\/#breadcrumb\"},\"inLanguage\":\"tr\",\"potentialAction\":[{\"@type\":\"ReadAction\",\"target\":[\"https:\/\/www.myvize.com.tr\/isvicre\/duyurular\/\"]}]},{\"@type\":\"BreadcrumbList\",\"@id\":\"https:\/\/www.myvize.com.tr\/isvicre\/duyurular\/#breadcrumb\",\"itemListElement\":[{\"@type\":\"ListItem\",\"position\":1,\"name\":\"Anasayfa\",\"item\":\"https:\/\/www.myvize.com.tr\/isvicre\/\"},{\"@type\":\"ListItem\",\"position\":2,\"name\":\"DUYURULAR\"}]},{\"@type\":\"WebSite\",\"@id\":\"https:\/\/www.myvize.com.tr\/isvicre\/#website\",\"url\":\"https:\/\/www.myvize.com.tr\/isvicre\/\",\"name\":\"\u0130svi\u00e7re Vizesi\",\"description\":\"\",\"potentialAction\":[{\"@type\":\"SearchAction\",\"target\":{\"@type\":\"EntryPoint\",\"urlTemplate\":\"https:\/\/www.myvize.com.tr\/isvicre\/?s={search_term_string}\"},\"query-input\":{\"@type\":\"PropertyValueSpecification\",\"valueRequired\":true,\"valueName\":\"search_term_string\"}}],\"inLanguage\":\"tr\"}]}<\/script>\n<!-- \/ Yoast SEO plugin. -->","yoast_head_json":{"title":"\u0130svi\u00e7re Vizesi COVID-19 Duyurular\u0131 - MyVize","description":"\u0130svi\u00e7re vizesi duyurular\u0131 hakk\u0131nda g\u00fcncel haberler ve veriler i\u00e7in ileti\u015fime ge\u00e7ebilirsiniz. \u0130svi\u00e7re vizesi duyurular\u0131 nelerdir?","robots":{"index":"index","follow":"follow","max-snippet":"max-snippet:-1","max-image-preview":"max-image-preview:large","max-video-preview":"max-video-preview:-1"},"canonical":"https:\/\/www.myvize.com.tr\/isvicre\/duyurular\/","og_locale":"tr_TR","og_type":"article","og_title":"\u0130svi\u00e7re Vizesi COVID-19 Duyurular\u0131 - MyVize","og_description":"\u0130svi\u00e7re vizesi duyurular\u0131 hakk\u0131nda g\u00fcncel haberler ve veriler i\u00e7in ileti\u015fime ge\u00e7ebilirsiniz. \u0130svi\u00e7re vizesi duyurular\u0131 nelerdir?","og_url":"https:\/\/www.myvize.com.tr\/isvicre\/duyurular\/","og_site_name":"\u0130svi\u00e7re Vizesi","article_modified_time":"2022-04-13T18:46:45+00:00","twitter_card":"summary_large_image","twitter_misc":{"Tahmini okuma s\u00fcresi":"3 dakika"},"schema":{"@context":"https:\/\/schema.org","@graph":[{"@type":"WebPage","@id":"https:\/\/www.myvize.com.tr\/isvicre\/duyurular\/","url":"https:\/\/www.myvize.com.tr\/isvicre\/duyurular\/","name":"\u0130svi\u00e7re Vizesi COVID-19 Duyurular\u0131 - MyVize","isPartOf":{"@id":"https:\/\/www.myvize.com.tr\/isvicre\/#website"},"datePublished":"2021-06-04T09:00:28+00:00","dateModified":"2022-04-13T18:46:45+00:00","description":"\u0130svi\u00e7re vizesi duyurular\u0131 hakk\u0131nda g\u00fcncel haberler ve veriler i\u00e7in ileti\u015fime ge\u00e7ebilirsiniz. \u0130svi\u00e7re vizesi duyurular\u0131 nelerdir?","breadcrumb":{"@id":"https:\/\/www.myvize.com.tr\/isvicre\/duyurular\/#breadcrumb"},"inLanguage":"tr","potentialAction":[{"@type":"ReadAction","target":["https:\/\/www.myvize.com.tr\/isvicre\/duyurular\/"]}]},{"@type":"BreadcrumbList","@id":"https:\/\/www.myvize.com.tr\/isvicre\/duyurular\/#breadcrumb","itemListElement":[{"@type":"ListItem","position":1,"name":"Anasayfa","item":"https:\/\/www.myvize.com.tr\/isvicre\/"},{"@type":"ListItem","position":2,"name":"DUYURULAR"}]},{"@type":"WebSite","@id":"https:\/\/www.myvize.com.tr\/isvicre\/#website","url":"https:\/\/www.myvize.com.tr\/isvicre\/","name":"\u0130svi\u00e7re Vizesi","description":"","potentialAction":[{"@type":"SearchAction","target":{"@type":"EntryPoint","urlTemplate":"https:\/\/www.myvize.com.tr\/isvicre\/?s={search_term_string}"},"query-input":{"@type":"PropertyValueSpecification","valueRequired":true,"valueName":"search_term_string"}}],"inLanguage":"tr"}]}},"_links":{"self":[{"href":"https:\/\/www.myvize.com.tr\/isvicre\/wp-json\/wp\/v2\/pages\/171","targetHints":{"allow":["GET"]}}],"collection":[{"href":"https:\/\/www.myvize.com.tr\/isvicre\/wp-json\/wp\/v2\/pages"}],"about":[{"href":"https:\/\/www.myvize.com.tr\/isvicre\/wp-json\/wp\/v2\/types\/page"}],"author":[{"embeddable":true,"href":"https:\/\/www.myvize.com.tr\/isvicre\/wp-json\/wp\/v2\/users\/1"}],"replies":[{"embeddable":true,"href":"https:\/\/www.myvize.com.tr\/isvicre\/wp-json\/wp\/v2\/comments?post=171"}],"version-history":[{"count":5,"href":"https:\/\/www.myvize.com.tr\/isvicre\/wp-json\/wp\/v2\/pages\/171\/revisions"}],"predecessor-version":[{"id":784,"href":"https:\/\/www.myvize.com.tr\/isvicre\/wp-json\/wp\/v2\/pages\/171\/revisions\/784"}],"wp:attachment":[{"href":"https:\/\/www.myvize.com.tr\/isvicre\/wp-json\/wp\/v2\/media?parent=171"}],"curies":[{"name":"wp","href":"https:\/\/api.w.org\/{rel}","templated":true}]}}