{"id":290,"date":"2021-03-31T22:01:08","date_gmt":"2021-03-31T19:01:08","guid":{"rendered":"https:\/\/www.myvize.com.tr\/isvicre\/?page_id=290"},"modified":"2022-04-12T16:16:43","modified_gmt":"2022-04-12T13:16:43","slug":"isvicre-vize-ucreti","status":"publish","type":"page","link":"https:\/\/www.myvize.com.tr\/isvicre\/isvicre-vize-ucreti\/","title":{"rendered":"\u0130svi\u00e7re Vize \u00dccreti"},"content":{"rendered":"<p><span style=\"font-family: Roboto;\"><\/span><\/p>\r\n<div class=\"wp-block-group\"><div class=\"wp-block-group__inner-container\">\r\n<div class=\"wp-block-group__inner-container is-layout-flow wp-block-group-is-layout-flow\"><span style=\"font-family: Roboto;\"><\/span>\r\n<p><span style=\"font-family: Roboto; font-size: 14px;\">\u0130svi\u00e7re Avrupa\u2019n\u0131n en g\u00fczel \u00fclkelerinden biridir. Muazzam kayak merkezlerine sahip olmas\u0131 ve ya\u015fam \u015fartlar\u0131n\u0131n olduk\u00e7a iyi olmas\u0131 \u0130svi\u00e7re\u2019yi beklenilenden \u00e7ok daha iyi standartlarda bir \u00fclke haline getiriyor.<\/span><\/p>\r\n<span style=\"font-family: Roboto; font-size: 14px;\">\r\n\r\n<\/span>\r\n<p><span style=\"font-family: Roboto; font-size: 14px;\">Her sene \u0130svi\u00e7re\u2019de turizm ama\u00e7l\u0131 olarak ya da orada temelli kal\u0131c\u0131 kalmak i\u00e7in gitmek isteyen bir\u00e7ok insan bulunuyor. Bu onunla birlikte ki\u015filerin bu \u00fclkeye yerle\u015fe bilmesi ya da sadece belirli bir s\u00fcre i\u00e7in gidebilmesi i\u00e7in vize almas\u0131 gerekmektedir.<\/span><\/p>\r\n<span style=\"font-family: Roboto; font-size: 14px;\">\r\n\r\n<\/span>\r\n<p><span style=\"font-family: Roboto; font-size: 14px;\"><span style=\"color: #2acec2;\"><strong><a style=\"color: #2acec2;\" href=\"https:\/\/www.myvize.com.tr\/isvicre\/vize-islemleri\/isvicre-vizesi\/\" target=\"_blank\" rel=\"noopener\">\u0130svi\u00e7re vizesi <\/a><\/strong><\/span>\u00fccretleri ile ki\u015filer olduk\u00e7a h\u0131zl\u0131 bir \u015fekilde i\u015flemlerini tamamlayabilir ve seyahatlerini tam zaman\u0131nda ger\u00e7ekle\u015ftirebilirler. <strong>\u0130svi\u00e7re vize \u00fccretleri<\/strong> konusunda da ki\u015filerin \u00f6nceden bilgi sahibi olmas\u0131 i\u015flemlerini kusursuz yap\u0131lmas\u0131nda b\u00fcy\u00fck \u00f6nem ta\u015f\u0131maktad\u0131r.<\/span><\/p>\r\n<span style=\"font-family: Roboto; font-size: 14px;\">\r\n\r\n<\/span>\r\n<h2><span style=\"font-family: Roboto; font-size: 27px;\"><strong>\u0130svi\u00e7re Vize \u0130\u015flemleri Nas\u0131l Yap\u0131lmal\u0131d\u0131r?<\/strong><\/span><\/h2>\r\n<span style=\"font-family: Roboto; font-size: 14px;\">\r\n\r\n<\/span>\r\n<p><span style=\"font-family: Roboto; font-size: 14px;\"><strong>\u0130svi\u00e7re vize<\/strong> i\u015flemlerinin yap\u0131labilmesi i\u00e7in \u00f6ncelikle evrak hakk\u0131nda bilgi sahibi olman\u0131z gerekiyor. Ki\u015filerin bu s\u00fcre\u00e7te doldurmas\u0131 gereken ba\u015fvuru formunda t\u00fcm bilgiler detayl\u0131 olarak istenmektedir. \u00d6\u011frenci \u00e7al\u0131\u015fan ev han\u0131m\u0131 emekli gibi farkl\u0131 sosyal stat\u00fclerde olan ki\u015filerin bilgilerini kendi bulunduklar\u0131 duruma g\u00f6re doldurmalar\u0131 gerekmektedir.<\/span><\/p>\r\n<span style=\"font-family: Roboto; font-size: 14px;\">\r\n\r\n<\/span>\r\n<p><span style=\"font-family: Roboto; font-size: 14px;\">T\u00fcm bilgilerin eksiksiz ve do\u011fru olmas\u0131 bu s\u00fcre\u00e7te en \u00f6nemli kriterlerden biridir. Vize \u00fccretleri belirli ko\u015fullar alt\u0131nda belirleniyor. Bu \u00fccretlerin her sene g\u00fcncellendi\u011fi ki\u015filerin akl\u0131ndan \u00e7\u0131karmamas\u0131 gereken bir bilgidir. Ge\u00e7en sene ald\u0131\u011f\u0131n\u0131z bir vize i\u00e7in \u00f6dedi\u011finiz \u00fccret bir sonraki sene ayn\u0131 olmayacakt\u0131r. Bu nedenle vize i\u015flemi yapt\u0131rmadan \u00f6nce her konuda g\u00fcncel verilere sahip olman\u0131z gerekmektedir.<\/span><\/p>\r\n<span style=\"font-family: Roboto; font-size: 14px;\">\r\n\r\n<\/span>\r\n<p><span style=\"font-family: Roboto; font-size: 14px;\">Vize \u00fccreti yat\u0131rmadan \u00f6nce randevu i\u015flemlerini de tamamlaman\u0131z gerekiyor. Bazen kurumlar \u00e7ok yo\u011fun oldu\u011funda randevu alma konusunda zorluklar ya\u015fayabilirsiniz. Bu nedenle mutlaka vize i\u015flemleri i\u00e7in randevu al\u0131m\u0131na \u00f6ncelik vermeniz gerekiyor.<\/span><\/p>\r\n<span style=\"font-family: Roboto; font-size: 14px;\"> <img decoding=\"async\" src=\"https:\/\/www.myvize.com.tr\/isvicre\/wp-content\/uploads\/2021\/10\/20.jpg\" \/> <\/span>\r\n<h2><span style=\"font-family: Roboto; font-size: 27px;\"><strong>\u0130svi\u00e7re Vize \u00dccreti Ne Kadar?<\/strong><\/span><\/h2>\r\n<span style=\"font-family: Roboto; font-size: 14px;\">\r\n\r\n<\/span>\r\n<p><span style=\"font-family: Roboto; font-size: 14px;\"><strong>\u0130svi\u00e7re vize \u00fccreti<\/strong> ki\u015filerin \u00f6demesi zorunlu bir \u00fccrettir. Bunun i\u00e7in tek bir fiyat belirlenmi\u015ftir. <strong>\u0130svi\u00e7re vize harc<\/strong>\u0131 80 Euro olarak yat\u0131r\u0131lmak zorundad\u0131r. Bu yat\u0131r\u0131m sonras\u0131nda mutlaka ilgili bankan\u0131n ad\u0131n\u0131n yazd\u0131\u011f\u0131 bir dekont alman\u0131z gerekiyor. Dekontun \u00fczerinde \u0131slak imza olmas\u0131 gerekiyor. Bunun yan\u0131nda ki\u015filer mutlaka 30 bin Euro teminatl\u0131 bir seyahat sa\u011fl\u0131k sigortas\u0131 da yapt\u0131rmak zorundad\u0131r. Bu seyahat sa\u011fl\u0131k sigortas\u0131n\u0131n da mutlaka t\u00fcm seyahat s\u00fcresini kapsamas\u0131 son derece \u00f6nemlidir.<\/span><\/p>\r\n<span style=\"font-family: Roboto; font-size: 14px;\"><\/span><\/div>\r\n<\/div><\/div>\r\n<p><span style=\"font-family: Roboto; font-size: 14px;\">\r\n\r\n<\/span><\/p>\r\n<p><span style=\"font-family: Roboto; font-size: 14px;\">\u0130svi\u00e7re Avrupa\u2019n\u0131n en g\u00fczel \u00fclkelerinden biridir. Muazzam kayak merkezlerine sahip olmas\u0131 ve ya\u015fam \u015fartlar\u0131n\u0131n olduk\u00e7a iyi olmas\u0131 \u0130svi\u00e7re\u2019yi beklenilenden \u00e7ok daha iyi standartlarda bir \u00fclke haline getiriyor.<\/span><\/p>\r\n<p><span style=\"font-family: Roboto; font-size: 14px;\">\r\n\r\n<\/span><\/p>\r\n<p><span style=\"font-family: Roboto; font-size: 14px;\">Her sene \u0130svi\u00e7re\u2019de turizm ama\u00e7l\u0131 olarak ya da orada temelli kal\u0131c\u0131 kalmak i\u00e7in gitmek isteyen bir\u00e7ok insan bulunuyor. Bu onunla birlikte ki\u015filerin bu \u00fclkeye yerle\u015fe bilmesi ya da sadece belirli bir s\u00fcre i\u00e7in gidebilmesi i\u00e7in vize almas\u0131 gerekmektedir.<\/span><\/p>\r\n<p><span style=\"font-family: Roboto; font-size: 14px;\">\r\n\r\n<\/span><\/p>\r\n<p><span style=\"font-family: Roboto; font-size: 14px;\"><strong>\u0130svi\u00e7re vize \u00fccretleri<\/strong> ile ki\u015filer olduk\u00e7a h\u0131zl\u0131 bir \u015fekilde i\u015flemlerini tamamlayabilir ve seyahatlerini tam zaman\u0131nda ger\u00e7ekle\u015ftirebilirler. \u0130svi\u00e7re vize \u00fccretleri konusunda da ki\u015filerin \u00f6nceden bilgi sahibi olmas\u0131 i\u015flemlerini kusursuz yap\u0131lmas\u0131nda b\u00fcy\u00fck \u00f6nem ta\u015f\u0131maktad\u0131r.<\/span><\/p>\r\n<p><span style=\"font-family: Roboto; font-size: 14px;\">\r\n\r\n<\/span><\/p>\r\n<p><span style=\"font-family: Roboto; font-size: 14px;\">\r\n\r\n<\/span><\/p>\r\n<p><span style=\"font-family: Roboto;\"><\/span><\/p>","protected":false},"excerpt":{"rendered":"<p>\u0130svi\u00e7re Avrupa\u2019n\u0131n en g\u00fczel \u00fclkelerinden biridir. Muazzam kayak merkezlerine sahip olmas\u0131 ve ya\u015fam \u015fartlar\u0131n\u0131n olduk\u00e7a iyi olmas\u0131 \u0130svi\u00e7re\u2019yi beklenilenden \u00e7ok daha iyi standartlarda bir \u00fclke haline getiriyor. Her sene \u0130svi\u00e7re\u2019de turizm ama\u00e7l\u0131 olarak ya da orada temelli kal\u0131c\u0131 kalmak i\u00e7in gitmek isteyen bir\u00e7ok insan bulunuyor. Bu onunla birlikte ki\u015filerin bu \u00fclkeye yerle\u015fe bilmesi ya da<\/p>\n","protected":false},"author":1,"featured_media":0,"parent":0,"menu_order":0,"comment_status":"open","ping_status":"closed","template":"","meta":{"footnotes":""},"class_list":["post-290","page","type-page","status-publish","hentry"],"yoast_head":"<!-- This site is optimized with the Yoast SEO plugin v24.0 - https:\/\/yoast.com\/wordpress\/plugins\/seo\/ -->\n<title>\u0130svi\u00e7re Vize \u00dccreti - \u0130svi\u00e7re Vize Randevusu - MyVize<\/title>\n<meta name=\"description\" content=\"\u0130svi\u00e7re vizesi \u00fccreti hakk\u0131nda bilgi i\u00e7in ileti\u015fime ge\u00e7ebilirsiniz. \u0130svi\u00e7re vize \u00fccreti vize tipine g\u00f6re de\u011fi\u015fiklik g\u00f6sterebilir.\" \/>\n<meta name=\"robots\" content=\"index, follow, max-snippet:-1, max-image-preview:large, max-video-preview:-1\" \/>\n<link rel=\"canonical\" href=\"https:\/\/www.myvize.com.tr\/isvicre\/isvicre-vize-ucreti\/\" \/>\n<meta property=\"og:locale\" content=\"tr_TR\" \/>\n<meta property=\"og:type\" content=\"article\" \/>\n<meta property=\"og:title\" content=\"\u0130svi\u00e7re Vize \u00dccreti - \u0130svi\u00e7re Vize Randevusu - MyVize\" \/>\n<meta property=\"og:description\" content=\"\u0130svi\u00e7re vizesi \u00fccreti hakk\u0131nda bilgi i\u00e7in ileti\u015fime ge\u00e7ebilirsiniz. \u0130svi\u00e7re vize \u00fccreti vize tipine g\u00f6re de\u011fi\u015fiklik g\u00f6sterebilir.\" \/>\n<meta property=\"og:url\" content=\"https:\/\/www.myvize.com.tr\/isvicre\/isvicre-vize-ucreti\/\" \/>\n<meta property=\"og:site_name\" content=\"\u0130svi\u00e7re Vizesi\" \/>\n<meta property=\"article:modified_time\" content=\"2022-04-12T13:16:43+00:00\" \/>\n<meta property=\"og:image\" content=\"https:\/\/www.myvize.com.tr\/isvicre\/wp-content\/uploads\/2021\/10\/20.jpg\" \/>\n<meta name=\"twitter:card\" content=\"summary_large_image\" \/>\n<meta name=\"twitter:label1\" content=\"Tahmini okuma s\u00fcresi\" \/>\n\t<meta name=\"twitter:data1\" content=\"2 dakika\" \/>\n<script type=\"application\/ld+json\" class=\"yoast-schema-graph\">{\"@context\":\"https:\/\/schema.org\",\"@graph\":[{\"@type\":\"WebPage\",\"@id\":\"https:\/\/www.myvize.com.tr\/isvicre\/isvicre-vize-ucreti\/\",\"url\":\"https:\/\/www.myvize.com.tr\/isvicre\/isvicre-vize-ucreti\/\",\"name\":\"\u0130svi\u00e7re Vize \u00dccreti - \u0130svi\u00e7re Vize Randevusu - MyVize\",\"isPartOf\":{\"@id\":\"https:\/\/www.myvize.com.tr\/isvicre\/#website\"},\"primaryImageOfPage\":{\"@id\":\"https:\/\/www.myvize.com.tr\/isvicre\/isvicre-vize-ucreti\/#primaryimage\"},\"image\":{\"@id\":\"https:\/\/www.myvize.com.tr\/isvicre\/isvicre-vize-ucreti\/#primaryimage\"},\"thumbnailUrl\":\"https:\/\/www.myvize.com.tr\/isvicre\/wp-content\/uploads\/2021\/10\/20.jpg\",\"datePublished\":\"2021-03-31T19:01:08+00:00\",\"dateModified\":\"2022-04-12T13:16:43+00:00\",\"description\":\"\u0130svi\u00e7re vizesi \u00fccreti hakk\u0131nda bilgi i\u00e7in ileti\u015fime ge\u00e7ebilirsiniz. \u0130svi\u00e7re vize \u00fccreti vize tipine g\u00f6re de\u011fi\u015fiklik g\u00f6sterebilir.\",\"breadcrumb\":{\"@id\":\"https:\/\/www.myvize.com.tr\/isvicre\/isvicre-vize-ucreti\/#breadcrumb\"},\"inLanguage\":\"tr\",\"potentialAction\":[{\"@type\":\"ReadAction\",\"target\":[\"https:\/\/www.myvize.com.tr\/isvicre\/isvicre-vize-ucreti\/\"]}]},{\"@type\":\"ImageObject\",\"inLanguage\":\"tr\",\"@id\":\"https:\/\/www.myvize.com.tr\/isvicre\/isvicre-vize-ucreti\/#primaryimage\",\"url\":\"https:\/\/www.myvize.com.tr\/isvicre\/wp-content\/uploads\/2021\/10\/20.jpg\",\"contentUrl\":\"https:\/\/www.myvize.com.tr\/isvicre\/wp-content\/uploads\/2021\/10\/20.jpg\",\"width\":800,\"height\":500,\"caption\":\"\u0130svi\u00e7re Vize \u00dccreti\"},{\"@type\":\"BreadcrumbList\",\"@id\":\"https:\/\/www.myvize.com.tr\/isvicre\/isvicre-vize-ucreti\/#breadcrumb\",\"itemListElement\":[{\"@type\":\"ListItem\",\"position\":1,\"name\":\"Anasayfa\",\"item\":\"https:\/\/www.myvize.com.tr\/isvicre\/\"},{\"@type\":\"ListItem\",\"position\":2,\"name\":\"\u0130svi\u00e7re Vize \u00dccreti\"}]},{\"@type\":\"WebSite\",\"@id\":\"https:\/\/www.myvize.com.tr\/isvicre\/#website\",\"url\":\"https:\/\/www.myvize.com.tr\/isvicre\/\",\"name\":\"\u0130svi\u00e7re Vizesi\",\"description\":\"\",\"potentialAction\":[{\"@type\":\"SearchAction\",\"target\":{\"@type\":\"EntryPoint\",\"urlTemplate\":\"https:\/\/www.myvize.com.tr\/isvicre\/?s={search_term_string}\"},\"query-input\":{\"@type\":\"PropertyValueSpecification\",\"valueRequired\":true,\"valueName\":\"search_term_string\"}}],\"inLanguage\":\"tr\"}]}<\/script>\n<!-- \/ Yoast SEO plugin. -->","yoast_head_json":{"title":"\u0130svi\u00e7re Vize \u00dccreti - \u0130svi\u00e7re Vize Randevusu - MyVize","description":"\u0130svi\u00e7re vizesi \u00fccreti hakk\u0131nda bilgi i\u00e7in ileti\u015fime ge\u00e7ebilirsiniz. \u0130svi\u00e7re vize \u00fccreti vize tipine g\u00f6re de\u011fi\u015fiklik g\u00f6sterebilir.","robots":{"index":"index","follow":"follow","max-snippet":"max-snippet:-1","max-image-preview":"max-image-preview:large","max-video-preview":"max-video-preview:-1"},"canonical":"https:\/\/www.myvize.com.tr\/isvicre\/isvicre-vize-ucreti\/","og_locale":"tr_TR","og_type":"article","og_title":"\u0130svi\u00e7re Vize \u00dccreti - \u0130svi\u00e7re Vize Randevusu - MyVize","og_description":"\u0130svi\u00e7re vizesi \u00fccreti hakk\u0131nda bilgi i\u00e7in ileti\u015fime ge\u00e7ebilirsiniz. \u0130svi\u00e7re vize \u00fccreti vize tipine g\u00f6re de\u011fi\u015fiklik g\u00f6sterebilir.","og_url":"https:\/\/www.myvize.com.tr\/isvicre\/isvicre-vize-ucreti\/","og_site_name":"\u0130svi\u00e7re Vizesi","article_modified_time":"2022-04-12T13:16:43+00:00","og_image":[{"url":"https:\/\/www.myvize.com.tr\/isvicre\/wp-content\/uploads\/2021\/10\/20.jpg","type":"","width":"","height":""}],"twitter_card":"summary_large_image","twitter_misc":{"Tahmini okuma s\u00fcresi":"2 dakika"},"schema":{"@context":"https:\/\/schema.org","@graph":[{"@type":"WebPage","@id":"https:\/\/www.myvize.com.tr\/isvicre\/isvicre-vize-ucreti\/","url":"https:\/\/www.myvize.com.tr\/isvicre\/isvicre-vize-ucreti\/","name":"\u0130svi\u00e7re Vize \u00dccreti - \u0130svi\u00e7re Vize Randevusu - MyVize","isPartOf":{"@id":"https:\/\/www.myvize.com.tr\/isvicre\/#website"},"primaryImageOfPage":{"@id":"https:\/\/www.myvize.com.tr\/isvicre\/isvicre-vize-ucreti\/#primaryimage"},"image":{"@id":"https:\/\/www.myvize.com.tr\/isvicre\/isvicre-vize-ucreti\/#primaryimage"},"thumbnailUrl":"https:\/\/www.myvize.com.tr\/isvicre\/wp-content\/uploads\/2021\/10\/20.jpg","datePublished":"2021-03-31T19:01:08+00:00","dateModified":"2022-04-12T13:16:43+00:00","description":"\u0130svi\u00e7re vizesi \u00fccreti hakk\u0131nda bilgi i\u00e7in ileti\u015fime ge\u00e7ebilirsiniz. \u0130svi\u00e7re vize \u00fccreti vize tipine g\u00f6re de\u011fi\u015fiklik g\u00f6sterebilir.","breadcrumb":{"@id":"https:\/\/www.myvize.com.tr\/isvicre\/isvicre-vize-ucreti\/#breadcrumb"},"inLanguage":"tr","potentialAction":[{"@type":"ReadAction","target":["https:\/\/www.myvize.com.tr\/isvicre\/isvicre-vize-ucreti\/"]}]},{"@type":"ImageObject","inLanguage":"tr","@id":"https:\/\/www.myvize.com.tr\/isvicre\/isvicre-vize-ucreti\/#primaryimage","url":"https:\/\/www.myvize.com.tr\/isvicre\/wp-content\/uploads\/2021\/10\/20.jpg","contentUrl":"https:\/\/www.myvize.com.tr\/isvicre\/wp-content\/uploads\/2021\/10\/20.jpg","width":800,"height":500,"caption":"\u0130svi\u00e7re Vize \u00dccreti"},{"@type":"BreadcrumbList","@id":"https:\/\/www.myvize.com.tr\/isvicre\/isvicre-vize-ucreti\/#breadcrumb","itemListElement":[{"@type":"ListItem","position":1,"name":"Anasayfa","item":"https:\/\/www.myvize.com.tr\/isvicre\/"},{"@type":"ListItem","position":2,"name":"\u0130svi\u00e7re Vize \u00dccreti"}]},{"@type":"WebSite","@id":"https:\/\/www.myvize.com.tr\/isvicre\/#website","url":"https:\/\/www.myvize.com.tr\/isvicre\/","name":"\u0130svi\u00e7re Vizesi","description":"","potentialAction":[{"@type":"SearchAction","target":{"@type":"EntryPoint","urlTemplate":"https:\/\/www.myvize.com.tr\/isvicre\/?s={search_term_string}"},"query-input":{"@type":"PropertyValueSpecification","valueRequired":true,"valueName":"search_term_string"}}],"inLanguage":"tr"}]}},"_links":{"self":[{"href":"https:\/\/www.myvize.com.tr\/isvicre\/wp-json\/wp\/v2\/pages\/290","targetHints":{"allow":["GET"]}}],"collection":[{"href":"https:\/\/www.myvize.com.tr\/isvicre\/wp-json\/wp\/v2\/pages"}],"about":[{"href":"https:\/\/www.myvize.com.tr\/isvicre\/wp-json\/wp\/v2\/types\/page"}],"author":[{"embeddable":true,"href":"https:\/\/www.myvize.com.tr\/isvicre\/wp-json\/wp\/v2\/users\/1"}],"replies":[{"embeddable":true,"href":"https:\/\/www.myvize.com.tr\/isvicre\/wp-json\/wp\/v2\/comments?post=290"}],"version-history":[{"count":9,"href":"https:\/\/www.myvize.com.tr\/isvicre\/wp-json\/wp\/v2\/pages\/290\/revisions"}],"predecessor-version":[{"id":751,"href":"https:\/\/www.myvize.com.tr\/isvicre\/wp-json\/wp\/v2\/pages\/290\/revisions\/751"}],"wp:attachment":[{"href":"https:\/\/www.myvize.com.tr\/isvicre\/wp-json\/wp\/v2\/media?parent=290"}],"curies":[{"name":"wp","href":"https:\/\/api.w.org\/{rel}","templated":true}]}}