{"id":30,"date":"2020-11-30T12:39:12","date_gmt":"2020-11-30T09:39:12","guid":{"rendered":"https:\/\/www.myvize.com.tr\/isvicre\/?page_id=30"},"modified":"2022-04-12T15:43:56","modified_gmt":"2022-04-12T12:43:56","slug":"isvicre-vizesi","status":"publish","type":"page","link":"https:\/\/www.myvize.com.tr\/isvicre\/vize-islemleri\/isvicre-vizesi\/","title":{"rendered":"\u0130svi\u00e7re Vizesi"},"content":{"rendered":"<p><span style=\"font-family: Roboto;\"><\/span><\/p>\r\n<p><span style=\"font-family: Roboto; font-size: 14px;\">\r\n\r\n<\/span><\/p>\r\n<p style=\"font-size: 14px;\"><span style=\"font-family: Roboto; font-size: 14px;\">\u0130svi\u00e7re de 26 \u00fclkenin bulundu\u011fu schengen b\u00f6lgesi i\u00e7indedir.\u00a0<strong>\u0130svi\u00e7re schengen vizesi<\/strong>\u00a0sahibi vatanda\u015flar, Bel\u00e7ika, Avusturya, Danimarka, \u00c7ek Cumhuriyeti, Finlandiya, Fransa, Estonya, Almanya, \u0130sve\u00e7, \u0130spanya, Slovenya, Slovakya, Portekiz, Polonya, Norve\u00e7, Hollanda, L\u00fcksemburg, Malta, Litvanya, Letonya, \u0130zlanda, \u0130talya, Macaristan ve Yunanistan\u2019a schengen vizesi ile seyahat edebilirler. \u0130svi\u00e7re schengen vizesine sahip ki\u015filerin seyahatlerinin \u0130svi\u00e7re\u2019den ba\u015flamas\u0131 zorunludur. \u00a0<\/span><\/p>\r\n<p><span style=\"font-family: Roboto; font-size: 14px;\">\r\n\r\n<\/span><\/p>\r\n<p style=\"font-size: 14px;\"><span style=\"font-family: Roboto; font-size: 14px;\"><strong>\u0130svi\u00e7re vizesi<\/strong>\u00a0alacak vatanda\u015flar ilk olarak randevu almal\u0131d\u0131rlar. \u00dclkeye gidi\u015f amac\u0131na g\u00f6re farkl\u0131 vize \u00e7e\u015fitleri mevcuttur. K\u0131sa s\u00fcreli ya da uzun s\u00fcreli al\u0131nacak vizeler de farkl\u0131l\u0131k g\u00f6stermektedir<strong>. \u0130svi\u00e7re vize ba\u015fvurusu<\/strong>\u00a0yaparken ve <a href=\"https:\/\/www.myvize.com.tr\/isvicre\/form-ve-dilekce\/isvicre-vize-basvuru-formu\/\" target=\"_blank\" rel=\"noreferrer noopener\"><strong><span class=\"has-inline-color\" style=\"color: #2acec2;\">\u0130svi\u00e7re vize ba\u015fvuru formu<\/span> <\/strong><\/a>doldururken t\u00fcm bu noktalara dikkat etmek \u00f6nemli bir husustur. Schengen vizesi 90 g\u00fcnl\u00fck bir s\u00fcreyi kapsad\u0131\u011f\u0131ndan \u00fclkede uzun s\u00fcre kalmay\u0131 planlayan ki\u015filer i\u00e7in uygun bir se\u00e7im de\u011fildir. \u0130svi\u00e7re vize ba\u015fvurusu yapmadan \u00f6nce randevu al\u0131rken T\u00fcrkiye ve \u0130svi\u00e7re\u2019nin resm\u00ee tatil g\u00fcnlerini takip etmek gerekir. \u0130svi\u00e7re\u2019ye gidecek olan T.C. vatanda\u015flar\u0131 \u0130svi\u00e7re Konsoloslu\u011fu\u2019na ya da konsolosluk taraf\u0131ndan yetki verilmi\u015f kurumlara yahut vize dan\u0131\u015fma merkezleri ve seyahat acentelerine ba\u015fvurular\u0131n\u0131 yapabilirler. Konsolosluklar k\u0131sa s\u00fcre i\u00e7in yap\u0131lan vizeleri do\u011frudan kabul etmediklerinden ba\u015fka kurumlara sizi aktarabilmektedir. Uzun s\u00fcreli vize i\u015flemleri konsolosluk taraf\u0131ndan \u015fahsi bir bi\u00e7imde yap\u0131lmaktad\u0131r. Yap\u0131lan ba\u015fvuru yetki verilmi\u015f kurumlar taraf\u0131ndan yap\u0131lmas\u0131na ra\u011fmen ba\u015fvuru de\u011ferlendirme i\u015flemi<strong> \u0130svi\u00e7re Konsoloslu\u011fu<\/strong> taraf\u0131ndan yap\u0131lmaktad\u0131r. Ba\u015fvuru esnas\u0131nda biometri i\u015flemi ise zorunlu bir i\u015flem olmakla birlikte g\u00fcvenlik a\u00e7\u0131s\u0131ndan \u00f6nemli bir ad\u0131md\u0131r.<\/span><\/p>\r\n<h2><strong><span style=\"font-family: Roboto; font-size: 27px;\">\u0130svi\u00e7re Vizesi Nedir?<\/span><\/strong><\/h2>\r\n<p><span style=\"font-family: Roboto; font-size: 14px;\"><strong>\u0130svi\u00e7re\u2019ye seyahat etmek<\/strong> isteyen ki\u015filer, \u0130svi\u00e7re vize muafiyeti bulunmuyorsa seyahatlerini ger\u00e7ekle\u015ftirebilmek i\u00e7in \u0130svi\u00e7re vizesi almal\u0131d\u0131r. \u0130svi\u00e7re vizesi alacak olan ki\u015filer, \u0130svi\u00e7re vizesinin ne oldu\u011funu merak etmektedir. Bu yaz\u0131da \u0130svi\u00e7re vizesi alacak olan ki\u015filer i\u00e7in \u201c\u0130svi\u00e7re vizesi nedir?\u201d sorusu hakk\u0131nda cevap verilmi\u015ftir.<\/span><\/p>\r\n<p><span style=\"font-family: Roboto; font-size: 14px;\"><strong>\u0130svi\u00e7re vizesi,<\/strong> \u0130svi\u00e7re\u2019ye yal olarak seyahat etmenizde herhangi bir sorun olmad\u0131\u011f\u0131n\u0131 g\u00f6steren izin belgesidir. \u0130svi\u00e7re vizesi verme yetkisi \u0130svi\u00e7re\u2019nin D\u0131\u015fi\u015fleri Bakanl\u0131\u011f\u0131 taraf\u0131ndan yetkilendirilmi\u015f \u0130svi\u00e7re temsilciliklerine aittir.<\/span><\/p>\r\n<p><span style=\"font-family: Roboto; font-size: 14px;\">\u0130svi\u00e7re vizesi, \u0130svi\u00e7re\u2019ye girilmesi i\u00e7in al\u0131nmas\u0131 gereken izin belgesidir. \u00dclkede 90 g\u00fcnden daha fazla s\u00fcre ile kal\u0131nacak ise \u0130svi\u00e7re k\u0131sa s\u00fcreli yani Schengen vizesi al\u0131nmal\u0131d\u0131r. 90 g\u00fcnden uzun s\u00fcrecek olan seyahatler i\u00e7in ise \u0130svi\u00e7re uzun s\u00fcreli yani ulusal vize ba\u015fvurusu yapman\u0131z gerekmektedir.<\/span><\/p>\r\n<p><span style=\"font-family: Roboto; font-size: 14px;\"><strong>\u0130svi\u00e7re vizesi,<\/strong> yetkilendirilmi\u015f \u0130svi\u00e7re temsilcilikleri taraf\u0131ndan verilmektedir. \u0130svi\u00e7re\u2019ye giri\u015f yapabilmek i\u00e7in al\u0131nmas\u0131 zorunludur. Ancak \u0130svi\u00e7re vize muafiyeti olan ki\u015filerin \u0130svi\u00e7re seyahati i\u00e7in vize almas\u0131na gerek bulunmamaktad\u0131r.<\/span><\/p>\r\n<p><span style=\"font-family: Roboto; font-size: 14px;\">\u0130svi\u00e7reli yetkililer taraf\u0131ndan incelenen<strong> \u0130svi\u00e7re vize ba\u015fvurular\u0131<\/strong> olumlu sonu\u00e7lan\u0131rsa \u0130svi\u00e7re vize ba\u015fvuru sahibinin pasaportuna bas\u0131lmaktad\u0131r. B\u00f6ylece \u0130svi\u00e7re\u2019ye seyahat edebilirsiniz.<\/span><\/p>\r\n<h2><span style=\"font-family: Roboto; font-size: 27px;\"><strong>\u0130svi\u00e7re Vizesi Alma<\/strong><\/span><\/h2>\r\n<p><span style=\"font-family: Roboto; font-size: 14px;\">Schengen b\u00f6lgesinde bulunan \u00fclkelerden birisi olan \u0130svi\u00e7re vizesi i\u00e7in hangi \u015fartlar\u0131 yerine getirece\u011finizi sizlerle payla\u015fmaktay\u0131z. Hizmet, Hususi veya Diplomatik vizeye sahip olan ki\u015filerin 180 g\u00fcnl\u00fck s\u00fcre\u00e7te 90 g\u00fcn\u00fc a\u015fmamak \u00fczere muafiyetleri bulunmaktad\u0131r. Ancak bordo pasaport sahibi olan T\u00fcrk vatanda\u015flar\u0131 \u00e7e\u015fitli sebeplerle \u0130svi\u00e7re\u2019ye gitmek istediklerinde vize almak zorundad\u0131r. Bu sebepler turistik, ticari, ziyaret, aile birle\u015fimi, transit gibi veya \u00f6\u011frenci olmay\u0131 kapsayabilir. Ba\u015fvurular\u0131n\u0131z\u0131 inceleyerek tek merci olan Konsolosluk yetkilendirdi\u011fi acenteler arac\u0131l\u0131\u011f\u0131yla ba\u015fvurular\u0131 kabul etmektedir. Bu nedenle sizler de<strong> \u0130svi\u00e7re Vize Ba\u015fvurusu<\/strong> i\u00e7in nas\u0131l bir ad\u0131m atman\u0131z gerekti\u011fini hemen \u00f6\u011frenebilirsiniz. Doldurulmas\u0131 gereken ba\u015fvuru formunun detaylar\u0131n\u0131 dikkatle inceleyebilece\u011finizi aktar\u0131yoruz.<\/span><\/p>\r\n<h2><strong><span style=\"font-family: Roboto; font-size: 27px;\">\u0130svi\u00e7re Vizesi Ka\u00e7 G\u00fcnde \u00c7\u0131kar?<\/span><\/strong><\/h2>\r\n<p><span style=\"font-family: Roboto; font-size: 14px;\">\u0130svi\u00e7re\u2019ye seyahat edecek olan ki\u015filer, \u0130svi\u00e7re seyahatlerini ger\u00e7ekle\u015ftirebilmek i\u00e7in vize almal\u0131d\u0131r. <strong>\u0130svi\u00e7re vizesi<\/strong> alacak olan ki\u015filer, \u0130svi\u00e7re vizesinin ne kadar s\u00fcrede sonu\u00e7lanaca\u011f\u0131n\u0131 merak etmekte ve seyahatlerini buna g\u00f6re d\u00fczenlemektedir. Bu yaz\u0131da \u0130svi\u00e7re\u2019ye seyahat etmek isteyen ki\u015filer i\u00e7in \u201c\u0130svi\u00e7re vizesi ka\u00e7 g\u00fcnde \u00e7\u0131kar sorusunun cevab\u0131 verilmi\u015ftir.<\/span><\/p>\r\n<p><span style=\"font-family: Roboto; font-size: 14px;\"><strong>\u0130svi\u00e7re vize ba\u015fvurular\u0131<\/strong> vize t\u00fcr\u00fcne, ba\u015fvuru sahibinin ya\u015f\u0131na, e\u011fitim durumuna, mesle\u011fine, seyahat amac\u0131na, \u0130svi\u00e7re\u2019de kalaca\u011f\u0131 s\u00fcreye g\u00f6re farkl\u0131l\u0131k g\u00f6stermektedir. \u0130svi\u00e7re vizesi ba\u015fvurular\u0131n\u0131n sonu\u00e7lanmas\u0131 her ne kadar farkl\u0131l\u0131k g\u00f6sterse de k\u0131sa s\u00fcreli vize ba\u015fvurular\u0131 ortalama olarak 1 hafta i\u00e7erisinde, ulusal \u0130svi\u00e7re vize ba\u015fvurular\u0131 ise ortalama 30 g\u00fcn i\u00e7erisinde sonu\u00e7lanmaktad\u0131r.<\/span><\/p>\r\n<p><span style=\"font-family: Roboto; font-size: 14px;\">\u0130svi\u00e7re vize ba\u015fvurular\u0131n\u0131n sonu\u00e7lanmas\u0131na bir\u00e7ok durum etki etmektedir. Ba\u015fvurular\u0131n sonu\u00e7lanmas\u0131na en \u00e7ok etki eden durumlar a\u015fa\u011f\u0131da verilmi\u015ftir.<\/span><\/p>\r\n<ul>\r\n<li><span style=\"font-family: Roboto; font-size: 14px;\">\u0130svi\u00e7re vize ba\u015fvurusunu inceleyen temsilcili\u011fin yo\u011funlu\u011fu,<\/span><\/li>\r\n<li><span style=\"font-family: Roboto; font-size: 14px;\">\u0130svi\u00e7re vize ba\u015fvurusu s\u0131ras\u0131nda eksik ya da hatal\u0131 belge beyan\u0131<\/span><\/li>\r\n<li><span style=\"font-family: Roboto; font-size: 14px;\">Ba\u015fvuru s\u0131ras\u0131nda eksik ya da hatal\u0131 bilgi beyan\u0131<\/span><\/li>\r\n<li><span style=\"font-family: Roboto; font-size: 14px;\"><strong>\u0130svi\u00e7re vize ba\u015fvurusu<\/strong> yapacak olan ki\u015fiden ek belge talebi<\/span><\/li>\r\n<li><span style=\"font-family: Roboto; font-size: 14px;\">\u0130svi\u00e7re vize ba\u015fvuru sahibinin y\u00fcz y\u00fcze g\u00f6r\u00fc\u015fmeye \u00e7a\u011fr\u0131lmas\u0131 gibi durumlard\u0131r.<\/span><\/li>\r\n<\/ul>\r\n<h2><strong><span style=\"font-family: Roboto; font-size: 27px;\">\u0130svi\u00e7re Vizesi Randevusu<\/span><\/strong><\/h2>\r\n<p><span style=\"font-family: Roboto; font-size: 14px;\">\u0130svi\u00e7re\u2019ye seyahat d\u00fczenleyecek olan ki\u015filer, \u0130svi\u00e7re seyahatlerini ger\u00e7ekle\u015ftirebilmek i\u00e7in vize almal\u0131d\u0131r. \u0130svi\u00e7re vize ba\u015fvurusu yapacak olan ki\u015filer ba\u015fvurular\u0131n\u0131 yerine getirebilmek i\u00e7in vize almal\u0131d\u0131r. \u0130svi\u00e7re vizesi alacak olan ki\u015filer, \u0130svi\u00e7re vize ba\u015fvurusu i\u00e7im randevu gerekip gerekmedi\u011fini merak etmektedir. Bu yaz\u0131da \u0130svi\u00e7re vizesi alacak olan ki\u015filer i\u00e7in <span style=\"color: #2acec2;\"><strong><a style=\"color: #2acec2;\" href=\"https:\/\/www.myvize.com.tr\/isvicre\/vize-islemleri\/isvicre-vize-randevusu\/\" target=\"_blank\" rel=\"noopener\">\u0130svi\u00e7re vize randevusu <\/a><\/strong><\/span>hakk\u0131nda bilgi verilmi\u015ftir.<\/span><\/p>\r\n<p><span style=\"font-family: Roboto; font-size: 14px;\">\u0130svi\u00e7re k\u0131sa s\u00fcreli vize ba\u015fvurular\u0131 yetkilendirilmi\u015f \u0130svi\u00e7re vize ba\u015fvuru merkezlerine aittir. T\u00fcrkiye\u2019de yetkilendirilmi\u015f \u0130svi\u00e7re vize ba\u015fvuru merkezi TLC Consulat isimli \u015firkettir. \u0130svi\u00e7re k\u0131sa s\u00fcreli vize ba\u015fvurular\u0131 i\u00e7in randevular <strong>TLC Consulat internet<\/strong> sitesinden al\u0131nabilir.<\/span><\/p>\r\n<p><span style=\"font-family: Roboto; font-size: 14px;\"><strong>\u0130svi\u00e7re ulusal vize<\/strong> ba\u015fvurular\u0131 ise \u0130svi\u00e7re\u2019nin T\u00fcrkiye\u2019de bulunan temsilciliklerine yap\u0131labilir. \u0130svi\u00e7re ulusal vize ba\u015fvurular\u0131 da \u0130svi\u00e7re vize ba\u015fvurusunun yap\u0131laca\u011f\u0131 olan temsilcilikten al\u0131nmal\u0131d\u0131r. Randevu almak i\u00e7in \u0130svi\u00e7re temsilcili\u011fi ile ileti\u015fime ge\u00e7ebilirsiniz.<\/span><\/p>\r\n<p><span style=\"font-family: Roboto; font-size: 14px;\"><strong>\u0130svi\u00e7re vize ba\u015fvurular\u0131<\/strong> randevusuz kabul edilmemektedir. Randevu s\u0131ras\u0131nda biyometrik veri verilmesi gerekti\u011finden \u015fahsen kat\u0131l\u0131m gereklidir. Bu nedenle \u0130svi\u00e7re vize randevusunu ka\u00e7\u0131ran ki\u015filerin i\u015flemleri yap\u0131lmayabilir. Bunun sonucunda \u0130svi\u00e7re vize ba\u015fvurusu yapacak olan ki\u015filerin yeniden randevu almas\u0131 ve daha uzun s\u00fcre beklemesi gerekmektedir.<\/span><\/p>\r\n<h2><strong><span style=\"font-family: Roboto; font-size: 27px;\">\u0130svi\u00e7re Vizesi Ba\u015fvurusu<\/span><\/strong><\/h2>\r\n<p><span style=\"font-family: Roboto; font-size: 14px;\">\u0130svi\u00e7re\u2019ye seyahat edecek olan ki\u015filer \u0130svi\u00e7re seyahatlerini yapabilmek i\u00e7in \u0130svi\u00e7re temsilciliklerinden vize almal\u0131d\u0131r. \u0130svi\u00e7re vizesi ba\u015fvurusu yapacak olan ki\u015filer,<strong> \u0130svi\u00e7re vizesi<\/strong> ba\u015fvurusunun nas\u0131l yap\u0131laca\u011f\u0131n\u0131 merak etmektedir. Bu yaz\u0131da \u0130svi\u00e7re vizesi ba\u015fvurusu yapacak olan ki\u015filer i\u00e7in ba\u015fvuru hakk\u0131nda bilgi verilmi\u015ftir.<\/span><\/p>\r\n<ul>\r\n<li><span style=\"font-family: Roboto; font-size: 14px;\">\u0130svi\u00e7re vize ba\u015fvurusu i\u00e7in \u00f6ncelikle <strong>\u0130svi\u00e7re seyahat<\/strong> amac\u0131na uygun vize t\u00fcr\u00fc belirlenmelidir.<\/span><\/li>\r\n<li><span style=\"font-family: Roboto; font-size: 14px;\">\u0130svi\u00e7re vize t\u00fcr\u00fcn\u00fc belirleyen ki\u015filer, <strong>\u0130svi\u00e7re vize ba\u015fvurusu<\/strong> i\u00e7in randevu almal\u0131d\u0131r. \u0130svi\u00e7re k\u0131sa s\u00fcreli vize ba\u015fvurular\u0131 \u0130svi\u00e7re vize ba\u015fvuru merkezi olan TLS Consulata isimli \u015firkete, uzun s\u00fcreli vize ba\u015fvurular\u0131 ise \u0130svi\u00e7re Konsoloslu\u011fu\u2019na yap\u0131labilmektedir.<\/span><\/li>\r\n<li><span style=\"font-family: Roboto; font-size: 14px;\">\u0130svi\u00e7re vize ba\u015fvurusu i\u00e7in randevu alan ki\u015filer, randevu tarihine kadar \u0130svi\u00e7re vize ba\u015fvurusu i\u00e7in gerekli olan evraklar\u0131 eksiksiz olarak haz\u0131rlamal\u0131d\u0131r. \u0130svi\u00e7re vize evraklar\u0131n\u0131n \u0130svi\u00e7re Konsoloslu\u011fu\u2019nun istedi\u011fi s\u0131rada ve d\u00fczende haz\u0131rlanmas\u0131 gerekmektedir.<\/span><\/li>\r\n<li><span style=\"font-family: Roboto; font-size: 14px;\">Haz\u0131rlanan <strong>\u0130svi\u00e7re vize evraklar\u0131<\/strong> randevu tarihinde \u0130svi\u00e7re Konsoloslu\u011fu yetkililerine teslim edilmelidir.<\/span><\/li>\r\n<li><span style=\"font-family: Roboto; font-size: 14px;\">\u0130svi\u00e7re vize ba\u015fvurusunu inceleme ve de\u011ferlendirme yetkisi \u0130svi\u00e7re Konsoloslu\u011fu\u2019na aittir.<\/span><\/li>\r\n<li><span style=\"font-family: Roboto; font-size: 14px;\">\u0130svi\u00e7re vize ba\u015fvurular\u0131 vize t\u00fcr\u00fcne g\u00f6re farkl\u0131 olarak 1 hafta ile 30 g\u00fcn aras\u0131nda sonu\u00e7lanmaktad\u0131r.<\/span><\/li>\r\n<\/ul>\r\n<h3><span style=\"font-size: 24px; font-family: Roboto;\"><strong>\u0130svi\u00e7re Vizesi Ba\u015fvuru \u015eartlar\u0131<\/strong><\/span><\/h3>\r\n<p><span style=\"font-family: Roboto; font-size: 14px;\">Vize ba\u015fvuru formunun ve talep dilek\u00e7esinin uygun \u015fekilde haz\u0131rlanmas\u0131 ve sunulmas\u0131 gerekmektedir. <strong>\u0130svi\u00e7re vize ba\u015fvuru \u015fartlar\u0131<\/strong> ve haz\u0131rlanacak belgeler hakk\u0131nda merak etti\u011finiz t\u00fcm sorular\u0131n yan\u0131tlar\u0131n\u0131 bizlerden alabilirsiniz. Konaklama ve rezervasyon bilgilerini haz\u0131rlaman\u0131z ve hesap d\u00f6k\u00fcmlerini dosyan\u0131za ilave etmeniz gerekmektedir. Seyahat sa\u011fl\u0131k sigortas\u0131n\u0131n \u00f6denmesi ve vize \u00fccretlerinin g\u00fcncel bir \u015fekilde yat\u0131r\u0131lmas\u0131 gerekmektedir. \u015eirket sahiplerinin, memurlar\u0131n veya i\u015fsiz olan ki\u015filerin masraflar\u0131n\u0131 nas\u0131l kar\u015f\u0131layabileceklerine dair belgeleri ve ispatlar\u0131 sunmalar\u0131n\u0131 kolayla\u015ft\u0131r\u0131yoruz. Sizler de \u0130svi\u00e7re\u2019ye seyahat etmeden \u00f6nce gerekli detaylar\u0131 bizlerden \u00f6\u011frenebilirsiniz. Sponsorluk bilgilerinin haz\u0131rlanmas\u0131 ve davetiyelerin uygun i\u00e7eriklerde olabilmesi i\u00e7in yard\u0131m etmeyi s\u00fcrd\u00fcrmekteyiz. E\u011fer farkl\u0131 bir \u00fclkeye ge\u00e7i\u015f yapacaksan\u0131z ba\u015fvuru belgelerinizde mutlaka bu detaylara yer vermeyi unutmamal\u0131s\u0131n\u0131z. Her meslek dal\u0131 i\u00e7in gerekli olan evraklar\u0131 farkl\u0131 bi\u00e7imlerde elde edebilece\u011finizin \u00fcst\u00fcnde duruyoruz.<\/span><\/p>\r\n<h3><strong><span style=\"font-family: Roboto; font-size: 24px;\">\u0130svi\u00e7re Vize<\/span><\/strong><\/h3>\r\n<p><span style=\"font-family: Roboto; font-size: 14px;\"><strong>\u0130svi\u00e7re\u2019ye seyahat etmek<\/strong> isteyen ki\u015filerin \u0130svi\u00e7re vize muafiyeti bulunmuyorsa seyahat amac\u0131na uygun olarak \u0130svi\u00e7re vizesi almal\u0131d\u0131r. \u0130svi\u00e7re vize ba\u015fvurusu yapacak olan ki\u015filer \u0130svi\u00e7re vizesi hakk\u0131nda bilgi sahibi olmak istemektedir. Bu yaz\u0131da <strong>\u0130svi\u00e7re vize ba\u015fvurusu<\/strong> yapacak olan ki\u015filer i\u00e7in \u0130svi\u00e7re vizesi hakk\u0131nda bilgi verilmi\u015ftir.<\/span><\/p>\r\n<p><span style=\"font-family: Roboto; font-size: 14px;\"><strong>\u0130svi\u00e7re vizeleri<\/strong> esas olarak ikiye ayr\u0131lmaktad\u0131r. Bunlar \u0130svi\u00e7re k\u0131sa s\u00fcreli vizeleri ve \u0130svi\u00e7re uzun s\u00fcreli vizeleridir.<\/span><\/p>\r\n<p><span style=\"font-family: Roboto; font-size: 14px;\"><strong>\u0130svi\u00e7re k\u0131sa s\u00fcreli vizeleri<\/strong>: \u0130svi\u00e7re k\u0131sa s\u00fcreli vizeleri 90 g\u00fcn\u00fc ge\u00e7meyen vizelerdir. \u0130svi\u00e7re\u2019ye k\u0131sa s\u00fcreli olarak seyahat edecek olan ki\u015filerin Diplomatik Pasaportu, Hususi Pasaportu ya da Hizmet Pasaportu var ise vizeden muaft\u0131r. Schengen vizesi kategorisine girmektedir.<\/span><\/p>\r\n<ul>\r\n<li><span style=\"color: #2acec2;\"><strong><a style=\"color: #2acec2;\" href=\"https:\/\/www.myvize.com.tr\/isvicre\/vize-islemleri\/isvicre-turistik-vize\/\" target=\"_blank\" rel=\"noopener\"><span style=\"font-family: Roboto; font-size: 14px;\">\u0130svi\u00e7re Turistik Vize<\/span><\/a><\/strong><\/span><\/li>\r\n<li><span style=\"font-family: Roboto; font-size: 14px;\">\u0130svi\u00e7re Ticari Vize<\/span><\/li>\r\n<li><span style=\"font-family: Roboto; font-size: 14px;\">\u0130svi\u00e7re Aile Ziyareti Vizesi<\/span><\/li>\r\n<li><span style=\"font-family: Roboto; font-size: 14px;\">\u0130svi\u00e7re Transit Vize<\/span><\/li>\r\n<li><span style=\"font-family: Roboto; font-size: 14px;\">K\u0131sa S\u00fcreli Dil Okulu Vizesi<\/span><\/li>\r\n<li><span style=\"font-family: Roboto; font-size: 14px;\">T\u0131bbi Tedavi vizesi<\/span><\/li>\r\n<\/ul>\r\n<p><span style=\"font-family: Roboto; font-size: 14px;\"><strong>\u0130svi\u00e7re uzun s\u00fcreli vizeleri:\u00a0<\/strong>90 g\u00fcn\u00fc ge\u00e7en seyahatler i\u00e7in al\u0131nmal\u0131d\u0131r. T\u00fcrk vatanda\u015flar\u0131n\u0131n \u0130svi\u00e7re uzun s\u00fcreli vize muafiyeti bulunmamaktad\u0131r.<\/span><\/p>\r\n<ul>\r\n<li><span style=\"font-family: Roboto; font-size: 14px;\">\u0130svi\u00e7re aile birle\u015fimi vizesi<\/span><\/li>\r\n<li><span style=\"font-family: Roboto; font-size: 14px;\">\u0130svi\u00e7re \u00e7al\u0131\u015fma izni vizesi<\/span><\/li>\r\n<li><span style=\"font-family: Roboto; font-size: 14px;\">\u0130svi\u00e7re \u00f6\u011frenci vizesi<\/span><\/li>\r\n<li><span style=\"font-family: Roboto; font-size: 14px;\">\u0130svi\u00e7re uzun s\u00fcreli dil okulu vizesi<\/span><\/li>\r\n<\/ul>\r\n<p><span style=\"font-family: Roboto; font-size: 14px;\"><img decoding=\"async\" src=\"https:\/\/www.myvize.com.tr\/isvicre\/wp-content\/uploads\/2021\/10\/7.jpg\" \/><\/span><\/p>\r\n<h3><span style=\"font-family: Roboto; font-size: 24px;\"><strong>\u0130svi\u00e7re Vizesi \u0130\u00e7in Gereken Evraklar Nelerdir?<\/strong><\/span><\/h3>\r\n<p><span style=\"font-family: Roboto; font-size: 14px;\">Bir Avrupa \u00fclkesi olan \u0130svi\u00e7re, Schengen vizesi ile T\u00fcrk vatanda\u015flar\u0131na kap\u0131s\u0131n\u0131 a\u00e7maktad\u0131r. \u0130svi\u00e7re vizesine ba\u015fvuracak T\u00fcrk vatanda\u015flar\u0131n\u0131n 10 y\u0131l\u0131 ge\u00e7memi\u015f pasaportlar\u0131n\u0131n bulunmas\u0131 gerekmektedir.<\/span><\/p>\r\n<p><span style=\"font-family: Roboto; font-size: 14px;\">\u00a0Vize ba\u015fvurular\u0131 iki \u015fekilde al\u0131nmaktad\u0131r. k\u0131sa d\u00f6nem (90g\u00fcn) ve uzun s\u00fcreli d tipi vizedir. K\u0131sa d\u00f6nem vizeleri i\u00e7in vize merkezlerine gitmeniz gerekmektedir. Uzun d\u00f6nem vize ba\u015fvurular\u0131 i\u00e7in ise \u0130svi\u00e7re Konsoloslu\u011fu\u2019na gitmeniz gerekmektedir. \u0130ster merkeze gidin ister konsoloslu\u011fa her iki prosed\u00fcrde de vermeniz gereken evraklar ayn\u0131d\u0131r. Peki <strong>\u0130svi\u00e7re vizesi i\u00e7in gereken evraklar nelerdir?<\/strong><\/span><\/p>\r\n<ul>\r\n<li><span style=\"font-family: Roboto; font-size: 14px;\"><strong>Pasaport<\/strong>: \u00d6ncelikle bir pasaporta ihtiyac\u0131n\u0131z vard\u0131r. Pasaportunuz yoksa vize alamazs\u0131n\u0131z.<\/span><\/li>\r\n<li><span style=\"font-family: Roboto; font-size: 14px;\"><strong>Pasaportunuzun bir adet fotokopisi<\/strong><\/span><\/li>\r\n<li><span style=\"font-family: Roboto; font-size: 14px;\"><strong>Dilek\u00e7e<\/strong>: Seyahat edece\u011finiz \u00fclkenin konsoloslu\u011funa seyahat nedeninizi a\u00e7\u0131klayan bir dilek\u00e7e vermeniz gerekmektedir.<\/span><\/li>\r\n<li><span style=\"font-family: Roboto; font-size: 14px;\"><strong>Online \u0130svi\u00e7re ba\u015fvuru formu<\/strong>: \u0130nternet \u00fczerinden dolduraca\u011f\u0131n\u0131z k\u00fc\u00e7\u00fck bir forum<\/span><\/li>\r\n<li><span style=\"font-family: Roboto; font-size: 14px;\"><strong>T.C kimlik kart\u0131:<\/strong> T\u00fcrk vatanda\u015f\u0131 oldu\u011funuza dair T.C kimlik numaran\u0131z\u0131n bir kopyas\u0131<\/span><\/li>\r\n<li><span style=\"font-family: Roboto; font-size: 14px;\"><strong>Biyometrik Foto\u011fraf<\/strong>: Yeni \u00e7ekilmi\u015f olmas\u0131 \u00f6nemlidir. g\u00fcvenlikten ge\u00e7erken s\u0131k\u0131nt\u0131 ya\u015famaman\u0131z ad\u0131na yeni \u00e7ekilmi\u015f iki adet biyometrik foto\u011fraf<\/span><\/li>\r\n<li><span style=\"font-family: Roboto; font-size: 14px;\"><strong>N\u00fcfus kay\u0131t belgeleri<\/strong><\/span><\/li>\r\n<li><span style=\"font-family: Roboto; font-size: 14px;\"><strong>U\u00e7ak biletinizin tarihi ve kalaca\u011f\u0131n\u0131z otel<\/strong>: konsolosluklar ve vize merkezleri otel numaralar\u0131n\u0131 da isteyebilmektedir.<\/span><\/li>\r\n<li><span style=\"font-family: Roboto; font-size: 14px;\"><strong>Seyahatiniz i\u00e7in yeterli para<\/strong>: Konsolosluk ve vize merkezleri \u00fclkeden \u00e7\u0131karken belli bir miktar paran\u0131n \u00fcst\u00fcndeyse son olarak vizeyi onaylar. Bu y\u00fczden banka hesaplar\u0131n\u0131zda y\u00fcksek rakamlar bulundurmaya \u00e7al\u0131\u015f\u0131n.<\/span><\/li>\r\n<li><span style=\"font-family: Roboto; font-size: 14px;\"><strong>Sa\u011fl\u0131k sigortas\u0131<\/strong>: Herhangi bir alerjik reaksiyon, kalp rahats\u0131zl\u0131\u011f\u0131 gibi durumlar\u0131n\u0131z i\u00e7in \u00f6nemlidir.<\/span><\/li>\r\n<li><span style=\"font-family: Roboto; font-size: 14px;\"><strong>Mesleki dok\u00fcman<\/strong><\/span><\/li>\r\n<li><span style=\"font-family: Roboto; font-size: 14px;\"><strong>Maddi dok\u00fcman<\/strong><\/span><\/li>\r\n<\/ul>\r\n<h3><span style=\"font-family: Roboto; font-size: 24px;\"><strong>\u0130svi\u00e7re Vize Dan\u0131\u015fmanl\u0131\u011f\u0131<\/strong><\/span><\/h3>\r\n<h4><span style=\"font-family: Roboto; font-size: 20px;\"><strong>Vize dan\u0131\u015fmanl\u0131k firmalar\u0131\u00a0neden tercih edilir?<\/strong><\/span><\/h4>\r\n<p><span style=\"font-family: Roboto; font-size: 14px;\">Ki\u015fiye g\u00f6re vize t\u00fcr\u00fcne ba\u015fvuruda bulunulmas\u0131, B\u00fcy\u00fckel\u00e7ili\u011fe veya konsoloslu\u011fa gidilmeden vize i\u00e7in gerekli evraklar\u0131n halledilmesi, Son g\u00fcncellemeleri kolayl\u0131kla \u00f6\u011frenilebilmesi, Vize dilek\u00e7esinin Konsolosluk talebine uygun \u015fekilde yaz\u0131lmas\u0131, Vize ba\u015fvuru formunun uygun kategoriden se\u00e7ilmesi ve sorunsuz doldurulmas\u0131, \u0130svi\u00e7re vizesini hemen, h\u0131zl\u0131 almak isteyen ki\u015filer i\u00e7in ekstra hizmet \u00fccretleri hakk\u0131nda bilgiler verilmesi , <strong>\u0130svi\u00e7re vize randevusu<\/strong> g\u00fcn\u00fc acente temsilcisinin ki\u015fiye e\u015flik etmesi, <strong>\u0130svi\u00e7re vizesi<\/strong> i\u00e7in tercih edilecek bir\u00e7ok dan\u0131\u015fmanl\u0131k firmas\u0131 bulunmaktad\u0131r. Bu firmalar da farkl\u0131 fiyat aral\u0131\u011f\u0131 oldu\u011fu i\u00e7in b\u00fct\u00e7enize uyun firmalar\u0131 tercih etmeniz gerekir. Bu firmalardan en iyi<strong> \u0130svi\u00e7re\u00a0vize dan\u0131\u015fmanl\u0131k firmas\u0131<\/strong> www.vizedanismanlikmerkezi.com, www.eagvs.com, www.vizemerkezi.com firmalar\u0131d\u0131r. Bu tarz firmalar olduk\u00e7a fazla bulunmaktad\u0131r. Online i\u015flemlerde bu siteler \u00fczerinden i\u015flem yapmak tercih edilmektedir. Vize merkezi firmas\u0131 gibi firmalar vize i\u015flemlerinde g\u00fcvenilir bir s\u00fcre\u00e7 garanti etmektedir. Randevu a\u015famas\u0131ndan vizeye sahip olma a\u015famas\u0131na kadar beraber bir s\u00fcre\u00e7 y\u00fcr\u00fct\u00fclmektedir. Vize dan\u0131\u015fmanl\u0131k firmalar\u0131 gerekli bilgilendirmeleri yapmakta ve bu s\u00fcreci size a\u00e7\u0131klamaktad\u0131r.<\/span><\/p>\r\n<p><span style=\"font-family: Roboto; font-size: 14px;\"><strong>\u0130svi\u00e7re vize dan\u0131\u015fmanl\u0131k:<\/strong> \u0130svi\u00e7re vize alma s\u00fcreci\u00a0tercih edildi\u011fi takdirde dan\u0131\u015fmanl\u0131k firmalar\u0131 taraf\u0131ndan bu i\u015flem y\u00f6netilmektedir. Online ortamda <strong>\u0130svi\u00e7re vize<\/strong> ba\u015fvurular\u0131 yap\u0131lmakta ve bu s\u00fcre\u00e7 online \u015fekilde devam etmektedir. Vize dan\u0131\u015fmanl\u0131k firmalar\u0131n\u0131n\u00a0avantajlar\u0131 olduk\u00e7a \u00e7oktur.<\/span><\/p>\r\n<p><span style=\"font-family: Roboto; font-size: 14px;\">T\u00fcrkiye&#8217;deki vize i\u015flemlerinin ana merkezi Ankara&#8217;d\u0131r. <strong>\u0130svi\u00e7re&#8217;nin vize merkezi Ankara<\/strong>, bir\u00e7ok ba\u015fkonsoloslu\u011fa ya da fahri konsoloslu\u011fa ev sahibi yapmaktad\u0131r. Y\u00fcz y\u00fcze yap\u0131lan ba\u015fvurular \u0130svi\u00e7re&#8217;nin vize merkezi Ankara&#8217;ya yap\u0131lmaktad\u0131r.<\/span><\/p>\r\n<p><span style=\"font-family: Roboto;\"><\/span><\/p>","protected":false},"excerpt":{"rendered":"<p>\u0130svi\u00e7re de 26 \u00fclkenin bulundu\u011fu schengen b\u00f6lgesi i\u00e7indedir.\u00a0\u0130svi\u00e7re schengen vizesi\u00a0sahibi vatanda\u015flar, Bel\u00e7ika, Avusturya, Danimarka, \u00c7ek Cumhuriyeti, Finlandiya, Fransa, Estonya, Almanya, \u0130sve\u00e7, \u0130spanya, Slovenya, Slovakya, Portekiz, Polonya, Norve\u00e7, Hollanda, L\u00fcksemburg, Malta, Litvanya, Letonya, \u0130zlanda, \u0130talya, Macaristan ve Yunanistan\u2019a schengen vizesi ile seyahat edebilirler. \u0130svi\u00e7re schengen vizesine sahip ki\u015filerin seyahatlerinin \u0130svi\u00e7re\u2019den ba\u015flamas\u0131 zorunludur. \u00a0 \u0130svi\u00e7re vizesi\u00a0alacak vatanda\u015flar<\/p>\n","protected":false},"author":1,"featured_media":0,"parent":18,"menu_order":0,"comment_status":"open","ping_status":"closed","template":"","meta":{"footnotes":""},"class_list":["post-30","page","type-page","status-publish","hentry"],"yoast_head":"<!-- This site is optimized with the Yoast SEO plugin v24.0 - https:\/\/yoast.com\/wordpress\/plugins\/seo\/ -->\n<title>\u0130svi\u00e7re Vizesi - \u0130svi\u00e7re Vize \u0130\u015flemleri - MyVize<\/title>\n<meta name=\"description\" content=\"\u0130svi\u00e7re vizesi i\u00e7in gerekli olan evraklar g\u00fcncel. Vize t\u00fcrleri turistik, ticari, aile birle\u015fimi genel bilgiler. \u0130svi\u00e7re vize i\u015flem s\u00fcreci.\" \/>\n<meta name=\"robots\" content=\"index, follow, max-snippet:-1, max-image-preview:large, max-video-preview:-1\" \/>\n<link rel=\"canonical\" href=\"https:\/\/www.myvize.com.tr\/isvicre\/vize-islemleri\/isvicre-vizesi\/\" \/>\n<meta property=\"og:locale\" content=\"tr_TR\" \/>\n<meta property=\"og:type\" content=\"article\" \/>\n<meta property=\"og:title\" content=\"\u0130svi\u00e7re Vizesi - \u0130svi\u00e7re Vize \u0130\u015flemleri - MyVize\" \/>\n<meta property=\"og:description\" content=\"\u0130svi\u00e7re vizesi i\u00e7in gerekli olan evraklar g\u00fcncel. Vize t\u00fcrleri turistik, ticari, aile birle\u015fimi genel bilgiler. \u0130svi\u00e7re vize i\u015flem s\u00fcreci.\" \/>\n<meta property=\"og:url\" content=\"https:\/\/www.myvize.com.tr\/isvicre\/vize-islemleri\/isvicre-vizesi\/\" \/>\n<meta property=\"og:site_name\" content=\"\u0130svi\u00e7re Vizesi\" \/>\n<meta property=\"article:modified_time\" content=\"2022-04-12T12:43:56+00:00\" \/>\n<meta property=\"og:image\" content=\"https:\/\/www.myvize.com.tr\/isvicre\/wp-content\/uploads\/2021\/10\/7.jpg\" \/>\n<meta name=\"twitter:card\" content=\"summary_large_image\" \/>\n<meta name=\"twitter:label1\" content=\"Tahmini okuma s\u00fcresi\" \/>\n\t<meta name=\"twitter:data1\" content=\"8 dakika\" \/>\n<script type=\"application\/ld+json\" class=\"yoast-schema-graph\">{\"@context\":\"https:\/\/schema.org\",\"@graph\":[{\"@type\":\"WebPage\",\"@id\":\"https:\/\/www.myvize.com.tr\/isvicre\/vize-islemleri\/isvicre-vizesi\/\",\"url\":\"https:\/\/www.myvize.com.tr\/isvicre\/vize-islemleri\/isvicre-vizesi\/\",\"name\":\"\u0130svi\u00e7re Vizesi - \u0130svi\u00e7re Vize \u0130\u015flemleri - MyVize\",\"isPartOf\":{\"@id\":\"https:\/\/www.myvize.com.tr\/isvicre\/#website\"},\"primaryImageOfPage\":{\"@id\":\"https:\/\/www.myvize.com.tr\/isvicre\/vize-islemleri\/isvicre-vizesi\/#primaryimage\"},\"image\":{\"@id\":\"https:\/\/www.myvize.com.tr\/isvicre\/vize-islemleri\/isvicre-vizesi\/#primaryimage\"},\"thumbnailUrl\":\"https:\/\/www.myvize.com.tr\/isvicre\/wp-content\/uploads\/2021\/10\/7.jpg\",\"datePublished\":\"2020-11-30T09:39:12+00:00\",\"dateModified\":\"2022-04-12T12:43:56+00:00\",\"description\":\"\u0130svi\u00e7re vizesi i\u00e7in gerekli olan evraklar g\u00fcncel. Vize t\u00fcrleri turistik, ticari, aile birle\u015fimi genel bilgiler. \u0130svi\u00e7re vize i\u015flem s\u00fcreci.\",\"breadcrumb\":{\"@id\":\"https:\/\/www.myvize.com.tr\/isvicre\/vize-islemleri\/isvicre-vizesi\/#breadcrumb\"},\"inLanguage\":\"tr\",\"potentialAction\":[{\"@type\":\"ReadAction\",\"target\":[\"https:\/\/www.myvize.com.tr\/isvicre\/vize-islemleri\/isvicre-vizesi\/\"]}]},{\"@type\":\"ImageObject\",\"inLanguage\":\"tr\",\"@id\":\"https:\/\/www.myvize.com.tr\/isvicre\/vize-islemleri\/isvicre-vizesi\/#primaryimage\",\"url\":\"https:\/\/www.myvize.com.tr\/isvicre\/wp-content\/uploads\/2021\/10\/7.jpg\",\"contentUrl\":\"https:\/\/www.myvize.com.tr\/isvicre\/wp-content\/uploads\/2021\/10\/7.jpg\",\"width\":800,\"height\":500,\"caption\":\"\u0130svi\u00e7re Vizesi\"},{\"@type\":\"BreadcrumbList\",\"@id\":\"https:\/\/www.myvize.com.tr\/isvicre\/vize-islemleri\/isvicre-vizesi\/#breadcrumb\",\"itemListElement\":[{\"@type\":\"ListItem\",\"position\":1,\"name\":\"Anasayfa\",\"item\":\"https:\/\/www.myvize.com.tr\/isvicre\/\"},{\"@type\":\"ListItem\",\"position\":2,\"name\":\"\u0130SV\u0130\u00c7RE V\u0130ZE \u0130\u015eLEMLER\u0130\",\"item\":\"https:\/\/www.myvize.com.tr\/isvicre\/vize-islemleri\/\"},{\"@type\":\"ListItem\",\"position\":3,\"name\":\"\u0130svi\u00e7re Vizesi\"}]},{\"@type\":\"WebSite\",\"@id\":\"https:\/\/www.myvize.com.tr\/isvicre\/#website\",\"url\":\"https:\/\/www.myvize.com.tr\/isvicre\/\",\"name\":\"\u0130svi\u00e7re Vizesi\",\"description\":\"\",\"potentialAction\":[{\"@type\":\"SearchAction\",\"target\":{\"@type\":\"EntryPoint\",\"urlTemplate\":\"https:\/\/www.myvize.com.tr\/isvicre\/?s={search_term_string}\"},\"query-input\":{\"@type\":\"PropertyValueSpecification\",\"valueRequired\":true,\"valueName\":\"search_term_string\"}}],\"inLanguage\":\"tr\"}]}<\/script>\n<!-- \/ Yoast SEO plugin. -->","yoast_head_json":{"title":"\u0130svi\u00e7re Vizesi - \u0130svi\u00e7re Vize \u0130\u015flemleri - MyVize","description":"\u0130svi\u00e7re vizesi i\u00e7in gerekli olan evraklar g\u00fcncel. Vize t\u00fcrleri turistik, ticari, aile birle\u015fimi genel bilgiler. \u0130svi\u00e7re vize i\u015flem s\u00fcreci.","robots":{"index":"index","follow":"follow","max-snippet":"max-snippet:-1","max-image-preview":"max-image-preview:large","max-video-preview":"max-video-preview:-1"},"canonical":"https:\/\/www.myvize.com.tr\/isvicre\/vize-islemleri\/isvicre-vizesi\/","og_locale":"tr_TR","og_type":"article","og_title":"\u0130svi\u00e7re Vizesi - \u0130svi\u00e7re Vize \u0130\u015flemleri - MyVize","og_description":"\u0130svi\u00e7re vizesi i\u00e7in gerekli olan evraklar g\u00fcncel. Vize t\u00fcrleri turistik, ticari, aile birle\u015fimi genel bilgiler. \u0130svi\u00e7re vize i\u015flem s\u00fcreci.","og_url":"https:\/\/www.myvize.com.tr\/isvicre\/vize-islemleri\/isvicre-vizesi\/","og_site_name":"\u0130svi\u00e7re Vizesi","article_modified_time":"2022-04-12T12:43:56+00:00","og_image":[{"url":"https:\/\/www.myvize.com.tr\/isvicre\/wp-content\/uploads\/2021\/10\/7.jpg","type":"","width":"","height":""}],"twitter_card":"summary_large_image","twitter_misc":{"Tahmini okuma s\u00fcresi":"8 dakika"},"schema":{"@context":"https:\/\/schema.org","@graph":[{"@type":"WebPage","@id":"https:\/\/www.myvize.com.tr\/isvicre\/vize-islemleri\/isvicre-vizesi\/","url":"https:\/\/www.myvize.com.tr\/isvicre\/vize-islemleri\/isvicre-vizesi\/","name":"\u0130svi\u00e7re Vizesi - \u0130svi\u00e7re Vize \u0130\u015flemleri - MyVize","isPartOf":{"@id":"https:\/\/www.myvize.com.tr\/isvicre\/#website"},"primaryImageOfPage":{"@id":"https:\/\/www.myvize.com.tr\/isvicre\/vize-islemleri\/isvicre-vizesi\/#primaryimage"},"image":{"@id":"https:\/\/www.myvize.com.tr\/isvicre\/vize-islemleri\/isvicre-vizesi\/#primaryimage"},"thumbnailUrl":"https:\/\/www.myvize.com.tr\/isvicre\/wp-content\/uploads\/2021\/10\/7.jpg","datePublished":"2020-11-30T09:39:12+00:00","dateModified":"2022-04-12T12:43:56+00:00","description":"\u0130svi\u00e7re vizesi i\u00e7in gerekli olan evraklar g\u00fcncel. Vize t\u00fcrleri turistik, ticari, aile birle\u015fimi genel bilgiler. \u0130svi\u00e7re vize i\u015flem s\u00fcreci.","breadcrumb":{"@id":"https:\/\/www.myvize.com.tr\/isvicre\/vize-islemleri\/isvicre-vizesi\/#breadcrumb"},"inLanguage":"tr","potentialAction":[{"@type":"ReadAction","target":["https:\/\/www.myvize.com.tr\/isvicre\/vize-islemleri\/isvicre-vizesi\/"]}]},{"@type":"ImageObject","inLanguage":"tr","@id":"https:\/\/www.myvize.com.tr\/isvicre\/vize-islemleri\/isvicre-vizesi\/#primaryimage","url":"https:\/\/www.myvize.com.tr\/isvicre\/wp-content\/uploads\/2021\/10\/7.jpg","contentUrl":"https:\/\/www.myvize.com.tr\/isvicre\/wp-content\/uploads\/2021\/10\/7.jpg","width":800,"height":500,"caption":"\u0130svi\u00e7re Vizesi"},{"@type":"BreadcrumbList","@id":"https:\/\/www.myvize.com.tr\/isvicre\/vize-islemleri\/isvicre-vizesi\/#breadcrumb","itemListElement":[{"@type":"ListItem","position":1,"name":"Anasayfa","item":"https:\/\/www.myvize.com.tr\/isvicre\/"},{"@type":"ListItem","position":2,"name":"\u0130SV\u0130\u00c7RE V\u0130ZE \u0130\u015eLEMLER\u0130","item":"https:\/\/www.myvize.com.tr\/isvicre\/vize-islemleri\/"},{"@type":"ListItem","position":3,"name":"\u0130svi\u00e7re Vizesi"}]},{"@type":"WebSite","@id":"https:\/\/www.myvize.com.tr\/isvicre\/#website","url":"https:\/\/www.myvize.com.tr\/isvicre\/","name":"\u0130svi\u00e7re Vizesi","description":"","potentialAction":[{"@type":"SearchAction","target":{"@type":"EntryPoint","urlTemplate":"https:\/\/www.myvize.com.tr\/isvicre\/?s={search_term_string}"},"query-input":{"@type":"PropertyValueSpecification","valueRequired":true,"valueName":"search_term_string"}}],"inLanguage":"tr"}]}},"_links":{"self":[{"href":"https:\/\/www.myvize.com.tr\/isvicre\/wp-json\/wp\/v2\/pages\/30","targetHints":{"allow":["GET"]}}],"collection":[{"href":"https:\/\/www.myvize.com.tr\/isvicre\/wp-json\/wp\/v2\/pages"}],"about":[{"href":"https:\/\/www.myvize.com.tr\/isvicre\/wp-json\/wp\/v2\/types\/page"}],"author":[{"embeddable":true,"href":"https:\/\/www.myvize.com.tr\/isvicre\/wp-json\/wp\/v2\/users\/1"}],"replies":[{"embeddable":true,"href":"https:\/\/www.myvize.com.tr\/isvicre\/wp-json\/wp\/v2\/comments?post=30"}],"version-history":[{"count":10,"href":"https:\/\/www.myvize.com.tr\/isvicre\/wp-json\/wp\/v2\/pages\/30\/revisions"}],"predecessor-version":[{"id":744,"href":"https:\/\/www.myvize.com.tr\/isvicre\/wp-json\/wp\/v2\/pages\/30\/revisions\/744"}],"up":[{"embeddable":true,"href":"https:\/\/www.myvize.com.tr\/isvicre\/wp-json\/wp\/v2\/pages\/18"}],"wp:attachment":[{"href":"https:\/\/www.myvize.com.tr\/isvicre\/wp-json\/wp\/v2\/media?parent=30"}],"curies":[{"name":"wp","href":"https:\/\/api.w.org\/{rel}","templated":true}]}}