{"id":39,"date":"2020-11-30T12:46:14","date_gmt":"2020-11-30T09:46:14","guid":{"rendered":"https:\/\/www.myvize.com.tr\/isvicre\/?page_id=39"},"modified":"2022-04-12T16:13:56","modified_gmt":"2022-04-12T13:13:56","slug":"isvicre-vize-randevusu","status":"publish","type":"page","link":"https:\/\/www.myvize.com.tr\/isvicre\/vize-islemleri\/isvicre-vize-randevusu\/","title":{"rendered":"\u0130svi\u00e7re Vize Randevusu"},"content":{"rendered":"<p><span style=\"font-family: Roboto; font-size: 14px;\"><strong>\u0130svi\u00e7re vize randevusu<\/strong>, \u0130svi\u00e7re Konsoloslu\u011fu\u2019na bizzat m\u00fcracaat ederek ya da telefon arac\u0131l\u0131\u011f\u0131 ile al\u0131nmaktad\u0131r. Randevu, konsoloslu\u011fun i\u015f yo\u011funlu\u011funa g\u00f6re verilmektedir. Genel anlamda talep eden ki\u015filere 1 hafta i\u00e7erisinde <strong>vize randevusu<\/strong> verilmektedir. T\u00fcm evraklar\u0131n\u0131z\u0131 eksiksiz \u015fekilde \u0130svi\u00e7re Konsoloslu\u011fu\u2019na ibraz etmenizi m\u00fcteakip 7-10 g\u00fcn i\u00e7erisinde de vize i\u015fleminiz sonu\u00e7lanmaktad\u0131r.<\/span><\/p>\n<p><span style=\"font-family: Roboto; font-size: 14px;\">\u0130svi\u00e7re, Shengen Protokol\u00fcne tabi olan bir \u00fclkedir. Bu kapsamda<span style=\"color: #2acec2;\"><a style=\"color: #2acec2;\" href=\"https:\/\/www.myvize.com.tr\/isvicre\/vize-islemleri\/isvicre-vizesi\/\" target=\"_blank\" rel=\"noopener\"><strong> \u0130svi\u00e7re vizesi<\/strong><\/a><\/span> ile di\u011fer Shengen \u00fclkelerine de ziyaret ger\u00e7ekle\u015ftirilebilir. \u0130svi\u00e7re, ilk 90 g\u00fcn i\u00e7in k\u0131rm\u0131z\u0131, gri ve ye\u015fil pasaport sahiplerinden vize istemez. Bordo pasaport sahipleri ise her hal\u00fckarda vize protokol\u00fcne tabi tutulur. Genel anlamda <strong>\u0130svi\u00e7re vize randevusu<\/strong> al\u0131nd\u0131ktan sonra talep edilen vize evraklar\u0131 \u015funlard\u0131r.<\/span><\/p>\n<p><span style=\"font-family: Roboto; font-size: 14px;\">l Seyahat s\u00fcresinin bitimini m\u00fcteakip en az 3 ay s\u00fcre ile ge\u00e7erli olan bir pasaport<\/span><\/p>\n<p><span style=\"font-family: Roboto; font-size: 14px;\">l G\u00fcncel, biyometrik \u00e7ekilmi\u015f pasaport<\/span><\/p>\n<p><span style=\"font-family: Roboto; font-size: 14px;\">l Vize t\u00fcr\u00fcne g\u00f6re istenen seyahat, konaklama ve ticari faaliyetlerle ilgili evraklar<\/span><\/p>\n<h2><span style=\"font-family: Roboto; font-size: 27px;\"><strong>\u0130svi\u00e7re Vizesi Randevu<\/strong><\/span><\/h2>\n<p><span style=\"font-family: Roboto; font-size: 14px;\">\u0130svi\u00e7re Cumhuriyet \u0130stanbul Ba\u015fkonsolosluklar\u0131na <strong>\u0130svi\u00e7re vize<\/strong> i\u00e7in \u015fahsen ba\u015fvuru yapmalar\u0131 istenmektedir,<strong> \u0130svi\u00e7re Ankara Konsoloslu\u011fu<\/strong> resmi sitesinde vize randevu b\u00f6l\u00fcm\u00fcnde Online randevu ba\u015fvurusu yapabilir. \u0130svi\u00e7re Konsoloslu\u011funun vize g\u00f6r\u00fc\u015fmesi i\u00e7in s\u0131n\u0131rl\u0131 say\u0131da verdi\u011fi randevu hakk\u0131ndan da faydalan\u0131l\u0131rs\u0131n\u0131z. <strong>\u0130svi\u00e7re Konsoloslu\u011fu<\/strong>, \u015fahsen vize ba\u015fvuru m\u00fcracaat\u0131 her hafta sal\u0131 ve per\u015fembe g\u00fcn\u00fc kabul etmektedir.<\/span><\/p>\n<p><span style=\"font-family: Roboto; font-size: 14px;\"><strong>\u0130svi\u00e7re Ba\u015fkonsolosluk vize<\/strong> randevu alma i\u015flemi i\u00e7in http:\/\/www.e-konsulat.gov bu sitesini kullanabilirsiniz.<\/span><\/p>\n<p><span style=\"font-family: Roboto; font-size: 14px;\">\u0130svi\u00e7re H\u00fck\u00fbmeti, T\u00fcrkiye Cumhuriyet s\u0131n\u0131r\u0131 i\u00e7inde; T\u00fcrkiye Cumhuriyeti vatanda\u015f\u0131 ve T\u00fcrkiye\u2019de ya\u015fayan, uzun zamanl\u0131 ikameti olan, \u00e7al\u0131\u015fma izni olan ba\u015fvuru sahibi t\u00fcm kategoride vize ba\u015fvurusu de\u011ferlendirmesi i\u00e7in T\u00fcrkiye Cumhuriyet s\u0131n\u0131r\u0131 i\u00e7inde yetkilendirdi\u011fi iki adet resmi kurumu vard\u0131r. Bundan birincisi; \u0130<strong>svi\u00e7re \u0130stanbul Ba\u015fkonsolosluklar\u0131<\/strong>, ikincisi; <strong>\u0130svi\u00e7re<\/strong> <strong>Ankara B\u00fcy\u00fckel\u00e7ili\u011fi<\/strong>. Bu resm\u00ee kurumlara ba\u015fvuru sahibi direkt ba\u015fvuru randevu ile ald\u0131\u011f\u0131 gibi, T\u00fcrkiye\u2019den yetkilendirdi\u011fi servis birimleri arac\u0131l\u0131\u011f\u0131 ile de alabilir. \u0130stenilen evrakla birlikte olu\u015fturulan randevunun g\u00fcn\u00fc konsoloslukta bulunmas\u0131 gerekmektedir.<\/span><\/p>\n<p><strong><span style=\"font-family: Roboto; font-size: 14px;\">\u0130svi\u00e7re Ba\u015fkonsoloslu\u011funa Vize m\u00fcracaat\u0131n\u0131 yapacak olan TC vatanda\u015f\u0131 dikkatine!<\/span><\/strong><\/p>\n<p><span style=\"font-family: Roboto; font-size: 14px;\">\u0130svi\u00e7re \u0130stanbul Konsoloslu\u011fu vize ba\u015fvurusu yapacak olan TC vatanda\u015f\u0131n\u0131n randevu almaks\u0131z\u0131n vize m\u00fcracaat\u0131 ger\u00e7ekle\u015ftiremeyecektir.<\/span><\/p>\n<h2><span style=\"font-size: 27px;\"><strong><span style=\"font-family: Roboto;\">\u0130svi\u00e7re Vize Randevular\u0131 Ne Zaman A\u00e7\u0131lacak?<\/span><\/strong><\/span><\/h2>\n<p><span style=\"font-family: Roboto; font-size: 14px;\">K\u0131sa s\u00fcreli vizeler i\u00e7in ba\u015fvurular ve randevular y\u0131l\u0131n b\u00fct\u00fcn aylar\u0131nda, g\u00fcnlerinde yap\u0131labilir. Konsoloslu\u011fa gitmeden \u00f6nce randevu ba\u015fvurusu yap\u0131l\u0131r ve sonras\u0131nda bu ba\u015fvuru izlenir. Kabul edildi\u011fini g\u00f6ren bireyler gereken t\u00fcm evraklar\u0131 haz\u0131r eder ve sonras\u0131nda ba\u015fvurusunu yapmaya giderler. Bunun i\u00e7in mesai saatleri i\u00e7erisinde konsoloslu\u011fa gidilmesi gerekir. Mesai saatleri ve g\u00fcnleri d\u0131\u015f\u0131nda konsolosluk i\u015flemleri yap\u0131lmamaktad\u0131r. Ba\u015fvurusu kabul edilen bireyler de vizenin ge\u00e7erli oldu\u011fu tarihlerde herhangi bir tarihte \u00fclkeye giri\u015f yapabilirler.<\/span><\/p>\n<h2><span style=\"font-family: Roboto; font-size: 27px;\"><strong>\u0130svi\u00e7re Vize Randevusu Nas\u0131l Al\u0131n\u0131r?<\/strong><\/span><\/h2>\n<p><span style=\"font-family: Roboto; font-size: 14px;\"><strong>\u0130svi\u00e7re vize randevusu<\/strong> i\u00e7in yukar\u0131da da belirtildi\u011fi gibi konsoloslu\u011fa m\u00fcracaat ya da telefonla randevu alma y\u00f6ntemleri uygulanabilir. Her iki y\u00f6ntemde de kolayl\u0131kla vize randevusu al\u0131nmaktad\u0131r. Al\u0131nan randevu g\u00fcn ve saatinde Konsoloslukta bulunmak gerekir. \u0130stenen evraklarda herhangi bir sorun tespit edilmemesi durumunda vize talebinize olumlu cevap verilmektedir. Konsolosluk, vize verirken tutarl\u0131l\u0131k ve do\u011fru bilgilerin ibraz edildi\u011finden emin olmak ister. Bu anlamda herhangi bir sorun olmad\u0131\u011f\u0131n\u0131 d\u00fc\u015f\u00fcn\u00fcyorsan\u0131z muhtemelen vize ba\u015fvurunuz olumlu sonu\u00e7lanacakt\u0131r.<\/span><\/p>\n<p><img decoding=\"async\" src=\"https:\/\/www.myvize.com.tr\/isvicre\/wp-content\/uploads\/2021\/10\/16.jpg\" \/><\/p>\n<h2><span style=\"font-family: Roboto; font-size: 27px;\"><strong>2022 \u0130svi\u00e7re Vize Randevusu Nas\u0131l Al\u0131n\u0131r?<\/strong><\/span><\/h2>\n<p><span style=\"font-family: Roboto; font-size: 14px;\">\u0130svi\u00e7re vize randevular\u0131 ile ilgili t\u00fcm i\u015flemlerden, <strong>\u0130svi\u00e7re Konsoloslu\u011fu<\/strong> ve<strong> \u0130svi\u00e7re B\u00fcy\u00fckel\u00e7ili\u011fi<\/strong> sorumludur.\u00a0<strong>\u0130svi\u00e7re vize randevusu<\/strong>, \u0130svi\u00e7re Konsoloslu\u011fu\u2019nun resmi internet sitesinden online olarak al\u0131nmaktad\u0131r. 12 ya\u015f\u0131n alt\u0131ndaki \u00e7ocuklar parmak izi ve biyometrik i\u015flemlerinden muaft\u0131rlar. \u0130svi\u00e7re vize randevusu al\u0131nmadan \u00f6nce, \u0130svi\u00e7re Konsoloslu\u011fu\u2019nun sizden istedi\u011fi t\u00fcm belgeleri ve evraklar\u0131 \u00f6nceden haz\u0131rlam\u0131\u015f olman\u0131z gerekmektedir.\u00a0<strong>\u0130svi\u00e7re vize randevusu<\/strong>\u00a0almak i\u00e7in \u0130svi\u00e7re Konsoloslu\u011fu\u2019nun resmi internet sitesindeki randevu b\u00f6l\u00fcm\u00fcnden ba\u015fvuru formunu doldurman\u0131z, daha sonra sistemin sizi y\u00f6nlendirece\u011fi sayfadan <strong>\u0130svi\u00e7re vize randevu<\/strong> \u00fccretini \u00f6demeniz gerekmektedir.<strong> \u0130svi\u00e7re vize randevu<\/strong> \u00fccretini \u00f6dedikten sonra randevu tarihinizi se\u00e7erek i\u015fleminizi tamamlamal\u0131s\u0131n\u0131z. \u0130svi\u00e7re ba\u015fvuru formunuzun, \u00f6deme dekontunuzun ve randevu belgenizin \u00e7\u0131kt\u0131s\u0131n\u0131 almay\u0131 unutmay\u0131n\u0131z.<\/span><\/p>\n<h3><span style=\"font-size: 24px;\"><strong><span style=\"font-family: Roboto;\">\u0130svi\u00e7re Vize Randevusu Almak \u0130\u00e7in Neler Yap\u0131l\u0131r?<\/span><\/strong><\/span><\/h3>\n<p><span style=\"font-family: Roboto; font-size: 14px;\">\u0130svi\u00e7re \u00fclkesine gitmek isteyen bireylerin ilk yapmas\u0131 gereken<strong><span style=\"color: #2acec2;\"><a style=\"color: #2acec2;\" href=\"https:\/\/www.myvize.com.tr\/isvicre\/form-ve-dilekce\/isvicre-vize-basvuru-formu\/\" target=\"_blank\" rel=\"noopener\">\u00a0 \u0130svi\u00e7re vize ba\u015fvuru formu<\/a><\/span><\/strong> doldurmakt\u0131r. Sonras\u0131nda konsolosluktan randevu al\u0131nmal\u0131d\u0131r. Bu randevuyu al\u0131rken doldurulan formda bireylerin ki\u015fisel bilgileri yer al\u0131r. Seyahat sebebinin ne oldu\u011fu sorusu yan\u0131tlanmal\u0131d\u0131r. Bireylerin ge\u00e7mi\u015fi ile ilgili baz\u0131 sorular vard\u0131r ki bu sorular da g\u00fcvenlik a\u00e7\u0131s\u0131ndan cevapland\u0131r\u0131lmal\u0131d\u0131r. B\u00fct\u00fcn bu istenen bilgiler randevu almak ad\u0131na doldurulmal\u0131d\u0131r. Bireyler doldurmas\u0131 zorunlu olmayan b\u00f6l\u00fcmleri doldurmayabilirler. Doldurulan bu formun \u00e7\u0131kt\u0131s\u0131 al\u0131n\u0131r ve imzalanarak verilen g\u00fcn i\u00e7erisinde konsoloslu\u011fa gidilmelidir. Seyahat edecek olan ki\u015filerin ya\u015flar\u0131 k\u00fc\u00e7\u00fck ise anne baba bilgileri de bu forma dahil edilir.<\/span><\/p>\n<p><img decoding=\"async\" src=\"https:\/\/www.myvize.com.tr\/isvicre\/wp-content\/uploads\/2021\/10\/18.jpg\" \/><\/p>\n<h3><span style=\"font-size: 24px;\"><strong><span style=\"font-family: Roboto;\">\u0130svi\u00e7re Vize Randevusu Ka\u00e7 G\u00fcn Sonraya Veriliyor?<\/span><\/strong><\/span><\/h3>\n<p><span style=\"font-family: Roboto; font-size: 14px;\">Randevu g\u00fcnleri yo\u011funlu\u011fa g\u00f6re de\u011fi\u015fmektedir. Konsoloslukta randevu i\u015flemleri genellikle pazartesi ve cuma g\u00fcnleri yap\u0131lmaktad\u0131r. Yurt d\u0131\u015f\u0131 seyahatlerinin artt\u0131\u011f\u0131 zamanlarda randevu almak isteyen bireyler i\u00e7in bu s\u00fcre uzad\u0131k\u00e7a uzayabilir. Ancak yurt d\u0131\u015f\u0131na seyahatlerin daha az seyrek oldu\u011fu zamanlarda ba\u015fvuru yap\u0131l\u0131r ise bu durumda da yak\u0131n zamana randevular olu\u015fturulabilir. Gezmek amac\u0131yla gitmek isteyen bireylerin randevu i\u00e7in bu seyrek d\u00f6nemleri se\u00e7mesi \u00f6nerilir.<\/span><\/p>\n<h3><strong><span style=\"font-family: Roboto; font-size: 24px;\">\u0130svi\u00e7re Vize Randevu Tarihi De\u011fi\u015ftirme Nas\u0131l Yap\u0131l\u0131r?<\/span><\/strong><\/h3>\n<p><span style=\"font-family: Roboto; font-size: 14px;\">Randevu tarihini de\u011fi\u015ftirmek isteyen bireyler alm\u0131\u015f olduklar\u0131 randevuyu iptal edip tekrar randevu almak zorunda kalabilirler. \u00c7\u00fcnk\u00fc konsoloslu\u011fun yo\u011funlu\u011fu bu randevu i\u015flemlerini etkilemektedir. Bu sebeple randevusuna gidemeyecek olan bireyler tekrar randevu ald\u0131\u011f\u0131nda uzun s\u00fcre beklemek zorunda kalabilir. Belgelerini de ona g\u00f6re ayarlamalar\u0131 gerekmektedir. Bu \u015fekilde randevu tarihini de\u011fi\u015ftiren bireylerin yerine farkl\u0131 bireyler al\u0131nabilir. Bu sebeple bireyler tam olarak karar\u0131n\u0131 vermeden randevu almamal\u0131d\u0131r. \u00c7ok zor durumda kalmad\u0131k\u00e7a da randevular\u0131n\u0131 iptal etmemelidir. <strong>Konsolosluk i\u015flemleri uzun s\u00fcreli i\u015flemler<\/strong> oldu\u011fundan bu i\u015flemlere gereken zaman\u0131n ayr\u0131lmas\u0131 gerekir.<\/span><\/p>\n<h3><strong><span style=\"font-family: Roboto; font-size: 24px;\">\u0130svi\u00e7re Vize Randevusu Sorgulama<\/span><\/strong><\/h3>\n<p><span style=\"font-family: Roboto; font-size: 14px;\">Gereken evraklar tamamlanarak yap\u0131lan ba\u015fvurular\u0131n sonu\u00e7lar\u0131 sorgulanabilir. Bu s\u00fcre\u00e7te evraklar konsolosluk taraf\u0131ndan incelenir, e\u011fer eksik yok ise i\u015fleme konulur ve t\u00fcm bu ad\u0131mlar randevu sorgulama ekran\u0131 \u00fczerinden kontrol edilir. En son randevunun kabul\u00fc ekran\u0131 geldi\u011finde bireyler ba\u015fvuru i\u00e7in konsoloslu\u011fa ba\u015fvurabilirler. Art\u0131k teknolojinin geli\u015fmesi ile bu \u015fekilde i\u015flemler ad\u0131m ad\u0131m takip edilebilir hale gelmi\u015ftir. Bireyler evraklar\u0131 ve ba\u015fvurular\u0131 i\u00e7in yap\u0131lan t\u00fcm i\u015flemleri tek tek g\u00f6rebilirler.<\/span><\/p>\n<p><img decoding=\"async\" src=\"https:\/\/www.myvize.com.tr\/isvicre\/wp-content\/uploads\/2021\/10\/19.jpg\" \/><\/p>\n<h4><span style=\"font-size: 22px;\"><strong><span style=\"font-family: Roboto;\">\u0130svi\u00e7re Vize Randevusu \u00dccreti<\/span><\/strong><\/span><\/h4>\n<p><span style=\"font-family: Roboto; font-size: 14px;\"><strong>Vizeler k\u0131sa ve uzun s\u00fcreli<\/strong> olarak de\u011fi\u015febilir. 12 ya\u015f\u0131n\u0131n \u00fczerinde olan bireyler i\u00e7in konsoloslu\u011fun belirlemi\u015f oldu\u011fu \u00fccret 60 Euro\u2019dur. 12 ya\u015f\u0131ndan k\u00fc\u00e7\u00fck olanlar i\u00e7in 35 Euro olarak belirlenmi\u015ftir ve 6 ya\u015f\u0131ndan k\u00fc\u00e7\u00fck bireyler hen\u00fcz bebek kabul edilir ve bu bireylerin randevular\u0131 i\u00e7in herhangi bir \u00fccret talebi yoktur. Bu \u015fekildeki \u00fccretler yat\u0131r\u0131ld\u0131ktan sonra bireyler \u00fccreti yat\u0131rd\u0131\u011f\u0131na dair belgelerini almay\u0131 unutmamal\u0131d\u0131r. Bu belge ba\u015fvuru esnas\u0131nda istenen belgeler aras\u0131ndad\u0131r. Her bir birey i\u00e7in ayr\u0131 belgeler al\u0131nmal\u0131d\u0131r.<\/span><\/p>\n<h4><span style=\"font-size: 22px;\"><strong><span style=\"font-family: Roboto;\">\u0130svi\u00e7re Vize Randevu \u0130ptal<\/span><\/strong><\/span><\/h4>\n<p><span style=\"font-family: Roboto; font-size: 14px;\"><strong>Vize randevusu<\/strong> alan bireyler gitmekten vazge\u00e7tiklerinde site \u00fczerinden bu randevular\u0131n\u0131 iptal etmelidir. \u0130ptal edilen randevular yerine ba\u015fka bireylere randevu verilebilir ki bu da bireylerin iyili\u011fine bir durumdur. \u00c7\u00fcnk\u00fc bazen randevu al\u0131p gelmeyen ki\u015filer oluyor ki bu durumda bireyler ma\u011fdur olurlar. Herhangi bir ma\u011fduriyetin ya\u015fanmamas\u0131 ad\u0131na bireyler e\u011fer gitmeyecekler ise randevular\u0131n\u0131 iptal etmelidir.<\/span><\/p>\n","protected":false},"excerpt":{"rendered":"<p>\u0130svi\u00e7re vize randevusu, \u0130svi\u00e7re Konsoloslu\u011fu\u2019na bizzat m\u00fcracaat ederek ya da telefon arac\u0131l\u0131\u011f\u0131 ile al\u0131nmaktad\u0131r. Randevu, konsoloslu\u011fun i\u015f yo\u011funlu\u011funa g\u00f6re verilmektedir. Genel anlamda talep eden ki\u015filere 1 hafta i\u00e7erisinde vize randevusu verilmektedir. T\u00fcm evraklar\u0131n\u0131z\u0131 eksiksiz \u015fekilde \u0130svi\u00e7re Konsoloslu\u011fu\u2019na ibraz etmenizi m\u00fcteakip 7-10 g\u00fcn i\u00e7erisinde de vize i\u015fleminiz sonu\u00e7lanmaktad\u0131r. \u0130svi\u00e7re, Shengen Protokol\u00fcne tabi olan bir \u00fclkedir. Bu<\/p>\n","protected":false},"author":1,"featured_media":0,"parent":18,"menu_order":0,"comment_status":"open","ping_status":"closed","template":"","meta":{"footnotes":""},"class_list":["post-39","page","type-page","status-publish","hentry"],"yoast_head":"<!-- This site is optimized with the Yoast SEO plugin v24.0 - https:\/\/yoast.com\/wordpress\/plugins\/seo\/ -->\n<title>\u0130svi\u00e7re Vize Randevusu - \u0130svi\u00e7re Vize \u00dccreti - MyVize<\/title>\n<meta name=\"description\" content=\"\u0130svi\u00e7re vize randevusu i\u00e7in ileti\u015fim. \u0130svi\u00e7re vize randevusu i\u00e7in g\u00f6rsel anlat\u0131m ve detayl\u0131 bilgiler i\u00e7in sayfam\u0131z\u0131 ziyaret edebilirsiniz.\" \/>\n<meta name=\"robots\" content=\"index, follow, max-snippet:-1, max-image-preview:large, max-video-preview:-1\" \/>\n<link rel=\"canonical\" href=\"https:\/\/www.myvize.com.tr\/isvicre\/vize-islemleri\/isvicre-vize-randevusu\/\" \/>\n<meta property=\"og:locale\" content=\"tr_TR\" \/>\n<meta property=\"og:type\" content=\"article\" \/>\n<meta property=\"og:title\" content=\"\u0130svi\u00e7re Vize Randevusu - \u0130svi\u00e7re Vize \u00dccreti - MyVize\" \/>\n<meta property=\"og:description\" content=\"\u0130svi\u00e7re vize randevusu i\u00e7in ileti\u015fim. \u0130svi\u00e7re vize randevusu i\u00e7in g\u00f6rsel anlat\u0131m ve detayl\u0131 bilgiler i\u00e7in sayfam\u0131z\u0131 ziyaret edebilirsiniz.\" \/>\n<meta property=\"og:url\" content=\"https:\/\/www.myvize.com.tr\/isvicre\/vize-islemleri\/isvicre-vize-randevusu\/\" \/>\n<meta property=\"og:site_name\" content=\"\u0130svi\u00e7re Vizesi\" \/>\n<meta property=\"article:modified_time\" content=\"2022-04-12T13:13:56+00:00\" \/>\n<meta property=\"og:image\" content=\"https:\/\/www.myvize.com.tr\/isvicre\/wp-content\/uploads\/2021\/10\/16.jpg\" \/>\n<meta name=\"twitter:card\" content=\"summary_large_image\" \/>\n<meta name=\"twitter:label1\" content=\"Tahmini okuma s\u00fcresi\" \/>\n\t<meta name=\"twitter:data1\" content=\"5 dakika\" \/>\n<script type=\"application\/ld+json\" class=\"yoast-schema-graph\">{\"@context\":\"https:\/\/schema.org\",\"@graph\":[{\"@type\":\"WebPage\",\"@id\":\"https:\/\/www.myvize.com.tr\/isvicre\/vize-islemleri\/isvicre-vize-randevusu\/\",\"url\":\"https:\/\/www.myvize.com.tr\/isvicre\/vize-islemleri\/isvicre-vize-randevusu\/\",\"name\":\"\u0130svi\u00e7re Vize Randevusu - \u0130svi\u00e7re Vize \u00dccreti - MyVize\",\"isPartOf\":{\"@id\":\"https:\/\/www.myvize.com.tr\/isvicre\/#website\"},\"primaryImageOfPage\":{\"@id\":\"https:\/\/www.myvize.com.tr\/isvicre\/vize-islemleri\/isvicre-vize-randevusu\/#primaryimage\"},\"image\":{\"@id\":\"https:\/\/www.myvize.com.tr\/isvicre\/vize-islemleri\/isvicre-vize-randevusu\/#primaryimage\"},\"thumbnailUrl\":\"https:\/\/www.myvize.com.tr\/isvicre\/wp-content\/uploads\/2021\/10\/16.jpg\",\"datePublished\":\"2020-11-30T09:46:14+00:00\",\"dateModified\":\"2022-04-12T13:13:56+00:00\",\"description\":\"\u0130svi\u00e7re vize randevusu i\u00e7in ileti\u015fim. \u0130svi\u00e7re vize randevusu i\u00e7in g\u00f6rsel anlat\u0131m ve detayl\u0131 bilgiler i\u00e7in sayfam\u0131z\u0131 ziyaret edebilirsiniz.\",\"breadcrumb\":{\"@id\":\"https:\/\/www.myvize.com.tr\/isvicre\/vize-islemleri\/isvicre-vize-randevusu\/#breadcrumb\"},\"inLanguage\":\"tr\",\"potentialAction\":[{\"@type\":\"ReadAction\",\"target\":[\"https:\/\/www.myvize.com.tr\/isvicre\/vize-islemleri\/isvicre-vize-randevusu\/\"]}]},{\"@type\":\"ImageObject\",\"inLanguage\":\"tr\",\"@id\":\"https:\/\/www.myvize.com.tr\/isvicre\/vize-islemleri\/isvicre-vize-randevusu\/#primaryimage\",\"url\":\"https:\/\/www.myvize.com.tr\/isvicre\/wp-content\/uploads\/2021\/10\/16.jpg\",\"contentUrl\":\"https:\/\/www.myvize.com.tr\/isvicre\/wp-content\/uploads\/2021\/10\/16.jpg\",\"width\":800,\"height\":500,\"caption\":\"\u0130svi\u00e7re Vize Randevusu\"},{\"@type\":\"BreadcrumbList\",\"@id\":\"https:\/\/www.myvize.com.tr\/isvicre\/vize-islemleri\/isvicre-vize-randevusu\/#breadcrumb\",\"itemListElement\":[{\"@type\":\"ListItem\",\"position\":1,\"name\":\"Anasayfa\",\"item\":\"https:\/\/www.myvize.com.tr\/isvicre\/\"},{\"@type\":\"ListItem\",\"position\":2,\"name\":\"\u0130SV\u0130\u00c7RE V\u0130ZE \u0130\u015eLEMLER\u0130\",\"item\":\"https:\/\/www.myvize.com.tr\/isvicre\/vize-islemleri\/\"},{\"@type\":\"ListItem\",\"position\":3,\"name\":\"\u0130svi\u00e7re Vize Randevusu\"}]},{\"@type\":\"WebSite\",\"@id\":\"https:\/\/www.myvize.com.tr\/isvicre\/#website\",\"url\":\"https:\/\/www.myvize.com.tr\/isvicre\/\",\"name\":\"\u0130svi\u00e7re Vizesi\",\"description\":\"\",\"potentialAction\":[{\"@type\":\"SearchAction\",\"target\":{\"@type\":\"EntryPoint\",\"urlTemplate\":\"https:\/\/www.myvize.com.tr\/isvicre\/?s={search_term_string}\"},\"query-input\":{\"@type\":\"PropertyValueSpecification\",\"valueRequired\":true,\"valueName\":\"search_term_string\"}}],\"inLanguage\":\"tr\"}]}<\/script>\n<!-- \/ Yoast SEO plugin. -->","yoast_head_json":{"title":"\u0130svi\u00e7re Vize Randevusu - \u0130svi\u00e7re Vize \u00dccreti - MyVize","description":"\u0130svi\u00e7re vize randevusu i\u00e7in ileti\u015fim. \u0130svi\u00e7re vize randevusu i\u00e7in g\u00f6rsel anlat\u0131m ve detayl\u0131 bilgiler i\u00e7in sayfam\u0131z\u0131 ziyaret edebilirsiniz.","robots":{"index":"index","follow":"follow","max-snippet":"max-snippet:-1","max-image-preview":"max-image-preview:large","max-video-preview":"max-video-preview:-1"},"canonical":"https:\/\/www.myvize.com.tr\/isvicre\/vize-islemleri\/isvicre-vize-randevusu\/","og_locale":"tr_TR","og_type":"article","og_title":"\u0130svi\u00e7re Vize Randevusu - \u0130svi\u00e7re Vize \u00dccreti - MyVize","og_description":"\u0130svi\u00e7re vize randevusu i\u00e7in ileti\u015fim. \u0130svi\u00e7re vize randevusu i\u00e7in g\u00f6rsel anlat\u0131m ve detayl\u0131 bilgiler i\u00e7in sayfam\u0131z\u0131 ziyaret edebilirsiniz.","og_url":"https:\/\/www.myvize.com.tr\/isvicre\/vize-islemleri\/isvicre-vize-randevusu\/","og_site_name":"\u0130svi\u00e7re Vizesi","article_modified_time":"2022-04-12T13:13:56+00:00","og_image":[{"url":"https:\/\/www.myvize.com.tr\/isvicre\/wp-content\/uploads\/2021\/10\/16.jpg","type":"","width":"","height":""}],"twitter_card":"summary_large_image","twitter_misc":{"Tahmini okuma s\u00fcresi":"5 dakika"},"schema":{"@context":"https:\/\/schema.org","@graph":[{"@type":"WebPage","@id":"https:\/\/www.myvize.com.tr\/isvicre\/vize-islemleri\/isvicre-vize-randevusu\/","url":"https:\/\/www.myvize.com.tr\/isvicre\/vize-islemleri\/isvicre-vize-randevusu\/","name":"\u0130svi\u00e7re Vize Randevusu - \u0130svi\u00e7re Vize \u00dccreti - MyVize","isPartOf":{"@id":"https:\/\/www.myvize.com.tr\/isvicre\/#website"},"primaryImageOfPage":{"@id":"https:\/\/www.myvize.com.tr\/isvicre\/vize-islemleri\/isvicre-vize-randevusu\/#primaryimage"},"image":{"@id":"https:\/\/www.myvize.com.tr\/isvicre\/vize-islemleri\/isvicre-vize-randevusu\/#primaryimage"},"thumbnailUrl":"https:\/\/www.myvize.com.tr\/isvicre\/wp-content\/uploads\/2021\/10\/16.jpg","datePublished":"2020-11-30T09:46:14+00:00","dateModified":"2022-04-12T13:13:56+00:00","description":"\u0130svi\u00e7re vize randevusu i\u00e7in ileti\u015fim. \u0130svi\u00e7re vize randevusu i\u00e7in g\u00f6rsel anlat\u0131m ve detayl\u0131 bilgiler i\u00e7in sayfam\u0131z\u0131 ziyaret edebilirsiniz.","breadcrumb":{"@id":"https:\/\/www.myvize.com.tr\/isvicre\/vize-islemleri\/isvicre-vize-randevusu\/#breadcrumb"},"inLanguage":"tr","potentialAction":[{"@type":"ReadAction","target":["https:\/\/www.myvize.com.tr\/isvicre\/vize-islemleri\/isvicre-vize-randevusu\/"]}]},{"@type":"ImageObject","inLanguage":"tr","@id":"https:\/\/www.myvize.com.tr\/isvicre\/vize-islemleri\/isvicre-vize-randevusu\/#primaryimage","url":"https:\/\/www.myvize.com.tr\/isvicre\/wp-content\/uploads\/2021\/10\/16.jpg","contentUrl":"https:\/\/www.myvize.com.tr\/isvicre\/wp-content\/uploads\/2021\/10\/16.jpg","width":800,"height":500,"caption":"\u0130svi\u00e7re Vize Randevusu"},{"@type":"BreadcrumbList","@id":"https:\/\/www.myvize.com.tr\/isvicre\/vize-islemleri\/isvicre-vize-randevusu\/#breadcrumb","itemListElement":[{"@type":"ListItem","position":1,"name":"Anasayfa","item":"https:\/\/www.myvize.com.tr\/isvicre\/"},{"@type":"ListItem","position":2,"name":"\u0130SV\u0130\u00c7RE V\u0130ZE \u0130\u015eLEMLER\u0130","item":"https:\/\/www.myvize.com.tr\/isvicre\/vize-islemleri\/"},{"@type":"ListItem","position":3,"name":"\u0130svi\u00e7re Vize Randevusu"}]},{"@type":"WebSite","@id":"https:\/\/www.myvize.com.tr\/isvicre\/#website","url":"https:\/\/www.myvize.com.tr\/isvicre\/","name":"\u0130svi\u00e7re Vizesi","description":"","potentialAction":[{"@type":"SearchAction","target":{"@type":"EntryPoint","urlTemplate":"https:\/\/www.myvize.com.tr\/isvicre\/?s={search_term_string}"},"query-input":{"@type":"PropertyValueSpecification","valueRequired":true,"valueName":"search_term_string"}}],"inLanguage":"tr"}]}},"_links":{"self":[{"href":"https:\/\/www.myvize.com.tr\/isvicre\/wp-json\/wp\/v2\/pages\/39","targetHints":{"allow":["GET"]}}],"collection":[{"href":"https:\/\/www.myvize.com.tr\/isvicre\/wp-json\/wp\/v2\/pages"}],"about":[{"href":"https:\/\/www.myvize.com.tr\/isvicre\/wp-json\/wp\/v2\/types\/page"}],"author":[{"embeddable":true,"href":"https:\/\/www.myvize.com.tr\/isvicre\/wp-json\/wp\/v2\/users\/1"}],"replies":[{"embeddable":true,"href":"https:\/\/www.myvize.com.tr\/isvicre\/wp-json\/wp\/v2\/comments?post=39"}],"version-history":[{"count":13,"href":"https:\/\/www.myvize.com.tr\/isvicre\/wp-json\/wp\/v2\/pages\/39\/revisions"}],"predecessor-version":[{"id":750,"href":"https:\/\/www.myvize.com.tr\/isvicre\/wp-json\/wp\/v2\/pages\/39\/revisions\/750"}],"up":[{"embeddable":true,"href":"https:\/\/www.myvize.com.tr\/isvicre\/wp-json\/wp\/v2\/pages\/18"}],"wp:attachment":[{"href":"https:\/\/www.myvize.com.tr\/isvicre\/wp-json\/wp\/v2\/media?parent=39"}],"curies":[{"name":"wp","href":"https:\/\/api.w.org\/{rel}","templated":true}]}}