{"id":394,"date":"2021-08-09T15:47:17","date_gmt":"2021-08-09T12:47:17","guid":{"rendered":"https:\/\/www.myvize.com.tr\/isvicre\/?page_id=394"},"modified":"2022-01-14T14:50:27","modified_gmt":"2022-01-14T11:50:27","slug":"isvicre-vize-basvurusu","status":"publish","type":"page","link":"https:\/\/www.myvize.com.tr\/isvicre\/vize-islemleri\/isvicre-vize-basvurusu\/","title":{"rendered":"\u0130svi\u00e7re Vize Ba\u015fvurusu"},"content":{"rendered":"<h2><strong><span style=\"font-size: 27px; font-family: Roboto;\">\u0130svi\u00e7re Vize Ba\u015fvurusu Hakk\u0131nda<\/span><\/strong><\/h2>\n<p><span style=\"font-family: Roboto; font-size: 14px;\">\u0130svi\u00e7re\u2019ye seyahat edecekseniz ve T\u00fcrkiye Cumhuriyeti Umuma Mahsus yani bordo pasaport sahibiyseniz<strong> \u0130svi\u00e7re vizesi<\/strong> ba\u015fvurusu yapmak zorunda oluyorsunuz. \u0130svi\u00e7re Devleti Schengen B\u00f6lgesi\u2019ne \u00fcye \u00fclkeler aras\u0131ndad\u0131r. Bu sebepten dolay\u0131 , pasaportunuz da ge\u00e7erlili\u011fi devam ediyor olan \u00a0Schengen vizesi yoksa\u00a0\u00a0Umuma Mahsus yani bordo pasaport sahibiyseniz yapaca\u011f\u0131n\u0131z\u00a0 k\u0131sa s\u00fcreli yani 90 g\u00fcne kadar s\u00fcrecek olan seyahatleriniz i\u00e7in \u00a0\u00f6ncesinde \u0130svi\u00e7re Schengen vizesine ba\u015fvurman\u0131z gerekiyor. Hususi, Diplomatik veya\u00a0\u00a0Hizmet Pasaportu sahibiyseniz ve T\u00fcrkiye Cumhuriyeti vatanda\u015f\u0131ysan\u0131z, 180 g\u00fcn i\u00e7inde 90 g\u00fcn\u00fc ge\u00e7meyecek seyahatleriniz i\u00e7in <strong>\u0130svi\u00e7re vizesi<\/strong> ba\u015fvurusunda<\/span><br \/>\n<span style=\"font-family: Roboto; font-size: 14px;\">bulunman\u0131za gerek olmuyor. \u00a0\u0130svi\u00e7re\u2019ye seyahat edecekseniz ve \u00a0uzun s\u00fcreli olacaksa \u00a0vize yani; aile birle\u015fimi, oturum, \u00e7al\u0131\u015fma izni durumlar\u0131 gibi\u00a0 nedenlerden dolay\u0131 seyahat edecekseniz ve T\u00fcrkiye Cumhuriyeti vatanda\u015f\u0131ysan\u0131z veya T\u00fcrkiye\u2019de\u00a0\u00a0ya\u015f\u0131yor olan \u00fc\u00e7\u00fcnc\u00fc \u00fclke vatanda\u015f\u0131ysan\u0131z ba\u015fvurular\u0131n\u0131z\u0131 do\u011frudan \u0130svi\u00e7re Ankara B\u00fcy\u00fckel\u00e7ili\u011fine ve \u0130svi\u00e7re \u0130stanbul Ba\u015fkonsoloslu\u011funa yapman\u0131z gerekiyor.\u00a0 Ancak <span style=\"color: #2acec2;\"><strong><a style=\"color: #2acec2;\" href=\"https:\/\/www.myvize.com.tr\/isvicre\/konsolosluklar\/ankara-buyukelciligi\/\" target=\"_blank\" rel=\"noopener\">\u0130svi\u00e7re Ankara B\u00fcy\u00fckel\u00e7ili\u011fi <\/a><\/strong><\/span>Konsolosluk Departman\u0131 kapanm\u0131\u015ft\u0131r. Bunun i\u00e7in T\u00fcrkiye\u2019de ya\u015fayan \u0130svi\u00e7re vatanda\u015f\u0131ysan\u0131z konsolosluk hizmetlerinden yararlanabilmek\u00a0\u00a0ve vize ile ilgili i\u015flemlerinizi yapabilmeniz i\u00e7in 15 Nisan 2013&#8217;den beri \u0130stanbul\u2019da bulunan \u0130svi\u00e7re Ba\u015fkonsoloslu\u011fu&#8217;na gidip i\u015flemlerinizi burada yapman\u0131z gerekiyor. \u00a0\u0130svi\u00e7re\u2019ye seyahat edecekseniz ve T\u00fcrkiye\u00a0\u00a0Cumhuriyeti vatanda\u015f\u0131ysan\u0131z Hususi Pasaport yani Ye\u015fil ve Diplomatik Pasaport yani Siyah ve Hizmet yani Gri Pasaport sahibiyseniz 6 ay i\u00e7inde 90 g\u00fcn ile s\u0131n\u0131rl\u0131<\/span><br \/>\n<span style=\"font-family: Roboto; font-size: 14px;\">kalan\u00a0 seyahatleriniz i\u00e7in \u00a0vize alman\u0131za gerek duyulmuyor. Umuma Mahsus yani bordo pasaport sahibiyseniz \u0130svi\u00e7re\u2019ye seyahat etmek istiyorsan\u0131z\u00a0 \u0130svi\u00e7re Konsoloslu\u011funa, <strong>\u0130svi\u00e7re Konsoloslu\u011fu\u00a0<\/strong> taraf\u0131ndan yetkilendirilen kurumlara ba\u015fvuru yapman\u0131z gerekiyor.<\/span><\/p>\n<p><span style=\"font-family: Roboto; font-size: 14px;\">\u0130svi\u00e7re\u2019ye seyahat edecekseniz ve T\u00fcrkiye Cumhuriyeti vatanda\u015f\u0131ysan\u0131z vize ba\u015fvurular\u0131n\u0131z i\u00e7in \u0130svi\u00e7re Konsoloslu\u011funa Konsolosluk<\/span><br \/>\n<span style=\"font-family: Roboto; font-size: 14px;\">taraf\u0131ndan yetkilendirilen kurumlara ve Vize Dan\u0131\u015fma Merkezleri ile Turizm\/Seyahat Acenteleri arac\u0131l\u0131\u011f\u0131 ile ba\u015fvuru yapman\u0131z da m\u00fcmk\u00fcn.<\/span><\/p>\n<p><span style=\"font-family: Roboto; font-size: 14px;\"><strong>\u0130svi\u00e7re Konsoloslu\u011fu<\/strong> k\u0131sa s\u00fcreli seyahat amac\u0131n\u0131z bulunuyorsa bu t\u00fcr vize ba\u015fvurular\u0131n\u0131z i\u00e7in baz\u0131 durumlar haricinde do\u011frudan ba\u015fvur yapman\u0131za izin vermiyor.Ancak uzun s\u00fcreli <strong>\u0130svi\u00e7re vizesi<\/strong> ba\u015fvurusunda bulunacaksan\u0131z yani oturum izni, \u00e7al\u0131\u015fma izni, ve aile birle\u015fimi gibi ba\u015fvurular\u0131n\u0131z i\u00e7in\u00a0 \u0130svi\u00e7re Konsoloslu\u011fu\u2019na do\u011frudan sizin \u00a0ba\u015fvuru yap\u0131lman\u0131z gerekiyor.Yine de vize ba\u015fvurunuzu yapmadan \u00f6nce \u0130svi\u00e7re Konsoloslu\u011funu arayarak bu bilgileri do\u011frulayabilirsiniz.<\/span><\/p>\n<p><span style=\"font-family: Roboto; font-size: 14px;\">\u0130svi\u00e7re vize ba\u015fvurunuzu, \u00a0arac\u0131 kurumlar sayesinde yapt\u0131ysan\u0131z bile, ba\u015fvurular\u0131n\u0131z\u0131n de\u011ferlendirilmesi ve onaylanmas\u0131 ad\u0131na yetkili olan tek yer\u00a0\u00a0\u00a0\u0130svi\u00e7re Konsoloslu\u011fu&#8217;dur.<\/span><\/p>\n","protected":false},"excerpt":{"rendered":"<p>\u0130svi\u00e7re Vize Ba\u015fvurusu Hakk\u0131nda \u0130svi\u00e7re\u2019ye seyahat edecekseniz ve T\u00fcrkiye Cumhuriyeti Umuma Mahsus yani bordo pasaport sahibiyseniz \u0130svi\u00e7re vizesi ba\u015fvurusu yapmak zorunda oluyorsunuz. \u0130svi\u00e7re Devleti Schengen B\u00f6lgesi\u2019ne \u00fcye \u00fclkeler aras\u0131ndad\u0131r. Bu sebepten dolay\u0131 , pasaportunuz da ge\u00e7erlili\u011fi devam ediyor olan \u00a0Schengen vizesi yoksa\u00a0\u00a0Umuma Mahsus yani bordo pasaport sahibiyseniz yapaca\u011f\u0131n\u0131z\u00a0 k\u0131sa s\u00fcreli yani 90 g\u00fcne kadar s\u00fcrecek<\/p>\n","protected":false},"author":1,"featured_media":0,"parent":18,"menu_order":0,"comment_status":"open","ping_status":"closed","template":"","meta":{"footnotes":""},"class_list":["post-394","page","type-page","status-publish","hentry"],"yoast_head":"<!-- This site is optimized with the Yoast SEO plugin v24.0 - https:\/\/yoast.com\/wordpress\/plugins\/seo\/ -->\n<title>\u0130svi\u00e7re Vize Ba\u015fvurusu - \u0130svi\u00e7re Vizesi - MyVize<\/title>\n<meta name=\"description\" content=\"\u0130svi\u00e7re Vize Ba\u015fvurusu nas\u0131l yap\u0131l\u0131r? \u0130svi\u00e7re Vize Ba\u015fvuru i\u015flemleri nelerdir? Bilgi \u0130\u00e7in Vize Uzmanlar\u0131m\u0131z\u0131 Aray\u0131n: 0850 346 84 93\" \/>\n<meta name=\"robots\" content=\"index, follow, max-snippet:-1, max-image-preview:large, max-video-preview:-1\" \/>\n<link rel=\"canonical\" href=\"https:\/\/www.myvize.com.tr\/isvicre\/vize-islemleri\/isvicre-vize-basvurusu\/\" \/>\n<meta property=\"og:locale\" content=\"tr_TR\" \/>\n<meta property=\"og:type\" content=\"article\" \/>\n<meta property=\"og:title\" content=\"\u0130svi\u00e7re Vize Ba\u015fvurusu - \u0130svi\u00e7re Vizesi - MyVize\" \/>\n<meta property=\"og:description\" content=\"\u0130svi\u00e7re Vize Ba\u015fvurusu nas\u0131l yap\u0131l\u0131r? \u0130svi\u00e7re Vize Ba\u015fvuru i\u015flemleri nelerdir? Bilgi \u0130\u00e7in Vize Uzmanlar\u0131m\u0131z\u0131 Aray\u0131n: 0850 346 84 93\" \/>\n<meta property=\"og:url\" content=\"https:\/\/www.myvize.com.tr\/isvicre\/vize-islemleri\/isvicre-vize-basvurusu\/\" \/>\n<meta property=\"og:site_name\" content=\"\u0130svi\u00e7re Vizesi\" \/>\n<meta property=\"article:modified_time\" content=\"2022-01-14T11:50:27+00:00\" \/>\n<meta name=\"twitter:card\" content=\"summary_large_image\" \/>\n<meta name=\"twitter:label1\" content=\"Tahmini okuma s\u00fcresi\" \/>\n\t<meta name=\"twitter:data1\" content=\"2 dakika\" \/>\n<script type=\"application\/ld+json\" class=\"yoast-schema-graph\">{\"@context\":\"https:\/\/schema.org\",\"@graph\":[{\"@type\":\"WebPage\",\"@id\":\"https:\/\/www.myvize.com.tr\/isvicre\/vize-islemleri\/isvicre-vize-basvurusu\/\",\"url\":\"https:\/\/www.myvize.com.tr\/isvicre\/vize-islemleri\/isvicre-vize-basvurusu\/\",\"name\":\"\u0130svi\u00e7re Vize Ba\u015fvurusu - \u0130svi\u00e7re Vizesi - MyVize\",\"isPartOf\":{\"@id\":\"https:\/\/www.myvize.com.tr\/isvicre\/#website\"},\"datePublished\":\"2021-08-09T12:47:17+00:00\",\"dateModified\":\"2022-01-14T11:50:27+00:00\",\"description\":\"\u0130svi\u00e7re Vize Ba\u015fvurusu nas\u0131l yap\u0131l\u0131r? \u0130svi\u00e7re Vize Ba\u015fvuru i\u015flemleri nelerdir? Bilgi \u0130\u00e7in Vize Uzmanlar\u0131m\u0131z\u0131 Aray\u0131n: 0850 346 84 93\",\"breadcrumb\":{\"@id\":\"https:\/\/www.myvize.com.tr\/isvicre\/vize-islemleri\/isvicre-vize-basvurusu\/#breadcrumb\"},\"inLanguage\":\"tr\",\"potentialAction\":[{\"@type\":\"ReadAction\",\"target\":[\"https:\/\/www.myvize.com.tr\/isvicre\/vize-islemleri\/isvicre-vize-basvurusu\/\"]}]},{\"@type\":\"BreadcrumbList\",\"@id\":\"https:\/\/www.myvize.com.tr\/isvicre\/vize-islemleri\/isvicre-vize-basvurusu\/#breadcrumb\",\"itemListElement\":[{\"@type\":\"ListItem\",\"position\":1,\"name\":\"Anasayfa\",\"item\":\"https:\/\/www.myvize.com.tr\/isvicre\/\"},{\"@type\":\"ListItem\",\"position\":2,\"name\":\"\u0130SV\u0130\u00c7RE V\u0130ZE \u0130\u015eLEMLER\u0130\",\"item\":\"https:\/\/www.myvize.com.tr\/isvicre\/vize-islemleri\/\"},{\"@type\":\"ListItem\",\"position\":3,\"name\":\"\u0130svi\u00e7re Vize Ba\u015fvurusu\"}]},{\"@type\":\"WebSite\",\"@id\":\"https:\/\/www.myvize.com.tr\/isvicre\/#website\",\"url\":\"https:\/\/www.myvize.com.tr\/isvicre\/\",\"name\":\"\u0130svi\u00e7re Vizesi\",\"description\":\"\",\"potentialAction\":[{\"@type\":\"SearchAction\",\"target\":{\"@type\":\"EntryPoint\",\"urlTemplate\":\"https:\/\/www.myvize.com.tr\/isvicre\/?s={search_term_string}\"},\"query-input\":{\"@type\":\"PropertyValueSpecification\",\"valueRequired\":true,\"valueName\":\"search_term_string\"}}],\"inLanguage\":\"tr\"}]}<\/script>\n<!-- \/ Yoast SEO plugin. -->","yoast_head_json":{"title":"\u0130svi\u00e7re Vize Ba\u015fvurusu - \u0130svi\u00e7re Vizesi - MyVize","description":"\u0130svi\u00e7re Vize Ba\u015fvurusu nas\u0131l yap\u0131l\u0131r? \u0130svi\u00e7re Vize Ba\u015fvuru i\u015flemleri nelerdir? Bilgi \u0130\u00e7in Vize Uzmanlar\u0131m\u0131z\u0131 Aray\u0131n: 0850 346 84 93","robots":{"index":"index","follow":"follow","max-snippet":"max-snippet:-1","max-image-preview":"max-image-preview:large","max-video-preview":"max-video-preview:-1"},"canonical":"https:\/\/www.myvize.com.tr\/isvicre\/vize-islemleri\/isvicre-vize-basvurusu\/","og_locale":"tr_TR","og_type":"article","og_title":"\u0130svi\u00e7re Vize Ba\u015fvurusu - \u0130svi\u00e7re Vizesi - MyVize","og_description":"\u0130svi\u00e7re Vize Ba\u015fvurusu nas\u0131l yap\u0131l\u0131r? \u0130svi\u00e7re Vize Ba\u015fvuru i\u015flemleri nelerdir? Bilgi \u0130\u00e7in Vize Uzmanlar\u0131m\u0131z\u0131 Aray\u0131n: 0850 346 84 93","og_url":"https:\/\/www.myvize.com.tr\/isvicre\/vize-islemleri\/isvicre-vize-basvurusu\/","og_site_name":"\u0130svi\u00e7re Vizesi","article_modified_time":"2022-01-14T11:50:27+00:00","twitter_card":"summary_large_image","twitter_misc":{"Tahmini okuma s\u00fcresi":"2 dakika"},"schema":{"@context":"https:\/\/schema.org","@graph":[{"@type":"WebPage","@id":"https:\/\/www.myvize.com.tr\/isvicre\/vize-islemleri\/isvicre-vize-basvurusu\/","url":"https:\/\/www.myvize.com.tr\/isvicre\/vize-islemleri\/isvicre-vize-basvurusu\/","name":"\u0130svi\u00e7re Vize Ba\u015fvurusu - \u0130svi\u00e7re Vizesi - MyVize","isPartOf":{"@id":"https:\/\/www.myvize.com.tr\/isvicre\/#website"},"datePublished":"2021-08-09T12:47:17+00:00","dateModified":"2022-01-14T11:50:27+00:00","description":"\u0130svi\u00e7re Vize Ba\u015fvurusu nas\u0131l yap\u0131l\u0131r? \u0130svi\u00e7re Vize Ba\u015fvuru i\u015flemleri nelerdir? Bilgi \u0130\u00e7in Vize Uzmanlar\u0131m\u0131z\u0131 Aray\u0131n: 0850 346 84 93","breadcrumb":{"@id":"https:\/\/www.myvize.com.tr\/isvicre\/vize-islemleri\/isvicre-vize-basvurusu\/#breadcrumb"},"inLanguage":"tr","potentialAction":[{"@type":"ReadAction","target":["https:\/\/www.myvize.com.tr\/isvicre\/vize-islemleri\/isvicre-vize-basvurusu\/"]}]},{"@type":"BreadcrumbList","@id":"https:\/\/www.myvize.com.tr\/isvicre\/vize-islemleri\/isvicre-vize-basvurusu\/#breadcrumb","itemListElement":[{"@type":"ListItem","position":1,"name":"Anasayfa","item":"https:\/\/www.myvize.com.tr\/isvicre\/"},{"@type":"ListItem","position":2,"name":"\u0130SV\u0130\u00c7RE V\u0130ZE \u0130\u015eLEMLER\u0130","item":"https:\/\/www.myvize.com.tr\/isvicre\/vize-islemleri\/"},{"@type":"ListItem","position":3,"name":"\u0130svi\u00e7re Vize Ba\u015fvurusu"}]},{"@type":"WebSite","@id":"https:\/\/www.myvize.com.tr\/isvicre\/#website","url":"https:\/\/www.myvize.com.tr\/isvicre\/","name":"\u0130svi\u00e7re Vizesi","description":"","potentialAction":[{"@type":"SearchAction","target":{"@type":"EntryPoint","urlTemplate":"https:\/\/www.myvize.com.tr\/isvicre\/?s={search_term_string}"},"query-input":{"@type":"PropertyValueSpecification","valueRequired":true,"valueName":"search_term_string"}}],"inLanguage":"tr"}]}},"_links":{"self":[{"href":"https:\/\/www.myvize.com.tr\/isvicre\/wp-json\/wp\/v2\/pages\/394","targetHints":{"allow":["GET"]}}],"collection":[{"href":"https:\/\/www.myvize.com.tr\/isvicre\/wp-json\/wp\/v2\/pages"}],"about":[{"href":"https:\/\/www.myvize.com.tr\/isvicre\/wp-json\/wp\/v2\/types\/page"}],"author":[{"embeddable":true,"href":"https:\/\/www.myvize.com.tr\/isvicre\/wp-json\/wp\/v2\/users\/1"}],"replies":[{"embeddable":true,"href":"https:\/\/www.myvize.com.tr\/isvicre\/wp-json\/wp\/v2\/comments?post=394"}],"version-history":[{"count":4,"href":"https:\/\/www.myvize.com.tr\/isvicre\/wp-json\/wp\/v2\/pages\/394\/revisions"}],"predecessor-version":[{"id":656,"href":"https:\/\/www.myvize.com.tr\/isvicre\/wp-json\/wp\/v2\/pages\/394\/revisions\/656"}],"up":[{"embeddable":true,"href":"https:\/\/www.myvize.com.tr\/isvicre\/wp-json\/wp\/v2\/pages\/18"}],"wp:attachment":[{"href":"https:\/\/www.myvize.com.tr\/isvicre\/wp-json\/wp\/v2\/media?parent=394"}],"curies":[{"name":"wp","href":"https:\/\/api.w.org\/{rel}","templated":true}]}}