{"id":43,"date":"2020-11-30T12:47:27","date_gmt":"2020-11-30T09:47:27","guid":{"rendered":"https:\/\/www.myvize.com.tr\/isvicre\/?page_id=43"},"modified":"2022-04-12T16:22:00","modified_gmt":"2022-04-12T13:22:00","slug":"isvicre-calisma-izni","status":"publish","type":"page","link":"https:\/\/www.myvize.com.tr\/isvicre\/vize-islemleri\/isvicre-calisma-izni\/","title":{"rendered":"\u0130svi\u00e7re \u00c7al\u0131\u015fma \u0130zni"},"content":{"rendered":"<h2><strong><span style=\"font-family: Roboto; font-size: 27px;\">\u0130svi\u00e7re \u00c7al\u0131\u015fma \u0130zni Nas\u0131l Al\u0131n\u0131r?<\/span><\/strong><\/h2>\n<p><span style=\"font-family: Roboto; font-size: 14px;\">\u0130svi\u00e7re\u2019de \u00e7al\u0131\u015fmak isteyen ki\u015filerin \u0130svi\u00e7re \u00e7al\u0131\u015fma izni almas\u0131 gerekmektedir. \u0130svi\u00e7re \u00e7al\u0131\u015fma izni almak isteyen ki\u015filer \u00e7al\u0131\u015fma izninin nas\u0131l al\u0131nd\u0131\u011f\u0131n\u0131 merak etmektedir. Bu yaz\u0131da \u2018\u2019\u0130svi\u00e7re \u00e7al\u0131\u015fma izni nas\u0131l al\u0131n\u0131r\u2019\u2019 sorusunun cevab\u0131 verilmi\u015ftir.<\/span><\/p>\n<p><span style=\"font-family: Roboto; font-size: 14px;\"><strong>\u0130svi\u00e7re \u00e7al\u0131\u015fma izni<\/strong> ba\u015fvurular\u0131 \u0130svi\u00e7re\u2019de yap\u0131lacak ise g\u00f6\u00e7menlik merkezine ba\u015fvuru yap\u0131lmal\u0131d\u0131r. T\u00fcrkiye\u2019de yap\u0131lacak olan ba\u015fvurular ise \u0130svi\u00e7re\u2019nin T\u00fcrkiye\u2019de bulunan temsilciliklerine yap\u0131lmal\u0131d\u0131r. <strong>\u0130svi\u00e7re \u00e7al\u0131\u015fma izni ba\u015fvurusunu<\/strong> de\u011ferlendirme yetkisi Kanton G\u00f6\u00e7menlik Merkezi\u2019ne aittir. \u0130svi\u00e7re \u00e7al\u0131\u015fma izni alacak olan ki\u015filerin ayr\u0131ca \u0130svi\u00e7re oturum izni almas\u0131 gerekmektedir. \u0130svi\u00e7re \u00e7al\u0131\u015fma izni ilk a\u015famada 1 senelik olarak verilmektedir. \u00c7al\u0131\u015fma izni s\u00fcresi dolmadan vize s\u00fcresi uzat\u0131labilir.<\/span><\/p>\n<p><span style=\"font-family: Roboto; font-size: 14px;\"><strong>\u0130svi\u00e7re \u00e7al\u0131\u015fma izni<\/strong> alabilmek i\u00e7in \u00f6ncelikle \u0130svi\u00e7re\u2019de bir i\u015f bulmu\u015f olmal\u0131s\u0131n\u0131z. \u0130\u015f bulunmu\u015f olan \u015firketten davetiye al\u0131nmas\u0131 ve bu davetiyenin ba\u015fvuru s\u0131ras\u0131nda sunmas\u0131 gerekmektedir.<\/span><\/p>\n<p><span style=\"font-family: Roboto; font-size: 14px;\">\u0130svi\u00e7re \u00e7al\u0131\u015fma izni alacak olan ki\u015filerin \u0130ngilizce ya da Almancay\u0131 iyi derecede bilmesi gerekmektedir. <strong>\u0130svi\u00e7re \u00e7al\u0131\u015fma izni<\/strong> alacak olan ki\u015filerin \u0130svi\u00e7re toplum ya\u015fam\u0131n\u0131 ve kamu d\u00fczenini tehlikeye sokmayaca\u011f\u0131n\u0131 kan\u0131tlamas\u0131 gerekmektedir. \u0130svi\u00e7re \u00e7al\u0131\u015fma izni ba\u015fvurusu yapacak olan ki\u015finin \u0130svi\u00e7re\u2019de bulunan i\u015f i\u00e7in yeterli oldu\u011funu kan\u0131tlamas\u0131 gerekmektedir.<\/span><\/p>\n<h2><strong><span style=\"font-family: Roboto; font-size: 27px;\">\u0130svi\u00e7re \u00c7al\u0131\u015fma \u0130zni Ka\u00e7 G\u00fcnde \u00c7\u0131kar?<\/span><\/strong><\/h2>\n<p><span style=\"font-family: Roboto; font-size: 14px;\">\u0130svi\u00e7re\u2019de \u00e7al\u0131\u015fmak isteyen ki\u015filerin \u0130svi\u00e7re yetkilileri taraf\u0131ndan \u00e7al\u0131\u015fma izni almas\u0131 gerekmektedir. \u0130svi\u00e7re \u00e7al\u0131\u015fma izni alacak olan ki\u015filer \u2018\u2019\u0130svi\u00e7re \u00e7al\u0131\u015fma izni ka\u00e7 g\u00fcnde \u00e7\u0131kar\u2019\u2019 sorusunun cevab\u0131n\u0131 aramaktad\u0131r. Bu yaz\u0131da \u0130svi\u00e7re \u00e7al\u0131\u015fma izninin ka\u00e7 g\u00fcnde \u00e7\u0131kaca\u011f\u0131 hakk\u0131nda bilgi verilmi\u015ftir.<\/span><\/p>\n<p><span style=\"font-family: Roboto; font-size: 14px;\"><strong>\u0130svi\u00e7re \u00e7al\u0131\u015fma izni<\/strong> ba\u015fvurular\u0131 ki\u015fiden ki\u015fiye farkl\u0131 olarak de\u011ferlendirilmektedir. \u0130svi\u00e7re \u00e7al\u0131\u015fma izni hakk\u0131nda karar verme yetkisi Kanton G\u00f6\u00e7menlik Merkezi\u2019ne aittir. Kanton G\u00f6\u00e7menlik Merkezi \u00e7al\u0131\u015fma izni ba\u015fvurular\u0131n\u0131 sonu\u00e7land\u0131rmak i\u00e7in bir s\u00fcre k\u0131s\u0131tlamas\u0131na tabi de\u011fildir.<\/span><\/p>\n<p><span style=\"font-family: Roboto; font-size: 14px;\">\u0130svi\u00e7re \u00c7al\u0131\u015fma izni ba\u015fvurular\u0131n\u0131n sonu\u00e7lanmas\u0131n\u0131 birka\u00e7 unsura ba\u011fl\u0131d\u0131r. Bu unsurlar \u015fu \u015fekildedir;<\/span><\/p>\n<ul>\n<li><span style=\"font-family: Roboto; font-size: 14px;\">\u00c7al\u0131\u015fma izni ba\u015fvurular\u0131 kabul edildikten sonra incelenmesi i\u00e7in \u0130svi\u00e7re\u2019de bulunan Kanton G\u00f6\u00e7menlik Ofisi\u2019ne g\u00f6nderilmektedir. Bu durum ba\u015fvurular\u0131n sonu\u00e7lanma s\u00fcresini uzatabilmektedir.<\/span><\/li>\n<li><span style=\"font-family: Roboto; font-size: 14px;\">Ba\u015fvuru sahibinin durumu ba\u015fvurular\u0131n sonu\u00e7lanma s\u00fcresini etkilemektedir.<\/span><\/li>\n<li><span style=\"font-family: Roboto; font-size: 14px;\">\u0130svi\u00e7re\u2019de yap\u0131lacak olan i\u015f ba\u015fvurular\u0131n sonu\u00e7lanma s\u00fcresini etkilemektedir.<\/span><\/li>\n<li><span style=\"font-family: Roboto; font-size: 14px;\">Ba\u015fvuru yo\u011funlu\u011fu <strong>\u0130svi\u00e7re \u00e7al\u0131\u015fma izni<\/strong> ba\u015fvurular\u0131n\u0131n sonu\u00e7lanma s\u00fcresini etkilemektedir.<\/span><\/li>\n<li><span style=\"font-family: Roboto; font-size: 14px;\">Ba\u015fvuru i\u00e7in eksik ya da hatal\u0131 belge beyan edilmesi ba\u015fvuru sonu\u00e7lanma s\u00fcresini etkilemektedir.<\/span><\/li>\n<\/ul>\n<p><span style=\"font-family: Roboto; font-size: 14px;\">\u0130svi\u00e7re \u00e7al\u0131\u015fma izni ba\u015fvurular\u0131n\u0131n sonu\u00e7lanma s\u00fcresi 15 ile 30 g\u00fcn aras\u0131nda de\u011fi\u015fmektedir. Ancak bu s\u00fcre baz\u0131 durumlarda uzayabilmektedir.<\/span><\/p>\n<h2><strong><span style=\"font-family: Roboto; font-size: 27px;\">\u0130svi\u00e7re \u00c7al\u0131\u015fma \u0130zni Ba\u015fvuru<\/span><\/strong><\/h2>\n<p><span style=\"font-family: Roboto; font-size: 14px;\">\u0130svi\u00e7re\u2019de 90 g\u00fcnden fazla kalmak isteye ve \u0130svi\u00e7re\u2019de \u00e7al\u0131\u015fmak isteyen ki\u015filerin <strong>\u0130svi\u00e7re \u00e7al\u0131\u015fma izni<\/strong> almas\u0131 gerekmektedir. \u0130svi\u00e7re \u00e7al\u0131\u015fma izni ba\u015fvuru i\u015flemi i\u00e7in a\u015fa\u011f\u0131daki durumlara dikkat edilmelidir.<\/span><\/p>\n<ul>\n<li><span style=\"font-family: Roboto; font-size: 14px;\">\u0130\u015fverenin ba\u015fvuru sahibine davetiye g\u00f6ndermesi gerekmektedir.<\/span><\/li>\n<li><span style=\"font-family: Roboto; font-size: 14px;\">Ba\u015fvuru sahibinin \u0130ngilizce ya da Almanca dil yeterlili\u011fi olmal\u0131d\u0131r.<\/span><\/li>\n<li><span style=\"font-family: Roboto; font-size: 14px;\">Talip olunan i\u015f i\u00e7in \u0130svi\u00e7re\u2019de yeterli birisinin olmamas\u0131<\/span><\/li>\n<li><span style=\"font-family: Roboto; font-size: 14px;\"><strong>\u0130svi\u00e7re \u00e7al\u0131\u015fma izni<\/strong> ba\u015fvuru sahibi ile i\u015fveren aras\u0131nda yap\u0131lm\u0131\u015f i\u015f s\u00f6zle\u015fmesi olmas\u0131 gerekmektedir.<\/span><\/li>\n<\/ul>\n<p><span style=\"font-family: Roboto; font-size: 14px;\"><strong>\u0130svi\u00e7re \u00e7al\u0131\u015fma izni<\/strong> ba\u015fvurusunu inceleyecek olan kurum \u0130svi\u00e7re Kanton G\u00f6\u00e7men Ofisi\u2019dir. \u0130svi\u00e7re 22 ayr\u0131 kantona ayr\u0131lm\u0131\u015ft\u0131r. Nerede \u00e7al\u0131\u015f\u0131lacak ise ba\u015fvurular\u0131 o kantonun G\u00f6\u00e7men Ofisi incelemektedir.<\/span><\/p>\n<p><span style=\"font-family: Roboto; font-size: 14px;\"><strong>\u0130svi\u00e7re \u00e7al\u0131\u015fma izni ba\u015fvurusu<\/strong> yapacak olan ki\u015filer ba\u015fvurular\u0131n\u0131 \u0130svi\u00e7re\u2019de ya da T\u00fcrkiye\u2019de yapabilir. T\u00fcrkiye\u2019de yap\u0131lacak olan ba\u015fvurular \u0130svi\u00e7re\u2019nin T\u00fcrkiye\u2019deki diplomatik temsilciliklerine yap\u0131lmal\u0131d\u0131r. Ba\u015fvuru i\u00e7in temsilcilikten randevu al\u0131nmal\u0131d\u0131r.<span style=\"color: #2acec2;\"><strong><a style=\"color: #2acec2;\" href=\"https:\/\/www.myvize.com.tr\/isvicre\/vize-islemleri\/isvicre-vize-randevusu\/\" target=\"_blank\" rel=\"noopener\"> \u0130svi\u00e7re Vize Randevusu<\/a><\/strong><\/span> tarihine kadar gerekli olan <strong>\u0130svi\u00e7re \u00e7al\u0131\u015fma izni evraklar\u0131<\/strong> haz\u0131rlanmal\u0131 ve randevu tarihinde yetkililere teslim edilmelidir.<\/span><\/p>\n<p><span style=\"font-family: Roboto; font-size: 14px;\">Ba\u015fvuru kabul edildikten sonra \u00e7al\u0131\u015f\u0131lacak olan \u015firketin bulundu\u011fu kantonun g\u00f6\u00e7men ofisine g\u00f6nderilmektedir. \u0130svi\u00e7re G\u00f6\u00e7men Ofisi ba\u015fvurular\u0131 incelemekte ve sonucu hakk\u0131nda karar vermektedir.<\/span><\/p>\n<h2><strong><span style=\"font-family: Roboto; font-size: 27px;\">\u0130svi\u00e7re \u00c7al\u0131\u015fma \u0130zni \u0130\u00e7in Gerekli Evraklar<\/span><\/strong><\/h2>\n<p><span style=\"font-family: Roboto; font-size: 14px;\"><strong>\u0130svi\u00e7re \u00e7al\u0131\u015fma izni ba\u015fvurusu<\/strong> yapacak olan ki\u015filerin yerine getirmesi gereken baz\u0131 durumlar bulunmaktad\u0131r. Bu durumlardan birisi de gerekli olan evraklar\u0131n haz\u0131rlanmas\u0131d\u0131r.<strong> \u0130svi\u00e7re \u00e7al\u0131\u015fma izni ba\u015fvurusu<\/strong> yapacak olan ki\u015filerin haz\u0131rlamas\u0131 gereken evraklar eksiksiz ve g\u00fcncel olmal\u0131d\u0131r. Bu yaz\u0131da \u0130svi\u00e7re \u00e7al\u0131\u015fma izni i\u00e7in gerekli evraklar haz\u0131rlanm\u0131\u015ft\u0131r.<\/span><\/p>\n<ul>\n<li><span style=\"font-family: Roboto; font-size: 14px;\">\u0130\u015fveren ve ba\u015fvuru sahibi aras\u0131nda imzalanm\u0131\u015f olan i\u015f s\u00f6zle\u015fmesi<\/span><\/li>\n<li><span style=\"font-family: Roboto; font-size: 14px;\">Ba\u015fvuru sahibine, i\u015fveren taraf\u0131ndan verilmi\u015f davetiye<\/span><\/li>\n<li><span style=\"font-family: Roboto; font-size: 14px;\">Pasaport ve Pasaport sureti<\/span><\/li>\n<li><span style=\"font-family: Roboto; font-size: 14px;\">Resmi makamlar taraf\u0131ndan verilmi\u015f diploma<\/span><\/li>\n<li><span style=\"font-family: Roboto; font-size: 14px;\">\u00c7al\u0131\u015fma izni ba\u015fvuru formu<\/span><\/li>\n<li><span style=\"font-family: Roboto; font-size: 14px;\">\u0130svi\u00e7re \u00e7al\u0131\u015fma izni dilek\u00e7esi<\/span><\/li>\n<li><span style=\"font-family: Roboto; font-size: 14px;\">\u015eirketin g\u00fcncel ticaret sicil gazetesi, vergi levhas\u0131 ve imza sirk\u00fcleri fotokopisi<\/span><\/li>\n<li><span style=\"font-family: Roboto; font-size: 14px;\">Ba\u015fvuru sahibinin sa\u011fl\u0131k durumunu g\u00f6steren belgeler<\/span><\/li>\n<li><span style=\"font-family: Roboto; font-size: 14px;\">Ba\u015fvuru sahibinin ekonomik durumunu g\u00f6steren belgeler<\/span><\/li>\n<li><span style=\"font-family: Roboto; font-size: 14px;\">Kimlik \u00f6n ve arka y\u00fcz fotokopisi<\/span><\/li>\n<li><span style=\"font-family: Roboto; font-size: 14px;\">Biyometrik foto\u011fraf<\/span><\/li>\n<li><span style=\"font-family: Roboto; font-size: 14px;\">Tam vukuatl\u0131 n\u00fcfus kay\u0131t \u00f6rne\u011fi<\/span><\/li>\n<li><span style=\"font-family: Roboto; font-size: 14px;\">Ba\u015fvuru yapacak olan ki\u015finin banka hesap d\u00f6k\u00fcmleri<\/span><\/li>\n<li><span style=\"font-family: Roboto; font-size: 14px;\">\u0130svi\u00e7re \u00e7al\u0131\u015fma izni ba\u015fvurusu yapacak olan ki\u015filerin ek gelirlerini g\u00f6steren belgeler<\/span><\/li>\n<li><span style=\"font-family: Roboto; font-size: 14px;\">Ba\u015fvuru yapacak olan ki\u015filerin dil yeterlilik s\u0131nav\u0131 sonucu<\/span><\/li>\n<\/ul>\n<p><span style=\"font-family: Roboto; font-size: 14px;\">Her ba\u015fvuru i\u00e7in farkl\u0131 evraklar istenmektedir. \u0130svi\u00e7re yetkilileri yukar\u0131daki belgelere ek belge talep edebilir. Belgelerin g\u00fcncel tarihli olmas\u0131 gerekmektedir.<\/span><\/p>\n<h3><strong><span style=\"font-family: Roboto; font-size: 24px;\">\u0130svi\u00e7re \u00c7al\u0131\u015fma \u0130zni \u00dccreti<\/span><\/strong><\/h3>\n<p><span style=\"font-family: Roboto; font-size: 14px;\">\u0130svi\u00e7re\u2019de \u00e7al\u0131\u015fmak isteyen ki\u015filerin \u0130svi\u00e7re \u00e7al\u0131\u015fma izni almas\u0131 gerekmektedir. \u0130svi\u00e7re \u00e7al\u0131\u015fma izni alacak olan ki\u015filer ba\u015fvurular\u0131n\u0131 \u0130svi\u00e7re Konsoloslu\u011funa yapmaktad\u0131r. \u0130svi\u00e7re \u00e7al\u0131\u015fma izni alacak olan ki\u015filer <strong>\u0130svi\u00e7re \u00e7al\u0131\u015fma izni<\/strong> \u00fccretini merak etmektedir. Bu yaz\u0131da <strong>\u0130svi\u00e7re \u00e7al\u0131\u015fma izni \u00fccreti<\/strong> hakk\u0131nda bilgi verilmi\u015ftir.<\/span><\/p>\n<p><span style=\"font-family: Roboto; font-size: 14px;\"><strong>\u0130svi\u00e7re \u00e7al\u0131\u015fma izni<\/strong> alacak olan ki\u015filerin gerekli olan har\u00e7 \u00fccretini \u00f6demesi gerekmektedir. \u0130svi\u00e7re \u00e7al\u0131\u015fma izni \u00fccreti her d\u00f6nem de\u011fi\u015fmektedir. \u0130svi\u00e7re \u00e7al\u0131\u015fma izni \u00fccreti belirleme yetkisi \u0130svi\u00e7re H\u00fck\u00fcmeti\u2019ne aittir.<strong> \u0130svi\u00e7re \u00e7al\u0131\u015fma izni \u00fccretleri<\/strong> her y\u0131l yeniden d\u00fczenlenmekte ve belirlenmektedir. \u0130svi\u00e7re \u00e7al\u0131\u015fma izni \u00fccreti 60 Euro\u2019dur. Ancak bu \u00fccret farkl\u0131l\u0131k g\u00f6sterebilir. G\u00fcncel bilgi i\u00e7in \u0130svi\u00e7re Konsoloslu\u011fu ile ileti\u015fime ge\u00e7ebilirsiniz.<\/span><\/p>\n<p><span style=\"font-family: Roboto; font-size: 14px;\"><strong>\u0130svi\u00e7re \u00e7al\u0131\u015fma izni \u00fccreti<\/strong> yetkililere randevu tarihinde \u00f6denmelidir. <strong>\u0130svi\u00e7re \u00e7al\u0131\u015fma izni \u00fccreti<\/strong> Euro cinsinden ya da Euro\u2019nun T\u00fcrk Liras\u0131 kar\u015f\u0131l\u0131\u011f\u0131nda \u00f6denmektedir. Ayr\u0131ca \u0130svi\u00e7re \u00e7al\u0131\u015fma izni ba\u015fvurusu s\u0131ras\u0131nda ek hizmet al\u0131nm\u0131\u015f ise ek hizmet bedeli \u00f6denmelidir. 60 Euro olan vize \u00fccretine ek hizmet bedelleri dahil de\u011fildir.<\/span><\/p>\n<p><span style=\"font-family: Roboto; font-size: 14px;\">\u0130svi\u00e7re \u00e7al\u0131\u015fma izni \u00fccreti i\u00e7in <span style=\"color: #2acec2;\"><strong><a style=\"color: #2acec2;\" href=\"https:\/\/www.myvize.com.tr\/isvicre\/konsolosluklar\/\" target=\"_blank\" rel=\"noopener\">\u0130svi\u00e7re Konsoloslu\u011fu<\/a><\/strong><\/span> yetkilileri ile ileti\u015fime ge\u00e7ebilirsiniz.<\/span><\/p>\n<p><span style=\"font-family: Roboto; font-size: 14px;\"><img decoding=\"async\" src=\"https:\/\/www.myvize.com.tr\/isvicre\/wp-content\/uploads\/2021\/10\/22.jpg\" \/><\/span><\/p>\n","protected":false},"excerpt":{"rendered":"<p>\u0130svi\u00e7re \u00c7al\u0131\u015fma \u0130zni Nas\u0131l Al\u0131n\u0131r? \u0130svi\u00e7re\u2019de \u00e7al\u0131\u015fmak isteyen ki\u015filerin \u0130svi\u00e7re \u00e7al\u0131\u015fma izni almas\u0131 gerekmektedir. \u0130svi\u00e7re \u00e7al\u0131\u015fma izni almak isteyen ki\u015filer \u00e7al\u0131\u015fma izninin nas\u0131l al\u0131nd\u0131\u011f\u0131n\u0131 merak etmektedir. Bu yaz\u0131da \u2018\u2019\u0130svi\u00e7re \u00e7al\u0131\u015fma izni nas\u0131l al\u0131n\u0131r\u2019\u2019 sorusunun cevab\u0131 verilmi\u015ftir. \u0130svi\u00e7re \u00e7al\u0131\u015fma izni ba\u015fvurular\u0131 \u0130svi\u00e7re\u2019de yap\u0131lacak ise g\u00f6\u00e7menlik merkezine ba\u015fvuru yap\u0131lmal\u0131d\u0131r. T\u00fcrkiye\u2019de yap\u0131lacak olan ba\u015fvurular ise \u0130svi\u00e7re\u2019nin T\u00fcrkiye\u2019de bulunan<\/p>\n","protected":false},"author":1,"featured_media":0,"parent":18,"menu_order":0,"comment_status":"open","ping_status":"closed","template":"","meta":{"footnotes":""},"class_list":["post-43","page","type-page","status-publish","hentry"],"yoast_head":"<!-- This site is optimized with the Yoast SEO plugin v24.0 - https:\/\/yoast.com\/wordpress\/plugins\/seo\/ -->\n<title>\u0130svi\u00e7re \u00c7al\u0131\u015fma \u0130zni - \u00c7al\u0131\u015fma Vize \u0130\u015flemleri - MyVize<\/title>\n<meta name=\"description\" content=\"\u0130svi\u00e7re \u00e7al\u0131\u015fma izni vizesi i\u00e7in gerekli g\u00fcncel evrak listesi. \u0130svi\u00e7re \u00e7al\u0131\u015fma izni vizesi ba\u015fvurusunda dikkat edilmesi gereken \u015fartlar.\" \/>\n<meta name=\"robots\" content=\"index, follow, max-snippet:-1, max-image-preview:large, max-video-preview:-1\" \/>\n<link rel=\"canonical\" href=\"https:\/\/www.myvize.com.tr\/isvicre\/vize-islemleri\/isvicre-calisma-izni\/\" \/>\n<meta property=\"og:locale\" content=\"tr_TR\" \/>\n<meta property=\"og:type\" content=\"article\" \/>\n<meta property=\"og:title\" content=\"\u0130svi\u00e7re \u00c7al\u0131\u015fma \u0130zni - \u00c7al\u0131\u015fma Vize \u0130\u015flemleri - MyVize\" \/>\n<meta property=\"og:description\" content=\"\u0130svi\u00e7re \u00e7al\u0131\u015fma izni vizesi i\u00e7in gerekli g\u00fcncel evrak listesi. \u0130svi\u00e7re \u00e7al\u0131\u015fma izni vizesi ba\u015fvurusunda dikkat edilmesi gereken \u015fartlar.\" \/>\n<meta property=\"og:url\" content=\"https:\/\/www.myvize.com.tr\/isvicre\/vize-islemleri\/isvicre-calisma-izni\/\" \/>\n<meta property=\"og:site_name\" content=\"\u0130svi\u00e7re Vizesi\" \/>\n<meta property=\"article:modified_time\" content=\"2022-04-12T13:22:00+00:00\" \/>\n<meta property=\"og:image\" content=\"https:\/\/www.myvize.com.tr\/isvicre\/wp-content\/uploads\/2021\/10\/22.jpg\" \/>\n<meta name=\"twitter:card\" content=\"summary_large_image\" \/>\n<meta name=\"twitter:label1\" content=\"Tahmini okuma s\u00fcresi\" \/>\n\t<meta name=\"twitter:data1\" content=\"4 dakika\" \/>\n<script type=\"application\/ld+json\" class=\"yoast-schema-graph\">{\"@context\":\"https:\/\/schema.org\",\"@graph\":[{\"@type\":\"WebPage\",\"@id\":\"https:\/\/www.myvize.com.tr\/isvicre\/vize-islemleri\/isvicre-calisma-izni\/\",\"url\":\"https:\/\/www.myvize.com.tr\/isvicre\/vize-islemleri\/isvicre-calisma-izni\/\",\"name\":\"\u0130svi\u00e7re \u00c7al\u0131\u015fma \u0130zni - \u00c7al\u0131\u015fma Vize \u0130\u015flemleri - MyVize\",\"isPartOf\":{\"@id\":\"https:\/\/www.myvize.com.tr\/isvicre\/#website\"},\"primaryImageOfPage\":{\"@id\":\"https:\/\/www.myvize.com.tr\/isvicre\/vize-islemleri\/isvicre-calisma-izni\/#primaryimage\"},\"image\":{\"@id\":\"https:\/\/www.myvize.com.tr\/isvicre\/vize-islemleri\/isvicre-calisma-izni\/#primaryimage\"},\"thumbnailUrl\":\"https:\/\/www.myvize.com.tr\/isvicre\/wp-content\/uploads\/2021\/10\/22.jpg\",\"datePublished\":\"2020-11-30T09:47:27+00:00\",\"dateModified\":\"2022-04-12T13:22:00+00:00\",\"description\":\"\u0130svi\u00e7re \u00e7al\u0131\u015fma izni vizesi i\u00e7in gerekli g\u00fcncel evrak listesi. \u0130svi\u00e7re \u00e7al\u0131\u015fma izni vizesi ba\u015fvurusunda dikkat edilmesi gereken \u015fartlar.\",\"breadcrumb\":{\"@id\":\"https:\/\/www.myvize.com.tr\/isvicre\/vize-islemleri\/isvicre-calisma-izni\/#breadcrumb\"},\"inLanguage\":\"tr\",\"potentialAction\":[{\"@type\":\"ReadAction\",\"target\":[\"https:\/\/www.myvize.com.tr\/isvicre\/vize-islemleri\/isvicre-calisma-izni\/\"]}]},{\"@type\":\"ImageObject\",\"inLanguage\":\"tr\",\"@id\":\"https:\/\/www.myvize.com.tr\/isvicre\/vize-islemleri\/isvicre-calisma-izni\/#primaryimage\",\"url\":\"https:\/\/www.myvize.com.tr\/isvicre\/wp-content\/uploads\/2021\/10\/22.jpg\",\"contentUrl\":\"https:\/\/www.myvize.com.tr\/isvicre\/wp-content\/uploads\/2021\/10\/22.jpg\",\"width\":800,\"height\":500,\"caption\":\"\u0130svi\u00e7re \u00c7al\u0131\u015fma \u0130zni\"},{\"@type\":\"BreadcrumbList\",\"@id\":\"https:\/\/www.myvize.com.tr\/isvicre\/vize-islemleri\/isvicre-calisma-izni\/#breadcrumb\",\"itemListElement\":[{\"@type\":\"ListItem\",\"position\":1,\"name\":\"Anasayfa\",\"item\":\"https:\/\/www.myvize.com.tr\/isvicre\/\"},{\"@type\":\"ListItem\",\"position\":2,\"name\":\"\u0130SV\u0130\u00c7RE V\u0130ZE \u0130\u015eLEMLER\u0130\",\"item\":\"https:\/\/www.myvize.com.tr\/isvicre\/vize-islemleri\/\"},{\"@type\":\"ListItem\",\"position\":3,\"name\":\"\u0130svi\u00e7re \u00c7al\u0131\u015fma \u0130zni\"}]},{\"@type\":\"WebSite\",\"@id\":\"https:\/\/www.myvize.com.tr\/isvicre\/#website\",\"url\":\"https:\/\/www.myvize.com.tr\/isvicre\/\",\"name\":\"\u0130svi\u00e7re Vizesi\",\"description\":\"\",\"potentialAction\":[{\"@type\":\"SearchAction\",\"target\":{\"@type\":\"EntryPoint\",\"urlTemplate\":\"https:\/\/www.myvize.com.tr\/isvicre\/?s={search_term_string}\"},\"query-input\":{\"@type\":\"PropertyValueSpecification\",\"valueRequired\":true,\"valueName\":\"search_term_string\"}}],\"inLanguage\":\"tr\"}]}<\/script>\n<!-- \/ Yoast SEO plugin. -->","yoast_head_json":{"title":"\u0130svi\u00e7re \u00c7al\u0131\u015fma \u0130zni - \u00c7al\u0131\u015fma Vize \u0130\u015flemleri - MyVize","description":"\u0130svi\u00e7re \u00e7al\u0131\u015fma izni vizesi i\u00e7in gerekli g\u00fcncel evrak listesi. \u0130svi\u00e7re \u00e7al\u0131\u015fma izni vizesi ba\u015fvurusunda dikkat edilmesi gereken \u015fartlar.","robots":{"index":"index","follow":"follow","max-snippet":"max-snippet:-1","max-image-preview":"max-image-preview:large","max-video-preview":"max-video-preview:-1"},"canonical":"https:\/\/www.myvize.com.tr\/isvicre\/vize-islemleri\/isvicre-calisma-izni\/","og_locale":"tr_TR","og_type":"article","og_title":"\u0130svi\u00e7re \u00c7al\u0131\u015fma \u0130zni - \u00c7al\u0131\u015fma Vize \u0130\u015flemleri - MyVize","og_description":"\u0130svi\u00e7re \u00e7al\u0131\u015fma izni vizesi i\u00e7in gerekli g\u00fcncel evrak listesi. \u0130svi\u00e7re \u00e7al\u0131\u015fma izni vizesi ba\u015fvurusunda dikkat edilmesi gereken \u015fartlar.","og_url":"https:\/\/www.myvize.com.tr\/isvicre\/vize-islemleri\/isvicre-calisma-izni\/","og_site_name":"\u0130svi\u00e7re Vizesi","article_modified_time":"2022-04-12T13:22:00+00:00","og_image":[{"url":"https:\/\/www.myvize.com.tr\/isvicre\/wp-content\/uploads\/2021\/10\/22.jpg","type":"","width":"","height":""}],"twitter_card":"summary_large_image","twitter_misc":{"Tahmini okuma s\u00fcresi":"4 dakika"},"schema":{"@context":"https:\/\/schema.org","@graph":[{"@type":"WebPage","@id":"https:\/\/www.myvize.com.tr\/isvicre\/vize-islemleri\/isvicre-calisma-izni\/","url":"https:\/\/www.myvize.com.tr\/isvicre\/vize-islemleri\/isvicre-calisma-izni\/","name":"\u0130svi\u00e7re \u00c7al\u0131\u015fma \u0130zni - \u00c7al\u0131\u015fma Vize \u0130\u015flemleri - MyVize","isPartOf":{"@id":"https:\/\/www.myvize.com.tr\/isvicre\/#website"},"primaryImageOfPage":{"@id":"https:\/\/www.myvize.com.tr\/isvicre\/vize-islemleri\/isvicre-calisma-izni\/#primaryimage"},"image":{"@id":"https:\/\/www.myvize.com.tr\/isvicre\/vize-islemleri\/isvicre-calisma-izni\/#primaryimage"},"thumbnailUrl":"https:\/\/www.myvize.com.tr\/isvicre\/wp-content\/uploads\/2021\/10\/22.jpg","datePublished":"2020-11-30T09:47:27+00:00","dateModified":"2022-04-12T13:22:00+00:00","description":"\u0130svi\u00e7re \u00e7al\u0131\u015fma izni vizesi i\u00e7in gerekli g\u00fcncel evrak listesi. \u0130svi\u00e7re \u00e7al\u0131\u015fma izni vizesi ba\u015fvurusunda dikkat edilmesi gereken \u015fartlar.","breadcrumb":{"@id":"https:\/\/www.myvize.com.tr\/isvicre\/vize-islemleri\/isvicre-calisma-izni\/#breadcrumb"},"inLanguage":"tr","potentialAction":[{"@type":"ReadAction","target":["https:\/\/www.myvize.com.tr\/isvicre\/vize-islemleri\/isvicre-calisma-izni\/"]}]},{"@type":"ImageObject","inLanguage":"tr","@id":"https:\/\/www.myvize.com.tr\/isvicre\/vize-islemleri\/isvicre-calisma-izni\/#primaryimage","url":"https:\/\/www.myvize.com.tr\/isvicre\/wp-content\/uploads\/2021\/10\/22.jpg","contentUrl":"https:\/\/www.myvize.com.tr\/isvicre\/wp-content\/uploads\/2021\/10\/22.jpg","width":800,"height":500,"caption":"\u0130svi\u00e7re \u00c7al\u0131\u015fma \u0130zni"},{"@type":"BreadcrumbList","@id":"https:\/\/www.myvize.com.tr\/isvicre\/vize-islemleri\/isvicre-calisma-izni\/#breadcrumb","itemListElement":[{"@type":"ListItem","position":1,"name":"Anasayfa","item":"https:\/\/www.myvize.com.tr\/isvicre\/"},{"@type":"ListItem","position":2,"name":"\u0130SV\u0130\u00c7RE V\u0130ZE \u0130\u015eLEMLER\u0130","item":"https:\/\/www.myvize.com.tr\/isvicre\/vize-islemleri\/"},{"@type":"ListItem","position":3,"name":"\u0130svi\u00e7re \u00c7al\u0131\u015fma \u0130zni"}]},{"@type":"WebSite","@id":"https:\/\/www.myvize.com.tr\/isvicre\/#website","url":"https:\/\/www.myvize.com.tr\/isvicre\/","name":"\u0130svi\u00e7re Vizesi","description":"","potentialAction":[{"@type":"SearchAction","target":{"@type":"EntryPoint","urlTemplate":"https:\/\/www.myvize.com.tr\/isvicre\/?s={search_term_string}"},"query-input":{"@type":"PropertyValueSpecification","valueRequired":true,"valueName":"search_term_string"}}],"inLanguage":"tr"}]}},"_links":{"self":[{"href":"https:\/\/www.myvize.com.tr\/isvicre\/wp-json\/wp\/v2\/pages\/43","targetHints":{"allow":["GET"]}}],"collection":[{"href":"https:\/\/www.myvize.com.tr\/isvicre\/wp-json\/wp\/v2\/pages"}],"about":[{"href":"https:\/\/www.myvize.com.tr\/isvicre\/wp-json\/wp\/v2\/types\/page"}],"author":[{"embeddable":true,"href":"https:\/\/www.myvize.com.tr\/isvicre\/wp-json\/wp\/v2\/users\/1"}],"replies":[{"embeddable":true,"href":"https:\/\/www.myvize.com.tr\/isvicre\/wp-json\/wp\/v2\/comments?post=43"}],"version-history":[{"count":7,"href":"https:\/\/www.myvize.com.tr\/isvicre\/wp-json\/wp\/v2\/pages\/43\/revisions"}],"predecessor-version":[{"id":753,"href":"https:\/\/www.myvize.com.tr\/isvicre\/wp-json\/wp\/v2\/pages\/43\/revisions\/753"}],"up":[{"embeddable":true,"href":"https:\/\/www.myvize.com.tr\/isvicre\/wp-json\/wp\/v2\/pages\/18"}],"wp:attachment":[{"href":"https:\/\/www.myvize.com.tr\/isvicre\/wp-json\/wp\/v2\/media?parent=43"}],"curies":[{"name":"wp","href":"https:\/\/api.w.org\/{rel}","templated":true}]}}