{"id":80,"date":"2020-11-30T13:04:17","date_gmt":"2020-11-30T10:04:17","guid":{"rendered":"https:\/\/www.myvize.com.tr\/isvicre\/?page_id=80"},"modified":"2022-04-13T21:37:36","modified_gmt":"2022-04-13T18:37:36","slug":"kayseri-fahri-konsoloslugu","status":"publish","type":"page","link":"https:\/\/www.myvize.com.tr\/isvicre\/konsolosluklar\/kayseri-fahri-konsoloslugu\/","title":{"rendered":"\u0130svi\u00e7re Kayseri Fahri Konsoloslu\u011fu"},"content":{"rendered":"<h2><span style=\"font-family: Roboto; font-size: 27px;\"><strong>Kayseri \u0130svi\u00e7re Vize Ba\u015fvuru Merkezi<\/strong><\/span><\/h2>\n<p><span style=\"font-family: Roboto; font-size: 14px;\"><strong>Kayseri \u0130svi\u00e7re vize ba\u015fvuru merkezi<\/strong>, vize i\u015flemlerinin h\u0131zl\u0131 ve etkin \u015fekilde yap\u0131lmas\u0131 i\u00e7in kurulmu\u015f bir birimdir. S\u00f6z konusu merkez, \u00f6zellikle \u0130\u00e7 Anadolu B\u00f6lgesi ve \u00e7evresinin vize taleplerine cevap vermekte etkindir.<\/span><\/p>\n<p><span style=\"font-family: Roboto; font-size: 14px;\">Di\u011fer vize ba\u015fvuru birimlerinde oldu\u011fu gibi <strong>Kayseri \u0130svi\u00e7re vize ba\u015fvuru merkezi<\/strong> de vize ba\u015fvurusunda bulunan ki\u015filerden bir k\u0131s\u0131m evraklar talep etmektedir. Ye\u015fil, gri ve k\u0131rm\u0131z\u0131 pasaport sahiplerinin 90 g\u00fcn\u00fc a\u015fmayacak konaklamalar\u0131 i\u00e7in vizeye ihtiya\u00e7 yoktur. Bu s\u00fcrenin \u00fczerinde yap\u0131lacak konaklamalar ve bordo pasaport sahiplerinin her hal\u00fckarda vize ba\u015fvurusu yapmas\u0131 gerekir. Genel anlamda vize talebinde bulunan ki\u015filer a\u015fa\u011f\u0131daki vize t\u00fcrleri i\u00e7in talepte bulunurlar.<\/span><\/p>\n<p><span style=\"font-family: Roboto; font-size: 14px;\">l \u0130svi\u00e7re turist vizesi<\/span><\/p>\n<p><span style=\"font-family: Roboto; font-size: 14px;\">l \u0130svi\u00e7re ticari vize<\/span><\/p>\n<p><span style=\"font-family: Roboto; font-size: 14px;\">l \u0130svi\u00e7re arkada\u015f, aile ve akraba ziyareti vizesi<\/span><\/p>\n<p><span style=\"font-family: Roboto; font-size: 14px;\">l Konferans vizesi<\/span><\/p>\n<h2><span style=\"font-family: Roboto; font-size: 27px;\"><strong>\u0130svi\u00e7re Vize Ba\u015fvurusu \u0130\u00e7in \u0130stenen Evraklar<\/strong><\/span><\/h2>\n<p><span style=\"font-family: Roboto; font-size: 14px;\">\u0130svi\u00e7re, Shengen \u00fcyesi bir \u00fclke oldu\u011fundan alaca\u011f\u0131n\u0131z vize de Shengen protokol\u00fcne tabidir. <strong>Kayseri \u0130svi\u00e7re vize ba\u015fvuru merkezi<\/strong> binas\u0131ndaki ilgili birime vize ba\u015fvurusunda bulundu\u011funuzda sizden a\u015fa\u011f\u0131daki evraklar istenecektir.<\/span><\/p>\n<p><span style=\"font-family: Roboto; font-size: 14px;\">l Ge\u00e7erlili\u011fi devam eden bir pasaport<\/span><\/p>\n<p><span style=\"font-family: Roboto; font-size: 14px;\">l Biyometrik foto\u011fraf<\/span><\/p>\n<p><span style=\"font-family: Roboto; font-size: 14px;\">l Ba\u015fvuru merkezi taraf\u0131ndan talep edilen di\u011fer hususi evraklar<\/span><\/p>\n<p><span style=\"font-family: Roboto; font-size: 14px;\">Genel olarak evraklar\u0131n tam ve eksiksiz olmas\u0131 halinde vize ba\u015fvurunuz olumlu kar\u015f\u0131lanmaktad\u0131r. Evraklarda yanl\u0131\u015f bilgi ya da eksiklik olmas\u0131 durumunda vize ba\u015fvurunuzun reddi ile kar\u015f\u0131la\u015fabilirsiniz. Bu durumda vize harc\u0131n\u0131n tekrar yat\u0131r\u0131lmas\u0131 sorunuyla kar\u015f\u0131la\u015fman\u0131n yan\u0131 s\u0131ra zaman kayb\u0131 sorunu ile kar\u015f\u0131 kar\u015f\u0131ya kal\u0131rs\u0131n\u0131z.<\/span><\/p>\n","protected":false},"excerpt":{"rendered":"<p>Kayseri \u0130svi\u00e7re Vize Ba\u015fvuru Merkezi Kayseri \u0130svi\u00e7re vize ba\u015fvuru merkezi, vize i\u015flemlerinin h\u0131zl\u0131 ve etkin \u015fekilde yap\u0131lmas\u0131 i\u00e7in kurulmu\u015f bir birimdir. S\u00f6z konusu merkez, \u00f6zellikle \u0130\u00e7 Anadolu B\u00f6lgesi ve \u00e7evresinin vize taleplerine cevap vermekte etkindir. Di\u011fer vize ba\u015fvuru birimlerinde oldu\u011fu gibi Kayseri \u0130svi\u00e7re vize ba\u015fvuru merkezi de vize ba\u015fvurusunda bulunan ki\u015filerden bir k\u0131s\u0131m evraklar talep<\/p>\n","protected":false},"author":1,"featured_media":0,"parent":69,"menu_order":0,"comment_status":"open","ping_status":"closed","template":"","meta":{"footnotes":""},"class_list":["post-80","page","type-page","status-publish","hentry"],"yoast_head":"<!-- This site is optimized with the Yoast SEO plugin v24.0 - https:\/\/yoast.com\/wordpress\/plugins\/seo\/ -->\n<title>\u0130svi\u00e7re Konsoloslu\u011fu Kayseri Vize \u0130\u015flemleri - MyVize<\/title>\n<meta name=\"description\" content=\"\u0130svi\u00e7re Kayseri Fahri Konsoloslu\u011fu \u00e7al\u0131\u015fma saatleri. \u0130svi\u00e7re Kayseri Fahri Konsoloslu\u011fu ula\u015f\u0131m, ileti\u015fim bilgileri ve faaliyet alan\u0131.\" \/>\n<meta name=\"robots\" content=\"index, follow, max-snippet:-1, max-image-preview:large, max-video-preview:-1\" \/>\n<link rel=\"canonical\" href=\"https:\/\/www.myvize.com.tr\/isvicre\/konsolosluklar\/kayseri-fahri-konsoloslugu\/\" \/>\n<meta property=\"og:locale\" content=\"tr_TR\" \/>\n<meta property=\"og:type\" content=\"article\" \/>\n<meta property=\"og:title\" content=\"\u0130svi\u00e7re Konsoloslu\u011fu Kayseri Vize \u0130\u015flemleri - MyVize\" \/>\n<meta property=\"og:description\" content=\"\u0130svi\u00e7re Kayseri Fahri Konsoloslu\u011fu \u00e7al\u0131\u015fma saatleri. \u0130svi\u00e7re Kayseri Fahri Konsoloslu\u011fu ula\u015f\u0131m, ileti\u015fim bilgileri ve faaliyet alan\u0131.\" \/>\n<meta property=\"og:url\" content=\"https:\/\/www.myvize.com.tr\/isvicre\/konsolosluklar\/kayseri-fahri-konsoloslugu\/\" \/>\n<meta property=\"og:site_name\" content=\"\u0130svi\u00e7re Vizesi\" \/>\n<meta property=\"article:modified_time\" content=\"2022-04-13T18:37:36+00:00\" \/>\n<meta name=\"twitter:card\" content=\"summary_large_image\" \/>\n<meta name=\"twitter:label1\" content=\"Tahmini okuma s\u00fcresi\" \/>\n\t<meta name=\"twitter:data1\" content=\"1 dakika\" \/>\n<script type=\"application\/ld+json\" class=\"yoast-schema-graph\">{\"@context\":\"https:\/\/schema.org\",\"@graph\":[{\"@type\":\"WebPage\",\"@id\":\"https:\/\/www.myvize.com.tr\/isvicre\/konsolosluklar\/kayseri-fahri-konsoloslugu\/\",\"url\":\"https:\/\/www.myvize.com.tr\/isvicre\/konsolosluklar\/kayseri-fahri-konsoloslugu\/\",\"name\":\"\u0130svi\u00e7re Konsoloslu\u011fu Kayseri Vize \u0130\u015flemleri - MyVize\",\"isPartOf\":{\"@id\":\"https:\/\/www.myvize.com.tr\/isvicre\/#website\"},\"datePublished\":\"2020-11-30T10:04:17+00:00\",\"dateModified\":\"2022-04-13T18:37:36+00:00\",\"description\":\"\u0130svi\u00e7re Kayseri Fahri Konsoloslu\u011fu \u00e7al\u0131\u015fma saatleri. \u0130svi\u00e7re Kayseri Fahri Konsoloslu\u011fu ula\u015f\u0131m, ileti\u015fim bilgileri ve faaliyet alan\u0131.\",\"breadcrumb\":{\"@id\":\"https:\/\/www.myvize.com.tr\/isvicre\/konsolosluklar\/kayseri-fahri-konsoloslugu\/#breadcrumb\"},\"inLanguage\":\"tr\",\"potentialAction\":[{\"@type\":\"ReadAction\",\"target\":[\"https:\/\/www.myvize.com.tr\/isvicre\/konsolosluklar\/kayseri-fahri-konsoloslugu\/\"]}]},{\"@type\":\"BreadcrumbList\",\"@id\":\"https:\/\/www.myvize.com.tr\/isvicre\/konsolosluklar\/kayseri-fahri-konsoloslugu\/#breadcrumb\",\"itemListElement\":[{\"@type\":\"ListItem\",\"position\":1,\"name\":\"Anasayfa\",\"item\":\"https:\/\/www.myvize.com.tr\/isvicre\/\"},{\"@type\":\"ListItem\",\"position\":2,\"name\":\"KONSOLOSLUKLAR\",\"item\":\"https:\/\/www.myvize.com.tr\/isvicre\/konsolosluklar\/\"},{\"@type\":\"ListItem\",\"position\":3,\"name\":\"\u0130svi\u00e7re Kayseri Fahri Konsoloslu\u011fu\"}]},{\"@type\":\"WebSite\",\"@id\":\"https:\/\/www.myvize.com.tr\/isvicre\/#website\",\"url\":\"https:\/\/www.myvize.com.tr\/isvicre\/\",\"name\":\"\u0130svi\u00e7re Vizesi\",\"description\":\"\",\"potentialAction\":[{\"@type\":\"SearchAction\",\"target\":{\"@type\":\"EntryPoint\",\"urlTemplate\":\"https:\/\/www.myvize.com.tr\/isvicre\/?s={search_term_string}\"},\"query-input\":{\"@type\":\"PropertyValueSpecification\",\"valueRequired\":true,\"valueName\":\"search_term_string\"}}],\"inLanguage\":\"tr\"}]}<\/script>\n<!-- \/ Yoast SEO plugin. -->","yoast_head_json":{"title":"\u0130svi\u00e7re Konsoloslu\u011fu Kayseri Vize \u0130\u015flemleri - MyVize","description":"\u0130svi\u00e7re Kayseri Fahri Konsoloslu\u011fu \u00e7al\u0131\u015fma saatleri. \u0130svi\u00e7re Kayseri Fahri Konsoloslu\u011fu ula\u015f\u0131m, ileti\u015fim bilgileri ve faaliyet alan\u0131.","robots":{"index":"index","follow":"follow","max-snippet":"max-snippet:-1","max-image-preview":"max-image-preview:large","max-video-preview":"max-video-preview:-1"},"canonical":"https:\/\/www.myvize.com.tr\/isvicre\/konsolosluklar\/kayseri-fahri-konsoloslugu\/","og_locale":"tr_TR","og_type":"article","og_title":"\u0130svi\u00e7re Konsoloslu\u011fu Kayseri Vize \u0130\u015flemleri - MyVize","og_description":"\u0130svi\u00e7re Kayseri Fahri Konsoloslu\u011fu \u00e7al\u0131\u015fma saatleri. \u0130svi\u00e7re Kayseri Fahri Konsoloslu\u011fu ula\u015f\u0131m, ileti\u015fim bilgileri ve faaliyet alan\u0131.","og_url":"https:\/\/www.myvize.com.tr\/isvicre\/konsolosluklar\/kayseri-fahri-konsoloslugu\/","og_site_name":"\u0130svi\u00e7re Vizesi","article_modified_time":"2022-04-13T18:37:36+00:00","twitter_card":"summary_large_image","twitter_misc":{"Tahmini okuma s\u00fcresi":"1 dakika"},"schema":{"@context":"https:\/\/schema.org","@graph":[{"@type":"WebPage","@id":"https:\/\/www.myvize.com.tr\/isvicre\/konsolosluklar\/kayseri-fahri-konsoloslugu\/","url":"https:\/\/www.myvize.com.tr\/isvicre\/konsolosluklar\/kayseri-fahri-konsoloslugu\/","name":"\u0130svi\u00e7re Konsoloslu\u011fu Kayseri Vize \u0130\u015flemleri - MyVize","isPartOf":{"@id":"https:\/\/www.myvize.com.tr\/isvicre\/#website"},"datePublished":"2020-11-30T10:04:17+00:00","dateModified":"2022-04-13T18:37:36+00:00","description":"\u0130svi\u00e7re Kayseri Fahri Konsoloslu\u011fu \u00e7al\u0131\u015fma saatleri. \u0130svi\u00e7re Kayseri Fahri Konsoloslu\u011fu ula\u015f\u0131m, ileti\u015fim bilgileri ve faaliyet alan\u0131.","breadcrumb":{"@id":"https:\/\/www.myvize.com.tr\/isvicre\/konsolosluklar\/kayseri-fahri-konsoloslugu\/#breadcrumb"},"inLanguage":"tr","potentialAction":[{"@type":"ReadAction","target":["https:\/\/www.myvize.com.tr\/isvicre\/konsolosluklar\/kayseri-fahri-konsoloslugu\/"]}]},{"@type":"BreadcrumbList","@id":"https:\/\/www.myvize.com.tr\/isvicre\/konsolosluklar\/kayseri-fahri-konsoloslugu\/#breadcrumb","itemListElement":[{"@type":"ListItem","position":1,"name":"Anasayfa","item":"https:\/\/www.myvize.com.tr\/isvicre\/"},{"@type":"ListItem","position":2,"name":"KONSOLOSLUKLAR","item":"https:\/\/www.myvize.com.tr\/isvicre\/konsolosluklar\/"},{"@type":"ListItem","position":3,"name":"\u0130svi\u00e7re Kayseri Fahri Konsoloslu\u011fu"}]},{"@type":"WebSite","@id":"https:\/\/www.myvize.com.tr\/isvicre\/#website","url":"https:\/\/www.myvize.com.tr\/isvicre\/","name":"\u0130svi\u00e7re Vizesi","description":"","potentialAction":[{"@type":"SearchAction","target":{"@type":"EntryPoint","urlTemplate":"https:\/\/www.myvize.com.tr\/isvicre\/?s={search_term_string}"},"query-input":{"@type":"PropertyValueSpecification","valueRequired":true,"valueName":"search_term_string"}}],"inLanguage":"tr"}]}},"_links":{"self":[{"href":"https:\/\/www.myvize.com.tr\/isvicre\/wp-json\/wp\/v2\/pages\/80","targetHints":{"allow":["GET"]}}],"collection":[{"href":"https:\/\/www.myvize.com.tr\/isvicre\/wp-json\/wp\/v2\/pages"}],"about":[{"href":"https:\/\/www.myvize.com.tr\/isvicre\/wp-json\/wp\/v2\/types\/page"}],"author":[{"embeddable":true,"href":"https:\/\/www.myvize.com.tr\/isvicre\/wp-json\/wp\/v2\/users\/1"}],"replies":[{"embeddable":true,"href":"https:\/\/www.myvize.com.tr\/isvicre\/wp-json\/wp\/v2\/comments?post=80"}],"version-history":[{"count":5,"href":"https:\/\/www.myvize.com.tr\/isvicre\/wp-json\/wp\/v2\/pages\/80\/revisions"}],"predecessor-version":[{"id":782,"href":"https:\/\/www.myvize.com.tr\/isvicre\/wp-json\/wp\/v2\/pages\/80\/revisions\/782"}],"up":[{"embeddable":true,"href":"https:\/\/www.myvize.com.tr\/isvicre\/wp-json\/wp\/v2\/pages\/69"}],"wp:attachment":[{"href":"https:\/\/www.myvize.com.tr\/isvicre\/wp-json\/wp\/v2\/media?parent=80"}],"curies":[{"name":"wp","href":"https:\/\/api.w.org\/{rel}","templated":true}]}}