{"id":181,"date":"2020-12-25T09:52:40","date_gmt":"2020-12-25T06:52:40","guid":{"rendered":"https:\/\/www.myvize.com.tr\/izlanda\/?page_id=181"},"modified":"2022-08-25T14:22:38","modified_gmt":"2022-08-25T11:22:38","slug":"calisma-vizesi","status":"publish","type":"page","link":"https:\/\/www.myvize.com.tr\/izlanda\/oturum-2\/calisma-vizesi\/","title":{"rendered":"\u0130zlanda \u00c7al\u0131\u015fma Vizesi"},"content":{"rendered":"<h2><span style=\"font-family: Roboto; font-size: 27px;\"><strong>\u0130zlanda \u00c7al\u0131\u015fma Vizesi Hakk\u0131nda<\/strong><\/span><\/h2>\n<p><span style=\"font-family: Roboto; font-size: 14px;\"><strong>\u0130zlanda \u00e7al\u0131\u015fma vizesi<\/strong> ba\u015fvuru i\u015flemlerinde diplomatik, hususi ve hizmet pasaportu sahipleri \u0130zlanda\u2019ya yapacaklar\u0131 90 g\u00fcn kadar seyahatlerinde vizeden muaft\u0131rlar. Ancak umuma mahsus pasaport sahibi T\u00fcrk vatanda\u015f\u0131 \u0130zlanda\u2019ya seyahat etmeden \u00f6nce vize almalar\u0131 gereklidir. <strong>\u0130zlanda \u00e7al\u0131\u015fma vizesi<\/strong> i\u00e7in gereken evraklar\u0131 haz\u0131rlayarak ba\u015fvuru yapabilirsiniz.<strong> \u0130zlanda \u00e7al\u0131\u015fma vizesinin<\/strong> onaylanmas\u0131 i\u00e7in \u0130zlanda Devleti\u2019nin vize ba\u015fvuru \u015fartlar\u0131 eksiksiz ve do\u011fru olarak yerine getirilmesi gerekmekte. <strong>\u0130zlanda \u00e7al\u0131\u015fma vize<\/strong> ba\u015fvurular\u0131n\u0131 de\u011ferlendirme ve sonu\u00e7land\u0131rma yetkisi yaln\u0131zca <span style=\"color: #2acec2;\"><strong><a style=\"color: #2acec2;\" href=\"https:\/\/www.myvize.com.tr\/izlanda\/\" target=\"_blank\" rel=\"noopener\">\u0130zlanda<\/a><\/strong><\/span> Konsoloslu\u011fu\u2019nun inisiyatifindedir.<\/span><br \/>\n<span style=\"font-family: Roboto; font-size: 14px;\"><strong>\u0130zlanda \u00e7al\u0131\u015fma vizesi<\/strong>, \u0130zlanda\u2019da kal\u0131\u015f amac\u0131 belirli bir zaman i\u00e7in onaylanm\u0131\u015f olan vize t\u00fcr\u00fcd\u00fcr. <strong>\u0130zlanda \u00e7al\u0131\u015fma vizesi<\/strong> \u0130\u00e7 i\u015fleri Bakanl\u0131\u011f\u0131\u2019n\u0131n onay\u0131yla verilmektedir.<strong> \u0130zlanda Konsoloslu\u011fu<\/strong> ba\u015fvuru sahibi gerekli g\u00f6rd\u00fc\u011f\u00fc durumda g\u00f6r\u00fc\u015fmeye \u00e7a\u011f\u0131rabilmektedir. <strong>\u0130zlanda \u00e7al\u0131\u015fma vizesi<\/strong> i\u00e7in ba\u015fvuruya kendisi gelmenize gerek bulunmamaktad\u0131r.<strong> \u0130zlanda \u00e7al\u0131\u015fma vizesi<\/strong> ba\u015fvurusu<strong> \u0130zlanda Konsoloslu\u011funa<\/strong> veya konsoloslu\u011fun yetki verdi\u011fi<strong> vize merkezi<\/strong> arac\u0131l\u0131\u011f\u0131yla yap\u0131labilmektedir. Ba\u015fvuru sahibi <strong>\u00e7al\u0131\u015fma vizesi<\/strong> i\u00e7in gereken evrak\u0131 haz\u0131rland\u0131ktan sonra ba\u015fvuru dosyas\u0131 i\u015fleme al\u0131n\u0131p \u00e7al\u0131\u015fma vizesi d\u00fczenlenmektedir.<strong> \u0130zlanda \u00e7al\u0131\u015fma vizesi<\/strong> ge\u00e7erlili\u011fi \u0130\u00e7 i\u015fleri Bakanl\u0131\u011f\u0131 y\u00f6netmeli\u011fine uygun olarak verilir.<\/span><\/p>\n<p><img decoding=\"async\" src=\"https:\/\/www.myvize.com.tr\/izlanda\/wp-content\/uploads\/2021\/09\/28.jpg\" \/><\/p>\n<h2><strong><span style=\"font-family: Roboto; font-size: 27px;\">\u0130zlanda \u00c7al\u0131\u015fma Vizesi Hakk\u0131nda<\/span><\/strong><\/h2>\n<p><span style=\"font-family: Roboto; font-size: 14px;\">\u0130zlanda\u2019ya ekonomik bir gelir elde etmek i\u00e7in gidecekseniz, \u0130stanbul Konsoloslu\u011fu\u2019na, <strong>\u0130zlanda \u00e7al\u0131\u015fma vizesi<\/strong> ba\u015fvurusunda bulunmal\u0131s\u0131n\u0131z.<strong> \u0130zlanda \u00e7al\u0131\u015fma vizesi<\/strong> ulusal bir vize oldu\u011fundan ba\u015fvurunuzu buna g\u00f6re yapmal\u0131s\u0131n\u0131z.<\/span><\/p>\n<p><span style=\"font-family: Roboto; font-size: 14px;\"><strong>\u0130zlanda \u00e7al\u0131\u015fma vizesi<\/strong> ba\u015fvurusu yapacak olan <strong>T\u00fcrk vatanda\u015flar\u0131<\/strong>; ba\u015fka bir ki\u015fi ya da \u015firket i\u00e7in \u00e7al\u0131\u015fmaya gidecek ise 16 ya\u015f\u0131ndan b\u00fcy\u00fck olmas\u0131 gerekmektedir. \u0130zlanda\u2019da kendi hesab\u0131na \u00e7al\u0131\u015fmak i\u00e7in gidecek olan T\u00fcrk vatanda\u015f\u0131 ise 18 ya\u015f\u0131n\u0131 doldurmu\u015f olmalar\u0131 gerekmektedir.<\/span><\/p>\n<p><span style=\"font-family: Roboto; font-size: 14px;\">\u0130zlanda\u2019da \u00e7al\u0131\u015fma isteyen ve <strong>\u0130zlanda \u00e7al\u0131\u015fma vizesi<\/strong> alacak olan ki\u015filerin, \u00f6ncelikle \u0130zlanda ikamet izni ve <strong>\u0130zlanda \u00e7al\u0131\u015fma izni<\/strong> almal\u0131d\u0131r. Bunun i\u00e7in ise \u00f6ncelikle \u0130zlanda\u2019da bir i\u015f bulmal\u0131d\u0131r.<\/span><\/p>\n<p><span style=\"font-family: Roboto; font-size: 14px;\"><strong>\u0130zlanda \u00e7al\u0131\u015fma vizesi<\/strong> i\u00e7in gerekli olan evraklar \u015fu \u015fekildedir;<\/span><\/p>\n<ul>\n<li><span style=\"font-family: Roboto; font-size: 14px;\">Biyometrik foto\u011fraf<\/span><\/li>\n<li><span style=\"font-family: Roboto; font-size: 14px;\">Banka hesap d\u00f6k\u00fcm\u00fc<\/span><\/li>\n<li><span style=\"font-family: Roboto; font-size: 14px;\">Adli sicil kayd\u0131<\/span><\/li>\n<li><span style=\"font-family: Roboto; font-size: 14px;\">Seyahat sa\u011fl\u0131k sigortas\u0131<\/span><\/li>\n<li><span style=\"font-family: Roboto; font-size: 14px;\">Pasaport ya da seyahat belgesi: Pasaportun en az 2 sayfas\u0131 bo\u015f, y\u0131pranmam\u0131\u015f, 10 y\u0131l i\u00e7erisinde \u00e7\u0131kar\u0131lm\u0131\u015f olmas\u0131 gerekmektedir.<\/span><\/li>\n<li><span style=\"font-family: Roboto; font-size: 14px;\">Pasaport fotokopisi<\/span><\/li>\n<li><span style=\"font-family: Roboto; font-size: 14px;\">Var ise ek gelirleri g\u00f6steren belgeler<\/span><\/li>\n<li><span style=\"font-family: Roboto; font-size: 14px;\">N\u00fcfus c\u00fczdan\u0131 \u00f6n ve arka y\u00fcz fotokopisi<\/span><\/li>\n<li><span style=\"font-family: Roboto; font-size: 14px;\">\u0130\u015fe ait bilgilerin yer ald\u0131\u011f\u0131 belgeler<\/span><\/li>\n<li><span style=\"font-family: Roboto; font-size: 14px;\">Kal\u0131nacak yere ait bilgiler<\/span><\/li>\n<li><span style=\"font-family: Roboto; font-size: 14px;\">Tam vukuatl\u0131 n\u00fcfus kay\u0131t \u00f6rne\u011fi<\/span><\/li>\n<li><span style=\"font-family: Roboto; font-size: 14px;\">\u0130\u015f s\u00f6zle\u015fmesi<\/span><\/li>\n<li><span style=\"font-family: Roboto; font-size: 14px;\">T\u0131bbi rapor<\/span><\/li>\n<\/ul>\n<p><span style=\"font-family: Roboto; font-size: 14px;\"><span style=\"color: #2acec2;\"><strong><a style=\"color: #2acec2;\" href=\"https:\/\/www.myvize.com.tr\/izlanda\/vize-islemleri\/izlanda-vize-reddi\/\" target=\"_blank\" rel=\"noopener\">\u0130zlanda Vize Reddi <\/a><\/strong><\/span>ile ilgili bilgi almak i\u00e7in bizi aray\u0131n.<\/span><\/p>\n","protected":false},"excerpt":{"rendered":"<p>\u0130zlanda \u00c7al\u0131\u015fma Vizesi Hakk\u0131nda \u0130zlanda \u00e7al\u0131\u015fma vizesi ba\u015fvuru i\u015flemlerinde diplomatik, hususi ve hizmet pasaportu sahipleri \u0130zlanda\u2019ya yapacaklar\u0131 90 g\u00fcn kadar seyahatlerinde vizeden muaft\u0131rlar. Ancak umuma mahsus pasaport sahibi T\u00fcrk vatanda\u015f\u0131 \u0130zlanda\u2019ya seyahat etmeden \u00f6nce vize almalar\u0131 gereklidir. \u0130zlanda \u00e7al\u0131\u015fma vizesi i\u00e7in gereken evraklar\u0131 haz\u0131rlayarak ba\u015fvuru yapabilirsiniz. \u0130zlanda \u00e7al\u0131\u015fma vizesinin onaylanmas\u0131 i\u00e7in \u0130zlanda Devleti\u2019nin vize ba\u015fvuru<\/p>\n","protected":false},"author":1,"featured_media":0,"parent":164,"menu_order":0,"comment_status":"open","ping_status":"closed","template":"","meta":{"footnotes":""},"class_list":["post-181","page","type-page","status-publish","hentry"],"yoast_head":"<!-- This site is optimized with the Yoast SEO plugin v24.0 - https:\/\/yoast.com\/wordpress\/plugins\/seo\/ -->\n<title>\u0130zlanda \u00c7al\u0131\u015fma Vizesi - \u0130zlanda \u00c7al\u0131\u015fma \u0130zni - MyVize<\/title>\n<meta name=\"description\" content=\"\u0130zlanda \u00c7al\u0131\u015fma Vizesi Nas\u0131l Al\u0131n\u0131r? \u0130zlanda \u00c7al\u0131\u015fma Vize Ba\u015fvurusu Nas\u0131l Yap\u0131l\u0131r? \u0130zlanda \u00c7al\u0131\u015fma Vize \u015eartlar\u0131 Nelerdir?\" \/>\n<meta name=\"robots\" content=\"index, follow, max-snippet:-1, max-image-preview:large, max-video-preview:-1\" \/>\n<link rel=\"canonical\" href=\"https:\/\/www.myvize.com.tr\/izlanda\/oturum-2\/calisma-vizesi\/\" \/>\n<meta property=\"og:locale\" content=\"tr_TR\" \/>\n<meta property=\"og:type\" content=\"article\" \/>\n<meta property=\"og:title\" content=\"\u0130zlanda \u00c7al\u0131\u015fma Vizesi - \u0130zlanda \u00c7al\u0131\u015fma \u0130zni - MyVize\" \/>\n<meta property=\"og:description\" content=\"\u0130zlanda \u00c7al\u0131\u015fma Vizesi Nas\u0131l Al\u0131n\u0131r? \u0130zlanda \u00c7al\u0131\u015fma Vize Ba\u015fvurusu Nas\u0131l Yap\u0131l\u0131r? \u0130zlanda \u00c7al\u0131\u015fma Vize \u015eartlar\u0131 Nelerdir?\" \/>\n<meta property=\"og:url\" content=\"https:\/\/www.myvize.com.tr\/izlanda\/oturum-2\/calisma-vizesi\/\" \/>\n<meta property=\"og:site_name\" content=\"\u0130zlanda Vizesi\" \/>\n<meta property=\"article:modified_time\" content=\"2022-08-25T11:22:38+00:00\" \/>\n<meta property=\"og:image\" content=\"https:\/\/www.myvize.com.tr\/izlanda\/wp-content\/uploads\/2021\/09\/28.jpg\" \/>\n<meta name=\"twitter:card\" content=\"summary_large_image\" \/>\n<meta name=\"twitter:label1\" content=\"Tahmini okuma s\u00fcresi\" \/>\n\t<meta name=\"twitter:data1\" content=\"2 dakika\" \/>\n<script type=\"application\/ld+json\" class=\"yoast-schema-graph\">{\"@context\":\"https:\/\/schema.org\",\"@graph\":[{\"@type\":\"WebPage\",\"@id\":\"https:\/\/www.myvize.com.tr\/izlanda\/oturum-2\/calisma-vizesi\/\",\"url\":\"https:\/\/www.myvize.com.tr\/izlanda\/oturum-2\/calisma-vizesi\/\",\"name\":\"\u0130zlanda \u00c7al\u0131\u015fma Vizesi - \u0130zlanda \u00c7al\u0131\u015fma \u0130zni - MyVize\",\"isPartOf\":{\"@id\":\"https:\/\/www.myvize.com.tr\/izlanda\/#website\"},\"primaryImageOfPage\":{\"@id\":\"https:\/\/www.myvize.com.tr\/izlanda\/oturum-2\/calisma-vizesi\/#primaryimage\"},\"image\":{\"@id\":\"https:\/\/www.myvize.com.tr\/izlanda\/oturum-2\/calisma-vizesi\/#primaryimage\"},\"thumbnailUrl\":\"https:\/\/www.myvize.com.tr\/izlanda\/wp-content\/uploads\/2021\/09\/28.jpg\",\"datePublished\":\"2020-12-25T06:52:40+00:00\",\"dateModified\":\"2022-08-25T11:22:38+00:00\",\"description\":\"\u0130zlanda \u00c7al\u0131\u015fma Vizesi Nas\u0131l Al\u0131n\u0131r? \u0130zlanda \u00c7al\u0131\u015fma Vize Ba\u015fvurusu Nas\u0131l Yap\u0131l\u0131r? \u0130zlanda \u00c7al\u0131\u015fma Vize \u015eartlar\u0131 Nelerdir?\",\"breadcrumb\":{\"@id\":\"https:\/\/www.myvize.com.tr\/izlanda\/oturum-2\/calisma-vizesi\/#breadcrumb\"},\"inLanguage\":\"tr\",\"potentialAction\":[{\"@type\":\"ReadAction\",\"target\":[\"https:\/\/www.myvize.com.tr\/izlanda\/oturum-2\/calisma-vizesi\/\"]}]},{\"@type\":\"ImageObject\",\"inLanguage\":\"tr\",\"@id\":\"https:\/\/www.myvize.com.tr\/izlanda\/oturum-2\/calisma-vizesi\/#primaryimage\",\"url\":\"https:\/\/www.myvize.com.tr\/izlanda\/wp-content\/uploads\/2021\/09\/28.jpg\",\"contentUrl\":\"https:\/\/www.myvize.com.tr\/izlanda\/wp-content\/uploads\/2021\/09\/28.jpg\",\"width\":800,\"height\":500,\"caption\":\"\u0130zlanda \u00c7al\u0131\u015fma Vizesi\"},{\"@type\":\"BreadcrumbList\",\"@id\":\"https:\/\/www.myvize.com.tr\/izlanda\/oturum-2\/calisma-vizesi\/#breadcrumb\",\"itemListElement\":[{\"@type\":\"ListItem\",\"position\":1,\"name\":\"Anasayfa\",\"item\":\"https:\/\/www.myvize.com.tr\/izlanda\/\"},{\"@type\":\"ListItem\",\"position\":2,\"name\":\"\u0130ZLANDA OTURUM KARTI\",\"item\":\"https:\/\/www.myvize.com.tr\/izlanda\/oturum-2\/\"},{\"@type\":\"ListItem\",\"position\":3,\"name\":\"\u0130zlanda \u00c7al\u0131\u015fma Vizesi\"}]},{\"@type\":\"WebSite\",\"@id\":\"https:\/\/www.myvize.com.tr\/izlanda\/#website\",\"url\":\"https:\/\/www.myvize.com.tr\/izlanda\/\",\"name\":\"\u0130zlanda Vizesi\",\"description\":\"\",\"potentialAction\":[{\"@type\":\"SearchAction\",\"target\":{\"@type\":\"EntryPoint\",\"urlTemplate\":\"https:\/\/www.myvize.com.tr\/izlanda\/?s={search_term_string}\"},\"query-input\":{\"@type\":\"PropertyValueSpecification\",\"valueRequired\":true,\"valueName\":\"search_term_string\"}}],\"inLanguage\":\"tr\"}]}<\/script>\n<!-- \/ Yoast SEO plugin. -->","yoast_head_json":{"title":"\u0130zlanda \u00c7al\u0131\u015fma Vizesi - \u0130zlanda \u00c7al\u0131\u015fma \u0130zni - MyVize","description":"\u0130zlanda \u00c7al\u0131\u015fma Vizesi Nas\u0131l Al\u0131n\u0131r? \u0130zlanda \u00c7al\u0131\u015fma Vize Ba\u015fvurusu Nas\u0131l Yap\u0131l\u0131r? \u0130zlanda \u00c7al\u0131\u015fma Vize \u015eartlar\u0131 Nelerdir?","robots":{"index":"index","follow":"follow","max-snippet":"max-snippet:-1","max-image-preview":"max-image-preview:large","max-video-preview":"max-video-preview:-1"},"canonical":"https:\/\/www.myvize.com.tr\/izlanda\/oturum-2\/calisma-vizesi\/","og_locale":"tr_TR","og_type":"article","og_title":"\u0130zlanda \u00c7al\u0131\u015fma Vizesi - \u0130zlanda \u00c7al\u0131\u015fma \u0130zni - MyVize","og_description":"\u0130zlanda \u00c7al\u0131\u015fma Vizesi Nas\u0131l Al\u0131n\u0131r? \u0130zlanda \u00c7al\u0131\u015fma Vize Ba\u015fvurusu Nas\u0131l Yap\u0131l\u0131r? \u0130zlanda \u00c7al\u0131\u015fma Vize \u015eartlar\u0131 Nelerdir?","og_url":"https:\/\/www.myvize.com.tr\/izlanda\/oturum-2\/calisma-vizesi\/","og_site_name":"\u0130zlanda Vizesi","article_modified_time":"2022-08-25T11:22:38+00:00","og_image":[{"url":"https:\/\/www.myvize.com.tr\/izlanda\/wp-content\/uploads\/2021\/09\/28.jpg","type":"","width":"","height":""}],"twitter_card":"summary_large_image","twitter_misc":{"Tahmini okuma s\u00fcresi":"2 dakika"},"schema":{"@context":"https:\/\/schema.org","@graph":[{"@type":"WebPage","@id":"https:\/\/www.myvize.com.tr\/izlanda\/oturum-2\/calisma-vizesi\/","url":"https:\/\/www.myvize.com.tr\/izlanda\/oturum-2\/calisma-vizesi\/","name":"\u0130zlanda \u00c7al\u0131\u015fma Vizesi - \u0130zlanda \u00c7al\u0131\u015fma \u0130zni - MyVize","isPartOf":{"@id":"https:\/\/www.myvize.com.tr\/izlanda\/#website"},"primaryImageOfPage":{"@id":"https:\/\/www.myvize.com.tr\/izlanda\/oturum-2\/calisma-vizesi\/#primaryimage"},"image":{"@id":"https:\/\/www.myvize.com.tr\/izlanda\/oturum-2\/calisma-vizesi\/#primaryimage"},"thumbnailUrl":"https:\/\/www.myvize.com.tr\/izlanda\/wp-content\/uploads\/2021\/09\/28.jpg","datePublished":"2020-12-25T06:52:40+00:00","dateModified":"2022-08-25T11:22:38+00:00","description":"\u0130zlanda \u00c7al\u0131\u015fma Vizesi Nas\u0131l Al\u0131n\u0131r? \u0130zlanda \u00c7al\u0131\u015fma Vize Ba\u015fvurusu Nas\u0131l Yap\u0131l\u0131r? \u0130zlanda \u00c7al\u0131\u015fma Vize \u015eartlar\u0131 Nelerdir?","breadcrumb":{"@id":"https:\/\/www.myvize.com.tr\/izlanda\/oturum-2\/calisma-vizesi\/#breadcrumb"},"inLanguage":"tr","potentialAction":[{"@type":"ReadAction","target":["https:\/\/www.myvize.com.tr\/izlanda\/oturum-2\/calisma-vizesi\/"]}]},{"@type":"ImageObject","inLanguage":"tr","@id":"https:\/\/www.myvize.com.tr\/izlanda\/oturum-2\/calisma-vizesi\/#primaryimage","url":"https:\/\/www.myvize.com.tr\/izlanda\/wp-content\/uploads\/2021\/09\/28.jpg","contentUrl":"https:\/\/www.myvize.com.tr\/izlanda\/wp-content\/uploads\/2021\/09\/28.jpg","width":800,"height":500,"caption":"\u0130zlanda \u00c7al\u0131\u015fma Vizesi"},{"@type":"BreadcrumbList","@id":"https:\/\/www.myvize.com.tr\/izlanda\/oturum-2\/calisma-vizesi\/#breadcrumb","itemListElement":[{"@type":"ListItem","position":1,"name":"Anasayfa","item":"https:\/\/www.myvize.com.tr\/izlanda\/"},{"@type":"ListItem","position":2,"name":"\u0130ZLANDA OTURUM KARTI","item":"https:\/\/www.myvize.com.tr\/izlanda\/oturum-2\/"},{"@type":"ListItem","position":3,"name":"\u0130zlanda \u00c7al\u0131\u015fma Vizesi"}]},{"@type":"WebSite","@id":"https:\/\/www.myvize.com.tr\/izlanda\/#website","url":"https:\/\/www.myvize.com.tr\/izlanda\/","name":"\u0130zlanda Vizesi","description":"","potentialAction":[{"@type":"SearchAction","target":{"@type":"EntryPoint","urlTemplate":"https:\/\/www.myvize.com.tr\/izlanda\/?s={search_term_string}"},"query-input":{"@type":"PropertyValueSpecification","valueRequired":true,"valueName":"search_term_string"}}],"inLanguage":"tr"}]}},"_links":{"self":[{"href":"https:\/\/www.myvize.com.tr\/izlanda\/wp-json\/wp\/v2\/pages\/181","targetHints":{"allow":["GET"]}}],"collection":[{"href":"https:\/\/www.myvize.com.tr\/izlanda\/wp-json\/wp\/v2\/pages"}],"about":[{"href":"https:\/\/www.myvize.com.tr\/izlanda\/wp-json\/wp\/v2\/types\/page"}],"author":[{"embeddable":true,"href":"https:\/\/www.myvize.com.tr\/izlanda\/wp-json\/wp\/v2\/users\/1"}],"replies":[{"embeddable":true,"href":"https:\/\/www.myvize.com.tr\/izlanda\/wp-json\/wp\/v2\/comments?post=181"}],"version-history":[{"count":6,"href":"https:\/\/www.myvize.com.tr\/izlanda\/wp-json\/wp\/v2\/pages\/181\/revisions"}],"predecessor-version":[{"id":1093,"href":"https:\/\/www.myvize.com.tr\/izlanda\/wp-json\/wp\/v2\/pages\/181\/revisions\/1093"}],"up":[{"embeddable":true,"href":"https:\/\/www.myvize.com.tr\/izlanda\/wp-json\/wp\/v2\/pages\/164"}],"wp:attachment":[{"href":"https:\/\/www.myvize.com.tr\/izlanda\/wp-json\/wp\/v2\/media?parent=181"}],"curies":[{"name":"wp","href":"https:\/\/api.w.org\/{rel}","templated":true}]}}