{"id":392,"date":"2021-07-19T17:49:15","date_gmt":"2021-07-19T14:49:15","guid":{"rendered":"https:\/\/www.myvize.com.tr\/kanada\/?page_id=392"},"modified":"2022-03-26T12:38:43","modified_gmt":"2022-03-26T09:38:43","slug":"kanada-ticari-vize-dilekce-ornegi","status":"publish","type":"page","link":"https:\/\/www.myvize.com.tr\/kanada\/eta\/kanada-ticari-vize-dilekce-ornegi\/","title":{"rendered":"Kanada Ticari Vize Dilek\u00e7e \u00d6rne\u011fi"},"content":{"rendered":"<p><span style=\"font-family: Roboto;\"><\/span><\/p>\r\n<p><span style=\"font-family: Roboto; font-size: 14px;\">Kanada\u2019ya ticari ama\u00e7la gitmek isteyen T\u00fcrk vatanda\u015flar\u0131n\u0131n ticari vizeye ihtiya\u00e7lar\u0131 olacakt\u0131r. Ticari vize i\u00e7in <strong>Kanada ticari vize dilek\u00e7e \u00f6rne\u011fi<\/strong>\u00a0ile birlikte baz\u0131 evraklara daha ihtiya\u00e7 duyulmaktad\u0131r. <strong>Kanada Ticari vizesi<\/strong>yle k\u0131sa s\u00fcreli\u011fine Kanada\u2019ya gidebilirsiniz. Bu vize sayesinde maksimum 6 ay Kanada\u2019da kalabilirsiniz.<\/span><\/p>\r\n<p><span style=\"font-family: Roboto; font-size: 14px;\">\r\n\r\n<\/span><\/p>\r\n<p><span style=\"font-family: Roboto; font-size: 14px;\">Ticari ama\u00e7larla Kanada\u2019ya gidebilmek i\u00e7in Kanada Ziyaret\u00e7i Vizesi i\u00e7in ba\u015fvuruda bulunman\u0131z gerekmektedir. Bunun i\u00e7in de uygun bir pasaporta sahip olman\u0131z gereklidir. Ayr\u0131ca cezai ve t\u0131bbi a\u00e7\u0131dan t\u00fcm ko\u015fullar\u0131 sa\u011fl\u0131yor olman\u0131z \u015fartt\u0131r.<\/span><\/p>\r\n<p><span style=\"font-family: Roboto; font-size: 14px;\">\r\n\r\n<\/span><\/p>\r\n<h2 class=\"wp-block-heading\"><span style=\"font-family: Roboto; font-size: 27px;\">Kanada Ticari Vize Dilek\u00e7esinde Dikkat Edilmesi Gerekenler<\/span><\/h2>\r\n<p><span style=\"font-family: Roboto; font-size: 14px;\">\r\n\r\n<\/span><\/p>\r\n<ul class=\"wp-block-list\">\r\n<li><span style=\"font-family: Roboto; font-size: 14px;\"><strong>Kanada ticari vize dilek\u00e7e \u00f6rne\u011fi<\/strong>\u00a0ile haz\u0131rlam\u0131\u015f oldu\u011funuz evraklar i\u00e7erik olarak tutarl\u0131 olmak durumundad\u0131r.<\/span><\/li>\r\n<\/ul>\r\n<p><span style=\"font-family: Roboto; font-size: 14px;\">\r\n\r\n<\/span><\/p>\r\n<ul class=\"wp-block-list\">\r\n<li><span style=\"font-family: Roboto; font-size: 14px;\">Personelini Kanada\u2019ya g\u00f6nderecek olan firma taraf\u0131ndan antetli ka\u011f\u0131da\u00a0<strong>Kanada vize dilek\u00e7e \u00f6rne\u011fi<\/strong>\u00a0yaz\u0131lmal\u0131d\u0131r.<\/span><\/li>\r\n<\/ul>\r\n<p><span style=\"font-family: Roboto; font-size: 14px;\">\r\n\r\n<\/span><\/p>\r\n<ul class=\"wp-block-list\">\r\n<li><span style=\"font-family: Roboto; font-size: 14px;\">Dilek\u00e7e haz\u0131rlan\u0131rken seyahatte bulunacak \u015fahs\u0131n masraflar\u0131n\u0131n ne \u015fekilde kar\u015f\u0131lanaca\u011f\u0131 a\u00e7\u0131k\u00e7a belirtilmelidir.<\/span><\/li>\r\n<\/ul>\r\n<p><span style=\"font-family: Roboto; font-size: 14px;\">\r\n\r\n<\/span><\/p>\r\n<ul class=\"wp-block-list\">\r\n<li><span style=\"font-family: Roboto; font-size: 14px;\">Kanada ticari vize dilek\u00e7esinde seyahatin amac\u0131 a\u00e7\u0131k ve net bir \u015fekilde belirtilmelidir. \u00d6rne\u011fin ki\u015fi bir seminere kat\u0131lacaksa bu seminerin varsa bileti veya kat\u0131l\u0131m belgesinin bir \u00f6rne\u011fi sunulmal\u0131d\u0131r.<\/span><\/li>\r\n<\/ul>\r\n<p><span style=\"font-family: Roboto; font-size: 14px;\">\r\n\r\n<\/span><\/p>\r\n<ul class=\"wp-block-list\">\r\n<li><span style=\"font-family: Roboto; font-size: 14px;\">Dilek\u00e7ede seyahatin ba\u015flang\u0131\u00e7 ve biti\u015f tarihleri mutlaka belirtilmelidir.<\/span><\/li>\r\n<\/ul>\r\n<p><span style=\"font-family: Roboto; font-size: 14px;\">\r\n\r\n<\/span><\/p>\r\n<ul class=\"wp-block-list\">\r\n<li><span style=\"font-family: Roboto; font-size: 14px;\">Kanada\u2019ya ticari ama\u00e7la seyahat edecek ki\u015finin firmadaki g\u00f6revi ve konumu dilek\u00e7ede a\u00e7\u0131k\u00e7a belirtilmelidir.<\/span><\/li>\r\n<\/ul>\r\n<p><span style=\"font-family: Roboto; font-size: 14px;\"><span style=\"color: #2acec2;\"><a style=\"color: #2acec2;\" href=\"https:\/\/www.myvize.com.tr\/kanada\/vize-islemleri\/kanada-vize-reddi\/\" target=\"_blank\" rel=\"noopener\"><strong>Kanada Vize Reddi<\/strong> <\/a><\/span>ile ilgili bilgi almak i\u00e7in bizi aray\u0131n\u0131z.<\/span><\/p>\r\n<h2><span style=\"font-family: Roboto; font-size: 27px;\"><strong>Kanada Ticari Vize Dilek\u00e7e \u00d6rnekleri Hakk\u0131nda<\/strong><\/span><\/h2>\r\n<p><span style=\"font-family: Roboto; font-size: 14px;\">Kanada&#8217;ya Ticaret (i\u015f toplant\u0131, konferans, alan ara\u015ft\u0131rma vb.) ama\u00e7la seyahat eden ki\u015finin yapaca\u011f\u0131 seyahat ile ilgili Kanada \u0130stanbul Ba\u015fkonsoloslu\u011fa hitaben Kanada Ticari Vize talep dilek\u00e7esi sunmas\u0131 gereklidir. <strong>Kanada Ticari vize talep dilek\u00e7esi<\/strong> yaz\u0131l\u0131rken a\u015fa\u011f\u0131da ki hususa dikkat edilmelidir.<\/span><br \/><span style=\"font-family: Roboto; font-size: 14px;\"><strong>Kanada Ticari Vize<\/strong> talep dilek\u00e7esi personelin i\u015f seyahatlerine g\u00f6nderecek \u015firket yetkilisi taraf\u0131ndan \u015firket antet ka\u011f\u0131d\u0131na yaz\u0131lmal\u0131 ve \u015firket yetkilisi ka\u015fesi ve imzas\u0131 ta\u015f\u0131mal\u0131d\u0131r.<\/span><br \/><span style=\"font-family: Roboto; font-size: 14px;\">Kanada Ticari Vize talep dilek\u00e7esi seyahatin amac\u0131 a\u00e7\u0131k\u00e7a yaz\u0131lmal\u0131. \u00d6rne\u011fin; ki\u015fi \u015firket i\u015f orta\u011f\u0131 ba\u015fka \u015firketle toplant\u0131 yapma \u00fczere seyahat edecekse Kanada\u2019da ki \u015firket ile ilgili bilgiye yer verilmeli. Ki\u015fi i\u015f konferans\u0131 kat\u0131lacaksa Kanada Ticari Vize talep dilek\u00e7esi de konferans ile ilgili bilgiler olmal\u0131d\u0131r.<\/span><br \/><span style=\"font-family: Roboto; font-size: 14px;\">Kanada Ticari Vize talep dilek\u00e7esinde seyahate \u00e7\u0131kacak ki\u015filerin firmadaki g\u00f6revleri (Sat\u0131\u015f M\u00fcd\u00fcr, Kurumsal \u0130leti\u015fim Uzman vb.) a\u00e7\u0131k\u00e7a ifade edilmeli.<\/span><br \/><span style=\"font-family: Roboto; font-size: 14px;\">Kanada&#8217;ya seyahat edecek ki\u015filerin seyahatinin ba\u015flang\u0131\u00e7 ve biti\u015f tarihi ile varsa ek seyahati hakk\u0131nda Kanada Ticari Vize talep dilek\u00e7esinde net bilgi verilmelidir. Kanada&#8217;ya Ticaret ama\u00e7la seyahat eden ki\u015finin yapaca\u011f\u0131 seyahat ile ilgili <span style=\"color: #2acec2;\"><strong><a style=\"color: #2acec2;\" href=\"https:\/\/www.myvize.com.tr\/kanada\/konsolosluklar\/kanada-istanbul-fahri-konsoloslugu\/\" target=\"_blank\" rel=\"noopener\">Kanada \u0130stanbul Ba\u015fkonsoloslu\u011fu<\/a><\/strong><\/span>&#8216;na hitaben Kanada Ticari Vize talep dilek\u00e7esi sunmas\u0131 gereklidir.<\/span><br \/><span style=\"font-family: Roboto; font-size: 14px;\"><strong>Kanada Konsoloslu\u011fu<\/strong>&#8216;na Ticari Vize talep dilek\u00e7esi haz\u0131rlarken seyahat edecek ki\u015filerin seyahat s\u00fcresince olu\u015facak (konaklamak, transfer, hastal\u0131k, kaza, vb.) masraf\u0131n\u0131n nas\u0131l kar\u015f\u0131lanaca\u011f\u0131 bilgi yer almal\u0131d\u0131r.<\/span><br \/><span style=\"font-family: Roboto; font-size: 14px;\">Kanada Ticari Vize talep dilek\u00e7esine yer alan bilgi dosyaya konulan evrakla desteklenmelidir.<\/span><\/p>\r\n<p><span style=\"font-family: Roboto;\"><\/span><\/p>","protected":false},"excerpt":{"rendered":"<p>Kanada\u2019ya ticari ama\u00e7la gitmek isteyen T\u00fcrk vatanda\u015flar\u0131n\u0131n ticari vizeye ihtiya\u00e7lar\u0131 olacakt\u0131r. Ticari vize i\u00e7in Kanada ticari vize dilek\u00e7e \u00f6rne\u011fi\u00a0ile birlikte baz\u0131 evraklara daha ihtiya\u00e7 duyulmaktad\u0131r. Kanada Ticari vizesiyle k\u0131sa s\u00fcreli\u011fine Kanada\u2019ya gidebilirsiniz. Bu vize sayesinde maksimum 6 ay Kanada\u2019da kalabilirsiniz. Ticari ama\u00e7larla Kanada\u2019ya gidebilmek i\u00e7in Kanada Ziyaret\u00e7i Vizesi i\u00e7in ba\u015fvuruda bulunman\u0131z gerekmektedir. Bunun i\u00e7in de<\/p>\n","protected":false},"author":1,"featured_media":0,"parent":175,"menu_order":0,"comment_status":"open","ping_status":"closed","template":"","meta":{"footnotes":""},"class_list":["post-392","page","type-page","status-publish","hentry"],"yoast_head":"<!-- This site is optimized with the Yoast SEO plugin v24.0 - https:\/\/yoast.com\/wordpress\/plugins\/seo\/ -->\n<title>Kanada Ticari Vize Dilek\u00e7e \u00d6rne\u011fi - MyVize<\/title>\n<meta name=\"description\" content=\"Kanada Ticari Vize Dilek\u00e7e \u00d6rne\u011fi Nas\u0131l Yaz\u0131l\u0131r? Kanada Ticari Vize Dilek\u00e7esi Nas\u0131l Olmal\u0131d\u0131r? Bilgi \u0130\u00e7in Hemen Aray\u0131n: 0850 346 84 93\" \/>\n<meta name=\"robots\" content=\"index, follow, max-snippet:-1, max-image-preview:large, max-video-preview:-1\" \/>\n<link rel=\"canonical\" href=\"https:\/\/www.myvize.com.tr\/kanada\/eta\/kanada-ticari-vize-dilekce-ornegi\/\" \/>\n<meta property=\"og:locale\" content=\"tr_TR\" \/>\n<meta property=\"og:type\" content=\"article\" \/>\n<meta property=\"og:title\" content=\"Kanada Ticari Vize Dilek\u00e7e \u00d6rne\u011fi - MyVize\" \/>\n<meta property=\"og:description\" content=\"Kanada Ticari Vize Dilek\u00e7e \u00d6rne\u011fi Nas\u0131l Yaz\u0131l\u0131r? Kanada Ticari Vize Dilek\u00e7esi Nas\u0131l Olmal\u0131d\u0131r? Bilgi \u0130\u00e7in Hemen Aray\u0131n: 0850 346 84 93\" \/>\n<meta property=\"og:url\" content=\"https:\/\/www.myvize.com.tr\/kanada\/eta\/kanada-ticari-vize-dilekce-ornegi\/\" \/>\n<meta property=\"og:site_name\" content=\"Kanada Vizesi\" \/>\n<meta property=\"article:modified_time\" content=\"2022-03-26T09:38:43+00:00\" \/>\n<meta name=\"twitter:card\" content=\"summary_large_image\" \/>\n<meta name=\"twitter:label1\" content=\"Tahmini okuma s\u00fcresi\" \/>\n\t<meta name=\"twitter:data1\" content=\"2 dakika\" \/>\n<script type=\"application\/ld+json\" class=\"yoast-schema-graph\">{\"@context\":\"https:\/\/schema.org\",\"@graph\":[{\"@type\":\"WebPage\",\"@id\":\"https:\/\/www.myvize.com.tr\/kanada\/eta\/kanada-ticari-vize-dilekce-ornegi\/\",\"url\":\"https:\/\/www.myvize.com.tr\/kanada\/eta\/kanada-ticari-vize-dilekce-ornegi\/\",\"name\":\"Kanada Ticari Vize Dilek\u00e7e \u00d6rne\u011fi - MyVize\",\"isPartOf\":{\"@id\":\"https:\/\/www.myvize.com.tr\/kanada\/#website\"},\"datePublished\":\"2021-07-19T14:49:15+00:00\",\"dateModified\":\"2022-03-26T09:38:43+00:00\",\"description\":\"Kanada Ticari Vize Dilek\u00e7e \u00d6rne\u011fi Nas\u0131l Yaz\u0131l\u0131r? Kanada Ticari Vize Dilek\u00e7esi Nas\u0131l Olmal\u0131d\u0131r? Bilgi \u0130\u00e7in Hemen Aray\u0131n: 0850 346 84 93\",\"breadcrumb\":{\"@id\":\"https:\/\/www.myvize.com.tr\/kanada\/eta\/kanada-ticari-vize-dilekce-ornegi\/#breadcrumb\"},\"inLanguage\":\"tr\",\"potentialAction\":[{\"@type\":\"ReadAction\",\"target\":[\"https:\/\/www.myvize.com.tr\/kanada\/eta\/kanada-ticari-vize-dilekce-ornegi\/\"]}]},{\"@type\":\"BreadcrumbList\",\"@id\":\"https:\/\/www.myvize.com.tr\/kanada\/eta\/kanada-ticari-vize-dilekce-ornegi\/#breadcrumb\",\"itemListElement\":[{\"@type\":\"ListItem\",\"position\":1,\"name\":\"Anasayfa\",\"item\":\"https:\/\/www.myvize.com.tr\/kanada\/\"},{\"@type\":\"ListItem\",\"position\":2,\"name\":\"KANADA ETA\",\"item\":\"https:\/\/www.myvize.com.tr\/kanada\/eta\/\"},{\"@type\":\"ListItem\",\"position\":3,\"name\":\"Kanada Ticari Vize Dilek\u00e7e \u00d6rne\u011fi\"}]},{\"@type\":\"WebSite\",\"@id\":\"https:\/\/www.myvize.com.tr\/kanada\/#website\",\"url\":\"https:\/\/www.myvize.com.tr\/kanada\/\",\"name\":\"Kanada Vizesi\",\"description\":\"\",\"potentialAction\":[{\"@type\":\"SearchAction\",\"target\":{\"@type\":\"EntryPoint\",\"urlTemplate\":\"https:\/\/www.myvize.com.tr\/kanada\/?s={search_term_string}\"},\"query-input\":{\"@type\":\"PropertyValueSpecification\",\"valueRequired\":true,\"valueName\":\"search_term_string\"}}],\"inLanguage\":\"tr\"}]}<\/script>\n<!-- \/ Yoast SEO plugin. -->","yoast_head_json":{"title":"Kanada Ticari Vize Dilek\u00e7e \u00d6rne\u011fi - MyVize","description":"Kanada Ticari Vize Dilek\u00e7e \u00d6rne\u011fi Nas\u0131l Yaz\u0131l\u0131r? Kanada Ticari Vize Dilek\u00e7esi Nas\u0131l Olmal\u0131d\u0131r? Bilgi \u0130\u00e7in Hemen Aray\u0131n: 0850 346 84 93","robots":{"index":"index","follow":"follow","max-snippet":"max-snippet:-1","max-image-preview":"max-image-preview:large","max-video-preview":"max-video-preview:-1"},"canonical":"https:\/\/www.myvize.com.tr\/kanada\/eta\/kanada-ticari-vize-dilekce-ornegi\/","og_locale":"tr_TR","og_type":"article","og_title":"Kanada Ticari Vize Dilek\u00e7e \u00d6rne\u011fi - MyVize","og_description":"Kanada Ticari Vize Dilek\u00e7e \u00d6rne\u011fi Nas\u0131l Yaz\u0131l\u0131r? Kanada Ticari Vize Dilek\u00e7esi Nas\u0131l Olmal\u0131d\u0131r? Bilgi \u0130\u00e7in Hemen Aray\u0131n: 0850 346 84 93","og_url":"https:\/\/www.myvize.com.tr\/kanada\/eta\/kanada-ticari-vize-dilekce-ornegi\/","og_site_name":"Kanada Vizesi","article_modified_time":"2022-03-26T09:38:43+00:00","twitter_card":"summary_large_image","twitter_misc":{"Tahmini okuma s\u00fcresi":"2 dakika"},"schema":{"@context":"https:\/\/schema.org","@graph":[{"@type":"WebPage","@id":"https:\/\/www.myvize.com.tr\/kanada\/eta\/kanada-ticari-vize-dilekce-ornegi\/","url":"https:\/\/www.myvize.com.tr\/kanada\/eta\/kanada-ticari-vize-dilekce-ornegi\/","name":"Kanada Ticari Vize Dilek\u00e7e \u00d6rne\u011fi - MyVize","isPartOf":{"@id":"https:\/\/www.myvize.com.tr\/kanada\/#website"},"datePublished":"2021-07-19T14:49:15+00:00","dateModified":"2022-03-26T09:38:43+00:00","description":"Kanada Ticari Vize Dilek\u00e7e \u00d6rne\u011fi Nas\u0131l Yaz\u0131l\u0131r? Kanada Ticari Vize Dilek\u00e7esi Nas\u0131l Olmal\u0131d\u0131r? Bilgi \u0130\u00e7in Hemen Aray\u0131n: 0850 346 84 93","breadcrumb":{"@id":"https:\/\/www.myvize.com.tr\/kanada\/eta\/kanada-ticari-vize-dilekce-ornegi\/#breadcrumb"},"inLanguage":"tr","potentialAction":[{"@type":"ReadAction","target":["https:\/\/www.myvize.com.tr\/kanada\/eta\/kanada-ticari-vize-dilekce-ornegi\/"]}]},{"@type":"BreadcrumbList","@id":"https:\/\/www.myvize.com.tr\/kanada\/eta\/kanada-ticari-vize-dilekce-ornegi\/#breadcrumb","itemListElement":[{"@type":"ListItem","position":1,"name":"Anasayfa","item":"https:\/\/www.myvize.com.tr\/kanada\/"},{"@type":"ListItem","position":2,"name":"KANADA ETA","item":"https:\/\/www.myvize.com.tr\/kanada\/eta\/"},{"@type":"ListItem","position":3,"name":"Kanada Ticari Vize Dilek\u00e7e \u00d6rne\u011fi"}]},{"@type":"WebSite","@id":"https:\/\/www.myvize.com.tr\/kanada\/#website","url":"https:\/\/www.myvize.com.tr\/kanada\/","name":"Kanada Vizesi","description":"","potentialAction":[{"@type":"SearchAction","target":{"@type":"EntryPoint","urlTemplate":"https:\/\/www.myvize.com.tr\/kanada\/?s={search_term_string}"},"query-input":{"@type":"PropertyValueSpecification","valueRequired":true,"valueName":"search_term_string"}}],"inLanguage":"tr"}]}},"_links":{"self":[{"href":"https:\/\/www.myvize.com.tr\/kanada\/wp-json\/wp\/v2\/pages\/392","targetHints":{"allow":["GET"]}}],"collection":[{"href":"https:\/\/www.myvize.com.tr\/kanada\/wp-json\/wp\/v2\/pages"}],"about":[{"href":"https:\/\/www.myvize.com.tr\/kanada\/wp-json\/wp\/v2\/types\/page"}],"author":[{"embeddable":true,"href":"https:\/\/www.myvize.com.tr\/kanada\/wp-json\/wp\/v2\/users\/1"}],"replies":[{"embeddable":true,"href":"https:\/\/www.myvize.com.tr\/kanada\/wp-json\/wp\/v2\/comments?post=392"}],"version-history":[{"count":6,"href":"https:\/\/www.myvize.com.tr\/kanada\/wp-json\/wp\/v2\/pages\/392\/revisions"}],"predecessor-version":[{"id":1092,"href":"https:\/\/www.myvize.com.tr\/kanada\/wp-json\/wp\/v2\/pages\/392\/revisions\/1092"}],"up":[{"embeddable":true,"href":"https:\/\/www.myvize.com.tr\/kanada\/wp-json\/wp\/v2\/pages\/175"}],"wp:attachment":[{"href":"https:\/\/www.myvize.com.tr\/kanada\/wp-json\/wp\/v2\/media?parent=392"}],"curies":[{"name":"wp","href":"https:\/\/api.w.org\/{rel}","templated":true}]}}