{"id":84,"date":"2020-11-30T13:05:08","date_gmt":"2020-11-30T10:05:08","guid":{"rendered":"https:\/\/www.myvize.com.tr\/pakistan\/?page_id=84"},"modified":"2022-04-30T14:42:55","modified_gmt":"2022-04-30T11:42:55","slug":"trabzon-fahri-konsoloslugu","status":"publish","type":"page","link":"https:\/\/www.myvize.com.tr\/pakistan\/konsolosluklar\/trabzon-fahri-konsoloslugu\/","title":{"rendered":"Pakistan Trabzon Konsoloslu\u011fu"},"content":{"rendered":"<h2><strong><span style=\"font-family: Roboto; font-size: 27px;\">Pakistan Trabzon Konsoloslu\u011fu Hakk\u0131nda<\/span><\/strong><\/h2>\n<p><span style=\"font-family: Roboto; font-size: 14px;\"><strong>Pakistan Trabzon Fahri Konsoloslu\u011fu<\/strong>, T\u00fcrkiye\u2019de bulunan Pakistan Fahri Konsoloslu\u011fundan birisidir. <strong>Pakistan Trabzon Fahri Konsoloslu\u011fu<\/strong>, Trabzon ve \u00e7evresinde \u00e7al\u0131\u015fmalar y\u00fcr\u00fctmektedir. <strong>Pakistan Trabzon Fahri Konsoloslu\u011fu<\/strong> yetki ve g\u00f6revleri a\u015fa\u011f\u0131da verilmi\u015ftir.<\/span><\/p>\n<ul>\n<li><span style=\"font-family: Roboto; font-size: 14px;\"><strong>Pakistan Trabzon Fahri Konsoloslu\u011f<\/strong>u, Ankara\u2019da bulunan Pakistan B\u00fcy\u00fckel\u00e7ili\u011fi\u2019ne ba\u011fl\u0131 olarak Trabzon ve \u00e7evresinde faaliyet g\u00f6stermektedir.<\/span><\/li>\n<li><span style=\"font-family: Roboto; font-size: 14px;\">Pakistan Trabzon Fahri Konsoloslu\u011fu\u2019na diplomatik bir temsilcilik verilmemi\u015ftir.<\/span><\/li>\n<li><span style=\"font-family: Roboto; font-size: 14px;\">Pakistan Trabzon Fahri Konsoloslu\u011fu, ticari ama\u00e7l\u0131 kurulmu\u015f bir temsilciliktir.<\/span><\/li>\n<li><span style=\"font-family: Roboto; font-size: 14px;\">Trabzon ve \u00e7evresinde Pakistan k\u00fclt\u00fcr\u00fcn\u00fc tan\u0131tmay\u0131 ama\u00e7lamaktad\u0131r.<\/span><\/li>\n<li><span style=\"font-family: Roboto; font-size: 14px;\">Pakistan Trabzon Fahri Konsoloslu\u011fu, <span style=\"color: #2acec2;\"><strong><a style=\"color: #2acec2;\" href=\"https:\/\/www.myvize.com.tr\/pakistan\/subelerimiz\/trabzon\/\" target=\"_blank\" rel=\"noopener\">Trabzon<\/a><\/strong><\/span> ve \u00e7evresinde i\u015f kurmu\u015f olan ve ticaret yapan Pakistan vatanda\u015flar\u0131na destek olmaktad\u0131r.<\/span><\/li>\n<li><span style=\"font-family: Roboto; font-size: 14px;\">Pakistan Trabzon Fahri Konsoloslu\u011fu\u2019na diplomatik yetki verilmedi\u011finden dolay\u0131 Pakistan vatanda\u015flar\u0131na sadece belge tasdiki hizmeti vermektedir. <strong>Pakistan Trabzon Fahri Konsoloslu\u011fu<\/strong> vize hizmeti de vermemektedir.<\/span><\/li>\n<\/ul>\n<p><span style=\"font-family: Roboto; font-size: 20px;\"><strong>Pakistan Trabzon Konsoloslu\u011fu \u00c7al\u0131\u015fma Saatleri<\/strong><\/span><\/p>\n<p><span style=\"font-family: Roboto; font-size: 14px;\"><strong>Pakistan Trabzon Fahri Konsoloslu\u011fu<\/strong>, hafta i\u00e7i saat 09.30 ile 17.30 aras\u0131nda hizmet vermektedir. T\u00fcrkiye Cumhuriyeti ve Pakistan Devleti resmi tatillerinde hizmet vermemektedir. \u00a0<\/span><\/p>\n<p><span style=\"font-family: Roboto; font-size: 20px;\"><strong>Pakistan Trabzon Konsoloslu\u011fu Adresi<\/strong><\/span><\/p>\n<p><span style=\"font-family: Roboto; font-size: 14px;\">Adres: \u00c7ar\u015f\u0131 Mahallesi, Kahramanmara\u015f Caddesi, No: 75, Ortahisar\/Trabzon<\/span><\/p>\n<p><span style=\"font-family: Roboto; font-size: 14px;\"><span style=\"color: #2acec2;\"><strong><a style=\"color: #2acec2;\" href=\"https:\/\/www.myvize.com.tr\/pakistan\/vize-islemleri\/pakistan-vize-randevusu\/\" target=\"_blank\" rel=\"noopener\">Pakistan Vize Randevusu<\/a><\/strong><\/span> ile ilgili bilgi almak i\u00e7in bizi aray\u0131n.<\/span><\/p>\n","protected":false},"excerpt":{"rendered":"<p>Pakistan Trabzon Konsoloslu\u011fu Hakk\u0131nda Pakistan Trabzon Fahri Konsoloslu\u011fu, T\u00fcrkiye\u2019de bulunan Pakistan Fahri Konsoloslu\u011fundan birisidir. Pakistan Trabzon Fahri Konsoloslu\u011fu, Trabzon ve \u00e7evresinde \u00e7al\u0131\u015fmalar y\u00fcr\u00fctmektedir. Pakistan Trabzon Fahri Konsoloslu\u011fu yetki ve g\u00f6revleri a\u015fa\u011f\u0131da verilmi\u015ftir. Pakistan Trabzon Fahri Konsoloslu\u011fu, Ankara\u2019da bulunan Pakistan B\u00fcy\u00fckel\u00e7ili\u011fi\u2019ne ba\u011fl\u0131 olarak Trabzon ve \u00e7evresinde faaliyet g\u00f6stermektedir. Pakistan Trabzon Fahri Konsoloslu\u011fu\u2019na diplomatik bir temsilcilik verilmemi\u015ftir.<\/p>\n","protected":false},"author":1,"featured_media":0,"parent":69,"menu_order":0,"comment_status":"open","ping_status":"closed","template":"","meta":{"footnotes":""},"class_list":["post-84","page","type-page","status-publish","hentry"],"yoast_head":"<!-- This site is optimized with the Yoast SEO plugin v24.0 - https:\/\/yoast.com\/wordpress\/plugins\/seo\/ -->\n<title>Pakistan Trabzon Fahri Konsoloslu\u011fu - MyVize<\/title>\n<meta name=\"description\" content=\"Pakistan Trabzon Fahri Konsoloslu\u011fu \u00e7al\u0131\u015fma saatleri. Pakistan Trabzon Fahri Konsoloslu\u011fu ula\u015f\u0131m, ileti\u015fim bilgileri ve faaliyet alan\u0131.\" \/>\n<meta name=\"robots\" content=\"index, follow, max-snippet:-1, max-image-preview:large, max-video-preview:-1\" \/>\n<link rel=\"canonical\" href=\"https:\/\/www.myvize.com.tr\/pakistan\/konsolosluklar\/trabzon-fahri-konsoloslugu\/\" \/>\n<meta property=\"og:locale\" content=\"tr_TR\" \/>\n<meta property=\"og:type\" content=\"article\" \/>\n<meta property=\"og:title\" content=\"Pakistan Trabzon Fahri Konsoloslu\u011fu - MyVize\" \/>\n<meta property=\"og:description\" content=\"Pakistan Trabzon Fahri Konsoloslu\u011fu \u00e7al\u0131\u015fma saatleri. Pakistan Trabzon Fahri Konsoloslu\u011fu ula\u015f\u0131m, ileti\u015fim bilgileri ve faaliyet alan\u0131.\" \/>\n<meta property=\"og:url\" content=\"https:\/\/www.myvize.com.tr\/pakistan\/konsolosluklar\/trabzon-fahri-konsoloslugu\/\" \/>\n<meta property=\"og:site_name\" content=\"Pakistan Vizesi\" \/>\n<meta property=\"article:modified_time\" content=\"2022-04-30T11:42:55+00:00\" \/>\n<meta name=\"twitter:card\" content=\"summary_large_image\" \/>\n<meta name=\"twitter:label1\" content=\"Tahmini okuma s\u00fcresi\" \/>\n\t<meta name=\"twitter:data1\" content=\"1 dakika\" \/>\n<script type=\"application\/ld+json\" class=\"yoast-schema-graph\">{\"@context\":\"https:\/\/schema.org\",\"@graph\":[{\"@type\":\"WebPage\",\"@id\":\"https:\/\/www.myvize.com.tr\/pakistan\/konsolosluklar\/trabzon-fahri-konsoloslugu\/\",\"url\":\"https:\/\/www.myvize.com.tr\/pakistan\/konsolosluklar\/trabzon-fahri-konsoloslugu\/\",\"name\":\"Pakistan Trabzon Fahri Konsoloslu\u011fu - MyVize\",\"isPartOf\":{\"@id\":\"https:\/\/www.myvize.com.tr\/pakistan\/#website\"},\"datePublished\":\"2020-11-30T10:05:08+00:00\",\"dateModified\":\"2022-04-30T11:42:55+00:00\",\"description\":\"Pakistan Trabzon Fahri Konsoloslu\u011fu \u00e7al\u0131\u015fma saatleri. Pakistan Trabzon Fahri Konsoloslu\u011fu ula\u015f\u0131m, ileti\u015fim bilgileri ve faaliyet alan\u0131.\",\"breadcrumb\":{\"@id\":\"https:\/\/www.myvize.com.tr\/pakistan\/konsolosluklar\/trabzon-fahri-konsoloslugu\/#breadcrumb\"},\"inLanguage\":\"tr\",\"potentialAction\":[{\"@type\":\"ReadAction\",\"target\":[\"https:\/\/www.myvize.com.tr\/pakistan\/konsolosluklar\/trabzon-fahri-konsoloslugu\/\"]}]},{\"@type\":\"BreadcrumbList\",\"@id\":\"https:\/\/www.myvize.com.tr\/pakistan\/konsolosluklar\/trabzon-fahri-konsoloslugu\/#breadcrumb\",\"itemListElement\":[{\"@type\":\"ListItem\",\"position\":1,\"name\":\"Anasayfa\",\"item\":\"https:\/\/www.myvize.com.tr\/pakistan\/\"},{\"@type\":\"ListItem\",\"position\":2,\"name\":\"KONSOLOSLUKLAR\",\"item\":\"https:\/\/www.myvize.com.tr\/pakistan\/konsolosluklar\/\"},{\"@type\":\"ListItem\",\"position\":3,\"name\":\"Pakistan Trabzon Konsoloslu\u011fu\"}]},{\"@type\":\"WebSite\",\"@id\":\"https:\/\/www.myvize.com.tr\/pakistan\/#website\",\"url\":\"https:\/\/www.myvize.com.tr\/pakistan\/\",\"name\":\"Pakistan Vizesi\",\"description\":\"\",\"potentialAction\":[{\"@type\":\"SearchAction\",\"target\":{\"@type\":\"EntryPoint\",\"urlTemplate\":\"https:\/\/www.myvize.com.tr\/pakistan\/?s={search_term_string}\"},\"query-input\":{\"@type\":\"PropertyValueSpecification\",\"valueRequired\":true,\"valueName\":\"search_term_string\"}}],\"inLanguage\":\"tr\"}]}<\/script>\n<!-- \/ Yoast SEO plugin. -->","yoast_head_json":{"title":"Pakistan Trabzon Fahri Konsoloslu\u011fu - MyVize","description":"Pakistan Trabzon Fahri Konsoloslu\u011fu \u00e7al\u0131\u015fma saatleri. Pakistan Trabzon Fahri Konsoloslu\u011fu ula\u015f\u0131m, ileti\u015fim bilgileri ve faaliyet alan\u0131.","robots":{"index":"index","follow":"follow","max-snippet":"max-snippet:-1","max-image-preview":"max-image-preview:large","max-video-preview":"max-video-preview:-1"},"canonical":"https:\/\/www.myvize.com.tr\/pakistan\/konsolosluklar\/trabzon-fahri-konsoloslugu\/","og_locale":"tr_TR","og_type":"article","og_title":"Pakistan Trabzon Fahri Konsoloslu\u011fu - MyVize","og_description":"Pakistan Trabzon Fahri Konsoloslu\u011fu \u00e7al\u0131\u015fma saatleri. Pakistan Trabzon Fahri Konsoloslu\u011fu ula\u015f\u0131m, ileti\u015fim bilgileri ve faaliyet alan\u0131.","og_url":"https:\/\/www.myvize.com.tr\/pakistan\/konsolosluklar\/trabzon-fahri-konsoloslugu\/","og_site_name":"Pakistan Vizesi","article_modified_time":"2022-04-30T11:42:55+00:00","twitter_card":"summary_large_image","twitter_misc":{"Tahmini okuma s\u00fcresi":"1 dakika"},"schema":{"@context":"https:\/\/schema.org","@graph":[{"@type":"WebPage","@id":"https:\/\/www.myvize.com.tr\/pakistan\/konsolosluklar\/trabzon-fahri-konsoloslugu\/","url":"https:\/\/www.myvize.com.tr\/pakistan\/konsolosluklar\/trabzon-fahri-konsoloslugu\/","name":"Pakistan Trabzon Fahri Konsoloslu\u011fu - MyVize","isPartOf":{"@id":"https:\/\/www.myvize.com.tr\/pakistan\/#website"},"datePublished":"2020-11-30T10:05:08+00:00","dateModified":"2022-04-30T11:42:55+00:00","description":"Pakistan Trabzon Fahri Konsoloslu\u011fu \u00e7al\u0131\u015fma saatleri. Pakistan Trabzon Fahri Konsoloslu\u011fu ula\u015f\u0131m, ileti\u015fim bilgileri ve faaliyet alan\u0131.","breadcrumb":{"@id":"https:\/\/www.myvize.com.tr\/pakistan\/konsolosluklar\/trabzon-fahri-konsoloslugu\/#breadcrumb"},"inLanguage":"tr","potentialAction":[{"@type":"ReadAction","target":["https:\/\/www.myvize.com.tr\/pakistan\/konsolosluklar\/trabzon-fahri-konsoloslugu\/"]}]},{"@type":"BreadcrumbList","@id":"https:\/\/www.myvize.com.tr\/pakistan\/konsolosluklar\/trabzon-fahri-konsoloslugu\/#breadcrumb","itemListElement":[{"@type":"ListItem","position":1,"name":"Anasayfa","item":"https:\/\/www.myvize.com.tr\/pakistan\/"},{"@type":"ListItem","position":2,"name":"KONSOLOSLUKLAR","item":"https:\/\/www.myvize.com.tr\/pakistan\/konsolosluklar\/"},{"@type":"ListItem","position":3,"name":"Pakistan Trabzon Konsoloslu\u011fu"}]},{"@type":"WebSite","@id":"https:\/\/www.myvize.com.tr\/pakistan\/#website","url":"https:\/\/www.myvize.com.tr\/pakistan\/","name":"Pakistan Vizesi","description":"","potentialAction":[{"@type":"SearchAction","target":{"@type":"EntryPoint","urlTemplate":"https:\/\/www.myvize.com.tr\/pakistan\/?s={search_term_string}"},"query-input":{"@type":"PropertyValueSpecification","valueRequired":true,"valueName":"search_term_string"}}],"inLanguage":"tr"}]}},"_links":{"self":[{"href":"https:\/\/www.myvize.com.tr\/pakistan\/wp-json\/wp\/v2\/pages\/84","targetHints":{"allow":["GET"]}}],"collection":[{"href":"https:\/\/www.myvize.com.tr\/pakistan\/wp-json\/wp\/v2\/pages"}],"about":[{"href":"https:\/\/www.myvize.com.tr\/pakistan\/wp-json\/wp\/v2\/types\/page"}],"author":[{"embeddable":true,"href":"https:\/\/www.myvize.com.tr\/pakistan\/wp-json\/wp\/v2\/users\/1"}],"replies":[{"embeddable":true,"href":"https:\/\/www.myvize.com.tr\/pakistan\/wp-json\/wp\/v2\/comments?post=84"}],"version-history":[{"count":4,"href":"https:\/\/www.myvize.com.tr\/pakistan\/wp-json\/wp\/v2\/pages\/84\/revisions"}],"predecessor-version":[{"id":655,"href":"https:\/\/www.myvize.com.tr\/pakistan\/wp-json\/wp\/v2\/pages\/84\/revisions\/655"}],"up":[{"embeddable":true,"href":"https:\/\/www.myvize.com.tr\/pakistan\/wp-json\/wp\/v2\/pages\/69"}],"wp:attachment":[{"href":"https:\/\/www.myvize.com.tr\/pakistan\/wp-json\/wp\/v2\/media?parent=84"}],"curies":[{"name":"wp","href":"https:\/\/api.w.org\/{rel}","templated":true}]}}