{"id":86,"date":"2020-11-30T13:05:31","date_gmt":"2020-11-30T10:05:31","guid":{"rendered":"https:\/\/www.myvize.com.tr\/pakistan\/?page_id=86"},"modified":"2022-04-30T14:43:48","modified_gmt":"2022-04-30T11:43:48","slug":"edirne-fahri-konsoloslugu","status":"publish","type":"page","link":"https:\/\/www.myvize.com.tr\/pakistan\/konsolosluklar\/edirne-fahri-konsoloslugu\/","title":{"rendered":"Pakistan Edirne Konsoloslu\u011fu"},"content":{"rendered":"<h2><strong><span style=\"font-family: Roboto; font-size: 27px;\">Pakistan Edirne Fahri Konsoloslu\u011fu Hakk\u0131nda<\/span><\/strong><\/h2>\n<p><span style=\"font-family: Roboto; font-size: 14px;\">Pakistan\u2019\u0131n T\u00fcrkiye\u2019de bulunan fahri konsolosluklar\u0131ndan birisi Pakistan Edirne Fahri Konsoloslu\u011fu\u2019dur. Pakistan\u2019\u0131n Edirne Fahri Konsoloslu\u011fu, Edirne ve \u00e7evresindeki Pakistan vatanda\u015flar\u0131na hizmet vermektedir. G\u00f6rev alanlar\u0131 aras\u0131nda Edirne, Sivas ve Yozgat bulunmaktad\u0131r. Pakistan Edirne Fahri Konsoloslu\u011fu\u2019nun g\u00f6rev ve yetkileri a\u015fa\u011f\u0131da verilmi\u015ftir.<\/span><\/p>\n<ul>\n<li><span style=\"font-family: Roboto; font-size: 14px;\">Pakistan\u2019\u0131n Edirne\u2019de bulunan <strong>Edirne Fahri Konsoloslu\u011fu<\/strong>, Ankara Pakistan B\u00fcy\u00fckel\u00e7ili\u011fi\u2019ne ba\u011fl\u0131 olarak Edirne ve \u00e7evresinde \u00e7al\u0131\u015fmalar y\u00fcr\u00fctmektedir.<\/span><\/li>\n<li><span style=\"font-family: Roboto; font-size: 14px;\">Pakistan Edirne Fahri Konsoloslu\u011fu\u2019nun diplomatik bir yetkisi bulunmamaktad\u0131r.<\/span><\/li>\n<li><span style=\"font-family: Roboto; font-size: 14px;\"><strong>Pakistan Edirne Konsoloslu\u011fu<\/strong>, Edirne ve \u00e7evresinde i\u015f kurmu\u015f olan ya da <span style=\"color: #2acec2;\"><strong><a style=\"color: #2acec2;\" href=\"https:\/\/www.myvize.com.tr\/pakistan\/subelerimiz\/edirne\/\" target=\"_blank\" rel=\"noopener\">Edirne<\/a><\/strong><\/span> ve \u00e7evresinde ticaret yapmak isteyen Pakistan vatanda\u015flar\u0131na destek olmaktad\u0131r.<\/span><\/li>\n<li><span style=\"font-family: Roboto; font-size: 14px;\">Pakistan k\u00fclt\u00fcr\u00fcn\u00fc, Edirne ve \u00e7evresine tan\u0131tmak ama\u00e7lanmaktad\u0131r.<\/span><\/li>\n<li><span style=\"font-family: Roboto; font-size: 14px;\">Pakistan Edirne Fahri Konsoloslu\u011fu\u2019nun diplomatik bir temsilcili\u011fi olmad\u0131\u011f\u0131ndan dolay\u0131 <strong>Pakistan vatanda\u015flar\u0131na konsolosluk hizmeti<\/strong> vermemektedir. <strong>Pakistan Edirne Fahri Konsoloslu\u011fu<\/strong> vize hizmeti de vermemektedir.<\/span><\/li>\n<\/ul>\n<p><span style=\"font-family: Roboto; font-size: 18px;\"><strong>Pakistan Edirne Fahri Konsoloslu\u011fu Adresi ve \u00c7al\u0131\u015fma Saatleri<\/strong><\/span><\/p>\n<p><span style=\"font-family: Roboto; font-size: 14px;\">Adres: Sar\u0131capa\u015fa Mahallesi, Kadirhane Caddesi, No: 44, Daire: 3, Edirne Merkez\/Edirne<\/span><\/p>\n<p><span style=\"font-family: Roboto; font-size: 14px;\">\u00c7al\u0131\u015fma Saatleri: Hafta i\u00e7i 09.00 ile 16.30 saatleri aras\u0131nda hizmet vermektedir.<\/span><\/p>\n","protected":false},"excerpt":{"rendered":"<p>Pakistan Edirne Fahri Konsoloslu\u011fu Hakk\u0131nda Pakistan\u2019\u0131n T\u00fcrkiye\u2019de bulunan fahri konsolosluklar\u0131ndan birisi Pakistan Edirne Fahri Konsoloslu\u011fu\u2019dur. Pakistan\u2019\u0131n Edirne Fahri Konsoloslu\u011fu, Edirne ve \u00e7evresindeki Pakistan vatanda\u015flar\u0131na hizmet vermektedir. G\u00f6rev alanlar\u0131 aras\u0131nda Edirne, Sivas ve Yozgat bulunmaktad\u0131r. Pakistan Edirne Fahri Konsoloslu\u011fu\u2019nun g\u00f6rev ve yetkileri a\u015fa\u011f\u0131da verilmi\u015ftir. Pakistan\u2019\u0131n Edirne\u2019de bulunan Edirne Fahri Konsoloslu\u011fu, Ankara Pakistan B\u00fcy\u00fckel\u00e7ili\u011fi\u2019ne ba\u011fl\u0131 olarak Edirne<\/p>\n","protected":false},"author":1,"featured_media":0,"parent":69,"menu_order":0,"comment_status":"open","ping_status":"closed","template":"","meta":{"footnotes":""},"class_list":["post-86","page","type-page","status-publish","hentry"],"yoast_head":"<!-- This site is optimized with the Yoast SEO plugin v24.0 - https:\/\/yoast.com\/wordpress\/plugins\/seo\/ -->\n<title>Pakistan Edirne Konsoloslu\u011fu Vize \u0130\u015flemleri - MyVize<\/title>\n<meta name=\"description\" content=\"Pakistan Edirne Fahri Konsoloslu\u011fu \u00e7al\u0131\u015fma saatleri. Pakistan Edirne Fahri Konsoloslu\u011fu ula\u015f\u0131m, ileti\u015fim bilgileri ve faaliyet alan\u0131.\" \/>\n<meta name=\"robots\" content=\"index, follow, max-snippet:-1, max-image-preview:large, max-video-preview:-1\" \/>\n<link rel=\"canonical\" href=\"https:\/\/www.myvize.com.tr\/pakistan\/konsolosluklar\/edirne-fahri-konsoloslugu\/\" \/>\n<meta property=\"og:locale\" content=\"tr_TR\" \/>\n<meta property=\"og:type\" content=\"article\" \/>\n<meta property=\"og:title\" content=\"Pakistan Edirne Konsoloslu\u011fu Vize \u0130\u015flemleri - MyVize\" \/>\n<meta property=\"og:description\" content=\"Pakistan Edirne Fahri Konsoloslu\u011fu \u00e7al\u0131\u015fma saatleri. Pakistan Edirne Fahri Konsoloslu\u011fu ula\u015f\u0131m, ileti\u015fim bilgileri ve faaliyet alan\u0131.\" \/>\n<meta property=\"og:url\" content=\"https:\/\/www.myvize.com.tr\/pakistan\/konsolosluklar\/edirne-fahri-konsoloslugu\/\" \/>\n<meta property=\"og:site_name\" content=\"Pakistan Vizesi\" \/>\n<meta property=\"article:modified_time\" content=\"2022-04-30T11:43:48+00:00\" \/>\n<meta name=\"twitter:card\" content=\"summary_large_image\" \/>\n<meta name=\"twitter:label1\" content=\"Tahmini okuma s\u00fcresi\" \/>\n\t<meta name=\"twitter:data1\" content=\"1 dakika\" \/>\n<script type=\"application\/ld+json\" class=\"yoast-schema-graph\">{\"@context\":\"https:\/\/schema.org\",\"@graph\":[{\"@type\":\"WebPage\",\"@id\":\"https:\/\/www.myvize.com.tr\/pakistan\/konsolosluklar\/edirne-fahri-konsoloslugu\/\",\"url\":\"https:\/\/www.myvize.com.tr\/pakistan\/konsolosluklar\/edirne-fahri-konsoloslugu\/\",\"name\":\"Pakistan Edirne Konsoloslu\u011fu Vize \u0130\u015flemleri - MyVize\",\"isPartOf\":{\"@id\":\"https:\/\/www.myvize.com.tr\/pakistan\/#website\"},\"datePublished\":\"2020-11-30T10:05:31+00:00\",\"dateModified\":\"2022-04-30T11:43:48+00:00\",\"description\":\"Pakistan Edirne Fahri Konsoloslu\u011fu \u00e7al\u0131\u015fma saatleri. Pakistan Edirne Fahri Konsoloslu\u011fu ula\u015f\u0131m, ileti\u015fim bilgileri ve faaliyet alan\u0131.\",\"breadcrumb\":{\"@id\":\"https:\/\/www.myvize.com.tr\/pakistan\/konsolosluklar\/edirne-fahri-konsoloslugu\/#breadcrumb\"},\"inLanguage\":\"tr\",\"potentialAction\":[{\"@type\":\"ReadAction\",\"target\":[\"https:\/\/www.myvize.com.tr\/pakistan\/konsolosluklar\/edirne-fahri-konsoloslugu\/\"]}]},{\"@type\":\"BreadcrumbList\",\"@id\":\"https:\/\/www.myvize.com.tr\/pakistan\/konsolosluklar\/edirne-fahri-konsoloslugu\/#breadcrumb\",\"itemListElement\":[{\"@type\":\"ListItem\",\"position\":1,\"name\":\"Anasayfa\",\"item\":\"https:\/\/www.myvize.com.tr\/pakistan\/\"},{\"@type\":\"ListItem\",\"position\":2,\"name\":\"KONSOLOSLUKLAR\",\"item\":\"https:\/\/www.myvize.com.tr\/pakistan\/konsolosluklar\/\"},{\"@type\":\"ListItem\",\"position\":3,\"name\":\"Pakistan Edirne Konsoloslu\u011fu\"}]},{\"@type\":\"WebSite\",\"@id\":\"https:\/\/www.myvize.com.tr\/pakistan\/#website\",\"url\":\"https:\/\/www.myvize.com.tr\/pakistan\/\",\"name\":\"Pakistan Vizesi\",\"description\":\"\",\"potentialAction\":[{\"@type\":\"SearchAction\",\"target\":{\"@type\":\"EntryPoint\",\"urlTemplate\":\"https:\/\/www.myvize.com.tr\/pakistan\/?s={search_term_string}\"},\"query-input\":{\"@type\":\"PropertyValueSpecification\",\"valueRequired\":true,\"valueName\":\"search_term_string\"}}],\"inLanguage\":\"tr\"}]}<\/script>\n<!-- \/ Yoast SEO plugin. -->","yoast_head_json":{"title":"Pakistan Edirne Konsoloslu\u011fu Vize \u0130\u015flemleri - MyVize","description":"Pakistan Edirne Fahri Konsoloslu\u011fu \u00e7al\u0131\u015fma saatleri. Pakistan Edirne Fahri Konsoloslu\u011fu ula\u015f\u0131m, ileti\u015fim bilgileri ve faaliyet alan\u0131.","robots":{"index":"index","follow":"follow","max-snippet":"max-snippet:-1","max-image-preview":"max-image-preview:large","max-video-preview":"max-video-preview:-1"},"canonical":"https:\/\/www.myvize.com.tr\/pakistan\/konsolosluklar\/edirne-fahri-konsoloslugu\/","og_locale":"tr_TR","og_type":"article","og_title":"Pakistan Edirne Konsoloslu\u011fu Vize \u0130\u015flemleri - MyVize","og_description":"Pakistan Edirne Fahri Konsoloslu\u011fu \u00e7al\u0131\u015fma saatleri. Pakistan Edirne Fahri Konsoloslu\u011fu ula\u015f\u0131m, ileti\u015fim bilgileri ve faaliyet alan\u0131.","og_url":"https:\/\/www.myvize.com.tr\/pakistan\/konsolosluklar\/edirne-fahri-konsoloslugu\/","og_site_name":"Pakistan Vizesi","article_modified_time":"2022-04-30T11:43:48+00:00","twitter_card":"summary_large_image","twitter_misc":{"Tahmini okuma s\u00fcresi":"1 dakika"},"schema":{"@context":"https:\/\/schema.org","@graph":[{"@type":"WebPage","@id":"https:\/\/www.myvize.com.tr\/pakistan\/konsolosluklar\/edirne-fahri-konsoloslugu\/","url":"https:\/\/www.myvize.com.tr\/pakistan\/konsolosluklar\/edirne-fahri-konsoloslugu\/","name":"Pakistan Edirne Konsoloslu\u011fu Vize \u0130\u015flemleri - MyVize","isPartOf":{"@id":"https:\/\/www.myvize.com.tr\/pakistan\/#website"},"datePublished":"2020-11-30T10:05:31+00:00","dateModified":"2022-04-30T11:43:48+00:00","description":"Pakistan Edirne Fahri Konsoloslu\u011fu \u00e7al\u0131\u015fma saatleri. Pakistan Edirne Fahri Konsoloslu\u011fu ula\u015f\u0131m, ileti\u015fim bilgileri ve faaliyet alan\u0131.","breadcrumb":{"@id":"https:\/\/www.myvize.com.tr\/pakistan\/konsolosluklar\/edirne-fahri-konsoloslugu\/#breadcrumb"},"inLanguage":"tr","potentialAction":[{"@type":"ReadAction","target":["https:\/\/www.myvize.com.tr\/pakistan\/konsolosluklar\/edirne-fahri-konsoloslugu\/"]}]},{"@type":"BreadcrumbList","@id":"https:\/\/www.myvize.com.tr\/pakistan\/konsolosluklar\/edirne-fahri-konsoloslugu\/#breadcrumb","itemListElement":[{"@type":"ListItem","position":1,"name":"Anasayfa","item":"https:\/\/www.myvize.com.tr\/pakistan\/"},{"@type":"ListItem","position":2,"name":"KONSOLOSLUKLAR","item":"https:\/\/www.myvize.com.tr\/pakistan\/konsolosluklar\/"},{"@type":"ListItem","position":3,"name":"Pakistan Edirne Konsoloslu\u011fu"}]},{"@type":"WebSite","@id":"https:\/\/www.myvize.com.tr\/pakistan\/#website","url":"https:\/\/www.myvize.com.tr\/pakistan\/","name":"Pakistan Vizesi","description":"","potentialAction":[{"@type":"SearchAction","target":{"@type":"EntryPoint","urlTemplate":"https:\/\/www.myvize.com.tr\/pakistan\/?s={search_term_string}"},"query-input":{"@type":"PropertyValueSpecification","valueRequired":true,"valueName":"search_term_string"}}],"inLanguage":"tr"}]}},"_links":{"self":[{"href":"https:\/\/www.myvize.com.tr\/pakistan\/wp-json\/wp\/v2\/pages\/86","targetHints":{"allow":["GET"]}}],"collection":[{"href":"https:\/\/www.myvize.com.tr\/pakistan\/wp-json\/wp\/v2\/pages"}],"about":[{"href":"https:\/\/www.myvize.com.tr\/pakistan\/wp-json\/wp\/v2\/types\/page"}],"author":[{"embeddable":true,"href":"https:\/\/www.myvize.com.tr\/pakistan\/wp-json\/wp\/v2\/users\/1"}],"replies":[{"embeddable":true,"href":"https:\/\/www.myvize.com.tr\/pakistan\/wp-json\/wp\/v2\/comments?post=86"}],"version-history":[{"count":3,"href":"https:\/\/www.myvize.com.tr\/pakistan\/wp-json\/wp\/v2\/pages\/86\/revisions"}],"predecessor-version":[{"id":656,"href":"https:\/\/www.myvize.com.tr\/pakistan\/wp-json\/wp\/v2\/pages\/86\/revisions\/656"}],"up":[{"embeddable":true,"href":"https:\/\/www.myvize.com.tr\/pakistan\/wp-json\/wp\/v2\/pages\/69"}],"wp:attachment":[{"href":"https:\/\/www.myvize.com.tr\/pakistan\/wp-json\/wp\/v2\/media?parent=86"}],"curies":[{"name":"wp","href":"https:\/\/api.w.org\/{rel}","templated":true}]}}