{"id":163,"date":"2020-12-28T18:27:58","date_gmt":"2020-12-28T15:27:58","guid":{"rendered":"https:\/\/www.myvize.com.tr\/portekiz\/?page_id=163"},"modified":"2022-09-20T14:58:15","modified_gmt":"2022-09-20T11:58:15","slug":"oturum-2","status":"publish","type":"page","link":"https:\/\/www.myvize.com.tr\/portekiz\/oturum-2\/","title":{"rendered":"OTURUM"},"content":{"rendered":"<p><span style=\"font-family: Roboto;\"><\/span><\/p>\r\n<p><span style=\"font-family: Roboto; font-size: 14px;\">Portekiz ya\u015fanmak i\u00e7in ideal \u00fclkeler aras\u0131nda yer almaktad\u0131r. Birtak\u0131m nedenlerle bu \u00fclkede oturma iznine ihtiya\u00e7 duyan ki\u015filer belgelerini haz\u0131rlayarak yetkili mercilere iletmek durumundad\u0131r. Portekiz oturma izni almak isteyen ki\u015filer Golden Visa program\u0131 kapsam\u0131nda izin alabilme \u015fans\u0131na sahiptirler. Ayn\u0131 zamanda al\u0131nan bu oturum izni ile 26 Schengen \u00fclkesinde serbest dola\u015f\u0131m hakk\u0131na da sahipsiniz.<\/span><\/p>\r\n<p><span style=\"font-family: Roboto; font-size: 14px;\">\r\n\r\n<\/span><\/p>\r\n<p><span style=\"font-family: Roboto; font-size: 14px;\">Bu \u00fclkede 350000 Euro emlak yat\u0131r\u0131m\u0131 ile oturum izni elde edebilirsiniz. Bu emlak yat\u0131r\u0131m\u0131 ticari ya da konut \u015feklinde olabilmektedir. Bu konutu dilerseniz kiraya vererek gelir elde etmeniz de m\u00fcmk\u00fcn olmaktad\u0131r. Tek bir yat\u0131r\u0131m yapt\u0131\u011f\u0131n\u0131z takdirde t\u00fcm birinci derece aile bireyleriniz bu yat\u0131r\u0131m\u0131n getirmi\u015f oldu\u011fu haklardan yararlanabilmektedir. E\u011fer bu izni 5 y\u0131l boyunca kesintisiz olarak kullan\u0131rsan\u0131z 5 y\u0131l sonra \u00fclkeden vatanda\u015fl\u0131k hakk\u0131 da alabilme \u015fans\u0131n\u0131z bulunmaktad\u0131r.<\/span><\/p>\r\n<p><span style=\"font-family: Roboto; font-size: 14px;\">\r\n\r\n<\/span><\/p>\r\n<h2><span style=\"font-family: Roboto; font-size: 27px;\"><strong>Portekiz Oturum Vizesi Almak<\/strong><\/span><\/h2>\r\n<p><span style=\"font-family: Roboto; font-size: 14px;\">\r\n\r\n<\/span><\/p>\r\n<p><span style=\"font-family: Roboto; font-size: 14px;\">Portekiz oturum vizesi ald\u0131\u011f\u0131n\u0131zda y\u0131l\u0131n t\u00fcm zamanlar\u0131nda burada kalma mecburiyeti bulunmamaktad\u0131r. \u0130lk y\u0131l 7 g\u00fcn ve sonra ki y\u0131llarda ise 2 y\u0131lda toplam 14 g\u00fcn kalm\u0131\u015f olman\u0131z yeterli olmaktad\u0131r. 6 y\u0131l i\u00e7erisinde AB vatanda\u015fl\u0131\u011f\u0131 da elde etme \u015fans\u0131n\u0131z bulunmaktad\u0131r ve \u00e7al\u0131\u015fma hakk\u0131 da elde edebilirsiniz.<\/span><\/p>\r\n<p><span style=\"font-family: Roboto; font-size: 14px;\">\r\n\r\n<\/span><\/p>\r\n<p><span style=\"font-family: Roboto; font-size: 14px;\">E\u011fer burada ki geliriniz kira \u00fczerinden al\u0131nan bir gelir ise devlete vergi vermeniz gereklidir. Ancak ba\u015fka \u00fclkelerden elde edilen gelirler Portekiz\u2019de vergiye tabi tutulmaz. Bu \u00fclkede oturum izni almak i\u00e7in bir\u00e7ok neden bulunmaktad\u0131r.<\/span><\/p>\r\n<p><span style=\"font-family: Roboto; font-size: 14px;\">\r\n\r\n<\/span><\/p>\r\n<h2><span style=\"font-family: Roboto; font-size: 27px;\"><strong>Portekiz\u2019de Neden Oturum \u0130zni Almal\u0131s\u0131n\u0131z?<\/strong><\/span><\/h2>\r\n<p><span style=\"font-family: Roboto; font-size: 14px;\">\r\n\r\n<\/span><\/p>\r\n<p><span style=\"font-family: Roboto; font-size: 14px;\">Portekiz\u2019de oturum izni alan ki\u015filerin bir\u00e7ok nedeni bulunmaktad\u0131r. \u00d6ncelikle burada ki y\u00fcksek ya\u015fam \u015fartlar\u0131 son derece iyidir. Kolay ve g\u00fcvenilir bir ya\u015fam kurma \u015fans\u0131n\u0131z bulunmaktad\u0131r. \u00d6nemli k\u0131talar aras\u0131nda iyi bir ticari k\u00f6pr\u00fc niteli\u011findedir. Vergi politikas\u0131 d\u00fc\u015f\u00fckt\u00fcr ve son derece avantajl\u0131d\u0131r. Burada daha d\u00fc\u015f\u00fck maliyet ile \u015firket kurma \u015fans\u0131 da bulunmaktad\u0131r. AB vatanda\u015fl\u0131\u011f\u0131 kazanmak di\u011fer \u00fclkelere g\u00f6re \u00e7ok daha kolayd\u0131r.<\/span><\/p>\r\n<p><span style=\"font-family: Roboto; font-size: 14px;\">\r\n\r\n<\/span><\/p>\r\n<p><span style=\"font-family: Roboto; font-size: 14px;\">Portekiz h\u00fck\u00fcmetinin belirlemi\u015f oldu\u011fu \u015fartlarda emlak yat\u0131r\u0131m\u0131 aparsan\u0131z oturum ve vatanda\u015fl\u0131k haklar\u0131n\u0131 daha kolay kazanmak m\u00fcmk\u00fcn olmaktad\u0131r. Bu izinleri alabilmek i\u00e7in ayn\u0131 zamanda bir adli sicil kayd\u0131n\u0131z\u0131n da bulunmamas\u0131 gereklidir. Portekiz\u2019de oturum iznini almak bir\u00e7ok \u00fclkeye g\u00f6re daha kolayd\u0131r.<\/span><\/p>\r\n<p><span style=\"font-family: Roboto;\"><\/span><\/p>","protected":false},"excerpt":{"rendered":"<p>Portekiz ya\u015fanmak i\u00e7in ideal \u00fclkeler aras\u0131nda yer almaktad\u0131r. Birtak\u0131m nedenlerle bu \u00fclkede oturma iznine ihtiya\u00e7 duyan ki\u015filer belgelerini haz\u0131rlayarak yetkili mercilere iletmek durumundad\u0131r. Portekiz oturma izni almak isteyen ki\u015filer Golden Visa program\u0131 kapsam\u0131nda izin alabilme \u015fans\u0131na sahiptirler. Ayn\u0131 zamanda al\u0131nan bu oturum izni ile 26 Schengen \u00fclkesinde serbest dola\u015f\u0131m hakk\u0131na da sahipsiniz. Bu \u00fclkede 350000<\/p>\n","protected":false},"author":1,"featured_media":0,"parent":0,"menu_order":0,"comment_status":"closed","ping_status":"closed","template":"","meta":{"footnotes":""},"class_list":["post-163","page","type-page","status-publish","hentry"],"yoast_head":"<!-- This site is optimized with the Yoast SEO plugin v24.0 - https:\/\/yoast.com\/wordpress\/plugins\/seo\/ -->\n<title>Portekiz Oturum Vizesi - Portekiz Vize \u0130\u015flemi - MyVize<\/title>\n<meta name=\"description\" content=\"Portekiz oturum vizesi i\u00e7in gerekli evraklar ve \u015fartlar g\u00fcncel. Portekiz oturum vizesi ba\u015fvurusunda dikkat edilmesi gerekenler.\" \/>\n<meta name=\"robots\" content=\"index, follow, max-snippet:-1, max-image-preview:large, max-video-preview:-1\" \/>\n<link rel=\"canonical\" href=\"https:\/\/www.myvize.com.tr\/portekiz\/oturum-2\/\" \/>\n<meta property=\"og:locale\" content=\"tr_TR\" \/>\n<meta property=\"og:type\" content=\"article\" \/>\n<meta property=\"og:title\" content=\"Portekiz Oturum Vizesi - Portekiz Vize \u0130\u015flemi - MyVize\" \/>\n<meta property=\"og:description\" content=\"Portekiz oturum vizesi i\u00e7in gerekli evraklar ve \u015fartlar g\u00fcncel. Portekiz oturum vizesi ba\u015fvurusunda dikkat edilmesi gerekenler.\" \/>\n<meta property=\"og:url\" content=\"https:\/\/www.myvize.com.tr\/portekiz\/oturum-2\/\" \/>\n<meta property=\"og:site_name\" content=\"Portekiz Vize \u0130\u015flemleri &amp; Portekiz Vize Ba\u015fvurusu\" \/>\n<meta property=\"article:modified_time\" content=\"2022-09-20T11:58:15+00:00\" \/>\n<meta name=\"twitter:card\" content=\"summary_large_image\" \/>\n<meta name=\"twitter:label1\" content=\"Tahmini okuma s\u00fcresi\" \/>\n\t<meta name=\"twitter:data1\" content=\"2 dakika\" \/>\n<script type=\"application\/ld+json\" class=\"yoast-schema-graph\">{\"@context\":\"https:\/\/schema.org\",\"@graph\":[{\"@type\":\"WebPage\",\"@id\":\"https:\/\/www.myvize.com.tr\/portekiz\/oturum-2\/\",\"url\":\"https:\/\/www.myvize.com.tr\/portekiz\/oturum-2\/\",\"name\":\"Portekiz Oturum Vizesi - Portekiz Vize \u0130\u015flemi - MyVize\",\"isPartOf\":{\"@id\":\"https:\/\/www.myvize.com.tr\/portekiz\/#website\"},\"datePublished\":\"2020-12-28T15:27:58+00:00\",\"dateModified\":\"2022-09-20T11:58:15+00:00\",\"description\":\"Portekiz oturum vizesi i\u00e7in gerekli evraklar ve \u015fartlar g\u00fcncel. Portekiz oturum vizesi ba\u015fvurusunda dikkat edilmesi gerekenler.\",\"breadcrumb\":{\"@id\":\"https:\/\/www.myvize.com.tr\/portekiz\/oturum-2\/#breadcrumb\"},\"inLanguage\":\"tr\",\"potentialAction\":[{\"@type\":\"ReadAction\",\"target\":[\"https:\/\/www.myvize.com.tr\/portekiz\/oturum-2\/\"]}]},{\"@type\":\"BreadcrumbList\",\"@id\":\"https:\/\/www.myvize.com.tr\/portekiz\/oturum-2\/#breadcrumb\",\"itemListElement\":[{\"@type\":\"ListItem\",\"position\":1,\"name\":\"Anasayfa\",\"item\":\"https:\/\/www.myvize.com.tr\/portekiz\/\"},{\"@type\":\"ListItem\",\"position\":2,\"name\":\"OTURUM\"}]},{\"@type\":\"WebSite\",\"@id\":\"https:\/\/www.myvize.com.tr\/portekiz\/#website\",\"url\":\"https:\/\/www.myvize.com.tr\/portekiz\/\",\"name\":\"Portekiz Vize \u0130\u015flemleri &amp; Portekiz Vize Ba\u015fvurusu\",\"description\":\"\",\"potentialAction\":[{\"@type\":\"SearchAction\",\"target\":{\"@type\":\"EntryPoint\",\"urlTemplate\":\"https:\/\/www.myvize.com.tr\/portekiz\/?s={search_term_string}\"},\"query-input\":{\"@type\":\"PropertyValueSpecification\",\"valueRequired\":true,\"valueName\":\"search_term_string\"}}],\"inLanguage\":\"tr\"}]}<\/script>\n<!-- \/ Yoast SEO plugin. -->","yoast_head_json":{"title":"Portekiz Oturum Vizesi - Portekiz Vize \u0130\u015flemi - MyVize","description":"Portekiz oturum vizesi i\u00e7in gerekli evraklar ve \u015fartlar g\u00fcncel. Portekiz oturum vizesi ba\u015fvurusunda dikkat edilmesi gerekenler.","robots":{"index":"index","follow":"follow","max-snippet":"max-snippet:-1","max-image-preview":"max-image-preview:large","max-video-preview":"max-video-preview:-1"},"canonical":"https:\/\/www.myvize.com.tr\/portekiz\/oturum-2\/","og_locale":"tr_TR","og_type":"article","og_title":"Portekiz Oturum Vizesi - Portekiz Vize \u0130\u015flemi - MyVize","og_description":"Portekiz oturum vizesi i\u00e7in gerekli evraklar ve \u015fartlar g\u00fcncel. Portekiz oturum vizesi ba\u015fvurusunda dikkat edilmesi gerekenler.","og_url":"https:\/\/www.myvize.com.tr\/portekiz\/oturum-2\/","og_site_name":"Portekiz Vize \u0130\u015flemleri &amp; Portekiz Vize Ba\u015fvurusu","article_modified_time":"2022-09-20T11:58:15+00:00","twitter_card":"summary_large_image","twitter_misc":{"Tahmini okuma s\u00fcresi":"2 dakika"},"schema":{"@context":"https:\/\/schema.org","@graph":[{"@type":"WebPage","@id":"https:\/\/www.myvize.com.tr\/portekiz\/oturum-2\/","url":"https:\/\/www.myvize.com.tr\/portekiz\/oturum-2\/","name":"Portekiz Oturum Vizesi - Portekiz Vize \u0130\u015flemi - MyVize","isPartOf":{"@id":"https:\/\/www.myvize.com.tr\/portekiz\/#website"},"datePublished":"2020-12-28T15:27:58+00:00","dateModified":"2022-09-20T11:58:15+00:00","description":"Portekiz oturum vizesi i\u00e7in gerekli evraklar ve \u015fartlar g\u00fcncel. Portekiz oturum vizesi ba\u015fvurusunda dikkat edilmesi gerekenler.","breadcrumb":{"@id":"https:\/\/www.myvize.com.tr\/portekiz\/oturum-2\/#breadcrumb"},"inLanguage":"tr","potentialAction":[{"@type":"ReadAction","target":["https:\/\/www.myvize.com.tr\/portekiz\/oturum-2\/"]}]},{"@type":"BreadcrumbList","@id":"https:\/\/www.myvize.com.tr\/portekiz\/oturum-2\/#breadcrumb","itemListElement":[{"@type":"ListItem","position":1,"name":"Anasayfa","item":"https:\/\/www.myvize.com.tr\/portekiz\/"},{"@type":"ListItem","position":2,"name":"OTURUM"}]},{"@type":"WebSite","@id":"https:\/\/www.myvize.com.tr\/portekiz\/#website","url":"https:\/\/www.myvize.com.tr\/portekiz\/","name":"Portekiz Vize \u0130\u015flemleri &amp; Portekiz Vize Ba\u015fvurusu","description":"","potentialAction":[{"@type":"SearchAction","target":{"@type":"EntryPoint","urlTemplate":"https:\/\/www.myvize.com.tr\/portekiz\/?s={search_term_string}"},"query-input":{"@type":"PropertyValueSpecification","valueRequired":true,"valueName":"search_term_string"}}],"inLanguage":"tr"}]}},"_links":{"self":[{"href":"https:\/\/www.myvize.com.tr\/portekiz\/wp-json\/wp\/v2\/pages\/163","targetHints":{"allow":["GET"]}}],"collection":[{"href":"https:\/\/www.myvize.com.tr\/portekiz\/wp-json\/wp\/v2\/pages"}],"about":[{"href":"https:\/\/www.myvize.com.tr\/portekiz\/wp-json\/wp\/v2\/types\/page"}],"author":[{"embeddable":true,"href":"https:\/\/www.myvize.com.tr\/portekiz\/wp-json\/wp\/v2\/users\/1"}],"replies":[{"embeddable":true,"href":"https:\/\/www.myvize.com.tr\/portekiz\/wp-json\/wp\/v2\/comments?post=163"}],"version-history":[{"count":5,"href":"https:\/\/www.myvize.com.tr\/portekiz\/wp-json\/wp\/v2\/pages\/163\/revisions"}],"predecessor-version":[{"id":825,"href":"https:\/\/www.myvize.com.tr\/portekiz\/wp-json\/wp\/v2\/pages\/163\/revisions\/825"}],"wp:attachment":[{"href":"https:\/\/www.myvize.com.tr\/portekiz\/wp-json\/wp\/v2\/media?parent=163"}],"curies":[{"name":"wp","href":"https:\/\/api.w.org\/{rel}","templated":true}]}}