{"id":187,"date":"2020-12-22T14:56:11","date_gmt":"2020-12-22T11:56:11","guid":{"rendered":"https:\/\/www.myvize.com.tr\/romanya\/?page_id=187"},"modified":"2023-02-20T12:48:51","modified_gmt":"2023-02-20T09:48:51","slug":"romanya-fotograf-olculeri","status":"publish","type":"page","link":"https:\/\/www.myvize.com.tr\/romanya\/form-ve-dilekce\/romanya-fotograf-olculeri\/","title":{"rendered":"Romanya Foto\u011fraf \u00d6l\u00e7\u00fcleri"},"content":{"rendered":"<h2><span style=\"font-size: 27px; font-family: Roboto;\"><b>Romanya Vize Foto\u011fraf \u00d6l\u00e7\u00fcs\u00fc<\/b><\/span><\/h2>\n<p><span style=\"font-family: Roboto; font-size: 14px;\">Romanya dahil t\u00fcm \u00fclkelerin<strong> vize i\u015flemlerinde<\/strong> kullan\u0131lacak foto\u011fraf\u0131n, g\u00fcncel olmas\u0131 istenmektedir. &#8216;G\u00fcncel&#8217; olmas\u0131ndan kas\u0131t, en ge\u00e7 3 ay \u00f6nce \u00e7ekilmi\u015f olmas\u0131d\u0131r. Ancak foto\u011fraf \u00e7ektirildikten sonra, tan\u0131nman\u0131z\u0131 zorla\u015ft\u0131racak radikal de\u011fi\u015fiklikleri yapt\u0131rmamal\u0131s\u0131n\u0131z. <strong>\u00d6rne\u011fin;<\/strong> burun esteti\u011fi, g\u00f6zalt\u0131 torbalar\u0131n\u0131n al\u0131nmas\u0131, botoks i\u015flemleri y\u00fcz\u00fcn\u00fcz\u00fc foto\u011fraf g\u00f6r\u00fcnt\u00fcs\u00fcnden \u00e7ok farkl\u0131 k\u0131l\u0131yor ve tan\u0131nman\u0131z\u0131 g\u00fc\u00e7le\u015ftiriyorsa bu foto\u011fraf yak\u0131n tarihte \u00e7ekilmi\u015f olsa bile kabul g\u00f6rmeyecektir.\u00a0<\/span><\/p>\n<p><span style=\"font-family: Roboto; font-size: 14px;\">K\u00fc\u00e7\u00fck \u00e7ocuklar\u0131n foto\u011fraflar\u0131n\u0131n da yeti\u015fkinlerle ayn\u0131 \u00f6zelliklerde \u00e7ekilmesi gerekmektedir. K\u00fc\u00e7\u00fck \u00e7ocuklar\u0131n foto\u011fraf \u00e7ekimleri s\u0131ras\u0131nda, arkalar\u0131nda denge sa\u011flay\u0131c\u0131 veya d\u00fczg\u00fcn oturmas\u0131n\u0131 sa\u011flay\u0131c\u0131 birinin bulunmas\u0131 istenmez.\u00a0<\/span><\/p>\n<p><span style=\"font-family: Roboto; font-size: 14px;\">Y\u00fczdeki lekeler, yara izleri, benler vb. izlerin r\u00f6tu\u015f yap\u0131lmamas\u0131 gereklidir.\u00a0<\/span><\/p>\n<p><img decoding=\"async\" src=\"https:\/\/www.myvize.com.tr\/romanya\/wp-content\/uploads\/2021\/09\/65.jpg\" \/><\/p>\n<p><span style=\"font-family: Roboto; font-size: 14px;\"><strong>Dini inan\u00e7lar<\/strong> nedeniyle ba\u015f\u00f6rt\u00fcs\u00fc kullan\u0131lmas\u0131na izin verilmektedir. Ancak ba\u015f\u00f6rt\u00fcs\u00fc kullan\u0131lsa dahi, al\u0131n ve yanaklar a\u00e7\u0131k b\u0131rak\u0131lmal\u0131d\u0131r. Foto\u011fraf \u00e7ektirilirken ba\u015fl\u0131k, bere, kasket, bandana, sar\u0131k, \u015fapka kullan\u0131m\u0131na izin verilmez. Sa\u00e7lar\u0131n abart\u0131l\u0131 bir \u015fekilde stil i\u00e7inde olmas\u0131 istenmez. Erkekler sakals\u0131z ve b\u0131y\u0131ks\u0131z foto\u011fraf \u00e7ektirmelidirler.<\/span><\/p>\n<p><span style=\"font-family: Roboto; font-size: 14px;\">Foto\u011fraf \u00e7ekilirken, g\u00fcnl\u00fck rutinde g\u00f6zl\u00fck kullan\u0131l\u0131yorsa,\u00a0g\u00f6zl\u00fck kullan\u0131m\u0131na izin verilir. Ancak g\u00f6zl\u00fcklerin kenar camlar\u0131n\u0131n kal\u0131n ve renkli caml\u0131 olmas\u0131 istenmemektedir. K\u0131rm\u0131z\u0131 g\u00f6z foto\u011frafta istenmeyen bir durumdur. Foto\u011fraf \u00e7ekilirken ki\u015fi, foto\u011fraf makinesinin objektifine direkt bakmal\u0131d\u0131r, y\u00fcz a\u00e7\u0131l\u0131 olarak durmamal\u0131d\u0131r. G\u00fcl\u00fcmseme, di\u015flerin g\u00f6r\u00fcnmesi istenmeyen bir durumdur.\u00a0<\/span><\/p>\n<p><span style=\"font-family: Roboto; font-size: 14px;\">Tan\u0131nmay\u0131 g\u00fc\u00e7le\u015ftirecek kadar koyu ve a\u011f\u0131r makyaj\u00a0stiline izin verilmez. <strong>Kad\u0131nlar makyaj<\/strong> yaparken, pastel tonlar\u0131n\u0131 tercih edebilirler.<\/span><\/p>\n<p><span style=\"font-family: Roboto; font-size: 14px;\"><strong><span style=\"color: #2acec2;\"><a style=\"color: #2acec2;\" href=\"https:\/\/www.myvize.com.tr\/romanya\/vize-islemleri\/romanya-vizesi-2\/\" target=\"_blank\" rel=\"noopener\">Romanya Vizesi<\/a><\/span>\u00a0<\/strong>foto\u011fraflar\u0131nda desensiz, d\u00fcz arka fon kullan\u0131lmal\u0131d\u0131r. Foto\u011fraf \u00e7ekimi s\u0131ras\u0131nda y\u00fcz ortalanmal\u0131d\u0131r. \u00c7ene alt\u0131, ba\u015f al\u0131n b\u00f6lgesindeki sac\u0131n ba\u015flang\u0131c\u0131 aras\u0131ndaki mesafe 33-36 mm. aras\u0131nda, foto\u011fraf\u0131n \u00f6l\u00e7\u00fcs\u00fc ise 35*45 mm. olmal\u0131d\u0131r.<\/span><\/p>\n<h2><span style=\"font-family: Roboto; font-size: 27px;\"><b>Romanya Vize Foto\u011fraf \u00d6l\u00e7\u00fcleri Hakk\u0131nda<\/b><\/span><\/h2>\n<p><span style=\"font-family: Roboto; font-size: 14px;\">Romanya i\u00e7in yap\u0131lan vize ba\u015fvurular\u0131nda, dikkat edilmesi gereken baz\u0131 hususlar bulunmaktad\u0131r. Elektronik bir \u015fekilde yapt\u0131\u011f\u0131n\u0131z vize ba\u015fvurunuzu, eksiksiz bir \u015fekilde tamamlad\u0131ktan sonra, adresinizi ve evrak bilgilerinizi de konsoloslu\u011fa d\u00fczg\u00fcn bir \u015fekilde sundu\u011funuzda, <strong>vize ba\u015fvuru s\u00fcrecinizi<\/strong> ba\u015flatm\u0131\u015f olacaks\u0131n\u0131z. Vize almak i\u00e7in istenilen\u00a0<strong>biyometrik foto\u011fraf\u0131n \u00f6l\u00e7\u00fcleri\u00a0<\/strong>hakk\u0131nda fikir sahibi olabilmeniz i\u00e7in bu yaz\u0131y\u0131 yazmaktay\u0131z. \u0130lk olarak biyometrik foto\u011frafta dikkate al\u0131nan durum, y\u00fcz hatlar\u0131n\u0131zd\u0131r. Y\u00fcz hatlar\u0131n\u0131z\u0131 tamamen belirgin edilecek \u015fekilde g\u00f6stermeniz gerekiyor; yani abart\u0131l\u0131 bir makyaj halinde foto\u011fraf\u0131n\u0131z kabul edilmeyecektir. Erkeklerin ise bu durumda, sakal\u0131n\u0131n ve b\u0131y\u0131\u011f\u0131n\u0131n kesmesi gerekti\u011fi ortaya \u00e7\u0131kmaktad\u0131r. Foto\u011fraf\u0131n arka plan\u0131, beyaz ve desensiz olmal\u0131d\u0131r. Foto\u011fraf kalitesi ise, di\u011fer foto\u011fraflar\u0131n\u0131za g\u00f6re daha kaliteli \u00e7ekilen, y\u00fcz\u00fcn do\u011fall\u0131\u011f\u0131n\u0131 yans\u0131tan bir makineden \u00e7ekilmelidir. Y\u00fcz ifadesi ve y\u00fcz \u015feklinizse, mimiklerden ka\u00e7\u0131n\u0131lmas\u0131, n\u00f6tr bir poz vermeniz isteniliyor. Y\u00fcz\u00fcn \u015fekli ise, d\u00fcz bir \u015fekilde olmal\u0131d\u0131r; g\u00f6zl\u00fck gibi aksesuarlarla da poz verilmemelidir. Biyometrik foto\u011fraf ise, g\u00fcncel olmas\u0131 istenilmektedir. G\u00fcncelli\u011fi 6 ay s\u00fcre zarf\u0131nda bulunmaktad\u0131r; bu durumun ard\u0131ndan\u00a0<strong>biyometrik foto\u011fraf\u0131n\u0131z\u0131\u00a0<\/strong>da tamamlay\u0131p vize ba\u015fvurunuzu ger\u00e7ekle\u015ftirmi\u015f olursunuz.<\/span><\/p>\n<p><span style=\"font-family: Roboto; font-size: 14px;\"><span style=\"color: #2acec2;\"><strong><a style=\"color: #2acec2;\" href=\"https:\/\/www.myvize.com.tr\/romanya\/vize-islemleri\/romanya-vize-reddi\/\" target=\"_blank\" rel=\"noopener\">Romanya Vize Reddi<\/a><\/strong><\/span> ile ilgili bilgi almak i\u00e7in bizi aray\u0131n.<\/span><\/p>\n","protected":false},"excerpt":{"rendered":"<p>Romanya Vize Foto\u011fraf \u00d6l\u00e7\u00fcs\u00fc Romanya dahil t\u00fcm \u00fclkelerin vize i\u015flemlerinde kullan\u0131lacak foto\u011fraf\u0131n, g\u00fcncel olmas\u0131 istenmektedir. &#8216;G\u00fcncel&#8217; olmas\u0131ndan kas\u0131t, en ge\u00e7 3 ay \u00f6nce \u00e7ekilmi\u015f olmas\u0131d\u0131r. Ancak foto\u011fraf \u00e7ektirildikten sonra, tan\u0131nman\u0131z\u0131 zorla\u015ft\u0131racak radikal de\u011fi\u015fiklikleri yapt\u0131rmamal\u0131s\u0131n\u0131z. \u00d6rne\u011fin; burun esteti\u011fi, g\u00f6zalt\u0131 torbalar\u0131n\u0131n al\u0131nmas\u0131, botoks i\u015flemleri y\u00fcz\u00fcn\u00fcz\u00fc foto\u011fraf g\u00f6r\u00fcnt\u00fcs\u00fcnden \u00e7ok farkl\u0131 k\u0131l\u0131yor ve tan\u0131nman\u0131z\u0131 g\u00fc\u00e7le\u015ftiriyorsa bu foto\u011fraf yak\u0131n tarihte<\/p>\n","protected":false},"author":1,"featured_media":0,"parent":170,"menu_order":0,"comment_status":"open","ping_status":"closed","template":"","meta":{"footnotes":""},"class_list":["post-187","page","type-page","status-publish","hentry"],"yoast_head":"<!-- This site is optimized with the Yoast SEO plugin v26.8 - https:\/\/yoast.com\/product\/yoast-seo-wordpress\/ -->\n<title>Romanya Foto\u011fraf \u00d6l\u00e7\u00fcleri - MyVize Vize Ba\u015fvuru Merkezi<\/title>\n<meta name=\"description\" content=\"Romanya Foto\u011fraf \u00d6l\u00e7\u00fcleri Nelerdir? Romanya Foto\u011fraf \u00d6l\u00e7\u00fc \u00d6zellikleri Neler? Bilgi \u0130\u00e7in Vize Uzmanlar\u0131m\u0131z\u0131 Aray\u0131n: 0850 346 84 93\" \/>\n<meta name=\"robots\" content=\"index, follow, max-snippet:-1, max-image-preview:large, max-video-preview:-1\" \/>\n<link rel=\"canonical\" href=\"https:\/\/www.myvize.com.tr\/romanya\/form-ve-dilekce\/romanya-fotograf-olculeri\/\" \/>\n<meta property=\"og:locale\" content=\"tr_TR\" \/>\n<meta property=\"og:type\" content=\"article\" \/>\n<meta property=\"og:title\" content=\"Romanya Foto\u011fraf \u00d6l\u00e7\u00fcleri - MyVize Vize Ba\u015fvuru Merkezi\" \/>\n<meta property=\"og:description\" content=\"Romanya Foto\u011fraf \u00d6l\u00e7\u00fcleri Nelerdir? Romanya Foto\u011fraf \u00d6l\u00e7\u00fc \u00d6zellikleri Neler? Bilgi \u0130\u00e7in Vize Uzmanlar\u0131m\u0131z\u0131 Aray\u0131n: 0850 346 84 93\" \/>\n<meta property=\"og:url\" content=\"https:\/\/www.myvize.com.tr\/romanya\/form-ve-dilekce\/romanya-fotograf-olculeri\/\" \/>\n<meta property=\"og:site_name\" content=\"Romanya Vize Dan\u0131\u015fmanl\u0131k | MyVize\" \/>\n<meta property=\"article:modified_time\" content=\"2023-02-20T09:48:51+00:00\" \/>\n<meta property=\"og:image\" content=\"https:\/\/www.myvize.com.tr\/romanya\/wp-content\/uploads\/2021\/09\/65.jpg\" \/>\n<meta name=\"twitter:card\" content=\"summary_large_image\" \/>\n<meta name=\"twitter:label1\" content=\"Tahmini okuma s\u00fcresi\" \/>\n\t<meta name=\"twitter:data1\" content=\"2 dakika\" \/>\n<script type=\"application\/ld+json\" class=\"yoast-schema-graph\">{\"@context\":\"https:\/\/schema.org\",\"@graph\":[{\"@type\":\"WebPage\",\"@id\":\"https:\/\/www.myvize.com.tr\/romanya\/form-ve-dilekce\/romanya-fotograf-olculeri\/\",\"url\":\"https:\/\/www.myvize.com.tr\/romanya\/form-ve-dilekce\/romanya-fotograf-olculeri\/\",\"name\":\"Romanya Foto\u011fraf \u00d6l\u00e7\u00fcleri - MyVize Vize Ba\u015fvuru Merkezi\",\"isPartOf\":{\"@id\":\"https:\/\/www.myvize.com.tr\/romanya\/#website\"},\"primaryImageOfPage\":{\"@id\":\"https:\/\/www.myvize.com.tr\/romanya\/form-ve-dilekce\/romanya-fotograf-olculeri\/#primaryimage\"},\"image\":{\"@id\":\"https:\/\/www.myvize.com.tr\/romanya\/form-ve-dilekce\/romanya-fotograf-olculeri\/#primaryimage\"},\"thumbnailUrl\":\"https:\/\/www.myvize.com.tr\/romanya\/wp-content\/uploads\/2021\/09\/65.jpg\",\"datePublished\":\"2020-12-22T11:56:11+00:00\",\"dateModified\":\"2023-02-20T09:48:51+00:00\",\"description\":\"Romanya Foto\u011fraf \u00d6l\u00e7\u00fcleri Nelerdir? Romanya Foto\u011fraf \u00d6l\u00e7\u00fc \u00d6zellikleri Neler? Bilgi \u0130\u00e7in Vize Uzmanlar\u0131m\u0131z\u0131 Aray\u0131n: 0850 346 84 93\",\"breadcrumb\":{\"@id\":\"https:\/\/www.myvize.com.tr\/romanya\/form-ve-dilekce\/romanya-fotograf-olculeri\/#breadcrumb\"},\"inLanguage\":\"tr\",\"potentialAction\":[{\"@type\":\"ReadAction\",\"target\":[\"https:\/\/www.myvize.com.tr\/romanya\/form-ve-dilekce\/romanya-fotograf-olculeri\/\"]}]},{\"@type\":\"ImageObject\",\"inLanguage\":\"tr\",\"@id\":\"https:\/\/www.myvize.com.tr\/romanya\/form-ve-dilekce\/romanya-fotograf-olculeri\/#primaryimage\",\"url\":\"https:\/\/www.myvize.com.tr\/romanya\/wp-content\/uploads\/2021\/09\/65.jpg\",\"contentUrl\":\"https:\/\/www.myvize.com.tr\/romanya\/wp-content\/uploads\/2021\/09\/65.jpg\",\"width\":800,\"height\":500,\"caption\":\"Romanya Foto\u011fraf \u00d6l\u00e7\u00fcleri\"},{\"@type\":\"BreadcrumbList\",\"@id\":\"https:\/\/www.myvize.com.tr\/romanya\/form-ve-dilekce\/romanya-fotograf-olculeri\/#breadcrumb\",\"itemListElement\":[{\"@type\":\"ListItem\",\"position\":1,\"name\":\"Anasayfa\",\"item\":\"https:\/\/www.myvize.com.tr\/romanya\/\"},{\"@type\":\"ListItem\",\"position\":2,\"name\":\"FORM VE D\u0130LEK\u00c7E\",\"item\":\"https:\/\/www.myvize.com.tr\/romanya\/form-ve-dilekce\/\"},{\"@type\":\"ListItem\",\"position\":3,\"name\":\"Romanya Foto\u011fraf \u00d6l\u00e7\u00fcleri\"}]},{\"@type\":\"WebSite\",\"@id\":\"https:\/\/www.myvize.com.tr\/romanya\/#website\",\"url\":\"https:\/\/www.myvize.com.tr\/romanya\/\",\"name\":\"Romanya Vize Dan\u0131\u015fmanl\u0131k | MyVize\",\"description\":\"\",\"potentialAction\":[{\"@type\":\"SearchAction\",\"target\":{\"@type\":\"EntryPoint\",\"urlTemplate\":\"https:\/\/www.myvize.com.tr\/romanya\/?s={search_term_string}\"},\"query-input\":{\"@type\":\"PropertyValueSpecification\",\"valueRequired\":true,\"valueName\":\"search_term_string\"}}],\"inLanguage\":\"tr\"}]}<\/script>\n<!-- \/ Yoast SEO plugin. -->","yoast_head_json":{"title":"Romanya Foto\u011fraf \u00d6l\u00e7\u00fcleri - MyVize Vize Ba\u015fvuru Merkezi","description":"Romanya Foto\u011fraf \u00d6l\u00e7\u00fcleri Nelerdir? Romanya Foto\u011fraf \u00d6l\u00e7\u00fc \u00d6zellikleri Neler? Bilgi \u0130\u00e7in Vize Uzmanlar\u0131m\u0131z\u0131 Aray\u0131n: 0850 346 84 93","robots":{"index":"index","follow":"follow","max-snippet":"max-snippet:-1","max-image-preview":"max-image-preview:large","max-video-preview":"max-video-preview:-1"},"canonical":"https:\/\/www.myvize.com.tr\/romanya\/form-ve-dilekce\/romanya-fotograf-olculeri\/","og_locale":"tr_TR","og_type":"article","og_title":"Romanya Foto\u011fraf \u00d6l\u00e7\u00fcleri - MyVize Vize Ba\u015fvuru Merkezi","og_description":"Romanya Foto\u011fraf \u00d6l\u00e7\u00fcleri Nelerdir? Romanya Foto\u011fraf \u00d6l\u00e7\u00fc \u00d6zellikleri Neler? Bilgi \u0130\u00e7in Vize Uzmanlar\u0131m\u0131z\u0131 Aray\u0131n: 0850 346 84 93","og_url":"https:\/\/www.myvize.com.tr\/romanya\/form-ve-dilekce\/romanya-fotograf-olculeri\/","og_site_name":"Romanya Vize Dan\u0131\u015fmanl\u0131k | MyVize","article_modified_time":"2023-02-20T09:48:51+00:00","og_image":[{"url":"https:\/\/www.myvize.com.tr\/romanya\/wp-content\/uploads\/2021\/09\/65.jpg","type":"","width":"","height":""}],"twitter_card":"summary_large_image","twitter_misc":{"Tahmini okuma s\u00fcresi":"2 dakika"},"schema":{"@context":"https:\/\/schema.org","@graph":[{"@type":"WebPage","@id":"https:\/\/www.myvize.com.tr\/romanya\/form-ve-dilekce\/romanya-fotograf-olculeri\/","url":"https:\/\/www.myvize.com.tr\/romanya\/form-ve-dilekce\/romanya-fotograf-olculeri\/","name":"Romanya Foto\u011fraf \u00d6l\u00e7\u00fcleri - MyVize Vize Ba\u015fvuru Merkezi","isPartOf":{"@id":"https:\/\/www.myvize.com.tr\/romanya\/#website"},"primaryImageOfPage":{"@id":"https:\/\/www.myvize.com.tr\/romanya\/form-ve-dilekce\/romanya-fotograf-olculeri\/#primaryimage"},"image":{"@id":"https:\/\/www.myvize.com.tr\/romanya\/form-ve-dilekce\/romanya-fotograf-olculeri\/#primaryimage"},"thumbnailUrl":"https:\/\/www.myvize.com.tr\/romanya\/wp-content\/uploads\/2021\/09\/65.jpg","datePublished":"2020-12-22T11:56:11+00:00","dateModified":"2023-02-20T09:48:51+00:00","description":"Romanya Foto\u011fraf \u00d6l\u00e7\u00fcleri Nelerdir? Romanya Foto\u011fraf \u00d6l\u00e7\u00fc \u00d6zellikleri Neler? Bilgi \u0130\u00e7in Vize Uzmanlar\u0131m\u0131z\u0131 Aray\u0131n: 0850 346 84 93","breadcrumb":{"@id":"https:\/\/www.myvize.com.tr\/romanya\/form-ve-dilekce\/romanya-fotograf-olculeri\/#breadcrumb"},"inLanguage":"tr","potentialAction":[{"@type":"ReadAction","target":["https:\/\/www.myvize.com.tr\/romanya\/form-ve-dilekce\/romanya-fotograf-olculeri\/"]}]},{"@type":"ImageObject","inLanguage":"tr","@id":"https:\/\/www.myvize.com.tr\/romanya\/form-ve-dilekce\/romanya-fotograf-olculeri\/#primaryimage","url":"https:\/\/www.myvize.com.tr\/romanya\/wp-content\/uploads\/2021\/09\/65.jpg","contentUrl":"https:\/\/www.myvize.com.tr\/romanya\/wp-content\/uploads\/2021\/09\/65.jpg","width":800,"height":500,"caption":"Romanya Foto\u011fraf \u00d6l\u00e7\u00fcleri"},{"@type":"BreadcrumbList","@id":"https:\/\/www.myvize.com.tr\/romanya\/form-ve-dilekce\/romanya-fotograf-olculeri\/#breadcrumb","itemListElement":[{"@type":"ListItem","position":1,"name":"Anasayfa","item":"https:\/\/www.myvize.com.tr\/romanya\/"},{"@type":"ListItem","position":2,"name":"FORM VE D\u0130LEK\u00c7E","item":"https:\/\/www.myvize.com.tr\/romanya\/form-ve-dilekce\/"},{"@type":"ListItem","position":3,"name":"Romanya Foto\u011fraf \u00d6l\u00e7\u00fcleri"}]},{"@type":"WebSite","@id":"https:\/\/www.myvize.com.tr\/romanya\/#website","url":"https:\/\/www.myvize.com.tr\/romanya\/","name":"Romanya Vize Dan\u0131\u015fmanl\u0131k | MyVize","description":"","potentialAction":[{"@type":"SearchAction","target":{"@type":"EntryPoint","urlTemplate":"https:\/\/www.myvize.com.tr\/romanya\/?s={search_term_string}"},"query-input":{"@type":"PropertyValueSpecification","valueRequired":true,"valueName":"search_term_string"}}],"inLanguage":"tr"}]}},"_links":{"self":[{"href":"https:\/\/www.myvize.com.tr\/romanya\/wp-json\/wp\/v2\/pages\/187","targetHints":{"allow":["GET"]}}],"collection":[{"href":"https:\/\/www.myvize.com.tr\/romanya\/wp-json\/wp\/v2\/pages"}],"about":[{"href":"https:\/\/www.myvize.com.tr\/romanya\/wp-json\/wp\/v2\/types\/page"}],"author":[{"embeddable":true,"href":"https:\/\/www.myvize.com.tr\/romanya\/wp-json\/wp\/v2\/users\/1"}],"replies":[{"embeddable":true,"href":"https:\/\/www.myvize.com.tr\/romanya\/wp-json\/wp\/v2\/comments?post=187"}],"version-history":[{"count":5,"href":"https:\/\/www.myvize.com.tr\/romanya\/wp-json\/wp\/v2\/pages\/187\/revisions"}],"predecessor-version":[{"id":1299,"href":"https:\/\/www.myvize.com.tr\/romanya\/wp-json\/wp\/v2\/pages\/187\/revisions\/1299"}],"up":[{"embeddable":true,"href":"https:\/\/www.myvize.com.tr\/romanya\/wp-json\/wp\/v2\/pages\/170"}],"wp:attachment":[{"href":"https:\/\/www.myvize.com.tr\/romanya\/wp-json\/wp\/v2\/media?parent=187"}],"curies":[{"name":"wp","href":"https:\/\/api.w.org\/{rel}","templated":true}]}}